{"id":73706,"date":"2023-01-19T22:02:33","date_gmt":"2023-01-19T21:02:11","guid":{"rendered":"https:\/\/www.upjs.sk\/lekarska-fakulta\/fakulta\/verejnost-a-media\/fakulta-v-mediach\/fakulta-v-mediach-2018\/"},"modified":"2023-01-19T22:09:06","modified_gmt":"2023-01-19T21:09:06","slug":"archiv2018","status":"publish","type":"page","link":"https:\/\/www.upjs.sk\/lekarska-fakulta\/fakulta\/verejnost-a-media\/fakulta-v-mediach\/archiv2018\/","title":{"rendered":"Fakulta v m\u00e9di\u00e1ch 2018"},"content":{"rendered":"\n<p><strong>December 2018<\/strong><\/p>\n\n\n\n<figure id=\"zebra\" class=\"wp-block-table is-style-stripes\"><table><tbody><tr><td class=\"has-text-align-right\" data-align=\"right\">27.12.2018<\/td><td>mediweb.sk:&nbsp;<a href=\"https:\/\/mediweb.hnonline.sk\/spravy\/aktualne\/rok-2018-priniesol-slovenskej-medicine-vyznamne-milniky\">Rok 2018 priniesol slovenskej medic\u00edne v\u00fdznamn\u00e9 m\u00ed\u013eniky<\/a>&nbsp;&nbsp;<em>(Doc. MUDr. Jozef Firment, PhD.)<\/em><\/td><\/tr><tr><td class=\"has-text-align-right\" data-align=\"right\">15.12.2018<\/td><td>Spr\u00e1vy RTVS o 19.00:&nbsp;<a href=\"http:\/\/www.rtvs.sk\/televizia\/archiv\/13982\/174638#1650\">Ko\u0161ick\u00ed \u0161tudenti medic\u00edny v boji proti AIDS<\/a><\/td><\/tr><tr><td class=\"has-text-align-right\" data-align=\"right\">13.12.2018<\/td><td>Lek\u00e1rske listy:&nbsp;<a href=\"https:\/\/www.upjs.sk\/public\/media\/12139\/2018.12%20Lekarske%20listy%20-%20kubasovsky.pdf\">Akromioklavikul\u00e1rna lux\u00e1cia<\/a><\/td><\/tr><tr><td class=\"has-text-align-right\" data-align=\"right\">09.12.2018<\/td><td>korzar.sk:&nbsp;<a href=\"https:\/\/kosice.korzar.sme.sk\/c\/22002892\/sexovanie-nakazeneho-virusom-hiv-nie-je-automaticky-zlocin.html\">Medici p\u00e1lili svie\u010dky za obete HIV<\/a><\/td><\/tr><tr><td class=\"has-text-align-right\" data-align=\"right\">09.12.2018<\/td><td>korzar.sk:&nbsp;<a href=\"http:\/\/view-source:https\/\/kosice.korzar.sme.sk\/c\/22002417\/odbornik-na-hiv-niektori-pacienti-roky-nevedia-ze-su-pozitivni.html?utm_source=newsletter&amp;utm_medium=email&amp;utm_campaign=korzar\">Odborn\u00edk na HIV: Niektor\u00ed pacienti roky nevedia, \u017ee s\u00fa pozit\u00edvni<\/a><\/td><\/tr><tr><td class=\"has-text-align-right\" data-align=\"right\">08.12.2018<\/td><td>korzar.sk:&nbsp;<a href=\"https:\/\/kosice.korzar.sme.sk\/c\/22001231\/srdce-mu-pracuje-na-20-percent-kardioustav-ho-lieci-na-novej-klinike.html\">Srdce mu pracuje na 20 percent. Kardio\u00fastav ho lie\u010di na novej klinike<\/a><\/td><\/tr><tr><td class=\"has-text-align-right\" data-align=\"right\">08.12.2018<\/td><td>kosickespravy.sk<em>:<a href=\"http:\/\/www.kosickespravy.sk\/kraj-ocenoval\">&nbsp;<\/a>(Cena KSK udelen\u00e1&nbsp;doc. MUDr. Jozefovi Gonsor\u010d\u00edkovi, CSc., FESC)&nbsp;<\/em><a href=\"http:\/\/www.kosickespravy.sk\/kraj-ocenoval\">Kraj oce\u0148oval<\/a><\/td><\/tr><tr><td class=\"has-text-align-right\" data-align=\"right\">07.12.2018<\/td><td>korzar.sk:&nbsp;<a href=\"https:\/\/kosice.korzar.sme.sk\/c\/22003735\/kosicka-zupa-rozdala-ocenenia-za-rok-2018.html\">Ko\u0161ick\u00e1 \u017eupa rozdala ocenenia za rok 2018<\/a><\/td><\/tr><tr><td class=\"has-text-align-right\" data-align=\"right\">07.12.2018<\/td><td>vucke.sk:&nbsp;<a href=\"https:\/\/web.vucke.sk\/sk\/novinky\/kosicky-samospravny-kraj-udelil-najvyssie-verejne-ocenenia-za-rok-2018.html\">Ko\u0161ick\u00fd samospr\u00e1vny kraj udelil najvy\u0161\u0161ie verejn\u00e9 ocenenia za rok 2018<\/a><\/td><\/tr><tr><td class=\"has-text-align-right\" data-align=\"right\">07.12.2018<\/td><td>korzar.sk:&nbsp;<a href=\"https:\/\/kosice.korzar.sme.sk\/c\/22003735\/kosicka-zupa-rozdala-ocenenia-za-rok-2018.html\">Ko\u0161ick\u00e1 \u017eupa rozdala ocenenia za rok 2018<\/a><\/td><\/tr><tr><td class=\"has-text-align-right\" data-align=\"right\">06.12.2018<\/td><td>skolskyservis.sk:&nbsp;<a href=\"http:\/\/skolskyservis.teraz.sk\/vysoke-skoly\/kosice-do-akcie-hyb-sa-do-schodov-sa\/46039-clanok.html\">Do akcie H\u00fdb sa do schodov sa na LF UPJ\u0160 zapojila stovka \u0161tudentov<\/a><\/td><\/tr><tr><td class=\"has-text-align-right\" data-align=\"right\">05.12.2018<\/td><td>denn\u00edk Korz\u00e1r:&nbsp;<a href=\"https:\/\/www.upjs.sk\/public\/media\/12139\/2018-12-06%20KORZAR%20-%20nova%20klinika%20-%20Pella.pdf\">Srdce mu pracuje na 20 percent. Kario\u00fastav ho lie\u010di na novej klinike<\/a><\/td><\/tr><tr><td class=\"has-text-align-right\" data-align=\"right\">05.12.2018<\/td><td>TV MARK\u00cdZA, Telev\u00edzne noviny o 19.00:&nbsp;<a href=\"http:\/\/videoarchiv.markiza.sk\/video\/televizne-noviny\/epizoda\/15169-televizne-noviny\">Schody dostali prednos\u0165<\/a><\/td><\/tr><tr><td class=\"has-text-align-right\" data-align=\"right\">05.12.2018<\/td><td>lekari.sk:&nbsp;<a href=\"https:\/\/www.lekari.sk\/denna-sprava\/Kosice-Do-akcie-Hyb-sa-do-schodov-sa-na-LF-UPJS-zapojilo-priblizne-100-ludi-21406.html\">Ko\u0161ice: Do akcie H\u00fdb sa do schodov sa na LF UPJ\u0160 zapojilo pribli\u017ene 100 \u013eud\u00ed<\/a><\/td><\/tr><tr><td class=\"has-text-align-right\" data-align=\"right\">05.12.2018<\/td><td>korzar.sk:&nbsp;<a href=\"https:\/\/kosice.korzar.sme.sk\/c\/22001718\/studenti-lekarskej-fakulty-upjs-chodili-v-stredu-len-po-schodoch.html\">\u0160tudenti Lek\u00e1rskej fakulty UPJ\u0160 chodili v stredu len po schodoch<\/a><\/td><\/tr><tr><td class=\"has-text-align-right\" data-align=\"right\">05.12.2018<\/td><td>dobrenoviny.sk:&nbsp;<a href=\"https:\/\/www.dobrenoviny.sk\/c\/149857\/do-akcie-hyb-sa-do-schodov-sa-na-kosickej-upjs-zapojilo-asi-100-ludi\">Do akcie H\u00fdb sa do schodov sa na ko\u0161ickej UPJ\u0160 zapojilo asi 100 \u013eud\u00ed<\/a><\/td><\/tr><tr><td class=\"has-text-align-right\" data-align=\"right\">05.12.2018<\/td><td>vzdravotnictve.sk:&nbsp;<a href=\"https:\/\/vzdravotnictve.sk\/kalendar-udalosti-zdravotnictvo\/hyb-sa-do-schodov\/\">Kalend\u00e1r: H\u00fdb sa do schodov<\/a><\/td><\/tr><tr><td class=\"has-text-align-right\" data-align=\"right\">05.12.2018<\/td><td>vedanadosah.sk:&nbsp;<a href=\"http:\/\/vedanadosah.cvtisr.sk\/podujatia\/6405\/prezentaciahyb-sa-do-schodov-2018\">H\u00fdb sa do schodov 2018<\/a><\/td><\/tr><tr><td class=\"has-text-align-right\" data-align=\"right\">04.12.2018<\/td><td>kosice24.sk:&nbsp;<a href=\"https:\/\/kosice.dnes24.sk\/vybehnite-po-schodoch-a-dozviete-sa-vela-o-svojom-zdravi-316724\">Vybehnite po schodoch a dozviete sa ve\u013ea o svojom zdrav\u00ed<\/a><\/td><\/tr><tr><td class=\"has-text-align-right\" data-align=\"right\">04.12.2018<\/td><td>lekari.sk:&nbsp;<a href=\"https:\/\/www.lekari.sk\/denna-sprava\/Kosice-Schody-na-LF-UPJS-budu-v-stredu-cestou-za-zdravim-21388.html\">Schody na LF UPJ\u0160 bud\u00fa v stredu cestou za zdrav\u00edm<\/a><\/td><\/tr><tr><td class=\"has-text-align-right\" data-align=\"right\">04.12.2018<\/td><td>kosicednes.sk:&nbsp;<a href=\"https:\/\/kosicednes.sk\/udalosti\/schody-na-kosickej-lekarskej-fakulte-budu-cestou-za-zdravim\/\">Schody na ko\u0161ickej lek\u00e1rskej fakulte bud\u00fa cestou za zdrav\u00edm<\/a><\/td><\/tr><tr><td class=\"has-text-align-right\" data-align=\"right\">04.12.2018<\/td><td>skolskyservis.sk.&nbsp;<a href=\"http:\/\/skolskyservis.teraz.sk\/vysoke-skoly\/uskutocni-sa-akcia-studentov-lekarsk\/46014-clanok.html\">Uskuto\u010dn\u00ed sa akcia \u0161tudentov Lek\u00e1rskej fakulty UPJ\u0160 H\u00fdb sa do schodov<\/a><\/td><\/tr><tr><td class=\"has-text-align-right\" data-align=\"right\">03.12.2018<\/td><td>RTVS &#8211; R\u00e1dio\u017eurn\u00e1l Slovensk\u00e9ho rozhlasu o 12.00:&nbsp;<a href=\"http:\/\/www.rtvs.sk\/radio\/archiv\/1123\/1038214\">\u0160tudenti Lek\u00e1rskej fakulty UPJ\u0160 zorganizovali osvetov\u00e9 podujatie ku D\u0148u boja proti AIDS<\/a>&nbsp;(20 min\u00fata)<\/td><\/tr><tr><td class=\"has-text-align-right\" data-align=\"right\">03.12.2018<\/td><td>R\u00e1dio Ko\u0161ice &#8211; metropolitn\u00e9 spr\u00e1vy:&nbsp;<a href=\"https:\/\/www.radiokosice.sk\/spravy-radia-kosice-z-3-12-2018\">Pri pr\u00edle\u017eitosti Svetov\u00e9ho d\u0148a boja proti AIDS, zorganizovali \u0161tudenti LF UPJ\u0160 v Ko\u0161iciach osvetov\u00fa akciu nazvan\u00fa World AIDS Day<\/a><\/td><\/tr><tr><td class=\"has-text-align-right\" data-align=\"right\">01.12.2018<\/td><td>kosiceonline.sk:&nbsp;<a href=\"https:\/\/www.kosiceonline.sk\/kosicki-medici-sirili-osvetu-o-viruse-hiv\">Ko\u0161ick\u00ed medici \u0161\u00edrili osvetu o v\u00edruse HIV<\/a><\/td><\/tr><tr><td class=\"has-text-align-right\" data-align=\"right\">01.12.2018<\/td><td>kosice24.sk:&nbsp;<a href=\"https:\/\/kosice.dnes24.sk\/kosicky-movember-zaujal-mnozstvo-ludi-informacie-a-instruktaz-zaujimali-aj-filipa-tumu-a-lukasa-adamca-316269\">Ko\u0161ick\u00fd \u201eMovember\u201c zaujal mno\u017estvo \u013eud\u00ed, inform\u00e1cie a in\u0161trukt\u00e1\u017e zauj\u00edmali aj Filipa T\u016fmu a Luk\u00e1\u0161a Adamca<\/a><\/td><\/tr><tr><td class=\"has-text-align-right\" data-align=\"right\">01.12.2018<\/td><td>vedanadosah.sk:&nbsp;<a href=\"http:\/\/vedanadosah.cvtisr.sk\/osvetova-akcia-pri-prilezitosti-svetoveho-dna-boja-proti-aids-v-kosiciach\">Osvetov\u00e1 akcia pri pr\u00edle\u017eitosti Svetov\u00e9ho d\u0148a boja proti AIDS v Ko\u0161iciach<\/a><\/td><\/tr><\/tbody><\/table><\/figure>\n\n\n\n<p><strong>November 2018<\/strong><\/p>\n\n\n\n<figure id=\"zebra\" class=\"wp-block-table is-style-stripes\"><table><tbody><tr><td class=\"has-text-align-right\" data-align=\"right\">28.11.2018<\/td><td>vedanadosah.sk:&nbsp;<a href=\"http:\/\/vedanadosah.cvtisr.sk\/podujatia\/6405\/prezentaciahyb-sa-do-schodov-2018\">H\u00fdb sa do schodov 2018<\/a><\/td><\/tr><tr><td class=\"has-text-align-right\" data-align=\"right\">28.11.2018<\/td><td>vzdravotnictve.sk:<a href=\"https:\/\/vzdravotnictve.sk\/kosicki-medici-oslovili-movembrom-vyse-700-ludi\/\">&nbsp;Ko\u0161ick\u00ed medici oslovili Movembrom vy\u0161e 700 \u013eud\u00ed<\/a><\/td><\/tr><tr><td class=\"has-text-align-right\" data-align=\"right\">26.11.2019<\/td><td>hlavnespravy.sk:&nbsp;<a href=\"https:\/\/www.hlavnespravy.sk\/kosice-pracoviska-upjs-ziskali-spickove-pristroje-na-onkologicky-vyskum\/177596\">Pracovisk\u00e1 UPJ\u0160 z\u00edskali \u0161pi\u010dkov\u00e9 pr\u00edstroje na onkologick\u00fd v\u00fdskum<\/a><\/td><\/tr><tr><td class=\"has-text-align-right\" data-align=\"right\">24.11.2018<\/td><td>lekari.sk:&nbsp;<a href=\"https:\/\/www.lekari.sk\/denna-sprava\/Zdravie-Movember-studentov-mediciny-UPJS-upozornuje-na-rakovinu-semennikov-21304.html\">Movember \u0161tudentov medic\u00edny UPJ\u0160 upozor\u0148uje na rakovinu semenn\u00edkov<\/a><\/td><\/tr><tr><td class=\"has-text-align-right\" data-align=\"right\">24.11.2018<\/td><td>kosice24.sk:&nbsp;<a href=\"https:\/\/kosice.dnes24.sk\/medici-opat-organizuju-movember-aby-upozornili-muzov-na-hrozbu-rakoviny-semennikov-315813\">Medici op\u00e4\u0165 organizuj\u00fa Movember, aby upozornili mu\u017eov na hrozbu rakoviny semenn\u00edkov<\/a><\/td><\/tr><tr><td class=\"has-text-align-right\" data-align=\"right\">24.11.2018<\/td><td>teraz.sk, 24hod.sk:&nbsp;<a href=\"https:\/\/www.24hod.sk\/movember-studentov-mediciny-upozornuje-na-rakovinu-semennikov-cl634215.html\">Movember \u0161tudentov medic\u00edny upozor\u0148uje na rakovinu semenn\u00edkov<\/a><\/td><\/tr><tr><td class=\"has-text-align-right\" data-align=\"right\">24.11.2018<\/td><td>vedanadosah.sk:&nbsp;<a href=\"http:\/\/vedanadosah.cvtisr.sk\/podujatia\/6347\/prezentaciamovember-2018-prevencia-muzskych-onkologickych-ochoreni\">MOVEMBER 2018 &#8211; prevencia mu\u017esk\u00fdch onkologick\u00fdch ochoren\u00ed<\/a><\/td><\/tr><tr><td class=\"has-text-align-right\" data-align=\"right\">23.11.2018<\/td><td>skolsky servis.sk:&nbsp;<a href=\"http:\/\/skolskyservis.teraz.sk\/vysoke-skoly\/studenti-upjs-lf-organizuju-dalsi\/45784-clanok.html\">\u0160tudenti UPJ\u0160 LF organizuj\u00fa \u010fal\u0161\u00ed f\u00fazat\u00fd november o mu\u017eskom zdrav\u00ed<\/a><\/td><\/tr><tr><td class=\"has-text-align-right\" data-align=\"right\">23.11.2018<\/td><td>denn\u00edk KORZ\u00c1R:&nbsp;<a href=\"https:\/\/kosice.korzar.sme.sk\/c\/20968704\/fuzaty-november-bude-v-kosiciach-uz-po-stvrty-raz.html\">F\u00fazat\u00fd november bude v Ko\u0161iciach u\u017e po \u0161tvrt\u00fd raz<\/a><\/td><\/tr><tr><td class=\"has-text-align-right\" data-align=\"right\">23.11.2018<\/td><td>vzdravotnictve.sk:&nbsp;<a href=\"https:\/\/vzdravotnictve.sk\/fuzaty-november-uz-po-stvrtykrat\/\">F\u00fazat\u00fd november u\u017e po \u0161tvrt\u00fdkr\u00e1t<\/a><\/td><\/tr><tr><td class=\"has-text-align-right\" data-align=\"right\">23.11.2018<\/td><td>webnoviny.sk:&nbsp;<a href=\"https:\/\/www.webnoviny.sk\/myslienkou-movembra-je-prevencia-muzskych-onkologickych-ochoreni\/\">My\u0161lienkou Movembra je prevencia mu\u017esk\u00fdch onkologick\u00fdch ochoren\u00ed<\/a><\/td><\/tr><tr><td class=\"has-text-align-right\" data-align=\"right\">23.11.2018<\/td><td>vedanadosah.sk:&nbsp;<a href=\"http:\/\/vedanadosah.cvtisr.sk\/tlacove-spravy\/391\/movember-studentov-lekarskej-fakulty-upjs-ma-upozornit-muzov-na-hrozbu-rakoviny-semennikov\">MOVEMBER \u0161tudentov Lek\u00e1rskej fakulty UPJ\u0160 m\u00e1 upozorni\u0165 mu\u017eov na hrozbu rakoviny semenn\u00edkov<\/a><\/td><\/tr><tr><td class=\"has-text-align-right\" data-align=\"right\">22.11.2018<\/td><td>kosickespravy.sk:&nbsp;<a href=\"http:\/\/www.kosickespravy.sk\/movember-uz-tuto-sobotu\">Movember u\u017e t\u00fato sobotu<\/a><\/td><\/tr><tr><td class=\"has-text-align-right\" data-align=\"right\">20.11.2018<\/td><td>sme.sk:&nbsp;<a href=\"https:\/\/primar.sme.sk\/c\/20965575\/ocenili-odbornost-aj-ludskost-pacienti-vyzdvihli-vynimocnych-lekarov-a-sestry.html#ixzz5XQUJCdVN\">Pacienti vyzdvihli v\u00fdnimo\u010dn\u00fdch lek\u00e1rov a sestry<\/a>&nbsp;<em>(Ocenenie prof. MUDr. Zuzany Gdovinovej, CSc. FESO, FEAN)<\/em><\/td><\/tr><tr><td class=\"has-text-align-right\" data-align=\"right\">18.11.2018<\/td><td>pluska.sk:&nbsp;<a href=\"http:\/\/www.pluska.sk\/izdravie\/liecba\/hybete-ci-kricite-zo-sna-proti-porucham-spanku-mozno-bude-ockovat.html\">H\u00fdbete sa a kri\u010d\u00edte zo sna? Proti poruche sp\u00e1nku sa mo\u017eno bude o\u010dkova\u0165<\/a><\/td><\/tr><tr><td class=\"has-text-align-right\" data-align=\"right\">17.11.2018<\/td><td>Telev\u00edzia RTVS, spr\u00e1vy o 19.00.:&nbsp;<a href=\"http:\/\/www.rtvs.sk\/televizia\/archiv\/12957\/172137#1716\">Osobnos\u0165 vedy do 35 rokov<\/a><\/td><\/tr><tr><td class=\"has-text-align-right\" data-align=\"right\">15.11.2018<\/td><td>vedanadosah.sk:&nbsp;<a href=\"http:\/\/vedanadosah.cvtisr.sk\/doc-mudr-matej-skorvanek-phd-ziskal-ocenenie-osobnost-vedy-a-techniky-do-35-rokov\">Doc. MUDr. Matej \u0160korv\u00e1nek, PhD. z\u00edskal ocenenie Osobnos\u0165 vedy a techniky do 35 rokov &nbsp;<\/a><\/td><\/tr><tr><td class=\"has-text-align-right\" data-align=\"right\">14.11.2018<\/td><td>Telev\u00edzia RTVS: Rann\u00e9 spr\u00e1vy:<a href=\"http:\/\/www.rtvs.sk\/televizia\/archiv\/12993\/172024#2371\">&nbsp;Osobnos\u0165ou vedy a techniky do 35 rokov sa stal neurol\u00f3g Matej \u0160korv\u00e1nek<\/a>&nbsp;(39.05 min)<\/td><\/tr><tr><td class=\"has-text-align-right\" data-align=\"right\">13.11.2018<\/td><td>dobenoviny.sk:&nbsp;<a href=\"https:\/\/www.dobrenoviny.sk\/c\/147741\/neurolog-matej-skovranek-ziskal-cenu-za-vedu-a-techniku-\">Mlad\u00fd ko\u0161ick\u00fd neurol\u00f3g z\u00edskal prest\u00ed\u017ene ocenenie. Sk\u00fama jednu z najz\u00e1kernej\u0161\u00edch chor\u00f4b<\/a><\/td><\/tr><tr><td class=\"has-text-align-right\" data-align=\"right\">12.11.2018<\/td><td>vzdravotnictve.sk:&nbsp;<a href=\"https:\/\/vzdravotnictve.sk\/neurolog-matej-skorvanek-ziskal-cenu-za-vedu-a-techniku\/\">Neurol\u00f3g Matej \u0160korv\u00e1nek z\u00edskal Cenu za vedu a techniku<\/a><\/td><\/tr><tr><td class=\"has-text-align-right\" data-align=\"right\">12.11.2018<\/td><td>pcrevue.sk:&nbsp;<a href=\"https:\/\/www.pcrevue.sk\/a\/Slovenski-vedci-a-vedkyne-si-prevzali-ocenenia-za-pracu-a-vysledky-v-oblasti-vedy-a-techniky\">Slovensk\u00ed vedci a vedkyne si prevzali ocenenia za pr\u00e1cu a v\u00fdsledky v oblasti vedy a techniky<\/a><\/td><\/tr><tr><td class=\"has-text-align-right\" data-align=\"right\">12.11.2018<\/td><td>korzar.sk:&nbsp;<a href=\"https:\/\/kosice.korzar.sme.sk\/c\/20959838\/kosicky-neurolog-ziskal-celoslovenske-ocenenie.html\">Ko\u0161ick\u00fd neurol\u00f3g z\u00edskal celoslovensk\u00e9 ocenenie<\/a><\/td><\/tr><tr><td class=\"has-text-align-right\" data-align=\"right\">12.11.2018<\/td><td>vzdravotnictve.sk:&nbsp;<a href=\"https:\/\/vzdravotnictve.sk\/neurolog-matej-skorvanek-ziskal-cenu-za-vedu-a-techniku\/\">Neurol\u00f3g Matej \u0160korv\u00e1nek z\u00edskal Cenu za vedu a techniku<\/a><\/td><\/tr><tr><td class=\"has-text-align-right\" data-align=\"right\">08.11.2018<\/td><td>vedanadosah.sk:&nbsp;<a href=\"http:\/\/vedanadosah.cvtisr.sk\/udelovanie-oceneni-za-vysledky-v-oblasti-vedy-a-techniky-cena-za-vedu-a-techniku-2018\">Ude\u013eovanie ocenen\u00ed za v\u00fdsledky v oblasti vedy a techniky \u2013 Cena za vedu a techniku 2018<\/a><\/td><\/tr><tr><td class=\"has-text-align-right\" data-align=\"right\">05.11.2018<\/td><td>ucn.sk:&nbsp;<a href=\"https:\/\/www.ucn.sk\/skoly\/studenti-upjs-lf-radili-v-ramci-ruzoveho-oktobra-zenam-ako-odhalit-hrcku-v-prsniku-a-preco-mysliet-na-prevenciu\">\u0160tudenti UPJ\u0160 LF radili v r\u00e1mci \u201eRu\u017eov\u00e9ho okt\u00f3bra\u201c \u017een\u00e1m, ako odhali\u0165 hr\u010dku v prsn\u00edku a pre\u010do myslie\u0165 na prevenciu<\/a><\/td><\/tr><tr><td class=\"has-text-align-right\" data-align=\"right\">01.11.2018<\/td><td>tyzdenvedy.sk:&nbsp;<a href=\"http:\/\/www.tyzdenvedy.sk\/buxus\/generate_page.php?page_id=12536\">Medic\u00ednsky klub pre ka\u017ed\u00e9ho<\/a><\/td><\/tr><tr><td class=\"has-text-align-right\" data-align=\"right\">01.11.2018<\/td><td>tyzdenvedy.sk:&nbsp;<a href=\"http:\/\/www.tyzdenvedy.sk\/buxus\/generate_page.php?page_id=12529\">Spoznaj svoj mikrobi\u00f3m<\/a><\/td><\/tr><\/tbody><\/table><\/figure>\n\n\n\n<p><strong>Okt\u00f3ber 2018<\/strong><\/p>\n\n\n\n<figure id=\"zebra\" class=\"wp-block-table is-style-stripes\"><table><tbody><tr><td class=\"has-text-align-right\" data-align=\"right\">31.10.2018<\/td><td>vzdravotnictve.sk.&nbsp;<a href=\"https:\/\/vzdravotnictve.sk\/ruzovy-oktober-prekonal-ocakavania-kosickych-medikov\/\">Ru\u017eov\u00fd okt\u00f3ber prekonal o\u010dak\u00e1vania ko\u0161ick\u00fdch medikov<\/a><\/td><\/tr><tr><td class=\"has-text-align-right\" data-align=\"right\">31.10.2018<\/td><td>hnonline.sk:&nbsp;<a href=\"https:\/\/dia.hnonline.sk\/info-pre-diabetikov\/1834334-je-jedno-aky-cas-prijmeme-ludia-sa-mu-prisposobia\">Je jedno ak\u00fd \u010das prijmeme, \u013eudia sa mu prisp\u00f4sobia<\/a><\/td><\/tr><tr><td class=\"has-text-align-right\" data-align=\"right\">29.10.2018<\/td><td>mediweb.sk:&nbsp;<a href=\"https:\/\/mediweb.hnonline.sk\/spravy\/aktualne\/odbornicky-na-spanok-z-lekarskej-fakulty-upjs-striedanie-casu-uvitali\">Odborn\u00ed\u010dky na sp\u00e1nok z Lek\u00e1rskej fakulty UPJ\u0160 by zru\u0161enie striedania \u010dasu uv\u00edtali<\/a><\/td><\/tr><tr><td class=\"has-text-align-right\" data-align=\"right\">28.10.2018<\/td><td>vzdravotnictve.sk:&nbsp;<a href=\"https:\/\/vzdravotnictve.sk\/kosicki-medici-oslovili-movembrom-vyse-700-ludi\/\">Ko\u0161ick\u00ed medici oslovili Movembrom vy\u0161e 700 \u013eud\u00ed<\/a><\/td><\/tr><tr><td class=\"has-text-align-right\" data-align=\"right\">28.10.2018<\/td><td>dobrenoviny.sk:&nbsp;<a href=\"https:\/\/www.dobrenoviny.sk\/c\/146313\/kosicke-odbornicky-na-spanok-vieme-ci-je-pre-zdravie-cloveka-lepsi-letny-alebo-zimny-cas\">Ko\u0161ick\u00e9 odborn\u00ed\u010dky na sp\u00e1nok: Vieme, \u010di je pre zdravie \u010dloveka lep\u0161\u00ed letn\u00fd alebo zimn\u00fd \u010das<\/a><\/td><\/tr><tr><td class=\"has-text-align-right\" data-align=\"right\">27.10.2018<\/td><td>kosicednes.sk:&nbsp;<a href=\"https:\/\/kosicednes.sk\/zaujimavosti\/nezabudnite-meni-sa-cas-v-noci-zo-soboty-na-nedelu-si-pospime-o-hodinu-dlhsie\/\">V noci zo soboty na nede\u013eu si posp\u00edme o hodinu dlh\u0161ie<\/a><\/td><\/tr><tr><td class=\"has-text-align-right\" data-align=\"right\">27.10.2018<\/td><td>lekari.sk:&nbsp;<a href=\"https:\/\/www.lekari.sk\/denna-sprava\/Kosice-Odbornicky-na-spanok-z-Lekarskej-fakulty-UPJS-by-striedanie-casu-uvitali-21125.html\">Ko\u0161ice: Odborn\u00ed\u010dky na sp\u00e1nok z Lek\u00e1rskej fakulty UPJ\u0160 by zru\u0161enie striedania \u010dasu uv\u00edtali<\/a><\/td><\/tr><tr><td class=\"has-text-align-right\" data-align=\"right\">27.10.2018<\/td><td>Tla\u010dov\u00e1 agent\u00fara SR:&nbsp;<a href=\"http:\/\/www.tasr.sk\/tasr-clanok\/TASR:20181027TBB00036\">Odborn\u00ed\u010dky na sp\u00e1nok z Lek\u00e1rskej fakulty UPJ\u0160 by striedanie \u010dasu uv\u00edtali<\/a><\/td><\/tr><tr><td class=\"has-text-align-right\" data-align=\"right\">27.10.2018<\/td><td>skolskyservis.sk:&nbsp;<a href=\"http:\/\/skolskyservis.teraz.sk\/zaujimavosti\/zrusenie-posunu-casu-pretoze-ma-na\/45129-clanok.html?combinedGlobalTab_skolskyservis=0\">Posun \u010dasu m\u00e1 na \u013eud\u00ed negat\u00edvne n\u00e1sledky<\/a><\/td><\/tr><tr><td class=\"has-text-align-right\" data-align=\"right\">27.10.2018<\/td><td>topky.sk:&nbsp;<a href=\"https:\/\/www.topky.sk\/cl\/10\/1748017\/Odbornicky-na-spanok-v-tom-maju-jasno--Treba-zrusit-striedanie-casu-\">Odborn\u00ed\u010dky na sp\u00e1nok v tom maj\u00fa jasno: Treba zru\u0161i\u0165 striedanie \u010dasu?<\/a><\/td><\/tr><tr><td class=\"has-text-align-right\" data-align=\"right\">27.10.2018<\/td><td>lekari.sk:&nbsp;<a href=\"https:\/\/www.lekari.sk\/denna-sprava\/Kosice-Medici-budu-informovat-o-rakovine-prsnika-a-krcka-maternice-21123.html\">Ko\u0161ice: Medici bud\u00fa informova\u0165 o rakovine prsn\u00edka a kr\u010dka maternice<\/a><\/td><\/tr><tr><td class=\"has-text-align-right\" data-align=\"right\">27.10.2018<\/td><td>vysetrenie.sk:&nbsp;<a href=\"https:\/\/vysetrenie.zoznam.sk\/cl\/1000657\/1747273\/Najvacsia-vyhoda-z-posunu-casu--Neurologicka-prezradila--ktory-by-bol-pre-nas-lepsi\">Najv\u00e4\u010d\u0161ia v\u00fdhoda z posunu \u010dasu: Neurologi\u010dka prezradila, ktor\u00fd by bol pre n\u00e1s lep\u0161\u00ed<\/a><\/td><\/tr><tr><td class=\"has-text-align-right\" data-align=\"right\">27.10.2018<\/td><td>kosickespravy.sk:&nbsp;<a href=\"http:\/\/www.kosickespravy.sk\/posunieme-rucicky-hodin-spat\">Posunieme ru\u010di\u010dky hod\u00edn sp\u00e4\u0165 &#8211; naru\u0161enie denn\u00e9ho biorytmu negat\u00edvne vpl\u00fdva na organizmus<\/a><\/td><\/tr><tr><td class=\"has-text-align-right\" data-align=\"right\">27.10.2018<\/td><td>dobrenoviny.sk:&nbsp;<a href=\"https:\/\/www.dobrenoviny.sk\/c\/146195\/meno-jana-knazovickeho-je-spate-s-rozvojom-kosickej-cievnej-chirurgie\">Meno J\u00e1na K\u0148azovick\u00e9ho je sp\u00e4t\u00e9 s rozvojom ko\u0161ickej cievnej chirurgie<\/a><\/td><\/tr><tr><td class=\"has-text-align-right\" data-align=\"right\">27.10.2018<\/td><td>24hod.sk:&nbsp;<a href=\"https:\/\/www.24hod.sk\/meno-jana-knazovickeho-je-spate-s-rozvojom-kosickej-cievnej-chirurgie-cl626925.html\">Meno J\u00e1na K\u0148azovick\u00e9ho je sp\u00e4t\u00e9 s rozvojom ko\u0161ickej cievnej chirurgie<\/a><\/td><\/tr><tr><td class=\"has-text-align-right\" data-align=\"right\">27.10.2018<\/td><td>korzar.sk:<a href=\"https:\/\/kosice.korzar.sme.sk\/c\/20947886\/odbornicky-na-spanok-z-upjs-by-uvitali-zrusenie-striedania-casu.html\">&nbsp;Odborn\u00ed\u010dky na sp\u00e1nok z UPJ\u0160 by uv\u00edtali zru\u0161enie striedania \u010dasu<\/a><\/td><\/tr><tr><td class=\"has-text-align-right\" data-align=\"right\">26.10.2018<\/td><td>kosice24.sk:&nbsp;<a href=\"https:\/\/kosice.dnes24.sk\/ruzovy-oktober-je-preventivna-akcia-medikov-venovana-vsetkym-zenam-312958\">\u201eRu\u017eov\u00fd okt\u00f3ber\u201c je prevent\u00edvna akcia medikov venovan\u00e1 v\u0161etk\u00fdm \u017een\u00e1m<\/a><\/td><\/tr><tr><td class=\"has-text-align-right\" data-align=\"right\">26.10.2018<\/td><td>kosice24.sk:&nbsp;<a href=\"http:\/\/xn--posun%20asu%20m%20na%20na%20ud%20negatvne%20nsledky%2C%20tvrd%20odbornka-01f4a89fiayj47v7b23u\/\">Posun \u010dasu m\u00e1 na na \u013eud\u00ed negat\u00edvne n\u00e1sledky, tvrd\u00ed odborn\u00ed\u010dka<\/a><\/td><\/tr><tr><td class=\"has-text-align-right\" data-align=\"right\">26.10.2018<\/td><td>korzar.sk:&nbsp;<a href=\"https:\/\/kosice.korzar.sme.sk\/c\/20946888\/meno-jana-knazovickeho-je-spate-s-rozvojom-kosickej-cievnej-chirurgie.html\">Meno J\u00e1na K\u0148azovick\u00e9ho je sp\u00e4t\u00e9 s rozvojom ko\u0161ickej cievnej chirurgie<\/a><\/td><\/tr><tr><td class=\"has-text-align-right\" data-align=\"right\">26.10.2018<\/td><td>skolskyservis.sk:&nbsp;<a href=\"http:\/\/skolskyservis.teraz.sk\/vysoke-skoly\/studenti-lekarskej-fakulty-upjs-prip\/45130-clanok.html\">\u0160tudenti Lek\u00e1rskej fakulty UPJ\u0160 pripravili akciu Ru\u017eov\u00fd okt\u00f3ber<\/a><\/td><\/tr><tr><td class=\"has-text-align-right\" data-align=\"right\">26.10.2018<\/td><td>vedanadosah.sk:&nbsp;<a href=\"http:\/\/vedanadosah.cvtisr.sk\/posun-casu-a-jeho-negativne-nasledky\">Posun \u010dasu a jeho negat\u00edvne n\u00e1sledky<\/a><\/td><\/tr><tr><td class=\"has-text-align-right\" data-align=\"right\">26.10.2018<\/td><td>korzar.sk:&nbsp;<a href=\"https:\/\/kosice.korzar.sme.sk\/c\/20946987\/kosicki-medici-pripravili-akciu-ruzovy-oktober.html\">Ko\u0161ick\u00ed medici pripravili akciu Ru\u017eov\u00fd okt\u00f3ber<\/a><\/td><\/tr><tr><td class=\"has-text-align-right\" data-align=\"right\">26.10.2018<\/td><td>kosickespravy.sk:&nbsp;<a href=\"http:\/\/www.kosickespravy.sk\/upozornia-na-zenske-zdravie\">Upozornia na \u017eensk\u00e9 zdravie<\/a><\/td><\/tr><tr><td class=\"has-text-align-right\" data-align=\"right\">26.10.2018<\/td><td>vzdravotnictve.sk:&nbsp;<a href=\"https:\/\/vzdravotnictve.sk\/studenti-lekarskej-fakulty-upjs-pripravili-ruzovy-oktober\/page\/4\/\">\u0160tudenti Lek\u00e1rskej fakulty UPJ\u0160 pripravili Ru\u017eov\u00fd okt\u00f3ber<\/a><\/td><\/tr><tr><td class=\"has-text-align-right\" data-align=\"right\">24.10.2018<\/td><td>kosice24.sk:&nbsp;<a href=\"https:\/\/kosice.dnes24.sk\/tohtorocne-ceny-ksk-si-prevezmu-operny-spevak-frantisek-balun-ci-riaditel-sfk-julius-klein-312707\">Cenu KSK dostane aj prodekan UPJ\u0160 LF Jozef Gonsor\u010d\u00edk<\/a><\/td><\/tr><tr><td class=\"has-text-align-right\" data-align=\"right\">24.10.2018<\/td><td>startitup.sk:&nbsp;<a href=\"https:\/\/www.startitup.sk\/odbornicky-k-zruseniu-striedania-casu-nemenit-cas-bude-pre-ludsky-organizmus-prinosom\/\">Odborn\u00ed\u010dky k zru\u0161eniu striedania \u010dasu: Nemeni\u0165 \u010das bude pre \u013eudsk\u00fd organizmus pr\u00ednosom<\/a><\/td><\/tr><tr><td class=\"has-text-align-right\" data-align=\"right\">17.10.2018<\/td><td>vedanadosah.sk:&nbsp;<a href=\"http:\/\/vedanadosah.cvtisr.sk\/slovensko-sa-stalo-sucastou-infrastruktury-klinickeho-vyskumu-ecrin-pod-nazvom-slovacrin\">Slovensko sa stalo s\u00fa\u010das\u0165ou infra\u0161trukt\u00fary klinick\u00e9ho v\u00fdskumu ECRIN pod n\u00e1zvom SLOVACRIN<\/a><\/td><\/tr><tr><td class=\"has-text-align-right\" data-align=\"right\">17.10.2018<\/td><td>R\u00e1dio Ko\u0161ice:&nbsp;<a href=\"https:\/\/www.radiokosice.sk\/spravy-radia-kosice-z-17-10-2018\">Lek\u00e1rsku fakultu Univerzity Pavla Jozefa \u0160af\u00e1rika povedie na\u010falej s\u00fa\u010dasn\u00fd dekan Daniel Pella<\/a><\/td><\/tr><tr><td class=\"has-text-align-right\" data-align=\"right\">12.10.2018<\/td><td>denn\u00edk Pravda &#8211; Zdravie:&nbsp;<a href=\"https:\/\/zdravie.pravda.sk\/zdravie-a-prevencia\/clanok\/487526-obezita-centrum-zla-pre-nase-srdce\/\">Obezita: Centrum zla pre na\u0161e srdce<\/a><\/td><\/tr><tr><td class=\"has-text-align-right\" data-align=\"right\">10.10.2018<\/td><td>vedanadosah.sk:&nbsp;<a href=\"http:\/\/vedanadosah.cvtisr.sk\/svetovy-den-dusevneho-zdravia-aj-prostrednictvom-podujatia-mna-sa-to-netyka\">Svetov\u00fd de\u0148 du\u0161evn\u00e9ho zdravia aj prostredn\u00edctvom podujatia M\u0148a sa to<br>(ne)t\u00fdka<\/a><\/td><\/tr><tr><td class=\"has-text-align-right\" data-align=\"right\">10.10.2018<\/td><td>skolskyservis.sk:&nbsp;<a href=\"http:\/\/skolskyservis.teraz.sk\/vysoke-skoly\/o-dusevnych-chorobach-sa-netreba-ba\/44800-clanok.html\">O du\u0161evn\u00fdch chorob\u00e1ch sa netreba b\u00e1\u0165 hovori\u0165<\/a><\/td><\/tr><tr><td class=\"has-text-align-right\" data-align=\"right\">10.10.2018<\/td><td>lekari.sk: Ko\u0161ice:&nbsp;<a href=\"https:\/\/www.lekari.sk\/denna-sprava\/Kosice-O-dusevnych-chorobach-sa-netreba-bat-hovorit-pripominaju-studenti-20999.html\">O du\u0161evn\u00fdch chorob\u00e1ch sa netreba b\u00e1\u0165 hovori\u0165, pripom\u00ednaj\u00fa \u0161tudenti<\/a><\/td><\/tr><tr><td class=\"has-text-align-right\" data-align=\"right\">05.10.2018<\/td><td>vedanadosah.sk:&nbsp;<a href=\"http:\/\/vedanadosah.cvtisr.sk\/slavnostne-predstavenie-a-odovzdanie-priestorov-univerzitneho-vedeckeho-parku-upjs-medipark-do-prevadzky\">Sl\u00e1vnostn\u00e9 predstavenie a odovzdanie priestorov Univerzitn\u00e9ho vedeck\u00e9ho parku UPJ\u0160 MEDIPARK do prev\u00e1dzky<\/a><\/td><\/tr><tr><td class=\"has-text-align-right\" data-align=\"right\">04.10.2018<\/td><td>vedanadosah.sk:&nbsp;<a href=\"http:\/\/vedanadosah.cvtisr.sk\/sedemdesiate-vyrocie-lekarskej-fakulty-upjs-v-kosiciach\">Sedemdesiate v\u00fdro\u010die Lek\u00e1rskej fakulty UPJ\u0160 v Ko\u0161iciach<\/a><\/td><\/tr><\/tbody><\/table><\/figure>\n\n\n\n<p><strong>September 2018<\/strong><\/p>\n\n\n\n<figure id=\"zebra\" class=\"wp-block-table is-style-stripes\"><table><tbody><tr><td class=\"has-text-align-right\" data-align=\"right\">30.09.2018<\/td><td>kosice24.sk:&nbsp;<a href=\"https:\/\/kosice.dnes24.sk\/foto-v-kosiciach-vznikol-spickovy-univerzitny-vedecky-park-medipark-310551\">V Ko\u0161iciach vznikol \u0161pi\u010dkov\u00fd Univerzitn\u00fd vedeck\u00fd park MediPark<\/a><\/td><\/tr><tr><td class=\"has-text-align-right\" data-align=\"right\">30.09.2018<\/td><td>agent\u00fara TASR, skolskyservis.sk:&nbsp;<a href=\"http:\/\/skolskyservis.teraz.sk\/vysoke-skoly\/v-kosiciach-vznikol-univerzitny-vedeck\/44566-clanok.html\">V Ko\u0161iciach vznikol Univerzitn\u00fd vedeck\u00fd park<\/a><\/td><\/tr><tr><td class=\"has-text-align-right\" data-align=\"right\">30.09.2018<\/td><td>Telev\u00edzia TA3:&nbsp;<a href=\"https:\/\/www.ta3.com\/clanok\/1137501\/v-kosiciach-studuje-coraz-viac-cudzincov-slovakov-naopak-ubuda.html\">V Ko\u0161iciach \u0161tuduje \u010doraz viac cudzincov<\/a><\/td><\/tr><tr><td class=\"has-text-align-right\" data-align=\"right\">29.09.2018<\/td><td>denn\u00edk Nov\u00fd \u010das:&nbsp;<a href=\"https:\/\/www.cas.sk\/clanok\/746602\/juraj-bober-je-nas-najstarsi-aktivny-chirurg-v-bielom-plasti-sluzim-53-rokov\/\">Juraj Bober je n\u00e1\u0161 najstar\u0161\u00ed akt\u00edvny chirurg: V bielom pl\u00e1\u0161ti sl\u00fa\u017eim 53 rokov<\/a><\/td><\/tr><tr><td class=\"has-text-align-right\" data-align=\"right\">28.09.2018<\/td><td>24hod.sk: VIDEO:&nbsp;<a href=\"https:\/\/www.24hod.sk\/video-v-kosiciach-vznikol-univerzitny-vedecky-park-medipark-cl620025.html\">V Ko\u0161iciach vznikol Univerzitn\u00fd vedeck\u00fd park MediPark<\/a><\/td><\/tr><tr><td class=\"has-text-align-right\" data-align=\"right\">28.09.2018<\/td><td>quark.sk:&nbsp;<a href=\"http:\/\/www.quark.sk\/lekarska-fakulta-upjs-v-kosiciach-si-pripomenula-sedemdesiate-vyrocie-svojho-vzniku\/\">Lek\u00e1rska fakulta UPJ\u0160 v Ko\u0161iciach si pripomenula sedemdesiate v\u00fdro\u010die svojho vzniku<\/a><\/td><\/tr><tr><td class=\"has-text-align-right\" data-align=\"right\">28.09.2018<\/td><td>Telev\u00edzia KO\u0160ICE:&nbsp;&nbsp;<a href=\"https:\/\/www.tvkosice.sk\/search\/?query=lek%C3%A1rska+\">Na Lek\u00e1rskej fakulte UPJ\u0160 otvorili vedeck\u00fd MediPark<\/a><\/td><\/tr><tr><td class=\"has-text-align-right\" data-align=\"right\">28.09.2018<\/td><td>denn\u00edk KORZ\u00c1R:&nbsp;<a href=\"https:\/\/kosice.korzar.sme.sk\/c\/20925333\/v-kosiciach-otvorili-medipark-stane-sa-centrom-medicinskeho-vyskumu.html\">V Ko\u0161iciach otvorili MediPark, stane sa centrom v\u00fdskumu<\/a><\/td><\/tr><tr><td class=\"has-text-align-right\" data-align=\"right\">28.09.2018<\/td><td>dobrenoviny.sk:&nbsp;<a href=\"https:\/\/www.dobrenoviny.sk\/c\/143684\/v-kosiciach-vznikol-univerzitny-vedecky-park-medipark\">V Ko\u0161iciach vznikol Univerzitn\u00fd vedeck\u00fd park MediPark<\/a><\/td><\/tr><tr><td class=\"has-text-align-right\" data-align=\"right\">27.09.2018<\/td><td>Telev\u00edzia KO\u0160ICE:&nbsp;<a href=\"https:\/\/www.tvkosice.sk\/video\/5bac7cc64526ca369b8e2a3b\">Lek\u00e1rska fakulta UPJ\u0160 oslavuje 70. v\u00fdro\u010die vzniku<\/a><\/td><\/tr><tr><td class=\"has-text-align-right\" data-align=\"right\">27.09.2018<\/td><td>RTVS &#8211; R\u00e1dioSlovensko &#8211; R\u00e1dio\u017eurn\u00e1l:<a href=\"https:\/\/www.upjs.sk\/public\/media\/17296\/280918.pdf\">&nbsp;70 rokov Lek\u00e1rskej fakulty UPJ\u0160<\/a>&nbsp;(odvysielan\u00e9 10 min. 50s.)<\/td><\/tr><tr><td class=\"has-text-align-right\" data-align=\"right\">27.09.2018<\/td><td>kosice24.sk:&nbsp;<a href=\"http:\/\/xn--lekrska%20fakulta%20upj%20v%20koiciach%20oslavuje%2070-sme203eja.xn--%20vroie%20svojho%20vzniku-t0c46b\/\">Lek\u00e1rska fakulta UPJ\u0160 v Ko\u0161iciach oslavuje 70. v\u00fdro\u010die svojho vzniku<\/a><\/td><\/tr><tr><td class=\"has-text-align-right\" data-align=\"right\">27.09.2018<\/td><td>hlavnespravy.sk:&nbsp;<a href=\"https:\/\/www.hlavnespravy.sk\/obezita-spolu-s-cukrovkou-vysokym-tlakom-cholesterolom-zabijaju-srdce\/1532652\">Obezita spolu s cukrovkou, vysok\u00fdm tlakom a cholesterolom zab\u00edjaj\u00fa srdce<\/a><\/td><\/tr><tr><td class=\"has-text-align-right\" data-align=\"right\">27.09.2018<\/td><td>denn\u00edk Ko\u0161iceDnes:&nbsp;<a href=\"https:\/\/kosicednes.sk\/udalosti\/lekarska-fakulta-v-kosiciach-oslavuje-70-vyrocie-svojho-vzniku\/\">Lek\u00e1rska fakulta v Ko\u0161iciach oslavuje 70. v\u00fdro\u010die svojho vzniku<\/a><\/td><\/tr><tr><td class=\"has-text-align-right\" data-align=\"right\">26.09.2018<\/td><td>24hod.sk:&nbsp;<a href=\"https:\/\/www.24hod.sk\/lekarska-fakulta-upjs-v-kosiciach-oslavuje-70-vyrocie-svojho-vzniku-cl619398.html\">Lek\u00e1rska fakulta UPJ\u0160 v Ko\u0161iciach oslavuje 70. v\u00fdro\u010die svojho vzniku<\/a><\/td><\/tr><tr><td class=\"has-text-align-right\" data-align=\"right\">26.09.2018<\/td><td>vzdravotnictve.sk:&nbsp;<a href=\"https:\/\/vzdravotnictve.sk\/lekarska-fakulta-upjs-v-kosiciach-oslavuje-sedemdesiatku\/\">Lek\u00e1rska fakulta UPJ\u0160 v Ko\u0161iciach oslavuje sedemdesiatku<\/a><\/td><\/tr><tr><td class=\"has-text-align-right\" data-align=\"right\">26.09.2018<\/td><td>vzdravotnictve.sk:&nbsp;<a href=\"https:\/\/vzdravotnictve.sk\/fotogaleria\/lf-upjs-oslavuje-70-rokov\/\">FOTOGAL\u00c9RIA: LF UPJ\u0160 oslavuje 70 rokov<\/a><\/td><\/tr><tr><td class=\"has-text-align-right\" data-align=\"right\">26.09.2018<\/td><td>skolskyservis.sk:&nbsp;<a href=\"http:\/\/skolskyservis.teraz.sk\/vysoke-skoly\/lekarska-fakulta-upjs-v-kosiciach-osl\/44494-clanok.html\">Lek\u00e1rska fakulta UPJ\u0160 v Ko\u0161iciach oslavuje 70. v\u00fdro\u010die svojho vzniku<\/a><\/td><\/tr><tr><td class=\"has-text-align-right\" data-align=\"right\">26.09.2018<\/td><td>dobrenoviny.sk:&nbsp;<a href=\"https:\/\/www.dobrenoviny.sk\/c\/143466\/lekarska-fakulta-upjs-v-kosiciach-oslavuje-70-vyrocie-svojho-vzniku\">Lek\u00e1rska fakulta UPJ\u0160 v Ko\u0161iciach oslavuje 70. v\u00fdro\u010die svojho vzniku<\/a><\/td><\/tr><tr><td class=\"has-text-align-right\" data-align=\"right\">26.09.2018<\/td><td>agent\u00fara TASR, teraz.sk:&nbsp;<a href=\"https:\/\/www.teraz.sk\/regiony\/lekarska-fakulta-upjs-v-kosiciach-osl\/351009-clanok.html\">Lek\u00e1rska fakulta UPJ\u0160 v Ko\u0161iciach oslavuje 70. v\u00fdro\u010die svojho vzniku<\/a><\/td><\/tr><tr><td class=\"has-text-align-right\" data-align=\"right\">19.09.2018<\/td><td>findmax.info:&nbsp;<a href=\"https:\/\/www.findmax.info\/index.php?page=news-detail&amp;id=228129\">Obezita v\u00fdrazne skracuje \u017eivot a dok\u00e1zate\u013ene zvy\u0161uje \u00famrtnos\u0165<\/a><\/td><\/tr><tr><td class=\"has-text-align-right\" data-align=\"right\">19.09.2018<\/td><td>inforaj.sk:&nbsp;<a href=\"https:\/\/inforaj.sk\/slovenska-nadacia-srdca-platforma-most-spolu-chranime-vase-srdcia-varuje-pred-obezitou-vyrazne-skracuje-zivot-a-dokazatelne-zvysuje-umrtnost\/\">Slovensk\u00e1 nad\u00e1cia srdca varuje pred obezitou: V\u00fdrazne skracuje \u017eivot a dok\u00e1zate\u013ene zvy\u0161uje \u00famrtnos\u0165<\/a><\/td><\/tr><tr><td class=\"has-text-align-right\" data-align=\"right\">13.09.2018<\/td><td>pluska.sk:&nbsp;<a href=\"https:\/\/www1.pluska.sk\/rady-a-tipy\/rozhodnute-vieme-kedy-definitivne-skonci-striedanie-letneho-zimneho-casu-ste\">U\u017e vieme, kedy sa definit\u00edvne skon\u010d\u00ed striedanie letn\u00e9ho a zimn\u00e9ho \u010dasu<\/a><\/td><\/tr><tr><td class=\"has-text-align-right\" data-align=\"right\">12.09.2018<\/td><td>pluska.sk:&nbsp;<a href=\"https:\/\/www1.pluska.sk\/regiony\/vychodne-slovensko\/kosican-uspel-sutazi-nazov-portalu-vsetko-moze-skuska-imunologie\">\u0160tudent Lek\u00e1rskej fakulty UPJ\u0160 vymyslel nie\u010do, \u010do bud\u00fa pou\u017e\u00edva\u0165 v\u0161etci \u00faradn\u00edci<\/a><\/td><\/tr><tr><td class=\"has-text-align-right\" data-align=\"right\">11.09.2018<\/td><td>pluska.sk:&nbsp;<a href=\"https:\/\/www1.pluska.sk\/spravy\/z-domova\/nova-infrastruktura-slovacrin-takto-slovensku-poskytne-pomoc-aj-nadej-onkologickym-pacientom\">Nov\u00e1 infra\u0161trukt\u00fara SLOVACRIN: TAKTO na Slovensku poskytne pomoc aj n\u00e1dej onkologick\u00fdm pacientom!<\/a><\/td><\/tr><tr><td class=\"has-text-align-right\" data-align=\"right\">11.09.2018<\/td><td>vzdravotnictve.sk:&nbsp;<a href=\"https:\/\/vzdravotnictve.sk\/slovenski-pacienti-budu-mat-pristup-k-inovativnej-liecbe\/\">Slovensk\u00ed pacienti bud\u00fa ma\u0165 pr\u00edstup k inovat\u00edvnej lie\u010dbe<\/a><\/td><\/tr><tr><td class=\"has-text-align-right\" data-align=\"right\">11.09.2018<\/td><td>novycas.sk:&nbsp;<a href=\"https:\/\/www.cas.sk\/clanok\/739175\/slovensko-sa-zaradilo-medzi-europsku-vyskumnu-spicku-novinka-ma-pomoct-najma-onkologickym-pacientom\/\">Na Slovensku vznikla infra\u0161trukt\u00fara SLOVACRIN<\/a><\/td><\/tr><tr><td class=\"has-text-align-right\" data-align=\"right\">11.09.2018<\/td><td>denn\u00edk PRAVDA:&nbsp;<a href=\"https:\/\/spravy.pravda.sk\/domace\/clanok\/483765-na-slovensku-vznikol-slovacrin-ma-pomoct-onkologickym-pacientom\/\">Na Slovensku vznikol SLOVACRIN, m\u00e1 pom\u00f4c\u0165 onkologick\u00fdm pacientom<\/a><\/td><\/tr><tr><td class=\"has-text-align-right\" data-align=\"right\">11.09.2018<\/td><td>agent\u00fara SITA, vzdravotnictve.sk:&nbsp;<a href=\"https:\/\/vzdravotnictve.sk\/slovenski-pacienti-budu-mat-pristup-k-inovativnej-liecbe\/\">Slovensk\u00ed pacienti bud\u00fa ma\u0165 pr\u00edstup k inovat\u00edvnej lie\u010dbe &#8211; koordin\u00e1torom ECRIN je UPJ\u0160<\/a><\/td><\/tr><tr><td class=\"has-text-align-right\" data-align=\"right\">11.09.2018<\/td><td>agent\u00fara TASR, teraz.sk:&nbsp;<a href=\"http:\/\/www.teraz.sk\/slovensko\/na-slovensku-vznikol-slovacrin-ma-pom\/347986-clanok.html\">Na Slovensku vznikol SLOVACRIN, m\u00e1 pom\u00f4c\u0165 onkologick\u00fdm pacientom<\/a><\/td><\/tr><\/tbody><\/table><\/figure>\n\n\n\n<p><strong>August 2018<\/strong><\/p>\n\n\n\n<figure id=\"zebra\" class=\"wp-block-table is-style-stripes\"><table><tbody><tr><td class=\"has-text-align-right\" data-align=\"right\">31.08.2018<\/td><td>Plus1de\u0148 &#8211; Va\u0161e zdravie:&nbsp;<a href=\"http:\/\/www.info-zdravie.sk\/zrely-vek\/prevencia-cievnych-mozgovych-prihod\">Prevencia cievnych mozgov\u00fdch pr\u00edhod<\/a><\/td><\/tr><tr><td class=\"has-text-align-right\" data-align=\"right\">24.08.2018<\/td><td>vedanadosah.sk:&nbsp;<a href=\"http:\/\/vedanadosah.cvtisr.sk\/kricite-a-metate-sa-zo-spanku-mozno-vam-hrozi-parkinson\">Kri\u010d\u00edte a met\u00e1te sa zo sp\u00e1nku? Mo\u017eno v\u00e1m hroz\u00ed Parkinson!<\/a><\/td><\/tr><tr><td class=\"has-text-align-right\" data-align=\"right\">21.08.2018<\/td><td>michallovce24.sk:&nbsp;<a href=\"https:\/\/michalovce.dnes24.sk\/v-michalovskej-nemocnici-zarezavaju-aj-medici-takto-vyhrnaju-rukavy-na-praxi-307114\">V michalovskej nemocnici zarez\u00e1vaj\u00fa aj medici: Takto vyh\u0155\u0148aj\u00fa ruk\u00e1vy na praxi<\/a><\/td><\/tr><tr><td class=\"has-text-align-right\" data-align=\"right\">06.08.2018<\/td><td>TELEV\u00cdZIA TA3:&nbsp;<a href=\"https:\/\/www.ta3.com\/clanok\/1133230\/studentov-mediciny-pribudne-vlada-na-to-vyclenila-miliony-eur.html\">\u0160tudentov medic\u00edny pribudne, vl\u00e1da na to vy\u010dlenila mili\u00f3ny eur<\/a><\/td><\/tr><tr><td class=\"has-text-align-right\" data-align=\"right\">05.08.2018<\/td><td>vedanadosah.sk:&nbsp;<a href=\"http:\/\/vedanadosah.cvtisr.sk\/zdraviu-prospesny-lactobacillus-plantarum\">Zdraviu prospe\u0161n\u00fd Lactobacillus plantarum<\/a><\/td><\/tr><tr><td class=\"has-text-align-right\" data-align=\"right\">02.08.2018<\/td><td>TELEV\u00cdZIA JOJ:&nbsp;<a href=\"https:\/\/www.upjs.sk\/public\/media\/12139\/2018.08.02%20JOJ%20-%20Prijmanie%20novych%20medikov.docx\">Slovensko: Prijm\u00fa fakulty viac medikov?<\/a><\/td><\/tr><tr><td class=\"has-text-align-right\" data-align=\"right\">01.08.2018<\/td><td>korzar.sk:&nbsp;<a href=\"https:\/\/kosice.korzar.sme.sk\/c\/20882854\/kosicky-kardioustav-ma-nove-spickove-ct-pracovisko-a-pristroj.html\">Ko\u0161ick\u00fd kardio\u00fastav m\u00e1 nov\u00e9 \u0161pi\u010dkov\u00e9 CT pracovisko<\/a><\/td><\/tr><\/tbody><\/table><\/figure>\n\n\n\n<p><strong>J\u00fal 2018<\/strong><\/p>\n\n\n\n<figure id=\"zebra\" class=\"wp-block-table is-style-stripes\"><table><tbody><tr><td class=\"has-text-align-right\" data-align=\"right\">27.07.2018<\/td><td>Plus1de\u0148:&nbsp;<a href=\"http:\/\/www.pluska.sk\/izdravie\/liecba\/tichy-zabijak-srdca-jete-aj-ked-nie-ste-hladni-preverte-svoj-cholesterol.html\">Tich\u00fd zabijak srdca: Jete, aj ke\u010f nie ste hladn\u00ed? Preverte svoj cholesterol<\/a>&nbsp;<em>(rozhovor s prof. MUDr. Danielom Pellom, PhD.)<\/em><\/td><\/tr><tr><td class=\"has-text-align-right\" data-align=\"right\">25.07.2018<\/td><td>Dennik N:&nbsp;<a href=\"https:\/\/www.upjs.sk\/public\/media\/12139\/2018.08.25%20dennik%20N%20-%20odchody%20lekarov%20do%20zahranicia.docx\">Lek\u00e1ri maj\u00fa za odchod do sveta zaplati\u0165<\/a>&nbsp;&nbsp;&nbsp;<\/td><\/tr><tr><td class=\"has-text-align-right\" data-align=\"right\">24.07.2018<\/td><td>Dennik N:&nbsp;<a href=\"https:\/\/dennikn.sk\/1187561\/sas-po-dni-upravuje-svoj-navrh-aby-lekari-po-odchode-do-zahranicia-zaplatili-za-studium-ako-od-lukasenka-hodnoti-ho-dekan\/\">SaS po dni upravuje svoj n\u00e1vrh, aby lek\u00e1ri po odchode do zahrani\u010dia zaplatili<br>za \u0161t\u00fadium&#8230;<\/a>&nbsp; ( preklik na cel\u00fd&nbsp;<a href=\"https:\/\/www.upjs.sk\/public\/media\/12139\/2018.07.24%20dennik%20N%20-%20zvysene%20pocty%20studenetov%20mediciny.docx\">text<\/a>&nbsp;)<\/td><\/tr><tr><td class=\"has-text-align-right\" data-align=\"right\">19.07.2018<\/td><td>agent\u00fara TASR, aktuality.sk:&nbsp;<a href=\"https:\/\/www.aktuality.sk\/clanok\/608060\/dodatocnych-studentov-prijmu-vsetky-tri-lekarske-fakulty\/\">Dodato\u010dn\u00fdch \u0161tudentov pr\u00edjmu v\u0161etky tri lek\u00e1rske fakulty<\/a><\/td><\/tr><tr><td class=\"has-text-align-right\" data-align=\"right\">18.07.2018<\/td><td>startitup.sk:&nbsp;<a href=\"https:\/\/www.startitup.sk\/local-vlada-chce-nedostatok-lekarov-riesit-uplne-novym-sposobom\/\">Vl\u00e1da chce nedostatok lek\u00e1rov rie\u0161i\u0165 \u00faplne nov\u00fdm sp\u00f4sobom<\/a><\/td><\/tr><tr><td class=\"has-text-align-right\" data-align=\"right\">17.07.2018<\/td><td>kosickespravy.sk:&nbsp;<a href=\"https:\/\/kosice.dnes24.sk\/lekarska-fakulta-v-kosiciach-prijme-viac-studentov-304326\">Lek\u00e1rska fakulta v Ko\u0161iciach prijme viac \u0161tudentov<\/a><\/td><\/tr><tr><td class=\"has-text-align-right\" data-align=\"right\">17.07.2018<\/td><td>dobrenoviny.sk:&nbsp;<a href=\"https:\/\/www.dobrenoviny.sk\/c\/137770\/lekarska-fakulta-v-kosiciach-prijme-viac-studentov\">Lek\u00e1rska fakulta v Ko\u0161iciach prijme viac \u0161tudentov<\/a><\/td><\/tr><tr><td class=\"has-text-align-right\" data-align=\"right\">17.07.2018<\/td><td>denn\u00edk Ko\u0161ice Dnes:&nbsp;<a href=\"https:\/\/kosicednes.sk\/udalosti\/lekarska-fakulta-v-kosiciach-prijme-viac-studentov\/\">Lek\u00e1rska fakulta v Ko\u0161iciach prijme viac \u0161tudentov<\/a><\/td><\/tr><tr><td class=\"has-text-align-right\" data-align=\"right\">17.07.2018<\/td><td>skolskyservis.sk:&nbsp;<a href=\"http:\/\/skolskyservis.teraz.sk\/vysoke-skoly\/lekarska-fakulta-v-kosiciach-prijme-vi\/43302-clanok.html\">Lek\u00e1rska fakulta v Ko\u0161iciach prijme viac \u0161tudentov<\/a><\/td><\/tr><tr><td class=\"has-text-align-right\" data-align=\"right\">17.07.2018<\/td><td>aktuality.sk:&nbsp;<a href=\"https:\/\/www.aktuality.sk\/clanok\/607315\/lekarska-fakulta-v-kosiciach-prijme-viac-studentov\/\">Lek\u00e1rska fakulta v Ko\u0161iciach prijme viac \u0161tudentov<\/a><\/td><\/tr><tr><td class=\"has-text-align-right\" data-align=\"right\">10.07.2018<\/td><td>kosice24.sk:&nbsp;<a href=\"https:\/\/kosice.dnes24.sk\/galeria\/detska-univerzita-na-upjs-74851?articleId=303735\">Detsk\u00e1 univerzita na UPJ\u0160<\/a>&nbsp;&#8211; fotogal\u00e9ria z n\u00e1\u0161tevy det\u00ed na Lek\u00e1rskej fakulte<\/td><\/tr><tr><td class=\"has-text-align-right\" data-align=\"right\">10.07.2018<\/td><td>RTVS &#8211; R\u00e1dioRegina:&nbsp;<a href=\"https:\/\/www.upjs.sk\/public\/media\/12139\/2018-07-10%20RadioRegina%20-%20detska%20univerzita.mp3\">Univerzita bez hran\u00edc na Lek\u00e1rskej fakulte UPJ\u0160<\/a><\/td><\/tr><tr><td class=\"has-text-align-right\" data-align=\"right\">10.07.2018<\/td><td>kosicednes.sk:<a href=\"https:\/\/kosicednes.sk\/tema-dna\/peter-krcho-najsilnejsim-liekom-je-tinktura-casu\/\">&nbsp;Peter Krcho: Najsilnej\u0161\u00edm liekom je tinkt\u00fara \u010dasu<\/a><\/td><\/tr><tr><td class=\"has-text-align-right\" data-align=\"right\">10.07.2018<\/td><td>kosicednes.sk:&nbsp;<a href=\"https:\/\/kosicednes.sk\/udalosti\/univerzita-bez-hranic-na-upjs-v-kosiciach-otvorila-dvere-poznania\/\">Univerzita bez hran\u00edc na UPJ\u0160 v Ko\u0161iciach otvorila dvere poznania<\/a><\/td><\/tr><\/tbody><\/table><\/figure>\n\n\n\n<p><strong>J\u00fan 2018<\/strong><\/p>\n\n\n\n<figure id=\"zebra\" class=\"wp-block-table is-style-stripes\"><table><tbody><tr><td class=\"has-text-align-right\" data-align=\"right\">25.06.2018<\/td><td>lekar.sk:&nbsp;<a href=\"https:\/\/lekar.pluska.sk\/clanky\/mikrobiom-matky-a-novorodenca\">MUDr. Peter Krcho, PhD.: Mikrobi\u00f3m matky a novorodenca<\/a><\/td><\/tr><tr><td class=\"has-text-align-right\" data-align=\"right\">25.06.2018<\/td><td>lekar.sk:&nbsp;<a href=\"https:\/\/lekar.pluska.sk\/clanky\/dohlad-nad-rizikovym-tehotenstvom\">MUDr. J\u00e1n Varga PhD., MSc.: Doh\u013ead nad rizikov\u00fdm tehotenstvom<\/a><\/td><\/tr><tr><td class=\"has-text-align-right\" data-align=\"right\">18.06.2018<\/td><td>\u010dasopis ZDRAVIE:&nbsp;<a href=\"https:\/\/www.upjs.sk\/public\/media\/12139\/2018-06%20Pella%20-%20zdravie%20-%20grilovanie.pdf\">\u0160kod\u00ed, hoci nebol\u00ed<\/a>&nbsp;<em>(rozhovor s prof. MUDr. Danielom Pellom, PhD.)<\/em><\/td><\/tr><tr><td class=\"has-text-align-right\" data-align=\"right\">15.06.2018<\/td><td>NOV\u00dd \u010cAS:&nbsp;<a href=\"https:\/\/www.cas.sk\/clanok\/706332\/prestizne-ocenenie-pre-slovensku-lekarku-vdaka-nej-mozno-pacientov-zachranit-pred-tazkymi-nasledkami\/\">Prest\u00ed\u017ene ocenenie pre slovensk\u00fa lek\u00e1rku: V\u010faka nej mo\u017eno pacientov zachr\u00e1ni\u0165 pred \u0165a\u017ek\u00fdmi n\u00e1sledkami<\/a><\/td><\/tr><tr><td class=\"has-text-align-right\" data-align=\"right\">15.06.2018<\/td><td>cas.sk: FOTOGAL\u00c9RIA:&nbsp;<a href=\"https:\/\/www.cas.sk\/fotogaleria\/706332\/prestizne-ocenenie-pre-slovensku-lekarku-vdaka-nej-mozno-pacientov-zachranit-pred-tazkymi-nasledkami\/1\/\">Prest\u00ed\u017ene ocenenie pre prof. MUDr. Zuzana Gdovinov\u00e1, CSc., FESO<\/a><\/td><\/tr><tr><td class=\"has-text-align-right\" data-align=\"right\">07.06.2018<\/td><td>skolskyservis.sk:&nbsp;<a href=\"http:\/\/skolskyservis.teraz.sk\/vysoke-skoly\/kosice-pracovnicky-lekarskej-fakult\/42518-clanok.html\">Za svoje p\u00f4sobenie v zdravotn\u00edckej oblasti z\u00edskali tri pracovn\u00ed\u010dky Lek\u00e1rskej fakulty Univerzity Pavla Jozefa \u0160af\u00e1rika v Ko\u0161iciach v uplynul\u00fdch d\u0148och r\u00f4zne ocenenia<\/a><\/td><\/tr><tr><td class=\"has-text-align-right\" data-align=\"right\">07.06.2018<\/td><td>kosicednes.sk:&nbsp;<a href=\"https:\/\/kosicednes.sk\/udalosti\/kosicke-odbornicky-v-zdravotnictve-ocenili-doma-i-v-zahranici\/\">Ko\u0161ick\u00e9 odborn\u00ed\u010dky ocenili doma i v zahrani\u010d\u00ed<\/a><\/td><\/tr><tr><td class=\"has-text-align-right\" data-align=\"right\">07.06.2018<\/td><td>kosice24.sk:&nbsp;<a href=\"https:\/\/kosice.dnes24.sk\/pracovnicky-lekarskej-fakulty-upjs-ziskali-rozne-ocenenia-za-svoju-pracu-300968\">Pracovn\u00ed\u010dky Lek\u00e1rskej fakulty UPJ\u0160 z\u00edskali r\u00f4zne ocenenia za svoju pr\u00e1cu<\/a><\/td><\/tr><tr><td class=\"has-text-align-right\" data-align=\"right\">06.06.2018<\/td><td>kosiceonline.sk:&nbsp;<a href=\"https:\/\/www.kosiceonline.sk\/ocenenie-v-oblasti-zdravotnictva-si-odniesli-kosicanky#article-content\">Pracovn\u00ed\u010dky Lek\u00e1rskej fakulty UPJ\u0160 v Ko\u0161iciach z\u00edskali r\u00f4zne uznania za svoje p\u00f4sobenie v zdravotn\u00edckej oblasti<\/a><\/td><\/tr><tr><td class=\"has-text-align-right\" data-align=\"right\">06.06.2018<\/td><td>korzar.sk:&nbsp;<a href=\"https:\/\/kosice.korzar.sme.sk\/c\/20843904\/pracovnicky-kosickej-lekarskej-fakulty-ocenili-za-ich-pracu.html\">Pracovn\u00ed\u010dky ko\u0161ickej lek\u00e1rskej fakulty ocenili za ich pr\u00e1cu<\/a><\/td><\/tr><tr><td class=\"has-text-align-right\" data-align=\"right\">04.06.2018<\/td><td>vzdravotnictve.sk.&nbsp;<a href=\"https:\/\/vzdravotnictve.sk\/lf-upjs-otvorila-novu-vyucbovu-zakladnu-v-kosiciach\/\">LF UPJ\u0160 otvorila nov\u00fa v\u00fdu\u010dbov\u00fa z\u00e1klad\u0148u v Ko\u0161iciach<\/a><\/td><\/tr><tr><td class=\"has-text-align-right\" data-align=\"right\">04.06.2018<\/td><td>agent\u00fara SITA, vzdravotnictve.sk:&nbsp;<a href=\"https:\/\/vzdravotnictve.sk\/lf-upjs-otvorila-novu-vyucbovu-zakladnu-v-kosiciach\/\">LF UPJ\u0160 otvorila nov\u00fa v\u00fdu\u010dbov\u00fa z\u00e1klad\u0148u v Ko\u0161iciach<\/a><\/td><\/tr><tr><td class=\"has-text-align-right\" data-align=\"right\">02.06.2018<\/td><td>kosice24.sk:&nbsp;<a href=\"https:\/\/kosice.dnes24.sk\/otvorili-novu-vyucbovu-zakladnu-na-lekarskej-fakulte-300557\">Otvorili nov\u00fa v\u00fdu\u010dbov\u00fa z\u00e1klad\u0148u na Lek\u00e1rskej fakulte<\/a><\/td><\/tr><tr><td class=\"has-text-align-right\" data-align=\"right\">02.06.2018<\/td><td>skolskyservis.sk:&nbsp;<a href=\"http:\/\/skolskyservis.teraz.sk\/vysoke-skoly\/nova-vyucbova-zakladna-lekarskej\/42413-clanok.html\">Nov\u00e1 v\u00fdu\u010dbov\u00e1 z\u00e1klad\u0148a Lek\u00e1rskej fakulty UPJ\u0160 bude sl\u00fa\u017ei\u0165 \u0161tudentom<\/a><\/td><\/tr><tr><td class=\"has-text-align-right\" data-align=\"right\">01.06.2018<\/td><td>agent\u00fara TASR, korzar.sk:&nbsp;<a href=\"https:\/\/kosice.korzar.sme.sk\/c\/20840183\/nova-vyucbova-zakladna-lekarskej-fakulty-upjs-bude-sluzit-studentom.html\">Nov\u00e1 v\u00fdu\u010dbov\u00e1 z\u00e1klad\u0148a Lek\u00e1rskej fakulty UPJ\u0160 bude sl\u00fa\u017ei\u0165 \u0161tudentom<\/a><\/td><\/tr><\/tbody><\/table><\/figure>\n\n\n\n<p><strong>M\u00e1j 2018<\/strong><\/p>\n\n\n\n<figure id=\"zebra\" class=\"wp-block-table is-style-stripes\"><table><tbody><tr><td class=\"has-text-align-right\" data-align=\"right\">31.05.2018<\/td><td>vedanadosah.sk:<a href=\"http:\/\/vedanadosah.cvtisr.sk\/fvf-spajal-svet-filmu-a-vedy-aj-v-roku-2018\">&nbsp;FVF sp\u00e1jal svet filmu a vedy aj v roku 2018<\/a>&nbsp;<em>(Tret\u00edm vysielan\u00fdm filmom bola VZORKA \u010c. 82 na t\u00e9mu experiment\u00e1lna medic\u00edna&#8230;)<\/em><\/td><\/tr><tr><td class=\"has-text-align-right\" data-align=\"right\">14.05.2018<\/td><td>Magaz\u00edn \u0160armantn\u00e1 \u017eena:&nbsp;<a href=\"https:\/\/www.casjemozog.sk\/docs\/mrtvica_zdravie.pdf\">Mozgov\u00e1 m\u0155tvica si vyber\u00e1 st\u00e1le mlad\u0161\u00edch \u013eud\u00ed<\/a><\/td><\/tr><tr><td class=\"has-text-align-right\" data-align=\"right\">14.05.2018<\/td><td>TV MARK\u00cdZA:&nbsp;<a href=\"http:\/\/videoarchiv.markiza.sk\/video\/prve-televizne-noviny\/83707_prve-televizne-noviny\">Tich\u00fd zabijak<\/a><\/td><\/tr><tr><td class=\"has-text-align-right\" data-align=\"right\">08.05.2018<\/td><td>\u010casopis \u0160ARM:&nbsp;<a href=\"https:\/\/www.pluska.sk\/sarm\/zdravie-chudnutie\/oci-su-okno-do-duse-prezradia-aj-ci-mate-vysoky-cholesterol.html\">O\u010di s\u00fa okno do du\u0161e, ale prezradia aj to, \u010di m\u00e1te vysok\u00fd cholesterol<\/a><\/td><\/tr><tr><td class=\"has-text-align-right\" data-align=\"right\">07.05.2018<\/td><td>korzar.sk: O<a href=\"https:\/\/kosice.korzar.sme.sk\/c\/20821066\/oslavy-dna-kosic-vyvrcholili-ocenovanim.html\">slavy D\u0148a Ko\u0161\u00edc vyvrcholili oce\u0148ovan\u00edm<\/a><\/td><\/tr><tr><td class=\"has-text-align-right\" data-align=\"right\">06.05.2018<\/td><td>pluska.sk:&nbsp;<a href=\"http:\/\/www.pluska.sk\/izdravie\/liecba\/antibiotika-prestavaju-ucinkovat-najhorsie-bakterie-su-nemocniciach.html\">Antibiotik\u00e1 prest\u00e1vaj\u00fa \u00fa\u010dinkova\u0165. Najhor\u0161ie bakt\u00e9rie s\u00fa v nemocniciach<\/a><\/td><\/tr><tr><td class=\"has-text-align-right\" data-align=\"right\">03.05.2018<\/td><td>hlavnespravy.sk:&nbsp;<a href=\"https:\/\/www.hlavnespravy.sk\/studenti-upjs-lf-ukoncili-v-kosiciach-celoslovensku-roadshow-zubneho-lekarstva-spolu-za-zdravy-krasny-usmev\/989924\">\u0160tudenti UPJ\u0160 LF ukon\u010dili v Ko\u0161iciach celoslovensk\u00fa roadshow zubn\u00e9ho lek\u00e1rstva \u201cSpolu za zdrav\u00fd a kr\u00e1sny \u00fasmev\u201d<\/a><\/td><\/tr><tr><td class=\"has-text-align-right\" data-align=\"right\">02.05.2018<\/td><td>skolskyservis.sk:&nbsp;<a href=\"http:\/\/www.trendli.net\/url.php?p=http:\/\/skolskyservis.teraz.sk\/vysoke-skoly\/medici-na-roadshow-poucili-o-spravnom\/41770-clanok.html\">Medici na roadshow pou\u010dili o spr\u00e1vnom \u010disten\u00ed zubov<\/a><\/td><\/tr><tr><td class=\"has-text-align-right\" data-align=\"right\">02.05.2018<\/td><td>kosickespravy.sk:&nbsp;<a href=\"http:\/\/www.kosickespravy.sk\/ako-spravne-cistit-zuby\">Ko\u0161ice boli poslednou zast\u00e1vkou najv\u00e4\u010d\u0161ej prevent\u00edvnej akcie \u2013 roadshow \u201eSpolu za zdrav\u00fd a kr\u00e1sny \u00fasmev\u201c<\/a><\/td><\/tr><tr><td class=\"has-text-align-right\" data-align=\"right\">02.05.2018<\/td><td>korzar.sk:&nbsp;<a href=\"https:\/\/kosice.korzar.sme.sk\/c\/20817066\/medici-poucili-o-spravnom-cisteni-zubov-viac-ako-6000-ludi.html\">Medici pou\u010dili o spr\u00e1vnom \u010disten\u00ed zubov vy\u0161e 6000 \u013eud\u00ed<\/a><\/td><\/tr><tr><td class=\"has-text-align-right\" data-align=\"right\">01.05.2018<\/td><td>vedanadosah.sk:&nbsp;<a href=\"http:\/\/vedanadosah.cvtisr.sk\/ako-liecit-kostne-defekty\">Ako lie\u010di\u0165 kostn\u00e9 defekty?&nbsp;<\/a>\u013dudsk\u00e9 alog\u00e9nne kostn\u00e9 tkanivo predstavuje atrakt\u00edvny kompozitn\u00fd implant\u00e1t, ktor\u00fd je vhodn\u00fd na aplik\u00e1ciu pri lie\u010dbe kostn\u00fdch defektov.<\/td><\/tr><\/tbody><\/table><\/figure>\n\n\n\n<p><strong>Apr\u00edl 2018<\/strong><\/p>\n\n\n\n<figure id=\"zebra\" class=\"wp-block-table is-style-stripes\"><table><tbody><tr><td class=\"has-text-align-right\" data-align=\"right\">30.04.2018<\/td><td>mediweb.sk:&nbsp;<a href=\"https:\/\/mediweb.hnonline.sk\/spravy\/aktualne\/neurologovia-upozornuju-na-narast-mladych-pacientov-s-nahlou-cievnou-mozgovou\">Neurol\u00f3govia upozor\u0148uj\u00fa na n\u00e1rast mlad\u00fdch pacientov s n\u00e1hlou cievnou mozgovou pr\u00edhodou<\/a><\/td><\/tr><tr><td class=\"has-text-align-right\" data-align=\"right\">30.04.2018<\/td><td>pravda.sk:&nbsp;<a href=\"https:\/\/zdravie.pravda.sk\/zdravie-a-prevencia\/clanok\/467361-profesor-mudr-daniel-pella-liecba-statinmi-je-bezpecna\/\">Profesor MUDr. Daniel Pella: Lie\u010dba stat\u00ednmi je bezpe\u010dn\u00e1<\/a><\/td><\/tr><tr><td class=\"has-text-align-right\" data-align=\"right\">27.04.2018<\/td><td>izdravie.sk:&nbsp;<a href=\"http:\/\/www.pluska.sk\/izdravie\/liecba\/dajte-lekara-zmerat-dolezite-cislo-tretine-z-vas-zachrani-zivot.html\">Dajte sa u lek\u00e1ra zmera\u0165. D\u00f4le\u017eit\u00e9 \u010d\u00edslo tretine z v\u00e1s zachr\u00e1ni \u017eivot<\/a><\/td><\/tr><tr><td class=\"has-text-align-right\" data-align=\"right\">27.04.2018<\/td><td>pravda.sk:&nbsp;<a href=\"https:\/\/zdravie.pravda.sk\/zdravie-a-prevencia\/clanok\/467357-vysoky-cholesterol-je-nepriatelom-srdca-a-ciev\/\">Vysok\u00fd cholesterol je nepriate\u013eom srdca a ciev<\/a><\/td><\/tr><tr><td class=\"has-text-align-right\" data-align=\"right\">23.04.2018<\/td><td>pravda.sk:&nbsp;<a href=\"https:\/\/zdravie.pravda.sk\/zdravie-a-prevencia\/clanok\/466862-mozgova-prihoda-zabija-viac-ludi-ako-infarkt\/\">Mozgov\u00e1 pr\u00edhoda zab\u00edja viac \u013eud\u00ed ako infarkt<\/a><\/td><\/tr><tr><td class=\"has-text-align-right\" data-align=\"right\">22.04.2018<\/td><td>hnonline.sk:&nbsp;<a href=\"https:\/\/science.hnonline.sk\/medicina\/1731980-klamstvo-o-vitaminoch-kedy-skodi-aj-obycajne-cecko\">Klamstvo o vitam\u00ednoch. Kedy \u0161kod\u00ed aj oby\u010dajn\u00e9 c\u00e9\u010dko?<\/a><\/td><\/tr><tr><td class=\"has-text-align-right\" data-align=\"right\">18.04.2018<\/td><td>skolskyservis.sk:&nbsp;<a href=\"http:\/\/skolskyservis.teraz.sk\/vysoke-skoly\/studenti-lekarskej-fakulty-upjs-prich\/41496-clanok.html\">\u0160tudenti Lek\u00e1rskej fakulty UPJ\u0160 prichystali \u010fal\u0161\u00ed BEH MEDIKOV<\/a><\/td><\/tr><tr><td class=\"has-text-align-right\" data-align=\"right\">17.04.2018<\/td><td>vzdravotnictve.sk:&nbsp;<a href=\"https:\/\/vzdravotnictve.sk\/medici-pobezia-pre-detsku-nemocnicu\/https:\/\/vzdravotnictve.sk\/medici-pobezia-pre-detsku-nemocnicu\/\">Medici pobe\u017eia pre detsk\u00fa nemocnicu<\/a><\/td><\/tr><tr><td class=\"has-text-align-right\" data-align=\"right\">17.04.2018<\/td><td>vedanadosah.sk:&nbsp;<a href=\"http:\/\/vedanadosah.cvtisr.sk\/medici-vyucovali-deti-i-dospelych-v-kosickej-skole-zdravia\">Medici vyu\u010dovali deti i dospel\u00fdch v ko\u0161ickej \u0160kole zdravia<\/a><\/td><\/tr><tr><td class=\"has-text-align-right\" data-align=\"right\">16.04.2018<\/td><td>vysetrenie.sk:&nbsp;<a href=\"https:\/\/vysetrenie.zoznam.sk\/cl\/1000649\/1702253\/Vela-tragedii-zacina-vysokym-cholesterolom--Ako-zastavit-pohromu--kym-nie-je-neskoro--\">Ve\u013ea trag\u00e9di\u00ed za\u010d\u00edna vysok\u00fdm cholesterolom: Ako zastavi\u0165 pohromu, k\u00fdm nie je neskoro?!<\/a><\/td><\/tr><tr><td class=\"has-text-align-right\" data-align=\"right\">16.04.2018<\/td><td>pravda.sk:&nbsp;<a href=\"https:\/\/spravy.pravda.sk\/domace\/clanok\/466223-klieste-su-uz-aktivne-hrozbou-su-skor-male\/\">Klie\u0161te s\u00fa u\u017e akt\u00edvne, hrozbou s\u00fa sk\u00f4r mal\u00e9<\/a><\/td><\/tr><tr><td class=\"has-text-align-right\" data-align=\"right\">13.04.2018<\/td><td>vedanadosah.sk:&nbsp;<a href=\"http:\/\/vedanadosah.cvtisr.sk\/podujatia\/5559\/beh-medikov-2018\">Beh medikov 2018<\/a><\/td><\/tr><tr><td class=\"has-text-align-right\" data-align=\"right\">13.04.2018<\/td><td>pravda.sk:&nbsp;<a href=\"https:\/\/zena.pravda.sk\/zdravy-zivot\/clanok\/465863-zvyseny-cholesterol-nam-moze-poriadne-zavarit-ako-ho-riesit-radi-lekar\/\">Zv\u00fd\u0161en\u00fd cholesterol n\u00e1m m\u00f4\u017ee poriadne zavari\u0165. Ako ho rie\u0161i\u0165, rad\u00ed lek\u00e1r<\/a>&nbsp;<em>(rozhovor s prof. MUDr. Danielom Pellom, PhD.)<\/em><\/td><\/tr><tr><td class=\"has-text-align-right\" data-align=\"right\">13.04.2018<\/td><td>novycas.sk:&nbsp;<a href=\"https:\/\/www.cas.sk\/clanok\/680574\/studenti-ucili-nevidiacich-z-levoce-prvu-pomoc-ked-to-medicka-simona-sledovala-ostala-prekvapena\/\">\u0160tudenti u\u010dili nevidiacich z Levo\u010de prv\u00fa pomoc<\/a><\/td><\/tr><tr><td class=\"has-text-align-right\" data-align=\"right\">12.04.2018<\/td><td>hlavnespravy.sk:&nbsp;<a href=\"https:\/\/www.hlavnespravy.sk\/studenti-lekarskej-fakulty-upjs-chystaju-dalsi-beh-medikov\/1370736\">\u0160tudenti Lek\u00e1rskej fakulty UPJ\u0160 chystaj\u00fa \u010fal\u0161\u00ed Beh medikov<\/a><\/td><\/tr><tr><td class=\"has-text-align-right\" data-align=\"right\">12.04.2018<\/td><td>teraz.sk:&nbsp;<a href=\"http:\/\/www.teraz.sk\/magazin\/vela-tragedii-zacina-vysokym-chole\/319115-clanok.html\">Ve\u013ea trag\u00e9di\u00ed za\u010d\u00edna vysok\u00fdm cholesterolom<\/a><\/td><\/tr><tr><td class=\"has-text-align-right\" data-align=\"right\">12.04.2018<\/td><td>hlavnespravy.sk:&nbsp;<a href=\"https:\/\/www.hlavnespravy.sk\/studenti-lekarskej-fakulty-upjs-chystaju-dalsi-beh-medikov\/1370736\">\u0160tudenti Lek\u00e1rskej fakulty UPJ\u0160 chystaj\u00fa \u010fal\u0161\u00ed Beh medikov<\/a><\/td><\/tr><tr><td class=\"has-text-align-right\" data-align=\"right\">12.04.2018<\/td><td>skolskyservis.sk:&nbsp;<a href=\"http:\/\/skolskyservis.teraz.sk\/vysoke-skoly\/medici-vyucovali-vo-svojej-skole-zdrav\/41382-clanok.html\">Medici vyu\u010dovali vo svojej \u0160kole zdravia deti aj dospel\u00fdch<\/a><\/td><\/tr><tr><td class=\"has-text-align-right\" data-align=\"right\">12.04.2018<\/td><td>lenprezdravie.sk:&nbsp;<a href=\"http:\/\/www.lenprezdravie.sk\/clanok-4467.html\">Mana\u017emen pacientov s mozgovou m\u0155tvicou je nevyhnutn\u00e9 optimalizova\u0165<\/a><\/td><\/tr><tr><td class=\"has-text-align-right\" data-align=\"right\">11.04.2018<\/td><td>modernysvet.sk:&nbsp;<a href=\"http:\/\/www.modernysvet.sk\/2018\/04\/vela-tragedii-zacina-vysokym-cholesterolom-preco-to-dopustime\/\">Ve\u013ea trag\u00e9di\u00ed za\u010d\u00edna vysok\u00fdm cholesterolom. Pre\u010do to dopust\u00edme?<\/a><\/td><\/tr><tr><td class=\"has-text-align-right\" data-align=\"right\">11.04.2018<\/td><td>teraz.sk:&nbsp;<a href=\"http:\/\/www.teraz.sk\/zdravie\/zvyseny-cholesterol-netreba-podcenovat\/318596-clanok.html\">Zv\u00fd\u0161en\u00fd cholesterol netreba podce\u0148ova\u0165, m\u00f4\u017ee v\u00e1\u017ene po\u0161kodi\u0165 zdravie<\/a><\/td><\/tr><tr><td class=\"has-text-align-right\" data-align=\"right\">11.04.2018<\/td><td>mediweb.sk:&nbsp;<a href=\"https:\/\/mediweb.hnonline.sk\/spravy\/aktualne\/zvyseny-cholesterol-netreba-podcenovat\">Zv\u00fd\u0161en\u00fd cholesterol netreba podce\u0148ova\u0165<\/a><\/td><\/tr><tr><td class=\"has-text-align-right\" data-align=\"right\">11.04.2018<\/td><td>egoodwill.sk:&nbsp;<a href=\"http:\/\/egoodwill.sk\/zdravie-2\/vela-tragedii-zacina-vysokym-cholesterolom\/\">Ve\u013ea trag\u00e9di\u00ed za\u010d\u00edna vysok\u00fdm cholesterolom<\/a><\/td><\/tr><tr><td class=\"has-text-align-right\" data-align=\"right\">10.04.2018<\/td><td>hnonline.sk:&nbsp;<a href=\"https:\/\/mediweb.hnonline.sk\/spravy\/aktualne\/zvyseny-cholesterol-netreba-podcenovat\">Zv\u00fd\u0161en\u00fd cholesterol netreba podce\u0148ova\u0165<\/a><\/td><\/tr><tr><td class=\"has-text-align-right\" data-align=\"right\">10.04.2018<\/td><td>dobrenoviny.sk:&nbsp;<a href=\"https:\/\/www.dobrenoviny.sk\/c\/129200\/zvyseny-cholesterol-netreba-podcenovat-moze-vazne-poskodit-zdravie\">\u0160tatistiky ukazuj\u00fa, \u017ee zv\u00fd\u0161en\u00e9 hladiny cholesterolu m\u00e1 asi jedna tretina Slov\u00e1kov<\/a><\/td><\/tr><tr><td class=\"has-text-align-right\" data-align=\"right\">09.04.2018<\/td><td>24hod.sk:&nbsp;<a href=\"http:\/\/www.24hod.sk\/zvyseny-cholesterol-netreba-podcenovat-moze-vazne-poskodit-zdravie-cl578989.html\">Zv\u00fd\u0161en\u00fd cholesterol netreba podce\u0148ova\u0165, m\u00f4\u017ee v\u00e1\u017ene po\u0161kodi\u0165 zdravie<\/a><\/td><\/tr><tr><td class=\"has-text-align-right\" data-align=\"right\">09.04.2018<\/td><td>spr\u00e1vy RTVS:&nbsp;<a href=\"http:\/\/www.rtvs.sk\/televizia\/archiv\/12957\/153013#2141\">Neignorujte pr\u00edznaky m\u0155tvice<\/a>&nbsp;<em>(rozhovor s prof. MUDr. Zuzana Gdovinov\u00e1, CSc., FESO)<\/em><\/td><\/tr><tr><td class=\"has-text-align-right\" data-align=\"right\">07.04.2018<\/td><td>korzar.sk:&nbsp;<a href=\"https:\/\/kosice.korzar.sme.sk\/c\/20798007\/medici-budu-vyucovat-v-skole-zdravia-pre-verejnost.html\">Medici bud\u00fa vyu\u010dova\u0165 v \u0160kole zdravia pre verejnos\u0165<\/a><\/td><\/tr><tr><td class=\"has-text-align-right\" data-align=\"right\">06.04.2018<\/td><td>pravda.sk:&nbsp;<a href=\"https:\/\/zdravie.pravda.sk\/zdravie-a-prevencia\/clanok\/425278-mozgove-prihody-rozhodujuci-je-cas\/\">Mozgov\u00e9 pr\u00edhody? Rozhoduj\u00faci je \u010das<\/a><\/td><\/tr><tr><td class=\"has-text-align-right\" data-align=\"right\">05.04.2018<\/td><td>behame.sk:<a href=\"http:\/\/www.behame.sk\/bleskovky\/kosicki-medici-organizuju-beh-na-podporu-dfn\">&nbsp;Ko\u0161ick\u00ed medici organizuj\u00fa beh na podporu DFN<\/a><\/td><\/tr><tr><td class=\"has-text-align-right\" data-align=\"right\">05.04.2018<\/td><td>korzar.sk:&nbsp;<a href=\"https:\/\/kosice.korzar.sme.sk\/c\/20500816\/medici-pobezia-pre-dobru-vec-podporia-detsku-fakultnu-nemocnicu.html\">Medici podporia Detsk\u00fa fakultn\u00fa nemocnicu<\/a><\/td><\/tr><\/tbody><\/table><\/figure>\n\n\n\n<p><strong>Marec 2018<\/strong><\/p>\n\n\n\n<figure id=\"zebra\" class=\"wp-block-table is-style-stripes\"><table><tbody><tr><td class=\"has-text-align-right\" data-align=\"right\">31.03.2018<\/td><td>TV MARK\u00cdZA:&nbsp;<a href=\"http:\/\/videoarchiv.markiza.sk\/video\/televizne-noviny\/televizne-noviny\/81399_televizne-noviny\">Ve\u013ekono\u010dn\u00e9 prejedanie sa<\/a>&nbsp;<em>(rozhovor s prof. MUDr. Danielom Pellom, PhD.)<\/em><\/td><\/tr><tr><td class=\"has-text-align-right\" data-align=\"right\">29.03.2018<\/td><td>skolskservis.sk:&nbsp;<a href=\"http:\/\/skolskyservis.teraz.sk\/vysoke-skoly\/kampan-light-it-up-blue-upjs\/41147-clanok.html\">Do kampane Light It Up Blue sa zapojilo viac ako 800 \u0161tudentov z UPJ\u0160<\/a><\/td><\/tr><tr><td class=\"has-text-align-right\" data-align=\"right\">22.03.2018<\/td><td>lekar.sk:&nbsp;<a href=\"https:\/\/lekar.pluska.sk\/clanky\/slavny-stomatolog-prednasal-studentom\">Sl\u00e1vny stomatol\u00f3g predn\u00e1\u0161al \u0161tudentom<\/a><\/td><\/tr><tr><td class=\"has-text-align-right\" data-align=\"right\">27.03.2018<\/td><td>kosickespravy.sk:&nbsp;<a href=\"http:\/\/www.kosickespravy.sk\/spolupatricnost-s-autistami\">Spolupatri\u010dnos\u0165 s autistami<\/a><\/td><\/tr><tr><td class=\"has-text-align-right\" data-align=\"right\">24.03.2018<\/td><td>vedanadosah.sk:&nbsp;<a href=\"http:\/\/vedanadosah.cvtisr.sk\/svetoznamy-stomatolog-jiri-sedelmayer-prednasal-na-lekarskej-fakulte-upjs-v-kosiciach\">Svetozn\u00e1my stomatol\u00f3g Ji\u0159\u00ed Sedelmayer predn\u00e1\u0161al na Lek\u00e1rskej fakulte UPJ\u0160 v Ko\u0161iciach<\/a><\/td><\/tr><tr><td class=\"has-text-align-right\" data-align=\"right\">21.03.2018<\/td><td>vysetrenie.sk:&nbsp;<a href=\"http:\/\/vysetrenie.zoznam.sk\/cl\/1000865\/1698011\/Slavny-stomatolog-zavital-na-Slovensko--Rady--ktore-vam-mozu-zachranit-chrup\">Sl\u00e1vny stomatol\u00f3g zav\u00edtal na Slovensko: Rady, ktor\u00e9 v\u00e1m m\u00f4\u017eu zachr\u00e1ni\u0165 chrup<\/a><\/td><\/tr><tr><td class=\"has-text-align-right\" data-align=\"right\">21.03.2018<\/td><td>hlavnespravy.sk:&nbsp;<a href=\"https:\/\/www.hlavnespravy.sk\/studentom-lekarskej-fakulty-upjs-v-kosiciach-prednasal-pri-prilezitosti-svetoveho-dna-ustneho-zdravia-svetoznamy-stomatolog-jiri-sedelmayer\/1347892\">\u0160tudentom Lek\u00e1rskej fakulty UPJ\u0160 v Ko\u0161iciach predn\u00e1\u0161al pri pr\u00edle\u017eitosti Svetov\u00e9ho d\u0148a \u00fastneho zdravia svetozn\u00e1my stomatol\u00f3g Ji\u0159\u00ed Sedelmayer<\/a><\/td><\/tr><tr><td class=\"has-text-align-right\" data-align=\"right\">21.03.2018<\/td><td>nevs.sk:&nbsp;<a href=\"https:\/\/www.news.sk\/rss\/clanok\/2018\/03\/540755\/studentom-lekarskej-fakulty-upjs-v-kosiciach-prednasal-pri-prilezitosti-svetoveho-dna-ustneho-zdravi\/\">\u0160tudentom Lek\u00e1rskej fakulty UPJ\u0160 v Ko\u0161iciach predn\u00e1\u0161al&#8230;<\/a><\/td><\/tr><tr><td class=\"has-text-align-right\" data-align=\"right\">13.03.2018<\/td><td>TV KO\u0160ICE DNES:&nbsp;<a href=\"https:\/\/kosicednes.sk\/tv\/zlepsovanie-kvality-zivota-pacientov-s-demenciou\/#\">T\u00fd\u017ede\u0148 mozgu<\/a>&nbsp;<em>(rozhovor s Mgr. Ivetou Rajni\u010dovou Nagyovou, PhD. a MUDr. Dagmar Brezno\u0161\u010d\u00e1kovou, PhD.)<\/em><\/td><\/tr><tr><td class=\"has-text-align-right\" data-align=\"right\">12.03.2018<\/td><td>\u010casopis MOJE ZDRAVIE:&nbsp;<a href=\"https:\/\/www.upjs.sk\/public\/media\/12139\/2018-02-12%20MOJE%20ZDRAVIE%20-%20CO%20nema%20rada%20pecen%20-%20Jarcuska.pdf\">\u010co (ne)m\u00e1 rada pe\u010de\u0148?<\/a>&nbsp;<em>(rozhovor s prof. MUDr. Petrom Jar\u010du\u0161kom, PhD.)<\/em><\/td><\/tr><tr><td class=\"has-text-align-right\" data-align=\"right\">07.03.2018<\/td><td>kosicednes.sk: Peter Krcho:&nbsp;<a href=\"https:\/\/kosicednes.sk\/rozhovory\/peter-krcho-slobodne-matky-rodia-castejsie-predcasne\/\">Slobodn\u00e9 matky rodia \u010dastej\u0161ie pred\u010dasne<\/a><\/td><\/tr><tr><td class=\"has-text-align-right\" data-align=\"right\">06.03.2018<\/td><td>lenprezeny.sk:&nbsp;<a href=\"http:\/\/http\/\/www.lenprezeny.sk\/na-slovensku-si-uz-jedenasty-krat-pripominame-tyzden-mozgu\/\">Na Slovensku si u\u017e jeden\u00e1sty kr\u00e1t pripom\u00edname T\u00fd\u017ede\u0148 mozgu<\/a><\/td><\/tr><tr><td class=\"has-text-align-right\" data-align=\"right\">06.03.2018<\/td><td>bistricoviny.sk:&nbsp;<a href=\"http:\/\/www.bystricoviny.sk\/titulka\/slovensku-uz-jedenastykrat-pripominame-tyzden-mozgu\/\">Na Slovensku pripom\u00edname T\u00fd\u017ede\u0148 mozgu<\/a><\/td><\/tr><tr><td class=\"has-text-align-right\" data-align=\"right\">02.03.2018<\/td><td>Denn\u00edk KORZ\u00c1R:&nbsp;<a href=\"https:\/\/kosice.korzar.sme.sk\/c\/20771785\/kantorova-sa-mozno-vyhne-operacii.html\">Kantorov\u00e1 sa mo\u017eno vyhne oper\u00e1cii<\/a><\/td><\/tr><\/tbody><\/table><\/figure>\n\n\n\n<p><strong>Febru\u00e1r 2018<\/strong><\/p>\n\n\n\n<figure id=\"zebra\" class=\"wp-block-table is-style-stripes\"><table><tbody><tr><td class=\"has-text-align-right\" data-align=\"right\">26.02.2018<\/td><td>kosicednes.sk:&nbsp;<a href=\"https:\/\/kosicednes.sk\/rozhovory\/peter-krcho-citi-zodpovednost-za-predcasne-narodene-deti\/\">Peter Krcho c\u00edti zodpovednos\u0165 za pred\u010dasne naroden\u00e9 deti<\/a><\/td><\/tr><tr><td class=\"has-text-align-right\" data-align=\"right\">26.02.2018<\/td><td>kosicednes.sk:&nbsp;<a href=\"https:\/\/kosicednes.sk\/udalosti\/anketa-kosican-roka-2017-pozna-svojich-vitazov-kto-si-prevzal-cenne-sosky\/\">V\u00ed\u0165azi ankety KO\u0160I\u010cAN ROKA 2017 s\u00fa zn\u00e1mi &#8211; Absol\u00fatnym v\u00ed\u0165azom Peter Krcho<\/a><\/td><\/tr><tr><td class=\"has-text-align-right\" data-align=\"right\">22.02.2018<\/td><td>akutality.sk:&nbsp;<a href=\"https:\/\/www.aktuality.sk\/clanok\/564520\/kracam-kracam-a-zrazu-zaspim-uprostred-ulice\/\">Kr\u00e1\u010dam, kr\u00e1\u010dam, a zrazu zasp\u00edm uprostred ulice<\/a>&nbsp;<em>(rozhovor s MUDr. Evou Feketeovou)<\/em><\/td><\/tr><tr><td class=\"has-text-align-right\" data-align=\"right\">20.02.2018<\/td><td>TV KO\u0160ICE DNES:<a href=\"https:\/\/kosicednes.sk\/tv\/buduci-lekari-uspesni-aj-v-karate\/#\">&nbsp;Bud\u00faci lek\u00e1ri \u00faspe\u0161n\u00ed aj v karate<\/a><\/td><\/tr><tr><td class=\"has-text-align-right\" data-align=\"right\">18.02.2018<\/td><td>korzar.sk:&nbsp;<a href=\"https:\/\/kosice.korzar.sme.sk\/c\/20761941\/ceny-mesta-dostanu-sportove-legendy-vynimocna-zena-rektor-aj-muzikanti.html\">Nov\u00fdch lek\u00e1rov vzdel\u00e1vaj\u00fa u\u017e 70 rokov<\/a><\/td><\/tr><tr><td class=\"has-text-align-right\" data-align=\"right\">16.02.2018<\/td><td>skolskyservis.sk:&nbsp;<a href=\"http:\/\/skolskyservis.teraz.sk\/vysoke-skoly\/na-zoh-2018-startuje-aj-studentka-upj\/40230-clanok.html\">Na ZOH 2018 \u0161tartuje aj \u0161tudentka UPJ\u0160 LF Barbara Kantorov\u00e1<\/a><\/td><\/tr><tr><td class=\"has-text-align-right\" data-align=\"right\">16.02.2018<\/td><td>TV KO\u0160ICE DNES:&nbsp;<a href=\"https:\/\/drive.google.com\/file\/d\/1t49u5kCvVu_9SY9V8HwZsyA8e8HGU0Wt\/view\">Telefonick\u00fd rozhovor s \u00fa\u010dastn\u00ed\u010dkou ZOH 2018 &#8211;&nbsp;\u0161tudentkou LF UPJ\u0160 Barbarou Kantorovou<\/a><\/td><\/tr><tr><td class=\"has-text-align-right\" data-align=\"right\">16.02.2018<\/td><td>kosickespravy.sk:&nbsp;<a href=\"http:\/\/www.kosickespravy.sk\/prva-olympionicka-z-lf-upjs\">Prv\u00e1 olympioni\u010dka z LF UPJ\u0160<\/a><\/td><\/tr><tr><td class=\"has-text-align-right\" data-align=\"right\">16.02.2018<\/td><td>kosicednes.sk:&nbsp;<a href=\"https:\/\/kosicednes.sk\/sport-ine\/studentka-lekarskej-fakulty-barbara-kantorova-bojuje-v-pjongcangu\/\">\u0160tudentka lek\u00e1rskej fakulty Barbara Kantorov\u00e1 bojuje v Pjong\u010dangu<\/a><\/td><\/tr><tr><td class=\"has-text-align-right\" data-align=\"right\">15.02.2018<\/td><td>denn\u00edk KORZ\u00c1R:&nbsp;<a href=\"https:\/\/www.upjs.sk\/public\/media\/12139\/2018-02-15%20KORZAR%20-%20Kantorova.pdf\">\u0160tudentka medic\u00edny verila, \u017ee sa bl\u00e1zniv\u00e9 po\u010dasie um\u00fadri<\/a><\/td><\/tr><tr><td class=\"has-text-align-right\" data-align=\"right\">15.02.2018<\/td><td>kosicednes24.sk:&nbsp;<a href=\"http:\/\/kosice.dnes24.sk\/velke-momenty-kosickej-studentky-predstavila-sa-na-olympiade-v-pjongcangu-291672\">Ve\u013ek\u00e9 momenty ko\u0161ickej \u0161tudentky: Predstavila sa na olympi\u00e1de v Pjong\u010dangu<\/a><\/td><\/tr><tr><td class=\"has-text-align-right\" data-align=\"right\">15.02.2018<\/td><td>korzar.sk: \u0160tudentka Lek\u00e1rskej fakulty UPJ\u0160 na ZOH 2018 v Pjong\u010dangu &#8211;&nbsp;<a href=\"https:\/\/kosice.korzar.sme.sk\/c\/20761044\/vychodniarka-na-olympiade-pusti-sa-na-obrovskom-slalome.html\">V\u00fdchodniarku na olympi\u00e1de \u010dak\u00e1 obrovsk\u00fd slalom<\/a><\/td><\/tr><tr><td class=\"has-text-align-right\" data-align=\"right\">13.02.2018<\/td><td>vedanadosah.sk:<a href=\"http:\/\/vedanadosah.cvtisr.sk\/lekarska-fakulta-upjs-v-kosiciach-pocas-dna-otvorenych-dveri-ponukla-mnozstvo-inspiracii-na-studium\">Lek\u00e1rska fakulta UPJ\u0160 v Ko\u0161iciach po\u010das d\u0148a otvoren\u00fdch dver\u00ed pon\u00fakla mno\u017estvo in\u0161pir\u00e1ci\u00ed na \u0161t\u00fadium<\/a><\/td><\/tr><tr><td class=\"has-text-align-right\" data-align=\"right\">12.02.2018<\/td><td>korzar.sk:&nbsp;<a href=\"https:\/\/kosice.korzar.sme.sk\/c\/20759392\/ceny-dostanu-no-name-medicina-aj-vinco-lukac.html?ref=njctse\">Cenu mesta z\u00edska aj Lek\u00e1rska fakulta UPJ\u0160<\/a><\/td><\/tr><tr><td class=\"has-text-align-right\" data-align=\"right\">12.02.2018<\/td><td>kosicednes.sk:&nbsp;<a href=\"https:\/\/kosicednes.sk\/udalosti\/galavecer-prestiznej-ankety-kosican-roka-2017-sa-blizi\/\">Galave\u010der prest\u00ed\u017enej aknety Ko\u0161i\u010dan roka 2017 sa bl\u00ed\u017ei&nbsp;<\/a>&#8211; O prest\u00ed\u017eny titul zabojuje prednosta Kliniky neonatol\u00f3gie LF UPJ\u0160 a DFN v Ko\u0161iciach<\/td><\/tr><tr><td class=\"has-text-align-right\" data-align=\"right\">08.02.2018<\/td><td>vedanadosah.sk:&nbsp;<a href=\"http:\/\/vedanadosah.cvtisr.sk\/podujatia\/4951\/prezentaciaden-otvorenych-dveri-lf-upjs-v-kosiciach-2018\">De\u0148 otvoren\u00fdch dver\u00ed na LF UPJ\u0160 v Ko\u0161iciach<\/a><\/td><\/tr><tr><td class=\"has-text-align-right\" data-align=\"right\">08.02.2018<\/td><td>portalvs.sk:&nbsp;<a href=\"https:\/\/www.portalvs.sk\/sk\/aktuality\/aktualita\/den-otvorenych-dveri-lekarskej-fakulty-upjs0\">De\u0148 otvoren\u00fdch dver\u00ed Lek\u00e1rskej fakulty UPJ\u0160<\/a><\/td><\/tr><\/tbody><\/table><\/figure>\n\n\n\n<p><strong>Janu\u00e1r 2018<\/strong><\/p>\n\n\n\n<figure id=\"zebra\" class=\"wp-block-table is-style-stripes\"><table><tbody><tr><td class=\"has-text-align-right\" data-align=\"right\">12.01.2018<\/td><td>pravda.sk:&nbsp;<a href=\"https:\/\/zdravie.pravda.sk\/zdravie-a-prevencia\/clanok\/454285-hybete-sa-v-spanku-a-kricite-zo-sna-mozno-mate-parkinsona\/\">H\u00fdbete sa v sp\u00e1nku a kri\u010d\u00edte zo sna? Mo\u017eno m\u00e1te parkinsona<\/a><\/td><\/tr><tr><td class=\"has-text-align-right\" data-align=\"right\">08.01.2018<\/td><td>Denn\u00edk Plus JEDEN DE\u0147:&nbsp;<a href=\"https:\/\/www.upjs.sk\/public\/media\/12139\/2018-01-08%20Pluska%20-%20parkinson.pdf\">Nov\u00e1 met\u00f3da ko\u0161ick\u00fdch lek\u00e1rov umo\u017en\u00ed v\u010das diagnostikova\u0165 v\u00e1\u017ene ochorenie<\/a><\/td><\/tr><tr><td class=\"has-text-align-right\" data-align=\"right\">08.01.2018<\/td><td>Denn\u00edk PRAVDA:&nbsp;<a href=\"https:\/\/www.upjs.sk\/public\/media\/12139\/2018-01-08%20PRAVDA%20-%20Parkinsonova%20choroba.pdf\">Parkinsonova choroba: Ohrozuje viac mu\u017eov ako \u017eeny<\/a><\/td><\/tr><tr><td class=\"has-text-align-right\" data-align=\"right\">08.01.2018<\/td><td>lekar.sk:&nbsp;<a href=\"https:\/\/lekar.pluska.sk\/clanky\/navsteva-v-petrohrade\">N\u00e1v\u0161teva MUDr. Draga\u0161eka v Petrohrade<\/a><\/td><\/tr><\/tbody><\/table><\/figure>\n","protected":false},"excerpt":{"rendered":"<p>December 2018 27.12.2018 mediweb.sk:&nbsp;Rok 2018 priniesol slovenskej medic\u00edne v\u00fdznamn\u00e9 m\u00ed\u013eniky&nbsp;&nbsp;(Doc. MUDr. Jozef Firment, PhD.) 15.12.2018 Spr\u00e1vy RTVS o 19.00:&nbsp;Ko\u0161ick\u00ed \u0161tudenti medic\u00edny v boji proti AIDS 13.12.2018 Lek\u00e1rske listy:&nbsp;Akromioklavikul\u00e1rna lux\u00e1cia 09.12.2018 korzar.sk:&nbsp;Medici p\u00e1lili svie\u010dky za obete HIV 09.12.2018 korzar.sk:&nbsp;Odborn\u00edk na HIV: Niektor\u00ed pacienti roky nevedia, \u017ee s\u00fa pozit\u00edvni 08.12.2018 korzar.sk:&nbsp;Srdce mu pracuje na 20 percent. Kardio\u00fastav &hellip; <a href=\"https:\/\/www.upjs.sk\/lekarska-fakulta\/fakulta\/verejnost-a-media\/fakulta-v-mediach\/archiv2018\/\">\u010c\u00edta\u0165 \u010falej<\/a><\/p>\n","protected":false},"author":31,"featured_media":0,"parent":13911,"menu_order":5,"comment_status":"closed","ping_status":"closed","template":"","meta":{"_acf_changed":false,"_editorskit_title_hidden":false,"_editorskit_reading_time":0,"_editorskit_is_block_options_detached":false,"_editorskit_block_options_position":"{}","footnotes":""},"categories":[],"tags":[],"class_list":["post-73706","page","type-page","status-publish","hentry"],"acf":{"acf_link_na_externy_obsah":""},"yoast_head":"<!-- This site is optimized with the Yoast SEO plugin v27.4 - https:\/\/yoast.com\/product\/yoast-seo-wordpress\/ -->\n<title>Fakulta v m\u00e9di\u00e1ch 2018 - Lek\u00e1rska fakulta | UPJ\u0160<\/title>\n<meta name=\"robots\" content=\"index, follow, max-snippet:-1, max-image-preview:large, max-video-preview:-1\" \/>\n<link rel=\"canonical\" href=\"https:\/\/www.upjs.sk\/lekarska-fakulta\/fakulta\/verejnost-a-media\/fakulta-v-mediach\/archiv2018\/\" \/>\n<meta property=\"og:locale\" content=\"sk_SK\" \/>\n<meta property=\"og:type\" content=\"article\" \/>\n<meta property=\"og:title\" content=\"Fakulta v m\u00e9di\u00e1ch 2018 - Lek\u00e1rska fakulta | UPJ\u0160\" \/>\n<meta property=\"og:description\" content=\"December 2018 27.12.2018 mediweb.sk:&nbsp;Rok 2018 priniesol slovenskej medic\u00edne v\u00fdznamn\u00e9 m\u00ed\u013eniky&nbsp;&nbsp;(Doc. MUDr. Jozef Firment, PhD.) 15.12.2018 Spr\u00e1vy RTVS o 19.00:&nbsp;Ko\u0161ick\u00ed \u0161tudenti medic\u00edny v boji proti AIDS 13.12.2018 Lek\u00e1rske listy:&nbsp;Akromioklavikul\u00e1rna lux\u00e1cia 09.12.2018 korzar.sk:&nbsp;Medici p\u00e1lili svie\u010dky za obete HIV 09.12.2018 korzar.sk:&nbsp;Odborn\u00edk na HIV: Niektor\u00ed pacienti roky nevedia, \u017ee s\u00fa pozit\u00edvni 08.12.2018 korzar.sk:&nbsp;Srdce mu pracuje na 20 percent. Kardio\u00fastav &hellip; \u010c\u00edta\u0165 \u010falej\" \/>\n<meta property=\"og:url\" content=\"https:\/\/www.upjs.sk\/lekarska-fakulta\/fakulta\/verejnost-a-media\/fakulta-v-mediach\/archiv2018\/\" \/>\n<meta property=\"og:site_name\" content=\"Lek\u00e1rska fakulta | UPJ\u0160\" \/>\n<meta property=\"article:modified_time\" content=\"2023-01-19T21:09:06+00:00\" \/>\n<meta name=\"twitter:card\" content=\"summary_large_image\" \/>\n<meta name=\"twitter:label1\" content=\"Predpokladan\u00fd \u010das \u010d\u00edtania\" \/>\n\t<meta name=\"twitter:data1\" content=\"15 min\u00fat\" \/>\n<script type=\"application\/ld+json\" class=\"yoast-schema-graph\">{\"@context\":\"https:\\\/\\\/schema.org\",\"@graph\":[{\"@type\":\"WebPage\",\"@id\":\"https:\\\/\\\/www.upjs.sk\\\/lekarska-fakulta\\\/fakulta\\\/verejnost-a-media\\\/fakulta-v-mediach\\\/archiv2018\\\/\",\"url\":\"https:\\\/\\\/www.upjs.sk\\\/lekarska-fakulta\\\/fakulta\\\/verejnost-a-media\\\/fakulta-v-mediach\\\/archiv2018\\\/\",\"name\":\"Fakulta v m\u00e9di\u00e1ch 2018 - Lek\u00e1rska fakulta | UPJ\u0160\",\"isPartOf\":{\"@id\":\"https:\\\/\\\/www.upjs.sk\\\/lekarska-fakulta\\\/#website\"},\"datePublished\":\"2023-01-19T21:02:11+00:00\",\"dateModified\":\"2023-01-19T21:09:06+00:00\",\"breadcrumb\":{\"@id\":\"https:\\\/\\\/www.upjs.sk\\\/lekarska-fakulta\\\/fakulta\\\/verejnost-a-media\\\/fakulta-v-mediach\\\/archiv2018\\\/#breadcrumb\"},\"inLanguage\":\"sk-SK\",\"potentialAction\":[{\"@type\":\"ReadAction\",\"target\":[\"https:\\\/\\\/www.upjs.sk\\\/lekarska-fakulta\\\/fakulta\\\/verejnost-a-media\\\/fakulta-v-mediach\\\/archiv2018\\\/\"]}]},{\"@type\":\"BreadcrumbList\",\"@id\":\"https:\\\/\\\/www.upjs.sk\\\/lekarska-fakulta\\\/fakulta\\\/verejnost-a-media\\\/fakulta-v-mediach\\\/archiv2018\\\/#breadcrumb\",\"itemListElement\":[{\"@type\":\"ListItem\",\"position\":1,\"name\":\"Home\",\"item\":\"https:\\\/\\\/www.upjs.sk\\\/lekarska-fakulta\\\/\"},{\"@type\":\"ListItem\",\"position\":2,\"name\":\"O fakulte\",\"item\":\"https:\\\/\\\/www.upjs.sk\\\/lekarska-fakulta\\\/fakulta\\\/\"},{\"@type\":\"ListItem\",\"position\":3,\"name\":\"Verejnos\u0165 a m\u00e9di\u00e1\",\"item\":\"https:\\\/\\\/www.upjs.sk\\\/lekarska-fakulta\\\/fakulta\\\/verejnost-a-media\\\/\"},{\"@type\":\"ListItem\",\"position\":4,\"name\":\"Fakulta v m\u00e9di\u00e1ch\",\"item\":\"https:\\\/\\\/www.upjs.sk\\\/lekarska-fakulta\\\/fakulta\\\/verejnost-a-media\\\/fakulta-v-mediach\\\/\"},{\"@type\":\"ListItem\",\"position\":5,\"name\":\"Fakulta v m\u00e9di\u00e1ch 2018\"}]},{\"@type\":\"WebSite\",\"@id\":\"https:\\\/\\\/www.upjs.sk\\\/lekarska-fakulta\\\/#website\",\"url\":\"https:\\\/\\\/www.upjs.sk\\\/lekarska-fakulta\\\/\",\"name\":\"Lek\u00e1rska fakulta | UPJ\u0160\",\"description\":\"\",\"publisher\":{\"@id\":\"https:\\\/\\\/www.upjs.sk\\\/lekarska-fakulta\\\/#organization\"},\"potentialAction\":[{\"@type\":\"SearchAction\",\"target\":{\"@type\":\"EntryPoint\",\"urlTemplate\":\"https:\\\/\\\/www.upjs.sk\\\/lekarska-fakulta\\\/?s={search_term_string}\"},\"query-input\":{\"@type\":\"PropertyValueSpecification\",\"valueRequired\":true,\"valueName\":\"search_term_string\"}}],\"inLanguage\":\"sk-SK\"},{\"@type\":\"Organization\",\"@id\":\"https:\\\/\\\/www.upjs.sk\\\/lekarska-fakulta\\\/#organization\",\"name\":\"Lek\u00e1rska fakulta | UPJ\u0160\",\"url\":\"https:\\\/\\\/www.upjs.sk\\\/lekarska-fakulta\\\/\",\"logo\":{\"@type\":\"ImageObject\",\"inLanguage\":\"sk-SK\",\"@id\":\"https:\\\/\\\/www.upjs.sk\\\/lekarska-fakulta\\\/#\\\/schema\\\/logo\\\/image\\\/\",\"url\":\"https:\\\/\\\/www.upjs.sk\\\/app\\\/uploads\\\/sites\\\/9\\\/2022\\\/09\\\/logo-lekarska-fakulta.png\",\"contentUrl\":\"https:\\\/\\\/www.upjs.sk\\\/app\\\/uploads\\\/sites\\\/9\\\/2022\\\/09\\\/logo-lekarska-fakulta.png\",\"width\":415,\"height\":87,\"caption\":\"Lek\u00e1rska fakulta | UPJ\u0160\"},\"image\":{\"@id\":\"https:\\\/\\\/www.upjs.sk\\\/lekarska-fakulta\\\/#\\\/schema\\\/logo\\\/image\\\/\"}}]}<\/script>\n<!-- \/ Yoast SEO plugin. -->","yoast_head_json":{"title":"Fakulta v m\u00e9di\u00e1ch 2018 - Lek\u00e1rska fakulta | UPJ\u0160","robots":{"index":"index","follow":"follow","max-snippet":"max-snippet:-1","max-image-preview":"max-image-preview:large","max-video-preview":"max-video-preview:-1"},"canonical":"https:\/\/www.upjs.sk\/lekarska-fakulta\/fakulta\/verejnost-a-media\/fakulta-v-mediach\/archiv2018\/","og_locale":"sk_SK","og_type":"article","og_title":"Fakulta v m\u00e9di\u00e1ch 2018 - Lek\u00e1rska fakulta | UPJ\u0160","og_description":"December 2018 27.12.2018 mediweb.sk:&nbsp;Rok 2018 priniesol slovenskej medic\u00edne v\u00fdznamn\u00e9 m\u00ed\u013eniky&nbsp;&nbsp;(Doc. MUDr. Jozef Firment, PhD.) 15.12.2018 Spr\u00e1vy RTVS o 19.00:&nbsp;Ko\u0161ick\u00ed \u0161tudenti medic\u00edny v boji proti AIDS 13.12.2018 Lek\u00e1rske listy:&nbsp;Akromioklavikul\u00e1rna lux\u00e1cia 09.12.2018 korzar.sk:&nbsp;Medici p\u00e1lili svie\u010dky za obete HIV 09.12.2018 korzar.sk:&nbsp;Odborn\u00edk na HIV: Niektor\u00ed pacienti roky nevedia, \u017ee s\u00fa pozit\u00edvni 08.12.2018 korzar.sk:&nbsp;Srdce mu pracuje na 20 percent. Kardio\u00fastav &hellip; \u010c\u00edta\u0165 \u010falej","og_url":"https:\/\/www.upjs.sk\/lekarska-fakulta\/fakulta\/verejnost-a-media\/fakulta-v-mediach\/archiv2018\/","og_site_name":"Lek\u00e1rska fakulta | UPJ\u0160","article_modified_time":"2023-01-19T21:09:06+00:00","twitter_card":"summary_large_image","twitter_misc":{"Predpokladan\u00fd \u010das \u010d\u00edtania":"15 min\u00fat"},"schema":{"@context":"https:\/\/schema.org","@graph":[{"@type":"WebPage","@id":"https:\/\/www.upjs.sk\/lekarska-fakulta\/fakulta\/verejnost-a-media\/fakulta-v-mediach\/archiv2018\/","url":"https:\/\/www.upjs.sk\/lekarska-fakulta\/fakulta\/verejnost-a-media\/fakulta-v-mediach\/archiv2018\/","name":"Fakulta v m\u00e9di\u00e1ch 2018 - Lek\u00e1rska fakulta | UPJ\u0160","isPartOf":{"@id":"https:\/\/www.upjs.sk\/lekarska-fakulta\/#website"},"datePublished":"2023-01-19T21:02:11+00:00","dateModified":"2023-01-19T21:09:06+00:00","breadcrumb":{"@id":"https:\/\/www.upjs.sk\/lekarska-fakulta\/fakulta\/verejnost-a-media\/fakulta-v-mediach\/archiv2018\/#breadcrumb"},"inLanguage":"sk-SK","potentialAction":[{"@type":"ReadAction","target":["https:\/\/www.upjs.sk\/lekarska-fakulta\/fakulta\/verejnost-a-media\/fakulta-v-mediach\/archiv2018\/"]}]},{"@type":"BreadcrumbList","@id":"https:\/\/www.upjs.sk\/lekarska-fakulta\/fakulta\/verejnost-a-media\/fakulta-v-mediach\/archiv2018\/#breadcrumb","itemListElement":[{"@type":"ListItem","position":1,"name":"Home","item":"https:\/\/www.upjs.sk\/lekarska-fakulta\/"},{"@type":"ListItem","position":2,"name":"O fakulte","item":"https:\/\/www.upjs.sk\/lekarska-fakulta\/fakulta\/"},{"@type":"ListItem","position":3,"name":"Verejnos\u0165 a m\u00e9di\u00e1","item":"https:\/\/www.upjs.sk\/lekarska-fakulta\/fakulta\/verejnost-a-media\/"},{"@type":"ListItem","position":4,"name":"Fakulta v m\u00e9di\u00e1ch","item":"https:\/\/www.upjs.sk\/lekarska-fakulta\/fakulta\/verejnost-a-media\/fakulta-v-mediach\/"},{"@type":"ListItem","position":5,"name":"Fakulta v m\u00e9di\u00e1ch 2018"}]},{"@type":"WebSite","@id":"https:\/\/www.upjs.sk\/lekarska-fakulta\/#website","url":"https:\/\/www.upjs.sk\/lekarska-fakulta\/","name":"Lek\u00e1rska fakulta | UPJ\u0160","description":"","publisher":{"@id":"https:\/\/www.upjs.sk\/lekarska-fakulta\/#organization"},"potentialAction":[{"@type":"SearchAction","target":{"@type":"EntryPoint","urlTemplate":"https:\/\/www.upjs.sk\/lekarska-fakulta\/?s={search_term_string}"},"query-input":{"@type":"PropertyValueSpecification","valueRequired":true,"valueName":"search_term_string"}}],"inLanguage":"sk-SK"},{"@type":"Organization","@id":"https:\/\/www.upjs.sk\/lekarska-fakulta\/#organization","name":"Lek\u00e1rska fakulta | UPJ\u0160","url":"https:\/\/www.upjs.sk\/lekarska-fakulta\/","logo":{"@type":"ImageObject","inLanguage":"sk-SK","@id":"https:\/\/www.upjs.sk\/lekarska-fakulta\/#\/schema\/logo\/image\/","url":"https:\/\/www.upjs.sk\/app\/uploads\/sites\/9\/2022\/09\/logo-lekarska-fakulta.png","contentUrl":"https:\/\/www.upjs.sk\/app\/uploads\/sites\/9\/2022\/09\/logo-lekarska-fakulta.png","width":415,"height":87,"caption":"Lek\u00e1rska fakulta | UPJ\u0160"},"image":{"@id":"https:\/\/www.upjs.sk\/lekarska-fakulta\/#\/schema\/logo\/image\/"}}]}},"_links":{"self":[{"href":"https:\/\/www.upjs.sk\/lekarska-fakulta\/wp-json\/wp\/v2\/pages\/73706","targetHints":{"allow":["GET"]}}],"collection":[{"href":"https:\/\/www.upjs.sk\/lekarska-fakulta\/wp-json\/wp\/v2\/pages"}],"about":[{"href":"https:\/\/www.upjs.sk\/lekarska-fakulta\/wp-json\/wp\/v2\/types\/page"}],"author":[{"embeddable":true,"href":"https:\/\/www.upjs.sk\/lekarska-fakulta\/wp-json\/wp\/v2\/users\/31"}],"replies":[{"embeddable":true,"href":"https:\/\/www.upjs.sk\/lekarska-fakulta\/wp-json\/wp\/v2\/comments?post=73706"}],"version-history":[{"count":2,"href":"https:\/\/www.upjs.sk\/lekarska-fakulta\/wp-json\/wp\/v2\/pages\/73706\/revisions"}],"predecessor-version":[{"id":73709,"href":"https:\/\/www.upjs.sk\/lekarska-fakulta\/wp-json\/wp\/v2\/pages\/73706\/revisions\/73709"}],"up":[{"embeddable":true,"href":"https:\/\/www.upjs.sk\/lekarska-fakulta\/wp-json\/wp\/v2\/pages\/13911"}],"wp:attachment":[{"href":"https:\/\/www.upjs.sk\/lekarska-fakulta\/wp-json\/wp\/v2\/media?parent=73706"}],"wp:term":[{"taxonomy":"category","embeddable":true,"href":"https:\/\/www.upjs.sk\/lekarska-fakulta\/wp-json\/wp\/v2\/categories?post=73706"},{"taxonomy":"post_tag","embeddable":true,"href":"https:\/\/www.upjs.sk\/lekarska-fakulta\/wp-json\/wp\/v2\/tags?post=73706"}],"curies":[{"name":"wp","href":"https:\/\/api.w.org\/{rel}","templated":true}]}}