{"id":74211,"date":"2023-01-26T10:18:22","date_gmt":"2023-01-26T09:18:22","guid":{"rendered":"https:\/\/www.upjs.sk\/lekarska-fakulta\/fakulta\/konferencie-a-podujatia\/podujatia-v-roku-2011\/"},"modified":"2025-02-24T11:15:26","modified_gmt":"2025-02-24T10:15:26","slug":"podujatia-2010","status":"publish","type":"page","link":"https:\/\/www.upjs.sk\/lekarska-fakulta\/fakulta\/konferencie-a-podujatia\/podujatia-2010\/","title":{"rendered":"Podujatia v roku 2010"},"content":{"rendered":"<p><!-- Text --><\/p>\n<div id=\"article-detail\" style=\"margin-left: 2px; margin-right: 3px;\">\n<style type=\"text\/css\"><!--\ntd.mesiac{color:#b82020;font-weight:bold;padding-top:1em}\ntd.nadpis{font-weight:bold;padding-top:1em;padding-bottom:.5em}\ntr{vertical-align:top;}\ntr.tmave{background-color:#FFE4E7;}\n--><br \/>\n<\/style>\n<p><!-- Text --><\/p>\n<div id=\"article-detail\" style=\"margin-left: 2px; margin-right: 3px;\">\n<table style=\"margin-top: -1em; width: 97%;\" border=\"0\" cellspacing=\"0\" cellpadding=\"0\">\n<tbody>\n<tr>\n<td width=\"130\"><\/td>\n<td width=\"430\"><\/td>\n<\/tr>\n<tr>\n<td class=\"mesiac\" colspan=\"2\">JANU\u00c1R 2010<\/td>\n<\/tr>\n<tr>\n<td class=\"nadpis\" colspan=\"2\" align=\"left\"><strong>Sl\u00e1vnostn\u00e1 vedeck\u00e1 sch\u00f4dza pri pr\u00edle\u017eitosti v\u00fdznamn\u00e9ho \u017eivotn\u00e9ho jubilea Prof. MUDr. EMILA MATEJ\u00cd\u010cKA, DrSc.<\/strong><\/td>\n<\/tr>\n<tr class=\"tmave\">\n<td>Term\u00edn konania:<\/td>\n<td>18.1.2010 o 14.00 hod.<\/td>\n<\/tr>\n<tr>\n<td>Miesto konania:<\/td>\n<td>Posluch\u00e1re\u0148 prof. K\u0148azovick\u00e9ho UPJ\u0160 LF v Ko\u0161iciach, Trieda SNP 1<\/td>\n<\/tr>\n<tr class=\"tmave\">\n<td>Organizuj\u00faci subjekt:<\/td>\n<td>Slovensk\u00e1 lek\u00e1rska spolo\u010dnos\u0165<br \/>\nSpolok lek\u00e1rov Ko\u0161ice<br \/>\nUPJ\u0160 v Ko\u0161iciach, Lek\u00e1rska fakulta<\/td>\n<\/tr>\n<tr>\n<td>Koordin\u00e1tor:<\/td>\n<td>Prof. MUDr. Juraj Bober, CSc., I. chirurgick\u00e1 klinika UPJ\u0160 LF a FNLP Ko\u0161ice<\/td>\n<\/tr>\n<tr class=\"tmave\">\n<td>Pozn\u00e1mka:<\/td>\n<td><a href=\"https:\/\/www.upjs.sk\/app\/uploads\/sites\/9\/2022\/09\/SLS2010-01-18.pdf\">Program<\/a><\/td>\n<\/tr>\n<tr>\n<td colspan=\"2\"><\/td>\n<\/tr>\n<tr>\n<td colspan=\"2\"><\/td>\n<\/tr>\n<tr>\n<td class=\"mesiac\" colspan=\"2\">FEBRU\u00c1R 2010<\/td>\n<\/tr>\n<tr>\n<td class=\"nadpis\" colspan=\"2\" align=\"left\"><strong>Vedeck\u00e1 sch\u00f4dza neurologickej kliniky UPJ\u0160 LF a FNLP Ko\u0161ice pri pr\u00edle\u017eitosti \u017eivotn\u00e9ho jubilea Doc. MUDr. EUGENA EIBENA, CSc.<\/strong><\/td>\n<\/tr>\n<tr class=\"tmave\">\n<td>Term\u00edn konania:<\/td>\n<td>8.2.2010 o 15.00 hod.<\/td>\n<\/tr>\n<tr>\n<td>Miesto konania:<\/td>\n<td>Posluch\u00e1re\u0148 prof. K\u0148azovick\u00e9ho UPJ\u0160 LF v Ko\u0161iciach, Trieda SNP 1<\/td>\n<\/tr>\n<tr class=\"tmave\">\n<td>Organizuj\u00faci subjekt:<\/td>\n<td>Slovensk\u00e1 lek\u00e1rska spolo\u010dnos\u0165<br \/>\nSpolok lek\u00e1rov Ko\u0161ice<br \/>\nUPJ\u0160 v Ko\u0161iciach, Lek\u00e1rska fakulta<\/td>\n<\/tr>\n<tr>\n<td>Koordin\u00e1tor:<\/td>\n<td>Doc. MUDr. Zuzana Gdovinov\u00e1, CSc., mim. prof., prednosta Neurologickej kliniky UPJ\u0160 LF a FNLP Ko\u0161ice<\/td>\n<\/tr>\n<tr class=\"tmave\">\n<td>Pozn\u00e1mka:<\/td>\n<td><a href=\"https:\/\/www.upjs.sk\/app\/uploads\/sites\/9\/2022\/09\/SLS2010-02-08.pdf\">Program<\/a><\/td>\n<\/tr>\n<tr>\n<td colspan=\"2\"><\/td>\n<\/tr>\n<tr>\n<td class=\"nadpis\" colspan=\"2\" align=\"left\"><strong>Vyu\u017eitie nov\u00fdch technol\u00f3gi\u00ed vo vzdel\u00e1van\u00ed na lek\u00e1rskych fakult\u00e1ch<\/strong><\/td>\n<\/tr>\n<tr class=\"tmave\">\n<td>Term\u00edn konania:<\/td>\n<td>15.2.2010 o 14:00 hod.<\/td>\n<\/tr>\n<tr>\n<td>Miesto konania:<\/td>\n<td>Posluch\u00e1re\u0148 P2, UPJ\u0160 LF v Ko\u0161iciach, Trieda SNP 1<\/td>\n<\/tr>\n<tr class=\"tmave\">\n<td>Organizuj\u00faci subjekt:<\/td>\n<td>\u00dastav lek\u00e1rskej ch\u00e9mie, bioch\u00e9mie, klinickej bioch\u00e9mie a Labmed a.s. UPJ\u0160 LF v Ko\u0161iciach<br \/>\n\u00dastav lek\u00e1rskej informatiky UPJ\u0160 LF v Ko\u0161iciach<br \/>\nSlovensk\u00e1 spolo\u010dnos\u0165 pre bioch\u00e9miu a molekul\u00e1rnu biol\u00f3giu pri SAV, pobo\u010dka Ko\u0161ice<\/td>\n<\/tr>\n<tr>\n<td>Koordin\u00e1tori:<\/td>\n<td>prof. Ing. Juraj Guzy, CSc., prednosta \u00daLCHBCH<br \/>\ndoc. RNDr. Peter Javorsk\u00fd, DrSc., predseda pobo\u010dky SSBMB<br \/>\nIng. Jaroslav Majern\u00edk, PhD., prednosta \u00daLI<\/td>\n<\/tr>\n<tr class=\"tmave\">\n<td>Pozn\u00e1mka:<\/td>\n<td><a href=\"https:\/\/www.upjs.sk\/app\/uploads\/sites\/9\/2022\/09\/Program-2-10.pdf\">Program<\/a><\/td>\n<\/tr>\n<tr>\n<td colspan=\"2\"><\/td>\n<\/tr>\n<tr>\n<td class=\"nadpis\" colspan=\"2\" align=\"left\"><strong>Vedeck\u00e1 sch\u00f4dza O\u010dnej kliniky UPJ\u0160 LF a FNLP Ko\u0161ice<br \/>\nVEKOM PODMIENEN\u00c9 CHOROBY OKA<\/strong><\/td>\n<\/tr>\n<tr class=\"tmave\">\n<td>Term\u00edn konania:<\/td>\n<td>22.2.2010 o 15.00 hod.<\/td>\n<\/tr>\n<tr>\n<td>Miesto konania:<\/td>\n<td>Posluch\u00e1re\u0148 prof. K\u0148azovick\u00e9ho UPJ\u0160 LF v Ko\u0161iciach, Trieda SNP 1<\/td>\n<\/tr>\n<tr class=\"tmave\">\n<td>Organizuj\u00faci subjekt:<\/td>\n<td>Slovensk\u00e1 lek\u00e1rska spolo\u010dnos\u0165<br \/>\nSpolok lek\u00e1rov Ko\u0161ice<br \/>\nUPJ\u0160 v Ko\u0161iciach, Lek\u00e1rska fakulta<\/td>\n<\/tr>\n<tr>\n<td>Koordin\u00e1tor:<\/td>\n<td>Prof. MUDr. Tom\u00e1\u0161 Juh\u00e1s, DrSc., prednosta O\u010dnej kliniky UPJ\u0160 LF a\u00a0FNLP Ko\u0161ice<\/td>\n<\/tr>\n<tr class=\"tmave\">\n<td>Pozn\u00e1mka:<\/td>\n<td><a href=\"https:\/\/www.upjs.sk\/app\/uploads\/sites\/9\/2022\/09\/SLS2010-02-22.pdf\">Program<\/a><\/td>\n<\/tr>\n<tr>\n<td colspan=\"2\"><\/td>\n<\/tr>\n<tr>\n<td colspan=\"2\"><\/td>\n<\/tr>\n<tr>\n<td class=\"mesiac\" colspan=\"2\">MAREC 2010<\/td>\n<\/tr>\n<tr>\n<td class=\"nadpis\" colspan=\"2\" align=\"left\"><strong>Vedeck\u00e1 sch\u00f4dza Prvej kliniky stomatol\u00f3gie UPJ\u0160 LF a FNLP Ko\u0161ice<\/strong><\/td>\n<\/tr>\n<tr class=\"tmave\">\n<td>Term\u00edn konania:<\/td>\n<td>8.3.2010 o 15.00 hod.<\/td>\n<\/tr>\n<tr>\n<td>Miesto konania:<\/td>\n<td>Posluch\u00e1re\u0148 prof. K\u0148azovick\u00e9ho UPJ\u0160 LF v Ko\u0161iciach, Trieda SNP 1<\/td>\n<\/tr>\n<tr class=\"tmave\">\n<td>Organizuj\u00faci subjekt:<\/td>\n<td>Slovensk\u00e1 lek\u00e1rska spolo\u010dnos\u0165<br \/>\nSpolok lek\u00e1rov Ko\u0161ice<br \/>\nUPJ\u0160 v Ko\u0161iciach, Lek\u00e1rska fakulta<\/td>\n<\/tr>\n<tr>\n<td>Koordin\u00e1tor:<\/td>\n<td>Prof. MUDr. Neda Markovsk\u00e1, CSc., prednosta I. kliniky stomatol\u00f3gie UPJ\u0160 LF a FNLP Ko\u0161ice<\/td>\n<\/tr>\n<tr class=\"tmave\">\n<td>Pozn\u00e1mka:<\/td>\n<td><a href=\"https:\/\/www.upjs.sk\/app\/uploads\/sites\/9\/2022\/09\/SLS2010-03-08.pdf\">Program<\/a><\/td>\n<\/tr>\n<tr>\n<td colspan=\"2\"><\/td>\n<\/tr>\n<tr>\n<td class=\"nadpis\" colspan=\"2\" align=\"left\"><strong>Vedeck\u00e1 sch\u00f4dza usporiadan\u00e1 v spolupr\u00e1ci so Spolkom lek\u00e1rov v Ke\u017emarku pri pr\u00edle\u017eitosti svetov\u00e9ho d\u0148a obli\u010diek (Word Kidney Day)<\/strong><\/td>\n<\/tr>\n<tr class=\"tmave\">\n<td>Term\u00edn konania:<\/td>\n<td>11.3.2010<\/td>\n<\/tr>\n<tr>\n<td>Miesto konania:<\/td>\n<td>Ke\u017emarok<\/td>\n<\/tr>\n<tr class=\"tmave\">\n<td>Organizuj\u00faci subjekt:<\/td>\n<td>Slovensk\u00e1 lek\u00e1rska spolo\u010dnos\u0165<br \/>\nSpolok lek\u00e1rov Ko\u0161ice<br \/>\nSpolok lek\u00e1rov Ke\u017emarok<br \/>\nUPJ\u0160 v Ko\u0161iciach, Lek\u00e1rska fakulta<\/td>\n<\/tr>\n<tr>\n<td>Koordin\u00e1tor:<\/td>\n<td>Prof. MUDr. Miroslav Mydl\u00edk, DrSc., prof. emeritus<br \/>\nMUDr. Peter Slov\u00edk, predseda Spolku lek\u00e1rov MUDr. V. Alexandra v\u00a0Ke\u017emarku<\/td>\n<\/tr>\n<tr class=\"tmave\">\n<td>Pozn\u00e1mka:<\/td>\n<td><\/td>\n<\/tr>\n<tr>\n<td colspan=\"2\"><\/td>\n<\/tr>\n<tr>\n<td class=\"nadpis\" colspan=\"2\" align=\"left\"><strong>Health Behaviour in School Aged Children (HBSC) \u2013 semin\u00e1r<\/strong><\/td>\n<\/tr>\n<tr class=\"tmave\">\n<td>Term\u00edn konania:<\/td>\n<td>22.3.2010 o 9.00 hod.<\/td>\n<\/tr>\n<tr>\n<td>Miesto konania:<\/td>\n<td>Miestnos\u0165 9. III. 6 (J), Trieda SNP 1<\/td>\n<\/tr>\n<tr class=\"tmave\">\n<td>Organizuj\u00faci subjekt:<\/td>\n<td>\u00dastav verejn\u00e9ho zdravotn\u00edctva UPJ\u0160 LF<br \/>\nUPJ\u0160 v Ko\u0161iciach, Lek\u00e1rska fakulta<\/td>\n<\/tr>\n<tr>\n<td>Koordin\u00e1tor:<\/td>\n<td>Doc. Andrea Madarasov\u00e1 Geckov\u00e1, PhD<br \/>\nN\u00e1rodn\u00fd koordin\u00e1tor HBSC \u0161t\u00fadie<\/td>\n<\/tr>\n<tr class=\"tmave\">\n<td>Pozn\u00e1mka:<\/td>\n<td><a href=\"https:\/\/www.upjs.sk\/app\/uploads\/sites\/9\/2022\/09\/HBSC-Pozvanka.pdf\">Pozv\u00e1nka<\/a><\/td>\n<\/tr>\n<tr>\n<td colspan=\"2\"><\/td>\n<\/tr>\n<tr>\n<td class=\"nadpis\" colspan=\"2\" align=\"left\"><strong>Vedeck\u00e1 sch\u00f4dza Kliniky cievnej chirurgie UPJ\u0160 LF Ko\u0161ice a V\u00daSCH a.s.<\/strong><\/td>\n<\/tr>\n<tr class=\"tmave\">\n<td>Term\u00edn konania:<\/td>\n<td>22.3.2010 o 15.00 hod.<\/td>\n<\/tr>\n<tr>\n<td>Miesto konania:<\/td>\n<td>Posluch\u00e1re\u0148 V\u00daSCH, Trieda SNP 1<\/td>\n<\/tr>\n<tr class=\"tmave\">\n<td>Organizuj\u00faci subjekt:<\/td>\n<td>Slovensk\u00e1 lek\u00e1rska spolo\u010dnos\u0165<br \/>\nSpolok lek\u00e1rov Ko\u0161ice<br \/>\nUPJ\u0160 v Ko\u0161iciach, Lek\u00e1rska fakulta<\/td>\n<\/tr>\n<tr>\n<td>Koordin\u00e1tor:<\/td>\n<td>Prof. MUDr. M\u00e1ria Frankovi\u010dov\u00e1, CSc., prednosta Kliniky cievnej chirurgie UPJ\u0160 LF Ko\u0161ice a V\u00daSCH a.s.<\/td>\n<\/tr>\n<tr class=\"tmave\">\n<td>Pozn\u00e1mka:<\/td>\n<td><a href=\"https:\/\/www.upjs.sk\/app\/uploads\/sites\/9\/2022\/09\/SLS2010-03-22.pdf\">Program<\/a><\/td>\n<\/tr>\n<tr>\n<td colspan=\"2\"><\/td>\n<\/tr>\n<tr>\n<td colspan=\"2\"><\/td>\n<\/tr>\n<tr>\n<td class=\"mesiac\" colspan=\"2\">APR\u00cdL 2010<\/td>\n<\/tr>\n<tr>\n<td class=\"nadpis\" colspan=\"2\" align=\"left\"><strong>XVII. Memori\u00e1l profesora MUDr. Franti\u0161ka P\u00f3ra<\/strong><\/td>\n<\/tr>\n<tr class=\"tmave\">\n<td>Term\u00edn konania:<\/td>\n<td>12.4.2010 o 14.00 hod.<\/td>\n<\/tr>\n<tr>\n<td>Miesto konania:<\/td>\n<td>Posluch\u00e1re\u0148 prof. P\u00f3ra, UPJ\u0160 LF, Rastislavova 43<\/td>\n<\/tr>\n<tr class=\"tmave\">\n<td>Organizuj\u00faci subjekt:<\/td>\n<td>Slovensk\u00e1 lek\u00e1rska spolo\u010dnos\u0165<br \/>\nSpolok lek\u00e1rov Ko\u0161ice<br \/>\nUPJ\u0160 v Ko\u0161iciach, Lek\u00e1rska fakulta<\/td>\n<\/tr>\n<tr>\n<td>Koordin\u00e1tor:<\/td>\n<td>Prof. MUDr. Miroslav Mydl\u00edk, DrSc., prof. emeritus<\/td>\n<\/tr>\n<tr class=\"tmave\">\n<td>Pozn\u00e1mka:<\/td>\n<td><a href=\"https:\/\/www.upjs.sk\/app\/uploads\/sites\/9\/2022\/09\/SLS2010-04-12.pdf\">Program<\/a><\/td>\n<\/tr>\n<tr>\n<td colspan=\"2\"><\/td>\n<\/tr>\n<tr>\n<td class=\"nadpis\" colspan=\"2\" align=\"left\"><strong>Fakultn\u00e1 konferencia \u0160VO\u010c<\/strong><\/td>\n<\/tr>\n<tr class=\"tmave\">\n<td>Term\u00edn konania:<\/td>\n<td>21.4.2010<\/td>\n<\/tr>\n<tr>\n<td>Miesto konania:<\/td>\n<td>UPJ\u0160 v Ko\u0161iciach, Lek\u00e1rska fakulta, Trieda SNP 1<\/td>\n<\/tr>\n<tr class=\"tmave\">\n<td>Organizuj\u00faci subjekt:<\/td>\n<td>UPJ\u0160 v Ko\u0161iciach, Lek\u00e1rska fakulta<\/td>\n<\/tr>\n<tr>\n<td>Odborn\u00ed garanti:<\/td>\n<td>prof. MUDr. Leonard Siegfried, CSc. &#8211; dekan fakulty<br \/>\ndoc. RNDr. J\u00e1n Sabo, CSc., mim. prof. &#8211; prodekan pre vedecko-v\u00fdskumn\u00fa \u010dinnos\u0165 na UPJ\u0160 LF<\/td>\n<\/tr>\n<tr class=\"tmave\">\n<td>Pozn\u00e1mka:<\/td>\n<td>S\u00fa\u0165a\u017en\u00e1 prezent\u00e1cia pr\u00e1c \u0161tudentov UPJ\u0160 LF<br \/>\n<a href=\"https:\/\/www.upjs.sk\/app\/uploads\/sites\/9\/2022\/09\/ProgramINT09-10.pdf\">Program konferencie<\/a><br \/>\nPoz\u00fdvame v\u0161etk\u00fdch z\u00e1ujemcov<\/td>\n<\/tr>\n<tr>\n<td colspan=\"2\"><\/td>\n<\/tr>\n<tr>\n<td colspan=\"2\"><\/td>\n<\/tr>\n<tr>\n<td class=\"mesiac\" colspan=\"2\">M\u00c1J 2010<\/td>\n<\/tr>\n<tr>\n<td class=\"nadpis\" colspan=\"2\" align=\"left\"><strong>IX. konferencia Slovenskej spolo\u010dnosti klinickej bioch\u00e9mie s medzin\u00e1rodnou \u00fa\u010das\u0165ou<\/strong><\/td>\n<\/tr>\n<tr class=\"tmave\">\n<td>Term\u00edn konania:<\/td>\n<td>12. \u2013 14.5.2010<\/td>\n<\/tr>\n<tr>\n<td>Miesto konania:<\/td>\n<td>UPJ\u0160 LF v Ko\u0161iciach, Trieda SNP 1<\/td>\n<\/tr>\n<tr class=\"tmave\">\n<td>Organizuj\u00faci subjekt:<\/td>\n<td>Slovensk\u00e1 spolo\u010dnos\u0165 klinickej bioch\u00e9mie<br \/>\nSpolok lek\u00e1rov Ko\u0161ice<br \/>\nUPJ\u0160 v Ko\u0161iciach, Lek\u00e1rska fakulta<\/td>\n<\/tr>\n<tr>\n<td>Koordin\u00e1tor:<\/td>\n<td>Prof. MUDr. Oliver R\u00e1cz, CSc., \u00dastav patologickej fyziol\u00f3gie UPJ\u0160 LF<\/td>\n<\/tr>\n<tr class=\"tmave\">\n<td>Pozn\u00e1mka:<\/td>\n<td><a href=\"https:\/\/www.upjs.sk\/app\/uploads\/sites\/9\/2022\/09\/Kongres_SSKB-Pozvanka.pdf\">Pozv\u00e1nka<\/a>, <a href=\"https:\/\/www.upjs.sk\/app\/uploads\/sites\/9\/2022\/09\/Kongres_SSKB-Program.pdf\">Program<\/a><\/td>\n<\/tr>\n<tr>\n<td colspan=\"2\"><\/td>\n<\/tr>\n<tr>\n<td class=\"nadpis\" colspan=\"2\" align=\"left\"><strong>49. V\u00fdchodolovensk\u00e9 lek\u00e1rske dni<br \/>\nChoroby d\u00fdchac\u00edch ciest a p\u013e\u00fac z h\u013eadiska praktick\u00e9ho lek\u00e1ra <\/strong><\/td>\n<\/tr>\n<tr class=\"tmave\">\n<td>Term\u00edn konania:<\/td>\n<td>20. \u2013 21.5.2010<\/td>\n<\/tr>\n<tr>\n<td>Miesto konania:<\/td>\n<td>UPJ\u0160 LF v Ko\u0161iciach, Trieda SNP 1<\/td>\n<\/tr>\n<tr class=\"tmave\">\n<td>Organizuj\u00faci subjekt:<\/td>\n<td>Slovensk\u00e1 lek\u00e1rska spolo\u010dnos\u0165<br \/>\nSpolok lek\u00e1rov Ko\u0161ice<br \/>\nUPJ\u0160 v Ko\u0161iciach, Lek\u00e1rska fakulta<\/td>\n<\/tr>\n<tr>\n<td>Koordin\u00e1tor:<\/td>\n<td>MUDr. Norbert Luk\u00e1n, PhD., IV. intern\u00e1 klinika UPJ\u0160 LF a FNLP<\/td>\n<\/tr>\n<tr class=\"tmave\">\n<td>Pozn\u00e1mka:<\/td>\n<td><a href=\"https:\/\/www.upjs.sk\/app\/uploads\/sites\/9\/2022\/09\/vslpro49b.pdf\">Program<\/a><\/td>\n<\/tr>\n<tr>\n<td colspan=\"2\"><\/td>\n<\/tr>\n<tr>\n<td class=\"nadpis\" colspan=\"2\" align=\"left\"><strong>Kazuistiky<\/strong><\/td>\n<\/tr>\n<tr class=\"tmave\">\n<td>Term\u00edn konania:<\/td>\n<td>31.5.2010 o 15.00 hod.<\/td>\n<\/tr>\n<tr>\n<td>Miesto konania:<\/td>\n<td>Posluch\u00e1re\u0148 prof. K\u0148azovick\u00e9ho UPJ\u0160 LF v Ko\u0161iciach, Trieda SNP 1<\/td>\n<\/tr>\n<tr class=\"tmave\">\n<td>Organizuj\u00faci subjekt:<\/td>\n<td>Slovensk\u00e1 lek\u00e1rska spolo\u010dnos\u0165<br \/>\nSpolok lek\u00e1rov Ko\u0161ice<br \/>\nUPJ\u0160 v Ko\u0161iciach, Lek\u00e1rska fakulta<\/td>\n<\/tr>\n<tr>\n<td>Koordin\u00e1tor:<\/td>\n<td>Prof. MUDr. Ivica Laz\u00farov\u00e1, CSc., prednosta I. internej kliniky UPJ\u0160 LF a FNLP<\/td>\n<\/tr>\n<tr class=\"tmave\">\n<td>Pozn\u00e1mka:<\/td>\n<td><\/td>\n<\/tr>\n<tr>\n<td colspan=\"2\"><\/td>\n<\/tr>\n<tr>\n<td colspan=\"2\"><\/td>\n<\/tr>\n<tr>\n<td class=\"mesiac\" colspan=\"2\">J\u00daN 2010<\/td>\n<\/tr>\n<tr>\n<td class=\"nadpis\" colspan=\"2\" align=\"left\"><strong>27. pediatrick\u00e1 pracovn\u00e1 konferencia s medzin\u00e1rodnou \u00fa\u010das\u0165ou<\/strong><\/td>\n<\/tr>\n<tr class=\"tmave\">\n<td>Term\u00edn konania:<\/td>\n<td>3. \u2013 4.6.2010<\/td>\n<\/tr>\n<tr>\n<td>Miesto konania:<\/td>\n<td>Hotel Yasmin, Tyr\u0161ovo n\u00e1bre\u017eie 1, Ko\u0161ice<\/td>\n<\/tr>\n<tr class=\"tmave\">\n<td>Organizuj\u00faci subjekt:<\/td>\n<td>Lek\u00e1rska fakulta UPJ\u0160 v Ko\u0161iciach<br \/>\nDetsk\u00e1 fakultn\u00e1 nemocnica<br \/>\n1. klinika det\u00ed a dorastu UPJ\u0160 LF a DFN<br \/>\nSlovensk\u00e1 pediatrick\u00e1 spolo\u010dnos\u0165<br \/>\nSlovensk\u00e1 lek\u00e1rska spolo\u010dnos\u0165<\/td>\n<\/tr>\n<tr>\n<td>Koordin\u00e1tor:<\/td>\n<td>Prof. MUDr. \u013dudmila Podrack\u00e1, CSc., prednosta I. kliniky det\u00ed a dorastu UPJ\u0160 LF a DFN<\/td>\n<\/tr>\n<tr class=\"tmave\">\n<td>Pozn\u00e1mka:<\/td>\n<td><a href=\"https:\/\/www.upjs.sk\/app\/uploads\/sites\/9\/2022\/09\/pediatria10-program_A5.pdf\">Program<\/a><\/td>\n<\/tr>\n<tr>\n<td colspan=\"2\"><\/td>\n<\/tr>\n<tr>\n<td class=\"nadpis\" colspan=\"2\" align=\"left\"><strong>Mal\u00e1 ko\u0161ick\u00e1 neonatologick\u00e1 konferencia<\/strong><\/td>\n<\/tr>\n<tr class=\"tmave\">\n<td>Term\u00edn konania:<\/td>\n<td>8.6.2010 o 9.00 hod.<\/td>\n<\/tr>\n<tr>\n<td>Miesto konania:<\/td>\n<td>Semin\u00e1rna miestnos\u0165 V\u00fdchodoslovensk\u00e9ho \u00fastavu srdcov\u00fdch a cievnych chor\u00f4b, a.s., Ondavsk\u00e1 8, Ko\u0161ice<\/td>\n<\/tr>\n<tr class=\"tmave\">\n<td>Organizuj\u00faci subjekt:<\/td>\n<td>Lek\u00e1rska fakulta UPJ\u0160 v Ko\u0161iciach<br \/>\nDetsk\u00e1 fakultn\u00e1 nemocnica v Ko\u0161iciach<br \/>\nOpen Medical Club, Bratislava<br \/>\nKrajsk\u00e1 neonatologick\u00e1 n.o. \u201eNovorodenec\u201c Ko\u0161ice<br \/>\nKlinika neonatol\u00f3gie UPJ\u0160 LF a DFN<\/td>\n<\/tr>\n<tr>\n<td>Koordin\u00e1tor:<\/td>\n<td>MUDr. Peter Krcho, PhD., prednosta Kliniky neonatol\u00f3gie UPJ\u0160 LF a DFN<\/td>\n<\/tr>\n<tr class=\"tmave\">\n<td>Pozn\u00e1mka:<\/td>\n<td><a href=\"https:\/\/www.upjs.sk\/app\/uploads\/sites\/9\/2022\/09\/Mala-kosicka-neonatologicka-konferencia.pdf\">Program<\/a><\/td>\n<\/tr>\n<tr>\n<td colspan=\"2\"><\/td>\n<\/tr>\n<tr>\n<td class=\"nadpis\" colspan=\"2\" align=\"left\"><strong>\u017divotn\u00fd \u0161t\u00fdl a zdravie<\/strong><\/td>\n<\/tr>\n<tr class=\"tmave\">\n<td>Term\u00edn konania:<\/td>\n<td>14.6.2010 o 15.00 hod.<\/td>\n<\/tr>\n<tr>\n<td>Miesto konania:<\/td>\n<td>Posluch\u00e1re\u0148 \u010d. 1, UPJ\u0160 LF v Ko\u0161iciach, Trieda SNP 1<\/td>\n<\/tr>\n<tr class=\"tmave\">\n<td>Organizuj\u00faci subjekt:<\/td>\n<td>Slovensk\u00e1 lek\u00e1rska spolo\u010dnos\u0165<br \/>\nSpolok lek\u00e1rov Ko\u0161ice<br \/>\nKo\u0161ice Institute of Social Health<br \/>\nRegion\u00e1lny \u00farad verejn\u00e9ho zdravotn\u00edctva, Ko\u0161ice<br \/>\nUPJ\u0160 v Ko\u0161iciach, Lek\u00e1rska fakulta<\/td>\n<\/tr>\n<tr>\n<td>Koordin\u00e1tor:<\/td>\n<td>Prof. MUDr. Oliver R\u00e1cz, CSc., vedeck\u00fd sekret\u00e1r SL Ko\u0161ice<\/td>\n<\/tr>\n<tr class=\"tmave\">\n<td>Pozn\u00e1mka:<\/td>\n<td><a href=\"https:\/\/www.upjs.sk\/app\/uploads\/sites\/9\/2022\/09\/SLS2010-06-14.pdf\">Program<\/a><\/td>\n<\/tr>\n<tr>\n<td colspan=\"2\"><\/td>\n<\/tr>\n<tr>\n<td class=\"nadpis\" colspan=\"2\" align=\"left\"><strong>International Scientific Conference on Probiotics and Prebiotics &#8211; IPC 2010<\/strong><\/td>\n<\/tr>\n<tr class=\"tmave\">\n<td>Date:<\/td>\n<td>15<sup>th<\/sup> \u2013 17<sup>th<\/sup> June 2010<\/td>\n<\/tr>\n<tr>\n<td>Congress Venue:<\/td>\n<td><a href=\"http:\/\/www.hotelslovan.sk\">Doubletree by Hilton Ko\u0161ice Hotel<\/a>, Hlavn\u00e1 1, 04001 Ko\u0161ice, Slovakia<\/td>\n<\/tr>\n<tr class=\"tmave\">\n<td>Organizing Subjects:<\/td>\n<td>Pavol Jozef \u0160afarik University in Ko\u0161ice,<br \/>\nFaculty of Medicine,<br \/>\nInstitute of Experimental Medicine<\/td>\n<\/tr>\n<tr>\n<td>Coordinator:<\/td>\n<td>Alojz Bomba, MVD., PhD., DrSc.<\/td>\n<\/tr>\n<tr class=\"tmave\">\n<td>Congress Language:<\/td>\n<td>English<\/td>\n<\/tr>\n<tr>\n<td>Web:<\/td>\n<td><a href=\"http:\/\/www.probiotic-conference.net\">www.probiotic-conference.net<\/a><\/td>\n<\/tr>\n<tr>\n<td colspan=\"2\"><\/td>\n<\/tr>\n<tr>\n<td class=\"nadpis\" colspan=\"2\" align=\"left\"><strong>2<sup>nd<\/sup> International Student Medical Congress Ko\u0161ice (ISMCK\u00b42010)<\/strong><\/td>\n<\/tr>\n<tr class=\"tmave\">\n<td>Date:<\/td>\n<td>21<sup>st<\/sup> &#8211; 24<sup>th<\/sup> June 2010<\/td>\n<\/tr>\n<tr>\n<td>Congress Venue:<\/td>\n<td>Lecture Rooms of Pavol Jozef \u0160af\u00e1rik University &#8211; Faculty of Medicine, Trieda SNP 1, Ko\u0161ice<\/td>\n<\/tr>\n<tr class=\"tmave\">\n<td>Organizing Subject:<\/td>\n<td>The Association of Medical Students in Ko\u0161ice<br \/>\nPavol Jozef \u0160af\u00e1rik University in Ko\u0161ice<br \/>\nFaculty of Medicine<\/td>\n<\/tr>\n<tr>\n<td>Coordinators:<\/td>\n<td>Prof. Leonard Siegfried, MD, PhD<br \/>\nAssoc. Prof. Pavol Jar\u010du\u0161ka, MD, PhD<br \/>\nProf. Ladislav Mirossay, MD, PhD, DrSc.<\/td>\n<\/tr>\n<tr class=\"tmave\">\n<td>Congress Language:<\/td>\n<td>English<\/td>\n<\/tr>\n<tr>\n<td>Web:<\/td>\n<td><a href=\"\/ismck\">\/ismck<\/a><\/td>\n<\/tr>\n<tr>\n<td colspan=\"2\"><\/td>\n<\/tr>\n<tr>\n<td class=\"nadpis\" colspan=\"2\" align=\"left\"><strong>Krajsk\u00fd semin\u00e1r dermatovenerol\u00f3gov<\/strong><\/td>\n<\/tr>\n<tr class=\"tmave\">\n<td>Term\u00edn konania:<\/td>\n<td>25. \u2013 26.6.2010<\/td>\n<\/tr>\n<tr>\n<td>Miesto konania:<\/td>\n<td>Kult\u00farno-spolo\u010densk\u00e9 centrum &#8211; JU\u017dAN, Smetanova 4, Ko\u0161ice &#8211; Juh<\/td>\n<\/tr>\n<tr class=\"tmave\">\n<td>Organizuj\u00faci subjekt:<\/td>\n<td>Slovensk\u00e1 dermatovenerologick\u00e1 spolo\u010dnos\u0165<br \/>\nKlinika dermatovenerol\u00f3gie UPJ\u0160 LF a FN LP v Ko\u0161iciach<br \/>\nKrajsk\u00fd odborn\u00edk pre dermatovenerol\u00f3giu Ko\u0161ick\u00e9ho kraja<\/td>\n<\/tr>\n<tr>\n<td>Koordin\u00e1tor:<\/td>\n<td>doc. MUDr. Jagienka Jautov\u00e1, PhD., mim. prof.<\/td>\n<\/tr>\n<tr class=\"tmave\">\n<td>Pozn\u00e1mka:<\/td>\n<td><a href=\"https:\/\/www.upjs.sk\/app\/uploads\/sites\/9\/2022\/09\/Krajsky_seminar_dermatovenerologov.pdf\">Program<\/a><\/td>\n<\/tr>\n<tr>\n<td colspan=\"2\"><\/td>\n<\/tr>\n<tr>\n<td class=\"nadpis\" colspan=\"2\" align=\"left\"><strong>42nd INTERNATIONAL CONGRESS of SLOVAK ANATOMICAL SOCIETY and 47th LOJDA SYMPOSIUM on HISTOCHEMISTRY<\/strong><\/td>\n<\/tr>\n<tr class=\"tmave\">\n<td>Term\u00edn konania:<\/td>\n<td>28. \u2013 30.6.2010<\/td>\n<\/tr>\n<tr>\n<td>Miesto konania:<\/td>\n<td>Lek\u00e1rska fakulta UPJ\u0160 v Ko\u0161iciach, Teoretick\u00e9 \u00fastavy, Tr. SNP 1, 1.p.<\/td>\n<\/tr>\n<tr class=\"tmave\">\n<td>Organizuj\u00faci subjekt:<\/td>\n<td>Lek\u00e1rska fakulta UPJ\u0160 v Ko\u0161iciach, \u00dastav histol\u00f3gie a embryol\u00f3gie, \u0160rob\u00e1rova 2, 040 01 Ko\u0161ice<\/td>\n<\/tr>\n<tr>\n<td>Koordin\u00e1tor:<\/td>\n<td>Prof. MVDr. Mikul\u00e1\u0161 Pomfy, CSc.<br \/>\nprednosta \u00dastavu histol\u00f3gie a embryol\u00f3gie, \u0160rob\u00e1rova 2, 040 01 Ko\u0161ice<\/td>\n<\/tr>\n<tr class=\"tmave\">\n<td>Pozn\u00e1mka:<\/td>\n<td><em><a href=\"\/public\/media\/0455\/MORPHOLOGY_2010.pdf\">Program<\/a><\/em><\/td>\n<\/tr>\n<tr>\n<td colspan=\"2\"><\/td>\n<\/tr>\n<tr>\n<td colspan=\"2\"><\/td>\n<\/tr>\n<tr>\n<td class=\"mesiac\" colspan=\"2\">SEPTEMBER 2010<\/td>\n<\/tr>\n<tr>\n<td class=\"nadpis\" colspan=\"2\" align=\"left\"><strong>Vyu\u017eitie experiment\u00e1lnych met\u00f3d pri ochrane a podpore zdravia obyvate\u013estva<\/strong><\/td>\n<\/tr>\n<tr class=\"tmave\">\n<td>Term\u00edn konania:<\/td>\n<td>6. \u2013 8. septembra 2010<\/td>\n<\/tr>\n<tr>\n<td>Miesto konania:<\/td>\n<td>UPJ\u0160 LF v Ko\u0161iciach, Trieda SNP 1, posluch\u00e1re\u0148 \u010d. 4<\/td>\n<\/tr>\n<tr class=\"tmave\">\n<td>Organizuj\u00faci subjekt:<\/td>\n<td>UPJ\u0160 v Ko\u0161iciach, Lek\u00e1rska fakulta, \u00dastav verejn\u00e9ho zdravotn\u00edctva<br \/>\nR\u00daVZ so s\u00eddlom v Ko\u0161iciach<\/td>\n<\/tr>\n<tr>\n<td>Koordin\u00e1tor:<\/td>\n<td>doc. RNDr. Gabriela Hol\u00e9czyov\u00e1, CSc.<\/td>\n<\/tr>\n<tr class=\"tmave\">\n<td>Pozn\u00e1mka:<\/td>\n<td><a href=\"https:\/\/www.upjs.sk\/app\/uploads\/sites\/9\/2022\/09\/Prihlaska-UVZ.doc\">Prihl\u00e1\u0161ka<\/a><\/td>\n<\/tr>\n<tr>\n<td colspan=\"2\"><\/td>\n<\/tr>\n<tr>\n<td class=\"nadpis\" colspan=\"2\" align=\"left\"><strong>XVIII. konferencia slovensk\u00fdch a \u010desk\u00fdch patofyziol\u00f3gov<\/strong><\/td>\n<\/tr>\n<tr class=\"tmave\">\n<td>Term\u00edn konania:<\/td>\n<td>9. \u2013 10.9.2010<\/td>\n<\/tr>\n<tr>\n<td>Miesto konania:<\/td>\n<td>UPJ\u0160 LF v Ko\u0161iciach, Trieda SNP 1<\/td>\n<\/tr>\n<tr class=\"tmave\">\n<td>Organizuj\u00faci subjekt:<\/td>\n<td>Slovensk\u00e1 spolo\u010dnos\u0165 patologickej a klinickej fyziol\u00f3gie<br \/>\nSpolok lek\u00e1rov Ko\u0161ice<br \/>\nUPJ\u0160 v Ko\u0161iciach, Lek\u00e1rska fakulta<\/td>\n<\/tr>\n<tr>\n<td>Koordin\u00e1tor:<\/td>\n<td>Doc. MUDr. Roman Be\u0148a\u010dka, CSc., mim. prof., \u00dastav patologickej fyziol\u00f3gie UPJ\u0160 LF<\/td>\n<\/tr>\n<tr class=\"tmave\">\n<td>Pozn\u00e1mka:<\/td>\n<td><a href=\"http:\/\/patfyz.medic.upjs.sk\/konferencia\">http:\/\/patfyz.medic.upjs.sk\/konferencia<\/a><\/td>\n<\/tr>\n<tr>\n<td colspan=\"2\"><\/td>\n<\/tr>\n<tr>\n<td class=\"nadpis\" colspan=\"2\" align=\"left\"><strong>International Scientific Conference Ko\u0161ice &#8211; Miskolc<br \/>\nNew Trends in Experimental and Clinical Neuroscience<\/strong><\/td>\n<\/tr>\n<tr class=\"tmave\">\n<td>Date:<\/td>\n<td>17th September 2010<\/td>\n<\/tr>\n<tr>\n<td>Venue:<\/td>\n<td>Lecture room of the Pavol Jozef \u0160af\u00e1rik University, Faculty of Medicine, Trieda SNP 1, Ko\u0161ice<\/td>\n<\/tr>\n<tr class=\"tmave\">\n<td>Organizing Subjects:<\/td>\n<td>Department of Neurosurgery, AD Centre, Pavol Jozef \u0160af\u00e1rik University, Faculty of Medicine and University Hospital of Louis Pasteur in Ko\u0161ice, Slovakia<br \/>\nDepartment of Neurosurgery, Borsod County Teaching Hospital, Miskolc, Hungary<\/td>\n<\/tr>\n<tr>\n<td>Coordinator:<\/td>\n<td>Prof. Igor \u0160ulla, MD, DSc.<\/td>\n<\/tr>\n<tr class=\"tmave\">\n<td>Annotation:<\/td>\n<td>Hungary-Slovakia Cross-border Co-operation Programme 2007-2013<br \/>\n<a href=\"https:\/\/www.upjs.sk\/app\/uploads\/sites\/9\/2022\/09\/20100917-Programme_and_Book_of_Abstracts.pdf\">Programme and Book of Abstracts<\/a><\/td>\n<\/tr>\n<tr>\n<td colspan=\"2\"><\/td>\n<\/tr>\n<tr>\n<td class=\"nadpis\" colspan=\"2\" align=\"left\"><strong>IX. Slovensk\u00fd geriatrick\u00fd kongres<br \/>\n36. Gressnerove dni<\/strong><\/td>\n<\/tr>\n<tr class=\"tmave\">\n<td>Term\u00edn konania:<\/td>\n<td>22. \u2013 24.9.2010<\/td>\n<\/tr>\n<tr>\n<td>Miesto konania:<\/td>\n<td>Ko\u0161ice, Hotel DoubleTree Hilton<\/td>\n<\/tr>\n<tr class=\"tmave\">\n<td>Organizuj\u00faci subjekt:<\/td>\n<td>Slovensk\u00e1 gerontologick\u00e1 a geriatrick\u00e1 spolo\u010dnos\u0165<br \/>\nUniverzita Pavla Jozefa \u0160af\u00e1rika v Ko\u0161iciach, Lek\u00e1rska fakulta<br \/>\nUniverzita Komensk\u00e9ho v Bratislave, Lek\u00e1rska fakulta<\/td>\n<\/tr>\n<tr>\n<td>Koordin\u00e1tor:<\/td>\n<td>Prof. \u0160tefan Koval, PhD., Klinika gerontol\u00f3gie a geriatrie UPJ\u0160 LF a UN L. Pasteura<\/td>\n<\/tr>\n<tr class=\"tmave\">\n<td>Pozn\u00e1mka:<\/td>\n<td><\/td>\n<\/tr>\n<tr>\n<td colspan=\"2\"><\/td>\n<\/tr>\n<tr>\n<td class=\"nadpis\" colspan=\"2\" align=\"left\"><strong>V. ko\u0161ick\u00e9 hematologick\u00e9 a transfuziologick\u00e9 dni<\/strong><\/td>\n<\/tr>\n<tr class=\"tmave\">\n<td>Term\u00edn konania:<\/td>\n<td>23. \u2013 25.9.2010<\/td>\n<\/tr>\n<tr>\n<td>Miesto konania:<\/td>\n<td>UPJ\u0160 LF v Ko\u0161iciach, Trieda SNP 1<\/td>\n<\/tr>\n<tr class=\"tmave\">\n<td>Organizuj\u00faci subjekt:<\/td>\n<td>Slovensk\u00e1 lek\u00e1rska spolo\u010dnos\u0165<br \/>\nSlovensk\u00e1 hematologick\u00e1 a transfuziologick\u00e1 spolo\u010dnos\u0165<br \/>\nKlinika hematol\u00f3gie a onkohematol\u00f3gie<br \/>\nUniverzitn\u00e1 nemocnica L. Pasteura v Ko\u0161iciach<br \/>\nLek\u00e1rska fakulta Univerzity P. J. \u0160af\u00e1rika v Ko\u0161iciach<br \/>\nN\u00e1rodn\u00e1 transf\u00fazna slu\u017eba<br \/>\nOb\u010dianske zdru\u017eenie SOS Leuk\u00e9mia so s\u00eddlom v Ko\u0161iciach<\/td>\n<\/tr>\n<tr>\n<td>Koordin\u00e1tor:<\/td>\n<td>Prof. MUDr. Elena T\u00f3thov\u00e1, CSc., Klinika hematol\u00f3gie a onkohematol\u00f3gie UPJ\u0160 LF a UN L. Pasteura<\/td>\n<\/tr>\n<tr class=\"tmave\">\n<td>Pozn\u00e1mka:<\/td>\n<td><a href=\"http:\/\/www.hematologia2010.sk\">http:\/\/www.hematologia2010.sk<\/a><\/td>\n<\/tr>\n<tr>\n<td colspan=\"2\"><\/td>\n<\/tr>\n<tr>\n<td class=\"nadpis\" colspan=\"2\" align=\"left\"><strong>18. zjazd slovensk\u00fdch a \u010desk\u00fdch patol\u00f3gov<\/strong><\/td>\n<\/tr>\n<tr class=\"tmave\">\n<td>Term\u00edn konania:<\/td>\n<td>23. \u2013 25.9.2010<\/td>\n<\/tr>\n<tr>\n<td>Miesto konania:<\/td>\n<td>Dom umenia, Ko\u0161ice<\/td>\n<\/tr>\n<tr class=\"tmave\">\n<td>Organizuj\u00faci subjekt:<\/td>\n<td>Slovensk\u00e1 spolo\u010dnos\u0165 patol\u00f3gov a Slovensk\u00e1 div\u00edzia IAP<br \/>\nSlovensk\u00e1 dermatovenerologick\u00e1 spolo\u010dnos\u0165<br \/>\nSpole\u010dnost \u010desk\u00fdch patolog\u016f a \u010cesk\u00e1 divize IAP<br \/>\nUPJ\u0160 v Ko\u0161iciach, Lek\u00e1rska fakulta<\/td>\n<\/tr>\n<tr>\n<td>Koordin\u00e1tor:<\/td>\n<td>MUDr. Mari\u00e1n \u0160vajdler<\/td>\n<\/tr>\n<tr class=\"tmave\">\n<td>Pozn\u00e1mka:<\/td>\n<td><a href=\"https:\/\/www.upjs.sk\/app\/uploads\/sites\/9\/2022\/09\/18_zjazd_patologov-Zbornik_abstraktov.pdf\">Zborn\u00edk abstraktov<\/a><\/td>\n<\/tr>\n<tr>\n<td colspan=\"2\"><\/td>\n<\/tr>\n<tr>\n<td class=\"nadpis\" colspan=\"2\" align=\"left\"><strong>Pracovn\u00e1 konferencia II. kliniky det\u00ed a dorastu UPJ\u0160 LF a DFN<br \/>\nII. D\u00e9mantov de\u0148 <\/strong><\/td>\n<\/tr>\n<tr class=\"tmave\">\n<td>Term\u00edn konania:<\/td>\n<td>30. september 2010<\/td>\n<\/tr>\n<tr>\n<td>Miesto konania:<\/td>\n<td>UPJ\u0160 LF v Ko\u0161iciach, Trieda SNP 1, posluch\u00e1rne<\/td>\n<\/tr>\n<tr class=\"tmave\">\n<td>Organizuj\u00faci subjekt:<\/td>\n<td>Slovensk\u00e1 pediatrick\u00e1 spolo\u010dnos\u0165<br \/>\nDetsk\u00e1 fakultn\u00e1 nemocnica Ko\u0161ice<br \/>\nUPJ\u0160 v Ko\u0161iciach, Lek\u00e1rska fakulta<br \/>\nII. klinika det\u00ed a dorastu UPJ\u0160 LF a DFN Ko\u0161ice<\/td>\n<\/tr>\n<tr>\n<td>Koordin\u00e1tor:<\/td>\n<td>doc. MUDr. Milan Kuchta, CSc., mim. prof.<\/td>\n<\/tr>\n<tr class=\"tmave\">\n<td>Pozn\u00e1mka:<\/td>\n<td><a href=\"https:\/\/www.upjs.sk\/app\/uploads\/sites\/9\/2022\/09\/II_Demantov_den.pdf\">Program<\/a><\/td>\n<\/tr>\n<tr>\n<td colspan=\"2\"><\/td>\n<\/tr>\n<tr>\n<td colspan=\"2\"><\/td>\n<\/tr>\n<tr>\n<td class=\"mesiac\" colspan=\"2\">OKT\u00d3BER 2010<\/td>\n<\/tr>\n<tr>\n<td class=\"nadpis\" colspan=\"2\" align=\"left\"><strong>XVI. vedeck\u00e1 pracovn\u00e1 sch\u00f4dza Spolku lek\u00e1rov v Ko\u0161iciach, v spolupr\u00e1ci s obcou Ruskov, pre v\u0161eobecn\u00fdch lek\u00e1rov pre dospel\u00fdch<br \/>\nV\u00ddZNAM DIFERENCI\u00c1LNEJ DIAGNOSTIKY V KLINICKEJ MEDIC\u00cdNE<\/strong><\/td>\n<\/tr>\n<tr class=\"tmave\">\n<td>Term\u00edn konania:<\/td>\n<td>5.10.2010, 14.00 hod.<\/td>\n<\/tr>\n<tr>\n<td>Miesto konania:<\/td>\n<td>Dom kult\u00fary, Ruskov<\/td>\n<\/tr>\n<tr class=\"tmave\">\n<td>Organizuj\u00faci subjekt:<\/td>\n<td>Slovensk\u00e1 lek\u00e1rska spolo\u010dnos\u0165<br \/>\nSpolok lek\u00e1rov Ko\u0161ice<br \/>\nUPJ\u0160 v Ko\u0161iciach, Lek\u00e1rska fakulta<\/td>\n<\/tr>\n<tr>\n<td>Koordin\u00e1tor:<\/td>\n<td>Prof. MUDr. Miroslav Mydl\u00edk, DrSc., IV. intern\u00e1 klinika UNLP a \u00dastav experiment\u00e1lnej medic\u00edny UPJ\u0160 LF<\/td>\n<\/tr>\n<tr class=\"tmave\">\n<td>Pozn\u00e1mka:<\/td>\n<td><a href=\"https:\/\/www.upjs.sk\/app\/uploads\/sites\/9\/2022\/09\/SLS2010-10-05.pdf\">Program<\/a><\/td>\n<\/tr>\n<tr>\n<td colspan=\"2\"><\/td>\n<\/tr>\n<tr>\n<td class=\"nadpis\" colspan=\"2\" align=\"left\"><strong>Vedeck\u00e1 sch\u00f4dza Centra prevent\u00edvnej a \u0161portovej medic\u00edny pri III. internej klinike UPJ\u0160 LF a UNLP Ko\u0161ice pri pr\u00edle\u017eitosti 60 rokov v\u00fdu\u010dby Telov\u00fdchovn\u00e9ho lek\u00e1rstva v Ko\u0161iciach a \u017eivotn\u00e9ho jubilea profesora MUDr. Branislava Bohu\u0161a, CSc.<\/strong><\/td>\n<\/tr>\n<tr class=\"tmave\">\n<td>Term\u00edn konania:<\/td>\n<td>11.10.2010, 15.00 hod.<\/td>\n<\/tr>\n<tr>\n<td>Miesto konania:<\/td>\n<td>Semin\u00e1rna miestnos\u0165 UPJ\u0160 LF, Trieda SNP 1<\/td>\n<\/tr>\n<tr class=\"tmave\">\n<td>Organizuj\u00faci subjekt:<\/td>\n<td>Slovensk\u00e1 lek\u00e1rska spolo\u010dnos\u0165<br \/>\nSpolok lek\u00e1rov Ko\u0161ice<br \/>\nUPJ\u0160 v Ko\u0161iciach, Lek\u00e1rska fakulta<\/td>\n<\/tr>\n<tr>\n<td>Koordin\u00e1tor:<\/td>\n<td>Prof. MUDr. Daniel Pella, PhD., prednosta III. internej kliniky UPJ\u0160 LF a UNLP Ko\u0161ice<\/td>\n<\/tr>\n<tr class=\"tmave\">\n<td>Pozn\u00e1mka:<\/td>\n<td><a href=\"https:\/\/www.upjs.sk\/app\/uploads\/sites\/9\/2022\/09\/SLS2010-10-11.pdf\">Program<\/a><\/td>\n<\/tr>\n<tr>\n<td colspan=\"2\"><\/td>\n<\/tr>\n<tr>\n<td class=\"nadpis\" colspan=\"2\" align=\"left\"><strong>XVIII. MEMORI\u00c1L prof. MUDr. J\u00e1na K\u0148azovick\u00e9ho<br \/>\nVyu\u017eitie nov\u00fdch opera\u010dn\u00fdch techn\u00edk v na\u0161ej chirurgickej \u010dinnosti<\/strong><\/td>\n<\/tr>\n<tr class=\"tmave\">\n<td>Term\u00edn konania:<\/td>\n<td>25.10.2010, 15.00 hod.<\/td>\n<\/tr>\n<tr>\n<td>Miesto konania:<\/td>\n<td>Semin\u00e1rna miestnos\u0165 UPJ\u0160 LF, Trieda SNP 1<\/td>\n<\/tr>\n<tr class=\"tmave\">\n<td>Organizuj\u00faci subjekt:<\/td>\n<td>Slovensk\u00e1 lek\u00e1rsk\u00e1 spolo\u010dnos\u0165<br \/>\nSpolok lek\u00e1rov Ko\u0161ice<br \/>\nUniverzitn\u00e1 nemocnica L. Pasteura<br \/>\nUPJ\u0160 v Ko\u0161iciach, Lek\u00e1rska fakulta<\/td>\n<\/tr>\n<tr>\n<td>Koordin\u00e1tor:<\/td>\n<td>Profesor MUDr. J\u00falius Vaj\u00f3, DrSc., II. chirurgick\u00e1 klinika UNLP a\u00a0UPJ\u0160 LF Ko\u0161ice<\/td>\n<\/tr>\n<tr class=\"tmave\">\n<td>Pozn\u00e1mka:<\/td>\n<td><a href=\"https:\/\/www.upjs.sk\/app\/uploads\/sites\/9\/2022\/09\/SLS2010-10-25.pdf\">Program<\/a><\/td>\n<\/tr>\n<tr>\n<td colspan=\"2\"><\/td>\n<\/tr>\n<tr>\n<td colspan=\"2\"><\/td>\n<\/tr>\n<tr>\n<td class=\"mesiac\" colspan=\"2\">NOVEMBER 2010<\/td>\n<\/tr>\n<tr>\n<td class=\"nadpis\" colspan=\"2\" align=\"left\"><strong>Kazuistiky<\/strong><\/td>\n<\/tr>\n<tr class=\"tmave\">\n<td>Term\u00edn konania:<\/td>\n<td>8.11.2010 o 15.00 hod.<\/td>\n<\/tr>\n<tr>\n<td>Miesto konania:<\/td>\n<td>Semin\u00e1rna miestnos\u0165 UPJ\u0160 LF, Trieda SNP 1<\/td>\n<\/tr>\n<tr class=\"tmave\">\n<td>Organizuj\u00faci subjekt:<\/td>\n<td>Slovensk\u00e1 lek\u00e1rska spolo\u010dnos\u0165<br \/>\nSpolok lek\u00e1rov Ko\u0161ice<br \/>\nI. intern\u00e1 klinika UPJ\u0160 LF a UNLP Ko\u0161ice<br \/>\nUPJ\u0160 v Ko\u0161iciach, Lek\u00e1rska fakulta<\/td>\n<\/tr>\n<tr>\n<td>Koordin\u00e1tor:<\/td>\n<td>Prof. MUDr. Ivica Laz\u00farov\u00e1, CSc., prednosta I. internej kliniky UPJ\u0160 LF a UNLP Ko\u0161ice<\/td>\n<\/tr>\n<tr class=\"tmave\">\n<td>Pozn\u00e1mka:<\/td>\n<td><a href=\"https:\/\/www.upjs.sk\/app\/uploads\/sites\/9\/2022\/09\/SLS2010-11-08.pdf\">Program<\/a><\/td>\n<\/tr>\n<tr>\n<td colspan=\"2\"><\/td>\n<\/tr>\n<tr>\n<td class=\"nadpis\" colspan=\"2\" align=\"left\"><strong>GME 2010 &#8211; International Scientific Conference on Gastro-Intestinal Microbial Ecology<\/strong><\/td>\n<\/tr>\n<tr class=\"tmave\">\n<td>Date:<\/td>\n<td>9th \u2013 11th November 2010<\/td>\n<\/tr>\n<tr>\n<td>Venue:<\/td>\n<td>Ko\u0161ice, Hotel Doubletree Hilton<\/td>\n<\/tr>\n<tr class=\"tmave\">\n<td>Organizing Subjects:<\/td>\n<td>Pavol Jozef \u0160af\u00e1rik University in Ko\u0161ice<br \/>\nFaculty of Medicine<br \/>\nInstitute of Experimental Medicine<\/td>\n<\/tr>\n<tr>\n<td>Coordinator:<\/td>\n<td>MVDr. Alojz Bomba, DrSc., President<\/td>\n<\/tr>\n<tr class=\"tmave\">\n<td>Annotation:<\/td>\n<td><a href=\"http:\/\/www.gutmicroecology.net\/\">http:\/\/www.gutmicroecology.net<\/a><\/td>\n<\/tr>\n<tr>\n<td colspan=\"2\"><\/td>\n<\/tr>\n<tr>\n<td class=\"nadpis\" colspan=\"2\" align=\"left\"><strong>II. symp\u00f3zium prim\u00e1rnej prevencie v \u00fastnom zdrav\u00ed<\/strong><\/td>\n<\/tr>\n<tr class=\"tmave\">\n<td>Term\u00edn konania:<\/td>\n<td>11. \u2013 12. novembra 2010<\/td>\n<\/tr>\n<tr>\n<td>Miesto konania:<\/td>\n<td>UPJ\u0160 LF v Ko\u0161iciach, Trieda SNP 1, Aula<\/td>\n<\/tr>\n<tr class=\"tmave\">\n<td>Organizuj\u00faci subjekt:<\/td>\n<td>I. stomatologick\u00e1 klinika UPJ\u0160 LF a UN LP<br \/>\nUPJ\u0160 v Ko\u0161iciach, Lek\u00e1rska fakulta<br \/>\nSlovensk\u00e1 komora zubn\u00fdch lek\u00e1rov<br \/>\nSlovensk\u00e1 stomatologick\u00e1 spolo\u010dnos\u0165<br \/>\nKVV \u2212 Ing. Igor Kubov\u010d\u00edk<\/td>\n<\/tr>\n<tr>\n<td>Koordin\u00e1tor:<\/td>\n<td>prof. MUDr. Neda Markovsk\u00e1, CSc.<\/td>\n<\/tr>\n<tr class=\"tmave\">\n<td>Pozn\u00e1mka:<\/td>\n<td><a href=\"https:\/\/www.upjs.sk\/app\/uploads\/sites\/9\/2022\/09\/II.Sympozium_primarnej_prevencie_v_ustnom_zdravi.pdf\">Pozv\u00e1nka na Symp\u00f3zium<\/a><\/td>\n<\/tr>\n<tr>\n<td colspan=\"2\"><\/td>\n<\/tr>\n<tr>\n<td class=\"nadpis\" colspan=\"2\" align=\"left\"><strong>Euroson school, Doppler ultrasound and CEUS<\/strong><\/td>\n<\/tr>\n<tr class=\"tmave\">\n<td>Date:<\/td>\n<td>11th \u2013 13th November 2010<\/td>\n<\/tr>\n<tr>\n<td>Venue:<\/td>\n<td>Ko\u0161ice, University Hospital (Trieda SNP 1, Kluby zamestnancov)<\/td>\n<\/tr>\n<tr class=\"tmave\">\n<td>Organizing Subjects:<\/td>\n<td>II. dept. pediatric and adolescent\u00b4s medicine<br \/>\nFaculty of Medicine UPJS in Ko\u0161ice<br \/>\nChildren Faculty Hospital Kosice<br \/>\nKosice ultrasound school &#8211; KUS<br \/>\nSchweizerische Gesellschaft f\u00fcr Ultraschall in der Medizin \u2013 SGUM\/SSUM<\/td>\n<\/tr>\n<tr>\n<td>Coordinators:<\/td>\n<td>Doc. MUDr. M. Kuchta, CSc., Kosice<br \/>\nDoc. dr. med. J. Tuma, Switzerland<\/td>\n<\/tr>\n<tr class=\"tmave\">\n<td>Information:<\/td>\n<td><a href=\"http:\/\/www.ultrasono.sk\">www.ultrasono.sk<\/a><\/td>\n<\/tr>\n<tr>\n<td>Programm:<\/td>\n<td><a href=\"http:\/\/www.efsumb.org\/euroson-sch\/EUS_Flyer-kosice2010.pdf\">www.efsumb.org\/euroson-sch\/EUS_Flyer-kosice2010.pdf<\/a><\/td>\n<\/tr>\n<tr>\n<td colspan=\"2\"><\/td>\n<\/tr>\n<tr>\n<td class=\"nadpis\" colspan=\"2\" align=\"left\"><strong>XIX. Schwarzov de\u0148<br \/>\nEndometri\u00f3za v\u00e1ria<\/strong><\/td>\n<\/tr>\n<tr class=\"tmave\">\n<td>Term\u00edn konania:<\/td>\n<td>18. novembra 2010<\/td>\n<\/tr>\n<tr>\n<td>Miesto konania:<\/td>\n<td>Ko\u0161ice, Hotel DoubleTree by Hilton<\/td>\n<\/tr>\n<tr class=\"tmave\">\n<td>Organizuj\u00faci subjekt:<\/td>\n<td>Slovensk\u00e1 gynekologicko-p\u00f4rodn\u00edcka spolo\u010dnos\u0165 SLS<br \/>\nUniverzita P. J. \u0160af\u00e1rika v Ko\u0161iciach, Lek\u00e1rska fakulta<br \/>\nUniverzitn\u00e1 nemocnica L. Pasteura Ko\u0161ice<br \/>\nII. gynekologicko-p\u00f4rodn\u00edcka klinika UPJ\u0160 LF a UN LP Ko\u0161ice<\/td>\n<\/tr>\n<tr>\n<td>Koordin\u00e1tor:<\/td>\n<td>Prof. MUDr. Alexander Ostr\u00f3, CSc.<\/td>\n<\/tr>\n<tr class=\"tmave\">\n<td>Pozn\u00e1mka:<\/td>\n<td><a href=\"https:\/\/www.upjs.sk\/app\/uploads\/sites\/9\/2022\/09\/Schwarz_19_pozvanka.pdf\">Pozv\u00e1nka<\/a>, <a href=\"https:\/\/www.upjs.sk\/app\/uploads\/sites\/9\/2022\/09\/Schwarz_19_program.pdf\">Program<\/a><\/td>\n<\/tr>\n<tr>\n<td colspan=\"2\"><\/td>\n<\/tr>\n<tr>\n<td class=\"nadpis\" colspan=\"2\" align=\"left\"><strong>XIX. KO\u0160ICK\u00c9 OFTALMOLOGICK\u00c9 DNI<br \/>\nS\u00fa\u010dasn\u00e9 trendy v oftalmol\u00f3gii a kazuistiky<\/strong><\/td>\n<\/tr>\n<tr class=\"tmave\">\n<td>Term\u00edn konania:<\/td>\n<td>19. novembra 2010, 12.00 hod.<\/td>\n<\/tr>\n<tr>\n<td>Miesto konania:<\/td>\n<td>UPJ\u0160 LF v Ko\u0161iciach, Trieda SNP 1, posluch\u00e1re\u0148 P1<\/td>\n<\/tr>\n<tr class=\"tmave\">\n<td>Organizuj\u00faci subjekt:<\/td>\n<td>UPJ\u0160 v Ko\u0161iciach, Lek\u00e1rska fakulta<br \/>\nO\u010dn\u00e1 klinika UPJ\u0160 LF a UN LP v Ko\u0161iciach<br \/>\nSlovensk\u00e1 lek\u00e1rska komora Ko\u0161ice<\/td>\n<\/tr>\n<tr>\n<td>Koordin\u00e1tor:<\/td>\n<td>Prof. MUDr. Tom\u00e1\u0161 Juh\u00e1s, DrSc., prednosta O\u010dnej kliniky UPJ\u0160 LF a UN LP Ko\u0161ice<\/td>\n<\/tr>\n<tr class=\"tmave\">\n<td>Pozn\u00e1mka:<\/td>\n<td><a href=\"https:\/\/www.upjs.sk\/app\/uploads\/sites\/9\/2022\/09\/XIX_KOD.pdf\">Pozv\u00e1nka a program<\/a><\/td>\n<\/tr>\n<tr>\n<td colspan=\"2\"><\/td>\n<\/tr>\n<tr>\n<td class=\"nadpis\" colspan=\"2\" align=\"left\"><strong>Predn\u00e1\u0161ka prezidenta Eur\u00f3pskej rady pre resuscit\u00e1ciu prof. B. Boettigera<\/strong>, Nemecko<\/td>\n<\/tr>\n<tr class=\"tmave\">\n<td>Term\u00edn konania:<\/td>\n<td>22. november 2010, 16:00 hod<\/td>\n<\/tr>\n<tr>\n<td>Miesto konania:<\/td>\n<td>In\u0161tit\u00fat pre \u010fal\u0161ie vzdel\u00e1vanie veterin\u00e1rnych lek\u00e1rov, Cesta Pod Hradovou 13, Ko\u0161ice<\/td>\n<\/tr>\n<tr class=\"tmave\">\n<td>Organizuj\u00faci subjekt:<\/td>\n<td>Slovensk\u00e9 centrum CEEA<br \/>\n1. klinika anest\u00e9ziol\u00f3gie a intenz\u00edvnej medic\u00edny UPJ\u0160 LF a UN LP Ko\u0161ice<\/td>\n<\/tr>\n<tr>\n<td>Koordin\u00e1tor:<\/td>\n<td>MUDr. \u0160tefan Trenkler, PhD., Slovensk\u00e9 centrum CEEA<\/td>\n<\/tr>\n<tr class=\"tmave\">\n<td>Pozn\u00e1mka:<\/td>\n<td><a href=\"https:\/\/www.upjs.sk\/app\/uploads\/sites\/9\/2022\/09\/Pozvanka_boettiger.pdf\">Pozv\u00e1nka<\/a><\/td>\n<\/tr>\n<tr>\n<td colspan=\"2\"><\/td>\n<\/tr>\n<tr>\n<td class=\"nadpis\" colspan=\"2\" align=\"left\"><strong>2. kurz CEEA<\/strong><\/td>\n<\/tr>\n<tr class=\"tmave\">\n<td>Term\u00edn konania:<\/td>\n<td>22. \u2013 24.11.2010<\/td>\n<\/tr>\n<tr>\n<td>Miesto konania:<\/td>\n<td>In\u0161tit\u00fat pre \u010fal\u0161ie vzdel\u00e1vanie veterin\u00e1rnych lek\u00e1rov, Cesta Pod Hradovou 13, Ko\u0161ice<\/td>\n<\/tr>\n<tr class=\"tmave\">\n<td>Organizuj\u00faci subjekt:<\/td>\n<td>Slovensk\u00e9 centrum CEEA<br \/>\n1. klinika anest\u00e9ziol\u00f3gie a intenz\u00edvnej medic\u00edny UPJ\u0160 LF a UN LP Ko\u0161ice<\/td>\n<\/tr>\n<tr>\n<td>Koordin\u00e1tor:<\/td>\n<td>MUDr. \u0160tefan Trenkler, PhD., Slovensk\u00e9 centrum CEEA<\/td>\n<\/tr>\n<tr class=\"tmave\">\n<td>Pozn\u00e1mka:<\/td>\n<td><a href=\"https:\/\/www.upjs.sk\/app\/uploads\/sites\/9\/2022\/09\/Program_FEEA2010.pdf\">Program<\/a><\/td>\n<\/tr>\n<tr>\n<td colspan=\"2\"><\/td>\n<\/tr>\n<tr>\n<td class=\"nadpis\" colspan=\"2\" align=\"left\"><strong>Nov\u00e9 met\u00f3dy laborat\u00f3rnej diagnostiky a ich spr\u00e1vna interpret\u00e1cia v praxi<\/strong><\/td>\n<\/tr>\n<tr class=\"tmave\">\n<td>Term\u00edn konania:<\/td>\n<td>29.11.2010 o 14.00 hod.<\/td>\n<\/tr>\n<tr>\n<td>Miesto konania:<\/td>\n<td>Kult\u00farne stredisko Ju\u017ean, Smetanova 4, Ko\u0161ice<\/td>\n<\/tr>\n<tr class=\"tmave\">\n<td>Organizuj\u00faci subjekt:<\/td>\n<td>Slovensk\u00e1 lek\u00e1rska spolo\u010dnos\u0165<br \/>\nSpolok lek\u00e1rov Ko\u0161ice<br \/>\nRoche Slovensko, s.r.o. Ko\u0161ice<br \/>\nCumulus, s.r.o. Ko\u0161ice<br \/>\nUPJ\u0160 v Ko\u0161iciach, Lek\u00e1rska fakulta<\/td>\n<\/tr>\n<tr>\n<td>Koordin\u00e1tori:<\/td>\n<td>Ing. Tatiana Godarsk\u00e1, Roche Slovensko, s.r.o.<br \/>\nMUDr. Vojtech Popik, Cumulus, s.r.o. Ko\u0161ice<br \/>\nProf. MUDr. Oliver R\u00e1cz, vedeck\u00fd sekret\u00e1r Spolku lek\u00e1rov v Ko\u0161iciach<\/td>\n<\/tr>\n<tr class=\"tmave\">\n<td>Pozn\u00e1mka:<\/td>\n<td><a href=\"https:\/\/www.upjs.sk\/app\/uploads\/sites\/9\/2022\/09\/SLS2010-11-29.pdf\">Program<\/a><\/td>\n<\/tr>\n<tr>\n<td colspan=\"2\"><\/td>\n<\/tr>\n<tr>\n<td colspan=\"2\"><\/td>\n<\/tr>\n<tr>\n<td class=\"mesiac\" colspan=\"2\">DECEMBER 2010<\/td>\n<\/tr>\n<tr>\n<td class=\"nadpis\" colspan=\"2\" align=\"left\"><strong>Biomedic\u00ednske postupy<\/strong><\/td>\n<\/tr>\n<tr class=\"tmave\">\n<td>Term\u00edn konania:<\/td>\n<td>2.12.2010<\/td>\n<\/tr>\n<tr>\n<td>Miesto konania:<\/td>\n<td>Posluch\u00e1re\u0148 pri IV. internej klinike, Rastislavova 43, Ko\u0161ice<\/td>\n<\/tr>\n<tr class=\"tmave\">\n<td>Organizuj\u00faci subjekt:<\/td>\n<td>Lek\u00e1rska fakulta UPJ\u0160 a UN L. Pasteura v Ko\u0161iciach, Klinika stomatol\u00f3gie a\u00a0maxilofaci\u00e1lnej chirurgie<br \/>\n\u00dastav materi\u00e1lov\u00e9ho v\u00fdskumu Slovenskej akad\u00e9mie vied<br \/>\nUniverzita veterin\u00e1rskeho lek\u00e1rstva a farm\u00e1cie v Ko\u0161iciach, Katedra anat\u00f3mie, histol\u00f3gie a fyziol\u00f3gie<br \/>\nTechnick\u00e1 univerzita v Ko\u0161iciach, Strojn\u00edcka fakulta, Katedra biomedic\u00ednskeho in\u017einierstva, automatiz\u00e1cie a merania<\/td>\n<\/tr>\n<tr>\n<td>Koordin\u00e1tor:<\/td>\n<td>Dr.h.c. prof. MUDr. Andrej Jen\u010da, CSc. \u2013 UPJ\u0160 LF, Ko\u0161ice<\/td>\n<\/tr>\n<tr class=\"tmave\">\n<td>Pozn\u00e1mka:<\/td>\n<td><a href=\"https:\/\/www.upjs.sk\/app\/uploads\/sites\/9\/2022\/09\/Biomedicinske-postupy2.pdf\">Program<\/a><\/td>\n<\/tr>\n<tr>\n<td colspan=\"2\"><\/td>\n<\/tr>\n<tr>\n<td class=\"nadpis\" colspan=\"2\" align=\"left\"><strong>8. Mikul\u00e1\u0161ske dni alergie<br \/>\nKrajsk\u00fd semin\u00e1r alergol\u00f3gov a klinick\u00fdch imunol\u00f3gov<\/strong><\/td>\n<\/tr>\n<tr class=\"tmave\">\n<td>Term\u00edn konania:<\/td>\n<td>7.12.2009 (lek\u00e1rsky de\u0148)<br \/>\n8.12.2009 (laick\u00fd de\u0148)<\/td>\n<\/tr>\n<tr>\n<td>Miesto konania:<\/td>\n<td>Kult\u00farne stredisko Ju\u017ean, Ko\u0161ice, Smetanova 4<br \/>\nRadni\u010dn\u00e1 s\u00e1la M\u00da M\u010c Ko\u0161ice \u2013 Star\u00e9 Mesto, Hviezdoslavova 7<\/td>\n<\/tr>\n<tr class=\"tmave\">\n<td>Organizuj\u00faci subjekt:<\/td>\n<td>Slovensk\u00e1 spolo\u010dnos\u0165 pre alergiol\u00f3giu a klinick\u00fa imunol\u00f3giu<br \/>\nSpolok lek\u00e1rov Ko\u0161ice pri SLS<br \/>\nIV. intern\u00e1 klinika UPJ\u0160 LF a UN L. Pasteura, Ko\u0161ice<br \/>\nM\u00da M\u010c Ko\u0161ice \u2013 Star\u00e9 Mesto<br \/>\nM\u00da M\u010c Ko\u0161ice &#8211; Juh<\/td>\n<\/tr>\n<tr>\n<td>Koordin\u00e1tor:<\/td>\n<td>MUDr. Norbert Luk\u00e1n, PhD., IV. intern\u00e1 klinika UPJ\u0160 LF a UNLP<\/td>\n<\/tr>\n<tr class=\"tmave\">\n<td>Pozn\u00e1mka:<\/td>\n<td><a href=\"https:\/\/www.upjs.sk\/app\/uploads\/sites\/9\/2022\/09\/SLS2010-12-07.pdf\">Program<\/a><\/td>\n<\/tr>\n<tr>\n<td colspan=\"2\"><\/td>\n<\/tr>\n<tr>\n<td colspan=\"2\"><\/td>\n<\/tr>\n<\/tbody>\n<\/table>\n<\/div>\n<\/div>\n","protected":false},"excerpt":{"rendered":"<p>JANU\u00c1R 2010 Sl\u00e1vnostn\u00e1 vedeck\u00e1 sch\u00f4dza pri pr\u00edle\u017eitosti v\u00fdznamn\u00e9ho \u017eivotn\u00e9ho jubilea Prof. MUDr. EMILA MATEJ\u00cd\u010cKA, DrSc. Term\u00edn konania: 18.1.2010 o 14.00 hod. Miesto konania: Posluch\u00e1re\u0148 prof. K\u0148azovick\u00e9ho UPJ\u0160 LF v Ko\u0161iciach, Trieda SNP 1 Organizuj\u00faci subjekt: Slovensk\u00e1 lek\u00e1rska spolo\u010dnos\u0165 Spolok lek\u00e1rov Ko\u0161ice UPJ\u0160 v Ko\u0161iciach, Lek\u00e1rska fakulta Koordin\u00e1tor: Prof. MUDr. Juraj Bober, CSc., I. chirurgick\u00e1 klinika &hellip; <a href=\"https:\/\/www.upjs.sk\/lekarska-fakulta\/fakulta\/konferencie-a-podujatia\/podujatia-2010\/\">\u010c\u00edta\u0165 \u010falej<\/a><\/p>\n","protected":false},"author":31,"featured_media":0,"parent":14171,"menu_order":16,"comment_status":"closed","ping_status":"closed","template":"","meta":{"_acf_changed":false,"_editorskit_title_hidden":false,"_editorskit_reading_time":0,"_editorskit_is_block_options_detached":false,"_editorskit_block_options_position":"{}","footnotes":""},"categories":[],"tags":[],"class_list":["post-74211","page","type-page","status-publish","hentry"],"acf":{"acf_link_na_externy_obsah":""},"yoast_head":"<!-- This site is optimized with the Yoast SEO plugin v27.4 - https:\/\/yoast.com\/product\/yoast-seo-wordpress\/ -->\n<title>Podujatia v roku 2010 - Lek\u00e1rska fakulta | UPJ\u0160<\/title>\n<meta name=\"robots\" content=\"index, follow, max-snippet:-1, max-image-preview:large, max-video-preview:-1\" \/>\n<link rel=\"canonical\" href=\"https:\/\/www.upjs.sk\/lekarska-fakulta\/fakulta\/konferencie-a-podujatia\/podujatia-2010\/\" \/>\n<meta property=\"og:locale\" content=\"sk_SK\" \/>\n<meta property=\"og:type\" content=\"article\" \/>\n<meta property=\"og:title\" content=\"Podujatia v roku 2010 - Lek\u00e1rska fakulta | UPJ\u0160\" \/>\n<meta property=\"og:description\" content=\"JANU\u00c1R 2010 Sl\u00e1vnostn\u00e1 vedeck\u00e1 sch\u00f4dza pri pr\u00edle\u017eitosti v\u00fdznamn\u00e9ho \u017eivotn\u00e9ho jubilea Prof. MUDr. EMILA MATEJ\u00cd\u010cKA, DrSc. Term\u00edn konania: 18.1.2010 o 14.00 hod. Miesto konania: Posluch\u00e1re\u0148 prof. K\u0148azovick\u00e9ho UPJ\u0160 LF v Ko\u0161iciach, Trieda SNP 1 Organizuj\u00faci subjekt: Slovensk\u00e1 lek\u00e1rska spolo\u010dnos\u0165 Spolok lek\u00e1rov Ko\u0161ice UPJ\u0160 v Ko\u0161iciach, Lek\u00e1rska fakulta Koordin\u00e1tor: Prof. MUDr. Juraj Bober, CSc., I. chirurgick\u00e1 klinika &hellip; \u010c\u00edta\u0165 \u010falej\" \/>\n<meta property=\"og:url\" content=\"https:\/\/www.upjs.sk\/lekarska-fakulta\/fakulta\/konferencie-a-podujatia\/podujatia-2010\/\" \/>\n<meta property=\"og:site_name\" content=\"Lek\u00e1rska fakulta | UPJ\u0160\" \/>\n<meta property=\"article:modified_time\" content=\"2025-02-24T10:15:26+00:00\" \/>\n<meta name=\"twitter:card\" content=\"summary_large_image\" \/>\n<meta name=\"twitter:label1\" content=\"Predpokladan\u00fd \u010das \u010d\u00edtania\" \/>\n\t<meta name=\"twitter:data1\" content=\"14 min\u00fat\" \/>\n<script type=\"application\/ld+json\" class=\"yoast-schema-graph\">{\"@context\":\"https:\\\/\\\/schema.org\",\"@graph\":[{\"@type\":\"WebPage\",\"@id\":\"https:\\\/\\\/www.upjs.sk\\\/lekarska-fakulta\\\/fakulta\\\/konferencie-a-podujatia\\\/podujatia-2010\\\/\",\"url\":\"https:\\\/\\\/www.upjs.sk\\\/lekarska-fakulta\\\/fakulta\\\/konferencie-a-podujatia\\\/podujatia-2010\\\/\",\"name\":\"Podujatia v roku 2010 - Lek\u00e1rska fakulta | UPJ\u0160\",\"isPartOf\":{\"@id\":\"https:\\\/\\\/www.upjs.sk\\\/lekarska-fakulta\\\/#website\"},\"datePublished\":\"2023-01-26T09:18:22+00:00\",\"dateModified\":\"2025-02-24T10:15:26+00:00\",\"breadcrumb\":{\"@id\":\"https:\\\/\\\/www.upjs.sk\\\/lekarska-fakulta\\\/fakulta\\\/konferencie-a-podujatia\\\/podujatia-2010\\\/#breadcrumb\"},\"inLanguage\":\"sk-SK\",\"potentialAction\":[{\"@type\":\"ReadAction\",\"target\":[\"https:\\\/\\\/www.upjs.sk\\\/lekarska-fakulta\\\/fakulta\\\/konferencie-a-podujatia\\\/podujatia-2010\\\/\"]}]},{\"@type\":\"BreadcrumbList\",\"@id\":\"https:\\\/\\\/www.upjs.sk\\\/lekarska-fakulta\\\/fakulta\\\/konferencie-a-podujatia\\\/podujatia-2010\\\/#breadcrumb\",\"itemListElement\":[{\"@type\":\"ListItem\",\"position\":1,\"name\":\"Home\",\"item\":\"https:\\\/\\\/www.upjs.sk\\\/lekarska-fakulta\\\/\"},{\"@type\":\"ListItem\",\"position\":2,\"name\":\"O fakulte\",\"item\":\"https:\\\/\\\/www.upjs.sk\\\/lekarska-fakulta\\\/fakulta\\\/\"},{\"@type\":\"ListItem\",\"position\":3,\"name\":\"Konferencie a podujatia\",\"item\":\"https:\\\/\\\/www.upjs.sk\\\/lekarska-fakulta\\\/fakulta\\\/konferencie-a-podujatia\\\/\"},{\"@type\":\"ListItem\",\"position\":4,\"name\":\"Podujatia v roku 2010\"}]},{\"@type\":\"WebSite\",\"@id\":\"https:\\\/\\\/www.upjs.sk\\\/lekarska-fakulta\\\/#website\",\"url\":\"https:\\\/\\\/www.upjs.sk\\\/lekarska-fakulta\\\/\",\"name\":\"Lek\u00e1rska fakulta | UPJ\u0160\",\"description\":\"\",\"publisher\":{\"@id\":\"https:\\\/\\\/www.upjs.sk\\\/lekarska-fakulta\\\/#organization\"},\"potentialAction\":[{\"@type\":\"SearchAction\",\"target\":{\"@type\":\"EntryPoint\",\"urlTemplate\":\"https:\\\/\\\/www.upjs.sk\\\/lekarska-fakulta\\\/?s={search_term_string}\"},\"query-input\":{\"@type\":\"PropertyValueSpecification\",\"valueRequired\":true,\"valueName\":\"search_term_string\"}}],\"inLanguage\":\"sk-SK\"},{\"@type\":\"Organization\",\"@id\":\"https:\\\/\\\/www.upjs.sk\\\/lekarska-fakulta\\\/#organization\",\"name\":\"Lek\u00e1rska fakulta | UPJ\u0160\",\"url\":\"https:\\\/\\\/www.upjs.sk\\\/lekarska-fakulta\\\/\",\"logo\":{\"@type\":\"ImageObject\",\"inLanguage\":\"sk-SK\",\"@id\":\"https:\\\/\\\/www.upjs.sk\\\/lekarska-fakulta\\\/#\\\/schema\\\/logo\\\/image\\\/\",\"url\":\"https:\\\/\\\/www.upjs.sk\\\/app\\\/uploads\\\/sites\\\/9\\\/2022\\\/09\\\/logo-lekarska-fakulta.png\",\"contentUrl\":\"https:\\\/\\\/www.upjs.sk\\\/app\\\/uploads\\\/sites\\\/9\\\/2022\\\/09\\\/logo-lekarska-fakulta.png\",\"width\":415,\"height\":87,\"caption\":\"Lek\u00e1rska fakulta | UPJ\u0160\"},\"image\":{\"@id\":\"https:\\\/\\\/www.upjs.sk\\\/lekarska-fakulta\\\/#\\\/schema\\\/logo\\\/image\\\/\"}}]}<\/script>\n<!-- \/ Yoast SEO plugin. -->","yoast_head_json":{"title":"Podujatia v roku 2010 - Lek\u00e1rska fakulta | UPJ\u0160","robots":{"index":"index","follow":"follow","max-snippet":"max-snippet:-1","max-image-preview":"max-image-preview:large","max-video-preview":"max-video-preview:-1"},"canonical":"https:\/\/www.upjs.sk\/lekarska-fakulta\/fakulta\/konferencie-a-podujatia\/podujatia-2010\/","og_locale":"sk_SK","og_type":"article","og_title":"Podujatia v roku 2010 - Lek\u00e1rska fakulta | UPJ\u0160","og_description":"JANU\u00c1R 2010 Sl\u00e1vnostn\u00e1 vedeck\u00e1 sch\u00f4dza pri pr\u00edle\u017eitosti v\u00fdznamn\u00e9ho \u017eivotn\u00e9ho jubilea Prof. MUDr. EMILA MATEJ\u00cd\u010cKA, DrSc. Term\u00edn konania: 18.1.2010 o 14.00 hod. Miesto konania: Posluch\u00e1re\u0148 prof. K\u0148azovick\u00e9ho UPJ\u0160 LF v Ko\u0161iciach, Trieda SNP 1 Organizuj\u00faci subjekt: Slovensk\u00e1 lek\u00e1rska spolo\u010dnos\u0165 Spolok lek\u00e1rov Ko\u0161ice UPJ\u0160 v Ko\u0161iciach, Lek\u00e1rska fakulta Koordin\u00e1tor: Prof. MUDr. Juraj Bober, CSc., I. chirurgick\u00e1 klinika &hellip; \u010c\u00edta\u0165 \u010falej","og_url":"https:\/\/www.upjs.sk\/lekarska-fakulta\/fakulta\/konferencie-a-podujatia\/podujatia-2010\/","og_site_name":"Lek\u00e1rska fakulta | UPJ\u0160","article_modified_time":"2025-02-24T10:15:26+00:00","twitter_card":"summary_large_image","twitter_misc":{"Predpokladan\u00fd \u010das \u010d\u00edtania":"14 min\u00fat"},"schema":{"@context":"https:\/\/schema.org","@graph":[{"@type":"WebPage","@id":"https:\/\/www.upjs.sk\/lekarska-fakulta\/fakulta\/konferencie-a-podujatia\/podujatia-2010\/","url":"https:\/\/www.upjs.sk\/lekarska-fakulta\/fakulta\/konferencie-a-podujatia\/podujatia-2010\/","name":"Podujatia v roku 2010 - Lek\u00e1rska fakulta | UPJ\u0160","isPartOf":{"@id":"https:\/\/www.upjs.sk\/lekarska-fakulta\/#website"},"datePublished":"2023-01-26T09:18:22+00:00","dateModified":"2025-02-24T10:15:26+00:00","breadcrumb":{"@id":"https:\/\/www.upjs.sk\/lekarska-fakulta\/fakulta\/konferencie-a-podujatia\/podujatia-2010\/#breadcrumb"},"inLanguage":"sk-SK","potentialAction":[{"@type":"ReadAction","target":["https:\/\/www.upjs.sk\/lekarska-fakulta\/fakulta\/konferencie-a-podujatia\/podujatia-2010\/"]}]},{"@type":"BreadcrumbList","@id":"https:\/\/www.upjs.sk\/lekarska-fakulta\/fakulta\/konferencie-a-podujatia\/podujatia-2010\/#breadcrumb","itemListElement":[{"@type":"ListItem","position":1,"name":"Home","item":"https:\/\/www.upjs.sk\/lekarska-fakulta\/"},{"@type":"ListItem","position":2,"name":"O fakulte","item":"https:\/\/www.upjs.sk\/lekarska-fakulta\/fakulta\/"},{"@type":"ListItem","position":3,"name":"Konferencie a podujatia","item":"https:\/\/www.upjs.sk\/lekarska-fakulta\/fakulta\/konferencie-a-podujatia\/"},{"@type":"ListItem","position":4,"name":"Podujatia v roku 2010"}]},{"@type":"WebSite","@id":"https:\/\/www.upjs.sk\/lekarska-fakulta\/#website","url":"https:\/\/www.upjs.sk\/lekarska-fakulta\/","name":"Lek\u00e1rska fakulta | UPJ\u0160","description":"","publisher":{"@id":"https:\/\/www.upjs.sk\/lekarska-fakulta\/#organization"},"potentialAction":[{"@type":"SearchAction","target":{"@type":"EntryPoint","urlTemplate":"https:\/\/www.upjs.sk\/lekarska-fakulta\/?s={search_term_string}"},"query-input":{"@type":"PropertyValueSpecification","valueRequired":true,"valueName":"search_term_string"}}],"inLanguage":"sk-SK"},{"@type":"Organization","@id":"https:\/\/www.upjs.sk\/lekarska-fakulta\/#organization","name":"Lek\u00e1rska fakulta | UPJ\u0160","url":"https:\/\/www.upjs.sk\/lekarska-fakulta\/","logo":{"@type":"ImageObject","inLanguage":"sk-SK","@id":"https:\/\/www.upjs.sk\/lekarska-fakulta\/#\/schema\/logo\/image\/","url":"https:\/\/www.upjs.sk\/app\/uploads\/sites\/9\/2022\/09\/logo-lekarska-fakulta.png","contentUrl":"https:\/\/www.upjs.sk\/app\/uploads\/sites\/9\/2022\/09\/logo-lekarska-fakulta.png","width":415,"height":87,"caption":"Lek\u00e1rska fakulta | UPJ\u0160"},"image":{"@id":"https:\/\/www.upjs.sk\/lekarska-fakulta\/#\/schema\/logo\/image\/"}}]}},"_links":{"self":[{"href":"https:\/\/www.upjs.sk\/lekarska-fakulta\/wp-json\/wp\/v2\/pages\/74211","targetHints":{"allow":["GET"]}}],"collection":[{"href":"https:\/\/www.upjs.sk\/lekarska-fakulta\/wp-json\/wp\/v2\/pages"}],"about":[{"href":"https:\/\/www.upjs.sk\/lekarska-fakulta\/wp-json\/wp\/v2\/types\/page"}],"author":[{"embeddable":true,"href":"https:\/\/www.upjs.sk\/lekarska-fakulta\/wp-json\/wp\/v2\/users\/31"}],"replies":[{"embeddable":true,"href":"https:\/\/www.upjs.sk\/lekarska-fakulta\/wp-json\/wp\/v2\/comments?post=74211"}],"version-history":[{"count":3,"href":"https:\/\/www.upjs.sk\/lekarska-fakulta\/wp-json\/wp\/v2\/pages\/74211\/revisions"}],"predecessor-version":[{"id":130536,"href":"https:\/\/www.upjs.sk\/lekarska-fakulta\/wp-json\/wp\/v2\/pages\/74211\/revisions\/130536"}],"up":[{"embeddable":true,"href":"https:\/\/www.upjs.sk\/lekarska-fakulta\/wp-json\/wp\/v2\/pages\/14171"}],"wp:attachment":[{"href":"https:\/\/www.upjs.sk\/lekarska-fakulta\/wp-json\/wp\/v2\/media?parent=74211"}],"wp:term":[{"taxonomy":"category","embeddable":true,"href":"https:\/\/www.upjs.sk\/lekarska-fakulta\/wp-json\/wp\/v2\/categories?post=74211"},{"taxonomy":"post_tag","embeddable":true,"href":"https:\/\/www.upjs.sk\/lekarska-fakulta\/wp-json\/wp\/v2\/tags?post=74211"}],"curies":[{"name":"wp","href":"https:\/\/api.w.org\/{rel}","templated":true}]}}