{"id":22680,"date":"2024-11-11T09:39:34","date_gmt":"2024-11-11T09:39:34","guid":{"rendered":"https:\/\/www.upjs.sk\/pracoviska\/botanicka-zahrada\/actuality\/pozvanka-na-gala-koncert\/"},"modified":"2024-11-11T09:53:32","modified_gmt":"2024-11-11T09:53:32","slug":"chorus-universitatis-safarikianae","status":"publish","type":"cpt_aktuality","link":"https:\/\/www.upjs.sk\/pracoviska\/botanicka-zahrada\/en\/actuality\/chorus-universitatis-safarikianae\/","title":{"rendered":"Chorus Universitatis \u0160afarikianae"},"content":{"rendered":"\n<p>We invite you to the gala concert of the <strong><mark style=\"background-color:rgba(0, 0, 0, 0)\" class=\"has-inline-color has-zakladna-zlata-color\">University Choir CHU\u0160<\/mark><\/strong>, which celebrates the 10th anniversary of its establishment. <\/p>\n\n\n\n<p>The concert will take place in the auditorium of the Faculty of Medicine on <strong><mark style=\"background-color:rgba(0, 0, 0, 0)\" class=\"has-inline-color has-zakladna-modra-color\">November 30th at 6:00 PM<\/mark><\/strong>. <\/p>\n\n\n\n<p><em>We look forward to seeing you<\/em>.<\/p>\n\n\n<style>.kb-image22680_0ada7d-bd.kb-image-is-ratio-size, .kb-image22680_0ada7d-bd .kb-image-is-ratio-size{max-width:600px;width:100%;}.wp-block-kadence-column > .kt-inside-inner-col > .kb-image22680_0ada7d-bd.kb-image-is-ratio-size, .wp-block-kadence-column > .kt-inside-inner-col > .kb-image22680_0ada7d-bd .kb-image-is-ratio-size{align-self:unset;}.kb-image22680_0ada7d-bd figure{max-width:600px;}.kb-image22680_0ada7d-bd .image-is-svg, .kb-image22680_0ada7d-bd .image-is-svg img{width:100%;}.kb-image22680_0ada7d-bd .kb-image-has-overlay:after{opacity:0.3;border-top-left-radius:14px;border-top-right-radius:14px;border-bottom-right-radius:14px;border-bottom-left-radius:14px;}.kb-image22680_0ada7d-bd img.kb-img, .kb-image22680_0ada7d-bd .kb-img img{border-top-left-radius:14px;border-top-right-radius:14px;border-bottom-right-radius:14px;border-bottom-left-radius:14px;}<\/style>\n<div class=\"wp-block-kadence-image kb-image22680_0ada7d-bd\"><figure class=\"aligncenter size-large\"><a href=\"https:\/\/www.upjs.sk\/app\/uploads\/sites\/15\/2024\/11\/bz-glakoncert-2024-plagat.jpg\" class=\"kb-advanced-image-link\" target=\"_blank\" rel=\"noopener noreferrer\"><img decoding=\"async\" src=\"https:\/\/www.upjs.sk\/app\/uploads\/sites\/15\/2024\/11\/bz-glakoncert-2024-plagat.jpg\" alt=\"\" class=\"kb-img\"\/><\/a><\/figure><\/div>\n","protected":false},"excerpt":{"rendered":"<p>We invite you to the gala concert of the University Choir CHU\u0160, which celebrates the 10th anniversary of its establishment. The concert will take place in the auditorium of the Faculty of Medicine on November 30th at 6:00 PM. We look forward to seeing you.<\/p>\n","protected":false},"author":14,"featured_media":22678,"menu_order":0,"template":"","meta":{"_acf_changed":false,"_editorskit_title_hidden":false,"_editorskit_reading_time":0,"_editorskit_is_block_options_detached":false,"_editorskit_block_options_position":"{}","footnotes":""},"categories":[],"tags":[],"tax_aktuality":[241],"class_list":["post-22680","cpt_aktuality","type-cpt_aktuality","status-publish","has-post-thumbnail","hentry","tax_aktuality-241"],"acf":{"acf_link_na_externy_obsah":"","poradie_clanku":""},"yoast_head":"<!-- This site is optimized with the Yoast SEO plugin v27.4 - https:\/\/yoast.com\/product\/yoast-seo-wordpress\/ -->\n<title>Chorus Universitatis \u0160afarikianae - Botanick\u00e1 z\u00e1hrada<\/title>\n<meta name=\"robots\" content=\"index, follow, max-snippet:-1, max-image-preview:large, max-video-preview:-1\" \/>\n<link rel=\"canonical\" href=\"https:\/\/www.upjs.sk\/pracoviska\/botanicka-zahrada\/en\/actuality\/chorus-universitatis-safarikianae\/\" \/>\n<meta property=\"og:locale\" content=\"en_US\" \/>\n<meta property=\"og:type\" content=\"article\" \/>\n<meta property=\"og:title\" content=\"Chorus Universitatis \u0160afarikianae - Botanick\u00e1 z\u00e1hrada\" \/>\n<meta property=\"og:description\" content=\"We invite you to the gala concert of the University Choir CHU\u0160, which celebrates the 10th anniversary of its establishment. The concert will take place in the auditorium of the Faculty of Medicine on November 30th at 6:00 PM. We look forward to seeing you.\" \/>\n<meta property=\"og:url\" content=\"https:\/\/www.upjs.sk\/pracoviska\/botanicka-zahrada\/en\/actuality\/chorus-universitatis-safarikianae\/\" \/>\n<meta property=\"og:site_name\" content=\"Botanick\u00e1 z\u00e1hrada\" \/>\n<meta property=\"article:modified_time\" content=\"2024-11-11T09:53:32+00:00\" \/>\n<meta property=\"og:image\" content=\"https:\/\/www.upjs.sk\/app\/uploads\/sites\/15\/2024\/11\/bz-glakoncert-2024-plagat-bm.jpg\" \/>\n\t<meta property=\"og:image:width\" content=\"399\" \/>\n\t<meta property=\"og:image:height\" content=\"275\" \/>\n\t<meta property=\"og:image:type\" content=\"image\/jpeg\" \/>\n<meta name=\"twitter:card\" content=\"summary_large_image\" \/>\n<meta name=\"twitter:label1\" content=\"Est. reading time\" \/>\n\t<meta name=\"twitter:data1\" content=\"1 minute\" \/>\n<script type=\"application\/ld+json\" class=\"yoast-schema-graph\">{\"@context\":\"https:\\\/\\\/schema.org\",\"@graph\":[{\"@type\":\"WebPage\",\"@id\":\"https:\\\/\\\/www.upjs.sk\\\/pracoviska\\\/botanicka-zahrada\\\/en\\\/actuality\\\/chorus-universitatis-safarikianae\\\/\",\"url\":\"https:\\\/\\\/www.upjs.sk\\\/pracoviska\\\/botanicka-zahrada\\\/en\\\/actuality\\\/chorus-universitatis-safarikianae\\\/\",\"name\":\"Chorus Universitatis \u0160afarikianae - Botanick\u00e1 z\u00e1hrada\",\"isPartOf\":{\"@id\":\"https:\\\/\\\/www.upjs.sk\\\/pracoviska\\\/botanicka-zahrada\\\/en\\\/#website\"},\"primaryImageOfPage\":{\"@id\":\"https:\\\/\\\/www.upjs.sk\\\/pracoviska\\\/botanicka-zahrada\\\/en\\\/actuality\\\/chorus-universitatis-safarikianae\\\/#primaryimage\"},\"image\":{\"@id\":\"https:\\\/\\\/www.upjs.sk\\\/pracoviska\\\/botanicka-zahrada\\\/en\\\/actuality\\\/chorus-universitatis-safarikianae\\\/#primaryimage\"},\"thumbnailUrl\":\"https:\\\/\\\/www.upjs.sk\\\/app\\\/uploads\\\/sites\\\/15\\\/2024\\\/11\\\/bz-glakoncert-2024-plagat-bm.jpg\",\"datePublished\":\"2024-11-11T09:39:34+00:00\",\"dateModified\":\"2024-11-11T09:53:32+00:00\",\"breadcrumb\":{\"@id\":\"https:\\\/\\\/www.upjs.sk\\\/pracoviska\\\/botanicka-zahrada\\\/en\\\/actuality\\\/chorus-universitatis-safarikianae\\\/#breadcrumb\"},\"inLanguage\":\"en-US\",\"potentialAction\":[{\"@type\":\"ReadAction\",\"target\":[\"https:\\\/\\\/www.upjs.sk\\\/pracoviska\\\/botanicka-zahrada\\\/en\\\/actuality\\\/chorus-universitatis-safarikianae\\\/\"]}]},{\"@type\":\"ImageObject\",\"inLanguage\":\"en-US\",\"@id\":\"https:\\\/\\\/www.upjs.sk\\\/pracoviska\\\/botanicka-zahrada\\\/en\\\/actuality\\\/chorus-universitatis-safarikianae\\\/#primaryimage\",\"url\":\"https:\\\/\\\/www.upjs.sk\\\/app\\\/uploads\\\/sites\\\/15\\\/2024\\\/11\\\/bz-glakoncert-2024-plagat-bm.jpg\",\"contentUrl\":\"https:\\\/\\\/www.upjs.sk\\\/app\\\/uploads\\\/sites\\\/15\\\/2024\\\/11\\\/bz-glakoncert-2024-plagat-bm.jpg\",\"width\":399,\"height\":275},{\"@type\":\"BreadcrumbList\",\"@id\":\"https:\\\/\\\/www.upjs.sk\\\/pracoviska\\\/botanicka-zahrada\\\/en\\\/actuality\\\/chorus-universitatis-safarikianae\\\/#breadcrumb\",\"itemListElement\":[{\"@type\":\"ListItem\",\"position\":1,\"name\":\"Home\",\"item\":\"https:\\\/\\\/www.upjs.sk\\\/pracoviska\\\/botanicka-zahrada\\\/en\\\/\"},{\"@type\":\"ListItem\",\"position\":2,\"name\":\"News\",\"item\":\"https:\\\/\\\/www.upjs.sk\\\/pracoviska\\\/botanicka-zahrada\\\/en\\\/actuality\\\/\"},{\"@type\":\"ListItem\",\"position\":3,\"name\":\"Chorus Universitatis \u0160afarikianae\"}]},{\"@type\":\"WebSite\",\"@id\":\"https:\\\/\\\/www.upjs.sk\\\/pracoviska\\\/botanicka-zahrada\\\/en\\\/#website\",\"url\":\"https:\\\/\\\/www.upjs.sk\\\/pracoviska\\\/botanicka-zahrada\\\/en\\\/\",\"name\":\"Botanick\u00e1 z\u00e1hrada\",\"description\":\"\",\"publisher\":{\"@id\":\"https:\\\/\\\/www.upjs.sk\\\/pracoviska\\\/botanicka-zahrada\\\/en\\\/#organization\"},\"potentialAction\":[{\"@type\":\"SearchAction\",\"target\":{\"@type\":\"EntryPoint\",\"urlTemplate\":\"https:\\\/\\\/www.upjs.sk\\\/pracoviska\\\/botanicka-zahrada\\\/en\\\/?s={search_term_string}\"},\"query-input\":{\"@type\":\"PropertyValueSpecification\",\"valueRequired\":true,\"valueName\":\"search_term_string\"}}],\"inLanguage\":\"en-US\"},{\"@type\":\"Organization\",\"@id\":\"https:\\\/\\\/www.upjs.sk\\\/pracoviska\\\/botanicka-zahrada\\\/en\\\/#organization\",\"name\":\"Botanick\u00e1 z\u00e1hrada\",\"url\":\"https:\\\/\\\/www.upjs.sk\\\/pracoviska\\\/botanicka-zahrada\\\/en\\\/\",\"logo\":{\"@type\":\"ImageObject\",\"inLanguage\":\"en-US\",\"@id\":\"https:\\\/\\\/www.upjs.sk\\\/pracoviska\\\/botanicka-zahrada\\\/en\\\/#\\\/schema\\\/logo\\\/image\\\/\",\"url\":\"https:\\\/\\\/www.upjs.sk\\\/app\\\/uploads\\\/sites\\\/15\\\/2023\\\/01\\\/BZ_ENG.svg\",\"contentUrl\":\"https:\\\/\\\/www.upjs.sk\\\/app\\\/uploads\\\/sites\\\/15\\\/2023\\\/01\\\/BZ_ENG.svg\",\"width\":500,\"height\":138,\"caption\":\"Botanick\u00e1 z\u00e1hrada\"},\"image\":{\"@id\":\"https:\\\/\\\/www.upjs.sk\\\/pracoviska\\\/botanicka-zahrada\\\/en\\\/#\\\/schema\\\/logo\\\/image\\\/\"}}]}<\/script>\n<!-- \/ Yoast SEO plugin. -->","yoast_head_json":{"title":"Chorus Universitatis \u0160afarikianae - Botanick\u00e1 z\u00e1hrada","robots":{"index":"index","follow":"follow","max-snippet":"max-snippet:-1","max-image-preview":"max-image-preview:large","max-video-preview":"max-video-preview:-1"},"canonical":"https:\/\/www.upjs.sk\/pracoviska\/botanicka-zahrada\/en\/actuality\/chorus-universitatis-safarikianae\/","og_locale":"en_US","og_type":"article","og_title":"Chorus Universitatis \u0160afarikianae - Botanick\u00e1 z\u00e1hrada","og_description":"We invite you to the gala concert of the University Choir CHU\u0160, which celebrates the 10th anniversary of its establishment. The concert will take place in the auditorium of the Faculty of Medicine on November 30th at 6:00 PM. We look forward to seeing you.","og_url":"https:\/\/www.upjs.sk\/pracoviska\/botanicka-zahrada\/en\/actuality\/chorus-universitatis-safarikianae\/","og_site_name":"Botanick\u00e1 z\u00e1hrada","article_modified_time":"2024-11-11T09:53:32+00:00","og_image":[{"width":399,"height":275,"url":"https:\/\/www.upjs.sk\/app\/uploads\/sites\/15\/2024\/11\/bz-glakoncert-2024-plagat-bm.jpg","type":"image\/jpeg"}],"twitter_card":"summary_large_image","twitter_misc":{"Est. reading time":"1 minute"},"schema":{"@context":"https:\/\/schema.org","@graph":[{"@type":"WebPage","@id":"https:\/\/www.upjs.sk\/pracoviska\/botanicka-zahrada\/en\/actuality\/chorus-universitatis-safarikianae\/","url":"https:\/\/www.upjs.sk\/pracoviska\/botanicka-zahrada\/en\/actuality\/chorus-universitatis-safarikianae\/","name":"Chorus Universitatis \u0160afarikianae - Botanick\u00e1 z\u00e1hrada","isPartOf":{"@id":"https:\/\/www.upjs.sk\/pracoviska\/botanicka-zahrada\/en\/#website"},"primaryImageOfPage":{"@id":"https:\/\/www.upjs.sk\/pracoviska\/botanicka-zahrada\/en\/actuality\/chorus-universitatis-safarikianae\/#primaryimage"},"image":{"@id":"https:\/\/www.upjs.sk\/pracoviska\/botanicka-zahrada\/en\/actuality\/chorus-universitatis-safarikianae\/#primaryimage"},"thumbnailUrl":"https:\/\/www.upjs.sk\/app\/uploads\/sites\/15\/2024\/11\/bz-glakoncert-2024-plagat-bm.jpg","datePublished":"2024-11-11T09:39:34+00:00","dateModified":"2024-11-11T09:53:32+00:00","breadcrumb":{"@id":"https:\/\/www.upjs.sk\/pracoviska\/botanicka-zahrada\/en\/actuality\/chorus-universitatis-safarikianae\/#breadcrumb"},"inLanguage":"en-US","potentialAction":[{"@type":"ReadAction","target":["https:\/\/www.upjs.sk\/pracoviska\/botanicka-zahrada\/en\/actuality\/chorus-universitatis-safarikianae\/"]}]},{"@type":"ImageObject","inLanguage":"en-US","@id":"https:\/\/www.upjs.sk\/pracoviska\/botanicka-zahrada\/en\/actuality\/chorus-universitatis-safarikianae\/#primaryimage","url":"https:\/\/www.upjs.sk\/app\/uploads\/sites\/15\/2024\/11\/bz-glakoncert-2024-plagat-bm.jpg","contentUrl":"https:\/\/www.upjs.sk\/app\/uploads\/sites\/15\/2024\/11\/bz-glakoncert-2024-plagat-bm.jpg","width":399,"height":275},{"@type":"BreadcrumbList","@id":"https:\/\/www.upjs.sk\/pracoviska\/botanicka-zahrada\/en\/actuality\/chorus-universitatis-safarikianae\/#breadcrumb","itemListElement":[{"@type":"ListItem","position":1,"name":"Home","item":"https:\/\/www.upjs.sk\/pracoviska\/botanicka-zahrada\/en\/"},{"@type":"ListItem","position":2,"name":"News","item":"https:\/\/www.upjs.sk\/pracoviska\/botanicka-zahrada\/en\/actuality\/"},{"@type":"ListItem","position":3,"name":"Chorus Universitatis \u0160afarikianae"}]},{"@type":"WebSite","@id":"https:\/\/www.upjs.sk\/pracoviska\/botanicka-zahrada\/en\/#website","url":"https:\/\/www.upjs.sk\/pracoviska\/botanicka-zahrada\/en\/","name":"Botanick\u00e1 z\u00e1hrada","description":"","publisher":{"@id":"https:\/\/www.upjs.sk\/pracoviska\/botanicka-zahrada\/en\/#organization"},"potentialAction":[{"@type":"SearchAction","target":{"@type":"EntryPoint","urlTemplate":"https:\/\/www.upjs.sk\/pracoviska\/botanicka-zahrada\/en\/?s={search_term_string}"},"query-input":{"@type":"PropertyValueSpecification","valueRequired":true,"valueName":"search_term_string"}}],"inLanguage":"en-US"},{"@type":"Organization","@id":"https:\/\/www.upjs.sk\/pracoviska\/botanicka-zahrada\/en\/#organization","name":"Botanick\u00e1 z\u00e1hrada","url":"https:\/\/www.upjs.sk\/pracoviska\/botanicka-zahrada\/en\/","logo":{"@type":"ImageObject","inLanguage":"en-US","@id":"https:\/\/www.upjs.sk\/pracoviska\/botanicka-zahrada\/en\/#\/schema\/logo\/image\/","url":"https:\/\/www.upjs.sk\/app\/uploads\/sites\/15\/2023\/01\/BZ_ENG.svg","contentUrl":"https:\/\/www.upjs.sk\/app\/uploads\/sites\/15\/2023\/01\/BZ_ENG.svg","width":500,"height":138,"caption":"Botanick\u00e1 z\u00e1hrada"},"image":{"@id":"https:\/\/www.upjs.sk\/pracoviska\/botanicka-zahrada\/en\/#\/schema\/logo\/image\/"}}]}},"_links":{"self":[{"href":"https:\/\/www.upjs.sk\/pracoviska\/botanicka-zahrada\/en\/wp-json\/wp\/v2\/cpt_aktuality\/22680","targetHints":{"allow":["GET"]}}],"collection":[{"href":"https:\/\/www.upjs.sk\/pracoviska\/botanicka-zahrada\/en\/wp-json\/wp\/v2\/cpt_aktuality"}],"about":[{"href":"https:\/\/www.upjs.sk\/pracoviska\/botanicka-zahrada\/en\/wp-json\/wp\/v2\/types\/cpt_aktuality"}],"author":[{"embeddable":true,"href":"https:\/\/www.upjs.sk\/pracoviska\/botanicka-zahrada\/en\/wp-json\/wp\/v2\/users\/14"}],"version-history":[{"count":2,"href":"https:\/\/www.upjs.sk\/pracoviska\/botanicka-zahrada\/en\/wp-json\/wp\/v2\/cpt_aktuality\/22680\/revisions"}],"predecessor-version":[{"id":22683,"href":"https:\/\/www.upjs.sk\/pracoviska\/botanicka-zahrada\/en\/wp-json\/wp\/v2\/cpt_aktuality\/22680\/revisions\/22683"}],"wp:featuredmedia":[{"embeddable":true,"href":"https:\/\/www.upjs.sk\/pracoviska\/botanicka-zahrada\/en\/wp-json\/wp\/v2\/media\/22678"}],"wp:attachment":[{"href":"https:\/\/www.upjs.sk\/pracoviska\/botanicka-zahrada\/en\/wp-json\/wp\/v2\/media?parent=22680"}],"wp:term":[{"taxonomy":"category","embeddable":true,"href":"https:\/\/www.upjs.sk\/pracoviska\/botanicka-zahrada\/en\/wp-json\/wp\/v2\/categories?post=22680"},{"taxonomy":"post_tag","embeddable":true,"href":"https:\/\/www.upjs.sk\/pracoviska\/botanicka-zahrada\/en\/wp-json\/wp\/v2\/tags?post=22680"},{"taxonomy":"tax_aktuality","embeddable":true,"href":"https:\/\/www.upjs.sk\/pracoviska\/botanicka-zahrada\/en\/wp-json\/wp\/v2\/tax_aktuality?post=22680"}],"curies":[{"name":"wp","href":"https:\/\/api.w.org\/{rel}","templated":true}]}}