{"id":21831,"date":"2024-02-14T08:44:30","date_gmt":"2024-02-14T08:44:30","guid":{"rendered":"https:\/\/www.upjs.sk\/pracoviska\/botanicka-zahrada\/?post_type=cpt_aktuality&#038;p=21831"},"modified":"2024-04-15T12:27:18","modified_gmt":"2024-04-15T12:27:18","slug":"mokrad-v-botanickej-zahrade","status":"publish","type":"cpt_aktuality","link":"https:\/\/www.upjs.sk\/pracoviska\/botanicka-zahrada\/actuality\/mokrad-v-botanickej-zahrade\/","title":{"rendered":"Mokra\u010f v botanickej z\u00e1hrade"},"content":{"rendered":"\n<p>Botanick\u00e1 z\u00e1hrada UPJ\u0160 v Ko\u0161iciach sa dlhodobo podie\u013ea na z\u00e1chrane mnoh\u00fdch rastlinn\u00fdch, ale aj vybran\u00fdch \u017eivo\u010d\u00ed\u0161nych druhov. Jedn\u00fdm z nich je <strong><mark style=\"background-color:rgba(0, 0, 0, 0)\" class=\"has-inline-color has-zakladna-zlata-color\">karas zlatist\u00fd<\/mark><\/strong> (<strong><mark style=\"background-color:rgba(0, 0, 0, 0)\" class=\"has-inline-color has-zakladna-zlata-color\">Carassius carassius<\/mark><\/strong>), na\u0161a p\u00f4vodn\u00e1 kaprovit\u00e1 ryba. Pod\u013ea \u010cerven\u00e9ho zoznamu r\u00fdb a mihu\u013eovcov patr\u00ed medzi silne ohrozen\u00e9 druhy. Preto v roku 2022 za\u010dala po prv\u00fdkr\u00e1t na Slovensku vz\u00e1jomn\u00e1 spolupr\u00e1ca viacer\u00fdch in\u0161tit\u00faci\u00ed zameran\u00e1 na z\u00e1chranu tohto ohrozen\u00e9ho tax\u00f3nu. <\/p>\n\n\n\n<p>Spolupr\u00e1ca medzi \u0160t\u00e1tnou ochranou pr\u00edrody SR a Slovensk\u00fdm ryb\u00e1rskym zv\u00e4z (SRZ) a Botanickou z\u00e1hradou UPJ\u0160 v Ko\u0161iciach vy\u00fastila do viacer\u00fdch aktiv\u00edt, o ktor\u00fdch sa viac dozviete v \u010dasopise <strong><a aria-label=\"Chr\u00e1nen\u00e9 \u00fazemia Slovenska \u010d.101\/2023 (opens in a new tab)\" href=\"https:\/\/www.sopsr.sk\/chus\/chranene-uzemia-slovenska-101\/34\/\" target=\"_blank\" rel=\"noreferrer noopener\" class=\"ek-link\">Chr\u00e1nen\u00e9 \u00fazemia Slovenska \u010d.101\/2023<\/a><\/strong>.<\/p>\n\n\n<style>.kb-image21831_c6d33e-f7 .kb-image-has-overlay:after{opacity:0.3;}<\/style>\n<div class=\"wp-block-kadence-image kb-image21831_c6d33e-f7\"><figure class=\"aligncenter size-large\"><a href=\"https:\/\/www.upjs.sk\/app\/uploads\/sites\/15\/2024\/02\/Karas-zlatisty-mokrad-BZ-2024-plagat.jpg\" class=\"kb-advanced-image-link\" target=\"_blank\" rel=\"noopener noreferrer\"><img loading=\"lazy\" decoding=\"async\" width=\"1024\" height=\"621\" src=\"https:\/\/www.upjs.sk\/app\/uploads\/sites\/15\/2024\/02\/Karas-zlatisty-mokrad-BZ-2024-plagat-1024x621.jpg\" alt=\"\" class=\"kb-img wp-image-21835\" srcset=\"https:\/\/www.upjs.sk\/app\/uploads\/sites\/15\/2024\/02\/Karas-zlatisty-mokrad-BZ-2024-plagat-1024x621.jpg 1024w, https:\/\/www.upjs.sk\/app\/uploads\/sites\/15\/2024\/02\/Karas-zlatisty-mokrad-BZ-2024-plagat-300x182.jpg 300w, https:\/\/www.upjs.sk\/app\/uploads\/sites\/15\/2024\/02\/Karas-zlatisty-mokrad-BZ-2024-plagat-768x465.jpg 768w, https:\/\/www.upjs.sk\/app\/uploads\/sites\/15\/2024\/02\/Karas-zlatisty-mokrad-BZ-2024-plagat.jpg 1500w\" sizes=\"auto, (max-width: 1024px) 100vw, 1024px\" \/><\/a><\/figure><\/div>\n","protected":false},"excerpt":{"rendered":"<p>Z\u00e1chrann\u00fd chov karasa zlatist\u00e9ho. Botanick\u00e1 z\u00e1hrada UPJ\u0160 sa dlhodobo podie\u013ea na z\u00e1chrane mnoh\u00fdch rastlinn\u00fdch, ale aj vybran\u00fdch \u017eivo\u010d\u00ed\u0161nych druhov.<\/p>\n","protected":false},"author":14,"featured_media":21841,"menu_order":0,"template":"","meta":{"_acf_changed":false,"_editorskit_title_hidden":false,"_editorskit_reading_time":0,"_editorskit_is_block_options_detached":false,"_editorskit_block_options_position":"{}","footnotes":""},"categories":[],"tags":[],"tax_aktuality":[241],"class_list":["post-21831","cpt_aktuality","type-cpt_aktuality","status-publish","has-post-thumbnail","hentry","tax_aktuality-241"],"acf":{"acf_link_na_externy_obsah":"","poradie_clanku":0},"yoast_head":"<!-- This site is optimized with the Yoast SEO plugin v27.4 - https:\/\/yoast.com\/product\/yoast-seo-wordpress\/ -->\n<title>Mokra\u010f v botanickej z\u00e1hrade - Botanick\u00e1 z\u00e1hrada<\/title>\n<meta name=\"robots\" content=\"index, follow, max-snippet:-1, max-image-preview:large, max-video-preview:-1\" \/>\n<link rel=\"canonical\" href=\"https:\/\/www.upjs.sk\/pracoviska\/botanicka-zahrada\/actuality\/mokrad-v-botanickej-zahrade\/\" \/>\n<meta property=\"og:locale\" content=\"sk_SK\" \/>\n<meta property=\"og:type\" content=\"article\" \/>\n<meta property=\"og:title\" content=\"Mokra\u010f v botanickej z\u00e1hrade - Botanick\u00e1 z\u00e1hrada\" \/>\n<meta property=\"og:description\" content=\"Z\u00e1chrann\u00fd chov karasa zlatist\u00e9ho. Botanick\u00e1 z\u00e1hrada UPJ\u0160 sa dlhodobo podie\u013ea na z\u00e1chrane mnoh\u00fdch rastlinn\u00fdch, ale aj vybran\u00fdch \u017eivo\u010d\u00ed\u0161nych druhov.\" \/>\n<meta property=\"og:url\" content=\"https:\/\/www.upjs.sk\/pracoviska\/botanicka-zahrada\/actuality\/mokrad-v-botanickej-zahrade\/\" \/>\n<meta property=\"og:site_name\" content=\"Botanick\u00e1 z\u00e1hrada\" \/>\n<meta property=\"article:modified_time\" content=\"2024-04-15T12:27:18+00:00\" \/>\n<meta property=\"og:image\" content=\"https:\/\/www.upjs.sk\/app\/uploads\/sites\/15\/2024\/02\/Karas-mokrad-BZ-2024bm-sk-1.jpg\" \/>\n\t<meta property=\"og:image:width\" content=\"500\" \/>\n\t<meta property=\"og:image:height\" content=\"380\" \/>\n\t<meta property=\"og:image:type\" content=\"image\/jpeg\" \/>\n<meta name=\"twitter:card\" content=\"summary_large_image\" \/>\n<meta name=\"twitter:label1\" content=\"Predpokladan\u00fd \u010das \u010d\u00edtania\" \/>\n\t<meta name=\"twitter:data1\" content=\"1 min\u00fata\" \/>\n<script type=\"application\/ld+json\" class=\"yoast-schema-graph\">{\"@context\":\"https:\\\/\\\/schema.org\",\"@graph\":[{\"@type\":\"WebPage\",\"@id\":\"https:\\\/\\\/www.upjs.sk\\\/pracoviska\\\/botanicka-zahrada\\\/actuality\\\/mokrad-v-botanickej-zahrade\\\/\",\"url\":\"https:\\\/\\\/www.upjs.sk\\\/pracoviska\\\/botanicka-zahrada\\\/actuality\\\/mokrad-v-botanickej-zahrade\\\/\",\"name\":\"Mokra\u010f v botanickej z\u00e1hrade - Botanick\u00e1 z\u00e1hrada\",\"isPartOf\":{\"@id\":\"https:\\\/\\\/www.upjs.sk\\\/pracoviska\\\/botanicka-zahrada\\\/#website\"},\"primaryImageOfPage\":{\"@id\":\"https:\\\/\\\/www.upjs.sk\\\/pracoviska\\\/botanicka-zahrada\\\/actuality\\\/mokrad-v-botanickej-zahrade\\\/#primaryimage\"},\"image\":{\"@id\":\"https:\\\/\\\/www.upjs.sk\\\/pracoviska\\\/botanicka-zahrada\\\/actuality\\\/mokrad-v-botanickej-zahrade\\\/#primaryimage\"},\"thumbnailUrl\":\"https:\\\/\\\/www.upjs.sk\\\/app\\\/uploads\\\/sites\\\/15\\\/2024\\\/02\\\/Karas-mokrad-BZ-2024bm-sk-1.jpg\",\"datePublished\":\"2024-02-14T08:44:30+00:00\",\"dateModified\":\"2024-04-15T12:27:18+00:00\",\"breadcrumb\":{\"@id\":\"https:\\\/\\\/www.upjs.sk\\\/pracoviska\\\/botanicka-zahrada\\\/actuality\\\/mokrad-v-botanickej-zahrade\\\/#breadcrumb\"},\"inLanguage\":\"sk-SK\",\"potentialAction\":[{\"@type\":\"ReadAction\",\"target\":[\"https:\\\/\\\/www.upjs.sk\\\/pracoviska\\\/botanicka-zahrada\\\/actuality\\\/mokrad-v-botanickej-zahrade\\\/\"]}]},{\"@type\":\"ImageObject\",\"inLanguage\":\"sk-SK\",\"@id\":\"https:\\\/\\\/www.upjs.sk\\\/pracoviska\\\/botanicka-zahrada\\\/actuality\\\/mokrad-v-botanickej-zahrade\\\/#primaryimage\",\"url\":\"https:\\\/\\\/www.upjs.sk\\\/app\\\/uploads\\\/sites\\\/15\\\/2024\\\/02\\\/Karas-mokrad-BZ-2024bm-sk-1.jpg\",\"contentUrl\":\"https:\\\/\\\/www.upjs.sk\\\/app\\\/uploads\\\/sites\\\/15\\\/2024\\\/02\\\/Karas-mokrad-BZ-2024bm-sk-1.jpg\",\"width\":500,\"height\":380},{\"@type\":\"BreadcrumbList\",\"@id\":\"https:\\\/\\\/www.upjs.sk\\\/pracoviska\\\/botanicka-zahrada\\\/actuality\\\/mokrad-v-botanickej-zahrade\\\/#breadcrumb\",\"itemListElement\":[{\"@type\":\"ListItem\",\"position\":1,\"name\":\"Home\",\"item\":\"https:\\\/\\\/www.upjs.sk\\\/pracoviska\\\/botanicka-zahrada\\\/\"},{\"@type\":\"ListItem\",\"position\":2,\"name\":\"Aktuality\",\"item\":\"https:\\\/\\\/www.upjs.sk\\\/pracoviska\\\/botanicka-zahrada\\\/actuality\\\/\"},{\"@type\":\"ListItem\",\"position\":3,\"name\":\"Mokra\u010f v botanickej z\u00e1hrade\"}]},{\"@type\":\"WebSite\",\"@id\":\"https:\\\/\\\/www.upjs.sk\\\/pracoviska\\\/botanicka-zahrada\\\/#website\",\"url\":\"https:\\\/\\\/www.upjs.sk\\\/pracoviska\\\/botanicka-zahrada\\\/\",\"name\":\"Botanick\u00e1 z\u00e1hrada\",\"description\":\"\",\"publisher\":{\"@id\":\"https:\\\/\\\/www.upjs.sk\\\/pracoviska\\\/botanicka-zahrada\\\/#organization\"},\"potentialAction\":[{\"@type\":\"SearchAction\",\"target\":{\"@type\":\"EntryPoint\",\"urlTemplate\":\"https:\\\/\\\/www.upjs.sk\\\/pracoviska\\\/botanicka-zahrada\\\/?s={search_term_string}\"},\"query-input\":{\"@type\":\"PropertyValueSpecification\",\"valueRequired\":true,\"valueName\":\"search_term_string\"}}],\"inLanguage\":\"sk-SK\"},{\"@type\":\"Organization\",\"@id\":\"https:\\\/\\\/www.upjs.sk\\\/pracoviska\\\/botanicka-zahrada\\\/#organization\",\"name\":\"Botanick\u00e1 z\u00e1hrada\",\"url\":\"https:\\\/\\\/www.upjs.sk\\\/pracoviska\\\/botanicka-zahrada\\\/\",\"logo\":{\"@type\":\"ImageObject\",\"inLanguage\":\"sk-SK\",\"@id\":\"https:\\\/\\\/www.upjs.sk\\\/pracoviska\\\/botanicka-zahrada\\\/#\\\/schema\\\/logo\\\/image\\\/\",\"url\":\"https:\\\/\\\/www.upjs.sk\\\/app\\\/uploads\\\/sites\\\/15\\\/2023\\\/01\\\/BZ-2.svg\",\"contentUrl\":\"https:\\\/\\\/www.upjs.sk\\\/app\\\/uploads\\\/sites\\\/15\\\/2023\\\/01\\\/BZ-2.svg\",\"width\":500,\"height\":138,\"caption\":\"Botanick\u00e1 z\u00e1hrada\"},\"image\":{\"@id\":\"https:\\\/\\\/www.upjs.sk\\\/pracoviska\\\/botanicka-zahrada\\\/#\\\/schema\\\/logo\\\/image\\\/\"}}]}<\/script>\n<!-- \/ Yoast SEO plugin. -->","yoast_head_json":{"title":"Mokra\u010f v botanickej z\u00e1hrade - Botanick\u00e1 z\u00e1hrada","robots":{"index":"index","follow":"follow","max-snippet":"max-snippet:-1","max-image-preview":"max-image-preview:large","max-video-preview":"max-video-preview:-1"},"canonical":"https:\/\/www.upjs.sk\/pracoviska\/botanicka-zahrada\/actuality\/mokrad-v-botanickej-zahrade\/","og_locale":"sk_SK","og_type":"article","og_title":"Mokra\u010f v botanickej z\u00e1hrade - Botanick\u00e1 z\u00e1hrada","og_description":"Z\u00e1chrann\u00fd chov karasa zlatist\u00e9ho. Botanick\u00e1 z\u00e1hrada UPJ\u0160 sa dlhodobo podie\u013ea na z\u00e1chrane mnoh\u00fdch rastlinn\u00fdch, ale aj vybran\u00fdch \u017eivo\u010d\u00ed\u0161nych druhov.","og_url":"https:\/\/www.upjs.sk\/pracoviska\/botanicka-zahrada\/actuality\/mokrad-v-botanickej-zahrade\/","og_site_name":"Botanick\u00e1 z\u00e1hrada","article_modified_time":"2024-04-15T12:27:18+00:00","og_image":[{"width":500,"height":380,"url":"https:\/\/www.upjs.sk\/app\/uploads\/sites\/15\/2024\/02\/Karas-mokrad-BZ-2024bm-sk-1.jpg","type":"image\/jpeg"}],"twitter_card":"summary_large_image","twitter_misc":{"Predpokladan\u00fd \u010das \u010d\u00edtania":"1 min\u00fata"},"schema":{"@context":"https:\/\/schema.org","@graph":[{"@type":"WebPage","@id":"https:\/\/www.upjs.sk\/pracoviska\/botanicka-zahrada\/actuality\/mokrad-v-botanickej-zahrade\/","url":"https:\/\/www.upjs.sk\/pracoviska\/botanicka-zahrada\/actuality\/mokrad-v-botanickej-zahrade\/","name":"Mokra\u010f v botanickej z\u00e1hrade - Botanick\u00e1 z\u00e1hrada","isPartOf":{"@id":"https:\/\/www.upjs.sk\/pracoviska\/botanicka-zahrada\/#website"},"primaryImageOfPage":{"@id":"https:\/\/www.upjs.sk\/pracoviska\/botanicka-zahrada\/actuality\/mokrad-v-botanickej-zahrade\/#primaryimage"},"image":{"@id":"https:\/\/www.upjs.sk\/pracoviska\/botanicka-zahrada\/actuality\/mokrad-v-botanickej-zahrade\/#primaryimage"},"thumbnailUrl":"https:\/\/www.upjs.sk\/app\/uploads\/sites\/15\/2024\/02\/Karas-mokrad-BZ-2024bm-sk-1.jpg","datePublished":"2024-02-14T08:44:30+00:00","dateModified":"2024-04-15T12:27:18+00:00","breadcrumb":{"@id":"https:\/\/www.upjs.sk\/pracoviska\/botanicka-zahrada\/actuality\/mokrad-v-botanickej-zahrade\/#breadcrumb"},"inLanguage":"sk-SK","potentialAction":[{"@type":"ReadAction","target":["https:\/\/www.upjs.sk\/pracoviska\/botanicka-zahrada\/actuality\/mokrad-v-botanickej-zahrade\/"]}]},{"@type":"ImageObject","inLanguage":"sk-SK","@id":"https:\/\/www.upjs.sk\/pracoviska\/botanicka-zahrada\/actuality\/mokrad-v-botanickej-zahrade\/#primaryimage","url":"https:\/\/www.upjs.sk\/app\/uploads\/sites\/15\/2024\/02\/Karas-mokrad-BZ-2024bm-sk-1.jpg","contentUrl":"https:\/\/www.upjs.sk\/app\/uploads\/sites\/15\/2024\/02\/Karas-mokrad-BZ-2024bm-sk-1.jpg","width":500,"height":380},{"@type":"BreadcrumbList","@id":"https:\/\/www.upjs.sk\/pracoviska\/botanicka-zahrada\/actuality\/mokrad-v-botanickej-zahrade\/#breadcrumb","itemListElement":[{"@type":"ListItem","position":1,"name":"Home","item":"https:\/\/www.upjs.sk\/pracoviska\/botanicka-zahrada\/"},{"@type":"ListItem","position":2,"name":"Aktuality","item":"https:\/\/www.upjs.sk\/pracoviska\/botanicka-zahrada\/actuality\/"},{"@type":"ListItem","position":3,"name":"Mokra\u010f v botanickej z\u00e1hrade"}]},{"@type":"WebSite","@id":"https:\/\/www.upjs.sk\/pracoviska\/botanicka-zahrada\/#website","url":"https:\/\/www.upjs.sk\/pracoviska\/botanicka-zahrada\/","name":"Botanick\u00e1 z\u00e1hrada","description":"","publisher":{"@id":"https:\/\/www.upjs.sk\/pracoviska\/botanicka-zahrada\/#organization"},"potentialAction":[{"@type":"SearchAction","target":{"@type":"EntryPoint","urlTemplate":"https:\/\/www.upjs.sk\/pracoviska\/botanicka-zahrada\/?s={search_term_string}"},"query-input":{"@type":"PropertyValueSpecification","valueRequired":true,"valueName":"search_term_string"}}],"inLanguage":"sk-SK"},{"@type":"Organization","@id":"https:\/\/www.upjs.sk\/pracoviska\/botanicka-zahrada\/#organization","name":"Botanick\u00e1 z\u00e1hrada","url":"https:\/\/www.upjs.sk\/pracoviska\/botanicka-zahrada\/","logo":{"@type":"ImageObject","inLanguage":"sk-SK","@id":"https:\/\/www.upjs.sk\/pracoviska\/botanicka-zahrada\/#\/schema\/logo\/image\/","url":"https:\/\/www.upjs.sk\/app\/uploads\/sites\/15\/2023\/01\/BZ-2.svg","contentUrl":"https:\/\/www.upjs.sk\/app\/uploads\/sites\/15\/2023\/01\/BZ-2.svg","width":500,"height":138,"caption":"Botanick\u00e1 z\u00e1hrada"},"image":{"@id":"https:\/\/www.upjs.sk\/pracoviska\/botanicka-zahrada\/#\/schema\/logo\/image\/"}}]}},"_links":{"self":[{"href":"https:\/\/www.upjs.sk\/pracoviska\/botanicka-zahrada\/wp-json\/wp\/v2\/cpt_aktuality\/21831","targetHints":{"allow":["GET"]}}],"collection":[{"href":"https:\/\/www.upjs.sk\/pracoviska\/botanicka-zahrada\/wp-json\/wp\/v2\/cpt_aktuality"}],"about":[{"href":"https:\/\/www.upjs.sk\/pracoviska\/botanicka-zahrada\/wp-json\/wp\/v2\/types\/cpt_aktuality"}],"author":[{"embeddable":true,"href":"https:\/\/www.upjs.sk\/pracoviska\/botanicka-zahrada\/wp-json\/wp\/v2\/users\/14"}],"version-history":[{"count":3,"href":"https:\/\/www.upjs.sk\/pracoviska\/botanicka-zahrada\/wp-json\/wp\/v2\/cpt_aktuality\/21831\/revisions"}],"predecessor-version":[{"id":21840,"href":"https:\/\/www.upjs.sk\/pracoviska\/botanicka-zahrada\/wp-json\/wp\/v2\/cpt_aktuality\/21831\/revisions\/21840"}],"wp:featuredmedia":[{"embeddable":true,"href":"https:\/\/www.upjs.sk\/pracoviska\/botanicka-zahrada\/wp-json\/wp\/v2\/media\/21841"}],"wp:attachment":[{"href":"https:\/\/www.upjs.sk\/pracoviska\/botanicka-zahrada\/wp-json\/wp\/v2\/media?parent=21831"}],"wp:term":[{"taxonomy":"category","embeddable":true,"href":"https:\/\/www.upjs.sk\/pracoviska\/botanicka-zahrada\/wp-json\/wp\/v2\/categories?post=21831"},{"taxonomy":"post_tag","embeddable":true,"href":"https:\/\/www.upjs.sk\/pracoviska\/botanicka-zahrada\/wp-json\/wp\/v2\/tags?post=21831"},{"taxonomy":"tax_aktuality","embeddable":true,"href":"https:\/\/www.upjs.sk\/pracoviska\/botanicka-zahrada\/wp-json\/wp\/v2\/tax_aktuality?post=21831"}],"curies":[{"name":"wp","href":"https:\/\/api.w.org\/{rel}","templated":true}]}}