{"id":22669,"date":"2024-11-11T09:39:34","date_gmt":"2024-11-11T09:39:34","guid":{"rendered":"https:\/\/www.upjs.sk\/pracoviska\/botanicka-zahrada\/?post_type=cpt_aktuality&#038;p=22669"},"modified":"2024-11-11T09:48:03","modified_gmt":"2024-11-11T09:48:03","slug":"pozvanka-na-gala-koncert","status":"publish","type":"cpt_aktuality","link":"https:\/\/www.upjs.sk\/pracoviska\/botanicka-zahrada\/actuality\/pozvanka-na-gala-koncert\/","title":{"rendered":"Pozv\u00e1nka na Gala koncert"},"content":{"rendered":"\n<p>Poz\u00fdvame V\u00e1s na sl\u00e1vnostn\u00fd <strong><mark style=\"background-color:rgba(0, 0, 0, 0)\" class=\"has-inline-color has-zakladna-zlata-color\">Gala koncert Univerzitn\u00e9ho zboru CHU\u0160<\/mark><\/strong>, ktor\u00fd oslavuje 10. v\u00fdro\u010die svojho vzniku. <\/p>\n\n\n\n<p>Koncert sa uskuto\u010dn\u00ed v aule Lek\u00e1rskej fakulty <strong><mark style=\"background-color:rgba(0, 0, 0, 0)\" class=\"has-inline-color has-zakladna-modra-color\">30. novembra 2024 o 18:00 hod<\/mark><\/strong>. <br><\/p>\n\n\n\n<p><em>Te\u0161\u00edme sa na V\u00e1s<\/em>.<\/p>\n\n\n<style>.kb-image22669_b02957-7c.kb-image-is-ratio-size, .kb-image22669_b02957-7c .kb-image-is-ratio-size{max-width:600px;width:100%;}.wp-block-kadence-column > .kt-inside-inner-col > .kb-image22669_b02957-7c.kb-image-is-ratio-size, .wp-block-kadence-column > .kt-inside-inner-col > .kb-image22669_b02957-7c .kb-image-is-ratio-size{align-self:unset;}.kb-image22669_b02957-7c figure{max-width:600px;}.kb-image22669_b02957-7c .image-is-svg, .kb-image22669_b02957-7c .image-is-svg img{width:100%;}.kb-image22669_b02957-7c .kb-image-has-overlay:after{opacity:0.3;border-top-left-radius:14px;border-top-right-radius:14px;border-bottom-right-radius:14px;border-bottom-left-radius:14px;}.kb-image22669_b02957-7c img.kb-img, .kb-image22669_b02957-7c .kb-img img{border-top-left-radius:14px;border-top-right-radius:14px;border-bottom-right-radius:14px;border-bottom-left-radius:14px;}<\/style>\n<div class=\"wp-block-kadence-image kb-image22669_b02957-7c\"><figure class=\"aligncenter size-large\"><a href=\"https:\/\/www.upjs.sk\/app\/uploads\/sites\/15\/2024\/11\/bz-glakoncert-2024-plagat.jpg\" class=\"kb-advanced-image-link\" target=\"_blank\" rel=\"noopener noreferrer\"><img decoding=\"async\" src=\"https:\/\/www.upjs.sk\/app\/uploads\/sites\/15\/2024\/11\/bz-glakoncert-2024-plagat.jpg\" alt=\"\" class=\"kb-img\"\/><\/a><\/figure><\/div>\n","protected":false},"excerpt":{"rendered":"<p>Poz\u00fdvame V\u00e1s na sl\u00e1vnostn\u00fd Gala koncert Univerzitn\u00e9ho zboru CHU\u0160, ktor\u00fd oslavuje 10. v\u00fdro\u010die svojho vzniku. Koncert sa uskuto\u010dn\u00ed v aule Lek\u00e1rskej fakulty 30. novembra 2024 o 18:00 hod. Te\u0161\u00edme sa na V\u00e1s.<\/p>\n","protected":false},"author":14,"featured_media":22677,"menu_order":0,"template":"","meta":{"_acf_changed":false,"_editorskit_title_hidden":false,"_editorskit_reading_time":0,"_editorskit_is_block_options_detached":false,"_editorskit_block_options_position":"{}","footnotes":""},"categories":[],"tags":[],"tax_aktuality":[241],"class_list":["post-22669","cpt_aktuality","type-cpt_aktuality","status-publish","has-post-thumbnail","hentry","tax_aktuality-241"],"acf":{"acf_link_na_externy_obsah":"","poradie_clanku":""},"yoast_head":"<!-- This site is optimized with the Yoast SEO plugin v27.4 - https:\/\/yoast.com\/product\/yoast-seo-wordpress\/ -->\n<title>Pozv\u00e1nka na Gala koncert - Botanick\u00e1 z\u00e1hrada<\/title>\n<meta name=\"robots\" content=\"index, follow, max-snippet:-1, max-image-preview:large, max-video-preview:-1\" \/>\n<link rel=\"canonical\" href=\"https:\/\/www.upjs.sk\/pracoviska\/botanicka-zahrada\/actuality\/pozvanka-na-gala-koncert\/\" \/>\n<meta property=\"og:locale\" content=\"sk_SK\" \/>\n<meta property=\"og:type\" content=\"article\" \/>\n<meta property=\"og:title\" content=\"Pozv\u00e1nka na Gala koncert - Botanick\u00e1 z\u00e1hrada\" \/>\n<meta property=\"og:description\" content=\"Poz\u00fdvame V\u00e1s na sl\u00e1vnostn\u00fd Gala koncert Univerzitn\u00e9ho zboru CHU\u0160, ktor\u00fd oslavuje 10. v\u00fdro\u010die svojho vzniku. Koncert sa uskuto\u010dn\u00ed v aule Lek\u00e1rskej fakulty 30. novembra 2024 o 18:00 hod. Te\u0161\u00edme sa na V\u00e1s.\" \/>\n<meta property=\"og:url\" content=\"https:\/\/www.upjs.sk\/pracoviska\/botanicka-zahrada\/actuality\/pozvanka-na-gala-koncert\/\" \/>\n<meta property=\"og:site_name\" content=\"Botanick\u00e1 z\u00e1hrada\" \/>\n<meta property=\"article:modified_time\" content=\"2024-11-11T09:48:03+00:00\" \/>\n<meta property=\"og:image\" content=\"https:\/\/www.upjs.sk\/app\/uploads\/sites\/15\/2024\/11\/bz-glakoncert-2024-plagat-bm.jpg\" \/>\n\t<meta property=\"og:image:width\" content=\"399\" \/>\n\t<meta property=\"og:image:height\" content=\"275\" \/>\n\t<meta property=\"og:image:type\" content=\"image\/jpeg\" \/>\n<meta name=\"twitter:card\" content=\"summary_large_image\" \/>\n<meta name=\"twitter:label1\" content=\"Predpokladan\u00fd \u010das \u010d\u00edtania\" \/>\n\t<meta name=\"twitter:data1\" content=\"1 min\u00fata\" \/>\n<script type=\"application\/ld+json\" class=\"yoast-schema-graph\">{\"@context\":\"https:\\\/\\\/schema.org\",\"@graph\":[{\"@type\":\"WebPage\",\"@id\":\"https:\\\/\\\/www.upjs.sk\\\/pracoviska\\\/botanicka-zahrada\\\/actuality\\\/pozvanka-na-gala-koncert\\\/\",\"url\":\"https:\\\/\\\/www.upjs.sk\\\/pracoviska\\\/botanicka-zahrada\\\/actuality\\\/pozvanka-na-gala-koncert\\\/\",\"name\":\"Pozv\u00e1nka na Gala koncert - Botanick\u00e1 z\u00e1hrada\",\"isPartOf\":{\"@id\":\"https:\\\/\\\/www.upjs.sk\\\/pracoviska\\\/botanicka-zahrada\\\/#website\"},\"primaryImageOfPage\":{\"@id\":\"https:\\\/\\\/www.upjs.sk\\\/pracoviska\\\/botanicka-zahrada\\\/actuality\\\/pozvanka-na-gala-koncert\\\/#primaryimage\"},\"image\":{\"@id\":\"https:\\\/\\\/www.upjs.sk\\\/pracoviska\\\/botanicka-zahrada\\\/actuality\\\/pozvanka-na-gala-koncert\\\/#primaryimage\"},\"thumbnailUrl\":\"https:\\\/\\\/www.upjs.sk\\\/app\\\/uploads\\\/sites\\\/15\\\/2024\\\/11\\\/bz-glakoncert-2024-plagat-bm.jpg\",\"datePublished\":\"2024-11-11T09:39:34+00:00\",\"dateModified\":\"2024-11-11T09:48:03+00:00\",\"breadcrumb\":{\"@id\":\"https:\\\/\\\/www.upjs.sk\\\/pracoviska\\\/botanicka-zahrada\\\/actuality\\\/pozvanka-na-gala-koncert\\\/#breadcrumb\"},\"inLanguage\":\"sk-SK\",\"potentialAction\":[{\"@type\":\"ReadAction\",\"target\":[\"https:\\\/\\\/www.upjs.sk\\\/pracoviska\\\/botanicka-zahrada\\\/actuality\\\/pozvanka-na-gala-koncert\\\/\"]}]},{\"@type\":\"ImageObject\",\"inLanguage\":\"sk-SK\",\"@id\":\"https:\\\/\\\/www.upjs.sk\\\/pracoviska\\\/botanicka-zahrada\\\/actuality\\\/pozvanka-na-gala-koncert\\\/#primaryimage\",\"url\":\"https:\\\/\\\/www.upjs.sk\\\/app\\\/uploads\\\/sites\\\/15\\\/2024\\\/11\\\/bz-glakoncert-2024-plagat-bm.jpg\",\"contentUrl\":\"https:\\\/\\\/www.upjs.sk\\\/app\\\/uploads\\\/sites\\\/15\\\/2024\\\/11\\\/bz-glakoncert-2024-plagat-bm.jpg\",\"width\":399,\"height\":275},{\"@type\":\"BreadcrumbList\",\"@id\":\"https:\\\/\\\/www.upjs.sk\\\/pracoviska\\\/botanicka-zahrada\\\/actuality\\\/pozvanka-na-gala-koncert\\\/#breadcrumb\",\"itemListElement\":[{\"@type\":\"ListItem\",\"position\":1,\"name\":\"Home\",\"item\":\"https:\\\/\\\/www.upjs.sk\\\/pracoviska\\\/botanicka-zahrada\\\/\"},{\"@type\":\"ListItem\",\"position\":2,\"name\":\"Aktuality\",\"item\":\"https:\\\/\\\/www.upjs.sk\\\/pracoviska\\\/botanicka-zahrada\\\/actuality\\\/\"},{\"@type\":\"ListItem\",\"position\":3,\"name\":\"Pozv\u00e1nka na Gala koncert\"}]},{\"@type\":\"WebSite\",\"@id\":\"https:\\\/\\\/www.upjs.sk\\\/pracoviska\\\/botanicka-zahrada\\\/#website\",\"url\":\"https:\\\/\\\/www.upjs.sk\\\/pracoviska\\\/botanicka-zahrada\\\/\",\"name\":\"Botanick\u00e1 z\u00e1hrada\",\"description\":\"\",\"publisher\":{\"@id\":\"https:\\\/\\\/www.upjs.sk\\\/pracoviska\\\/botanicka-zahrada\\\/#organization\"},\"potentialAction\":[{\"@type\":\"SearchAction\",\"target\":{\"@type\":\"EntryPoint\",\"urlTemplate\":\"https:\\\/\\\/www.upjs.sk\\\/pracoviska\\\/botanicka-zahrada\\\/?s={search_term_string}\"},\"query-input\":{\"@type\":\"PropertyValueSpecification\",\"valueRequired\":true,\"valueName\":\"search_term_string\"}}],\"inLanguage\":\"sk-SK\"},{\"@type\":\"Organization\",\"@id\":\"https:\\\/\\\/www.upjs.sk\\\/pracoviska\\\/botanicka-zahrada\\\/#organization\",\"name\":\"Botanick\u00e1 z\u00e1hrada\",\"url\":\"https:\\\/\\\/www.upjs.sk\\\/pracoviska\\\/botanicka-zahrada\\\/\",\"logo\":{\"@type\":\"ImageObject\",\"inLanguage\":\"sk-SK\",\"@id\":\"https:\\\/\\\/www.upjs.sk\\\/pracoviska\\\/botanicka-zahrada\\\/#\\\/schema\\\/logo\\\/image\\\/\",\"url\":\"https:\\\/\\\/www.upjs.sk\\\/app\\\/uploads\\\/sites\\\/15\\\/2023\\\/01\\\/BZ-2.svg\",\"contentUrl\":\"https:\\\/\\\/www.upjs.sk\\\/app\\\/uploads\\\/sites\\\/15\\\/2023\\\/01\\\/BZ-2.svg\",\"width\":500,\"height\":138,\"caption\":\"Botanick\u00e1 z\u00e1hrada\"},\"image\":{\"@id\":\"https:\\\/\\\/www.upjs.sk\\\/pracoviska\\\/botanicka-zahrada\\\/#\\\/schema\\\/logo\\\/image\\\/\"}}]}<\/script>\n<!-- \/ Yoast SEO plugin. -->","yoast_head_json":{"title":"Pozv\u00e1nka na Gala koncert - Botanick\u00e1 z\u00e1hrada","robots":{"index":"index","follow":"follow","max-snippet":"max-snippet:-1","max-image-preview":"max-image-preview:large","max-video-preview":"max-video-preview:-1"},"canonical":"https:\/\/www.upjs.sk\/pracoviska\/botanicka-zahrada\/actuality\/pozvanka-na-gala-koncert\/","og_locale":"sk_SK","og_type":"article","og_title":"Pozv\u00e1nka na Gala koncert - Botanick\u00e1 z\u00e1hrada","og_description":"Poz\u00fdvame V\u00e1s na sl\u00e1vnostn\u00fd Gala koncert Univerzitn\u00e9ho zboru CHU\u0160, ktor\u00fd oslavuje 10. v\u00fdro\u010die svojho vzniku. Koncert sa uskuto\u010dn\u00ed v aule Lek\u00e1rskej fakulty 30. novembra 2024 o 18:00 hod. Te\u0161\u00edme sa na V\u00e1s.","og_url":"https:\/\/www.upjs.sk\/pracoviska\/botanicka-zahrada\/actuality\/pozvanka-na-gala-koncert\/","og_site_name":"Botanick\u00e1 z\u00e1hrada","article_modified_time":"2024-11-11T09:48:03+00:00","og_image":[{"width":399,"height":275,"url":"https:\/\/www.upjs.sk\/app\/uploads\/sites\/15\/2024\/11\/bz-glakoncert-2024-plagat-bm.jpg","type":"image\/jpeg"}],"twitter_card":"summary_large_image","twitter_misc":{"Predpokladan\u00fd \u010das \u010d\u00edtania":"1 min\u00fata"},"schema":{"@context":"https:\/\/schema.org","@graph":[{"@type":"WebPage","@id":"https:\/\/www.upjs.sk\/pracoviska\/botanicka-zahrada\/actuality\/pozvanka-na-gala-koncert\/","url":"https:\/\/www.upjs.sk\/pracoviska\/botanicka-zahrada\/actuality\/pozvanka-na-gala-koncert\/","name":"Pozv\u00e1nka na Gala koncert - Botanick\u00e1 z\u00e1hrada","isPartOf":{"@id":"https:\/\/www.upjs.sk\/pracoviska\/botanicka-zahrada\/#website"},"primaryImageOfPage":{"@id":"https:\/\/www.upjs.sk\/pracoviska\/botanicka-zahrada\/actuality\/pozvanka-na-gala-koncert\/#primaryimage"},"image":{"@id":"https:\/\/www.upjs.sk\/pracoviska\/botanicka-zahrada\/actuality\/pozvanka-na-gala-koncert\/#primaryimage"},"thumbnailUrl":"https:\/\/www.upjs.sk\/app\/uploads\/sites\/15\/2024\/11\/bz-glakoncert-2024-plagat-bm.jpg","datePublished":"2024-11-11T09:39:34+00:00","dateModified":"2024-11-11T09:48:03+00:00","breadcrumb":{"@id":"https:\/\/www.upjs.sk\/pracoviska\/botanicka-zahrada\/actuality\/pozvanka-na-gala-koncert\/#breadcrumb"},"inLanguage":"sk-SK","potentialAction":[{"@type":"ReadAction","target":["https:\/\/www.upjs.sk\/pracoviska\/botanicka-zahrada\/actuality\/pozvanka-na-gala-koncert\/"]}]},{"@type":"ImageObject","inLanguage":"sk-SK","@id":"https:\/\/www.upjs.sk\/pracoviska\/botanicka-zahrada\/actuality\/pozvanka-na-gala-koncert\/#primaryimage","url":"https:\/\/www.upjs.sk\/app\/uploads\/sites\/15\/2024\/11\/bz-glakoncert-2024-plagat-bm.jpg","contentUrl":"https:\/\/www.upjs.sk\/app\/uploads\/sites\/15\/2024\/11\/bz-glakoncert-2024-plagat-bm.jpg","width":399,"height":275},{"@type":"BreadcrumbList","@id":"https:\/\/www.upjs.sk\/pracoviska\/botanicka-zahrada\/actuality\/pozvanka-na-gala-koncert\/#breadcrumb","itemListElement":[{"@type":"ListItem","position":1,"name":"Home","item":"https:\/\/www.upjs.sk\/pracoviska\/botanicka-zahrada\/"},{"@type":"ListItem","position":2,"name":"Aktuality","item":"https:\/\/www.upjs.sk\/pracoviska\/botanicka-zahrada\/actuality\/"},{"@type":"ListItem","position":3,"name":"Pozv\u00e1nka na Gala koncert"}]},{"@type":"WebSite","@id":"https:\/\/www.upjs.sk\/pracoviska\/botanicka-zahrada\/#website","url":"https:\/\/www.upjs.sk\/pracoviska\/botanicka-zahrada\/","name":"Botanick\u00e1 z\u00e1hrada","description":"","publisher":{"@id":"https:\/\/www.upjs.sk\/pracoviska\/botanicka-zahrada\/#organization"},"potentialAction":[{"@type":"SearchAction","target":{"@type":"EntryPoint","urlTemplate":"https:\/\/www.upjs.sk\/pracoviska\/botanicka-zahrada\/?s={search_term_string}"},"query-input":{"@type":"PropertyValueSpecification","valueRequired":true,"valueName":"search_term_string"}}],"inLanguage":"sk-SK"},{"@type":"Organization","@id":"https:\/\/www.upjs.sk\/pracoviska\/botanicka-zahrada\/#organization","name":"Botanick\u00e1 z\u00e1hrada","url":"https:\/\/www.upjs.sk\/pracoviska\/botanicka-zahrada\/","logo":{"@type":"ImageObject","inLanguage":"sk-SK","@id":"https:\/\/www.upjs.sk\/pracoviska\/botanicka-zahrada\/#\/schema\/logo\/image\/","url":"https:\/\/www.upjs.sk\/app\/uploads\/sites\/15\/2023\/01\/BZ-2.svg","contentUrl":"https:\/\/www.upjs.sk\/app\/uploads\/sites\/15\/2023\/01\/BZ-2.svg","width":500,"height":138,"caption":"Botanick\u00e1 z\u00e1hrada"},"image":{"@id":"https:\/\/www.upjs.sk\/pracoviska\/botanicka-zahrada\/#\/schema\/logo\/image\/"}}]}},"_links":{"self":[{"href":"https:\/\/www.upjs.sk\/pracoviska\/botanicka-zahrada\/wp-json\/wp\/v2\/cpt_aktuality\/22669","targetHints":{"allow":["GET"]}}],"collection":[{"href":"https:\/\/www.upjs.sk\/pracoviska\/botanicka-zahrada\/wp-json\/wp\/v2\/cpt_aktuality"}],"about":[{"href":"https:\/\/www.upjs.sk\/pracoviska\/botanicka-zahrada\/wp-json\/wp\/v2\/types\/cpt_aktuality"}],"author":[{"embeddable":true,"href":"https:\/\/www.upjs.sk\/pracoviska\/botanicka-zahrada\/wp-json\/wp\/v2\/users\/14"}],"version-history":[{"count":4,"href":"https:\/\/www.upjs.sk\/pracoviska\/botanicka-zahrada\/wp-json\/wp\/v2\/cpt_aktuality\/22669\/revisions"}],"predecessor-version":[{"id":22676,"href":"https:\/\/www.upjs.sk\/pracoviska\/botanicka-zahrada\/wp-json\/wp\/v2\/cpt_aktuality\/22669\/revisions\/22676"}],"wp:featuredmedia":[{"embeddable":true,"href":"https:\/\/www.upjs.sk\/pracoviska\/botanicka-zahrada\/wp-json\/wp\/v2\/media\/22677"}],"wp:attachment":[{"href":"https:\/\/www.upjs.sk\/pracoviska\/botanicka-zahrada\/wp-json\/wp\/v2\/media?parent=22669"}],"wp:term":[{"taxonomy":"category","embeddable":true,"href":"https:\/\/www.upjs.sk\/pracoviska\/botanicka-zahrada\/wp-json\/wp\/v2\/categories?post=22669"},{"taxonomy":"post_tag","embeddable":true,"href":"https:\/\/www.upjs.sk\/pracoviska\/botanicka-zahrada\/wp-json\/wp\/v2\/tags?post=22669"},{"taxonomy":"tax_aktuality","embeddable":true,"href":"https:\/\/www.upjs.sk\/pracoviska\/botanicka-zahrada\/wp-json\/wp\/v2\/tax_aktuality?post=22669"}],"curies":[{"name":"wp","href":"https:\/\/api.w.org\/{rel}","templated":true}]}}