{"id":23844,"date":"2025-06-03T14:05:59","date_gmt":"2025-06-03T14:05:59","guid":{"rendered":"https:\/\/www.upjs.sk\/pracoviska\/botanicka-zahrada\/?post_type=cpt_aktuality&#038;p=23844"},"modified":"2025-06-03T14:08:54","modified_gmt":"2025-06-03T14:08:54","slug":"koncert-skupiny-bureau","status":"publish","type":"cpt_aktuality","link":"https:\/\/www.upjs.sk\/pracoviska\/botanicka-zahrada\/actuality\/koncert-skupiny-bureau\/","title":{"rendered":"Koncert skupiny The Bureau"},"content":{"rendered":"\n<p>Poz\u00fdvame V\u00e1s na koncert skupiny <strong><mark style=\"background-color:rgba(0, 0, 0, 0)\" class=\"has-inline-color has-prirodovedecka-f-color\">The Bureau<\/mark><\/strong>, ktor\u00fd sa uskuto\u010dn\u00ed v piatok 4.7.2025 o 18:30.\u00a0<\/p>\n\n\n\n<p>Projekt The Bureau je mlad\u00e1 ko\u0161ick\u00e1 jazzov\u00e1 kapela s p\u00e4\u0165\u010dlenn\u00fdm zlo\u017een\u00edm.<\/p>\n\n\n\n<p>S\u00fastred\u00ed sa hlavne na vlastn\u00fa tvorbu a kompoz\u00edcie v r\u00e1mci &#8222;new jazzu&#8220;, novej vlny jazzu, ktor\u00e1 prich\u00e1dza z britskej hudobnej sc\u00e9ny, kde si tento \u017e\u00e1ner st\u00e1le viac a viac z\u00edskava posluch\u00e1\u010dov z mlad\u00fdch gener\u00e1cii.<\/p>\n\n\n\n<p>Kapela z\u00edskala nieko\u013eko ocenen\u00ed na popredn\u00fdch slovensk\u00fdch s\u00fa\u0165a\u017eiach v oblasti jazzovej hudby.<\/p>\n\n\n\n<p>Vstupenky v predpredaji iba online na port\u00e1li <a href=\"https:\/\/tootoot.fm\/sk\/events\/683d620071117ef74b20a20f\" target=\"_blank\" rel=\"noreferrer noopener\">tootoot.fm<\/a><\/p>\n\n\n\n<figure class=\"wp-block-image aligncenter size-full is-resized\"><img loading=\"lazy\" decoding=\"async\" width=\"640\" height=\"800\" src=\"https:\/\/www.upjs.sk\/app\/uploads\/sites\/15\/2025\/06\/The-bureau-botanicka_fb-ig-post.jpg\" alt=\"\" class=\"wp-image-23845\" style=\"width:450px;height:auto\" srcset=\"https:\/\/www.upjs.sk\/app\/uploads\/sites\/15\/2025\/06\/The-bureau-botanicka_fb-ig-post.jpg 640w, https:\/\/www.upjs.sk\/app\/uploads\/sites\/15\/2025\/06\/The-bureau-botanicka_fb-ig-post-240x300.jpg 240w\" sizes=\"auto, (max-width: 640px) 100vw, 640px\" \/><\/figure>\n\n\n\n<p><\/p>\n","protected":false},"excerpt":{"rendered":"<p>Poz\u00fdvame V\u00e1s na koncert skupiny The Bureau, ktor\u00fd sa uskuto\u010dn\u00ed v piatok 4.7.2025 o 18:30.\u00a0 Projekt The Bureau je mlad\u00e1 ko\u0161ick\u00e1 jazzov\u00e1 kapela s p\u00e4\u0165\u010dlenn\u00fdm zlo\u017een\u00edm. S\u00fastred\u00ed sa hlavne na vlastn\u00fa tvorbu a kompoz\u00edcie v r\u00e1mci &#8222;new jazzu&#8220;, novej vlny jazzu, ktor\u00e1 prich\u00e1dza z britskej hudobnej sc\u00e9ny, kde si tento \u017e\u00e1ner st\u00e1le viac a viac &hellip; <a href=\"https:\/\/www.upjs.sk\/pracoviska\/botanicka-zahrada\/actuality\/koncert-skupiny-bureau\/\">\u010c\u00edta\u0165 \u010falej<\/a><\/p>\n","protected":false},"author":99,"featured_media":23845,"menu_order":0,"template":"","meta":{"_acf_changed":false,"_editorskit_title_hidden":false,"_editorskit_reading_time":0,"_editorskit_is_block_options_detached":false,"_editorskit_block_options_position":"{}","footnotes":""},"categories":[],"tags":[],"tax_aktuality":[253],"class_list":["post-23844","cpt_aktuality","type-cpt_aktuality","status-publish","has-post-thumbnail","hentry","tax_aktuality-253"],"acf":{"acf_link_na_externy_obsah":"","poradie_clanku":""},"yoast_head":"<!-- This site is optimized with the Yoast SEO plugin v27.4 - https:\/\/yoast.com\/product\/yoast-seo-wordpress\/ -->\n<title>Koncert skupiny The Bureau - Botanick\u00e1 z\u00e1hrada<\/title>\n<meta name=\"robots\" content=\"index, follow, max-snippet:-1, max-image-preview:large, max-video-preview:-1\" \/>\n<link rel=\"canonical\" href=\"https:\/\/www.upjs.sk\/pracoviska\/botanicka-zahrada\/actuality\/koncert-skupiny-bureau\/\" \/>\n<meta property=\"og:locale\" content=\"sk_SK\" \/>\n<meta property=\"og:type\" content=\"article\" \/>\n<meta property=\"og:title\" content=\"Koncert skupiny The Bureau - Botanick\u00e1 z\u00e1hrada\" \/>\n<meta property=\"og:description\" content=\"Poz\u00fdvame V\u00e1s na koncert skupiny The Bureau, ktor\u00fd sa uskuto\u010dn\u00ed v piatok 4.7.2025 o 18:30.\u00a0 Projekt The Bureau je mlad\u00e1 ko\u0161ick\u00e1 jazzov\u00e1 kapela s p\u00e4\u0165\u010dlenn\u00fdm zlo\u017een\u00edm. S\u00fastred\u00ed sa hlavne na vlastn\u00fa tvorbu a kompoz\u00edcie v r\u00e1mci &#8222;new jazzu&#8220;, novej vlny jazzu, ktor\u00e1 prich\u00e1dza z britskej hudobnej sc\u00e9ny, kde si tento \u017e\u00e1ner st\u00e1le viac a viac &hellip; \u010c\u00edta\u0165 \u010falej\" \/>\n<meta property=\"og:url\" content=\"https:\/\/www.upjs.sk\/pracoviska\/botanicka-zahrada\/actuality\/koncert-skupiny-bureau\/\" \/>\n<meta property=\"og:site_name\" content=\"Botanick\u00e1 z\u00e1hrada\" \/>\n<meta property=\"article:modified_time\" content=\"2025-06-03T14:08:54+00:00\" \/>\n<meta property=\"og:image\" content=\"https:\/\/www.upjs.sk\/app\/uploads\/sites\/15\/2025\/06\/The-bureau-botanicka_fb-ig-post.jpg\" \/>\n\t<meta property=\"og:image:width\" content=\"640\" \/>\n\t<meta property=\"og:image:height\" content=\"800\" \/>\n\t<meta property=\"og:image:type\" content=\"image\/jpeg\" \/>\n<meta name=\"twitter:card\" content=\"summary_large_image\" \/>\n<meta name=\"twitter:label1\" content=\"Predpokladan\u00fd \u010das \u010d\u00edtania\" \/>\n\t<meta name=\"twitter:data1\" content=\"1 min\u00fata\" \/>\n<script type=\"application\/ld+json\" class=\"yoast-schema-graph\">{\"@context\":\"https:\\\/\\\/schema.org\",\"@graph\":[{\"@type\":\"WebPage\",\"@id\":\"https:\\\/\\\/www.upjs.sk\\\/pracoviska\\\/botanicka-zahrada\\\/actuality\\\/koncert-skupiny-bureau\\\/\",\"url\":\"https:\\\/\\\/www.upjs.sk\\\/pracoviska\\\/botanicka-zahrada\\\/actuality\\\/koncert-skupiny-bureau\\\/\",\"name\":\"Koncert skupiny The Bureau - Botanick\u00e1 z\u00e1hrada\",\"isPartOf\":{\"@id\":\"https:\\\/\\\/www.upjs.sk\\\/pracoviska\\\/botanicka-zahrada\\\/#website\"},\"primaryImageOfPage\":{\"@id\":\"https:\\\/\\\/www.upjs.sk\\\/pracoviska\\\/botanicka-zahrada\\\/actuality\\\/koncert-skupiny-bureau\\\/#primaryimage\"},\"image\":{\"@id\":\"https:\\\/\\\/www.upjs.sk\\\/pracoviska\\\/botanicka-zahrada\\\/actuality\\\/koncert-skupiny-bureau\\\/#primaryimage\"},\"thumbnailUrl\":\"https:\\\/\\\/www.upjs.sk\\\/app\\\/uploads\\\/sites\\\/15\\\/2025\\\/06\\\/The-bureau-botanicka_fb-ig-post.jpg\",\"datePublished\":\"2025-06-03T14:05:59+00:00\",\"dateModified\":\"2025-06-03T14:08:54+00:00\",\"breadcrumb\":{\"@id\":\"https:\\\/\\\/www.upjs.sk\\\/pracoviska\\\/botanicka-zahrada\\\/actuality\\\/koncert-skupiny-bureau\\\/#breadcrumb\"},\"inLanguage\":\"sk-SK\",\"potentialAction\":[{\"@type\":\"ReadAction\",\"target\":[\"https:\\\/\\\/www.upjs.sk\\\/pracoviska\\\/botanicka-zahrada\\\/actuality\\\/koncert-skupiny-bureau\\\/\"]}]},{\"@type\":\"ImageObject\",\"inLanguage\":\"sk-SK\",\"@id\":\"https:\\\/\\\/www.upjs.sk\\\/pracoviska\\\/botanicka-zahrada\\\/actuality\\\/koncert-skupiny-bureau\\\/#primaryimage\",\"url\":\"https:\\\/\\\/www.upjs.sk\\\/app\\\/uploads\\\/sites\\\/15\\\/2025\\\/06\\\/The-bureau-botanicka_fb-ig-post.jpg\",\"contentUrl\":\"https:\\\/\\\/www.upjs.sk\\\/app\\\/uploads\\\/sites\\\/15\\\/2025\\\/06\\\/The-bureau-botanicka_fb-ig-post.jpg\",\"width\":640,\"height\":800},{\"@type\":\"BreadcrumbList\",\"@id\":\"https:\\\/\\\/www.upjs.sk\\\/pracoviska\\\/botanicka-zahrada\\\/actuality\\\/koncert-skupiny-bureau\\\/#breadcrumb\",\"itemListElement\":[{\"@type\":\"ListItem\",\"position\":1,\"name\":\"Home\",\"item\":\"https:\\\/\\\/www.upjs.sk\\\/pracoviska\\\/botanicka-zahrada\\\/\"},{\"@type\":\"ListItem\",\"position\":2,\"name\":\"Aktuality\",\"item\":\"https:\\\/\\\/www.upjs.sk\\\/pracoviska\\\/botanicka-zahrada\\\/actuality\\\/\"},{\"@type\":\"ListItem\",\"position\":3,\"name\":\"Koncert skupiny The Bureau\"}]},{\"@type\":\"WebSite\",\"@id\":\"https:\\\/\\\/www.upjs.sk\\\/pracoviska\\\/botanicka-zahrada\\\/#website\",\"url\":\"https:\\\/\\\/www.upjs.sk\\\/pracoviska\\\/botanicka-zahrada\\\/\",\"name\":\"Botanick\u00e1 z\u00e1hrada\",\"description\":\"\",\"publisher\":{\"@id\":\"https:\\\/\\\/www.upjs.sk\\\/pracoviska\\\/botanicka-zahrada\\\/#organization\"},\"potentialAction\":[{\"@type\":\"SearchAction\",\"target\":{\"@type\":\"EntryPoint\",\"urlTemplate\":\"https:\\\/\\\/www.upjs.sk\\\/pracoviska\\\/botanicka-zahrada\\\/?s={search_term_string}\"},\"query-input\":{\"@type\":\"PropertyValueSpecification\",\"valueRequired\":true,\"valueName\":\"search_term_string\"}}],\"inLanguage\":\"sk-SK\"},{\"@type\":\"Organization\",\"@id\":\"https:\\\/\\\/www.upjs.sk\\\/pracoviska\\\/botanicka-zahrada\\\/#organization\",\"name\":\"Botanick\u00e1 z\u00e1hrada\",\"url\":\"https:\\\/\\\/www.upjs.sk\\\/pracoviska\\\/botanicka-zahrada\\\/\",\"logo\":{\"@type\":\"ImageObject\",\"inLanguage\":\"sk-SK\",\"@id\":\"https:\\\/\\\/www.upjs.sk\\\/pracoviska\\\/botanicka-zahrada\\\/#\\\/schema\\\/logo\\\/image\\\/\",\"url\":\"https:\\\/\\\/www.upjs.sk\\\/app\\\/uploads\\\/sites\\\/15\\\/2023\\\/01\\\/BZ-2.svg\",\"contentUrl\":\"https:\\\/\\\/www.upjs.sk\\\/app\\\/uploads\\\/sites\\\/15\\\/2023\\\/01\\\/BZ-2.svg\",\"width\":500,\"height\":138,\"caption\":\"Botanick\u00e1 z\u00e1hrada\"},\"image\":{\"@id\":\"https:\\\/\\\/www.upjs.sk\\\/pracoviska\\\/botanicka-zahrada\\\/#\\\/schema\\\/logo\\\/image\\\/\"}}]}<\/script>\n<!-- \/ Yoast SEO plugin. -->","yoast_head_json":{"title":"Koncert skupiny The Bureau - Botanick\u00e1 z\u00e1hrada","robots":{"index":"index","follow":"follow","max-snippet":"max-snippet:-1","max-image-preview":"max-image-preview:large","max-video-preview":"max-video-preview:-1"},"canonical":"https:\/\/www.upjs.sk\/pracoviska\/botanicka-zahrada\/actuality\/koncert-skupiny-bureau\/","og_locale":"sk_SK","og_type":"article","og_title":"Koncert skupiny The Bureau - Botanick\u00e1 z\u00e1hrada","og_description":"Poz\u00fdvame V\u00e1s na koncert skupiny The Bureau, ktor\u00fd sa uskuto\u010dn\u00ed v piatok 4.7.2025 o 18:30.\u00a0 Projekt The Bureau je mlad\u00e1 ko\u0161ick\u00e1 jazzov\u00e1 kapela s p\u00e4\u0165\u010dlenn\u00fdm zlo\u017een\u00edm. S\u00fastred\u00ed sa hlavne na vlastn\u00fa tvorbu a kompoz\u00edcie v r\u00e1mci &#8222;new jazzu&#8220;, novej vlny jazzu, ktor\u00e1 prich\u00e1dza z britskej hudobnej sc\u00e9ny, kde si tento \u017e\u00e1ner st\u00e1le viac a viac &hellip; \u010c\u00edta\u0165 \u010falej","og_url":"https:\/\/www.upjs.sk\/pracoviska\/botanicka-zahrada\/actuality\/koncert-skupiny-bureau\/","og_site_name":"Botanick\u00e1 z\u00e1hrada","article_modified_time":"2025-06-03T14:08:54+00:00","og_image":[{"width":640,"height":800,"url":"https:\/\/www.upjs.sk\/app\/uploads\/sites\/15\/2025\/06\/The-bureau-botanicka_fb-ig-post.jpg","type":"image\/jpeg"}],"twitter_card":"summary_large_image","twitter_misc":{"Predpokladan\u00fd \u010das \u010d\u00edtania":"1 min\u00fata"},"schema":{"@context":"https:\/\/schema.org","@graph":[{"@type":"WebPage","@id":"https:\/\/www.upjs.sk\/pracoviska\/botanicka-zahrada\/actuality\/koncert-skupiny-bureau\/","url":"https:\/\/www.upjs.sk\/pracoviska\/botanicka-zahrada\/actuality\/koncert-skupiny-bureau\/","name":"Koncert skupiny The Bureau - Botanick\u00e1 z\u00e1hrada","isPartOf":{"@id":"https:\/\/www.upjs.sk\/pracoviska\/botanicka-zahrada\/#website"},"primaryImageOfPage":{"@id":"https:\/\/www.upjs.sk\/pracoviska\/botanicka-zahrada\/actuality\/koncert-skupiny-bureau\/#primaryimage"},"image":{"@id":"https:\/\/www.upjs.sk\/pracoviska\/botanicka-zahrada\/actuality\/koncert-skupiny-bureau\/#primaryimage"},"thumbnailUrl":"https:\/\/www.upjs.sk\/app\/uploads\/sites\/15\/2025\/06\/The-bureau-botanicka_fb-ig-post.jpg","datePublished":"2025-06-03T14:05:59+00:00","dateModified":"2025-06-03T14:08:54+00:00","breadcrumb":{"@id":"https:\/\/www.upjs.sk\/pracoviska\/botanicka-zahrada\/actuality\/koncert-skupiny-bureau\/#breadcrumb"},"inLanguage":"sk-SK","potentialAction":[{"@type":"ReadAction","target":["https:\/\/www.upjs.sk\/pracoviska\/botanicka-zahrada\/actuality\/koncert-skupiny-bureau\/"]}]},{"@type":"ImageObject","inLanguage":"sk-SK","@id":"https:\/\/www.upjs.sk\/pracoviska\/botanicka-zahrada\/actuality\/koncert-skupiny-bureau\/#primaryimage","url":"https:\/\/www.upjs.sk\/app\/uploads\/sites\/15\/2025\/06\/The-bureau-botanicka_fb-ig-post.jpg","contentUrl":"https:\/\/www.upjs.sk\/app\/uploads\/sites\/15\/2025\/06\/The-bureau-botanicka_fb-ig-post.jpg","width":640,"height":800},{"@type":"BreadcrumbList","@id":"https:\/\/www.upjs.sk\/pracoviska\/botanicka-zahrada\/actuality\/koncert-skupiny-bureau\/#breadcrumb","itemListElement":[{"@type":"ListItem","position":1,"name":"Home","item":"https:\/\/www.upjs.sk\/pracoviska\/botanicka-zahrada\/"},{"@type":"ListItem","position":2,"name":"Aktuality","item":"https:\/\/www.upjs.sk\/pracoviska\/botanicka-zahrada\/actuality\/"},{"@type":"ListItem","position":3,"name":"Koncert skupiny The Bureau"}]},{"@type":"WebSite","@id":"https:\/\/www.upjs.sk\/pracoviska\/botanicka-zahrada\/#website","url":"https:\/\/www.upjs.sk\/pracoviska\/botanicka-zahrada\/","name":"Botanick\u00e1 z\u00e1hrada","description":"","publisher":{"@id":"https:\/\/www.upjs.sk\/pracoviska\/botanicka-zahrada\/#organization"},"potentialAction":[{"@type":"SearchAction","target":{"@type":"EntryPoint","urlTemplate":"https:\/\/www.upjs.sk\/pracoviska\/botanicka-zahrada\/?s={search_term_string}"},"query-input":{"@type":"PropertyValueSpecification","valueRequired":true,"valueName":"search_term_string"}}],"inLanguage":"sk-SK"},{"@type":"Organization","@id":"https:\/\/www.upjs.sk\/pracoviska\/botanicka-zahrada\/#organization","name":"Botanick\u00e1 z\u00e1hrada","url":"https:\/\/www.upjs.sk\/pracoviska\/botanicka-zahrada\/","logo":{"@type":"ImageObject","inLanguage":"sk-SK","@id":"https:\/\/www.upjs.sk\/pracoviska\/botanicka-zahrada\/#\/schema\/logo\/image\/","url":"https:\/\/www.upjs.sk\/app\/uploads\/sites\/15\/2023\/01\/BZ-2.svg","contentUrl":"https:\/\/www.upjs.sk\/app\/uploads\/sites\/15\/2023\/01\/BZ-2.svg","width":500,"height":138,"caption":"Botanick\u00e1 z\u00e1hrada"},"image":{"@id":"https:\/\/www.upjs.sk\/pracoviska\/botanicka-zahrada\/#\/schema\/logo\/image\/"}}]}},"_links":{"self":[{"href":"https:\/\/www.upjs.sk\/pracoviska\/botanicka-zahrada\/wp-json\/wp\/v2\/cpt_aktuality\/23844","targetHints":{"allow":["GET"]}}],"collection":[{"href":"https:\/\/www.upjs.sk\/pracoviska\/botanicka-zahrada\/wp-json\/wp\/v2\/cpt_aktuality"}],"about":[{"href":"https:\/\/www.upjs.sk\/pracoviska\/botanicka-zahrada\/wp-json\/wp\/v2\/types\/cpt_aktuality"}],"author":[{"embeddable":true,"href":"https:\/\/www.upjs.sk\/pracoviska\/botanicka-zahrada\/wp-json\/wp\/v2\/users\/99"}],"version-history":[{"count":3,"href":"https:\/\/www.upjs.sk\/pracoviska\/botanicka-zahrada\/wp-json\/wp\/v2\/cpt_aktuality\/23844\/revisions"}],"predecessor-version":[{"id":23851,"href":"https:\/\/www.upjs.sk\/pracoviska\/botanicka-zahrada\/wp-json\/wp\/v2\/cpt_aktuality\/23844\/revisions\/23851"}],"wp:featuredmedia":[{"embeddable":true,"href":"https:\/\/www.upjs.sk\/pracoviska\/botanicka-zahrada\/wp-json\/wp\/v2\/media\/23845"}],"wp:attachment":[{"href":"https:\/\/www.upjs.sk\/pracoviska\/botanicka-zahrada\/wp-json\/wp\/v2\/media?parent=23844"}],"wp:term":[{"taxonomy":"category","embeddable":true,"href":"https:\/\/www.upjs.sk\/pracoviska\/botanicka-zahrada\/wp-json\/wp\/v2\/categories?post=23844"},{"taxonomy":"post_tag","embeddable":true,"href":"https:\/\/www.upjs.sk\/pracoviska\/botanicka-zahrada\/wp-json\/wp\/v2\/tags?post=23844"},{"taxonomy":"tax_aktuality","embeddable":true,"href":"https:\/\/www.upjs.sk\/pracoviska\/botanicka-zahrada\/wp-json\/wp\/v2\/tax_aktuality?post=23844"}],"curies":[{"name":"wp","href":"https:\/\/api.w.org\/{rel}","templated":true}]}}