{"id":12830,"date":"2022-09-02T13:45:11","date_gmt":"2022-09-02T13:45:11","guid":{"rendered":"https:\/\/www.upjs.sk\/pracoviska\/botanicka-zahrada\/root\/navstivte-nas\/akcie-2020\/"},"modified":"2025-12-17T09:36:48","modified_gmt":"2025-12-17T09:36:48","slug":"archiv-akcii","status":"publish","type":"page","link":"https:\/\/www.upjs.sk\/pracoviska\/botanicka-zahrada\/navstivte-nas\/archiv-akcii\/","title":{"rendered":"Arch\u00edv kalend\u00e1ra akci\u00ed"},"content":{"rendered":"\n<p><strong><mark style=\"background-color:rgba(0, 0, 0, 0)\" class=\"has-inline-color has-zakladna-zlata-color\">2025<\/mark><\/strong><\/p>\n\n\n\n<p>1.2.2025 &#8211; <a href=\"https:\/\/www.upjs.sk\/pracoviska\/botanicka-zahrada\/actuality\/pozvanka-na-klub-vcelarov\/\">Klub v\u010del\u00e1rov<\/a><br>14.2.-2.3.2025 &#8211; <strong><a href=\"https:\/\/www.upjs.sk\/pracoviska\/botanicka-zahrada\/actuality\/vystava-orchidei\/\" target=\"_blank\" rel=\"noreferrer noopener\">V\u00fdstava orchide\u00ed<\/a><\/strong><br>marec &#8211; 15.5.2025 &#8211; <a href=\"https:\/\/www.upjs.sk\/pracoviska\/botanicka-zahrada\/actuality\/botanicka-zahrada-prisla-do-mesta\/\" target=\"_blank\" rel=\"noreferrer noopener\"><strong>Botanick\u00e1 z\u00e1hrada pri\u0161la do mesta<\/strong><\/a><br>8.5.-11.5.2025 &#8211; <a href=\"https:\/\/www.upjs.sk\/pracoviska\/botanicka-zahrada\/actuality\/cassovia-bonsai-2025\/\" target=\"_blank\" rel=\"noreferrer noopener\"><strong>CASSOVIA BONSAI 2025<\/strong><\/a><br>3.5.2025 &#8211; <strong><a href=\"https:\/\/www.upjs.sk\/pracoviska\/botanicka-zahrada\/actuality\/den-otvorenych-dveri-a-swap-rastlin\/\" target=\"_blank\" rel=\"noreferrer noopener\">SWAP rastl\u00edn a De\u0148 otvoren\u00fdch dver\u00ed<\/a><\/strong><br>16.5.-14.9.2025 &#8211; <strong>V\u00fdstavka k 75. v\u00fdro\u010diu vzniku botanickej z\u00e1hrady<\/strong><br>23.5.-29.6.2025 &#8211; <strong>V\u00fdstava mot\u00fd\u013eov<\/strong><br>6.6.2025 &#8211; <strong>Noc s netopiermi<\/strong><br>7.6.-8.6.2025 &#8211; <strong>V\u00edkend otvoren\u00fdch parkov a z\u00e1hrad \u2013 komentovan\u00e1 prehliadka<\/strong><br>27.6.-5.10.2025 &#8211; <a href=\"https:\/\/www.upjs.sk\/pracoviska\/botanicka-zahrada\/actuality\/pozvanka-na-vernisaz-vystavy-dzungla\/\" target=\"_blank\" rel=\"noreferrer noopener\"><strong>v\u00fdstava D\u017eung\u013ea<\/strong><\/a><br>4.7.2025 &#8211; <strong><a href=\"https:\/\/www.upjs.sk\/pracoviska\/botanicka-zahrada\/actuality\/koncert-skupiny-bureau\/\" target=\"_blank\" rel=\"noreferrer noopener\">koncert The Bureau ft. Toni Lah<\/a><\/strong><br>11.7.2025 &#8211; <a href=\"https:\/\/www.upjs.sk\/pracoviska\/botanicka-zahrada\/actuality\/the-backwards-v-botanickej-zahrade\/\" target=\"_blank\" rel=\"noreferrer noopener\"><strong>koncert The Backwards<\/strong><\/a><br>18.7.2025 &#8211; vernis\u00e1\u017e k umeleckej v\u00fdstave<br>15.8.2025 &#8211; <a href=\"https:\/\/www.upjs.sk\/pracoviska\/botanicka-zahrada\/actuality\/hudobne-kvety-panov-bratov\/\" target=\"_blank\" rel=\"noreferrer noopener\"><strong>koncert P\u00e1ni Bratia<\/strong><\/a><br>19.9.-5.10.2025 &#8211; <strong><a href=\"https:\/\/www.upjs.sk\/pracoviska\/botanicka-zahrada\/actuality\/jesenne-plody-a-rozmanity-svet-hub\/\" target=\"_blank\" rel=\"noreferrer noopener\">V\u00fdstava jesenn\u00fdch plodov a h\u00fab<\/a><\/strong><br>9.9.-11.9.2025 &#8211; <strong><a href=\"https:\/\/www.upjs.sk\/pracoviska\/botanicka-zahrada\/odborne-aktivity\/konferencia-75-rokov-bz\/\">Konferencia k 75. v\u00fdro\u010diu vzniku botanickej z\u00e1hrady<\/a><\/strong><br>10.10.-11.10.2025 &#8211; <strong><a href=\"https:\/\/www.upjs.sk\/pracoviska\/botanicka-zahrada\/actuality\/pozvanka-biela-noc-v-botanickej-zahrade\/\" target=\"_blank\" rel=\"noreferrer noopener\">Biela noc<\/a><\/strong><br>17.10.-2.11.2025 &#8211; <strong><a href=\"https:\/\/www.upjs.sk\/pracoviska\/botanicka-zahrada\/actuality\/pozyvame-vas-na-vystavu-vcelarstvo\/\" target=\"_blank\" rel=\"noreferrer noopener\">V\u010del\u00e1rstvo<\/a><\/strong><br>december 2025 &#8211; <strong><a href=\"https:\/\/www.upjs.sk\/pracoviska\/botanicka-zahrada\/actuality\/noc-v-dzungli-3\/\" target=\"_blank\" rel=\"noreferrer noopener\">Noc v d\u017eungli<\/a><\/strong><br>12.12.-14.12.2025 &#8211; <strong><a href=\"https:\/\/www.upjs.sk\/pracoviska\/botanicka-zahrada\/actuality\/pozvanka-na-vystavu-vianocnych-aranzmanov\/\" target=\"_blank\" rel=\"noreferrer noopener\">Viano\u010dn\u00e9 in\u0161pir\u00e1cie &#8211; v\u00fdstava s\u00fa\u0165a\u017en\u00fdch viano\u010dn\u00fdch aran\u017em\u00e1nov<\/a><\/strong><br>12.12.25 &#8211; 19.1.26\u00a0<a href=\"https:\/\/www.upjs.sk\/pracoviska\/botanicka-zahrada\/actuality\/pozvanka-na-vystavu-prehistoricka-hodvabna-cesta\/\" target=\"_blank\" rel=\"noreferrer noopener\"><strong>V\u00fdstava Ko\u0161ick\u00e1 paleobiol\u00f3gia \u2013 Pocta majstrovi paleoartu Zde\u0148kovi Burianovi\u00a0 \u00a0<\/strong><br><\/a><br><\/p>\n\n\n\n<p><mark style=\"background-color:rgba(0, 0, 0, 0)\" class=\"has-inline-color has-zakladna-modra-color\"><\/mark><\/p>\n\n\n<style>.kb-row-layout-id12830_b937fa-db > .kt-row-column-wrap{align-content:start;}:where(.kb-row-layout-id12830_b937fa-db > .kt-row-column-wrap) > .wp-block-kadence-column{justify-content:start;}.kb-row-layout-id12830_b937fa-db > .kt-row-column-wrap{column-gap:var(--global-kb-gap-md, 2rem);row-gap:var(--global-kb-gap-md, 2rem);padding-top:var(--global-kb-spacing-sm, 1.5rem);padding-bottom:var(--global-kb-spacing-sm, 1.5rem);grid-template-columns:repeat(2, minmax(0, 1fr));}.kb-row-layout-id12830_b937fa-db > .kt-row-layout-overlay{opacity:0.30;}@media all and (max-width: 1024px){.kb-row-layout-id12830_b937fa-db > .kt-row-column-wrap{grid-template-columns:repeat(2, minmax(0, 1fr));}}@media all and (max-width: 767px){.kb-row-layout-id12830_b937fa-db > .kt-row-column-wrap{grid-template-columns:minmax(0, 1fr);}}<\/style><div class=\"kb-row-layout-wrap kb-row-layout-id12830_b937fa-db alignnone wp-block-kadence-rowlayout\"><div class=\"kt-row-column-wrap kt-has-2-columns kt-row-layout-equal kt-tab-layout-inherit kt-mobile-layout-row kt-row-valign-top\">\n<style>.kadence-column12830_9b1733-f1 > .kt-inside-inner-col,.kadence-column12830_9b1733-f1 > .kt-inside-inner-col:before{border-top-left-radius:0px;border-top-right-radius:0px;border-bottom-right-radius:0px;border-bottom-left-radius:0px;}.kadence-column12830_9b1733-f1 > .kt-inside-inner-col{column-gap:var(--global-kb-gap-sm, 1rem);}.kadence-column12830_9b1733-f1 > .kt-inside-inner-col{flex-direction:column;}.kadence-column12830_9b1733-f1 > .kt-inside-inner-col > .aligncenter{width:100%;}.kadence-column12830_9b1733-f1 > .kt-inside-inner-col:before{opacity:0.3;}.kadence-column12830_9b1733-f1{position:relative;}@media all and (max-width: 1024px){.kadence-column12830_9b1733-f1 > .kt-inside-inner-col{flex-direction:column;justify-content:center;}}@media all and (max-width: 767px){.kadence-column12830_9b1733-f1 > .kt-inside-inner-col{flex-direction:column;justify-content:center;}}<\/style>\n<div class=\"wp-block-kadence-column kadence-column12830_9b1733-f1\"><div class=\"kt-inside-inner-col\">\n<p><strong><mark style=\"background-color:rgba(0, 0, 0, 0)\" class=\"has-inline-color has-zakladna-zlata-color\">2024<\/mark><\/strong><\/p>\n\n\n\n<p>janu\u00e1r &#8211; febru\u00e1r: <mark style=\"background-color:rgba(0, 0, 0, 0)\" class=\"has-inline-color has-zakladna-modra-color\"><a href=\"https:\/\/www.upjs.sk\/pracoviska\/botanicka-zahrada\/actuality\/noc-v-dzungli-2\/\" target=\"_blank\" rel=\"noreferrer noopener\">Noc v d\u017eungli<\/a><\/mark><br>23.2. &#8211; 10.3.: <mark style=\"background-color:rgba(0, 0, 0, 0)\" class=\"has-inline-color has-zakladna-modra-color\"><a href=\"https:\/\/www.upjs.sk\/pracoviska\/botanicka-zahrada\/actuality\/jedina-vystava-orchidei-na-slovensku-sa-coskoro-zacina\/\" target=\"_blank\" rel=\"noreferrer noopener\">V\u00fdstava orchide\u00ed<\/a><\/mark><br>3. &#8211; 5.5.: <mark style=\"background-color:rgba(0, 0, 0, 0)\" class=\"has-inline-color has-zakladna-modra-color\"><a href=\"https:\/\/www.upjs.sk\/pracoviska\/botanicka-zahrada\/actuality\/medzinarodna-vystava-cassovia-bonsai\/\" target=\"_blank\" rel=\"noreferrer noopener\">V\u00fdstava bonsajov<\/a><\/mark><br>10.5.: <mark style=\"background-color:rgba(0, 0, 0, 0)\" class=\"has-inline-color has-zakladna-modra-color\"><a href=\"https:\/\/www.upjs.sk\/pracoviska\/botanicka-zahrada\/actuality\/pozvanka-na-jarny-den-otvorenych-dveri\/\" target=\"_blank\" rel=\"noreferrer noopener\">De\u0148 otvoren\u00fdch dver\u00ed<\/a><\/mark><br>11.5.: <mark style=\"background-color:rgba(0, 0, 0, 0)\" class=\"has-inline-color has-zakladna-modra-color\"><a href=\"https:\/\/www.upjs.sk\/pracoviska\/botanicka-zahrada\/actuality\/pozyvame-na-botanicky-swap-rastlin\/\" target=\"_blank\" rel=\"noreferrer noopener\">Botanick\u00fd SWAP rastl\u00edn<\/a><\/mark><br>17.5. &#8211; 30.6.:<a href=\"https:\/\/www.upjs.sk\/pracoviska\/botanicka-zahrada\/actuality\/motyle-exotickych-tropov-2024\/\" target=\"_blank\" rel=\"noreferrer noopener\"> <mark style=\"background-color:rgba(0, 0, 0, 0)\" class=\"has-inline-color has-zakladna-modra-color\">V\u00fdstava \u017eiv\u00fdch tropick\u00fdch mot\u00fd\u013eov<\/mark><\/a><br>j\u00fal &#8211; august: <mark style=\"background-color:rgba(0, 0, 0, 0)\" class=\"has-inline-color has-zakladna-modra-color\"><a href=\"https:\/\/www.upjs.sk\/pracoviska\/botanicka-zahrada\/actuality\/kulturne-leto-v-bz-upjs\/\" target=\"_blank\" rel=\"noreferrer noopener\">Kult\u00farne leto<\/a><\/mark><br>okt\u00f3ber: <mark style=\"background-color:rgba(0, 0, 0, 0)\" class=\"has-inline-color has-zakladna-modra-color\"><a href=\"https:\/\/www.upjs.sk\/pracoviska\/botanicka-zahrada\/actuality\/pozvanka-na-vystavu-vcelarstvo-2\/\" target=\"_blank\" rel=\"noreferrer noopener\">V\u00fdstava V\u010del\u00e1rstvo<\/a><\/mark><\/p>\n<\/div><\/div>\n\n\n<style>.kadence-column12830_a0e441-47 > .kt-inside-inner-col,.kadence-column12830_a0e441-47 > .kt-inside-inner-col:before{border-top-left-radius:0px;border-top-right-radius:0px;border-bottom-right-radius:0px;border-bottom-left-radius:0px;}.kadence-column12830_a0e441-47 > .kt-inside-inner-col{column-gap:var(--global-kb-gap-sm, 1rem);}.kadence-column12830_a0e441-47 > .kt-inside-inner-col{flex-direction:column;}.kadence-column12830_a0e441-47 > .kt-inside-inner-col > .aligncenter{width:100%;}.kadence-column12830_a0e441-47 > .kt-inside-inner-col:before{opacity:0.3;}.kadence-column12830_a0e441-47{position:relative;}@media all and (max-width: 1024px){.kadence-column12830_a0e441-47 > .kt-inside-inner-col{flex-direction:column;justify-content:center;}}@media all and (max-width: 767px){.kadence-column12830_a0e441-47 > .kt-inside-inner-col{flex-direction:column;justify-content:center;}}<\/style>\n<div class=\"wp-block-kadence-column kadence-column12830_a0e441-47\"><div class=\"kt-inside-inner-col\">\n<p><strong><mark style=\"background-color:rgba(0, 0, 0, 0)\" class=\"has-inline-color has-zakladna-zlata-color\">2023<\/mark><\/strong><\/p>\n\n\n\n<p><a href=\"https:\/\/www.upjs.sk\/pracoviska\/botanicka-zahrada\/actuality\/orchidey-skvosty-v-risi-rastlin\/\" class=\"ek-link\">Orchidey \u2013 skvosty v r\u00ed\u0161i rastl\u00edn<\/a> 3. \u2013 19.3.2023<br><a href=\"https:\/\/www.upjs.sk\/pracoviska\/botanicka-zahrada\/actuality\/vystava-bonsajov-2023\/\">V\u00fdstava bonsajov<\/a> 28. \u2013 30.4.2023<br><a href=\"https:\/\/www.upjs.sk\/pracoviska\/botanicka-zahrada\/actuality\/botanicky-swap-rastlin\/\">Botanick\u00fd SWAP rastl\u00edn<\/a> 6.5.2023<br><a href=\"https:\/\/www.upjs.sk\/pracoviska\/botanicka-zahrada\/actuality\/motyle-2023\/\">V\u00fdstava \u017eiv\u00fdch tropick\u00fdch mot\u00fd\u013eov<\/a> 19.5. \u2013 2.7.2023<br><a href=\"https:\/\/www.upjs.sk\/pracoviska\/botanicka-zahrada\/actuality\/kulturne-leto-bz-2023\/\">Kult\u00farne leto<\/a> j\u00fal \u2013 august<br><a href=\"https:\/\/www.upjs.sk\/pracoviska\/botanicka-zahrada\/actuality\/pozvanka-na-vystavu-vcelarstvo\/\" class=\"ek-link\">V\u010del\u00e1rska v\u00fdstava<\/a> &#8211; november<\/p>\n<\/div><\/div>\n\n\n<style>.kadence-column12830_05a048-69 > .kt-inside-inner-col,.kadence-column12830_05a048-69 > .kt-inside-inner-col:before{border-top-left-radius:0px;border-top-right-radius:0px;border-bottom-right-radius:0px;border-bottom-left-radius:0px;}.kadence-column12830_05a048-69 > .kt-inside-inner-col{column-gap:var(--global-kb-gap-sm, 1rem);}.kadence-column12830_05a048-69 > .kt-inside-inner-col{flex-direction:column;}.kadence-column12830_05a048-69 > .kt-inside-inner-col > .aligncenter{width:100%;}.kadence-column12830_05a048-69 > .kt-inside-inner-col:before{opacity:0.3;}.kadence-column12830_05a048-69{position:relative;}@media all and (max-width: 1024px){.kadence-column12830_05a048-69 > .kt-inside-inner-col{flex-direction:column;justify-content:center;}}@media all and (max-width: 767px){.kadence-column12830_05a048-69 > .kt-inside-inner-col{flex-direction:column;justify-content:center;}}<\/style>\n<div class=\"wp-block-kadence-column kadence-column12830_05a048-69\"><div class=\"kt-inside-inner-col\">\n<p><strong><mark style=\"background-color:rgba(0, 0, 0, 0)\" class=\"has-inline-color has-zakladna-zlata-color\">2022<\/mark><\/strong><\/p>\n\n\n\n<p><a href=\"https:\/\/www.upjs.sk\/pracoviska\/botanicka-zahrada\/aktuality\/prehliadka-diel-scupa-020922\/\" class=\"ek-link\">V\u00fdstava umeleck\u00fdch diel SCUPA, DEKD 2022<\/a><br><a href=\"https:\/\/www.upjs.sk\/pracoviska\/botanicka-zahrada\/aktuality\/jesenne-plody-020922\" class=\"ek-link\">V\u00fdstava jesenn\u00fdch plodov<\/a><br><a href=\"https:\/\/www.upjs.sk\/pracoviska\/botanicka-zahrada\/aktuality\/letne-koncerty\" class=\"ek-link\">Letn\u00e9 koncerty v z\u00e1hrade<\/a><br><a href=\"https:\/\/www.upjs.sk\/pracoviska\/botanicka-zahrada\/aktuality\/vystava-sochy-objekty-leto-2022\" class=\"ek-link\">Pozv\u00e1nka na v\u00fdstavu \u2013 SCUPA<\/a><br><a href=\"https:\/\/www.upjs.sk\/pracoviska\/botanicka-zahrada\/aktuality\/27444\" class=\"ek-link\">Poz\u00fdvame V\u00e1s na SWAP rastl\u00edn<\/a><br><a href=\"https:\/\/www.upjs.sk\/pracoviska\/botanicka-zahrada\/aktuality\/ujo-lubo-030722\/\" class=\"ek-link\">Detsk\u00e1 p\u00e1rty s Ujom \u013dubom<\/a><br><a href=\"https:\/\/www.upjs.sk\/pracoviska\/botanicka-zahrada\/aktuality\/bonsaj-2022\" class=\"ek-link\">Cassovia Bonsaj 2022<\/a><br><a href=\"https:\/\/www.upjs.sk\/pracoviska\/botanicka-zahrada\/actuality\/vcelarska-vystava-11-2022\/\" class=\"ek-link\">V\u010del\u00e1rska v\u00fdstava<\/a><br><\/p>\n<\/div><\/div>\n\n\n<style>.kadence-column12830_8d7c9f-10 > .kt-inside-inner-col,.kadence-column12830_8d7c9f-10 > .kt-inside-inner-col:before{border-top-left-radius:0px;border-top-right-radius:0px;border-bottom-right-radius:0px;border-bottom-left-radius:0px;}.kadence-column12830_8d7c9f-10 > .kt-inside-inner-col{column-gap:var(--global-kb-gap-sm, 1rem);}.kadence-column12830_8d7c9f-10 > .kt-inside-inner-col{flex-direction:column;}.kadence-column12830_8d7c9f-10 > .kt-inside-inner-col > .aligncenter{width:100%;}.kadence-column12830_8d7c9f-10 > .kt-inside-inner-col:before{opacity:0.3;}.kadence-column12830_8d7c9f-10{position:relative;}@media all and (max-width: 1024px){.kadence-column12830_8d7c9f-10 > .kt-inside-inner-col{flex-direction:column;justify-content:center;}}@media all and (max-width: 767px){.kadence-column12830_8d7c9f-10 > .kt-inside-inner-col{flex-direction:column;justify-content:center;}}<\/style>\n<div class=\"wp-block-kadence-column kadence-column12830_8d7c9f-10\"><div class=\"kt-inside-inner-col\">\n<p><strong><mark style=\"background-color:rgba(0, 0, 0, 0)\" class=\"has-inline-color has-zakladna-zlata-color\">2021<\/mark><\/strong><\/p>\n\n\n\n<p><a href=\"https:\/\/www.upjs.sk\/pracoviska\/botanicka-zahrada\/navstivte-nas\/koncert-290821\/\" class=\"ek-link\">Augustov\u00fd letn\u00fd koncert<\/a> \u2013 29.8.2021<br>16:00 Detsk\u00fd koncert Uja \u013duba a 18:30 koncert Pa\u013ea Hammela<br><a href=\"https:\/\/www.upjs.sk\/pracoviska\/botanicka-zahrada\/aktuality\/koncert-040721\" class=\"ek-link\">Pozv\u00e1nka na koncert<\/a> \u2013 4.7.2021<br><a href=\"https:\/\/www.upjs.sk\/pracoviska\/botanicka-zahrada\/aktuality\/hlina-hmyz-leto-2021\" class=\"ek-link\">Hlina a hmyz<\/a> \u2013 2.7. \u2013 31.8.2021<br><a href=\"https:\/\/www.upjs.sk\/pracoviska\/botanicka-zahrada\/navstivte-nas\/koncert-260621\/\" class=\"ek-link\">J\u00fanov\u00fd letn\u00fd koncert<\/a> \u2013 26.6.2021<br>16:00 Detsk\u00fd koncert Paci Pac a 18:30 koncert Tom\u00e1\u0161a Buranovsk\u00e9ho a detsk\u00e9ho orchestra Klasik Band<br><a href=\"https:\/\/www.upjs.sk\/pracoviska\/botanicka-zahrada\/navstivte-nas\/parky-260621\/\">V\u00edkend otvoren\u00fdch parkov a z\u00e1hrad<\/a> \u2013 26.6.2021 o 14:00 hod.<br><a href=\"https:\/\/www.upjs.sk\/pracoviska\/botanicka-zahrada\/aktuality\/bonsaje-2021\" class=\"ek-link\">CASSOVIA bonsai 2021<\/a> \u2013 18. \u2013 20.6.2021<br><a href=\"https:\/\/www.upjs.sk\/pracoviska\/botanicka-zahrada\/aktuality\/vystava-netopiere-maj2021\" class=\"ek-link\">Pozv\u00e1nka na v\u00fdstavu o netopieroch<\/a><strong> \u2013 <\/strong>m\u00e1j 2021<\/p>\n<\/div><\/div>\n\n\n<style>.kadence-column12830_26789c-7f > .kt-inside-inner-col,.kadence-column12830_26789c-7f > .kt-inside-inner-col:before{border-top-left-radius:0px;border-top-right-radius:0px;border-bottom-right-radius:0px;border-bottom-left-radius:0px;}.kadence-column12830_26789c-7f > .kt-inside-inner-col{column-gap:var(--global-kb-gap-sm, 1rem);}.kadence-column12830_26789c-7f > .kt-inside-inner-col{flex-direction:column;}.kadence-column12830_26789c-7f > .kt-inside-inner-col > .aligncenter{width:100%;}.kadence-column12830_26789c-7f > .kt-inside-inner-col:before{opacity:0.3;}.kadence-column12830_26789c-7f{position:relative;}@media all and (max-width: 1024px){.kadence-column12830_26789c-7f > .kt-inside-inner-col{flex-direction:column;justify-content:center;}}@media all and (max-width: 767px){.kadence-column12830_26789c-7f > .kt-inside-inner-col{flex-direction:column;justify-content:center;}}<\/style>\n<div class=\"wp-block-kadence-column kadence-column12830_26789c-7f\"><div class=\"kt-inside-inner-col\">\n<p><strong><mark style=\"background-color:rgba(0, 0, 0, 0)\" class=\"has-inline-color has-zakladna-zlata-color\">2020<\/mark><\/strong><\/p>\n\n\n\n<p>28.2. \u2013 15.3. Orchidey \u2013 skvosty v&nbsp;r\u00ed\u0161i rastl\u00edn<br>30.4. \u2013 3.5. Medzin\u00e1rodn\u00e1 v\u00fdstava bonsajov<br>15.5. De\u0148 otvoren\u00fdch dver\u00ed \u2013 jarn\u00e1 \u010das\u0165<br>16.5. \u2013 30.6. Mot\u00fdle exotick\u00fdch tr\u00f3pov<br>17.6. Inaugur\u00e1cia po\u0161tovej zn\u00e1mky k&nbsp;70. v\u00fdro\u010diu zalo\u017eenia botanickej z\u00e1hrady<br>16.8. Letn\u00fd koncert<br>23.8. Letn\u00fd koncert<br>30.8. Letn\u00fd koncert &amp; H\u013ead\u00e1me m\u00fazy v&nbsp;botanickej z\u00e1hrade<br>28.8. \u2013 20.9. Jesenn\u00e9 plody<br>2.10. \u2013 11.10. flAvatar \u2013 v\u00fdstava svetielkuj\u00facich rastl\u00edn<br>17.10. De\u0148 otvoren\u00fdch dver\u00ed \u2013 jesenn\u00e1 \u010das\u0165<br>6.11. \u2013 22.11. V\u010del\u00e1rstvo<br>4.12. \u2013 7.1. Umenie medzi rastlinami<br>4.12. \u2013 31.1. Kamenn\u00fd herb\u00e1r<\/p>\n<\/div><\/div>\n\n<\/div><\/div>","protected":false},"excerpt":{"rendered":"<p>2025 1.2.2025 &#8211; Klub v\u010del\u00e1rov14.2.-2.3.2025 &#8211; V\u00fdstava orchide\u00edmarec &#8211; 15.5.2025 &#8211; Botanick\u00e1 z\u00e1hrada pri\u0161la do mesta8.5.-11.5.2025 &#8211; CASSOVIA BONSAI 20253.5.2025 &#8211; SWAP rastl\u00edn a De\u0148 otvoren\u00fdch dver\u00ed16.5.-14.9.2025 &#8211; V\u00fdstavka k 75. v\u00fdro\u010diu vzniku botanickej z\u00e1hrady23.5.-29.6.2025 &#8211; V\u00fdstava mot\u00fd\u013eov6.6.2025 &#8211; Noc s netopiermi7.6.-8.6.2025 &#8211; V\u00edkend otvoren\u00fdch parkov a z\u00e1hrad \u2013 komentovan\u00e1 prehliadka27.6.-5.10.2025 &#8211; v\u00fdstava D\u017eung\u013ea4.7.2025 &#8211; &hellip; <a href=\"https:\/\/www.upjs.sk\/pracoviska\/botanicka-zahrada\/navstivte-nas\/archiv-akcii\/\">\u010c\u00edta\u0165 \u010falej<\/a><\/p>\n","protected":false},"author":1,"featured_media":0,"parent":12810,"menu_order":11,"comment_status":"closed","ping_status":"closed","template":"","meta":{"_acf_changed":false,"_editorskit_title_hidden":false,"_editorskit_reading_time":0,"_editorskit_is_block_options_detached":false,"_editorskit_block_options_position":"{}","footnotes":""},"categories":[],"tags":[],"class_list":["post-12830","page","type-page","status-publish","hentry"],"acf":{"acf_link_na_externy_obsah":""},"yoast_head":"<!-- This site is optimized with the Yoast SEO plugin v27.4 - https:\/\/yoast.com\/product\/yoast-seo-wordpress\/ -->\n<title>Arch\u00edv kalend\u00e1ra akci\u00ed - Botanick\u00e1 z\u00e1hrada<\/title>\n<meta name=\"robots\" content=\"index, follow, max-snippet:-1, max-image-preview:large, max-video-preview:-1\" \/>\n<link rel=\"canonical\" href=\"https:\/\/www.upjs.sk\/pracoviska\/botanicka-zahrada\/navstivte-nas\/archiv-akcii\/\" \/>\n<meta property=\"og:locale\" content=\"sk_SK\" \/>\n<meta property=\"og:type\" content=\"article\" \/>\n<meta property=\"og:title\" content=\"Arch\u00edv kalend\u00e1ra akci\u00ed - Botanick\u00e1 z\u00e1hrada\" \/>\n<meta property=\"og:description\" content=\"2025 1.2.2025 &#8211; Klub v\u010del\u00e1rov14.2.-2.3.2025 &#8211; V\u00fdstava orchide\u00edmarec &#8211; 15.5.2025 &#8211; Botanick\u00e1 z\u00e1hrada pri\u0161la do mesta8.5.-11.5.2025 &#8211; CASSOVIA BONSAI 20253.5.2025 &#8211; SWAP rastl\u00edn a De\u0148 otvoren\u00fdch dver\u00ed16.5.-14.9.2025 &#8211; V\u00fdstavka k 75. v\u00fdro\u010diu vzniku botanickej z\u00e1hrady23.5.-29.6.2025 &#8211; V\u00fdstava mot\u00fd\u013eov6.6.2025 &#8211; Noc s netopiermi7.6.-8.6.2025 &#8211; V\u00edkend otvoren\u00fdch parkov a z\u00e1hrad \u2013 komentovan\u00e1 prehliadka27.6.-5.10.2025 &#8211; v\u00fdstava D\u017eung\u013ea4.7.2025 &#8211; &hellip; \u010c\u00edta\u0165 \u010falej\" \/>\n<meta property=\"og:url\" content=\"https:\/\/www.upjs.sk\/pracoviska\/botanicka-zahrada\/navstivte-nas\/archiv-akcii\/\" \/>\n<meta property=\"og:site_name\" content=\"Botanick\u00e1 z\u00e1hrada\" \/>\n<meta property=\"article:modified_time\" content=\"2025-12-17T09:36:48+00:00\" \/>\n<meta name=\"twitter:card\" content=\"summary_large_image\" \/>\n<meta name=\"twitter:label1\" content=\"Predpokladan\u00fd \u010das \u010d\u00edtania\" \/>\n\t<meta name=\"twitter:data1\" content=\"2 min\u00faty\" \/>\n<script type=\"application\/ld+json\" class=\"yoast-schema-graph\">{\"@context\":\"https:\\\/\\\/schema.org\",\"@graph\":[{\"@type\":\"WebPage\",\"@id\":\"https:\\\/\\\/www.upjs.sk\\\/pracoviska\\\/botanicka-zahrada\\\/navstivte-nas\\\/archiv-akcii\\\/\",\"url\":\"https:\\\/\\\/www.upjs.sk\\\/pracoviska\\\/botanicka-zahrada\\\/navstivte-nas\\\/archiv-akcii\\\/\",\"name\":\"Arch\u00edv kalend\u00e1ra akci\u00ed - Botanick\u00e1 z\u00e1hrada\",\"isPartOf\":{\"@id\":\"https:\\\/\\\/www.upjs.sk\\\/pracoviska\\\/botanicka-zahrada\\\/#website\"},\"datePublished\":\"2022-09-02T13:45:11+00:00\",\"dateModified\":\"2025-12-17T09:36:48+00:00\",\"breadcrumb\":{\"@id\":\"https:\\\/\\\/www.upjs.sk\\\/pracoviska\\\/botanicka-zahrada\\\/navstivte-nas\\\/archiv-akcii\\\/#breadcrumb\"},\"inLanguage\":\"sk-SK\",\"potentialAction\":[{\"@type\":\"ReadAction\",\"target\":[\"https:\\\/\\\/www.upjs.sk\\\/pracoviska\\\/botanicka-zahrada\\\/navstivte-nas\\\/archiv-akcii\\\/\"]}]},{\"@type\":\"BreadcrumbList\",\"@id\":\"https:\\\/\\\/www.upjs.sk\\\/pracoviska\\\/botanicka-zahrada\\\/navstivte-nas\\\/archiv-akcii\\\/#breadcrumb\",\"itemListElement\":[{\"@type\":\"ListItem\",\"position\":1,\"name\":\"Home\",\"item\":\"https:\\\/\\\/www.upjs.sk\\\/pracoviska\\\/botanicka-zahrada\\\/\"},{\"@type\":\"ListItem\",\"position\":2,\"name\":\"Nav\u0161t\u00edvte n\u00e1s\",\"item\":\"https:\\\/\\\/www.upjs.sk\\\/pracoviska\\\/botanicka-zahrada\\\/navstivte-nas\\\/\"},{\"@type\":\"ListItem\",\"position\":3,\"name\":\"Arch\u00edv kalend\u00e1ra akci\u00ed\"}]},{\"@type\":\"WebSite\",\"@id\":\"https:\\\/\\\/www.upjs.sk\\\/pracoviska\\\/botanicka-zahrada\\\/#website\",\"url\":\"https:\\\/\\\/www.upjs.sk\\\/pracoviska\\\/botanicka-zahrada\\\/\",\"name\":\"Botanick\u00e1 z\u00e1hrada\",\"description\":\"\",\"publisher\":{\"@id\":\"https:\\\/\\\/www.upjs.sk\\\/pracoviska\\\/botanicka-zahrada\\\/#organization\"},\"potentialAction\":[{\"@type\":\"SearchAction\",\"target\":{\"@type\":\"EntryPoint\",\"urlTemplate\":\"https:\\\/\\\/www.upjs.sk\\\/pracoviska\\\/botanicka-zahrada\\\/?s={search_term_string}\"},\"query-input\":{\"@type\":\"PropertyValueSpecification\",\"valueRequired\":true,\"valueName\":\"search_term_string\"}}],\"inLanguage\":\"sk-SK\"},{\"@type\":\"Organization\",\"@id\":\"https:\\\/\\\/www.upjs.sk\\\/pracoviska\\\/botanicka-zahrada\\\/#organization\",\"name\":\"Botanick\u00e1 z\u00e1hrada\",\"url\":\"https:\\\/\\\/www.upjs.sk\\\/pracoviska\\\/botanicka-zahrada\\\/\",\"logo\":{\"@type\":\"ImageObject\",\"inLanguage\":\"sk-SK\",\"@id\":\"https:\\\/\\\/www.upjs.sk\\\/pracoviska\\\/botanicka-zahrada\\\/#\\\/schema\\\/logo\\\/image\\\/\",\"url\":\"https:\\\/\\\/www.upjs.sk\\\/app\\\/uploads\\\/sites\\\/15\\\/2023\\\/01\\\/BZ-2.svg\",\"contentUrl\":\"https:\\\/\\\/www.upjs.sk\\\/app\\\/uploads\\\/sites\\\/15\\\/2023\\\/01\\\/BZ-2.svg\",\"width\":500,\"height\":138,\"caption\":\"Botanick\u00e1 z\u00e1hrada\"},\"image\":{\"@id\":\"https:\\\/\\\/www.upjs.sk\\\/pracoviska\\\/botanicka-zahrada\\\/#\\\/schema\\\/logo\\\/image\\\/\"}}]}<\/script>\n<!-- \/ Yoast SEO plugin. -->","yoast_head_json":{"title":"Arch\u00edv kalend\u00e1ra akci\u00ed - Botanick\u00e1 z\u00e1hrada","robots":{"index":"index","follow":"follow","max-snippet":"max-snippet:-1","max-image-preview":"max-image-preview:large","max-video-preview":"max-video-preview:-1"},"canonical":"https:\/\/www.upjs.sk\/pracoviska\/botanicka-zahrada\/navstivte-nas\/archiv-akcii\/","og_locale":"sk_SK","og_type":"article","og_title":"Arch\u00edv kalend\u00e1ra akci\u00ed - Botanick\u00e1 z\u00e1hrada","og_description":"2025 1.2.2025 &#8211; Klub v\u010del\u00e1rov14.2.-2.3.2025 &#8211; V\u00fdstava orchide\u00edmarec &#8211; 15.5.2025 &#8211; Botanick\u00e1 z\u00e1hrada pri\u0161la do mesta8.5.-11.5.2025 &#8211; CASSOVIA BONSAI 20253.5.2025 &#8211; SWAP rastl\u00edn a De\u0148 otvoren\u00fdch dver\u00ed16.5.-14.9.2025 &#8211; V\u00fdstavka k 75. v\u00fdro\u010diu vzniku botanickej z\u00e1hrady23.5.-29.6.2025 &#8211; V\u00fdstava mot\u00fd\u013eov6.6.2025 &#8211; Noc s netopiermi7.6.-8.6.2025 &#8211; V\u00edkend otvoren\u00fdch parkov a z\u00e1hrad \u2013 komentovan\u00e1 prehliadka27.6.-5.10.2025 &#8211; v\u00fdstava D\u017eung\u013ea4.7.2025 &#8211; &hellip; \u010c\u00edta\u0165 \u010falej","og_url":"https:\/\/www.upjs.sk\/pracoviska\/botanicka-zahrada\/navstivte-nas\/archiv-akcii\/","og_site_name":"Botanick\u00e1 z\u00e1hrada","article_modified_time":"2025-12-17T09:36:48+00:00","twitter_card":"summary_large_image","twitter_misc":{"Predpokladan\u00fd \u010das \u010d\u00edtania":"2 min\u00faty"},"schema":{"@context":"https:\/\/schema.org","@graph":[{"@type":"WebPage","@id":"https:\/\/www.upjs.sk\/pracoviska\/botanicka-zahrada\/navstivte-nas\/archiv-akcii\/","url":"https:\/\/www.upjs.sk\/pracoviska\/botanicka-zahrada\/navstivte-nas\/archiv-akcii\/","name":"Arch\u00edv kalend\u00e1ra akci\u00ed - Botanick\u00e1 z\u00e1hrada","isPartOf":{"@id":"https:\/\/www.upjs.sk\/pracoviska\/botanicka-zahrada\/#website"},"datePublished":"2022-09-02T13:45:11+00:00","dateModified":"2025-12-17T09:36:48+00:00","breadcrumb":{"@id":"https:\/\/www.upjs.sk\/pracoviska\/botanicka-zahrada\/navstivte-nas\/archiv-akcii\/#breadcrumb"},"inLanguage":"sk-SK","potentialAction":[{"@type":"ReadAction","target":["https:\/\/www.upjs.sk\/pracoviska\/botanicka-zahrada\/navstivte-nas\/archiv-akcii\/"]}]},{"@type":"BreadcrumbList","@id":"https:\/\/www.upjs.sk\/pracoviska\/botanicka-zahrada\/navstivte-nas\/archiv-akcii\/#breadcrumb","itemListElement":[{"@type":"ListItem","position":1,"name":"Home","item":"https:\/\/www.upjs.sk\/pracoviska\/botanicka-zahrada\/"},{"@type":"ListItem","position":2,"name":"Nav\u0161t\u00edvte n\u00e1s","item":"https:\/\/www.upjs.sk\/pracoviska\/botanicka-zahrada\/navstivte-nas\/"},{"@type":"ListItem","position":3,"name":"Arch\u00edv kalend\u00e1ra akci\u00ed"}]},{"@type":"WebSite","@id":"https:\/\/www.upjs.sk\/pracoviska\/botanicka-zahrada\/#website","url":"https:\/\/www.upjs.sk\/pracoviska\/botanicka-zahrada\/","name":"Botanick\u00e1 z\u00e1hrada","description":"","publisher":{"@id":"https:\/\/www.upjs.sk\/pracoviska\/botanicka-zahrada\/#organization"},"potentialAction":[{"@type":"SearchAction","target":{"@type":"EntryPoint","urlTemplate":"https:\/\/www.upjs.sk\/pracoviska\/botanicka-zahrada\/?s={search_term_string}"},"query-input":{"@type":"PropertyValueSpecification","valueRequired":true,"valueName":"search_term_string"}}],"inLanguage":"sk-SK"},{"@type":"Organization","@id":"https:\/\/www.upjs.sk\/pracoviska\/botanicka-zahrada\/#organization","name":"Botanick\u00e1 z\u00e1hrada","url":"https:\/\/www.upjs.sk\/pracoviska\/botanicka-zahrada\/","logo":{"@type":"ImageObject","inLanguage":"sk-SK","@id":"https:\/\/www.upjs.sk\/pracoviska\/botanicka-zahrada\/#\/schema\/logo\/image\/","url":"https:\/\/www.upjs.sk\/app\/uploads\/sites\/15\/2023\/01\/BZ-2.svg","contentUrl":"https:\/\/www.upjs.sk\/app\/uploads\/sites\/15\/2023\/01\/BZ-2.svg","width":500,"height":138,"caption":"Botanick\u00e1 z\u00e1hrada"},"image":{"@id":"https:\/\/www.upjs.sk\/pracoviska\/botanicka-zahrada\/#\/schema\/logo\/image\/"}}]}},"_links":{"self":[{"href":"https:\/\/www.upjs.sk\/pracoviska\/botanicka-zahrada\/wp-json\/wp\/v2\/pages\/12830","targetHints":{"allow":["GET"]}}],"collection":[{"href":"https:\/\/www.upjs.sk\/pracoviska\/botanicka-zahrada\/wp-json\/wp\/v2\/pages"}],"about":[{"href":"https:\/\/www.upjs.sk\/pracoviska\/botanicka-zahrada\/wp-json\/wp\/v2\/types\/page"}],"author":[{"embeddable":true,"href":"https:\/\/www.upjs.sk\/pracoviska\/botanicka-zahrada\/wp-json\/wp\/v2\/users\/1"}],"replies":[{"embeddable":true,"href":"https:\/\/www.upjs.sk\/pracoviska\/botanicka-zahrada\/wp-json\/wp\/v2\/comments?post=12830"}],"version-history":[{"count":16,"href":"https:\/\/www.upjs.sk\/pracoviska\/botanicka-zahrada\/wp-json\/wp\/v2\/pages\/12830\/revisions"}],"predecessor-version":[{"id":24322,"href":"https:\/\/www.upjs.sk\/pracoviska\/botanicka-zahrada\/wp-json\/wp\/v2\/pages\/12830\/revisions\/24322"}],"up":[{"embeddable":true,"href":"https:\/\/www.upjs.sk\/pracoviska\/botanicka-zahrada\/wp-json\/wp\/v2\/pages\/12810"}],"wp:attachment":[{"href":"https:\/\/www.upjs.sk\/pracoviska\/botanicka-zahrada\/wp-json\/wp\/v2\/media?parent=12830"}],"wp:term":[{"taxonomy":"category","embeddable":true,"href":"https:\/\/www.upjs.sk\/pracoviska\/botanicka-zahrada\/wp-json\/wp\/v2\/categories?post=12830"},{"taxonomy":"post_tag","embeddable":true,"href":"https:\/\/www.upjs.sk\/pracoviska\/botanicka-zahrada\/wp-json\/wp\/v2\/tags?post=12830"}],"curies":[{"name":"wp","href":"https:\/\/api.w.org\/{rel}","templated":true}]}}