{"id":15402,"date":"2020-08-19T14:31:18","date_gmt":"2020-08-19T14:31:18","guid":{"rendered":"https:\/\/www.upjs.sk\/pracoviska\/botanicka-zahrada\/root\/konferencia\/program\/"},"modified":"2022-10-05T09:04:58","modified_gmt":"2022-10-05T09:04:58","slug":"program","status":"publish","type":"page","link":"https:\/\/www.upjs.sk\/pracoviska\/botanicka-zahrada\/konferencia\/program\/","title":{"rendered":"Program konferencie \/ Programme of conference"},"content":{"rendered":"<p><img decoding=\"async\" alt=\"\" src=\"http:\/\/www.upjs.sk\/\/app\/uploads\/sites\/15\/2022\/10\/baner-hlavicka.jpg\" style=\"width:100%\" \/><\/p>\n<p>\u00a0<\/p>\n<p><strong>Program konferencie 70 rokov Botanickej z\u00e1hrady UPJ\u0160 v\u00a0Ko\u0161iciach<\/strong><\/p>\n<p><span style=\"color:#B22222\"><strong>3. 9. 2020 \u2013 \u0161tvrtok<br \/> (Dress code: semi formal, rokovac\u00ed jazyk: sloven\u010dina a\u00a0\u010de\u0161tina)<\/strong><\/span><\/p>\n<h3><strong>Sl\u00e1vnostn\u00e1 \u010das\u0165 konferencie<\/strong><\/h3>\n<p>08.30 \u2013 09.30 Prezent\u00e1cia \u00fa\u010dastn\u00edkov\u00a0<\/p>\n<table align=\"center\" bgcolor=\"#ffffff\" border=\"1\" cellpadding=\"3\" cellspacing=\"1\" style=\"width:97%\">\n<tbody>\n<tr>\n<td style=\"width: 15%;\"><strong>09.30\u00a0<\/strong><\/td>\n<td style=\"width: 82%;\"><strong>Otvorenie, priv\u00edtanie host\u00ed<\/strong><\/td>\n<\/tr>\n<tr>\n<td valign=\"top\">09.40<\/td>\n<td>Hlavn\u00e1 predn\u00e1\u0161ka: <strong>Pavol M\u00e1rtonfI<\/strong>: <strong>Sedemdesiat jedine\u010dn\u00fdch rokov Botanickej z\u00e1hrady UPJ\u0160 v\u00a0Ko\u0161iciach<\/strong><\/td>\n<\/tr>\n<tr>\n<td valign=\"top\">10.10\u00a0<\/td>\n<td>Pozdravy host\u00ed<\/td>\n<\/tr>\n<tr>\n<td>10.40\u00a0<\/td>\n<td>Odovzd\u00e1vanie ocenen\u00ed<\/td>\n<\/tr>\n<tr>\n<td valign=\"top\">11.10<\/td>\n<td><strong>Kult\u00farne vyst\u00fapenie<\/strong><\/td>\n<\/tr>\n<tr>\n<td valign=\"top\"><strong>11.30 \u2013 12.30<\/strong><\/td>\n<td><strong>Obed<\/strong><\/td>\n<\/tr>\n<\/tbody>\n<\/table>\n<h3> <strong>Pracovn\u00e1 \u010das\u0165 konferencie<\/strong><\/h3>\n<p>Rokovanie konferencie prebieha v\u00a0dvoch paraleln\u00fdch sekci\u00e1ch A\u00a0a B<\/p>\n<p><strong>12.30 \u2013 13.50<\/strong><\/p>\n<table align=\"center\" bgcolor=\"#ffffff\" border=\"1\" cellpadding=\"3\" cellspacing=\"1\" style=\"width:97%\">\n<tbody>\n<tr>\n<td colspan=\"2\" valign=\"top\" width=\"25%\"><strong>Blok 1A\u00a0 Hist\u00f3ria a\u00a0s\u00fa\u010dasnos\u0165 botaniky<\/strong>\u00a0<\/td>\n<\/tr>\n<tr>\n<td style=\"width: 15%; vertical-align: top;\">12.30\u00a0<strong>\u00a0<\/strong><\/td>\n<td style=\"width: 82%; vertical-align: top;\">Lubom\u00edr Hrouda: 120 let Botanick\u00e9 z\u00e1hrady P\u0159\u00edrodov\u011bdeck\u00e9 fakulty UPK Na Slupi v Praze (<strong>pozvan\u00e1 predn\u00e1\u0161ka<\/strong>)<\/td>\n<\/tr>\n<tr>\n<td style=\"vertical-align: top;\">12.50\u00a0<\/td>\n<td style=\"vertical-align: top;\">Eva Sit\u00e1\u0161ov\u00e1: Hist\u00f3ria pr\u00edrodovedn\u00fdch zbierok V\u00fdchodoslovensk\u00e9ho m\u00fazea a \u010dinnos\u0165 Pr\u00edrodovedn\u00e9ho klubu v Ko\u0161iciach v rokoch 1932-1938<\/td>\n<\/tr>\n<tr>\n<td style=\"vertical-align: top;\">13.10\u00a0<\/td>\n<td style=\"vertical-align: top;\">Lenka M\u00e1rtonfiov\u00e1, Matej Dud\u00e1\u0161, Pavol M\u00e1rtonfi: Herb\u00e1r Botanickej z\u00e1hrady UPJ\u0160 v Ko\u0161iciach \u2013 \u010das\u0165 botanickej hist\u00f3rie regi\u00f3nu v\u00fdchodn\u00e9ho Slovenska<\/td>\n<\/tr>\n<tr>\n<td style=\"vertical-align: top;\">13.30<\/td>\n<td style=\"vertical-align: top;\">Pavel \u0160irka, Katar\u00edna Godovi\u010dov\u00e1, Patr\u00edcia Singh, Katar\u00edna Mi\u0161\u00edkov\u00e1:\u00a0 Bryologick\u00fd v\u00fdskum na Slovensku: hist\u00f3ria, s\u00fa\u010dasn\u00fd stav, v\u00fdzvy a perspekt\u00edvy<\/td>\n<\/tr>\n<tr>\n<td colspan=\"2\"><strong>Blok 1B\u00a0 Ekologick\u00e9 a environment\u00e1lne \u0161t\u00fadie<\/strong><\/td>\n<\/tr>\n<tr>\n<td style=\"vertical-align: top;\">12.30<\/td>\n<td style=\"vertical-align: top;\">Martin Ba\u010dkor, Michal Goga: Li\u0161ajn\u00edky v extr\u00e9mnom prostred\u00ed<\/td>\n<\/tr>\n<tr>\n<td style=\"vertical-align: top;\">12.50<\/td>\n<td style=\"vertical-align: top;\">Karol Mi\u010dieta: Fytoindik\u00e1cia environment\u00e1lnej mutagen\u00e9zy v podmienkach <em>in situ<\/em> (<strong>pozvan\u00e1 predn\u00e1\u0161ka<\/strong>)<\/td>\n<\/tr>\n<tr>\n<td style=\"vertical-align: top;\">13.10<\/td>\n<td style=\"vertical-align: top;\">Patrik Mr\u00e1z: Herb\u00e1rov\u00e9 zbierky a ich \u00faloha v \u0161t\u00fadiu glob\u00e1lnych zmien<strong> (pozvan\u00e1 predn\u00e1\u0161ka)<\/strong><\/td>\n<\/tr>\n<tr>\n<td style=\"vertical-align: top;\">13.30\u00a0<\/td>\n<td>Barbora Kyzekov\u00e1, Silvia \u017demlov\u00e1: Spolo\u010denstv\u00e1 snehov\u00fdch v\u00fdle\u017e\u00edsk ako bioindik\u00e1tory zmeny kl\u00edmy v Tatr\u00e1ch<\/td>\n<\/tr>\n<\/tbody>\n<\/table>\n<p> <strong>13.50 \u2013 14. 10<br \/> Prest\u00e1vka s ob\u010derstven\u00edm<\/strong><\/p>\n<p><strong>14.10 \u2013 15.30<\/strong><\/p>\n<table align=\"center\" bgcolor=\"#ffffff\" border=\"1\" cellpadding=\"3\" cellspacing=\"1\" style=\"width:97%\">\n<tbody>\n<tr>\n<td colspan=\"2\" valign=\"top\" width=\"25%\"><strong>Blok 2A\u00a0 Taxon\u00f3mia a biodiverzita<\/strong>\u00a0<\/td>\n<\/tr>\n<tr>\n<td style=\"width: 15%; vertical-align: top;\">14.10\u00a0<strong>\u00a0<\/strong><\/td>\n<td style=\"width: 82%; vertical-align: top;\">Renata Borosova: Cez hory, cez doly, Ranunculaceae vo svete a na Novej Guinei (<strong>pozvan\u00e1 predn\u00e1\u0161ka<\/strong>)<\/td>\n<\/tr>\n<tr>\n<td style=\"vertical-align: top;\">14.30<\/td>\n<td style=\"vertical-align: top;\">Pavol Eli\u00e1\u0161, jr.: Rev\u00edzia roz\u0161\u00edrenia a cenol\u00f3gie druhu <em>Ranunculus<\/em> <em>pedatus<\/em> na Slovensku<\/td>\n<\/tr>\n<tr>\n<td style=\"vertical-align: top;\">14.50<\/td>\n<td style=\"vertical-align: top;\">Erika M\u0148ahon\u010d\u00e1kov\u00e1: Chilli papri\u010dkyv kolekci\u00e1ch Botanickej z\u00e1hrady SPU v Nitre<\/td>\n<\/tr>\n<tr>\n<td style=\"vertical-align: top;\">15.10<\/td>\n<td>Ter\u00e9zia Beck, Svetlana G\u00e1perov\u00e1, J\u00e1n G\u00e1per, Kate\u0159ina N\u00e1plavov\u00e1, M\u00e1ria Piknov\u00e1, Peter Prista\u0161: Vyu\u017eitie molekulov\u00fdch met\u00f3d na identifik\u00e1ciu drevn\u00fdch h\u00fab atakuj\u00facich \u017eiv\u00e9 dreviny<\/td>\n<\/tr>\n<tr>\n<td colspan=\"2\"><strong>Blok 2B\u00a0 Mana\u017ement zbierok v arbor\u00e9tach a botanick\u00fdch z\u00e1hrad\u00e1ch<\/strong><\/td>\n<\/tr>\n<tr>\n<td style=\"vertical-align: top;\">14.10<\/td>\n<td style=\"vertical-align: top;\">Monika Lachmannov\u00e1, Alena Sala\u0161ov\u00e1: Hodnotenie drev\u00edn v chr\u00e1nenom are\u00e1li Hr\u00e1dock\u00e9 arbor\u00e9tum<\/td>\n<\/tr>\n<tr>\n<td style=\"vertical-align: top;\">14.30<\/td>\n<td style=\"vertical-align: top;\">Robert Gregorek: Sk\u00fasenosti s prev\u00e1dzkou umel\u00fdch vodn\u00fdch prvkov v Botanickej z\u00e1hrade UPJ\u0160. Sortiment rodu <em>Nymphaea<\/em> a vybran\u00fdch druhov makrofytov s ekologick\u00fdm aj estetick\u00fdm pr\u00ednosom pre okrasn\u00e9 jazierka<\/td>\n<\/tr>\n<tr>\n<td style=\"vertical-align: top;\">14.50<\/td>\n<td style=\"vertical-align: top;\">Peter Ferus, Peter Ho\u0165ka, Dominika Ko\u0161\u00fatov\u00e1, Jana Kon\u00f4pkov\u00e1: Zbierka javorov (Acer sp.) Arbor\u00e9ta Mly\u0148any \u00daEL SAV ako zdroj perspekt\u00edvneho rastlinn\u00e9ho materi\u00e1lu pre mestsk\u00e9 v\u00fdsadby<\/td>\n<\/tr>\n<tr>\n<td style=\"vertical-align: top;\">15.10<\/td>\n<td style=\"vertical-align: top;\">Martin Suv\u00e1k: Od chemickej k biologickej ochrane &#8211; zmeny v strat\u00e9gii boja so \u0161kodcami v Botanickej z\u00e1hrade UPJ\u0160 v Ko\u0161iciach<\/td>\n<\/tr>\n<\/tbody>\n<\/table>\n<p> <strong>15.30 \u2013 15.40 Prest\u00e1vka s ob\u010derstven\u00edm<\/strong><\/p>\n<p><strong>15.40 \u2013 16.10<br \/> Blok 3\u00a0 Postery<\/strong><\/p>\n<ul>\n<li style=\"margin-left: 14.2pt;\">Miriam Ba\u010dkorov\u00e1, Miriam Ga\u013eov\u00e1, Eva Petrovov\u00e1: Effect of plant extract <em>Ginkgo<\/em> <em>biloba<\/em> L. using the CAM model<\/li>\n<li style=\"margin-left: 14.2pt;\">Gennadiy Budnikov, Andriy Mihaly: Regarding the basic principles of genetic diversity protection in the Ukrainian Carpathians<\/li>\n<li style=\"margin-left: 14.2pt;\">Jarmila Eftimov\u00e1: Fruit, stem <em>Prunus<\/em> <em>avium<\/em> (L.) and <em>Cerasus<\/em> <em>vulgaris<\/em> (Mill.) as a source of exogenant antioxidants<\/li>\n<li style=\"margin-left: 14.2pt;\">Pavol Eli\u00e1\u0161 Jr.: N\u00e1vrat straten\u00e9ho syna: <em>Stipa<\/em> <em>smirnovii<\/em> op\u00e4tovne potvrden\u00fd pre fl\u00f3ru Slovenska<\/li>\n<li style=\"margin-left: 14.2pt;\">Andrea Fridmanov\u00e1, Martin Piz\u0148ak, Be\u00e1ta Jure\u010dkov\u00e1: Botanical garden &#8211; an institution of practical education<\/li>\n<li style=\"margin-left: 14.2pt;\">Krzysztof Kapa\u0142a, J\u00f3zef Mitka: Rare, protected and endangered species of vascular plants in the collection of Botanical Garden of the Jagiellonian University\u00a0<\/li>\n<li style=\"margin-left: 14.2pt;\">Slavom\u00edr Kurhajec, Karin Koval\u010d\u00edkov\u00e1: Antioxidant effect of plants of the genus <em>Tagetes<\/em>\u00a0<\/li>\n<li style=\"margin-left: 14.2pt;\">Augustin Lapo\u0161, Ivan \u0160alamon: Introduction of growing medicinal and aromatic plants at the Pre\u0161ov University fields in Pre\u0161ov, Slovakia\u00a0<\/li>\n<li style=\"margin-left: 14.2pt;\">Margar\u00e9ta Marcin\u010dinov\u00e1: Lichen diversity in the Botanical Garden of Pavol Jozef \u0160af\u00e1rik University in Ko\u0161ice\u00a0<\/li>\n<li style=\"margin-left: 14.2pt;\">Lenka M\u00e1rtonfiov\u00e1: Botanical Garden of P. J. \u0160af\u00e1rik University and plant karyology\u00a0<\/li>\n<li style=\"margin-left: 14.2pt;\">Marianna Pa\u013eov\u00e1, Vladislav Kolar\u010dik: Endopolyploidy variations in organs and tissues of <em>Polytrichum<\/em> <em>formosum<\/em>\u00a0<\/li>\n<li style=\"margin-left: 14.2pt;\">Martina Pro\u0161kovcov\u00e1, Eva \u010conkov\u00e1, Peter V\u00e1czi, Zuzana Malinovsk\u00e1: Antibiofilmov\u00e1 aktivita vybran\u00fdch rastlinn\u00fdch sil\u00edc \u010de\u013eade Lamiaceae vo\u010di <em>Candida albicans<\/em>\u00a0<\/li>\n<li style=\"margin-left: 14.2pt;\">Ivan \u0160alamon, Maryna Kryvtsova, Myroslava Hrytsyna: Three <em>Juniperus<\/em> species \u2013 characteristic differences of essential oils and their properties for the distilling industry\u00a0<\/li>\n<li style=\"margin-left: 14.2pt;\">Ivan \u0160alamon, Gabriela Sabelli: The pattern of active substances accumulation in chamomile varieties under growing condition in Chullcuisa, Peru\u00a0<\/li>\n<li style=\"margin-left: 14.2pt;\">Jana \u0160pulerov\u00e1, Zita Izakovi\u010dov\u00e1: Pr\u00edrode bl\u00edzke prvky ako indicator biokult\u00farnej hodnoty krajiny\u00a0<\/li>\n<li style=\"margin-left: 14.2pt;\">Lucia Ungvarsk\u00e1 Ma\u013eu\u010dk\u00e1, Jarmila Harvanov\u00e1 &#038; Anna Uhrinov\u00e1: <em>Ophiocordyceps<\/em> <em>sinensis<\/em>: \u201cWinter worm-summer grass\u201c<br \/> \t\u00a0<\/li>\n<\/ul>\n<p><strong>16.10 \u2013 17.30<\/strong><\/p>\n<table align=\"center\" bgcolor=\"#ffffff\" border=\"1\" cellpadding=\"3\" cellspacing=\"1\" style=\"width:97%\">\n<tbody>\n<tr>\n<td colspan=\"2\" valign=\"top\" width=\"25%\"><strong>Blok 4A\u00a0 Experiment\u00e1lna botanika<\/strong>\u00a0<\/td>\n<\/tr>\n<tr>\n<td style=\"width: 15%; vertical-align: top;\">16.10\u00a0<strong>\u00a0<\/strong><\/td>\n<td style=\"width: 82%; vertical-align: top;\">Karol Ujh\u00e1zy, Mariana Ujh\u00e1zyov\u00e1, Franti\u0161ek M\u00e1li\u0161, Marek \u010ciliak, Erika G\u00f6m\u00f6ryov\u00e1: Reakcia fytodiverzity a druhov\u00e9ho zlo\u017eenia na experiment\u00e1lnu aplik\u00e1ciu historick\u00e9ho mana\u017ementu a depoz\u00edci\u00ed dus\u00edka v dubovo-hrabov\u00fdch lesoch<\/td>\n<\/tr>\n<tr>\n<td style=\"vertical-align: top;\">16.30<\/td>\n<td style=\"vertical-align: top;\">Ivana Sarva\u0161ov\u00e1, Ivan Luk\u00e1\u010dik:\u00a0 Prejavy p\u00f4vodov brezy svalcovitej \u00a0(<em>Betula pendula<\/em>\u00a0Roth. var. <em>carelica <\/em>[Merklin] H\u00e4met-Ahti) archivovanej v\u00a0Arbor\u00e9te Borov\u00e1 hora<\/td>\n<\/tr>\n<tr>\n<td style=\"vertical-align: top;\">16.50<\/td>\n<td style=\"vertical-align: top;\">Peter Pa\u013eove-Balang, Judita Kochjarov\u00e1, Adriana Eli\u00e1\u0161ov\u00e1, Richard Hrivn\u00e1k: Medziodborov\u00fd v\u00fdskum v\u00fdskytu a ekofyziol\u00f3gie vodn\u00fdch makrofytov<\/td>\n<\/tr>\n<tr>\n<td style=\"vertical-align: top;\">17.10<\/td>\n<td style=\"vertical-align: top;\">Peter Kelbel: \u00a0\u00a0Po\u0161kodenie plodov a semien vybran\u00fdch druhov krov hmyz\u00edmi \u0161kodcami<\/td>\n<\/tr>\n<tr>\n<td colspan=\"2\"><strong>Blok 4B\u00a0 Vzdel\u00e1vanie, bioinformatika<\/strong><\/td>\n<\/tr>\n<tr>\n<td style=\"vertical-align: top;\">16.10<\/td>\n<td style=\"vertical-align: top;\">Karol Marhold: Biodiversity informatics \u2013 mo\u017enosti glob\u00e1lnych informa\u010dn\u00fdch zdrojov pri \u0161t\u00fadiu biodiverzity\u00a0 (<strong>pozvan\u00e1 predn\u00e1\u0161ka<\/strong>)<\/td>\n<\/tr>\n<tr>\n<td style=\"vertical-align: top;\">16.30<\/td>\n<td style=\"vertical-align: top;\">\u013dubo\u0161 Majesk\u00fd, Pavol M\u00e1rtonfi, Theodor C. H. Cole: Fylogen\u00e9za rastl\u00edn v skratke \u2013 stru\u010dn\u00e9 a preh\u013eadn\u00e9 predstavenie fylogen\u00e9zy rastl\u00edn formou postrov<\/td>\n<\/tr>\n<tr>\n<td style=\"vertical-align: top;\">16.50<\/td>\n<td style=\"vertical-align: top;\">Andrea Le\u0161kov\u00e1, Andrea Fridmanov\u00e1, Zuzana Compe\u013eov\u00e1: Neform\u00e1lne vzdel\u00e1vanie v Botanickej z\u00e1hrade UPJ\u0160 v Ko\u0161iciach<\/td>\n<\/tr>\n<tr>\n<td style=\"vertical-align: top;\"><strong>17.30\u00a0<\/strong><\/td>\n<td><strong>Z\u00e1ver predn\u00e1\u0161kovej \u010dasti<\/strong><\/td>\n<\/tr>\n<\/tbody>\n<\/table>\n<h3> <span style=\"color:#006400\"><strong>18.30 \u00a0\u00a0\u00a0\u00a0\u00a0\u00a0\u00a0\u00a0\u00a0\u00a0 Z\u00e1hradn\u00e1 sl\u00e1vnos\u0165 v Botanickej z\u00e1hrade\u00a0 (Garden Party)<\/strong><\/span><\/h3>\n<p style=\"text-align: justify;\">(v pr\u00edpade nepriazniv\u00e9ho po\u010dasia v jed\u00e1lni BZ UPJ\u0160 \/ in the case of bad weather it will take place in the dining hall of the Botanical Garden). <strong>Dress code: casual.<\/strong><\/p>\n<p style=\"text-align: justify;\">V r\u00e1mci z\u00e1hradnej sl\u00e1vnosti sa uskuto\u010dn\u00ed prezent\u00e1cia <strong>svetov\u00e9ho sortimentu chilli papri\u010diek spojen\u00e1 s ich degust\u00e1ciou<\/strong>. Na v\u0161etk\u00fdch host\u00ed sa te\u0161\u00ed <strong>\u00a0Ing. Peter Gajdo\u0161tin (B\u0159ezce, \u010cR)<\/strong>, ktor\u00fd sa pod zna\u010dkou \u201eDobr\u00e1 semena CZ\u201c zasl\u00fa\u017eil o spr\u00edstupnenie menej zn\u00e1mych druhov a odr\u00f4d zelen\u00edn \u0161irokej verejnosti.<br \/> \u00a0<\/p>\n<h3><strong><span style=\"color:#B22222\">4. 9. 2020 \u2013 piatok<\/span> <\/strong><\/h3>\n<h3><strong>09.00 \u00a0\u00a0\u00a0\u00a0\u00a0\u00a0 Prehliadka sklen\u00edkov a\u00a0are\u00e1lu BZ <\/strong><\/h3>\n<h3><strong>11.00 \u00a0\u00a0\u00a0\u00a0\u00a0\u00a0 Konferen\u010dn\u00e1 exkurzia do Kave\u010dian a na Hradov\u00fa <\/strong><\/h3>\n<p style=\"text-align: justify;\">( <a href=\"https:\/\/www.upjs.sk\/pracoviska\/botanicka-zahrada\/konferencia\/exkurzie\/\">podrobnej\u0161ie inform\u00e1cie o\u00a0exkurzi\u00e1ch<\/a> )<\/p>\n<p>\u00a0<\/p>\n","protected":false},"excerpt":{"rendered":"<p>\u00a0 Program konferencie 70 rokov Botanickej z\u00e1hrady UPJ\u0160 v\u00a0Ko\u0161iciach 3. 9. 2020 \u2013 \u0161tvrtok (Dress code: semi formal, rokovac\u00ed jazyk: sloven\u010dina a\u00a0\u010de\u0161tina) Sl\u00e1vnostn\u00e1 \u010das\u0165 konferencie 08.30 \u2013 09.30 Prezent\u00e1cia \u00fa\u010dastn\u00edkov\u00a0 09.30\u00a0 Otvorenie, priv\u00edtanie host\u00ed 09.40 Hlavn\u00e1 predn\u00e1\u0161ka: Pavol M\u00e1rtonfI: Sedemdesiat jedine\u010dn\u00fdch rokov Botanickej z\u00e1hrady UPJ\u0160 v\u00a0Ko\u0161iciach 10.10\u00a0 Pozdravy host\u00ed 10.40\u00a0 Odovzd\u00e1vanie ocenen\u00ed 11.10 Kult\u00farne vyst\u00fapenie &hellip; <a href=\"https:\/\/www.upjs.sk\/pracoviska\/botanicka-zahrada\/konferencia\/program\/\">\u010c\u00edta\u0165 \u010falej<\/a><\/p>\n","protected":false},"author":1,"featured_media":15366,"parent":15365,"menu_order":6,"comment_status":"closed","ping_status":"closed","template":"","meta":{"_acf_changed":false,"_editorskit_title_hidden":false,"_editorskit_reading_time":0,"_editorskit_is_block_options_detached":false,"_editorskit_block_options_position":"{}","footnotes":""},"categories":[],"tags":[],"class_list":["post-15402","page","type-page","status-publish","has-post-thumbnail","hentry"],"acf":{"acf_link_na_externy_obsah":""},"yoast_head":"<!-- This site is optimized with the Yoast SEO plugin v27.4 - https:\/\/yoast.com\/product\/yoast-seo-wordpress\/ -->\n<title>Program konferencie \/ Programme of conference - Botanick\u00e1 z\u00e1hrada<\/title>\n<meta name=\"robots\" content=\"index, follow, max-snippet:-1, max-image-preview:large, max-video-preview:-1\" \/>\n<link rel=\"canonical\" href=\"https:\/\/www.upjs.sk\/pracoviska\/botanicka-zahrada\/konferencia\/program\/\" \/>\n<meta property=\"og:locale\" content=\"sk_SK\" \/>\n<meta property=\"og:type\" content=\"article\" \/>\n<meta property=\"og:title\" content=\"Program konferencie \/ Programme of conference - Botanick\u00e1 z\u00e1hrada\" \/>\n<meta property=\"og:description\" content=\"\u00a0 Program konferencie 70 rokov Botanickej z\u00e1hrady UPJ\u0160 v\u00a0Ko\u0161iciach 3. 9. 2020 \u2013 \u0161tvrtok (Dress code: semi formal, rokovac\u00ed jazyk: sloven\u010dina a\u00a0\u010de\u0161tina) Sl\u00e1vnostn\u00e1 \u010das\u0165 konferencie 08.30 \u2013 09.30 Prezent\u00e1cia \u00fa\u010dastn\u00edkov\u00a0 09.30\u00a0 Otvorenie, priv\u00edtanie host\u00ed 09.40 Hlavn\u00e1 predn\u00e1\u0161ka: Pavol M\u00e1rtonfI: Sedemdesiat jedine\u010dn\u00fdch rokov Botanickej z\u00e1hrady UPJ\u0160 v\u00a0Ko\u0161iciach 10.10\u00a0 Pozdravy host\u00ed 10.40\u00a0 Odovzd\u00e1vanie ocenen\u00ed 11.10 Kult\u00farne vyst\u00fapenie &hellip; \u010c\u00edta\u0165 \u010falej\" \/>\n<meta property=\"og:url\" content=\"https:\/\/www.upjs.sk\/pracoviska\/botanicka-zahrada\/konferencia\/program\/\" \/>\n<meta property=\"og:site_name\" content=\"Botanick\u00e1 z\u00e1hrada\" \/>\n<meta property=\"article:modified_time\" content=\"2022-10-05T09:04:58+00:00\" \/>\n<meta property=\"og:image\" content=\"https:\/\/www.upjs.sk\/app\/uploads\/sites\/15\/2022\/10\/baner-hlavicka.jpg\" \/>\n\t<meta property=\"og:image:width\" content=\"1755\" \/>\n\t<meta property=\"og:image:height\" content=\"538\" \/>\n\t<meta property=\"og:image:type\" content=\"image\/jpeg\" \/>\n<meta name=\"twitter:card\" content=\"summary_large_image\" \/>\n<meta name=\"twitter:label1\" content=\"Predpokladan\u00fd \u010das \u010d\u00edtania\" \/>\n\t<meta name=\"twitter:data1\" content=\"5 min\u00fat\" \/>\n<script type=\"application\/ld+json\" class=\"yoast-schema-graph\">{\"@context\":\"https:\\\/\\\/schema.org\",\"@graph\":[{\"@type\":\"WebPage\",\"@id\":\"https:\\\/\\\/www.upjs.sk\\\/pracoviska\\\/botanicka-zahrada\\\/konferencia\\\/program\\\/\",\"url\":\"https:\\\/\\\/www.upjs.sk\\\/pracoviska\\\/botanicka-zahrada\\\/konferencia\\\/program\\\/\",\"name\":\"Program konferencie \\\/ Programme of conference - Botanick\u00e1 z\u00e1hrada\",\"isPartOf\":{\"@id\":\"https:\\\/\\\/www.upjs.sk\\\/pracoviska\\\/botanicka-zahrada\\\/#website\"},\"primaryImageOfPage\":{\"@id\":\"https:\\\/\\\/www.upjs.sk\\\/pracoviska\\\/botanicka-zahrada\\\/konferencia\\\/program\\\/#primaryimage\"},\"image\":{\"@id\":\"https:\\\/\\\/www.upjs.sk\\\/pracoviska\\\/botanicka-zahrada\\\/konferencia\\\/program\\\/#primaryimage\"},\"thumbnailUrl\":\"https:\\\/\\\/www.upjs.sk\\\/app\\\/uploads\\\/sites\\\/15\\\/2022\\\/10\\\/baner-hlavicka.jpg\",\"datePublished\":\"2020-08-19T14:31:18+00:00\",\"dateModified\":\"2022-10-05T09:04:58+00:00\",\"breadcrumb\":{\"@id\":\"https:\\\/\\\/www.upjs.sk\\\/pracoviska\\\/botanicka-zahrada\\\/konferencia\\\/program\\\/#breadcrumb\"},\"inLanguage\":\"sk-SK\",\"potentialAction\":[{\"@type\":\"ReadAction\",\"target\":[\"https:\\\/\\\/www.upjs.sk\\\/pracoviska\\\/botanicka-zahrada\\\/konferencia\\\/program\\\/\"]}]},{\"@type\":\"ImageObject\",\"inLanguage\":\"sk-SK\",\"@id\":\"https:\\\/\\\/www.upjs.sk\\\/pracoviska\\\/botanicka-zahrada\\\/konferencia\\\/program\\\/#primaryimage\",\"url\":\"https:\\\/\\\/www.upjs.sk\\\/app\\\/uploads\\\/sites\\\/15\\\/2022\\\/10\\\/baner-hlavicka.jpg\",\"contentUrl\":\"https:\\\/\\\/www.upjs.sk\\\/app\\\/uploads\\\/sites\\\/15\\\/2022\\\/10\\\/baner-hlavicka.jpg\",\"width\":1755,\"height\":538},{\"@type\":\"BreadcrumbList\",\"@id\":\"https:\\\/\\\/www.upjs.sk\\\/pracoviska\\\/botanicka-zahrada\\\/konferencia\\\/program\\\/#breadcrumb\",\"itemListElement\":[{\"@type\":\"ListItem\",\"position\":1,\"name\":\"Home\",\"item\":\"https:\\\/\\\/www.upjs.sk\\\/pracoviska\\\/botanicka-zahrada\\\/\"},{\"@type\":\"ListItem\",\"position\":2,\"name\":\"Priv\u00edtanie \\\/ Invitation\",\"item\":\"https:\\\/\\\/www.upjs.sk\\\/pracoviska\\\/botanicka-zahrada\\\/konferencia\\\/\"},{\"@type\":\"ListItem\",\"position\":3,\"name\":\"Program konferencie \\\/ Programme of conference\"}]},{\"@type\":\"WebSite\",\"@id\":\"https:\\\/\\\/www.upjs.sk\\\/pracoviska\\\/botanicka-zahrada\\\/#website\",\"url\":\"https:\\\/\\\/www.upjs.sk\\\/pracoviska\\\/botanicka-zahrada\\\/\",\"name\":\"Botanick\u00e1 z\u00e1hrada\",\"description\":\"\",\"publisher\":{\"@id\":\"https:\\\/\\\/www.upjs.sk\\\/pracoviska\\\/botanicka-zahrada\\\/#organization\"},\"potentialAction\":[{\"@type\":\"SearchAction\",\"target\":{\"@type\":\"EntryPoint\",\"urlTemplate\":\"https:\\\/\\\/www.upjs.sk\\\/pracoviska\\\/botanicka-zahrada\\\/?s={search_term_string}\"},\"query-input\":{\"@type\":\"PropertyValueSpecification\",\"valueRequired\":true,\"valueName\":\"search_term_string\"}}],\"inLanguage\":\"sk-SK\"},{\"@type\":\"Organization\",\"@id\":\"https:\\\/\\\/www.upjs.sk\\\/pracoviska\\\/botanicka-zahrada\\\/#organization\",\"name\":\"Botanick\u00e1 z\u00e1hrada\",\"url\":\"https:\\\/\\\/www.upjs.sk\\\/pracoviska\\\/botanicka-zahrada\\\/\",\"logo\":{\"@type\":\"ImageObject\",\"inLanguage\":\"sk-SK\",\"@id\":\"https:\\\/\\\/www.upjs.sk\\\/pracoviska\\\/botanicka-zahrada\\\/#\\\/schema\\\/logo\\\/image\\\/\",\"url\":\"https:\\\/\\\/www.upjs.sk\\\/app\\\/uploads\\\/sites\\\/15\\\/2023\\\/01\\\/BZ-2.svg\",\"contentUrl\":\"https:\\\/\\\/www.upjs.sk\\\/app\\\/uploads\\\/sites\\\/15\\\/2023\\\/01\\\/BZ-2.svg\",\"width\":500,\"height\":138,\"caption\":\"Botanick\u00e1 z\u00e1hrada\"},\"image\":{\"@id\":\"https:\\\/\\\/www.upjs.sk\\\/pracoviska\\\/botanicka-zahrada\\\/#\\\/schema\\\/logo\\\/image\\\/\"}}]}<\/script>\n<!-- \/ Yoast SEO plugin. -->","yoast_head_json":{"title":"Program konferencie \/ Programme of conference - Botanick\u00e1 z\u00e1hrada","robots":{"index":"index","follow":"follow","max-snippet":"max-snippet:-1","max-image-preview":"max-image-preview:large","max-video-preview":"max-video-preview:-1"},"canonical":"https:\/\/www.upjs.sk\/pracoviska\/botanicka-zahrada\/konferencia\/program\/","og_locale":"sk_SK","og_type":"article","og_title":"Program konferencie \/ Programme of conference - Botanick\u00e1 z\u00e1hrada","og_description":"\u00a0 Program konferencie 70 rokov Botanickej z\u00e1hrady UPJ\u0160 v\u00a0Ko\u0161iciach 3. 9. 2020 \u2013 \u0161tvrtok (Dress code: semi formal, rokovac\u00ed jazyk: sloven\u010dina a\u00a0\u010de\u0161tina) Sl\u00e1vnostn\u00e1 \u010das\u0165 konferencie 08.30 \u2013 09.30 Prezent\u00e1cia \u00fa\u010dastn\u00edkov\u00a0 09.30\u00a0 Otvorenie, priv\u00edtanie host\u00ed 09.40 Hlavn\u00e1 predn\u00e1\u0161ka: Pavol M\u00e1rtonfI: Sedemdesiat jedine\u010dn\u00fdch rokov Botanickej z\u00e1hrady UPJ\u0160 v\u00a0Ko\u0161iciach 10.10\u00a0 Pozdravy host\u00ed 10.40\u00a0 Odovzd\u00e1vanie ocenen\u00ed 11.10 Kult\u00farne vyst\u00fapenie &hellip; \u010c\u00edta\u0165 \u010falej","og_url":"https:\/\/www.upjs.sk\/pracoviska\/botanicka-zahrada\/konferencia\/program\/","og_site_name":"Botanick\u00e1 z\u00e1hrada","article_modified_time":"2022-10-05T09:04:58+00:00","og_image":[{"width":1755,"height":538,"url":"https:\/\/www.upjs.sk\/app\/uploads\/sites\/15\/2022\/10\/baner-hlavicka.jpg","type":"image\/jpeg"}],"twitter_card":"summary_large_image","twitter_misc":{"Predpokladan\u00fd \u010das \u010d\u00edtania":"5 min\u00fat"},"schema":{"@context":"https:\/\/schema.org","@graph":[{"@type":"WebPage","@id":"https:\/\/www.upjs.sk\/pracoviska\/botanicka-zahrada\/konferencia\/program\/","url":"https:\/\/www.upjs.sk\/pracoviska\/botanicka-zahrada\/konferencia\/program\/","name":"Program konferencie \/ Programme of conference - Botanick\u00e1 z\u00e1hrada","isPartOf":{"@id":"https:\/\/www.upjs.sk\/pracoviska\/botanicka-zahrada\/#website"},"primaryImageOfPage":{"@id":"https:\/\/www.upjs.sk\/pracoviska\/botanicka-zahrada\/konferencia\/program\/#primaryimage"},"image":{"@id":"https:\/\/www.upjs.sk\/pracoviska\/botanicka-zahrada\/konferencia\/program\/#primaryimage"},"thumbnailUrl":"https:\/\/www.upjs.sk\/app\/uploads\/sites\/15\/2022\/10\/baner-hlavicka.jpg","datePublished":"2020-08-19T14:31:18+00:00","dateModified":"2022-10-05T09:04:58+00:00","breadcrumb":{"@id":"https:\/\/www.upjs.sk\/pracoviska\/botanicka-zahrada\/konferencia\/program\/#breadcrumb"},"inLanguage":"sk-SK","potentialAction":[{"@type":"ReadAction","target":["https:\/\/www.upjs.sk\/pracoviska\/botanicka-zahrada\/konferencia\/program\/"]}]},{"@type":"ImageObject","inLanguage":"sk-SK","@id":"https:\/\/www.upjs.sk\/pracoviska\/botanicka-zahrada\/konferencia\/program\/#primaryimage","url":"https:\/\/www.upjs.sk\/app\/uploads\/sites\/15\/2022\/10\/baner-hlavicka.jpg","contentUrl":"https:\/\/www.upjs.sk\/app\/uploads\/sites\/15\/2022\/10\/baner-hlavicka.jpg","width":1755,"height":538},{"@type":"BreadcrumbList","@id":"https:\/\/www.upjs.sk\/pracoviska\/botanicka-zahrada\/konferencia\/program\/#breadcrumb","itemListElement":[{"@type":"ListItem","position":1,"name":"Home","item":"https:\/\/www.upjs.sk\/pracoviska\/botanicka-zahrada\/"},{"@type":"ListItem","position":2,"name":"Priv\u00edtanie \/ Invitation","item":"https:\/\/www.upjs.sk\/pracoviska\/botanicka-zahrada\/konferencia\/"},{"@type":"ListItem","position":3,"name":"Program konferencie \/ Programme of conference"}]},{"@type":"WebSite","@id":"https:\/\/www.upjs.sk\/pracoviska\/botanicka-zahrada\/#website","url":"https:\/\/www.upjs.sk\/pracoviska\/botanicka-zahrada\/","name":"Botanick\u00e1 z\u00e1hrada","description":"","publisher":{"@id":"https:\/\/www.upjs.sk\/pracoviska\/botanicka-zahrada\/#organization"},"potentialAction":[{"@type":"SearchAction","target":{"@type":"EntryPoint","urlTemplate":"https:\/\/www.upjs.sk\/pracoviska\/botanicka-zahrada\/?s={search_term_string}"},"query-input":{"@type":"PropertyValueSpecification","valueRequired":true,"valueName":"search_term_string"}}],"inLanguage":"sk-SK"},{"@type":"Organization","@id":"https:\/\/www.upjs.sk\/pracoviska\/botanicka-zahrada\/#organization","name":"Botanick\u00e1 z\u00e1hrada","url":"https:\/\/www.upjs.sk\/pracoviska\/botanicka-zahrada\/","logo":{"@type":"ImageObject","inLanguage":"sk-SK","@id":"https:\/\/www.upjs.sk\/pracoviska\/botanicka-zahrada\/#\/schema\/logo\/image\/","url":"https:\/\/www.upjs.sk\/app\/uploads\/sites\/15\/2023\/01\/BZ-2.svg","contentUrl":"https:\/\/www.upjs.sk\/app\/uploads\/sites\/15\/2023\/01\/BZ-2.svg","width":500,"height":138,"caption":"Botanick\u00e1 z\u00e1hrada"},"image":{"@id":"https:\/\/www.upjs.sk\/pracoviska\/botanicka-zahrada\/#\/schema\/logo\/image\/"}}]}},"_links":{"self":[{"href":"https:\/\/www.upjs.sk\/pracoviska\/botanicka-zahrada\/wp-json\/wp\/v2\/pages\/15402","targetHints":{"allow":["GET"]}}],"collection":[{"href":"https:\/\/www.upjs.sk\/pracoviska\/botanicka-zahrada\/wp-json\/wp\/v2\/pages"}],"about":[{"href":"https:\/\/www.upjs.sk\/pracoviska\/botanicka-zahrada\/wp-json\/wp\/v2\/types\/page"}],"author":[{"embeddable":true,"href":"https:\/\/www.upjs.sk\/pracoviska\/botanicka-zahrada\/wp-json\/wp\/v2\/users\/1"}],"replies":[{"embeddable":true,"href":"https:\/\/www.upjs.sk\/pracoviska\/botanicka-zahrada\/wp-json\/wp\/v2\/comments?post=15402"}],"version-history":[{"count":2,"href":"https:\/\/www.upjs.sk\/pracoviska\/botanicka-zahrada\/wp-json\/wp\/v2\/pages\/15402\/revisions"}],"predecessor-version":[{"id":16030,"href":"https:\/\/www.upjs.sk\/pracoviska\/botanicka-zahrada\/wp-json\/wp\/v2\/pages\/15402\/revisions\/16030"}],"up":[{"embeddable":true,"href":"https:\/\/www.upjs.sk\/pracoviska\/botanicka-zahrada\/wp-json\/wp\/v2\/pages\/15365"}],"wp:featuredmedia":[{"embeddable":true,"href":"https:\/\/www.upjs.sk\/pracoviska\/botanicka-zahrada\/wp-json\/wp\/v2\/media\/15366"}],"wp:attachment":[{"href":"https:\/\/www.upjs.sk\/pracoviska\/botanicka-zahrada\/wp-json\/wp\/v2\/media?parent=15402"}],"wp:term":[{"taxonomy":"category","embeddable":true,"href":"https:\/\/www.upjs.sk\/pracoviska\/botanicka-zahrada\/wp-json\/wp\/v2\/categories?post=15402"},{"taxonomy":"post_tag","embeddable":true,"href":"https:\/\/www.upjs.sk\/pracoviska\/botanicka-zahrada\/wp-json\/wp\/v2\/tags?post=15402"}],"curies":[{"name":"wp","href":"https:\/\/api.w.org\/{rel}","templated":true}]}}