{"id":23322,"date":"2025-03-20T12:00:40","date_gmt":"2025-03-20T12:00:40","guid":{"rendered":"https:\/\/www.upjs.sk\/pracoviska\/botanicka-zahrada\/?page_id=23322"},"modified":"2025-08-27T20:07:37","modified_gmt":"2025-08-27T20:07:37","slug":"program-konferencie","status":"publish","type":"page","link":"https:\/\/www.upjs.sk\/pracoviska\/botanicka-zahrada\/odborne-aktivity\/konferencia-75-rokov-bz\/program-konferencie\/","title":{"rendered":"Program konferencie"},"content":{"rendered":"<style>.kb-image23322_48edc3-80.kb-image-is-ratio-size, .kb-image23322_48edc3-80 .kb-image-is-ratio-size{max-width:855px;width:100%;}.wp-block-kadence-column > .kt-inside-inner-col > .kb-image23322_48edc3-80.kb-image-is-ratio-size, .wp-block-kadence-column > .kt-inside-inner-col > .kb-image23322_48edc3-80 .kb-image-is-ratio-size{align-self:unset;}.kb-image23322_48edc3-80 figure{max-width:855px;}.kb-image23322_48edc3-80 .image-is-svg, .kb-image23322_48edc3-80 .image-is-svg img{width:100%;}.kb-image23322_48edc3-80 .kb-image-has-overlay:after{opacity:0.3;border-top-left-radius:15px;border-top-right-radius:15px;border-bottom-right-radius:15px;border-bottom-left-radius:15px;}.kb-image23322_48edc3-80 img.kb-img, .kb-image23322_48edc3-80 .kb-img img{border-top-left-radius:15px;border-top-right-radius:15px;border-bottom-right-radius:15px;border-bottom-left-radius:15px;}<\/style>\n<div class=\"wp-block-kadence-image kb-image23322_48edc3-80\"><figure class=\"aligncenter\"><img loading=\"lazy\" decoding=\"async\" width=\"1000\" height=\"308\" src=\"https:\/\/www.upjs.sk\/app\/uploads\/sites\/15\/2025\/03\/baner-75-rokov-bZ-1.jpg\" alt=\"\" class=\"kb-img wp-image-23300\" srcset=\"https:\/\/www.upjs.sk\/app\/uploads\/sites\/15\/2025\/03\/baner-75-rokov-bZ-1.jpg 1000w, https:\/\/www.upjs.sk\/app\/uploads\/sites\/15\/2025\/03\/baner-75-rokov-bZ-1-300x92.jpg 300w, https:\/\/www.upjs.sk\/app\/uploads\/sites\/15\/2025\/03\/baner-75-rokov-bZ-1-768x237.jpg 768w\" sizes=\"auto, (max-width: 1000px) 100vw, 1000px\" \/><\/figure><\/div>\n\n\n<style>.kt-accordion-id23322_e9b497-02 .kt-accordion-inner-wrap{column-gap:var(--global-kb-gap-md, 2rem);row-gap:8px;}.kt-accordion-id23322_e9b497-02 .kt-accordion-panel-inner{border-top:0px solid transparent;border-right:1px solid transparent;border-bottom:1px solid transparent;border-left:1px solid transparent;background:#ffffff;padding-top:var(--global-kb-spacing-sm, 1.5rem);padding-right:var(--global-kb-spacing-sm, 1.5rem);padding-bottom:var(--global-kb-spacing-sm, 1.5rem);padding-left:var(--global-kb-spacing-sm, 1.5rem);}.kt-accordion-id23322_e9b497-02 .wp-block-kadence-pane .kt-accordion-header-wrap .kt-blocks-accordion-header{border-top:1px solid #eeeeee;border-right:1px solid #eeeeee;border-bottom:1px solid #eeeeee;border-left:2px solid #eeeeee;border-top-left-radius:0px;border-top-right-radius:0px;border-bottom-right-radius:0px;border-bottom-left-radius:0px;background:#D6D6D6;color:#C19152;padding-top:14px;padding-right:16px;padding-bottom:14px;padding-left:16px;}.kt-accordion-id23322_e9b497-02:not( .kt-accodion-icon-style-basiccircle ):not( .kt-accodion-icon-style-xclosecircle ):not( .kt-accodion-icon-style-arrowcircle ) .kt-blocks-accordion-icon-trigger:after, .kt-accordion-id23322_e9b497-02:not( .kt-accodion-icon-style-basiccircle ):not( .kt-accodion-icon-style-xclosecircle ):not( .kt-accodion-icon-style-arrowcircle ) .kt-blocks-accordion-icon-trigger:before{background:#C19152;}.kt-accordion-id23322_e9b497-02:not( .kt-accodion-icon-style-basic ):not( .kt-accodion-icon-style-xclose ):not( .kt-accodion-icon-style-arrow ) .kt-blocks-accordion-icon-trigger{background:#C19152;}.kt-accordion-id23322_e9b497-02:not( .kt-accodion-icon-style-basic ):not( .kt-accodion-icon-style-xclose ):not( .kt-accodion-icon-style-arrow ) .kt-blocks-accordion-icon-trigger:after, .kt-accordion-id23322_e9b497-02:not( .kt-accodion-icon-style-basic ):not( .kt-accodion-icon-style-xclose ):not( .kt-accodion-icon-style-arrow ) .kt-blocks-accordion-icon-trigger:before{background:#D6D6D6;}.kt-accordion-id23322_e9b497-02 .kt-accordion-header-wrap .kt-blocks-accordion-header:hover, body:not(.hide-focus-outline) .kt-accordion-id23322_e9b497-02 .kt-accordion-header-wrap .kt-blocks-accordion-header:focus-visible{color:#C19152;background:#F4F4F4;border-top-color:#d4d4d4;border-top-style:solid;border-right-color:#d4d4d4;border-right-style:solid;border-bottom-color:#d4d4d4;border-bottom-style:solid;border-left-color:#d4d4d4;border-left-style:solid;}.kt-accordion-id23322_e9b497-02:not( .kt-accodion-icon-style-basiccircle ):not( .kt-accodion-icon-style-xclosecircle ):not( .kt-accodion-icon-style-arrowcircle ) .kt-blocks-accordion-header:hover .kt-blocks-accordion-icon-trigger:after, .kt-accordion-id23322_e9b497-02:not( .kt-accodion-icon-style-basiccircle ):not( .kt-accodion-icon-style-xclosecircle ):not( .kt-accodion-icon-style-arrowcircle ) .kt-blocks-accordion-header:hover .kt-blocks-accordion-icon-trigger:before, body:not(.hide-focus-outline) .kt-accordion-id23322_e9b497-02:not( .kt-accodion-icon-style-basiccircle ):not( .kt-accodion-icon-style-xclosecircle ):not( .kt-accodion-icon-style-arrowcircle ) .kt-blocks-accordion--visible .kt-blocks-accordion-icon-trigger:after, body:not(.hide-focus-outline) .kt-accordion-id23322_e9b497-02:not( .kt-accodion-icon-style-basiccircle ):not( .kt-accodion-icon-style-xclosecircle ):not( .kt-accodion-icon-style-arrowcircle ) .kt-blocks-accordion-header:focus-visible .kt-blocks-accordion-icon-trigger:before{background:#C19152;}.kt-accordion-id23322_e9b497-02:not( .kt-accodion-icon-style-basic ):not( .kt-accodion-icon-style-xclose ):not( .kt-accodion-icon-style-arrow ) .kt-blocks-accordion-header:hover .kt-blocks-accordion-icon-trigger, body:not(.hide-focus-outline) .kt-accordion-id23322_e9b497-02:not( .kt-accodion-icon-style-basic ):not( .kt-accodion-icon-style-xclose ):not( .kt-accodion-icon-style-arrow ) .kt-blocks-accordion-header:focus-visible .kt-blocks-accordion-icon-trigger{background:#C19152;}.kt-accordion-id23322_e9b497-02:not( .kt-accodion-icon-style-basic ):not( .kt-accodion-icon-style-xclose ):not( .kt-accodion-icon-style-arrow ) .kt-blocks-accordion-header:hover .kt-blocks-accordion-icon-trigger:after, .kt-accordion-id23322_e9b497-02:not( .kt-accodion-icon-style-basic ):not( .kt-accodion-icon-style-xclose ):not( .kt-accodion-icon-style-arrow ) .kt-blocks-accordion-header:hover .kt-blocks-accordion-icon-trigger:before, body:not(.hide-focus-outline) .kt-accordion-id23322_e9b497-02:not( .kt-accodion-icon-style-basic ):not( .kt-accodion-icon-style-xclose ):not( .kt-accodion-icon-style-arrow ) .kt-blocks-accordion-header:focus-visible .kt-blocks-accordion-icon-trigger:after, body:not(.hide-focus-outline) .kt-accordion-id23322_e9b497-02:not( .kt-accodion-icon-style-basic ):not( .kt-accodion-icon-style-xclose ):not( .kt-accodion-icon-style-arrow ) .kt-blocks-accordion-header:focus-visible .kt-blocks-accordion-icon-trigger:before{background:#F4F4F4;}.kt-accordion-id23322_e9b497-02 .kt-accordion-header-wrap .kt-blocks-accordion-header:focus-visible, .kt-accordion-id23322_e9b497-02 .kt-accordion-header-wrap .kt-blocks-accordion-header.kt-accordion-panel-active{color:#C19152;background:#ffffff;border-top-color:#eeeeee;border-top-style:solid;border-right-color:#eeeeee;border-right-style:solid;border-bottom-color:#eeeeee;border-bottom-style:solid;border-left-color:#0e9cd1;border-left-style:solid;}.kt-accordion-id23322_e9b497-02:not( .kt-accodion-icon-style-basiccircle ):not( .kt-accodion-icon-style-xclosecircle ):not( .kt-accodion-icon-style-arrowcircle ) .kt-blocks-accordion-header.kt-accordion-panel-active .kt-blocks-accordion-icon-trigger:after, .kt-accordion-id23322_e9b497-02:not( .kt-accodion-icon-style-basiccircle ):not( .kt-accodion-icon-style-xclosecircle ):not( .kt-accodion-icon-style-arrowcircle ) .kt-blocks-accordion-header.kt-accordion-panel-active .kt-blocks-accordion-icon-trigger:before{background:#C19152;}.kt-accordion-id23322_e9b497-02:not( .kt-accodion-icon-style-basic ):not( .kt-accodion-icon-style-xclose ):not( .kt-accodion-icon-style-arrow ) .kt-blocks-accordion-header.kt-accordion-panel-active .kt-blocks-accordion-icon-trigger{background:#C19152;}.kt-accordion-id23322_e9b497-02:not( .kt-accodion-icon-style-basic ):not( .kt-accodion-icon-style-xclose ):not( .kt-accodion-icon-style-arrow ) .kt-blocks-accordion-header.kt-accordion-panel-active .kt-blocks-accordion-icon-trigger:after, .kt-accordion-id23322_e9b497-02:not( .kt-accodion-icon-style-basic ):not( .kt-accodion-icon-style-xclose ):not( .kt-accodion-icon-style-arrow ) .kt-blocks-accordion-header.kt-accordion-panel-active .kt-blocks-accordion-icon-trigger:before{background:#ffffff;}@media all and (max-width: 1024px){.kt-accordion-id23322_e9b497-02 .kt-accordion-panel-inner{border-top:0px solid transparent;border-right:1px solid transparent;border-bottom:1px solid transparent;border-left:1px solid transparent;}}@media all and (max-width: 1024px){.kt-accordion-id23322_e9b497-02 .wp-block-kadence-pane .kt-accordion-header-wrap .kt-blocks-accordion-header{border-top:1px solid #eeeeee;border-right:1px solid #eeeeee;border-bottom:1px solid #eeeeee;border-left:2px solid #eeeeee;}}@media all and (max-width: 1024px){.kt-accordion-id23322_e9b497-02 .kt-accordion-header-wrap .kt-blocks-accordion-header:hover, body:not(.hide-focus-outline) .kt-accordion-id23322_e9b497-02 .kt-accordion-header-wrap .kt-blocks-accordion-header:focus-visible{border-top-color:#d4d4d4;border-top-style:solid;border-right-color:#d4d4d4;border-right-style:solid;border-bottom-color:#d4d4d4;border-bottom-style:solid;border-left-color:#d4d4d4;border-left-style:solid;}}@media all and (max-width: 1024px){.kt-accordion-id23322_e9b497-02 .kt-accordion-header-wrap .kt-blocks-accordion-header:focus-visible, .kt-accordion-id23322_e9b497-02 .kt-accordion-header-wrap .kt-blocks-accordion-header.kt-accordion-panel-active{border-top-color:#eeeeee;border-top-style:solid;border-right-color:#eeeeee;border-right-style:solid;border-bottom-color:#eeeeee;border-bottom-style:solid;border-left-color:#0e9cd1;border-left-style:solid;}}@media all and (max-width: 767px){.kt-accordion-id23322_e9b497-02 .kt-accordion-inner-wrap{display:block;}.kt-accordion-id23322_e9b497-02 .kt-accordion-inner-wrap .kt-accordion-pane:not(:first-child){margin-top:8px;}.kt-accordion-id23322_e9b497-02 .kt-accordion-panel-inner{border-top:0px solid transparent;border-right:1px solid transparent;border-bottom:1px solid transparent;border-left:1px solid transparent;}.kt-accordion-id23322_e9b497-02 .wp-block-kadence-pane .kt-accordion-header-wrap .kt-blocks-accordion-header{border-top:1px solid #eeeeee;border-right:1px solid #eeeeee;border-bottom:1px solid #eeeeee;border-left:2px solid #eeeeee;}.kt-accordion-id23322_e9b497-02 .kt-accordion-header-wrap .kt-blocks-accordion-header:hover, body:not(.hide-focus-outline) .kt-accordion-id23322_e9b497-02 .kt-accordion-header-wrap .kt-blocks-accordion-header:focus-visible{border-top-color:#d4d4d4;border-top-style:solid;border-right-color:#d4d4d4;border-right-style:solid;border-bottom-color:#d4d4d4;border-bottom-style:solid;border-left-color:#d4d4d4;border-left-style:solid;}.kt-accordion-id23322_e9b497-02 .kt-accordion-header-wrap .kt-blocks-accordion-header:focus-visible, .kt-accordion-id23322_e9b497-02 .kt-accordion-header-wrap .kt-blocks-accordion-header.kt-accordion-panel-active{border-top-color:#eeeeee;border-top-style:solid;border-right-color:#eeeeee;border-right-style:solid;border-bottom-color:#eeeeee;border-bottom-style:solid;border-left-color:#0e9cd1;border-left-style:solid;}}<\/style>\n<div class=\"wp-block-kadence-accordion alignnone\"><div class=\"kt-accordion-wrap kt-accordion-id23322_e9b497-02 kt-accordion-has-8-panes kt-active-pane-3 kt-accordion-block kt-pane-header-alignment-center kt-accodion-icon-style-arrow kt-accodion-icon-side-right\" style=\"max-width:none\"><div class=\"kt-accordion-inner-wrap\" data-allow-multiple-open=\"false\" data-start-open=\"none\">\n<div class=\"wp-block-kadence-pane kt-accordion-pane kt-accordion-pane-1 kt-pane23322_82a1a9-4f\"><div class=\"kt-accordion-header-wrap\"><button class=\"kt-blocks-accordion-header kt-acccordion-button-label-show\" type=\"button\"><span class=\"kt-blocks-accordion-title-wrap\"><span class=\"kt-blocks-accordion-title\"><strong>Program konferencie<\/strong><\/span><\/span><span class=\"kt-blocks-accordion-icon-trigger\"><\/span><\/button><\/div><div class=\"kt-accordion-panel kt-accordion-panel-hidden\"><div class=\"kt-accordion-panel-inner\">\n<figure class=\"wp-block-table is-style-stripes\"><table><thead><tr><th class=\"has-text-align-left\" data-align=\"left\"><mark style=\"background-color:rgba(0, 0, 0, 0)\" class=\"has-inline-color has-zakladna-zlata-color\"><strong><strong><mark style=\"background-color:rgba(0, 0, 0, 0)\" class=\"has-inline-color has-prirodovedecka-f-color\">Utorok 9. 9. 2025<strong>\/ Tuesday 9 Sept 2025<\/strong><\/mark><\/strong><\/strong><\/mark><\/th><th><strong><mark style=\"background-color:rgba(0, 0, 0, 0)\" class=\"has-inline-color has-prirodovedecka-f-color\">Program konferencie k&nbsp;75. v\u00fdro\u010diu Botanickej z\u00e1hrady UPJ\u0160 \u201eBiodiverzita rastlinnej r\u00ed\u0161e v&nbsp;\u010dase klimatickej zmeny\u201c<\/mark><\/strong><\/th><\/tr><\/thead><tbody><tr><td class=\"has-text-align-left\" data-align=\"left\">8:00<\/td><td><strong>Registr\u00e1cia<\/strong> &#8211; <em><mark style=\"background-color:rgba(0, 0, 0, 0)\" class=\"has-inline-color has-zakladna-zlata-color\">V\u00fdchodoslovensk\u00e1 gal\u00e9ria, Hlavn\u00e1 27, Ko\u0161ice<\/mark><\/em>  \/ <strong>Registration <\/strong>(East Slovak Gallery, Hlavn\u00e1 27, Ko\u0161ice)<\/td><\/tr><tr><td class=\"has-text-align-left\" data-align=\"left\">9:00<\/td><td><a><\/a><a style=\"\"><font color=\"#000000\">K<\/font><\/a>ult\u00farne<strong style=\"font-weight: bold;\"> <\/strong>vyst\u00fapenie \/ Cultural performance<\/td><\/tr><tr><td class=\"has-text-align-left\" data-align=\"left\"><strong>9:20<\/strong><\/td><td><strong>Otvorenie, priv\u00edtanie host\u00ed \/ Opening \/ welcoming guests<\/strong><\/td><\/tr><tr><td class=\"has-text-align-left\" data-align=\"left\">9:30<\/td><td><strong>Hlavn\u00e1 predn\u00e1\u0161ka \/ Main lecture: Pavol M\u00e1rtonfi: <\/strong>Tri\u0161tvr\u0165 storo\u010dia Botanickej z\u00e1hrady UPJ\u0160 \u2013 stopy minulosti a&nbsp;v\u00fdzvy bud\u00facnosti<\/td><\/tr><tr><td class=\"has-text-align-left\" data-align=\"left\">10:00<\/td><td>Pozdravy host\u00ed \/ Guest greetings<\/td><\/tr><tr><td class=\"has-text-align-left\" data-align=\"left\">10:30<\/td><td>Odovzd\u00e1vanie ocenen\u00ed pracovn\u00edkom BZ UPJ\u0160 \/ Presentation of awards to BG UPJ\u0160 employees<\/td><\/tr><tr><td class=\"has-text-align-left\" data-align=\"left\">11:00<\/td><td><strong>Predvernis\u00e1\u017e v\u00fdstavy Veronika Luk\u00e1\u0161ov\u00e1: \u201eTr\u017en\u00e9 sily\u201c<\/strong>, tretej v\u00fdstavy pri pr\u00edle\u017eitosti&nbsp;75. v\u00fdro\u010dia BZ UPJ\u0160 vo <em><mark style=\"background-color:rgba(0, 0, 0, 0)\" class=\"has-inline-color has-zakladna-zlata-color\">V\u00fdchodoslovenskej gal\u00e9rii, na Hlavnej ulici  27<\/mark><\/em>; <strong>\u010da\u0161a v\u00edna<\/strong><br><strong>Pre-opening of the exhibition Veronika Luk\u00e1\u0161ov\u00e1: &#8222;Market Forces&#8220;,<\/strong> the third exhibition on the occasion of the 75<sup>th<\/sup> anniversary of the Botanical Garden UPJ\u0160 in the East Slovak Gallery at Hlavn\u00e1 Street 27; <strong>a glass of wine<\/strong><\/td><\/tr><tr><td class=\"has-text-align-left\" data-align=\"left\">11:45<\/td><td><strong>Presun na obed, obed (12:15<\/strong>, <em><mark style=\"background-color:rgba(0, 0, 0, 0)\" class=\"has-inline-color has-zakladna-zlata-color\">Jed\u00e1le\u0148 UPJ\u0160, Moyzesova 9<\/mark><\/em>, Ko\u0161ice) \/ <strong>Transfer to lunch, lunch (12:15<\/strong>, UPJ\u0160 Dining Hall, Moyzesova 9, Ko\u0161ice)<\/td><\/tr><tr><td class=\"has-text-align-left\" data-align=\"left\">13:30-15:10<\/td><td><strong>\u00davodn\u00fd blok predn\u00e1\u0161ok <\/strong>(pozvan\u00e9 predn\u00e1\u0161ky) \/ <strong>Introductory block of lectures <\/strong>(invited lectures) <em><mark style=\"background-color:rgba(0, 0, 0, 0)\" class=\"has-inline-color has-zakladna-zlata-color\">Hlavn\u00e1 27<\/mark><\/em><\/td><\/tr><tr><td class=\"has-text-align-left\" data-align=\"left\"><\/td><td><strong><u>Zuzana Jane\u010dkov\u00e1<\/u>:<\/strong> Vystavovanie a tvorenie umenia v botanick\u00fdch z\u00e1hrad\u00e1ch, parkoch a sklen\u00edkoch<br><strong><u>Karol Ujh\u00e1zy<\/u>, Mariana Ujh\u00e1zyov\u00e1, Marek Kotr\u00edk, Franti\u0161ek M\u00e1li\u0161, Juraj Cipa, Marek \u010ciliak, Tom\u00e1\u0161 Kouteck\u00fd, Vlastimil Knopp, Jaroslav Gizela, D\u00e1vid Kup\u010dek, \u013dudov\u00edt Va\u0161ko:<\/strong> Zmeny lesn\u00fdch spolo\u010denstiev Slovenska za posledn\u00fdch 60 rokov.<br><strong><u>Lubom\u00edr Hrouda<\/u>:<\/strong> Curriculum vitae kompendia \u201eKv\u011btena \u010cesk\u00e9 republiky (1975-2025)\u201c<br><strong><u>Jan Kirschner<\/u>:<\/strong> Principy studia rodu <em>Taraxacum<\/em> v glob\u00e1ln\u00ed perspektiv\u011b<br><strong><u>Karol Marhold<\/u>, Hiroshi Kudoh, Judita Zozomov\u00e1, Yunpeng Zhao, Terezie Mand\u00e1kov\u00e1:<\/strong> <em>Cardamine<\/em> <em>occulta<\/em> \u2013 \u201ezabudnut\u00fd\u201c inv\u00e1zny druh z roku 1819<\/td><\/tr><tr><td class=\"has-text-align-left\" data-align=\"left\">15:10 \u2013 15:30<\/td><td><strong>Cofee break<\/strong><\/td><\/tr><tr><td class=\"has-text-align-left\" data-align=\"left\">16:00<\/td><td><strong>Individu\u00e1lna prehliadka v\u00fdstavy \u201eBotanick\u00e1 z\u00e1hada\u201c,<\/strong> druhej v\u00fdstavy k&nbsp;75. v\u00fdro\u010diu BZ v&nbsp;spolupr\u00e1ci s VSG v&nbsp;sklen\u00edkoch UPJ\u0160, <strong>prehliadka sklen\u00edkov a&nbsp;are\u00e1lu BZ<\/strong>   <em><mark style=\"background-color:rgba(0, 0, 0, 0)\" class=\"has-inline-color has-zakladna-zlata-color\">M\u00e1nesova 23, Ko\u0161ice<\/mark><\/em><br><strong>Individual tour of the exhibition &#8222;Botanical Mystery&#8220;,<\/strong> the second exhibition dedicated to the 75<sup>th<\/sup> anniversary of the Botanical Garden in cooperation with East Slovak Gallery in the greenhouses of the UPJ\u0160, <strong>tour of the greenhouses and the grounds of the Botanical Garden<\/strong>    <em><mark style=\"background-color:rgba(0, 0, 0, 0)\" class=\"has-inline-color has-zakladna-zlata-color\">M\u00e1nesova 23<\/mark><\/em><\/td><\/tr><tr><td class=\"has-text-align-left\" data-align=\"left\">18.30<\/td><td><strong>Z\u00e1hradn\u00e1 sl\u00e1vnos\u0165 v Botanickej z\u00e1hrade&nbsp;\/<\/strong> <strong>Garden Party in the Botanical Garden <\/strong>  <em><mark style=\"background-color:rgba(0, 0, 0, 0)\" class=\"has-inline-color has-zakladna-zlata-color\">M\u00e1nesova 23<\/mark><\/em><\/td><\/tr><tr><td class=\"has-text-align-left\" data-align=\"left\"><\/td><td>(v pr\u00edpade nepriazniv\u00e9ho po\u010dasia v jed\u00e1lni BZ UPJ\u0160 \/ in the case of bad weather it will take place in the dining hall of the Botanical Garden).&nbsp;<strong>Dress code: casual.<\/strong><\/td><\/tr><\/tbody><\/table><\/figure>\n\n\n\n<figure class=\"wp-block-table is-style-stripes\"><table><thead><tr><th class=\"has-text-align-left\" data-align=\"left\"><strong><mark style=\"background-color:rgba(0, 0, 0, 0)\" class=\"has-inline-color has-prirodovedecka-f-color\">Streda <strong>10. 9. 2025 \/ Wednesday 10 Sept 2025<\/strong><\/mark><\/strong><\/th><th><\/th><\/tr><\/thead><tbody><tr><td class=\"has-text-align-left\" data-align=\"left\"><strong>9:00 \u2013 10:20<\/strong><\/td><td><strong>Blok: botanick\u00e9 z\u00e1hrady I \/ Block: Botanical Gardens I<\/strong>    <em><mark style=\"background-color:rgba(0, 0, 0, 0)\" class=\"has-inline-color has-zakladna-zlata-color\">Hlavn\u00e1 27<\/mark><\/em><br><br><strong><u>Magdal\u00e9na Chytr\u00e1<\/u>:<\/strong> Aktivity Unie botanick\u00fdch zahrad \u010cesk\u00e9 republiky<br><strong><u>Monika Lachmannov\u00e1<\/u>:<\/strong> Obnova Hr\u00e1dock\u00e9ho arbor\u00e9ta na podklade arch\u00edvneho prieskumu a inventariz\u00e1cie drev\u00edn<br><strong><u>Andrea Le\u0161kov\u00e1<\/u> &amp; <u>Andrea Fridmanov\u00e1<\/u>:<\/strong> Zvy\u0161ovanie povedomia \u017eiakov o rastlin\u00e1ch v Botanickej z\u00e1hrade UPJ\u0160 v Ko\u0161iciach<br><strong><u>Hana Ondru\u0161kov\u00e1<\/u>:<\/strong> Vztahy s ve\u0159ejnost\u00ed a aktivity Botanick\u00e9 zahrady P\u0159F MU v Brn\u011b<\/td><\/tr><tr><td class=\"has-text-align-left\" data-align=\"left\"><strong>10:20 \u2013 10:40 <\/strong><\/td><td>Coffee Break<\/td><\/tr><tr><td class=\"has-text-align-left\" data-align=\"left\"><strong>10:40 \u2013 12:00 <\/strong><\/td><td><strong>Blok: Botanika, ekol\u00f3gia, fyziol\u00f3gia I \/ Block: Botany, Ecology, Physiology I    <\/strong><em><mark style=\"background-color:rgba(0, 0, 0, 0)\" class=\"has-inline-color has-zakladna-zlata-color\">Hlavn\u00e1 27<\/mark><\/em><\/td><\/tr><tr><td class=\"has-text-align-left\" data-align=\"left\"><\/td><td><strong><u>Miroslav Kunt<\/u>, Kate\u0159ina Sedl\u00e1\u010dkov\u00e1, Old\u0159ich Vacek: <\/strong>Vegetace na vertik\u00e1ln\u00edch konstrukc\u00edch a jej\u00ed p\u0159\u00ednosy pro urbanizovan\u00e9 m\u011bstsk\u00e9 prost\u0159ed\u00ed<br><strong><u>\u0141ukasz Piechnik<\/u>, <u>Tomasz W\u00f3jcik<\/u>, <u>Matej Dud\u00e1\u0161<\/u>:<\/strong> Distribution and habitat conditions of the European bladdernut <em>Staphylea<\/em> <em>pinnata<\/em> L. in Slovakia<br><strong><u>Lubo\u0161 Majesk\u00fd<\/u>, Lucie Vaculn\u00e1, Lucie Kobrlov\u00e1, Miloslav Kitner:<\/strong> Species protection in the face of climate change &#8211; when is it worth it? A case study of <em>Dracocephalum<\/em> <em>austriacum<\/em><br><strong><u>Pavol Eli\u00e1\u0161 Jr.<\/u>, \u013duba \u010euri\u0161ov\u00e1, Samuel K\u0161i\u0148an:<\/strong> <em>Panicum<\/em> <em>dichotomiflorum<\/em> na Slovensku: prechodn\u00fd migrant alebo bud\u00faci inv\u00e1zny druh?<\/td><\/tr><tr><td class=\"has-text-align-left\" data-align=\"left\">12:00<\/td><td>Presun na obed, obed  <strong>(12:15<\/strong>,<em><mark style=\"background-color:rgba(0, 0, 0, 0)\" class=\"has-inline-color has-zakladna-zlata-color\"> <\/mark><\/em>  <em><mark style=\"background-color:rgba(0, 0, 0, 0)\" class=\"has-inline-color has-zakladna-zlata-color\">Jed\u00e1le\u0148 UPJ\u0160, Moyzesova 9, Ko\u0161ice<\/mark><\/em>   ) \/ <strong>Transfer to lunch, lunch (12:15<\/strong>, UPJ\u0160 Dining Hall, Moyzesova 9, Ko\u0161ice)<\/td><\/tr><tr><td class=\"has-text-align-left\" data-align=\"left\">13:30<\/td><td><strong>Prehliadka posterov \/ Poster session <\/strong>(Hlavn\u00e1 27)<\/td><\/tr><tr><td class=\"has-text-align-left\" data-align=\"left\"><\/td><td><strong><u>Miriam Ba\u010dkorov\u00e1<\/u>, Andrea Schreiberov\u00e1, Lesia Schreiberov\u00e1: <\/strong>Diverzita li\u0161ajn\u00edkov na Slovensku: molekul\u00e1rna identifik\u00e1cia druhov na z\u00e1klade ITS sekvenci\u00ed a hodnotenie antioxida\u010dn\u00e9ho \u00fa\u010dinku sekund\u00e1rnych metabolitov li\u0161ajn\u00edkov<br><strong><u>Eva \u010conkov\u00e1<\/u>, Peter V\u00e1czi, Zuzana Malinovsk\u00e1: <\/strong>In vitro testovanie citlivosti klinick\u00fdch izol\u00e1tov <em>Malassezia<\/em> <em>pachydermatis<\/em> na rastlinn\u00e9 esenci\u00e1lne oleje<br><strong><u>Matej Dud\u00e1\u0161<\/u>:<\/strong> V\u00fdchodoslovensk\u00e9 herb\u00e1rov\u00e9 zbierky &#8211; ich s\u00fa\u010dasnos\u0165 a perspekt\u00edva<br><strong><u>Alica Sakov\u00e1<\/u>, Marek Hus, <u>Pavol Eli\u00e1\u0161 Jr.<\/u>, <u>Michaela Hr\u00fazov\u00e1<\/u>: <\/strong>N\u00e1vrh a metodologick\u00fd r\u00e1mec hodnotenia bylinn\u00fdch v\u00fdsadieb a l\u00fa\u010dnych spolo\u010denstiev v urbanizovanom prostred\u00ed<br><strong>Andrea Galicov\u00e1, <u>Marianna Janov\u00e1<\/u>, Vladislav Kolar\u010dik: <\/strong>&nbsp;Cytogenetic insights into endemic Balkan Onosma species and their relatives<br><strong><u>Val\u00e9ria Kocov\u00e1<\/u>: <\/strong>CITES rastliny v sklen\u00edkoch Botanickej z\u00e1hrady UPJ\u0160 v&nbsp;Ko\u0161iciach<br><strong><u>Lenka M\u00e1rtonfiov\u00e1<\/u>:<\/strong> Zbierkov\u00fd fond Botanickej z\u00e1hrady UPJ\u0160 a jeho zauj\u00edmavosti<br><strong><u>Veronika Petru\u013eov\u00e1<\/u>, Vladislav Kolar\u010dik, Petra Regul\u00fd: <\/strong>Flavonoidy ako fytochemick\u00fd znak rastlinn\u00fdch druhov<br><strong><u>Andrea Fridmanov\u00e1<\/u>, <u>Martin Piz\u0148ak<\/u>: <\/strong>Pribli\u017eovanie zbierkov\u00e9ho fondu zdravotne znev\u00fdhodnen\u00fdm n\u00e1v\u0161tevn\u00edkom BZ<br><strong><u>Tomasz W\u00f3jcik<\/u>, Kinga Kostrakiewicz-Giera\u0142t, Iwona Makuch-Pietra\u015b: <\/strong>The influence of habitat conditions on abundance and selected individual traits of <em>Lunaria<\/em> <em>rediviva<\/em> L. (Western Carpathians)<\/td><\/tr><tr><td class=\"has-text-align-left\" data-align=\"left\"><strong>14:00 \u2013&nbsp; 15:20<\/strong><\/td><td><strong>Blok: botanick\u00e9 z\u00e1hrady II<\/strong> <strong>\/ Block: Botanical Gardens II <\/strong> <em><mark style=\"background-color:rgba(0, 0, 0, 0)\" class=\"has-inline-color has-zakladna-zlata-color\">Hlavn\u00e1 27<\/mark><\/em><\/td><\/tr><tr><td class=\"has-text-align-left\" data-align=\"left\"><\/td><td><strong><u>Judit Csabai<\/u>:<\/strong> Research on Botany and the Cultivation of Medicinal Plants at the Educational Garden of the University of Ny\u00edregyh\u00e1za<br><strong><u>Peter Kelbel<\/u>:<\/strong> Lesopark Botanickej z\u00e1hrady UPJ\u0160 v podmienkach klimatickej zmeny<br><strong><u>Magdal\u00e9na Chytr\u00e1<\/u>:<\/strong> Ekologick\u00e1 opat\u0159en\u00ed v BZ P\u0159F MU v Brn\u011b reaguj\u00ed na klimatick\u00e9 zm\u011bny<br><strong><u>Martin Suv\u00e1k<\/u>:<\/strong> V\u00fdznam dlhodob\u00e9ho monitoringu \u017eivo\u010d\u00edchov v Botanickej z\u00e1hrade UPJ\u0160<br>v Ko\u0161iciach<\/td><\/tr><tr><td class=\"has-text-align-left\" data-align=\"left\"><strong>15:20 \u2013 15:40 <\/strong><\/td><td>Coffee Break<\/td><\/tr><tr><td class=\"has-text-align-left\" data-align=\"left\"> <strong>15:40 \u2013&nbsp; 17:00<\/strong>                          <\/td><td><strong>Blok: botanika, ekol\u00f3gia, fyziol\u00f3gia II \/ Block: Botany, Ecology, Physiology II<\/strong>   <em><mark style=\"background-color:rgba(0, 0, 0, 0)\" class=\"has-inline-color has-zakladna-zlata-color\">Hlavn\u00e1 27<\/mark><\/em><\/td><\/tr><tr><td class=\"has-text-align-left\" data-align=\"left\"><\/td><td><strong><u>Judita Kochjarov\u00e1<\/u>:<\/strong> V\u00fdznam region\u00e1lneho v\u00fdskumu pre poznanie diverzity fl\u00f3ry Slovenska<br><strong><u>Michal Karady<\/u>, Kate\u0159ina Cermanov\u00e1, Petra Bublav\u00e1, Ond\u0159ej Nov\u00e1k:<\/strong> Phytohormones: Always up to any Challenge<br><strong><u>Anna Mi\u0161ianikov\u00e1, Andrea Le\u0161kov\u00e1<\/u>, Zuzana Boberov\u00e1, Vikt\u00f3ria Augusti\u0148\u00e1kov\u00e1:<\/strong> Ekologick\u00fd v\u00fdznam rias v meniacom sa svete: Prepojenie vedy a vzdel\u00e1vania<br><strong><u>Robert Gregorek<\/u>:<\/strong> Sk\u00fasenosti BZ UPJ\u0160 s vytv\u00e1ran\u00edm nov\u00fdch konceptov klimaticky a ekologicky funk\u010dnej zelene v netradi\u010dnom prostred\u00ed (zele\u0148 na stre\u0161n\u00fdch kon\u0161trukci\u00e1ch, koncept stre\u0161nej mokrade, parkov\u00e1 \u00faprava s vodn\u00fdm prvkom v priemyselnom are\u00e1li a rozv\u00edjanie konceptu krajin\u00e1rskych \u00faprav v r\u00e1mci ECM).<\/td><\/tr><tr><td class=\"has-text-align-left\" data-align=\"left\"><\/td><td>Po\u010das obed\u0148aj\u0161ej prest\u00e1vky je cestou z&nbsp;obeda alebo po skon\u010den\u00ed programu do 18 h mo\u017enos\u0165 individu\u00e1lnej prehliadky prvej v\u00fdstavy \u201eD\u017eung\u013ea\u201c k&nbsp;75. v\u00fdro\u010diu BZ UPJ\u0160 vo V\u00fdchodoslovenskej gal\u00e9rii <strong>na Al\u017ebetinej 22 \/ <\/strong>During the lunch break, on the way from lunch or after the end of the program until 6 p.m., there is the possibility of an individual tour of the first exhibition &#8222;Jungle&#8220; for the 75th anniversary of the BZ UPJ\u0160 in the East Slovak Gallery <strong>at Al\u017ebetina 22.<\/strong><\/td><\/tr><tr><td class=\"has-text-align-left\" data-align=\"left\"><\/td><td><\/td><\/tr><\/tbody><\/table><\/figure>\n\n\n\n<figure class=\"wp-block-table is-style-stripes\"><table><thead><tr><th class=\"has-text-align-left\" data-align=\"left\"><mark style=\"background-color:rgba(0, 0, 0, 0)\" class=\"has-inline-color has-zakladna-zlata-color\"><strong><strong><mark style=\"background-color:rgba(0, 0, 0, 0)\" class=\"has-inline-color has-prirodovedecka-f-color\"><strong>\u0160tvrtok 11. 9. 2025 \/ Thursday 11 Sept 2025<\/strong><\/mark><\/strong><\/strong><\/mark><\/th><th><\/th><\/tr><\/thead><tbody><tr><td class=\"has-text-align-left\" data-align=\"left\">8:45<\/td><td><strong>Botanick\u00e1 exkurzia do Stredy nad Bodrogom<\/strong> ( <em><mark style=\"background-color:rgba(0, 0, 0, 0)\" class=\"has-inline-color has-zakladna-zlata-color\">odchod zo \u017eelezni\u010dnej stanice v Ko\u0161iciach<\/mark><\/em>) \/ <strong>Botanical excursion to Streda nad Bodrogom<\/strong> (departure from the train station in Ko\u0161ice)<\/td><\/tr><\/tbody><\/table><\/figure>\n<\/div><\/div><\/div>\n\n\n\n<div class=\"wp-block-kadence-pane kt-accordion-pane kt-accordion-pane-2 kt-pane23322_cee6e3-ef\"><div class=\"kt-accordion-header-wrap\"><button class=\"kt-blocks-accordion-header kt-acccordion-button-label-show\" type=\"button\"><span class=\"kt-blocks-accordion-title-wrap\"><span class=\"kt-blocks-accordion-title\"><strong><mark style=\"background-color:rgba(0, 0, 0, 0)\" class=\"has-inline-color has-zakladna-zlata-color\">Predn\u00e1\u0161ky<\/mark><\/strong><\/span><\/span><span class=\"kt-blocks-accordion-icon-trigger\"><\/span><\/button><\/div><div class=\"kt-accordion-panel kt-accordion-panel-hidden\"><div class=\"kt-accordion-panel-inner\">\n<p><strong><mark style=\"background-color:rgba(0, 0, 0, 0)\" class=\"has-inline-color has-utvas-color\">Hlavn\u00e1 predn\u00e1\u0161ka<\/mark><\/strong><\/p>\n\n\n\n<p><strong>\u2666 prof. RNDr. Pavol M\u00e1rton<mark style=\"background-color:rgba(0, 0, 0, 0)\" class=\"has-inline-color has-cierna-color\">fi, PhD.<\/mark><mark style=\"background-color:rgba(0, 0, 0, 0)\" class=\"has-inline-color has-prirodovedecka-f-color\"><br>&nbsp;&nbsp; Botanick\u00e1 z\u00e1hrada UPJ\u0160<\/mark><br><\/strong>Tri\u0161tvr\u0165 storo\u010dia Botanickej z\u00e1hrady UPJ\u0160 \u2013 stopy minulosti a v\u00fdzvy bud\u00facnosti<\/p>\n\n\n\n<p><strong><mark style=\"background-color:rgba(0, 0, 0, 0)\" class=\"has-inline-color has-utvas-color\">Pozvan\u00e9 predn\u00e1\u0161ky<\/mark><\/strong><\/p>\n\n\n\n<p><strong>\u2666 prof. RNDr. Karol Marhold, CSc.<br><mark style=\"background-color:rgba(0, 0, 0, 0)\" class=\"has-inline-color has-prirodovedecka-f-color\">&nbsp;&nbsp; Centrum biol\u00f3gie rastl\u00edn a biodiverzity, Botanick\u00fd \u00fastav SAV v Bratislave<\/mark><\/strong><br><em>Cardamine<\/em> <em>occulta<\/em> &#8211; &#8222;zabudnut\u00fd&#8220; inv\u00e1zny druh z roku 1819<\/p>\n\n\n\n<p><strong>\u2666 doc. RNDr. Jan Kirschner, PhD.<br>   <mark style=\"background-color:rgba(0, 0, 0, 0)\" class=\"has-inline-color has-prirodovedecka-f-color\">Botanick\u00fd \u00fastav Akademie v\u011bd \u010cR<\/mark><\/strong><br>Principy taraxakologie v glob\u00e1ln\u00ed perspektiv\u011b<\/p>\n\n\n\n<p><strong>\u2666 doc. RNDr. Lubom\u00edr Hrouda, CSc.<br>   <mark style=\"background-color:rgba(0, 0, 0, 0)\" class=\"has-inline-color has-prirodovedecka-f-color\">P\u0159\u00edrodov\u011bdeck\u00e1 fakulta UK, Praha<\/mark><\/strong><br>\u017divotopis Kv\u011bteny \u010cesk\u00e9 republiky 1-9<\/p>\n\n\n\n<p><strong>\u2666 prof. Ing. Karol Ujh\u00e1zy, PhD.<br>   <mark style=\"background-color:rgba(0, 0, 0, 0)\" class=\"has-inline-color has-prirodovedecka-f-color\">Lesn\u00edcka fakulta, Technick\u00e1 univerzita Zvolen<\/mark><\/strong><br>Zmeny lesn\u00fdch spolo\u010denstiev Slovenska za posledn\u00fdch 60 rokov.<\/p>\n\n\n\n<p><strong>\u2666 Mgr. Art. et Mgr. Zuzana Jane\u010dkov\u00e1, PhD.<\/strong><br> <strong><mark style=\"background-color:rgba(0, 0, 0, 0)\" class=\"has-inline-color has-prirodovedecka-f-color\">V\u00fdchodoslovensk\u00e1 gal\u00e9ria Ko\u0161ice<\/mark><\/strong><br>Umeleck\u00e9 intervencie s\u00fa\u010dasn\u00e9ho umenia v&nbsp;botanick\u00fdch z\u00e1hrad\u00e1ch.<\/p>\n<\/div><\/div><\/div>\n\n\n\n<div class=\"wp-block-kadence-pane kt-accordion-pane kt-accordion-pane-5 kt-pane23322_11f091-81\"><div class=\"kt-accordion-header-wrap\"><button class=\"kt-blocks-accordion-header kt-acccordion-button-label-show\" type=\"button\"><span class=\"kt-blocks-accordion-title-wrap\"><span class=\"kt-blocks-accordion-title\"><strong>Pokonferen\u010dn\u00e1 exkurzia <\/strong><\/span><\/span><span class=\"kt-blocks-accordion-icon-trigger\"><\/span><\/button><\/div><div class=\"kt-accordion-panel kt-accordion-panel-hidden\"><div class=\"kt-accordion-panel-inner\">\n<p id=\"block-b8c211bb-9a73-4eaa-bb32-cdca1635a00c\"><strong>Exkurzia Do Stredy nad Bodrogom a&nbsp;okolia \u2013 11. 9. 2025, zraz o&nbsp;8:45 na \u017eelezni\u010dnej stanici v&nbsp;Ko\u0161iciach (pou\u017eit\u00edm \u017eelezni\u010dnej dopravy \u0161etr\u00edme \u017eivotn\u00e9 prostredie)&nbsp;&nbsp;<\/strong><\/p>\n\n\n\n<p id=\"block-bdd23232-e57c-480a-b29e-33da30f59903\">Exkurzia povedie na V\u00fdchodoslovensk\u00fa n\u00ed\u017einu. Trasa za\u010d\u00edna na \u017eelezni\u010dnej stanici v Strede nad Bodrogom s kr\u00e1tkou uk\u00e1\u017ekou ruder\u00e1lnych a inv\u00e1znych druhov udom\u00e1cnen\u00fdch v bl\u00edzkom okol\u00ed stanice. N\u00e1sledne trasa povedie po hr\u00e1dzi s uk\u00e1\u017ekou m\u00e4kk\u00e9ho lu\u017en\u00e9ho lesa s po\u010detn\u00fdmi lianami na brehoch rieky Bodrog. Na Somotorskom kan\u00e1li sa uk\u00e1\u017ee vz\u00e1cne spolo\u010denstvo <em>Trapetum<\/em> <em>natantis<\/em> s uk\u00e1\u017ekou pl\u00e1vaj\u00facich vodn\u00fdch rastl\u00edn ako je kotvica pl\u00e1vaj\u00faca (<em>Trapa<\/em> <em>natans<\/em>), leknica \u017elt\u00e1 (<em>Nuphar<\/em> <em>lutea<\/em>), lekno biele (<em>Nymphaea<\/em> <em>alba<\/em>), salv\u00ednia pl\u00e1vaj\u00faca (<em>Salvinia<\/em> <em>natans<\/em>), rezavka aloovit\u00e1 (<em>Stratiotes<\/em> <em>aloides<\/em>) a bublinatka nebadan\u00e1 (<em>Utricularia<\/em> <em>australis<\/em>). V pr\u00edpade n\u00edzkeho stavu vodnej hladiny sa mo\u017eno uk\u00e1\u017eu druhy obna\u017een\u00e9ho dna ako \u0161achor hl\u00e1vkat\u00fd (<em>Cyperus<\/em> <em>michelianus<\/em>), \u0161\u00edpovka vodn\u00e1 (<em>Sagittaria<\/em> <em>sagittifolia<\/em>), mrl\u00edk \u010derven\u00fd (<em>Oxybasis<\/em> <em>rubra<\/em>) a podobne. Na brehoch sa objavuj\u00fa aj pomerne statn\u00e9 druhy ako \u0161tiav vodn\u00fd (<em>Rumex<\/em> <em>aquaticus<\/em>) a mimoriadne jedovat\u00fd rozpuk jedovat\u00fd (<em>Cicuta<\/em> <em>virosa<\/em>). Trasa meria pribli\u017ene 8 km a kon\u010d\u00ed sa v Somotore na vlakovej zast\u00e1vke. Ke\u010f\u017ee po trase sa nenach\u00e1dza obchod, \u00fa\u010dastn\u00edci si musia zabezpe\u010di\u0165 dostatok tekut\u00edn a jedla po\u010das doby exkurzie. Na konci exkurzie sa v Somotore nach\u00e1dzaj\u00fa potraviny.<\/p>\n<\/div><\/div><\/div>\n<\/div><\/div><\/div>\n","protected":false},"excerpt":{"rendered":"","protected":false},"author":16,"featured_media":0,"parent":23299,"menu_order":5,"comment_status":"closed","ping_status":"closed","template":"","meta":{"_acf_changed":false,"_editorskit_title_hidden":false,"_editorskit_reading_time":0,"_editorskit_is_block_options_detached":false,"_editorskit_block_options_position":"{}","footnotes":""},"categories":[],"tags":[],"class_list":["post-23322","page","type-page","status-publish","hentry"],"acf":{"acf_link_na_externy_obsah":""},"yoast_head":"<!-- This site is optimized with the Yoast SEO plugin v27.4 - https:\/\/yoast.com\/product\/yoast-seo-wordpress\/ -->\n<title>Program konferencie - Botanick\u00e1 z\u00e1hrada<\/title>\n<meta name=\"robots\" content=\"index, follow, max-snippet:-1, max-image-preview:large, max-video-preview:-1\" \/>\n<link rel=\"canonical\" href=\"https:\/\/www.upjs.sk\/pracoviska\/botanicka-zahrada\/odborne-aktivity\/konferencia-75-rokov-bz\/program-konferencie\/\" \/>\n<meta property=\"og:locale\" content=\"sk_SK\" \/>\n<meta property=\"og:type\" content=\"article\" \/>\n<meta property=\"og:title\" content=\"Program konferencie - Botanick\u00e1 z\u00e1hrada\" \/>\n<meta property=\"og:url\" content=\"https:\/\/www.upjs.sk\/pracoviska\/botanicka-zahrada\/odborne-aktivity\/konferencia-75-rokov-bz\/program-konferencie\/\" \/>\n<meta property=\"og:site_name\" content=\"Botanick\u00e1 z\u00e1hrada\" \/>\n<meta property=\"article:modified_time\" content=\"2025-08-27T20:07:37+00:00\" \/>\n<meta property=\"og:image\" content=\"https:\/\/www.upjs.sk\/app\/uploads\/sites\/15\/2025\/03\/baner-75-rokov-bZ-1.jpg\" \/>\n<meta name=\"twitter:card\" content=\"summary_large_image\" \/>\n<meta name=\"twitter:label1\" content=\"Predpokladan\u00fd \u010das \u010d\u00edtania\" \/>\n\t<meta name=\"twitter:data1\" content=\"8 min\u00fat\" \/>\n<script type=\"application\/ld+json\" class=\"yoast-schema-graph\">{\"@context\":\"https:\\\/\\\/schema.org\",\"@graph\":[{\"@type\":\"WebPage\",\"@id\":\"https:\\\/\\\/www.upjs.sk\\\/pracoviska\\\/botanicka-zahrada\\\/odborne-aktivity\\\/konferencia-75-rokov-bz\\\/program-konferencie\\\/\",\"url\":\"https:\\\/\\\/www.upjs.sk\\\/pracoviska\\\/botanicka-zahrada\\\/odborne-aktivity\\\/konferencia-75-rokov-bz\\\/program-konferencie\\\/\",\"name\":\"Program konferencie - Botanick\u00e1 z\u00e1hrada\",\"isPartOf\":{\"@id\":\"https:\\\/\\\/www.upjs.sk\\\/pracoviska\\\/botanicka-zahrada\\\/#website\"},\"primaryImageOfPage\":{\"@id\":\"https:\\\/\\\/www.upjs.sk\\\/pracoviska\\\/botanicka-zahrada\\\/odborne-aktivity\\\/konferencia-75-rokov-bz\\\/program-konferencie\\\/#primaryimage\"},\"image\":{\"@id\":\"https:\\\/\\\/www.upjs.sk\\\/pracoviska\\\/botanicka-zahrada\\\/odborne-aktivity\\\/konferencia-75-rokov-bz\\\/program-konferencie\\\/#primaryimage\"},\"thumbnailUrl\":\"https:\\\/\\\/www.upjs.sk\\\/app\\\/uploads\\\/sites\\\/15\\\/2025\\\/03\\\/baner-75-rokov-bZ-1.jpg\",\"datePublished\":\"2025-03-20T12:00:40+00:00\",\"dateModified\":\"2025-08-27T20:07:37+00:00\",\"breadcrumb\":{\"@id\":\"https:\\\/\\\/www.upjs.sk\\\/pracoviska\\\/botanicka-zahrada\\\/odborne-aktivity\\\/konferencia-75-rokov-bz\\\/program-konferencie\\\/#breadcrumb\"},\"inLanguage\":\"sk-SK\",\"potentialAction\":[{\"@type\":\"ReadAction\",\"target\":[\"https:\\\/\\\/www.upjs.sk\\\/pracoviska\\\/botanicka-zahrada\\\/odborne-aktivity\\\/konferencia-75-rokov-bz\\\/program-konferencie\\\/\"]}]},{\"@type\":\"ImageObject\",\"inLanguage\":\"sk-SK\",\"@id\":\"https:\\\/\\\/www.upjs.sk\\\/pracoviska\\\/botanicka-zahrada\\\/odborne-aktivity\\\/konferencia-75-rokov-bz\\\/program-konferencie\\\/#primaryimage\",\"url\":\"https:\\\/\\\/www.upjs.sk\\\/app\\\/uploads\\\/sites\\\/15\\\/2025\\\/03\\\/baner-75-rokov-bZ-1.jpg\",\"contentUrl\":\"https:\\\/\\\/www.upjs.sk\\\/app\\\/uploads\\\/sites\\\/15\\\/2025\\\/03\\\/baner-75-rokov-bZ-1.jpg\"},{\"@type\":\"BreadcrumbList\",\"@id\":\"https:\\\/\\\/www.upjs.sk\\\/pracoviska\\\/botanicka-zahrada\\\/odborne-aktivity\\\/konferencia-75-rokov-bz\\\/program-konferencie\\\/#breadcrumb\",\"itemListElement\":[{\"@type\":\"ListItem\",\"position\":1,\"name\":\"Home\",\"item\":\"https:\\\/\\\/www.upjs.sk\\\/pracoviska\\\/botanicka-zahrada\\\/\"},{\"@type\":\"ListItem\",\"position\":2,\"name\":\"Odborn\u00e9 aktivity\",\"item\":\"https:\\\/\\\/www.upjs.sk\\\/pracoviska\\\/botanicka-zahrada\\\/odborne-aktivity\\\/\"},{\"@type\":\"ListItem\",\"position\":3,\"name\":\"Konferencia 75 rokov od zalo\u017eenia Botanickej z\u00e1hrady v\u00a0Ko\u0161iciach\",\"item\":\"https:\\\/\\\/www.upjs.sk\\\/pracoviska\\\/botanicka-zahrada\\\/odborne-aktivity\\\/konferencia-75-rokov-bz\\\/\"},{\"@type\":\"ListItem\",\"position\":4,\"name\":\"Program konferencie\"}]},{\"@type\":\"WebSite\",\"@id\":\"https:\\\/\\\/www.upjs.sk\\\/pracoviska\\\/botanicka-zahrada\\\/#website\",\"url\":\"https:\\\/\\\/www.upjs.sk\\\/pracoviska\\\/botanicka-zahrada\\\/\",\"name\":\"Botanick\u00e1 z\u00e1hrada\",\"description\":\"\",\"publisher\":{\"@id\":\"https:\\\/\\\/www.upjs.sk\\\/pracoviska\\\/botanicka-zahrada\\\/#organization\"},\"potentialAction\":[{\"@type\":\"SearchAction\",\"target\":{\"@type\":\"EntryPoint\",\"urlTemplate\":\"https:\\\/\\\/www.upjs.sk\\\/pracoviska\\\/botanicka-zahrada\\\/?s={search_term_string}\"},\"query-input\":{\"@type\":\"PropertyValueSpecification\",\"valueRequired\":true,\"valueName\":\"search_term_string\"}}],\"inLanguage\":\"sk-SK\"},{\"@type\":\"Organization\",\"@id\":\"https:\\\/\\\/www.upjs.sk\\\/pracoviska\\\/botanicka-zahrada\\\/#organization\",\"name\":\"Botanick\u00e1 z\u00e1hrada\",\"url\":\"https:\\\/\\\/www.upjs.sk\\\/pracoviska\\\/botanicka-zahrada\\\/\",\"logo\":{\"@type\":\"ImageObject\",\"inLanguage\":\"sk-SK\",\"@id\":\"https:\\\/\\\/www.upjs.sk\\\/pracoviska\\\/botanicka-zahrada\\\/#\\\/schema\\\/logo\\\/image\\\/\",\"url\":\"https:\\\/\\\/www.upjs.sk\\\/app\\\/uploads\\\/sites\\\/15\\\/2023\\\/01\\\/BZ-2.svg\",\"contentUrl\":\"https:\\\/\\\/www.upjs.sk\\\/app\\\/uploads\\\/sites\\\/15\\\/2023\\\/01\\\/BZ-2.svg\",\"width\":500,\"height\":138,\"caption\":\"Botanick\u00e1 z\u00e1hrada\"},\"image\":{\"@id\":\"https:\\\/\\\/www.upjs.sk\\\/pracoviska\\\/botanicka-zahrada\\\/#\\\/schema\\\/logo\\\/image\\\/\"}}]}<\/script>\n<!-- \/ Yoast SEO plugin. -->","yoast_head_json":{"title":"Program konferencie - Botanick\u00e1 z\u00e1hrada","robots":{"index":"index","follow":"follow","max-snippet":"max-snippet:-1","max-image-preview":"max-image-preview:large","max-video-preview":"max-video-preview:-1"},"canonical":"https:\/\/www.upjs.sk\/pracoviska\/botanicka-zahrada\/odborne-aktivity\/konferencia-75-rokov-bz\/program-konferencie\/","og_locale":"sk_SK","og_type":"article","og_title":"Program konferencie - Botanick\u00e1 z\u00e1hrada","og_url":"https:\/\/www.upjs.sk\/pracoviska\/botanicka-zahrada\/odborne-aktivity\/konferencia-75-rokov-bz\/program-konferencie\/","og_site_name":"Botanick\u00e1 z\u00e1hrada","article_modified_time":"2025-08-27T20:07:37+00:00","og_image":[{"url":"https:\/\/www.upjs.sk\/app\/uploads\/sites\/15\/2025\/03\/baner-75-rokov-bZ-1.jpg","type":"","width":"","height":""}],"twitter_card":"summary_large_image","twitter_misc":{"Predpokladan\u00fd \u010das \u010d\u00edtania":"8 min\u00fat"},"schema":{"@context":"https:\/\/schema.org","@graph":[{"@type":"WebPage","@id":"https:\/\/www.upjs.sk\/pracoviska\/botanicka-zahrada\/odborne-aktivity\/konferencia-75-rokov-bz\/program-konferencie\/","url":"https:\/\/www.upjs.sk\/pracoviska\/botanicka-zahrada\/odborne-aktivity\/konferencia-75-rokov-bz\/program-konferencie\/","name":"Program konferencie - Botanick\u00e1 z\u00e1hrada","isPartOf":{"@id":"https:\/\/www.upjs.sk\/pracoviska\/botanicka-zahrada\/#website"},"primaryImageOfPage":{"@id":"https:\/\/www.upjs.sk\/pracoviska\/botanicka-zahrada\/odborne-aktivity\/konferencia-75-rokov-bz\/program-konferencie\/#primaryimage"},"image":{"@id":"https:\/\/www.upjs.sk\/pracoviska\/botanicka-zahrada\/odborne-aktivity\/konferencia-75-rokov-bz\/program-konferencie\/#primaryimage"},"thumbnailUrl":"https:\/\/www.upjs.sk\/app\/uploads\/sites\/15\/2025\/03\/baner-75-rokov-bZ-1.jpg","datePublished":"2025-03-20T12:00:40+00:00","dateModified":"2025-08-27T20:07:37+00:00","breadcrumb":{"@id":"https:\/\/www.upjs.sk\/pracoviska\/botanicka-zahrada\/odborne-aktivity\/konferencia-75-rokov-bz\/program-konferencie\/#breadcrumb"},"inLanguage":"sk-SK","potentialAction":[{"@type":"ReadAction","target":["https:\/\/www.upjs.sk\/pracoviska\/botanicka-zahrada\/odborne-aktivity\/konferencia-75-rokov-bz\/program-konferencie\/"]}]},{"@type":"ImageObject","inLanguage":"sk-SK","@id":"https:\/\/www.upjs.sk\/pracoviska\/botanicka-zahrada\/odborne-aktivity\/konferencia-75-rokov-bz\/program-konferencie\/#primaryimage","url":"https:\/\/www.upjs.sk\/app\/uploads\/sites\/15\/2025\/03\/baner-75-rokov-bZ-1.jpg","contentUrl":"https:\/\/www.upjs.sk\/app\/uploads\/sites\/15\/2025\/03\/baner-75-rokov-bZ-1.jpg"},{"@type":"BreadcrumbList","@id":"https:\/\/www.upjs.sk\/pracoviska\/botanicka-zahrada\/odborne-aktivity\/konferencia-75-rokov-bz\/program-konferencie\/#breadcrumb","itemListElement":[{"@type":"ListItem","position":1,"name":"Home","item":"https:\/\/www.upjs.sk\/pracoviska\/botanicka-zahrada\/"},{"@type":"ListItem","position":2,"name":"Odborn\u00e9 aktivity","item":"https:\/\/www.upjs.sk\/pracoviska\/botanicka-zahrada\/odborne-aktivity\/"},{"@type":"ListItem","position":3,"name":"Konferencia 75 rokov od zalo\u017eenia Botanickej z\u00e1hrady v\u00a0Ko\u0161iciach","item":"https:\/\/www.upjs.sk\/pracoviska\/botanicka-zahrada\/odborne-aktivity\/konferencia-75-rokov-bz\/"},{"@type":"ListItem","position":4,"name":"Program konferencie"}]},{"@type":"WebSite","@id":"https:\/\/www.upjs.sk\/pracoviska\/botanicka-zahrada\/#website","url":"https:\/\/www.upjs.sk\/pracoviska\/botanicka-zahrada\/","name":"Botanick\u00e1 z\u00e1hrada","description":"","publisher":{"@id":"https:\/\/www.upjs.sk\/pracoviska\/botanicka-zahrada\/#organization"},"potentialAction":[{"@type":"SearchAction","target":{"@type":"EntryPoint","urlTemplate":"https:\/\/www.upjs.sk\/pracoviska\/botanicka-zahrada\/?s={search_term_string}"},"query-input":{"@type":"PropertyValueSpecification","valueRequired":true,"valueName":"search_term_string"}}],"inLanguage":"sk-SK"},{"@type":"Organization","@id":"https:\/\/www.upjs.sk\/pracoviska\/botanicka-zahrada\/#organization","name":"Botanick\u00e1 z\u00e1hrada","url":"https:\/\/www.upjs.sk\/pracoviska\/botanicka-zahrada\/","logo":{"@type":"ImageObject","inLanguage":"sk-SK","@id":"https:\/\/www.upjs.sk\/pracoviska\/botanicka-zahrada\/#\/schema\/logo\/image\/","url":"https:\/\/www.upjs.sk\/app\/uploads\/sites\/15\/2023\/01\/BZ-2.svg","contentUrl":"https:\/\/www.upjs.sk\/app\/uploads\/sites\/15\/2023\/01\/BZ-2.svg","width":500,"height":138,"caption":"Botanick\u00e1 z\u00e1hrada"},"image":{"@id":"https:\/\/www.upjs.sk\/pracoviska\/botanicka-zahrada\/#\/schema\/logo\/image\/"}}]}},"_links":{"self":[{"href":"https:\/\/www.upjs.sk\/pracoviska\/botanicka-zahrada\/wp-json\/wp\/v2\/pages\/23322","targetHints":{"allow":["GET"]}}],"collection":[{"href":"https:\/\/www.upjs.sk\/pracoviska\/botanicka-zahrada\/wp-json\/wp\/v2\/pages"}],"about":[{"href":"https:\/\/www.upjs.sk\/pracoviska\/botanicka-zahrada\/wp-json\/wp\/v2\/types\/page"}],"author":[{"embeddable":true,"href":"https:\/\/www.upjs.sk\/pracoviska\/botanicka-zahrada\/wp-json\/wp\/v2\/users\/16"}],"replies":[{"embeddable":true,"href":"https:\/\/www.upjs.sk\/pracoviska\/botanicka-zahrada\/wp-json\/wp\/v2\/comments?post=23322"}],"version-history":[{"count":20,"href":"https:\/\/www.upjs.sk\/pracoviska\/botanicka-zahrada\/wp-json\/wp\/v2\/pages\/23322\/revisions"}],"predecessor-version":[{"id":24036,"href":"https:\/\/www.upjs.sk\/pracoviska\/botanicka-zahrada\/wp-json\/wp\/v2\/pages\/23322\/revisions\/24036"}],"up":[{"embeddable":true,"href":"https:\/\/www.upjs.sk\/pracoviska\/botanicka-zahrada\/wp-json\/wp\/v2\/pages\/23299"}],"wp:attachment":[{"href":"https:\/\/www.upjs.sk\/pracoviska\/botanicka-zahrada\/wp-json\/wp\/v2\/media?parent=23322"}],"wp:term":[{"taxonomy":"category","embeddable":true,"href":"https:\/\/www.upjs.sk\/pracoviska\/botanicka-zahrada\/wp-json\/wp\/v2\/categories?post=23322"},{"taxonomy":"post_tag","embeddable":true,"href":"https:\/\/www.upjs.sk\/pracoviska\/botanicka-zahrada\/wp-json\/wp\/v2\/tags?post=23322"}],"curies":[{"name":"wp","href":"https:\/\/api.w.org\/{rel}","templated":true}]}}