{"id":19921,"date":"2025-10-01T09:40:37","date_gmt":"2025-10-01T09:40:37","guid":{"rendered":"https:\/\/www.upjs.sk\/pracoviska\/tip\/?post_type=cpt_aktuality&#038;p=19921"},"modified":"2025-10-01T10:03:35","modified_gmt":"2025-10-01T10:03:35","slug":"cib-tip-na-europskej-noci-vedy-2025","status":"publish","type":"cpt_aktuality","link":"https:\/\/www.upjs.sk\/pracoviska\/tip\/actuality\/cib-tip-na-europskej-noci-vedy-2025\/","title":{"rendered":"Centrum Interdisciplin\u00e1rnych Biovied na Eur\u00f3pskej noci vedy 2025 v Ko\u0161iciach"},"content":{"rendered":"\n<p>D\u0148a <strong>26. septembra 2025<\/strong> sa Centrum Interdisciplin\u00e1rnych Biovied (CIB) Technologick\u00e9ho a&nbsp;inova\u010dn\u00e9ho parku v&nbsp;Ko\u0161iciach (TIP-UPJ\u0160) z\u00fa\u010dastnilo festivalu <strong><mark style=\"background-color:rgba(0, 0, 0, 0)\" class=\"has-inline-color has-zakladna-modra-color\">Eur\u00f3pska noc vedy<\/mark><\/strong>, ktor\u00fd sa konal v <strong>OC Optima v&nbsp;Ko\u0161iciach.<\/strong><\/p>\n\n\n\n<p>T\u00e9mou ro\u010dn\u00edka 2025 bol <strong>CHAOS<\/strong> s podtitulom <strong>\u201eH\u013eadanie poriadku v nepredv\u00eddate\u013enom svete\u201c<\/strong>. Hlavn\u00fdm z\u00e1merom festivalu bolo uk\u00e1za\u0165, \u017ee aj tam, kde sa zd\u00e1 vl\u00e1dnu\u0165 n\u00e1hoda a nepojasnos\u0165, veda odha\u013euje podkladov\u00fd poriadok a princ\u00edpy.<\/p>\n\n\n\n<p>Festival v Ko\u0161iciach bol s\u00fa\u010das\u0165ou celoslovensk\u00e9ho programu, ke\u010f sa Noc vedy kon\u00e1 paralelne v <strong>Bratislave, Banskej Bystrici, \u017diline a Poprade<\/strong>.<\/p>\n\n\n<style>.kb-row-layout-id19921_b507b6-5c > .kt-row-column-wrap{align-content:start;}:where(.kb-row-layout-id19921_b507b6-5c > .kt-row-column-wrap) > .wp-block-kadence-column{justify-content:start;}.kb-row-layout-id19921_b507b6-5c > .kt-row-column-wrap{column-gap:var(--global-kb-gap-md, 2rem);row-gap:var(--global-kb-gap-md, 2rem);grid-template-columns:minmax(0, calc(50% - ((var(--global-kb-gap-md, 2rem) * 1 )\/2)))minmax(0, calc(50% - ((var(--global-kb-gap-md, 2rem) * 1 )\/2)));}.kb-row-layout-id19921_b507b6-5c > .kt-row-layout-overlay{opacity:0.30;}@media all and (max-width: 1024px){.kb-row-layout-id19921_b507b6-5c > .kt-row-column-wrap{grid-template-columns:repeat(2, minmax(0, 1fr));}}@media all and (max-width: 767px){.kb-row-layout-id19921_b507b6-5c > .kt-row-column-wrap{grid-template-columns:minmax(0, 1fr);}}<\/style><div class=\"kb-row-layout-wrap kb-row-layout-id19921_b507b6-5c alignnone wp-block-kadence-rowlayout\"><div class=\"kt-row-column-wrap kt-has-2-columns kt-row-layout-equal kt-tab-layout-inherit kt-mobile-layout-row kt-row-valign-top\">\n<style>.kadence-column19921_41198a-69 > .kt-inside-inner-col,.kadence-column19921_41198a-69 > .kt-inside-inner-col:before{border-top-left-radius:0px;border-top-right-radius:0px;border-bottom-right-radius:0px;border-bottom-left-radius:0px;}.kadence-column19921_41198a-69 > .kt-inside-inner-col{column-gap:var(--global-kb-gap-sm, 1rem);}.kadence-column19921_41198a-69 > .kt-inside-inner-col{flex-direction:column;}.kadence-column19921_41198a-69 > .kt-inside-inner-col > .aligncenter{width:100%;}.kadence-column19921_41198a-69 > .kt-inside-inner-col:before{opacity:0.3;}.kadence-column19921_41198a-69{position:relative;}@media all and (max-width: 1024px){.kadence-column19921_41198a-69 > .kt-inside-inner-col{flex-direction:column;justify-content:center;}}@media all and (max-width: 767px){.kadence-column19921_41198a-69 > .kt-inside-inner-col{flex-direction:column;justify-content:center;}}<\/style>\n<div class=\"wp-block-kadence-column kadence-column19921_41198a-69\"><div class=\"kt-inside-inner-col\">\n<figure class=\"wp-block-image aligncenter size-full is-resized\"><img decoding=\"async\" src=\"https:\/\/www.upjs.sk\/app\/uploads\/sites\/24\/2025\/10\/nahlad-1.jpg\" alt=\"\" class=\"wp-image-19926\" style=\"width:500px\"\/><\/figure>\n<\/div><\/div>\n\n\n<style>.kadence-column19921_320bde-c3 > .kt-inside-inner-col,.kadence-column19921_320bde-c3 > .kt-inside-inner-col:before{border-top-left-radius:0px;border-top-right-radius:0px;border-bottom-right-radius:0px;border-bottom-left-radius:0px;}.kadence-column19921_320bde-c3 > .kt-inside-inner-col{column-gap:var(--global-kb-gap-sm, 1rem);}.kadence-column19921_320bde-c3 > .kt-inside-inner-col{flex-direction:column;}.kadence-column19921_320bde-c3 > .kt-inside-inner-col > .aligncenter{width:100%;}.kadence-column19921_320bde-c3 > .kt-inside-inner-col:before{opacity:0.3;}.kadence-column19921_320bde-c3{position:relative;}@media all and (max-width: 1024px){.kadence-column19921_320bde-c3 > .kt-inside-inner-col{flex-direction:column;justify-content:center;}}@media all and (max-width: 767px){.kadence-column19921_320bde-c3 > .kt-inside-inner-col{flex-direction:column;justify-content:center;}}<\/style>\n<div class=\"wp-block-kadence-column kadence-column19921_320bde-c3\"><div class=\"kt-inside-inner-col\">\n<p><strong><mark style=\"background-color:rgba(0, 0, 0, 0)\" class=\"has-inline-color has-zakladna-modra-color\">Na\u0161a expoz\u00edcia: \u201eSkryt\u00fd poriadok v chaose molek\u00fal\u201c<\/mark><\/strong><\/p>\n\n\n\n<p>V r\u00e1mci festivalu OC Optima bol za CIB, TIP-UPJ\u0160 pripraven\u00fd st\u00e1nok s n\u00e1zvom <strong>\u201eSkryt\u00fd poriadok v chaose molek\u00fal\u201c (Hidden order in the chaos of molecules)<\/strong>, prostredn\u00edctvom ktor\u00e9ho bol n\u00e1v\u0161tevn\u00edkom pribl\u00ed\u017een\u00fd fascinuj\u00faci svet biomolek\u00fal, ktor\u00fd be\u017en\u00fdm okom nevidno.<\/p>\n\n\n\n<p>Na\u0161i vedeck\u00ed v\u00fdskumn\u00edci uk\u00e1zali, ako biomolekuly reaguj\u00fa na r\u00f4zne podnety, prezentovali sme svietiace molekuly v atrakt\u00edvnej forme a pon\u00fakli zrozumite\u013en\u00fd v\u00fdklad, \u017ee v molekul\u00e1rnom svete sa za zd\u00e1nliv\u00fdm chaosom ukr\u00fdvaj\u00fa z\u00e1konitosti a \u0161trukt\u00fary.<\/p>\n<\/div><\/div>\n\n<\/div><\/div>\n\n\n<p><em><strong>St\u00e1nok pripravili a prezentovali \u010dlenovia n\u00e1\u0161ho t\u00edmu:<\/strong><\/em><\/p>\n\n\n\n<ul class=\"wp-block-list\">\n<li>RNDr. Michal Nemergut, PhD.<\/li>\n\n\n\n<li>Mgr. \u013dubo\u0161 Ambro, PhD.<\/li>\n\n\n\n<li>Mgr. M\u00e1ria Tomkov\u00e1, PhD.<\/li>\n\n\n\n<li>RNDr. Veronika Hunto\u0161ov\u00e1, PhD.<\/li>\n\n\n\n<li>MVDr. Ivana Pilip\u010dincov\u00e1, PhD.<\/li>\n\n\n\n<li>PhD \u0161tudentky: RNDr. Krist\u00edna Fel\u010d\u00edkov\u00e1, Mgr. Alexandra Poliakov\u00e1, Mgr. Ter\u00e9zia Guly\u00e1sov\u00e1<\/li>\n<\/ul>\n\n\n\n<p><\/p>\n\n\n\n<p><em><strong>V prezent\u00e1cii kolegovia z\u00e1rove\u0148 predstavili vedeck\u00e9 aktivity v r\u00e1mci projektov, ktor\u00e9 s\u00fa s\u00fa\u010das\u0165ou Pl\u00e1nu obnovy a odolnosti SR:<\/strong><\/em><\/p>\n\n\n\n<ul class=\"wp-block-list\">\n<li><strong>APBC<\/strong> (09\u2011I02\u201103\u2011V01\u201100021)<\/li>\n\n\n\n<li><strong>ExCasProt<\/strong> (09\u2011I01\u201103\u2011V04\u201100041)<\/li>\n\n\n\n<li><strong>R2 projekty<\/strong> (09I03\u201103\u2011V04\u201100116 a 09I03\u201103\u2011V04\u201100112)<\/li>\n\n\n\n<li><strong>R3 projekt<\/strong> (09I03\u201103\u2011V04\u201100007)<\/li>\n<\/ul>\n\n\n\n<p><\/p>\n\n\n\n<p>Festival je organizovan\u00fd Slovenskou organiz\u00e1ciou pre v\u00fdskumn\u00e9 a v\u00fdvojov\u00e9 aktivity (SOVVA), v spolupr\u00e1ci s CVTI SR, Slovenskou akad\u00e9miou vied a \u010fal\u0161\u00edmi partnermi. Podujatie m\u00e1 amb\u00edciu popularizova\u0165 v\u00fdskum a inov\u00e1cie v spolo\u010dnosti, prebudi\u0165 kritick\u00e9 myslenie, odha\u013eova\u0165 vedeck\u00e9 poznatky a poukazova\u0165 na ich v\u00fdznam v ka\u017edodennom \u017eivote.<\/p>\n\n\n\n<p>Okrem n\u00e1\u0161ho st\u00e1nku si n\u00e1v\u0161tevn\u00edci mohli prezrie\u0165 r\u00f4zne \u010fal\u0161ie expoz\u00edcie \u2014 z oblasti mikrosveta, materi\u00e1lov, logistiky, ekol\u00f3gie, kybernetickej bezpe\u010dnosti a \u010fal\u0161\u00edch oblast\u00ed \u2014 a z\u00fa\u010dastni\u0165 sa predn\u00e1\u0161ok, ktor\u00e9 poukazovali na to, ako sa chaos men\u00ed na poriadok v pr\u00edrode i technol\u00f3gi\u00e1ch.<\/p>\n\n\n\n<p>Ver\u00edme, \u017ee na\u0161e vyst\u00fapenie prispelo k o\u017eiveniu vedeck\u00e9ho z\u00e1ujmu \u0161irokej verejnosti a \u010fakujeme v\u0161etk\u00fdm n\u00e1v\u0161tevn\u00edkom za z\u00e1ujem a in\u0161piruj\u00face diskusie.<\/p>\n","protected":false},"excerpt":{"rendered":"<p>D\u0148a 26. septembra 2025 sa Centrum Interdisciplin\u00e1rnych Biovied (CIB) Technologick\u00e9ho a&nbsp;inova\u010dn\u00e9ho parku v&nbsp;Ko\u0161iciach (TIP-UPJ\u0160) z\u00fa\u010dastnilo festivalu Eur\u00f3pska noc vedy, ktor\u00fd sa konal v OC Optima v&nbsp;Ko\u0161iciach. T\u00e9mou ro\u010dn\u00edka 2025 bol CHAOS s podtitulom \u201eH\u013eadanie poriadku v nepredv\u00eddate\u013enom svete\u201c. Hlavn\u00fdm z\u00e1merom festivalu bolo uk\u00e1za\u0165, \u017ee aj tam, kde sa zd\u00e1 vl\u00e1dnu\u0165 n\u00e1hoda a nepojasnos\u0165, veda odha\u013euje &hellip; <a href=\"https:\/\/www.upjs.sk\/pracoviska\/tip\/actuality\/cib-tip-na-europskej-noci-vedy-2025\/\">\u010c\u00edta\u0165 \u010falej<\/a><\/p>\n","protected":false},"author":99,"featured_media":19922,"menu_order":0,"template":"","meta":{"_acf_changed":false,"_editorskit_title_hidden":false,"_editorskit_reading_time":0,"_editorskit_is_block_options_detached":false,"_editorskit_block_options_position":"{}","footnotes":""},"categories":[],"tags":[],"tax_aktuality":[361],"class_list":["post-19921","cpt_aktuality","type-cpt_aktuality","status-publish","has-post-thumbnail","hentry","tax_aktuality-361"],"acf":{"acf_link_na_externy_obsah":"","poradie_clanku":""},"yoast_head":"<!-- This site is optimized with the Yoast SEO plugin v27.4 - https:\/\/yoast.com\/product\/yoast-seo-wordpress\/ -->\n<title>Centrum Interdisciplin\u00e1rnych Biovied na Eur\u00f3pskej noci vedy 2025 v Ko\u0161iciach - Technologick\u00fd a inova\u010dn\u00fd park | UPJ\u0160<\/title>\n<meta name=\"robots\" content=\"index, follow, max-snippet:-1, max-image-preview:large, max-video-preview:-1\" \/>\n<link rel=\"canonical\" href=\"https:\/\/www.upjs.sk\/pracoviska\/tip\/actuality\/cib-tip-na-europskej-noci-vedy-2025\/\" \/>\n<meta property=\"og:locale\" content=\"sk_SK\" \/>\n<meta property=\"og:type\" content=\"article\" \/>\n<meta property=\"og:title\" content=\"Centrum Interdisciplin\u00e1rnych Biovied na Eur\u00f3pskej noci vedy 2025 v Ko\u0161iciach - Technologick\u00fd a inova\u010dn\u00fd park | UPJ\u0160\" \/>\n<meta property=\"og:description\" content=\"D\u0148a 26. septembra 2025 sa Centrum Interdisciplin\u00e1rnych Biovied (CIB) Technologick\u00e9ho a&nbsp;inova\u010dn\u00e9ho parku v&nbsp;Ko\u0161iciach (TIP-UPJ\u0160) z\u00fa\u010dastnilo festivalu Eur\u00f3pska noc vedy, ktor\u00fd sa konal v OC Optima v&nbsp;Ko\u0161iciach. T\u00e9mou ro\u010dn\u00edka 2025 bol CHAOS s podtitulom \u201eH\u013eadanie poriadku v nepredv\u00eddate\u013enom svete\u201c. Hlavn\u00fdm z\u00e1merom festivalu bolo uk\u00e1za\u0165, \u017ee aj tam, kde sa zd\u00e1 vl\u00e1dnu\u0165 n\u00e1hoda a nepojasnos\u0165, veda odha\u013euje &hellip; \u010c\u00edta\u0165 \u010falej\" \/>\n<meta property=\"og:url\" content=\"https:\/\/www.upjs.sk\/pracoviska\/tip\/actuality\/cib-tip-na-europskej-noci-vedy-2025\/\" \/>\n<meta property=\"og:site_name\" content=\"Technologick\u00fd a inova\u010dn\u00fd park | UPJ\u0160\" \/>\n<meta property=\"article:modified_time\" content=\"2025-10-01T10:03:35+00:00\" \/>\n<meta property=\"og:image\" content=\"https:\/\/www.upjs.sk\/app\/uploads\/sites\/24\/2025\/10\/nahlad.jpg\" \/>\n\t<meta property=\"og:image:width\" content=\"800\" \/>\n\t<meta property=\"og:image:height\" content=\"600\" \/>\n\t<meta property=\"og:image:type\" content=\"image\/jpeg\" \/>\n<meta name=\"twitter:card\" content=\"summary_large_image\" \/>\n<meta name=\"twitter:label1\" content=\"Predpokladan\u00fd \u010das \u010d\u00edtania\" \/>\n\t<meta name=\"twitter:data1\" content=\"3 min\u00faty\" \/>\n<script type=\"application\/ld+json\" class=\"yoast-schema-graph\">{\"@context\":\"https:\\\/\\\/schema.org\",\"@graph\":[{\"@type\":\"WebPage\",\"@id\":\"https:\\\/\\\/www.upjs.sk\\\/pracoviska\\\/tip\\\/actuality\\\/cib-tip-na-europskej-noci-vedy-2025\\\/\",\"url\":\"https:\\\/\\\/www.upjs.sk\\\/pracoviska\\\/tip\\\/actuality\\\/cib-tip-na-europskej-noci-vedy-2025\\\/\",\"name\":\"Centrum Interdisciplin\u00e1rnych Biovied na Eur\u00f3pskej noci vedy 2025 v Ko\u0161iciach - Technologick\u00fd a inova\u010dn\u00fd park | UPJ\u0160\",\"isPartOf\":{\"@id\":\"https:\\\/\\\/www.upjs.sk\\\/pracoviska\\\/tip\\\/#website\"},\"primaryImageOfPage\":{\"@id\":\"https:\\\/\\\/www.upjs.sk\\\/pracoviska\\\/tip\\\/actuality\\\/cib-tip-na-europskej-noci-vedy-2025\\\/#primaryimage\"},\"image\":{\"@id\":\"https:\\\/\\\/www.upjs.sk\\\/pracoviska\\\/tip\\\/actuality\\\/cib-tip-na-europskej-noci-vedy-2025\\\/#primaryimage\"},\"thumbnailUrl\":\"https:\\\/\\\/www.upjs.sk\\\/app\\\/uploads\\\/sites\\\/24\\\/2025\\\/10\\\/nahlad.jpg\",\"datePublished\":\"2025-10-01T09:40:37+00:00\",\"dateModified\":\"2025-10-01T10:03:35+00:00\",\"breadcrumb\":{\"@id\":\"https:\\\/\\\/www.upjs.sk\\\/pracoviska\\\/tip\\\/actuality\\\/cib-tip-na-europskej-noci-vedy-2025\\\/#breadcrumb\"},\"inLanguage\":\"sk-SK\",\"potentialAction\":[{\"@type\":\"ReadAction\",\"target\":[\"https:\\\/\\\/www.upjs.sk\\\/pracoviska\\\/tip\\\/actuality\\\/cib-tip-na-europskej-noci-vedy-2025\\\/\"]}]},{\"@type\":\"ImageObject\",\"inLanguage\":\"sk-SK\",\"@id\":\"https:\\\/\\\/www.upjs.sk\\\/pracoviska\\\/tip\\\/actuality\\\/cib-tip-na-europskej-noci-vedy-2025\\\/#primaryimage\",\"url\":\"https:\\\/\\\/www.upjs.sk\\\/app\\\/uploads\\\/sites\\\/24\\\/2025\\\/10\\\/nahlad.jpg\",\"contentUrl\":\"https:\\\/\\\/www.upjs.sk\\\/app\\\/uploads\\\/sites\\\/24\\\/2025\\\/10\\\/nahlad.jpg\",\"width\":800,\"height\":600},{\"@type\":\"BreadcrumbList\",\"@id\":\"https:\\\/\\\/www.upjs.sk\\\/pracoviska\\\/tip\\\/actuality\\\/cib-tip-na-europskej-noci-vedy-2025\\\/#breadcrumb\",\"itemListElement\":[{\"@type\":\"ListItem\",\"position\":1,\"name\":\"Home\",\"item\":\"https:\\\/\\\/www.upjs.sk\\\/pracoviska\\\/tip\\\/\"},{\"@type\":\"ListItem\",\"position\":2,\"name\":\"Aktuality\",\"item\":\"https:\\\/\\\/www.upjs.sk\\\/pracoviska\\\/tip\\\/actuality\\\/\"},{\"@type\":\"ListItem\",\"position\":3,\"name\":\"Centrum Interdisciplin\u00e1rnych Biovied na Eur\u00f3pskej noci vedy 2025 v Ko\u0161iciach\"}]},{\"@type\":\"WebSite\",\"@id\":\"https:\\\/\\\/www.upjs.sk\\\/pracoviska\\\/tip\\\/#website\",\"url\":\"https:\\\/\\\/www.upjs.sk\\\/pracoviska\\\/tip\\\/\",\"name\":\"Technologick\u00fd a inova\u010dn\u00fd park | UPJ\u0160\",\"description\":\"\",\"publisher\":{\"@id\":\"https:\\\/\\\/www.upjs.sk\\\/pracoviska\\\/tip\\\/#organization\"},\"potentialAction\":[{\"@type\":\"SearchAction\",\"target\":{\"@type\":\"EntryPoint\",\"urlTemplate\":\"https:\\\/\\\/www.upjs.sk\\\/pracoviska\\\/tip\\\/?s={search_term_string}\"},\"query-input\":{\"@type\":\"PropertyValueSpecification\",\"valueRequired\":true,\"valueName\":\"search_term_string\"}}],\"inLanguage\":\"sk-SK\"},{\"@type\":\"Organization\",\"@id\":\"https:\\\/\\\/www.upjs.sk\\\/pracoviska\\\/tip\\\/#organization\",\"name\":\"Technologick\u00fd a inova\u010dn\u00fd park | UPJ\u0160\",\"url\":\"https:\\\/\\\/www.upjs.sk\\\/pracoviska\\\/tip\\\/\",\"logo\":{\"@type\":\"ImageObject\",\"inLanguage\":\"sk-SK\",\"@id\":\"https:\\\/\\\/www.upjs.sk\\\/pracoviska\\\/tip\\\/#\\\/schema\\\/logo\\\/image\\\/\",\"url\":\"https:\\\/\\\/www.upjs.sk\\\/app\\\/uploads\\\/sites\\\/24\\\/2023\\\/02\\\/TIP.svg\",\"contentUrl\":\"https:\\\/\\\/www.upjs.sk\\\/app\\\/uploads\\\/sites\\\/24\\\/2023\\\/02\\\/TIP.svg\",\"width\":500,\"height\":138,\"caption\":\"Technologick\u00fd a inova\u010dn\u00fd park | UPJ\u0160\"},\"image\":{\"@id\":\"https:\\\/\\\/www.upjs.sk\\\/pracoviska\\\/tip\\\/#\\\/schema\\\/logo\\\/image\\\/\"}}]}<\/script>\n<!-- \/ Yoast SEO plugin. -->","yoast_head_json":{"title":"Centrum Interdisciplin\u00e1rnych Biovied na Eur\u00f3pskej noci vedy 2025 v Ko\u0161iciach - Technologick\u00fd a inova\u010dn\u00fd park | UPJ\u0160","robots":{"index":"index","follow":"follow","max-snippet":"max-snippet:-1","max-image-preview":"max-image-preview:large","max-video-preview":"max-video-preview:-1"},"canonical":"https:\/\/www.upjs.sk\/pracoviska\/tip\/actuality\/cib-tip-na-europskej-noci-vedy-2025\/","og_locale":"sk_SK","og_type":"article","og_title":"Centrum Interdisciplin\u00e1rnych Biovied na Eur\u00f3pskej noci vedy 2025 v Ko\u0161iciach - Technologick\u00fd a inova\u010dn\u00fd park | UPJ\u0160","og_description":"D\u0148a 26. septembra 2025 sa Centrum Interdisciplin\u00e1rnych Biovied (CIB) Technologick\u00e9ho a&nbsp;inova\u010dn\u00e9ho parku v&nbsp;Ko\u0161iciach (TIP-UPJ\u0160) z\u00fa\u010dastnilo festivalu Eur\u00f3pska noc vedy, ktor\u00fd sa konal v OC Optima v&nbsp;Ko\u0161iciach. T\u00e9mou ro\u010dn\u00edka 2025 bol CHAOS s podtitulom \u201eH\u013eadanie poriadku v nepredv\u00eddate\u013enom svete\u201c. Hlavn\u00fdm z\u00e1merom festivalu bolo uk\u00e1za\u0165, \u017ee aj tam, kde sa zd\u00e1 vl\u00e1dnu\u0165 n\u00e1hoda a nepojasnos\u0165, veda odha\u013euje &hellip; \u010c\u00edta\u0165 \u010falej","og_url":"https:\/\/www.upjs.sk\/pracoviska\/tip\/actuality\/cib-tip-na-europskej-noci-vedy-2025\/","og_site_name":"Technologick\u00fd a inova\u010dn\u00fd park | UPJ\u0160","article_modified_time":"2025-10-01T10:03:35+00:00","og_image":[{"width":800,"height":600,"url":"https:\/\/www.upjs.sk\/app\/uploads\/sites\/24\/2025\/10\/nahlad.jpg","type":"image\/jpeg"}],"twitter_card":"summary_large_image","twitter_misc":{"Predpokladan\u00fd \u010das \u010d\u00edtania":"3 min\u00faty"},"schema":{"@context":"https:\/\/schema.org","@graph":[{"@type":"WebPage","@id":"https:\/\/www.upjs.sk\/pracoviska\/tip\/actuality\/cib-tip-na-europskej-noci-vedy-2025\/","url":"https:\/\/www.upjs.sk\/pracoviska\/tip\/actuality\/cib-tip-na-europskej-noci-vedy-2025\/","name":"Centrum Interdisciplin\u00e1rnych Biovied na Eur\u00f3pskej noci vedy 2025 v Ko\u0161iciach - Technologick\u00fd a inova\u010dn\u00fd park | UPJ\u0160","isPartOf":{"@id":"https:\/\/www.upjs.sk\/pracoviska\/tip\/#website"},"primaryImageOfPage":{"@id":"https:\/\/www.upjs.sk\/pracoviska\/tip\/actuality\/cib-tip-na-europskej-noci-vedy-2025\/#primaryimage"},"image":{"@id":"https:\/\/www.upjs.sk\/pracoviska\/tip\/actuality\/cib-tip-na-europskej-noci-vedy-2025\/#primaryimage"},"thumbnailUrl":"https:\/\/www.upjs.sk\/app\/uploads\/sites\/24\/2025\/10\/nahlad.jpg","datePublished":"2025-10-01T09:40:37+00:00","dateModified":"2025-10-01T10:03:35+00:00","breadcrumb":{"@id":"https:\/\/www.upjs.sk\/pracoviska\/tip\/actuality\/cib-tip-na-europskej-noci-vedy-2025\/#breadcrumb"},"inLanguage":"sk-SK","potentialAction":[{"@type":"ReadAction","target":["https:\/\/www.upjs.sk\/pracoviska\/tip\/actuality\/cib-tip-na-europskej-noci-vedy-2025\/"]}]},{"@type":"ImageObject","inLanguage":"sk-SK","@id":"https:\/\/www.upjs.sk\/pracoviska\/tip\/actuality\/cib-tip-na-europskej-noci-vedy-2025\/#primaryimage","url":"https:\/\/www.upjs.sk\/app\/uploads\/sites\/24\/2025\/10\/nahlad.jpg","contentUrl":"https:\/\/www.upjs.sk\/app\/uploads\/sites\/24\/2025\/10\/nahlad.jpg","width":800,"height":600},{"@type":"BreadcrumbList","@id":"https:\/\/www.upjs.sk\/pracoviska\/tip\/actuality\/cib-tip-na-europskej-noci-vedy-2025\/#breadcrumb","itemListElement":[{"@type":"ListItem","position":1,"name":"Home","item":"https:\/\/www.upjs.sk\/pracoviska\/tip\/"},{"@type":"ListItem","position":2,"name":"Aktuality","item":"https:\/\/www.upjs.sk\/pracoviska\/tip\/actuality\/"},{"@type":"ListItem","position":3,"name":"Centrum Interdisciplin\u00e1rnych Biovied na Eur\u00f3pskej noci vedy 2025 v Ko\u0161iciach"}]},{"@type":"WebSite","@id":"https:\/\/www.upjs.sk\/pracoviska\/tip\/#website","url":"https:\/\/www.upjs.sk\/pracoviska\/tip\/","name":"Technologick\u00fd a inova\u010dn\u00fd park | UPJ\u0160","description":"","publisher":{"@id":"https:\/\/www.upjs.sk\/pracoviska\/tip\/#organization"},"potentialAction":[{"@type":"SearchAction","target":{"@type":"EntryPoint","urlTemplate":"https:\/\/www.upjs.sk\/pracoviska\/tip\/?s={search_term_string}"},"query-input":{"@type":"PropertyValueSpecification","valueRequired":true,"valueName":"search_term_string"}}],"inLanguage":"sk-SK"},{"@type":"Organization","@id":"https:\/\/www.upjs.sk\/pracoviska\/tip\/#organization","name":"Technologick\u00fd a inova\u010dn\u00fd park | UPJ\u0160","url":"https:\/\/www.upjs.sk\/pracoviska\/tip\/","logo":{"@type":"ImageObject","inLanguage":"sk-SK","@id":"https:\/\/www.upjs.sk\/pracoviska\/tip\/#\/schema\/logo\/image\/","url":"https:\/\/www.upjs.sk\/app\/uploads\/sites\/24\/2023\/02\/TIP.svg","contentUrl":"https:\/\/www.upjs.sk\/app\/uploads\/sites\/24\/2023\/02\/TIP.svg","width":500,"height":138,"caption":"Technologick\u00fd a inova\u010dn\u00fd park | UPJ\u0160"},"image":{"@id":"https:\/\/www.upjs.sk\/pracoviska\/tip\/#\/schema\/logo\/image\/"}}]}},"_links":{"self":[{"href":"https:\/\/www.upjs.sk\/pracoviska\/tip\/wp-json\/wp\/v2\/cpt_aktuality\/19921","targetHints":{"allow":["GET"]}}],"collection":[{"href":"https:\/\/www.upjs.sk\/pracoviska\/tip\/wp-json\/wp\/v2\/cpt_aktuality"}],"about":[{"href":"https:\/\/www.upjs.sk\/pracoviska\/tip\/wp-json\/wp\/v2\/types\/cpt_aktuality"}],"author":[{"embeddable":true,"href":"https:\/\/www.upjs.sk\/pracoviska\/tip\/wp-json\/wp\/v2\/users\/99"}],"version-history":[{"count":10,"href":"https:\/\/www.upjs.sk\/pracoviska\/tip\/wp-json\/wp\/v2\/cpt_aktuality\/19921\/revisions"}],"predecessor-version":[{"id":19960,"href":"https:\/\/www.upjs.sk\/pracoviska\/tip\/wp-json\/wp\/v2\/cpt_aktuality\/19921\/revisions\/19960"}],"wp:featuredmedia":[{"embeddable":true,"href":"https:\/\/www.upjs.sk\/pracoviska\/tip\/wp-json\/wp\/v2\/media\/19922"}],"wp:attachment":[{"href":"https:\/\/www.upjs.sk\/pracoviska\/tip\/wp-json\/wp\/v2\/media?parent=19921"}],"wp:term":[{"taxonomy":"category","embeddable":true,"href":"https:\/\/www.upjs.sk\/pracoviska\/tip\/wp-json\/wp\/v2\/categories?post=19921"},{"taxonomy":"post_tag","embeddable":true,"href":"https:\/\/www.upjs.sk\/pracoviska\/tip\/wp-json\/wp\/v2\/tags?post=19921"},{"taxonomy":"tax_aktuality","embeddable":true,"href":"https:\/\/www.upjs.sk\/pracoviska\/tip\/wp-json\/wp\/v2\/tax_aktuality?post=19921"}],"curies":[{"name":"wp","href":"https:\/\/api.w.org\/{rel}","templated":true}]}}