{"id":33531,"date":"2024-04-18T08:12:27","date_gmt":"2024-04-18T08:12:27","guid":{"rendered":"https:\/\/www.upjs.sk\/pracoviska\/univerzitna-kniznica\/?post_type=cpt_aktuality&#038;p=33531"},"modified":"2025-03-10T05:22:13","modified_gmt":"2025-03-10T05:22:13","slug":"esejisticka-sutaz-20-rokov-slovenska-v-eu","status":"publish","type":"cpt_aktuality","link":"https:\/\/www.upjs.sk\/pracoviska\/univerzitna-kniznica\/actuality\/esejisticka-sutaz-20-rokov-slovenska-v-eu\/","title":{"rendered":"Esejistick\u00e1 s\u00fa\u0165a\u017e &#8211; 20 rokov Slovenska v E\u00da"},"content":{"rendered":"\n<p>Nap\u00ed\u0161te esej <strong>v rozsahu max. 2 A4<\/strong> na t\u00e9mu, ako vn\u00edmate pr\u00ednos \u010dlenstva v Eur\u00f3pskej \u00fanii pre na\u0161e krajiny na konkr\u00e9tnych pr\u00edkladoch. Pok\u00faste sa tie\u017e zodpoveda\u0165 na ot\u00e1zku, ak\u00fa \u00falohu m\u00f4\u017ee zohra\u0165 Slovensko v \u010fal\u0161ej dek\u00e1de pri vysporiadan\u00ed sa s aktu\u00e1lnymi v\u00fdzvami, ktor\u00fdm Eur\u00f3pa \u010del\u00ed.<\/p>\n\n\n\n<p>Svoje eseje posielajte prostredn\u00edctvom <a href=\"https:\/\/bit.ly\/3SFgLiN\">prihlasovacieho formul\u00e1ra<\/a><a href=\"https:\/\/bit.ly\/3SFgLiN\"> <\/a>do <strong>28. apr\u00edla 2024.<\/strong>&nbsp;<\/p>\n\n\n\n<p>Esej nemus\u00ed by\u0165 strohou ekonomickou anal\u00fdzou, hodnoti\u0165 budeme aj kreativitu, inovat\u00edvny pr\u00edstup a re\u00e1lnos\u0165 navrhovan\u00fdch rie\u0161en\u00ed.<\/p>\n\n\n\n<p>Sl\u00e1vnostn\u00e9 vyhodnotenie s\u00fa\u0165a\u017ee spojen\u00e9 s diskusiou prebehne <strong>vo \u0161tvrtok , 9. m\u00e1ja 2024 po\u010das osl\u00e1v dni Eur\u00f3py v Bratislave<\/strong>. Vyhodnotenie s\u00fa\u0165a\u017ee bude s\u00fa\u010das\u0165ou odbornej konferencie na rovnomenn\u00fa t\u00e9mu<strong>.<\/strong><\/p>\n\n\n\n<p><strong>Prv\u00e9 tri miesta z\u00edskaj\u00fa zauj\u00edmav\u00e9 ocenenie:&nbsp;<\/strong><\/p>\n\n\n\n<ul class=\"wp-block-list\">\n<li>Nov\u00fd osobn\u00fd po\u010d\u00edta\u010d<\/li>\n\n\n\n<li>Mobiln\u00fd telef\u00f3n<\/li>\n\n\n\n<li>Ve\u010dera s poslancom Eur\u00f3pskeho parlamentu<\/li>\n<\/ul>\n\n\n\n<p><\/p>\n\n\n\n<p>S\u00fa\u0165a\u017e \u00a0 sa \u00a0\u00a0\u00a0\u00a0\u00a0\u00a0 riadi \u00a0\u00a0\u00a0 pravidlami \u00a0\u00a0\u00a0\u00a0\u00a0 ktor\u00e9 \u00a0 n\u00e1jdete \u00a0\u00a0\u00a0\u00a0\u00a0\u00a0\u00a0\u00a0\u00a0\u00a0 v \u0161tat\u00fate \u00a0\u00a0\u00a0\u00a0\u00a0\u00a0\u00a0\u00a0 s\u00fa\u0165a\u017ee a na \u00a0\u00a0\u00a0 str\u00e1nke <a href=\"https:\/\/ivanstefanec.sk\/blog\/sutaz\/\">https:\/\/ivanstefanec.sk\/blog\/sutaz\/<\/a> .<a href=\"https:\/\/ivanstefanec.sk\/blog\/sutaz\/\"><\/a><\/p>\n","protected":false},"excerpt":{"rendered":"<p>Nap\u00ed\u0161te esej v rozsahu max. 2 A4 na t\u00e9mu, ako vn\u00edmate pr\u00ednos \u010dlenstva v Eur\u00f3pskej \u00fanii pre na\u0161e krajiny na konkr\u00e9tnych pr\u00edkladoch. Pok\u00faste sa tie\u017e zodpoveda\u0165 na ot\u00e1zku, ak\u00fa \u00falohu m\u00f4\u017ee zohra\u0165 Slovensko v \u010fal\u0161ej dek\u00e1de pri vysporiadan\u00ed sa s aktu\u00e1lnymi v\u00fdzvami, ktor\u00fdm Eur\u00f3pa \u010del\u00ed. Svoje eseje posielajte prostredn\u00edctvom prihlasovacieho formul\u00e1ra do 28. apr\u00edla 2024.&nbsp; &hellip; <a href=\"https:\/\/www.upjs.sk\/pracoviska\/univerzitna-kniznica\/actuality\/esejisticka-sutaz-20-rokov-slovenska-v-eu\/\">\u010c\u00edta\u0165 \u010falej<\/a><\/p>\n","protected":false},"author":22,"featured_media":33532,"template":"","meta":{"_acf_changed":false,"_editorskit_title_hidden":false,"_editorskit_reading_time":0,"_editorskit_is_block_options_detached":false,"_editorskit_block_options_position":"{}","footnotes":""},"categories":[],"tags":[],"tax_aktuality":[],"class_list":["post-33531","cpt_aktuality","type-cpt_aktuality","status-publish","has-post-thumbnail","hentry"],"acf":{"acf_link_na_externy_obsah":"","poradie_clanku":0},"yoast_head":"<!-- This site is optimized with the Yoast SEO plugin v27.4 - https:\/\/yoast.com\/product\/yoast-seo-wordpress\/ -->\n<title>Esejistick\u00e1 s\u00fa\u0165a\u017e - 20 rokov Slovenska v E\u00da - Univerzitn\u00e1 kni\u017enica | UPJ\u0160<\/title>\n<meta name=\"robots\" content=\"index, follow, max-snippet:-1, max-image-preview:large, max-video-preview:-1\" \/>\n<link rel=\"canonical\" href=\"https:\/\/www.upjs.sk\/pracoviska\/univerzitna-kniznica\/actuality\/esejisticka-sutaz-20-rokov-slovenska-v-eu\/\" \/>\n<meta property=\"og:locale\" content=\"sk_SK\" \/>\n<meta property=\"og:type\" content=\"article\" \/>\n<meta property=\"og:title\" content=\"Esejistick\u00e1 s\u00fa\u0165a\u017e - 20 rokov Slovenska v E\u00da - Univerzitn\u00e1 kni\u017enica | UPJ\u0160\" \/>\n<meta property=\"og:description\" content=\"Nap\u00ed\u0161te esej v rozsahu max. 2 A4 na t\u00e9mu, ako vn\u00edmate pr\u00ednos \u010dlenstva v Eur\u00f3pskej \u00fanii pre na\u0161e krajiny na konkr\u00e9tnych pr\u00edkladoch. Pok\u00faste sa tie\u017e zodpoveda\u0165 na ot\u00e1zku, ak\u00fa \u00falohu m\u00f4\u017ee zohra\u0165 Slovensko v \u010fal\u0161ej dek\u00e1de pri vysporiadan\u00ed sa s aktu\u00e1lnymi v\u00fdzvami, ktor\u00fdm Eur\u00f3pa \u010del\u00ed. Svoje eseje posielajte prostredn\u00edctvom prihlasovacieho formul\u00e1ra do 28. apr\u00edla 2024.&nbsp; &hellip; \u010c\u00edta\u0165 \u010falej\" \/>\n<meta property=\"og:url\" content=\"https:\/\/www.upjs.sk\/pracoviska\/univerzitna-kniznica\/actuality\/esejisticka-sutaz-20-rokov-slovenska-v-eu\/\" \/>\n<meta property=\"og:site_name\" content=\"Univerzitn\u00e1 kni\u017enica | UPJ\u0160\" \/>\n<meta property=\"article:modified_time\" content=\"2025-03-10T05:22:13+00:00\" \/>\n<meta property=\"og:image\" content=\"https:\/\/www.upjs.sk\/app\/uploads\/sites\/16\/2024\/04\/Suataz20rokovEUv2.jpg\" \/>\n\t<meta property=\"og:image:width\" content=\"295\" \/>\n\t<meta property=\"og:image:height\" content=\"212\" \/>\n\t<meta property=\"og:image:type\" content=\"image\/jpeg\" \/>\n<meta name=\"twitter:card\" content=\"summary_large_image\" \/>\n<meta name=\"twitter:label1\" content=\"Predpokladan\u00fd \u010das \u010d\u00edtania\" \/>\n\t<meta name=\"twitter:data1\" content=\"1 min\u00fata\" \/>\n<script type=\"application\/ld+json\" class=\"yoast-schema-graph\">{\"@context\":\"https:\\\/\\\/schema.org\",\"@graph\":[{\"@type\":\"WebPage\",\"@id\":\"https:\\\/\\\/www.upjs.sk\\\/pracoviska\\\/univerzitna-kniznica\\\/actuality\\\/esejisticka-sutaz-20-rokov-slovenska-v-eu\\\/\",\"url\":\"https:\\\/\\\/www.upjs.sk\\\/pracoviska\\\/univerzitna-kniznica\\\/actuality\\\/esejisticka-sutaz-20-rokov-slovenska-v-eu\\\/\",\"name\":\"Esejistick\u00e1 s\u00fa\u0165a\u017e - 20 rokov Slovenska v E\u00da - Univerzitn\u00e1 kni\u017enica | UPJ\u0160\",\"isPartOf\":{\"@id\":\"https:\\\/\\\/www.upjs.sk\\\/pracoviska\\\/univerzitna-kniznica\\\/#website\"},\"primaryImageOfPage\":{\"@id\":\"https:\\\/\\\/www.upjs.sk\\\/pracoviska\\\/univerzitna-kniznica\\\/actuality\\\/esejisticka-sutaz-20-rokov-slovenska-v-eu\\\/#primaryimage\"},\"image\":{\"@id\":\"https:\\\/\\\/www.upjs.sk\\\/pracoviska\\\/univerzitna-kniznica\\\/actuality\\\/esejisticka-sutaz-20-rokov-slovenska-v-eu\\\/#primaryimage\"},\"thumbnailUrl\":\"https:\\\/\\\/www.upjs.sk\\\/app\\\/uploads\\\/sites\\\/16\\\/2024\\\/04\\\/Suataz20rokovEUv2.jpg\",\"datePublished\":\"2024-04-18T08:12:27+00:00\",\"dateModified\":\"2025-03-10T05:22:13+00:00\",\"breadcrumb\":{\"@id\":\"https:\\\/\\\/www.upjs.sk\\\/pracoviska\\\/univerzitna-kniznica\\\/actuality\\\/esejisticka-sutaz-20-rokov-slovenska-v-eu\\\/#breadcrumb\"},\"inLanguage\":\"sk-SK\",\"potentialAction\":[{\"@type\":\"ReadAction\",\"target\":[\"https:\\\/\\\/www.upjs.sk\\\/pracoviska\\\/univerzitna-kniznica\\\/actuality\\\/esejisticka-sutaz-20-rokov-slovenska-v-eu\\\/\"]}]},{\"@type\":\"ImageObject\",\"inLanguage\":\"sk-SK\",\"@id\":\"https:\\\/\\\/www.upjs.sk\\\/pracoviska\\\/univerzitna-kniznica\\\/actuality\\\/esejisticka-sutaz-20-rokov-slovenska-v-eu\\\/#primaryimage\",\"url\":\"https:\\\/\\\/www.upjs.sk\\\/app\\\/uploads\\\/sites\\\/16\\\/2024\\\/04\\\/Suataz20rokovEUv2.jpg\",\"contentUrl\":\"https:\\\/\\\/www.upjs.sk\\\/app\\\/uploads\\\/sites\\\/16\\\/2024\\\/04\\\/Suataz20rokovEUv2.jpg\",\"width\":295,\"height\":212},{\"@type\":\"BreadcrumbList\",\"@id\":\"https:\\\/\\\/www.upjs.sk\\\/pracoviska\\\/univerzitna-kniznica\\\/actuality\\\/esejisticka-sutaz-20-rokov-slovenska-v-eu\\\/#breadcrumb\",\"itemListElement\":[{\"@type\":\"ListItem\",\"position\":1,\"name\":\"Home\",\"item\":\"https:\\\/\\\/www.upjs.sk\\\/pracoviska\\\/univerzitna-kniznica\\\/\"},{\"@type\":\"ListItem\",\"position\":2,\"name\":\"Aktuality\",\"item\":\"https:\\\/\\\/www.upjs.sk\\\/pracoviska\\\/univerzitna-kniznica\\\/actuality\\\/\"},{\"@type\":\"ListItem\",\"position\":3,\"name\":\"Esejistick\u00e1 s\u00fa\u0165a\u017e &#8211; 20 rokov Slovenska v E\u00da\"}]},{\"@type\":\"WebSite\",\"@id\":\"https:\\\/\\\/www.upjs.sk\\\/pracoviska\\\/univerzitna-kniznica\\\/#website\",\"url\":\"https:\\\/\\\/www.upjs.sk\\\/pracoviska\\\/univerzitna-kniznica\\\/\",\"name\":\"Univerzitn\u00e1 kni\u017enica | UPJ\u0160\",\"description\":\"Dr\u017e\u00edme v\u00e1s nad vodou v mori inform\u00e1ci\u00ed\",\"publisher\":{\"@id\":\"https:\\\/\\\/www.upjs.sk\\\/pracoviska\\\/univerzitna-kniznica\\\/#organization\"},\"potentialAction\":[{\"@type\":\"SearchAction\",\"target\":{\"@type\":\"EntryPoint\",\"urlTemplate\":\"https:\\\/\\\/www.upjs.sk\\\/pracoviska\\\/univerzitna-kniznica\\\/?s={search_term_string}\"},\"query-input\":{\"@type\":\"PropertyValueSpecification\",\"valueRequired\":true,\"valueName\":\"search_term_string\"}}],\"inLanguage\":\"sk-SK\"},{\"@type\":\"Organization\",\"@id\":\"https:\\\/\\\/www.upjs.sk\\\/pracoviska\\\/univerzitna-kniznica\\\/#organization\",\"name\":\"Univerzitn\u00e1 kni\u017enica | UPJ\u0160\",\"url\":\"https:\\\/\\\/www.upjs.sk\\\/pracoviska\\\/univerzitna-kniznica\\\/\",\"logo\":{\"@type\":\"ImageObject\",\"inLanguage\":\"sk-SK\",\"@id\":\"https:\\\/\\\/www.upjs.sk\\\/pracoviska\\\/univerzitna-kniznica\\\/#\\\/schema\\\/logo\\\/image\\\/\",\"url\":\"https:\\\/\\\/www.upjs.sk\\\/app\\\/uploads\\\/sites\\\/16\\\/2023\\\/01\\\/UK-1.svg\",\"contentUrl\":\"https:\\\/\\\/www.upjs.sk\\\/app\\\/uploads\\\/sites\\\/16\\\/2023\\\/01\\\/UK-1.svg\",\"width\":500,\"height\":138,\"caption\":\"Univerzitn\u00e1 kni\u017enica | UPJ\u0160\"},\"image\":{\"@id\":\"https:\\\/\\\/www.upjs.sk\\\/pracoviska\\\/univerzitna-kniznica\\\/#\\\/schema\\\/logo\\\/image\\\/\"}}]}<\/script>\n<!-- \/ Yoast SEO plugin. -->","yoast_head_json":{"title":"Esejistick\u00e1 s\u00fa\u0165a\u017e - 20 rokov Slovenska v E\u00da - Univerzitn\u00e1 kni\u017enica | UPJ\u0160","robots":{"index":"index","follow":"follow","max-snippet":"max-snippet:-1","max-image-preview":"max-image-preview:large","max-video-preview":"max-video-preview:-1"},"canonical":"https:\/\/www.upjs.sk\/pracoviska\/univerzitna-kniznica\/actuality\/esejisticka-sutaz-20-rokov-slovenska-v-eu\/","og_locale":"sk_SK","og_type":"article","og_title":"Esejistick\u00e1 s\u00fa\u0165a\u017e - 20 rokov Slovenska v E\u00da - Univerzitn\u00e1 kni\u017enica | UPJ\u0160","og_description":"Nap\u00ed\u0161te esej v rozsahu max. 2 A4 na t\u00e9mu, ako vn\u00edmate pr\u00ednos \u010dlenstva v Eur\u00f3pskej \u00fanii pre na\u0161e krajiny na konkr\u00e9tnych pr\u00edkladoch. Pok\u00faste sa tie\u017e zodpoveda\u0165 na ot\u00e1zku, ak\u00fa \u00falohu m\u00f4\u017ee zohra\u0165 Slovensko v \u010fal\u0161ej dek\u00e1de pri vysporiadan\u00ed sa s aktu\u00e1lnymi v\u00fdzvami, ktor\u00fdm Eur\u00f3pa \u010del\u00ed. Svoje eseje posielajte prostredn\u00edctvom prihlasovacieho formul\u00e1ra do 28. apr\u00edla 2024.&nbsp; &hellip; \u010c\u00edta\u0165 \u010falej","og_url":"https:\/\/www.upjs.sk\/pracoviska\/univerzitna-kniznica\/actuality\/esejisticka-sutaz-20-rokov-slovenska-v-eu\/","og_site_name":"Univerzitn\u00e1 kni\u017enica | UPJ\u0160","article_modified_time":"2025-03-10T05:22:13+00:00","og_image":[{"width":295,"height":212,"url":"https:\/\/www.upjs.sk\/app\/uploads\/sites\/16\/2024\/04\/Suataz20rokovEUv2.jpg","type":"image\/jpeg"}],"twitter_card":"summary_large_image","twitter_misc":{"Predpokladan\u00fd \u010das \u010d\u00edtania":"1 min\u00fata"},"schema":{"@context":"https:\/\/schema.org","@graph":[{"@type":"WebPage","@id":"https:\/\/www.upjs.sk\/pracoviska\/univerzitna-kniznica\/actuality\/esejisticka-sutaz-20-rokov-slovenska-v-eu\/","url":"https:\/\/www.upjs.sk\/pracoviska\/univerzitna-kniznica\/actuality\/esejisticka-sutaz-20-rokov-slovenska-v-eu\/","name":"Esejistick\u00e1 s\u00fa\u0165a\u017e - 20 rokov Slovenska v E\u00da - Univerzitn\u00e1 kni\u017enica | UPJ\u0160","isPartOf":{"@id":"https:\/\/www.upjs.sk\/pracoviska\/univerzitna-kniznica\/#website"},"primaryImageOfPage":{"@id":"https:\/\/www.upjs.sk\/pracoviska\/univerzitna-kniznica\/actuality\/esejisticka-sutaz-20-rokov-slovenska-v-eu\/#primaryimage"},"image":{"@id":"https:\/\/www.upjs.sk\/pracoviska\/univerzitna-kniznica\/actuality\/esejisticka-sutaz-20-rokov-slovenska-v-eu\/#primaryimage"},"thumbnailUrl":"https:\/\/www.upjs.sk\/app\/uploads\/sites\/16\/2024\/04\/Suataz20rokovEUv2.jpg","datePublished":"2024-04-18T08:12:27+00:00","dateModified":"2025-03-10T05:22:13+00:00","breadcrumb":{"@id":"https:\/\/www.upjs.sk\/pracoviska\/univerzitna-kniznica\/actuality\/esejisticka-sutaz-20-rokov-slovenska-v-eu\/#breadcrumb"},"inLanguage":"sk-SK","potentialAction":[{"@type":"ReadAction","target":["https:\/\/www.upjs.sk\/pracoviska\/univerzitna-kniznica\/actuality\/esejisticka-sutaz-20-rokov-slovenska-v-eu\/"]}]},{"@type":"ImageObject","inLanguage":"sk-SK","@id":"https:\/\/www.upjs.sk\/pracoviska\/univerzitna-kniznica\/actuality\/esejisticka-sutaz-20-rokov-slovenska-v-eu\/#primaryimage","url":"https:\/\/www.upjs.sk\/app\/uploads\/sites\/16\/2024\/04\/Suataz20rokovEUv2.jpg","contentUrl":"https:\/\/www.upjs.sk\/app\/uploads\/sites\/16\/2024\/04\/Suataz20rokovEUv2.jpg","width":295,"height":212},{"@type":"BreadcrumbList","@id":"https:\/\/www.upjs.sk\/pracoviska\/univerzitna-kniznica\/actuality\/esejisticka-sutaz-20-rokov-slovenska-v-eu\/#breadcrumb","itemListElement":[{"@type":"ListItem","position":1,"name":"Home","item":"https:\/\/www.upjs.sk\/pracoviska\/univerzitna-kniznica\/"},{"@type":"ListItem","position":2,"name":"Aktuality","item":"https:\/\/www.upjs.sk\/pracoviska\/univerzitna-kniznica\/actuality\/"},{"@type":"ListItem","position":3,"name":"Esejistick\u00e1 s\u00fa\u0165a\u017e &#8211; 20 rokov Slovenska v E\u00da"}]},{"@type":"WebSite","@id":"https:\/\/www.upjs.sk\/pracoviska\/univerzitna-kniznica\/#website","url":"https:\/\/www.upjs.sk\/pracoviska\/univerzitna-kniznica\/","name":"Univerzitn\u00e1 kni\u017enica | UPJ\u0160","description":"Dr\u017e\u00edme v\u00e1s nad vodou v mori inform\u00e1ci\u00ed","publisher":{"@id":"https:\/\/www.upjs.sk\/pracoviska\/univerzitna-kniznica\/#organization"},"potentialAction":[{"@type":"SearchAction","target":{"@type":"EntryPoint","urlTemplate":"https:\/\/www.upjs.sk\/pracoviska\/univerzitna-kniznica\/?s={search_term_string}"},"query-input":{"@type":"PropertyValueSpecification","valueRequired":true,"valueName":"search_term_string"}}],"inLanguage":"sk-SK"},{"@type":"Organization","@id":"https:\/\/www.upjs.sk\/pracoviska\/univerzitna-kniznica\/#organization","name":"Univerzitn\u00e1 kni\u017enica | UPJ\u0160","url":"https:\/\/www.upjs.sk\/pracoviska\/univerzitna-kniznica\/","logo":{"@type":"ImageObject","inLanguage":"sk-SK","@id":"https:\/\/www.upjs.sk\/pracoviska\/univerzitna-kniznica\/#\/schema\/logo\/image\/","url":"https:\/\/www.upjs.sk\/app\/uploads\/sites\/16\/2023\/01\/UK-1.svg","contentUrl":"https:\/\/www.upjs.sk\/app\/uploads\/sites\/16\/2023\/01\/UK-1.svg","width":500,"height":138,"caption":"Univerzitn\u00e1 kni\u017enica | UPJ\u0160"},"image":{"@id":"https:\/\/www.upjs.sk\/pracoviska\/univerzitna-kniznica\/#\/schema\/logo\/image\/"}}]}},"_links":{"self":[{"href":"https:\/\/www.upjs.sk\/pracoviska\/univerzitna-kniznica\/wp-json\/wp\/v2\/cpt_aktuality\/33531","targetHints":{"allow":["GET"]}}],"collection":[{"href":"https:\/\/www.upjs.sk\/pracoviska\/univerzitna-kniznica\/wp-json\/wp\/v2\/cpt_aktuality"}],"about":[{"href":"https:\/\/www.upjs.sk\/pracoviska\/univerzitna-kniznica\/wp-json\/wp\/v2\/types\/cpt_aktuality"}],"author":[{"embeddable":true,"href":"https:\/\/www.upjs.sk\/pracoviska\/univerzitna-kniznica\/wp-json\/wp\/v2\/users\/22"}],"version-history":[{"count":9,"href":"https:\/\/www.upjs.sk\/pracoviska\/univerzitna-kniznica\/wp-json\/wp\/v2\/cpt_aktuality\/33531\/revisions"}],"predecessor-version":[{"id":33543,"href":"https:\/\/www.upjs.sk\/pracoviska\/univerzitna-kniznica\/wp-json\/wp\/v2\/cpt_aktuality\/33531\/revisions\/33543"}],"wp:featuredmedia":[{"embeddable":true,"href":"https:\/\/www.upjs.sk\/pracoviska\/univerzitna-kniznica\/wp-json\/wp\/v2\/media\/33532"}],"wp:attachment":[{"href":"https:\/\/www.upjs.sk\/pracoviska\/univerzitna-kniznica\/wp-json\/wp\/v2\/media?parent=33531"}],"wp:term":[{"taxonomy":"category","embeddable":true,"href":"https:\/\/www.upjs.sk\/pracoviska\/univerzitna-kniznica\/wp-json\/wp\/v2\/categories?post=33531"},{"taxonomy":"post_tag","embeddable":true,"href":"https:\/\/www.upjs.sk\/pracoviska\/univerzitna-kniznica\/wp-json\/wp\/v2\/tags?post=33531"},{"taxonomy":"tax_aktuality","embeddable":true,"href":"https:\/\/www.upjs.sk\/pracoviska\/univerzitna-kniznica\/wp-json\/wp\/v2\/tax_aktuality?post=33531"}],"curies":[{"name":"wp","href":"https:\/\/api.w.org\/{rel}","templated":true}]}}