{"id":37739,"date":"2025-09-08T09:54:19","date_gmt":"2025-09-08T09:54:19","guid":{"rendered":"https:\/\/www.upjs.sk\/pracoviska\/univerzitna-kniznica\/?post_type=cpt_aktuality&#038;p=37739"},"modified":"2025-10-03T04:52:02","modified_gmt":"2025-10-03T04:52:02","slug":"vyzva-pre-mladych-umelcov-premenis-stenu-na-umelecke-dielo","status":"publish","type":"cpt_aktuality","link":"https:\/\/www.upjs.sk\/pracoviska\/univerzitna-kniznica\/actuality\/vyzva-pre-mladych-umelcov-premenis-stenu-na-umelecke-dielo\/","title":{"rendered":"V\u00fdzva pre mlad\u00fdch umelcov: Premen\u00ed\u0161 stenu na umeleck\u00e9 dielo?"},"content":{"rendered":"\n<p>Univerzitn\u00e1 kni\u017enica UPJ\u0160 v&nbsp;Ko\u0161iciach otv\u00e1ra dvere tvorivosti! V&nbsp;priestoroch kni\u017enice vznikne nov\u00e9 ve\u013ekoform\u00e1tov\u00e9 dielo a&nbsp;kni\u017enica h\u013ead\u00e1 mlad\u00fdch autorov a&nbsp;\u0161tudentov , ktor\u00ed maj\u00fa talent, chu\u0165 a &nbsp;odvahu zanecha\u0165 v&nbsp;tomto akademickom prostred\u00ed svoj umeleck\u00fd odtla\u010dok.<\/p>\n\n\n\n<p>Ve\u013ekoform\u00e1tov\u00e9 dielo vznikne vo foyeri Univerzitnej kni\u017enice UPJ\u0160 v&nbsp;Ko\u0161iciach na stene <strong>s&nbsp;rozmermi 4,5x 2,5m<\/strong>. Pr\u00e1ve toto miesto \u010dak\u00e1 na n\u00e1pad a&nbsp;svoju nov\u00fa vizu\u00e1lnu podobu. <strong>T\u00e9ma diela je otvoren\u00e1<\/strong> \u2013 mala by symbolicky ladi\u0165 s&nbsp;prostred\u00edm Univerzity a&nbsp;kni\u017enice, av\u0161ak nech\u00e1va \u0161irok\u00fd priestor pre osobn\u00fa kreativitu.<\/p>\n\n\n\n<p><strong>Kto sa m\u00f4\u017ee zapoji\u0165?<\/strong><\/p>\n\n\n\n<p>Do v\u00fdzvy sa m\u00f4\u017eu zapoji\u0165 \u0161tudenti Univerzity, ale aj mlad\u00ed autori do 25 rokov, \u010di u\u017e ako jednotlivci alebo dvojica.<\/p>\n\n\n\n<p><strong>Technika prevedenia?<\/strong><\/p>\n\n\n\n<p>Tvorcovia m\u00f4\u017eu pracova\u0165 s <strong>kombinovan\u00fdm m\u00e9diom v r\u00e1mci 2D<\/strong> \u2013 od ma\u013eby, kresby, kol\u00e1\u017ee a\u017e po optick\u00fa il\u00faziu. Podmienkou je vhodnos\u0165 techniky pre aplik\u00e1ciu priamo na stenu. O samotn\u00fd materi\u00e1l sa postar\u00e1 kni\u017enica.<\/p>\n\n\n\n<p><strong>Ako sa prihl\u00e1si\u0165?<\/strong><\/p>\n\n\n\n<p>Sta\u010d\u00ed posla\u0165:<\/p>\n\n\n\n<ul class=\"wp-block-list\">\n<li>v\u00fdtvarn\u00fd n\u00e1vrh v\u00a0elektronickej forme<\/li>\n\n\n\n<li>kr\u00e1tky popis koncepcie a\u00a0umeleckej v\u00edzie<\/li>\n\n\n\n<li>stru\u010dn\u00e9 portf\u00f3lio alebo odkaz na predch\u00e1dzaj\u00face pr\u00e1ce<\/li>\n<\/ul>\n\n\n\n<p>Svoj n\u00e1vrh spolu s&nbsp;portf\u00f3liom za\u0161lite na email: <a href=\"mailto:barbora.takac@upjs.sk\">barbora.takac@upjs.sk<\/a> do <strong>30.septembra 2025<\/strong>.<\/p>\n\n\n\n<p><strong>\u010co umelec z\u00edska?<\/strong><\/p>\n\n\n\n<p>Vybran\u00fd n\u00e1vrh sa zmen\u00ed na skuto\u010dnos\u0165 a stane sa trvalou s\u00fa\u010das\u0165ou priestorov univerzitnej kni\u017enice; jeho autor z\u00edska pr\u00edle\u017eitos\u0165 realizova\u0165 svoje dielo priamo v centre akademick\u00e9ho \u017eivota spolu s materi\u00e1lnou a technickou podporou, propag\u00e1ciou na webe a soci\u00e1lnych sie\u0165ach, vlastn\u00fdm umeleck\u00fdm podpisom na stene a potvrden\u00edm o spolupr\u00e1ci v podobe certifik\u00e1tu.<\/p>\n\n\n\n<p>Univerzitn\u00e1 kni\u017enica UPJ\u0160 tak pon\u00faka mlad\u00fdm tvorcom jedine\u010dn\u00fa pr\u00edle\u017eitos\u0165 \u2013 prepoji\u0165 umenie s akademick\u00fdm prostred\u00edm a zanecha\u0165 po sebe vidite\u013en\u00fa stopu v srdci univerzity.<\/p>\n","protected":false},"excerpt":{"rendered":"<p>Univerzitn\u00e1 kni\u017enica UPJ\u0160 v&nbsp;Ko\u0161iciach otv\u00e1ra dvere tvorivosti! V&nbsp;priestoroch kni\u017enice vznikne nov\u00e9 ve\u013ekoform\u00e1tov\u00e9 dielo a&nbsp;kni\u017enica h\u013ead\u00e1 mlad\u00fdch autorov a&nbsp;\u0161tudentov , ktor\u00ed maj\u00fa talent, chu\u0165 a &nbsp;odvahu zanecha\u0165 v&nbsp;tomto akademickom prostred\u00ed svoj umeleck\u00fd odtla\u010dok. Ve\u013ekoform\u00e1tov\u00e9 dielo vznikne vo foyeri Univerzitnej kni\u017enice UPJ\u0160 v&nbsp;Ko\u0161iciach na stene s&nbsp;rozmermi 4,5x 2,5m. Pr\u00e1ve toto miesto \u010dak\u00e1 na n\u00e1pad a&nbsp;svoju nov\u00fa vizu\u00e1lnu &hellip; <a href=\"https:\/\/www.upjs.sk\/pracoviska\/univerzitna-kniznica\/actuality\/vyzva-pre-mladych-umelcov-premenis-stenu-na-umelecke-dielo\/\">\u010c\u00edta\u0165 \u010falej<\/a><\/p>\n","protected":false},"author":23,"featured_media":37730,"template":"","meta":{"_acf_changed":false,"_editorskit_title_hidden":false,"_editorskit_reading_time":0,"_editorskit_is_block_options_detached":false,"_editorskit_block_options_position":"{}","footnotes":""},"categories":[],"tags":[],"tax_aktuality":[],"class_list":["post-37739","cpt_aktuality","type-cpt_aktuality","status-publish","has-post-thumbnail","hentry"],"acf":{"acf_link_na_externy_obsah":"","poradie_clanku":0},"yoast_head":"<!-- This site is optimized with the Yoast SEO plugin v27.4 - https:\/\/yoast.com\/product\/yoast-seo-wordpress\/ -->\n<title>V\u00fdzva pre mlad\u00fdch umelcov: Premen\u00ed\u0161 stenu na umeleck\u00e9 dielo? - Univerzitn\u00e1 kni\u017enica | UPJ\u0160<\/title>\n<meta name=\"robots\" content=\"index, follow, max-snippet:-1, max-image-preview:large, max-video-preview:-1\" \/>\n<link rel=\"canonical\" href=\"https:\/\/www.upjs.sk\/pracoviska\/univerzitna-kniznica\/actuality\/vyzva-pre-mladych-umelcov-premenis-stenu-na-umelecke-dielo\/\" \/>\n<meta property=\"og:locale\" content=\"sk_SK\" \/>\n<meta property=\"og:type\" content=\"article\" \/>\n<meta property=\"og:title\" content=\"V\u00fdzva pre mlad\u00fdch umelcov: Premen\u00ed\u0161 stenu na umeleck\u00e9 dielo? - Univerzitn\u00e1 kni\u017enica | UPJ\u0160\" \/>\n<meta property=\"og:description\" content=\"Univerzitn\u00e1 kni\u017enica UPJ\u0160 v&nbsp;Ko\u0161iciach otv\u00e1ra dvere tvorivosti! V&nbsp;priestoroch kni\u017enice vznikne nov\u00e9 ve\u013ekoform\u00e1tov\u00e9 dielo a&nbsp;kni\u017enica h\u013ead\u00e1 mlad\u00fdch autorov a&nbsp;\u0161tudentov , ktor\u00ed maj\u00fa talent, chu\u0165 a &nbsp;odvahu zanecha\u0165 v&nbsp;tomto akademickom prostred\u00ed svoj umeleck\u00fd odtla\u010dok. Ve\u013ekoform\u00e1tov\u00e9 dielo vznikne vo foyeri Univerzitnej kni\u017enice UPJ\u0160 v&nbsp;Ko\u0161iciach na stene s&nbsp;rozmermi 4,5x 2,5m. Pr\u00e1ve toto miesto \u010dak\u00e1 na n\u00e1pad a&nbsp;svoju nov\u00fa vizu\u00e1lnu &hellip; \u010c\u00edta\u0165 \u010falej\" \/>\n<meta property=\"og:url\" content=\"https:\/\/www.upjs.sk\/pracoviska\/univerzitna-kniznica\/actuality\/vyzva-pre-mladych-umelcov-premenis-stenu-na-umelecke-dielo\/\" \/>\n<meta property=\"og:site_name\" content=\"Univerzitn\u00e1 kni\u017enica | UPJ\u0160\" \/>\n<meta property=\"article:modified_time\" content=\"2025-10-03T04:52:02+00:00\" \/>\n<meta property=\"og:image\" content=\"https:\/\/www.upjs.sk\/app\/uploads\/sites\/16\/2025\/09\/vyzva-aktuality-SVK.jpg\" \/>\n\t<meta property=\"og:image:width\" content=\"500\" \/>\n\t<meta property=\"og:image:height\" content=\"354\" \/>\n\t<meta property=\"og:image:type\" content=\"image\/jpeg\" \/>\n<meta name=\"twitter:card\" content=\"summary_large_image\" \/>\n<meta name=\"twitter:label1\" content=\"Predpokladan\u00fd \u010das \u010d\u00edtania\" \/>\n\t<meta name=\"twitter:data1\" content=\"2 min\u00faty\" \/>\n<script type=\"application\/ld+json\" class=\"yoast-schema-graph\">{\"@context\":\"https:\\\/\\\/schema.org\",\"@graph\":[{\"@type\":\"WebPage\",\"@id\":\"https:\\\/\\\/www.upjs.sk\\\/pracoviska\\\/univerzitna-kniznica\\\/actuality\\\/vyzva-pre-mladych-umelcov-premenis-stenu-na-umelecke-dielo\\\/\",\"url\":\"https:\\\/\\\/www.upjs.sk\\\/pracoviska\\\/univerzitna-kniznica\\\/actuality\\\/vyzva-pre-mladych-umelcov-premenis-stenu-na-umelecke-dielo\\\/\",\"name\":\"V\u00fdzva pre mlad\u00fdch umelcov: Premen\u00ed\u0161 stenu na umeleck\u00e9 dielo? - Univerzitn\u00e1 kni\u017enica | UPJ\u0160\",\"isPartOf\":{\"@id\":\"https:\\\/\\\/www.upjs.sk\\\/pracoviska\\\/univerzitna-kniznica\\\/#website\"},\"primaryImageOfPage\":{\"@id\":\"https:\\\/\\\/www.upjs.sk\\\/pracoviska\\\/univerzitna-kniznica\\\/actuality\\\/vyzva-pre-mladych-umelcov-premenis-stenu-na-umelecke-dielo\\\/#primaryimage\"},\"image\":{\"@id\":\"https:\\\/\\\/www.upjs.sk\\\/pracoviska\\\/univerzitna-kniznica\\\/actuality\\\/vyzva-pre-mladych-umelcov-premenis-stenu-na-umelecke-dielo\\\/#primaryimage\"},\"thumbnailUrl\":\"https:\\\/\\\/www.upjs.sk\\\/app\\\/uploads\\\/sites\\\/16\\\/2025\\\/09\\\/vyzva-aktuality-SVK.jpg\",\"datePublished\":\"2025-09-08T09:54:19+00:00\",\"dateModified\":\"2025-10-03T04:52:02+00:00\",\"breadcrumb\":{\"@id\":\"https:\\\/\\\/www.upjs.sk\\\/pracoviska\\\/univerzitna-kniznica\\\/actuality\\\/vyzva-pre-mladych-umelcov-premenis-stenu-na-umelecke-dielo\\\/#breadcrumb\"},\"inLanguage\":\"sk-SK\",\"potentialAction\":[{\"@type\":\"ReadAction\",\"target\":[\"https:\\\/\\\/www.upjs.sk\\\/pracoviska\\\/univerzitna-kniznica\\\/actuality\\\/vyzva-pre-mladych-umelcov-premenis-stenu-na-umelecke-dielo\\\/\"]}]},{\"@type\":\"ImageObject\",\"inLanguage\":\"sk-SK\",\"@id\":\"https:\\\/\\\/www.upjs.sk\\\/pracoviska\\\/univerzitna-kniznica\\\/actuality\\\/vyzva-pre-mladych-umelcov-premenis-stenu-na-umelecke-dielo\\\/#primaryimage\",\"url\":\"https:\\\/\\\/www.upjs.sk\\\/app\\\/uploads\\\/sites\\\/16\\\/2025\\\/09\\\/vyzva-aktuality-SVK.jpg\",\"contentUrl\":\"https:\\\/\\\/www.upjs.sk\\\/app\\\/uploads\\\/sites\\\/16\\\/2025\\\/09\\\/vyzva-aktuality-SVK.jpg\",\"width\":500,\"height\":354},{\"@type\":\"BreadcrumbList\",\"@id\":\"https:\\\/\\\/www.upjs.sk\\\/pracoviska\\\/univerzitna-kniznica\\\/actuality\\\/vyzva-pre-mladych-umelcov-premenis-stenu-na-umelecke-dielo\\\/#breadcrumb\",\"itemListElement\":[{\"@type\":\"ListItem\",\"position\":1,\"name\":\"Home\",\"item\":\"https:\\\/\\\/www.upjs.sk\\\/pracoviska\\\/univerzitna-kniznica\\\/\"},{\"@type\":\"ListItem\",\"position\":2,\"name\":\"Aktuality\",\"item\":\"https:\\\/\\\/www.upjs.sk\\\/pracoviska\\\/univerzitna-kniznica\\\/actuality\\\/\"},{\"@type\":\"ListItem\",\"position\":3,\"name\":\"V\u00fdzva pre mlad\u00fdch umelcov: Premen\u00ed\u0161 stenu na umeleck\u00e9 dielo?\"}]},{\"@type\":\"WebSite\",\"@id\":\"https:\\\/\\\/www.upjs.sk\\\/pracoviska\\\/univerzitna-kniznica\\\/#website\",\"url\":\"https:\\\/\\\/www.upjs.sk\\\/pracoviska\\\/univerzitna-kniznica\\\/\",\"name\":\"Univerzitn\u00e1 kni\u017enica | UPJ\u0160\",\"description\":\"Dr\u017e\u00edme v\u00e1s nad vodou v mori inform\u00e1ci\u00ed\",\"publisher\":{\"@id\":\"https:\\\/\\\/www.upjs.sk\\\/pracoviska\\\/univerzitna-kniznica\\\/#organization\"},\"potentialAction\":[{\"@type\":\"SearchAction\",\"target\":{\"@type\":\"EntryPoint\",\"urlTemplate\":\"https:\\\/\\\/www.upjs.sk\\\/pracoviska\\\/univerzitna-kniznica\\\/?s={search_term_string}\"},\"query-input\":{\"@type\":\"PropertyValueSpecification\",\"valueRequired\":true,\"valueName\":\"search_term_string\"}}],\"inLanguage\":\"sk-SK\"},{\"@type\":\"Organization\",\"@id\":\"https:\\\/\\\/www.upjs.sk\\\/pracoviska\\\/univerzitna-kniznica\\\/#organization\",\"name\":\"Univerzitn\u00e1 kni\u017enica | UPJ\u0160\",\"url\":\"https:\\\/\\\/www.upjs.sk\\\/pracoviska\\\/univerzitna-kniznica\\\/\",\"logo\":{\"@type\":\"ImageObject\",\"inLanguage\":\"sk-SK\",\"@id\":\"https:\\\/\\\/www.upjs.sk\\\/pracoviska\\\/univerzitna-kniznica\\\/#\\\/schema\\\/logo\\\/image\\\/\",\"url\":\"https:\\\/\\\/www.upjs.sk\\\/app\\\/uploads\\\/sites\\\/16\\\/2023\\\/01\\\/UK-1.svg\",\"contentUrl\":\"https:\\\/\\\/www.upjs.sk\\\/app\\\/uploads\\\/sites\\\/16\\\/2023\\\/01\\\/UK-1.svg\",\"width\":500,\"height\":138,\"caption\":\"Univerzitn\u00e1 kni\u017enica | UPJ\u0160\"},\"image\":{\"@id\":\"https:\\\/\\\/www.upjs.sk\\\/pracoviska\\\/univerzitna-kniznica\\\/#\\\/schema\\\/logo\\\/image\\\/\"}}]}<\/script>\n<!-- \/ Yoast SEO plugin. -->","yoast_head_json":{"title":"V\u00fdzva pre mlad\u00fdch umelcov: Premen\u00ed\u0161 stenu na umeleck\u00e9 dielo? - Univerzitn\u00e1 kni\u017enica | UPJ\u0160","robots":{"index":"index","follow":"follow","max-snippet":"max-snippet:-1","max-image-preview":"max-image-preview:large","max-video-preview":"max-video-preview:-1"},"canonical":"https:\/\/www.upjs.sk\/pracoviska\/univerzitna-kniznica\/actuality\/vyzva-pre-mladych-umelcov-premenis-stenu-na-umelecke-dielo\/","og_locale":"sk_SK","og_type":"article","og_title":"V\u00fdzva pre mlad\u00fdch umelcov: Premen\u00ed\u0161 stenu na umeleck\u00e9 dielo? - Univerzitn\u00e1 kni\u017enica | UPJ\u0160","og_description":"Univerzitn\u00e1 kni\u017enica UPJ\u0160 v&nbsp;Ko\u0161iciach otv\u00e1ra dvere tvorivosti! V&nbsp;priestoroch kni\u017enice vznikne nov\u00e9 ve\u013ekoform\u00e1tov\u00e9 dielo a&nbsp;kni\u017enica h\u013ead\u00e1 mlad\u00fdch autorov a&nbsp;\u0161tudentov , ktor\u00ed maj\u00fa talent, chu\u0165 a &nbsp;odvahu zanecha\u0165 v&nbsp;tomto akademickom prostred\u00ed svoj umeleck\u00fd odtla\u010dok. Ve\u013ekoform\u00e1tov\u00e9 dielo vznikne vo foyeri Univerzitnej kni\u017enice UPJ\u0160 v&nbsp;Ko\u0161iciach na stene s&nbsp;rozmermi 4,5x 2,5m. Pr\u00e1ve toto miesto \u010dak\u00e1 na n\u00e1pad a&nbsp;svoju nov\u00fa vizu\u00e1lnu &hellip; \u010c\u00edta\u0165 \u010falej","og_url":"https:\/\/www.upjs.sk\/pracoviska\/univerzitna-kniznica\/actuality\/vyzva-pre-mladych-umelcov-premenis-stenu-na-umelecke-dielo\/","og_site_name":"Univerzitn\u00e1 kni\u017enica | UPJ\u0160","article_modified_time":"2025-10-03T04:52:02+00:00","og_image":[{"width":500,"height":354,"url":"https:\/\/www.upjs.sk\/app\/uploads\/sites\/16\/2025\/09\/vyzva-aktuality-SVK.jpg","type":"image\/jpeg"}],"twitter_card":"summary_large_image","twitter_misc":{"Predpokladan\u00fd \u010das \u010d\u00edtania":"2 min\u00faty"},"schema":{"@context":"https:\/\/schema.org","@graph":[{"@type":"WebPage","@id":"https:\/\/www.upjs.sk\/pracoviska\/univerzitna-kniznica\/actuality\/vyzva-pre-mladych-umelcov-premenis-stenu-na-umelecke-dielo\/","url":"https:\/\/www.upjs.sk\/pracoviska\/univerzitna-kniznica\/actuality\/vyzva-pre-mladych-umelcov-premenis-stenu-na-umelecke-dielo\/","name":"V\u00fdzva pre mlad\u00fdch umelcov: Premen\u00ed\u0161 stenu na umeleck\u00e9 dielo? - Univerzitn\u00e1 kni\u017enica | UPJ\u0160","isPartOf":{"@id":"https:\/\/www.upjs.sk\/pracoviska\/univerzitna-kniznica\/#website"},"primaryImageOfPage":{"@id":"https:\/\/www.upjs.sk\/pracoviska\/univerzitna-kniznica\/actuality\/vyzva-pre-mladych-umelcov-premenis-stenu-na-umelecke-dielo\/#primaryimage"},"image":{"@id":"https:\/\/www.upjs.sk\/pracoviska\/univerzitna-kniznica\/actuality\/vyzva-pre-mladych-umelcov-premenis-stenu-na-umelecke-dielo\/#primaryimage"},"thumbnailUrl":"https:\/\/www.upjs.sk\/app\/uploads\/sites\/16\/2025\/09\/vyzva-aktuality-SVK.jpg","datePublished":"2025-09-08T09:54:19+00:00","dateModified":"2025-10-03T04:52:02+00:00","breadcrumb":{"@id":"https:\/\/www.upjs.sk\/pracoviska\/univerzitna-kniznica\/actuality\/vyzva-pre-mladych-umelcov-premenis-stenu-na-umelecke-dielo\/#breadcrumb"},"inLanguage":"sk-SK","potentialAction":[{"@type":"ReadAction","target":["https:\/\/www.upjs.sk\/pracoviska\/univerzitna-kniznica\/actuality\/vyzva-pre-mladych-umelcov-premenis-stenu-na-umelecke-dielo\/"]}]},{"@type":"ImageObject","inLanguage":"sk-SK","@id":"https:\/\/www.upjs.sk\/pracoviska\/univerzitna-kniznica\/actuality\/vyzva-pre-mladych-umelcov-premenis-stenu-na-umelecke-dielo\/#primaryimage","url":"https:\/\/www.upjs.sk\/app\/uploads\/sites\/16\/2025\/09\/vyzva-aktuality-SVK.jpg","contentUrl":"https:\/\/www.upjs.sk\/app\/uploads\/sites\/16\/2025\/09\/vyzva-aktuality-SVK.jpg","width":500,"height":354},{"@type":"BreadcrumbList","@id":"https:\/\/www.upjs.sk\/pracoviska\/univerzitna-kniznica\/actuality\/vyzva-pre-mladych-umelcov-premenis-stenu-na-umelecke-dielo\/#breadcrumb","itemListElement":[{"@type":"ListItem","position":1,"name":"Home","item":"https:\/\/www.upjs.sk\/pracoviska\/univerzitna-kniznica\/"},{"@type":"ListItem","position":2,"name":"Aktuality","item":"https:\/\/www.upjs.sk\/pracoviska\/univerzitna-kniznica\/actuality\/"},{"@type":"ListItem","position":3,"name":"V\u00fdzva pre mlad\u00fdch umelcov: Premen\u00ed\u0161 stenu na umeleck\u00e9 dielo?"}]},{"@type":"WebSite","@id":"https:\/\/www.upjs.sk\/pracoviska\/univerzitna-kniznica\/#website","url":"https:\/\/www.upjs.sk\/pracoviska\/univerzitna-kniznica\/","name":"Univerzitn\u00e1 kni\u017enica | UPJ\u0160","description":"Dr\u017e\u00edme v\u00e1s nad vodou v mori inform\u00e1ci\u00ed","publisher":{"@id":"https:\/\/www.upjs.sk\/pracoviska\/univerzitna-kniznica\/#organization"},"potentialAction":[{"@type":"SearchAction","target":{"@type":"EntryPoint","urlTemplate":"https:\/\/www.upjs.sk\/pracoviska\/univerzitna-kniznica\/?s={search_term_string}"},"query-input":{"@type":"PropertyValueSpecification","valueRequired":true,"valueName":"search_term_string"}}],"inLanguage":"sk-SK"},{"@type":"Organization","@id":"https:\/\/www.upjs.sk\/pracoviska\/univerzitna-kniznica\/#organization","name":"Univerzitn\u00e1 kni\u017enica | UPJ\u0160","url":"https:\/\/www.upjs.sk\/pracoviska\/univerzitna-kniznica\/","logo":{"@type":"ImageObject","inLanguage":"sk-SK","@id":"https:\/\/www.upjs.sk\/pracoviska\/univerzitna-kniznica\/#\/schema\/logo\/image\/","url":"https:\/\/www.upjs.sk\/app\/uploads\/sites\/16\/2023\/01\/UK-1.svg","contentUrl":"https:\/\/www.upjs.sk\/app\/uploads\/sites\/16\/2023\/01\/UK-1.svg","width":500,"height":138,"caption":"Univerzitn\u00e1 kni\u017enica | UPJ\u0160"},"image":{"@id":"https:\/\/www.upjs.sk\/pracoviska\/univerzitna-kniznica\/#\/schema\/logo\/image\/"}}]}},"_links":{"self":[{"href":"https:\/\/www.upjs.sk\/pracoviska\/univerzitna-kniznica\/wp-json\/wp\/v2\/cpt_aktuality\/37739","targetHints":{"allow":["GET"]}}],"collection":[{"href":"https:\/\/www.upjs.sk\/pracoviska\/univerzitna-kniznica\/wp-json\/wp\/v2\/cpt_aktuality"}],"about":[{"href":"https:\/\/www.upjs.sk\/pracoviska\/univerzitna-kniznica\/wp-json\/wp\/v2\/types\/cpt_aktuality"}],"author":[{"embeddable":true,"href":"https:\/\/www.upjs.sk\/pracoviska\/univerzitna-kniznica\/wp-json\/wp\/v2\/users\/23"}],"version-history":[{"count":1,"href":"https:\/\/www.upjs.sk\/pracoviska\/univerzitna-kniznica\/wp-json\/wp\/v2\/cpt_aktuality\/37739\/revisions"}],"predecessor-version":[{"id":37740,"href":"https:\/\/www.upjs.sk\/pracoviska\/univerzitna-kniznica\/wp-json\/wp\/v2\/cpt_aktuality\/37739\/revisions\/37740"}],"wp:featuredmedia":[{"embeddable":true,"href":"https:\/\/www.upjs.sk\/pracoviska\/univerzitna-kniznica\/wp-json\/wp\/v2\/media\/37730"}],"wp:attachment":[{"href":"https:\/\/www.upjs.sk\/pracoviska\/univerzitna-kniznica\/wp-json\/wp\/v2\/media?parent=37739"}],"wp:term":[{"taxonomy":"category","embeddable":true,"href":"https:\/\/www.upjs.sk\/pracoviska\/univerzitna-kniznica\/wp-json\/wp\/v2\/categories?post=37739"},{"taxonomy":"post_tag","embeddable":true,"href":"https:\/\/www.upjs.sk\/pracoviska\/univerzitna-kniznica\/wp-json\/wp\/v2\/tags?post=37739"},{"taxonomy":"tax_aktuality","embeddable":true,"href":"https:\/\/www.upjs.sk\/pracoviska\/univerzitna-kniznica\/wp-json\/wp\/v2\/tax_aktuality?post=37739"}],"curies":[{"name":"wp","href":"https:\/\/api.w.org\/{rel}","templated":true}]}}