{"version":"1.0","provider_name":"\u00dastav telesnej v\u00fdchovy a \u0161portu | UPJ\u0160","provider_url":"https:\/\/www.upjs.sk\/pracoviska\/ustav-telesnej-vychovy","title":"Vicemajstrom sveta v malom futbale U21 sa stal \u0161tudent UPJ\u0160 odboru \u0160port a rekre\u00e1cia, Stanislav Pella - \u00dastav telesnej v\u00fdchovy a \u0161portu | UPJ\u0160","type":"rich","width":600,"height":338,"html":"<blockquote class=\"wp-embedded-content\" data-secret=\"KmgpcPBrAT\"><a href=\"https:\/\/www.upjs.sk\/pracoviska\/ustav-telesnej-vychovy\/actuality\/ms-u21-praha-10-2018\/\">Vicemajstrom sveta v malom futbale U21 sa stal \u0161tudent UPJ\u0160 odboru \u0160port a rekre\u00e1cia, Stanislav Pella<\/a><\/blockquote><iframe sandbox=\"allow-scripts\" security=\"restricted\" src=\"https:\/\/www.upjs.sk\/pracoviska\/ustav-telesnej-vychovy\/actuality\/ms-u21-praha-10-2018\/embed\/#?secret=KmgpcPBrAT\" width=\"600\" height=\"338\" title=\"&#8220;Vicemajstrom sveta v malom futbale U21 sa stal \u0161tudent UPJ\u0160 odboru \u0160port a rekre\u00e1cia, Stanislav Pella&#8221; &#8212; \u00dastav telesnej v\u00fdchovy a \u0161portu | UPJ\u0160\" data-secret=\"KmgpcPBrAT\" frameborder=\"0\" marginwidth=\"0\" marginheight=\"0\" scrolling=\"no\" class=\"wp-embedded-content\"><\/iframe><script>\n\/*! This file is auto-generated *\/\n!function(d,l){\"use strict\";l.querySelector&&d.addEventListener&&\"undefined\"!=typeof URL&&(d.wp=d.wp||{},d.wp.receiveEmbedMessage||(d.wp.receiveEmbedMessage=function(e){var t=e.data;if((t||t.secret||t.message||t.value)&&!\/[^a-zA-Z0-9]\/.test(t.secret)){for(var s,r,n,a=l.querySelectorAll('iframe[data-secret=\"'+t.secret+'\"]'),o=l.querySelectorAll('blockquote[data-secret=\"'+t.secret+'\"]'),c=new RegExp(\"^https?:$\",\"i\"),i=0;i<o.length;i++)o[i].style.display=\"none\";for(i=0;i<a.length;i++)s=a[i],e.source===s.contentWindow&&(s.removeAttribute(\"style\"),\"height\"===t.message?(1e3<(r=parseInt(t.value,10))?r=1e3:~~r<200&&(r=200),s.height=r):\"link\"===t.message&&(r=new URL(s.getAttribute(\"src\")),n=new URL(t.value),c.test(n.protocol))&&n.host===r.host&&l.activeElement===s&&(d.top.location.href=t.value))}},d.addEventListener(\"message\",d.wp.receiveEmbedMessage,!1),l.addEventListener(\"DOMContentLoaded\",function(){for(var e,t,s=l.querySelectorAll(\"iframe.wp-embedded-content\"),r=0;r<s.length;r++)(t=(e=s[r]).getAttribute(\"data-secret\"))||(t=Math.random().toString(36).substring(2,12),e.src+=\"#?secret=\"+t,e.setAttribute(\"data-secret\",t)),e.contentWindow.postMessage({message:\"ready\",secret:t},\"*\")},!1)))}(window,document);\n\/\/# sourceURL=https:\/\/www.upjs.sk\/pracoviska\/ustav-telesnej-vychovy\/wp-includes\/js\/wp-embed.min.js\n<\/script>\n","thumbnail_url":"https:\/\/www.upjs.sk\/app\/uploads\/sites\/14\/2022\/10\/MS-U21-mfutbal-10-2018a.jpg","thumbnail_width":600,"thumbnail_height":397,"description":"\u00a0\u00a0\u00a0\u00a0Majstrovstv\u00e1 sveta v\u00a0kateg\u00f3ri\u00ed U21 sa uskuto\u010dnili v\u00a0Prahe od 4.10 do 8.10.2018. Organizovala ich Svetov\u00e1 feder\u00e1cia mal\u00e9ho futbalu (WMF). S\u00fa\u010das\u0165ou svetov\u00e9ho\u00a0 \u00faspechu\u00a0 bol aj \u0161tudent na\u0161ej univerzity Stanislav Pella,\u00a0 ktor\u00fd viedol mu\u017estvo ako kapit\u00e1n a\u00a0spolo\u010dn\u00fdmi silami sa mu\u017estvo spod Tatier dostalo a\u017e do fin\u00e1le. Slov\u00e1ci potvrdili formu a vyhrali skupinu \u00a0\u00a0\u00a0 Slov\u00e1ci dali o\u00a0sebe vedie\u0165 u\u017e &hellip; \u010c\u00edta\u0165 \u010falej"}