{"version":"1.0","provider_name":"\u00dastav telesnej v\u00fdchovy a \u0161portu | UPJ\u0160","provider_url":"https:\/\/www.upjs.sk\/pracoviska\/ustav-telesnej-vychovy","title":"Nov\u00ed partneri ACES Europe a \u00dastav telesnej v\u00fdchovy a \u0161portu - \u00dastav telesnej v\u00fdchovy a \u0161portu | UPJ\u0160","type":"rich","width":600,"height":338,"html":"<blockquote class=\"wp-embedded-content\" data-secret=\"eQ04BGQ593\"><a href=\"https:\/\/www.upjs.sk\/pracoviska\/ustav-telesnej-vychovy\/actuality\/novi-partneri-aces-europe\/\">Nov\u00ed partneri ACES Europe a \u00dastav telesnej v\u00fdchovy a \u0161portu<\/a><\/blockquote><iframe sandbox=\"allow-scripts\" security=\"restricted\" src=\"https:\/\/www.upjs.sk\/pracoviska\/ustav-telesnej-vychovy\/actuality\/novi-partneri-aces-europe\/embed\/#?secret=eQ04BGQ593\" width=\"600\" height=\"338\" title=\"&#8220;Nov\u00ed partneri ACES Europe a \u00dastav telesnej v\u00fdchovy a \u0161portu&#8221; &#8212; \u00dastav telesnej v\u00fdchovy a \u0161portu | UPJ\u0160\" data-secret=\"eQ04BGQ593\" frameborder=\"0\" marginwidth=\"0\" marginheight=\"0\" scrolling=\"no\" class=\"wp-embedded-content\"><\/iframe><script>\n\/*! This file is auto-generated *\/\n!function(d,l){\"use strict\";l.querySelector&&d.addEventListener&&\"undefined\"!=typeof URL&&(d.wp=d.wp||{},d.wp.receiveEmbedMessage||(d.wp.receiveEmbedMessage=function(e){var t=e.data;if((t||t.secret||t.message||t.value)&&!\/[^a-zA-Z0-9]\/.test(t.secret)){for(var s,r,n,a=l.querySelectorAll('iframe[data-secret=\"'+t.secret+'\"]'),o=l.querySelectorAll('blockquote[data-secret=\"'+t.secret+'\"]'),c=new RegExp(\"^https?:$\",\"i\"),i=0;i<o.length;i++)o[i].style.display=\"none\";for(i=0;i<a.length;i++)s=a[i],e.source===s.contentWindow&&(s.removeAttribute(\"style\"),\"height\"===t.message?(1e3<(r=parseInt(t.value,10))?r=1e3:~~r<200&&(r=200),s.height=r):\"link\"===t.message&&(r=new URL(s.getAttribute(\"src\")),n=new URL(t.value),c.test(n.protocol))&&n.host===r.host&&l.activeElement===s&&(d.top.location.href=t.value))}},d.addEventListener(\"message\",d.wp.receiveEmbedMessage,!1),l.addEventListener(\"DOMContentLoaded\",function(){for(var e,t,s=l.querySelectorAll(\"iframe.wp-embedded-content\"),r=0;r<s.length;r++)(t=(e=s[r]).getAttribute(\"data-secret\"))||(t=Math.random().toString(36).substring(2,12),e.src+=\"#?secret=\"+t,e.setAttribute(\"data-secret\",t)),e.contentWindow.postMessage({message:\"ready\",secret:t},\"*\")},!1)))}(window,document);\n\/\/# sourceURL=https:\/\/www.upjs.sk\/pracoviska\/ustav-telesnej-vychovy\/wp-includes\/js\/wp-embed.min.js\n<\/script>\n","thumbnail_url":"https:\/\/www.upjs.sk\/app\/uploads\/sites\/14\/2022\/10\/aces-europe-1.jpg","thumbnail_width":533,"thumbnail_height":111,"description":"\u00dastav telesnej v\u00fdchovy a\u00a0\u0161portu UPJ\u0160 zast\u00fapen\u00fd riadite\u013ekou Mgr. Alenou Bukovou, PhD. podp\u00edsal memorandum o\u00a0spolupr\u00e1ci s\u00a0neziskov\u00fdm zdru\u017een\u00edm ACES Europe \u00a0v\u00a0zast\u00fapen\u00ed s\u00a0prezidentom Gian F. Lupattelli so s\u00eddlom v\u00a0Bruseli. ACES Europe je neziskov\u00e9 zdru\u017eenie so s\u00eddlom v Bruseli, ktor\u00e9 ka\u017edoro\u010dne pride\u013euje uznanie eur\u00f3pskeho hlavn\u00e9ho mesta, mesta, spolo\u010denstva a mesta \u0161portu.\u00a0Pride\u013eovanie t\u00fdchto uznan\u00ed vykon\u00e1va ACES Europe pod\u013ea z\u00e1sad zodpovednosti &hellip; \u010c\u00edta\u0165 \u010falej"}