{"version":"1.0","provider_name":"\u00dastav telesnej v\u00fdchovy a \u0161portu | UPJ\u0160","provider_url":"https:\/\/www.upjs.sk\/pracoviska\/ustav-telesnej-vychovy","title":"Spr\u00e1va z 3. ro\u010dn\u00edka Netradi\u010dnej plaveckej \u0161tafety - \u00dastav telesnej v\u00fdchovy a \u0161portu | UPJ\u0160","type":"rich","width":600,"height":338,"html":"<blockquote class=\"wp-embedded-content\" data-secret=\"5G49z0S9Bz\"><a href=\"https:\/\/www.upjs.sk\/pracoviska\/ustav-telesnej-vychovy\/actuality\/sprava-plavecka-stafeta-091219\/\">Spr\u00e1va z 3. ro\u010dn\u00edka Netradi\u010dnej plaveckej \u0161tafety<\/a><\/blockquote><iframe sandbox=\"allow-scripts\" security=\"restricted\" src=\"https:\/\/www.upjs.sk\/pracoviska\/ustav-telesnej-vychovy\/actuality\/sprava-plavecka-stafeta-091219\/embed\/#?secret=5G49z0S9Bz\" width=\"600\" height=\"338\" title=\"&#8220;Spr\u00e1va z 3. ro\u010dn\u00edka Netradi\u010dnej plaveckej \u0161tafety&#8221; &#8212; \u00dastav telesnej v\u00fdchovy a \u0161portu | UPJ\u0160\" data-secret=\"5G49z0S9Bz\" frameborder=\"0\" marginwidth=\"0\" marginheight=\"0\" scrolling=\"no\" class=\"wp-embedded-content\"><\/iframe><script>\n\/*! This file is auto-generated *\/\n!function(d,l){\"use strict\";l.querySelector&&d.addEventListener&&\"undefined\"!=typeof URL&&(d.wp=d.wp||{},d.wp.receiveEmbedMessage||(d.wp.receiveEmbedMessage=function(e){var t=e.data;if((t||t.secret||t.message||t.value)&&!\/[^a-zA-Z0-9]\/.test(t.secret)){for(var s,r,n,a=l.querySelectorAll('iframe[data-secret=\"'+t.secret+'\"]'),o=l.querySelectorAll('blockquote[data-secret=\"'+t.secret+'\"]'),c=new RegExp(\"^https?:$\",\"i\"),i=0;i<o.length;i++)o[i].style.display=\"none\";for(i=0;i<a.length;i++)s=a[i],e.source===s.contentWindow&&(s.removeAttribute(\"style\"),\"height\"===t.message?(1e3<(r=parseInt(t.value,10))?r=1e3:~~r<200&&(r=200),s.height=r):\"link\"===t.message&&(r=new URL(s.getAttribute(\"src\")),n=new URL(t.value),c.test(n.protocol))&&n.host===r.host&&l.activeElement===s&&(d.top.location.href=t.value))}},d.addEventListener(\"message\",d.wp.receiveEmbedMessage,!1),l.addEventListener(\"DOMContentLoaded\",function(){for(var e,t,s=l.querySelectorAll(\"iframe.wp-embedded-content\"),r=0;r<s.length;r++)(t=(e=s[r]).getAttribute(\"data-secret\"))||(t=Math.random().toString(36).substring(2,12),e.src+=\"#?secret=\"+t,e.setAttribute(\"data-secret\",t)),e.contentWindow.postMessage({message:\"ready\",secret:t},\"*\")},!1)))}(window,document);\n\/\/# sourceURL=https:\/\/www.upjs.sk\/pracoviska\/ustav-telesnej-vychovy\/wp-includes\/js\/wp-embed.min.js\n<\/script>\n","thumbnail_url":"https:\/\/www.upjs.sk\/app\/uploads\/sites\/14\/2022\/10\/plavecka-stafeta-091219a.jpg","thumbnail_width":600,"thumbnail_height":450,"description":"D\u0148a 9. decembra 2019 sa uskuto\u010dnil 3. ro\u010dn\u00edk Netradi\u010dnej plaveckej \u0161tafety na Mestskej plav\u00e1rni v\u00a0Ko\u0161iciach za \u00fa\u010dasti 193 \u0161tudentov UPJ\u0160. Podujatie bolo zorganizovan\u00e9 pre \u0161tudentov v\u0161etk\u00fdch fak\u00falt a\u00a0\u0161tudijn\u00fdch programov na UPJ\u0160 v\u00a0Ko\u0161iciach. Z\u00fa\u010dastnen\u00ed \u0161tudenti ktor\u00ed mali toto \u0161portov\u00e9 dopoludnie od 8:30 hod. do 12:30 hod. na Mestsk\u00fa plav\u00e1re\u0148 vstup vo\u013en\u00fd, si mali mo\u017enos\u0165 rozh\u00fdba\u0165 svoje &hellip; \u010c\u00edta\u0165 \u010falej"}