{"id":13888,"date":"2021-01-20T15:35:14","date_gmt":"2021-01-20T15:35:14","guid":{"rendered":"https:\/\/www.upjs.sk\/pracoviska\/ustav-telesnej-vychovy\/actuality\/utvs-brusel-aces-europe\/"},"modified":"2022-10-27T11:10:07","modified_gmt":"2022-10-27T11:10:07","slug":"utvs-brusel-aces-europe","status":"publish","type":"cpt_aktuality","link":"https:\/\/www.upjs.sk\/pracoviska\/ustav-telesnej-vychovy\/actuality\/utvs-brusel-aces-europe\/","title":{"rendered":"\u00dastav telesnej v\u00fdchovy a \u0161portu UPJ\u0160 v Ko\u0161iciach opakovane na p\u00f4de Eur\u00f3pskeho parlamentu v Bruseli"},"content":{"rendered":"<table align=\"center\" border=\"0\" cellpadding=\"1\" cellspacing=\"1\" style=\"width:90%\">\n<tbody>\n<tr>\n<td style=\"text-align: justify;\"><img decoding=\"async\" alt=\"\" src=\"https:\/\/www.upjs.sk\/app\/uploads\/sites\/14\/2022\/10\/logo-UPJS.jpg\" style=\"height:100px; width:100px\" \/><\/td>\n<td style=\"text-align: center;\"><img decoding=\"async\" alt=\"\" src=\"https:\/\/www.upjs.sk\/app\/uploads\/sites\/14\/2022\/10\/aces-europe.jpg\" style=\"height:73px; width:350px\" \/><\/td>\n<td style=\"text-align: justify;\"><img decoding=\"async\" alt=\"\" src=\"https:\/\/www.upjs.sk\/app\/uploads\/sites\/14\/2022\/10\/logo-UTVS.jpg\" style=\"height:100px; width:100px\" \/><\/td>\n<\/tr>\n<\/tbody>\n<\/table>\n<p style=\"text-align: justify;\">\u00a0\u00a0\u00a0<br \/>\nZrejme po dobr\u00fdch sk\u00fasenostiach z\u00a0roku 2018, kedy <strong>ACES Europe<\/strong> <em>(European Capitals and Cities of Sport Federation)<\/em> vybrala na\u0161e pracovisko pod garanciou \u00a0<strong>prof. PaedDr. J\u00e1na Jungera, CSc.,<\/strong> za hlavn\u00e9ho evalu\u00e1tora eur\u00f3pskych miest \u0161portu v\u00a0danom roku, sa tak\u00e9to poverenie zopakovalo aj pre rok 2019. Tentoraz sme mali za \u00falohu vybra\u0165 najlep\u0161ie mesto pod 25 tis. obyvate\u013eov, ktor\u00e9 by z\u00edskalo titul <strong>Najlep\u0161ie Eur\u00f3pske meste\u010dko \u0161portu<\/strong> <strong>2019.<\/strong><\/p>\n<p style=\"text-align: justify;\">\u00a0\u00a0\u00a0\u00a0<strong>ACES Europe<\/strong> je neziskov\u00e9 zdru\u017eenie so s\u00eddlom v Bruseli, ktor\u00e9 ka\u017edoro\u010dne pride\u013euje titul <strong>svetov\u00e9ho mesta \u0161portu, eur\u00f3pskeho hlavn\u00e9ho mesta\u00a0 \u0161portu, mesta \u0161portu (od 25 tis. do 500 tis.\u00a0obyvate\u013eov), meste\u010dka \u0161portu (pod 25 tis. obyvate\u013eov) a\u00a0komunitu \u0161portu<\/strong>.<\/p>\n<p style=\"text-align: justify;\">\u00a0\u00a0\u00a0\u00a0Na z\u00e1klade n\u00e1\u0161ho hodnotenia sa <strong>Najlep\u0161\u00edm Eur\u00f3pskym meste\u010dkom \u0161portu 2019<\/strong> stal \u0161panielsky <strong>Elgoibar<\/strong>.<\/p>\n<p style=\"text-align: justify;\">\u00a0\u00a0\u00a0\u00a0Ceremoni\u00e1l ocenen\u00ed a\u00a0pride\u013eovania kandidat\u00far sa pravidelne organizuje za\u010diatkom decembra v\u00a0budove Eur\u00f3pskeho Parlamentu v\u00a0Bruseli. \u00dalohou moder\u00e1tora a\u00a0hlavn\u00e9ho organiz\u00e1tora bol aj tento rok poveren\u00fd gener\u00e1lny sekret\u00e1r ACES Europe, <strong>Hugo Alonso<\/strong>. Aj jeho z\u00e1sluhou m\u00f4\u017eeme spolo\u010dne zo stovkami z\u00fa\u010dastnen\u00fdch kon\u0161tatova\u0165, \u017ee t\u00e1 tohtoro\u010dn\u00e1 cerem\u00f3nia sa niesla osobitne vo ve\u013emi sviato\u010dnej a\u00a0priate\u013eskej atmosf\u00e9re. O\u00a0otvorenie sl\u00e1vnostn\u00e9ho zasadnutia sa postaral prezident ACES Europe <strong>Gian Francesco Lupatteli. <\/strong><\/p>\n<p style=\"text-align: justify;\">\u00a0\u00a0\u00a0\u00a0Po \u0148om s\u00a0pozdravn\u00fdmi i\u00a0oce\u0148uj\u00facimi pr\u00edhovormi vyst\u00fapila <strong>Mariya Gabriel<\/strong>, nov\u00e1 komis\u00e1rka E\u00da pre inov\u00e1cie, v\u00fdskum, kult\u00faru, vzdel\u00e1vanie a\u00a0\u0161port, <strong>Andrey Kovatchev<\/strong>, <strong>Brando Bennifei<\/strong>, <strong>Marco Campomenosi<\/strong> \u00a0poslanci EP a <strong>Angela Melo<\/strong>, riadite\u013eka pre etiku, ml\u00e1de\u017e a \u0161port UNESCO.<\/p>\n<p style=\"text-align: justify;\">\u00a0\u00a0\u00a0\u00a0Okrem n\u00e1\u0161ho ocenenia, ktor\u00e9 \u0161panielskemu meste\u010dku <strong>Elgoibar<\/strong> na p\u00f4de Eur\u00f3pskeho parlamentu odovzdal spolu s\u00a0prezidentom ACES Europe <strong>Gian Francescom Lupattelim<\/strong> evalu\u00e1tor <strong>prof. PaedDr J\u00e1n Junger, CSc<\/strong>, z\u00a0<strong>\u00dastavu telesnej v\u00fdchovy a\u00a0\u0161portu UPJ\u0160<\/strong>, cenu za <strong>Najlep\u0161ie Eur\u00f3pske mesto \u0161portu 2019<\/strong> z\u00edskalo portugalsk\u00e9 <strong>Portimao<\/strong> a\u00a0za <strong>Najlep\u0161iu Eur\u00f3psku komunitu \u0161portu 2020<\/strong> bolo vyhl\u00e1sen\u00e9 franc\u00fazske <strong>Drenthe<\/strong>.<\/p>\n<p style=\"text-align: justify;\">\u00a0\u00a0\u00a0\u00a0Okrem ocenen\u00ed sa na gala ve\u010dere pride\u013eovali aj nomin\u00e1cie pre nasleduj\u00faci rok. <strong>Svetov\u00fdm hlavn\u00fdm mestom \u0161portu pre rok 2020<\/strong> sa stala mexick\u00e1 <strong>Guadalajara<\/strong>, a <strong>Eur\u00f3pskym hlavn\u00fdm mestom \u0161portu 2020<\/strong> \u0161panielska <strong>Malaga, <\/strong><\/p>\n<p style=\"text-align: justify;\">\u00a0\u00a0\u00a0\u00a0Medzi \u00faspe\u0161n\u00fdch kandid\u00e1tov na titul Eur\u00f3pske mesto\/meste\u010dko\/stredisko \u0161portu 2020 sa dostala aj slovensk\u00e1 <strong>Trnava<\/strong>, ktorej bol pridelen\u00fd titul v\u00a0kateg\u00f3rii <strong>Eur\u00f3pske mesto \u0161portu 2020. <\/strong><\/p>\n<p style=\"text-align: justify;\"><strong><a href=\"\/public\/media\/22392\/20191210-ACES-Europe260.jpg\" target=\"_blank\" rel=\"noopener\"><img decoding=\"async\" alt=\"\" src=\"https:\/\/www.upjs.sk\/app\/uploads\/sites\/14\/2022\/10\/20191210-ACES-Europe260.jpg\" style=\"height:261px; width:400px\" \/><\/a><\/strong><\/p>\n","protected":false},"excerpt":{"rendered":"<p>\u00a0\u00a0\u00a0 Zrejme po dobr\u00fdch sk\u00fasenostiach z\u00a0roku 2018, kedy ACES Europe (European Capitals and Cities of Sport Federation) vybrala na\u0161e pracovisko pod garanciou \u00a0prof. PaedDr. J\u00e1na Jungera, CSc., za hlavn\u00e9ho evalu\u00e1tora eur\u00f3pskych miest \u0161portu v\u00a0danom roku, sa tak\u00e9to poverenie zopakovalo aj pre rok 2019. Tentoraz sme mali za \u00falohu vybra\u0165 najlep\u0161ie mesto pod 25 tis. obyvate\u013eov, &hellip; <a href=\"https:\/\/www.upjs.sk\/pracoviska\/ustav-telesnej-vychovy\/actuality\/utvs-brusel-aces-europe\/\">\u010c\u00edta\u0165 \u010falej<\/a><\/p>\n","protected":false},"author":1,"featured_media":13892,"template":"","meta":{"_acf_changed":false,"_editorskit_title_hidden":false,"_editorskit_reading_time":0,"_editorskit_is_block_options_detached":false,"_editorskit_block_options_position":"{}","footnotes":""},"categories":[],"tags":[],"tax_aktuality":[23],"class_list":["post-13888","cpt_aktuality","type-cpt_aktuality","status-publish","has-post-thumbnail","hentry","tax_aktuality-archiv-2020"],"acf":{"acf_link_na_externy_obsah":"","poradie_clanku":""},"yoast_head":"<!-- This site is optimized with the Yoast SEO plugin v27.4 - https:\/\/yoast.com\/product\/yoast-seo-wordpress\/ -->\n<title>\u00dastav telesnej v\u00fdchovy a \u0161portu UPJ\u0160 v Ko\u0161iciach opakovane na p\u00f4de Eur\u00f3pskeho parlamentu v Bruseli - \u00dastav telesnej v\u00fdchovy a \u0161portu | UPJ\u0160<\/title>\n<meta name=\"robots\" content=\"index, follow, max-snippet:-1, max-image-preview:large, max-video-preview:-1\" \/>\n<link rel=\"canonical\" href=\"https:\/\/www.upjs.sk\/pracoviska\/ustav-telesnej-vychovy\/actuality\/utvs-brusel-aces-europe\/\" \/>\n<meta property=\"og:locale\" content=\"sk_SK\" \/>\n<meta property=\"og:type\" content=\"article\" \/>\n<meta property=\"og:title\" content=\"\u00dastav telesnej v\u00fdchovy a \u0161portu UPJ\u0160 v Ko\u0161iciach opakovane na p\u00f4de Eur\u00f3pskeho parlamentu v Bruseli - \u00dastav telesnej v\u00fdchovy a \u0161portu | UPJ\u0160\" \/>\n<meta property=\"og:description\" content=\"\u00a0\u00a0\u00a0 Zrejme po dobr\u00fdch sk\u00fasenostiach z\u00a0roku 2018, kedy ACES Europe (European Capitals and Cities of Sport Federation) vybrala na\u0161e pracovisko pod garanciou \u00a0prof. PaedDr. J\u00e1na Jungera, CSc., za hlavn\u00e9ho evalu\u00e1tora eur\u00f3pskych miest \u0161portu v\u00a0danom roku, sa tak\u00e9to poverenie zopakovalo aj pre rok 2019. Tentoraz sme mali za \u00falohu vybra\u0165 najlep\u0161ie mesto pod 25 tis. obyvate\u013eov, &hellip; \u010c\u00edta\u0165 \u010falej\" \/>\n<meta property=\"og:url\" content=\"https:\/\/www.upjs.sk\/pracoviska\/ustav-telesnej-vychovy\/actuality\/utvs-brusel-aces-europe\/\" \/>\n<meta property=\"og:site_name\" content=\"\u00dastav telesnej v\u00fdchovy a \u0161portu | UPJ\u0160\" \/>\n<meta property=\"article:modified_time\" content=\"2022-10-27T11:10:07+00:00\" \/>\n<meta property=\"og:image\" content=\"https:\/\/www.upjs.sk\/app\/uploads\/sites\/14\/2022\/10\/20191210-ACES-Europe260.jpg\" \/>\n\t<meta property=\"og:image:width\" content=\"800\" \/>\n\t<meta property=\"og:image:height\" content=\"521\" \/>\n\t<meta property=\"og:image:type\" content=\"image\/jpeg\" \/>\n<meta name=\"twitter:card\" content=\"summary_large_image\" \/>\n<meta name=\"twitter:label1\" content=\"Predpokladan\u00fd \u010das \u010d\u00edtania\" \/>\n\t<meta name=\"twitter:data1\" content=\"2 min\u00faty\" \/>\n<script type=\"application\/ld+json\" class=\"yoast-schema-graph\">{\"@context\":\"https:\\\/\\\/schema.org\",\"@graph\":[{\"@type\":\"WebPage\",\"@id\":\"https:\\\/\\\/www.upjs.sk\\\/pracoviska\\\/ustav-telesnej-vychovy\\\/actuality\\\/utvs-brusel-aces-europe\\\/\",\"url\":\"https:\\\/\\\/www.upjs.sk\\\/pracoviska\\\/ustav-telesnej-vychovy\\\/actuality\\\/utvs-brusel-aces-europe\\\/\",\"name\":\"\u00dastav telesnej v\u00fdchovy a \u0161portu UPJ\u0160 v Ko\u0161iciach opakovane na p\u00f4de Eur\u00f3pskeho parlamentu v Bruseli - \u00dastav telesnej v\u00fdchovy a \u0161portu | UPJ\u0160\",\"isPartOf\":{\"@id\":\"https:\\\/\\\/www.upjs.sk\\\/pracoviska\\\/ustav-telesnej-vychovy\\\/#website\"},\"primaryImageOfPage\":{\"@id\":\"https:\\\/\\\/www.upjs.sk\\\/pracoviska\\\/ustav-telesnej-vychovy\\\/actuality\\\/utvs-brusel-aces-europe\\\/#primaryimage\"},\"image\":{\"@id\":\"https:\\\/\\\/www.upjs.sk\\\/pracoviska\\\/ustav-telesnej-vychovy\\\/actuality\\\/utvs-brusel-aces-europe\\\/#primaryimage\"},\"thumbnailUrl\":\"https:\\\/\\\/www.upjs.sk\\\/app\\\/uploads\\\/sites\\\/14\\\/2022\\\/10\\\/20191210-ACES-Europe260.jpg\",\"datePublished\":\"2021-01-20T15:35:14+00:00\",\"dateModified\":\"2022-10-27T11:10:07+00:00\",\"breadcrumb\":{\"@id\":\"https:\\\/\\\/www.upjs.sk\\\/pracoviska\\\/ustav-telesnej-vychovy\\\/actuality\\\/utvs-brusel-aces-europe\\\/#breadcrumb\"},\"inLanguage\":\"sk-SK\",\"potentialAction\":[{\"@type\":\"ReadAction\",\"target\":[\"https:\\\/\\\/www.upjs.sk\\\/pracoviska\\\/ustav-telesnej-vychovy\\\/actuality\\\/utvs-brusel-aces-europe\\\/\"]}]},{\"@type\":\"ImageObject\",\"inLanguage\":\"sk-SK\",\"@id\":\"https:\\\/\\\/www.upjs.sk\\\/pracoviska\\\/ustav-telesnej-vychovy\\\/actuality\\\/utvs-brusel-aces-europe\\\/#primaryimage\",\"url\":\"https:\\\/\\\/www.upjs.sk\\\/app\\\/uploads\\\/sites\\\/14\\\/2022\\\/10\\\/20191210-ACES-Europe260.jpg\",\"contentUrl\":\"https:\\\/\\\/www.upjs.sk\\\/app\\\/uploads\\\/sites\\\/14\\\/2022\\\/10\\\/20191210-ACES-Europe260.jpg\",\"width\":800,\"height\":521,\"caption\":\"utvs-brusel-aces-europe\"},{\"@type\":\"BreadcrumbList\",\"@id\":\"https:\\\/\\\/www.upjs.sk\\\/pracoviska\\\/ustav-telesnej-vychovy\\\/actuality\\\/utvs-brusel-aces-europe\\\/#breadcrumb\",\"itemListElement\":[{\"@type\":\"ListItem\",\"position\":1,\"name\":\"Home\",\"item\":\"https:\\\/\\\/www.upjs.sk\\\/pracoviska\\\/ustav-telesnej-vychovy\\\/\"},{\"@type\":\"ListItem\",\"position\":2,\"name\":\"Aktuality\",\"item\":\"https:\\\/\\\/www.upjs.sk\\\/pracoviska\\\/ustav-telesnej-vychovy\\\/actuality\\\/\"},{\"@type\":\"ListItem\",\"position\":3,\"name\":\"\u00dastav telesnej v\u00fdchovy a \u0161portu UPJ\u0160 v Ko\u0161iciach opakovane na p\u00f4de Eur\u00f3pskeho parlamentu v Bruseli\"}]},{\"@type\":\"WebSite\",\"@id\":\"https:\\\/\\\/www.upjs.sk\\\/pracoviska\\\/ustav-telesnej-vychovy\\\/#website\",\"url\":\"https:\\\/\\\/www.upjs.sk\\\/pracoviska\\\/ustav-telesnej-vychovy\\\/\",\"name\":\"\u00dastav telesnej v\u00fdchovy a \u0161portu | UPJ\u0160\",\"description\":\"\",\"publisher\":{\"@id\":\"https:\\\/\\\/www.upjs.sk\\\/pracoviska\\\/ustav-telesnej-vychovy\\\/#organization\"},\"potentialAction\":[{\"@type\":\"SearchAction\",\"target\":{\"@type\":\"EntryPoint\",\"urlTemplate\":\"https:\\\/\\\/www.upjs.sk\\\/pracoviska\\\/ustav-telesnej-vychovy\\\/?s={search_term_string}\"},\"query-input\":{\"@type\":\"PropertyValueSpecification\",\"valueRequired\":true,\"valueName\":\"search_term_string\"}}],\"inLanguage\":\"sk-SK\"},{\"@type\":\"Organization\",\"@id\":\"https:\\\/\\\/www.upjs.sk\\\/pracoviska\\\/ustav-telesnej-vychovy\\\/#organization\",\"name\":\"\u00dastav telesnej v\u00fdchovy a \u0161portu | UPJ\u0160\",\"url\":\"https:\\\/\\\/www.upjs.sk\\\/pracoviska\\\/ustav-telesnej-vychovy\\\/\",\"logo\":{\"@type\":\"ImageObject\",\"inLanguage\":\"sk-SK\",\"@id\":\"https:\\\/\\\/www.upjs.sk\\\/pracoviska\\\/ustav-telesnej-vychovy\\\/#\\\/schema\\\/logo\\\/image\\\/\",\"url\":\"https:\\\/\\\/www.upjs.sk\\\/app\\\/uploads\\\/sites\\\/14\\\/2023\\\/01\\\/UTVS.svg\",\"contentUrl\":\"https:\\\/\\\/www.upjs.sk\\\/app\\\/uploads\\\/sites\\\/14\\\/2023\\\/01\\\/UTVS.svg\",\"width\":500,\"height\":138,\"caption\":\"\u00dastav telesnej v\u00fdchovy a \u0161portu | UPJ\u0160\"},\"image\":{\"@id\":\"https:\\\/\\\/www.upjs.sk\\\/pracoviska\\\/ustav-telesnej-vychovy\\\/#\\\/schema\\\/logo\\\/image\\\/\"}}]}<\/script>\n<!-- \/ Yoast SEO plugin. -->","yoast_head_json":{"title":"\u00dastav telesnej v\u00fdchovy a \u0161portu UPJ\u0160 v Ko\u0161iciach opakovane na p\u00f4de Eur\u00f3pskeho parlamentu v Bruseli - \u00dastav telesnej v\u00fdchovy a \u0161portu | UPJ\u0160","robots":{"index":"index","follow":"follow","max-snippet":"max-snippet:-1","max-image-preview":"max-image-preview:large","max-video-preview":"max-video-preview:-1"},"canonical":"https:\/\/www.upjs.sk\/pracoviska\/ustav-telesnej-vychovy\/actuality\/utvs-brusel-aces-europe\/","og_locale":"sk_SK","og_type":"article","og_title":"\u00dastav telesnej v\u00fdchovy a \u0161portu UPJ\u0160 v Ko\u0161iciach opakovane na p\u00f4de Eur\u00f3pskeho parlamentu v Bruseli - \u00dastav telesnej v\u00fdchovy a \u0161portu | UPJ\u0160","og_description":"\u00a0\u00a0\u00a0 Zrejme po dobr\u00fdch sk\u00fasenostiach z\u00a0roku 2018, kedy ACES Europe (European Capitals and Cities of Sport Federation) vybrala na\u0161e pracovisko pod garanciou \u00a0prof. PaedDr. J\u00e1na Jungera, CSc., za hlavn\u00e9ho evalu\u00e1tora eur\u00f3pskych miest \u0161portu v\u00a0danom roku, sa tak\u00e9to poverenie zopakovalo aj pre rok 2019. Tentoraz sme mali za \u00falohu vybra\u0165 najlep\u0161ie mesto pod 25 tis. obyvate\u013eov, &hellip; \u010c\u00edta\u0165 \u010falej","og_url":"https:\/\/www.upjs.sk\/pracoviska\/ustav-telesnej-vychovy\/actuality\/utvs-brusel-aces-europe\/","og_site_name":"\u00dastav telesnej v\u00fdchovy a \u0161portu | UPJ\u0160","article_modified_time":"2022-10-27T11:10:07+00:00","og_image":[{"width":800,"height":521,"url":"https:\/\/www.upjs.sk\/app\/uploads\/sites\/14\/2022\/10\/20191210-ACES-Europe260.jpg","type":"image\/jpeg"}],"twitter_card":"summary_large_image","twitter_misc":{"Predpokladan\u00fd \u010das \u010d\u00edtania":"2 min\u00faty"},"schema":{"@context":"https:\/\/schema.org","@graph":[{"@type":"WebPage","@id":"https:\/\/www.upjs.sk\/pracoviska\/ustav-telesnej-vychovy\/actuality\/utvs-brusel-aces-europe\/","url":"https:\/\/www.upjs.sk\/pracoviska\/ustav-telesnej-vychovy\/actuality\/utvs-brusel-aces-europe\/","name":"\u00dastav telesnej v\u00fdchovy a \u0161portu UPJ\u0160 v Ko\u0161iciach opakovane na p\u00f4de Eur\u00f3pskeho parlamentu v Bruseli - \u00dastav telesnej v\u00fdchovy a \u0161portu | UPJ\u0160","isPartOf":{"@id":"https:\/\/www.upjs.sk\/pracoviska\/ustav-telesnej-vychovy\/#website"},"primaryImageOfPage":{"@id":"https:\/\/www.upjs.sk\/pracoviska\/ustav-telesnej-vychovy\/actuality\/utvs-brusel-aces-europe\/#primaryimage"},"image":{"@id":"https:\/\/www.upjs.sk\/pracoviska\/ustav-telesnej-vychovy\/actuality\/utvs-brusel-aces-europe\/#primaryimage"},"thumbnailUrl":"https:\/\/www.upjs.sk\/app\/uploads\/sites\/14\/2022\/10\/20191210-ACES-Europe260.jpg","datePublished":"2021-01-20T15:35:14+00:00","dateModified":"2022-10-27T11:10:07+00:00","breadcrumb":{"@id":"https:\/\/www.upjs.sk\/pracoviska\/ustav-telesnej-vychovy\/actuality\/utvs-brusel-aces-europe\/#breadcrumb"},"inLanguage":"sk-SK","potentialAction":[{"@type":"ReadAction","target":["https:\/\/www.upjs.sk\/pracoviska\/ustav-telesnej-vychovy\/actuality\/utvs-brusel-aces-europe\/"]}]},{"@type":"ImageObject","inLanguage":"sk-SK","@id":"https:\/\/www.upjs.sk\/pracoviska\/ustav-telesnej-vychovy\/actuality\/utvs-brusel-aces-europe\/#primaryimage","url":"https:\/\/www.upjs.sk\/app\/uploads\/sites\/14\/2022\/10\/20191210-ACES-Europe260.jpg","contentUrl":"https:\/\/www.upjs.sk\/app\/uploads\/sites\/14\/2022\/10\/20191210-ACES-Europe260.jpg","width":800,"height":521,"caption":"utvs-brusel-aces-europe"},{"@type":"BreadcrumbList","@id":"https:\/\/www.upjs.sk\/pracoviska\/ustav-telesnej-vychovy\/actuality\/utvs-brusel-aces-europe\/#breadcrumb","itemListElement":[{"@type":"ListItem","position":1,"name":"Home","item":"https:\/\/www.upjs.sk\/pracoviska\/ustav-telesnej-vychovy\/"},{"@type":"ListItem","position":2,"name":"Aktuality","item":"https:\/\/www.upjs.sk\/pracoviska\/ustav-telesnej-vychovy\/actuality\/"},{"@type":"ListItem","position":3,"name":"\u00dastav telesnej v\u00fdchovy a \u0161portu UPJ\u0160 v Ko\u0161iciach opakovane na p\u00f4de Eur\u00f3pskeho parlamentu v Bruseli"}]},{"@type":"WebSite","@id":"https:\/\/www.upjs.sk\/pracoviska\/ustav-telesnej-vychovy\/#website","url":"https:\/\/www.upjs.sk\/pracoviska\/ustav-telesnej-vychovy\/","name":"\u00dastav telesnej v\u00fdchovy a \u0161portu | UPJ\u0160","description":"","publisher":{"@id":"https:\/\/www.upjs.sk\/pracoviska\/ustav-telesnej-vychovy\/#organization"},"potentialAction":[{"@type":"SearchAction","target":{"@type":"EntryPoint","urlTemplate":"https:\/\/www.upjs.sk\/pracoviska\/ustav-telesnej-vychovy\/?s={search_term_string}"},"query-input":{"@type":"PropertyValueSpecification","valueRequired":true,"valueName":"search_term_string"}}],"inLanguage":"sk-SK"},{"@type":"Organization","@id":"https:\/\/www.upjs.sk\/pracoviska\/ustav-telesnej-vychovy\/#organization","name":"\u00dastav telesnej v\u00fdchovy a \u0161portu | UPJ\u0160","url":"https:\/\/www.upjs.sk\/pracoviska\/ustav-telesnej-vychovy\/","logo":{"@type":"ImageObject","inLanguage":"sk-SK","@id":"https:\/\/www.upjs.sk\/pracoviska\/ustav-telesnej-vychovy\/#\/schema\/logo\/image\/","url":"https:\/\/www.upjs.sk\/app\/uploads\/sites\/14\/2023\/01\/UTVS.svg","contentUrl":"https:\/\/www.upjs.sk\/app\/uploads\/sites\/14\/2023\/01\/UTVS.svg","width":500,"height":138,"caption":"\u00dastav telesnej v\u00fdchovy a \u0161portu | UPJ\u0160"},"image":{"@id":"https:\/\/www.upjs.sk\/pracoviska\/ustav-telesnej-vychovy\/#\/schema\/logo\/image\/"}}]}},"_links":{"self":[{"href":"https:\/\/www.upjs.sk\/pracoviska\/ustav-telesnej-vychovy\/wp-json\/wp\/v2\/cpt_aktuality\/13888","targetHints":{"allow":["GET"]}}],"collection":[{"href":"https:\/\/www.upjs.sk\/pracoviska\/ustav-telesnej-vychovy\/wp-json\/wp\/v2\/cpt_aktuality"}],"about":[{"href":"https:\/\/www.upjs.sk\/pracoviska\/ustav-telesnej-vychovy\/wp-json\/wp\/v2\/types\/cpt_aktuality"}],"author":[{"embeddable":true,"href":"https:\/\/www.upjs.sk\/pracoviska\/ustav-telesnej-vychovy\/wp-json\/wp\/v2\/users\/1"}],"version-history":[{"count":0,"href":"https:\/\/www.upjs.sk\/pracoviska\/ustav-telesnej-vychovy\/wp-json\/wp\/v2\/cpt_aktuality\/13888\/revisions"}],"wp:featuredmedia":[{"embeddable":true,"href":"https:\/\/www.upjs.sk\/pracoviska\/ustav-telesnej-vychovy\/wp-json\/wp\/v2\/media\/13892"}],"wp:attachment":[{"href":"https:\/\/www.upjs.sk\/pracoviska\/ustav-telesnej-vychovy\/wp-json\/wp\/v2\/media?parent=13888"}],"wp:term":[{"taxonomy":"category","embeddable":true,"href":"https:\/\/www.upjs.sk\/pracoviska\/ustav-telesnej-vychovy\/wp-json\/wp\/v2\/categories?post=13888"},{"taxonomy":"post_tag","embeddable":true,"href":"https:\/\/www.upjs.sk\/pracoviska\/ustav-telesnej-vychovy\/wp-json\/wp\/v2\/tags?post=13888"},{"taxonomy":"tax_aktuality","embeddable":true,"href":"https:\/\/www.upjs.sk\/pracoviska\/ustav-telesnej-vychovy\/wp-json\/wp\/v2\/tax_aktuality?post=13888"}],"curies":[{"name":"wp","href":"https:\/\/api.w.org\/{rel}","templated":true}]}}