{"id":13920,"date":"2020-10-07T08:43:20","date_gmt":"2020-10-07T08:43:20","guid":{"rendered":"https:\/\/www.upjs.sk\/pracoviska\/ustav-telesnej-vychovy\/actuality\/pk-utvs-2kolo-2019-2020\/"},"modified":"2022-10-27T11:10:09","modified_gmt":"2022-10-27T11:10:09","slug":"pk-utvs-2kolo-2019-2020","status":"publish","type":"cpt_aktuality","link":"https:\/\/www.upjs.sk\/pracoviska\/ustav-telesnej-vychovy\/actuality\/pk-utvs-2kolo-2019-2020\/","title":{"rendered":"2. kolo Prij\u00edmacieho konania pre akademick\u00fd rok 2019\/2020"},"content":{"rendered":"<p>Z\u00e1ujemcovia o \u0161t\u00fadium na \u00dastave telesnej v\u00fdchovy a \u0161portu UPJ\u0160 m\u00f4\u017eu poda\u0165 prihl\u00e1\u0161ku na bakal\u00e1rske \u0161t\u00fadium \u0161tudijn\u00e9ho programu \u0160port a\u00a0rekre\u00e1cia v akademickom roku 2019\/2020 aj\u00a0<a href=\"https:\/\/e-prihlaska.upjs.sk\/ais\/start.do\" target=\"_blank\" rel=\"noopener\">elektronickou formou<\/a>.<\/p>\n<p>Term\u00edn podania prihl\u00e1\u0161ky: <strong>do 26. 07. 2019<\/strong><\/p>\n<p>Term\u00edn konania prij\u00edmacej sk\u00fa\u0161ky:\u00a0 <strong>26.08.2019<\/strong><\/p>\n<p>\u25ba\u00a0<strong><a href=\"\/public\/media\/21105\/podmienky-PK-2019-20-august-2kolo.pdf\" target=\"_blank\" rel=\"noopener\">Podmienky prij\u00edmacieho konania v ak. roku 2019\/2020<\/a><\/strong>\u00a0<\/p>\n<p>\u00a0<\/p>\n<ul>\n<li><strong>Podanie elektronickej prihl\u00e1\u0161ky<\/strong><\/li>\n<\/ul>\n<p align=\"center\"><span style=\"color:#FF0000\"><strong>><\/strong><\/span> <strong><a href=\"http:\/\/e-prihlaska.upjs.sk\/ais\/start.do\" target=\"_blank\" rel=\"noopener\">Elektronick\u00e1 prihl\u00e1\u0161ka<\/a><\/strong> <span style=\"color:#FF0000\"><strong><<\/strong><\/span><\/p>\n<p align=\"center\">(odpor\u00fa\u010dan\u00e9 prehliada\u010de: Mozilla Firefox\u00a0 a Chrome)<br \/>\n\u00a0<\/p>\n<p style=\"text-align: justify;\"><strong><span style=\"color:#800000\">!!<\/span> <\/strong>Pred zaregistrovan\u00edm sa do syst\u00e9mu a zaevidovan\u00edm prihl\u00e1\u0161ky si pre\u010d\u00edtajte\u00a0<strong>pr\u00edru\u010dku<\/strong>, ktor\u00e1 je dostupn\u00e1\u00a0<strong>v \u010dasti Pomocn\u00edk<\/strong>.<\/p>\n<p style=\"text-align: justify;\">Do prihl\u00e1\u0161ky je potrebn\u00e9 vyp\u00edsa\u0165 koncoro\u010dn\u00e9 zn\u00e1mky zo v\u0161etk\u00fdch predmetov za prv\u00e9 tri roky \u0161t\u00fadia (8- ro\u010dn\u00e9 gymn. kvinta a\u017e septima, 5-ro\u010dn\u00e9 gymn\u00e1zium za 2. a\u017e 4. ro\u010dn\u00edk \u0161t\u00fadia) a zn\u00e1mky z polro\u010dn\u00e9ho vysved\u010denia z posledn\u00e9ho ro\u010dn\u00edka.<\/p>\n<p style=\"text-align: justify;\"><span style=\"color:#800000\"><strong>!!<\/strong><\/span> Ak je s\u00fa\u010das\u0165ou Va\u0161ej prihl\u00e1\u0161ky doklad (diplom, potvrdenie zv\u00e4zu..) o\u00a0\u0161portov\u00fdch aktivit\u00e1ch, ten je nutn\u00e9 posla\u0165 na \u0161tudijn\u00e9 oddelenie <u>do 26.07.2019<\/u> !<\/p>\n<table align=\"center\" border=\"0\" cellpadding=\"2\" cellspacing=\"0\" style=\"width:97%\">\n<tbody>\n<tr>\n<td style=\"width:331px;\">\n<p style=\"text-align: center;\">Zn\u00e1mky m\u00f4\u017eete vp\u00edsa\u0165\u00a0<strong>ru\u010dne<\/strong><\/p>\n<\/td>\n<td rowspan=\"2\" style=\"width: 57px; vertical-align: top;\">\n<p style=\"margin-left: -1.65pt; text-align: center;\">alebo<\/p>\n<\/td>\n<td style=\"width:363px;\">\n<p style=\"text-align: center;\">stiahnu\u0165\u00a0<strong>z elektronickej \u017eiackej kni\u017eky<\/strong>.<\/p>\n<\/td>\n<\/tr>\n<tr>\n<td style=\"width: 331px; vertical-align: top;\">\n<p>Spr\u00e1vnos\u0165 uveden\u00fdch zn\u00e1mok a\u00a0vypo\u010d\u00edtan\u00fdch priemerov mus\u00ed potvrdi\u0165\u00a0stredn\u00e1 \u0161kola.<br \/>\n\t\t\tUch\u00e1dza\u010di, ktor\u00ed maturovali pred rokom 2019 a zn\u00e1mky im stredn\u00e1 \u0161kola nepotvrd\u00ed, za\u0161l\u00fa overen\u00e9 k\u00f3pie v\u0161etk\u00fdch vysved\u010den\u00ed.<\/p>\n<p><strong><span style=\"color:#800000\">!!<\/span> <\/strong>Ak zn\u00e1mky vp\u00ed\u0161ete ru\u010dne, je potrebn\u00e9 prihl\u00e1\u0161ku\u00a0vytla\u010di\u0165, podp\u00edsa\u0165\u00a0a so zn\u00e1mkami\u00a0\u00a0potvrden\u00fdmi strednou \u0161kolou\u00a0posla\u0165 po\u0161tou\u00a0na\u00a0<a href=\"https:\/\/www.upjs.sk\/pracoviska\/ustav-telesnej-vychovy\/studenti-sar\/studijne-oddelenie\/\">\u0161tudijn\u00e9 oddelenie<\/a>\u00a0\u00dastavu telesnej v\u00fdchovy a \u0161portu.<\/p>\n<\/td>\n<td style=\"width: 363px; vertical-align: top;\">\n<p>Nie je potrebn\u00e9\u00a0posla\u0165 vytla\u010den\u00fa prihl\u00e1\u0161ku po\u0161tou. Prihl\u00e1\u0161ka bude zaevidovan\u00e1 po prip\u00edsan\u00ed poplatku na \u00fa\u010det fakulty. Uch\u00e1dza\u010d dostane e-mail potvrdzuj\u00faci zaevidovanie prihl\u00e1\u0161ky.<\/p>\n<p><strong><span style=\"color:#800000\">!!<\/span> <\/strong>Preklopen\u00e9 zn\u00e1mky<br \/>\n\t\t\tu\u017e\u00a0 v\u00a0prihl\u00e1\u0161ke\u00a0neupravujte.\u00a0Ak zn\u00e1mky\u00a0uprav\u00edte, je potrebn\u00e9 prihl\u00e1\u0161ku\u00a0vytla\u010di\u0165, podp\u00edsa\u0165\u00a0a so zn\u00e1mkami\u00a0\u00a0potvrden\u00fdmi strednou \u0161kolou\u00a0posla\u0165 po\u0161tou\u00a0na\u00a0<a href=\"https:\/\/www.upjs.sk\/pracoviska\/ustav-telesnej-vychovy\/studenti-sar\/studijne-oddelenie\/\">\u0161tudijn\u00e9 oddelenie<\/a>\u00a0\u00dastavu telesnej v\u00fdchovy a \u0161portu.<\/p>\n<\/td>\n<\/tr>\n<\/tbody>\n<\/table>\n<p>\u00a0<\/p>\n<ul>\n<li><strong>Poplatok<\/strong><\/li>\n<\/ul>\n<p style=\"text-align: justify;\">Poplatok je potrebn\u00e9 uhradi\u0165\u00a0<strong>v\u00fdhradne bankov\u00fdm prevodom<\/strong>\u00a0na \u010d\u00edslo \u00fa\u010dtu:\u00a0SK64 8180 0000 0070 0007 4351, variabiln\u00fd symbol:\u00a09101, \u0161pecifick\u00fd symbol:\u00a0rodn\u00e9 \u010d\u00edslo bez lomky, kon\u0161tantn\u00fd symbol:\u00a00308, spr\u00e1va pre prij\u00edmate\u013ea:\u00a0meno a priezvisko uch\u00e1dza\u010da. K\u00f3piu dokladu o \u00fahrade nie je potrebn\u00e9 k prihl\u00e1\u0161ke doklada\u0165, odpor\u00fa\u010dame v\u0161ak urobi\u0165 tak z d\u00f4vodu identifik\u00e1cie platby pri pr\u00edpadnom nespr\u00e1vnom zadan\u00ed platobn\u00fdch \u00fadajov.<\/p>\n<p align=\"center\"><strong><span style=\"color:#800000\">!!<\/span> <\/strong>Pri podan\u00ed <u>elektronickej prihl\u00e1\u0161ky<\/u> je poplatok za prij\u00edmacie konanie 40 \u20ac.<\/p>\n<p align=\"center\">Pri podan\u00ed <u>klasickej prihl\u00e1\u0161ky<\/u> je poplatok za prij\u00edmacie konanie 50\u20ac<br \/>\n\u00a0<\/p>\n<p align=\"center\"><span style=\"color:#800000\"><strong>Ulo\u017een\u00fa elektronick\u00fa prihl\u00e1\u0161ku je potrebn\u00e9 vytla\u010di\u0165, podp\u00edsa\u0165 a\u00a0spolu s\u00a0\u010fal\u0161\u00edmi dokladmi posla\u0165 na \u0161tudijn\u00e9 oddelenie \u00daTV\u0160, Ondavsk\u00e1 21, 040 11 Ko\u0161ice<\/strong><\/span><br \/>\n\u00a0<\/p>\n<p><span style=\"color:#800000\"><strong>Akcept\u00e1cia elektronickej prihl\u00e1\u0161ky<\/strong><\/span><\/p>\n<p style=\"text-align: justify;\">Va\u0161a elektronick\u00e1 prihl\u00e1\u0161ka bude preklopen\u00e1 na spracovanie <u>po prijat\u00ed platby za prij\u00edmacie konanie a\u00a0doru\u010denie vytla\u010denej prihl\u00e1\u0161ky<\/u>. Je preto nutn\u00e9\u00a0d\u00f4sledn\u00e9 vyplnenie jednotliv\u00fdch symbolov\u00a0zobrazen\u00fdch v pr\u00edkaze na \u00fahradu, ktor\u00fd si m\u00f4\u017eete vytla\u010di\u0165 zo syst\u00e9mu.<br \/>\n\u00a0<\/p>\n","protected":false},"excerpt":{"rendered":"<p>Z\u00e1ujemcovia o \u0161t\u00fadium na \u00dastave telesnej v\u00fdchovy a \u0161portu UPJ\u0160 m\u00f4\u017eu poda\u0165 prihl\u00e1\u0161ku na bakal\u00e1rske \u0161t\u00fadium \u0161tudijn\u00e9ho programu \u0160port a\u00a0rekre\u00e1cia v akademickom roku 2019\/2020 aj\u00a0elektronickou formou. Term\u00edn podania prihl\u00e1\u0161ky: do 26. 07. 2019 Term\u00edn konania prij\u00edmacej sk\u00fa\u0161ky:\u00a0 26.08.2019 \u25ba\u00a0Podmienky prij\u00edmacieho konania v ak. roku 2019\/2020\u00a0 \u00a0 Podanie elektronickej prihl\u00e1\u0161ky > Elektronick\u00e1 prihl\u00e1\u0161ka<\/p>\n","protected":false},"author":1,"featured_media":13921,"template":"","meta":{"_acf_changed":false,"_editorskit_title_hidden":false,"_editorskit_reading_time":0,"_editorskit_is_block_options_detached":false,"_editorskit_block_options_position":"{}","footnotes":""},"categories":[],"tags":[],"tax_aktuality":[24],"class_list":["post-13920","cpt_aktuality","type-cpt_aktuality","status-publish","has-post-thumbnail","hentry","tax_aktuality-archiv-2019"],"acf":{"acf_link_na_externy_obsah":"","poradie_clanku":""},"yoast_head":"<!-- This site is optimized with the Yoast SEO plugin v27.4 - https:\/\/yoast.com\/product\/yoast-seo-wordpress\/ -->\n<title>2. kolo Prij\u00edmacieho konania pre akademick\u00fd rok 2019\/2020 - \u00dastav telesnej v\u00fdchovy a \u0161portu | UPJ\u0160<\/title>\n<meta name=\"robots\" content=\"index, follow, max-snippet:-1, max-image-preview:large, max-video-preview:-1\" \/>\n<link rel=\"canonical\" href=\"https:\/\/www.upjs.sk\/pracoviska\/ustav-telesnej-vychovy\/actuality\/pk-utvs-2kolo-2019-2020\/\" \/>\n<meta property=\"og:locale\" content=\"sk_SK\" \/>\n<meta property=\"og:type\" content=\"article\" \/>\n<meta property=\"og:title\" content=\"2. kolo Prij\u00edmacieho konania pre akademick\u00fd rok 2019\/2020 - \u00dastav telesnej v\u00fdchovy a \u0161portu | UPJ\u0160\" \/>\n<meta property=\"og:description\" content=\"Z\u00e1ujemcovia o \u0161t\u00fadium na \u00dastave telesnej v\u00fdchovy a \u0161portu UPJ\u0160 m\u00f4\u017eu poda\u0165 prihl\u00e1\u0161ku na bakal\u00e1rske \u0161t\u00fadium \u0161tudijn\u00e9ho programu \u0160port a\u00a0rekre\u00e1cia v akademickom roku 2019\/2020 aj\u00a0elektronickou formou. Term\u00edn podania prihl\u00e1\u0161ky: do 26. 07. 2019 Term\u00edn konania prij\u00edmacej sk\u00fa\u0161ky:\u00a0 26.08.2019 \u25ba\u00a0Podmienky prij\u00edmacieho konania v ak. roku 2019\/2020\u00a0 \u00a0 Podanie elektronickej prihl\u00e1\u0161ky &gt; Elektronick\u00e1 prihl\u00e1\u0161ka\" \/>\n<meta property=\"og:url\" content=\"https:\/\/www.upjs.sk\/pracoviska\/ustav-telesnej-vychovy\/actuality\/pk-utvs-2kolo-2019-2020\/\" \/>\n<meta property=\"og:site_name\" content=\"\u00dastav telesnej v\u00fdchovy a \u0161portu | UPJ\u0160\" \/>\n<meta property=\"article:modified_time\" content=\"2022-10-27T11:10:09+00:00\" \/>\n<meta property=\"og:image\" content=\"https:\/\/www.upjs.sk\/app\/uploads\/sites\/14\/2022\/10\/logo-UTVS-1.jpg\" \/>\n\t<meta property=\"og:image:width\" content=\"450\" \/>\n\t<meta property=\"og:image:height\" content=\"250\" \/>\n\t<meta property=\"og:image:type\" content=\"image\/jpeg\" \/>\n<meta name=\"twitter:card\" content=\"summary_large_image\" \/>\n<script type=\"application\/ld+json\" class=\"yoast-schema-graph\">{\"@context\":\"https:\\\/\\\/schema.org\",\"@graph\":[{\"@type\":\"WebPage\",\"@id\":\"https:\\\/\\\/www.upjs.sk\\\/pracoviska\\\/ustav-telesnej-vychovy\\\/actuality\\\/pk-utvs-2kolo-2019-2020\\\/\",\"url\":\"https:\\\/\\\/www.upjs.sk\\\/pracoviska\\\/ustav-telesnej-vychovy\\\/actuality\\\/pk-utvs-2kolo-2019-2020\\\/\",\"name\":\"2. kolo Prij\u00edmacieho konania pre akademick\u00fd rok 2019\\\/2020 - \u00dastav telesnej v\u00fdchovy a \u0161portu | UPJ\u0160\",\"isPartOf\":{\"@id\":\"https:\\\/\\\/www.upjs.sk\\\/pracoviska\\\/ustav-telesnej-vychovy\\\/#website\"},\"primaryImageOfPage\":{\"@id\":\"https:\\\/\\\/www.upjs.sk\\\/pracoviska\\\/ustav-telesnej-vychovy\\\/actuality\\\/pk-utvs-2kolo-2019-2020\\\/#primaryimage\"},\"image\":{\"@id\":\"https:\\\/\\\/www.upjs.sk\\\/pracoviska\\\/ustav-telesnej-vychovy\\\/actuality\\\/pk-utvs-2kolo-2019-2020\\\/#primaryimage\"},\"thumbnailUrl\":\"https:\\\/\\\/www.upjs.sk\\\/app\\\/uploads\\\/sites\\\/14\\\/2022\\\/10\\\/logo-UTVS-1.jpg\",\"datePublished\":\"2020-10-07T08:43:20+00:00\",\"dateModified\":\"2022-10-27T11:10:09+00:00\",\"breadcrumb\":{\"@id\":\"https:\\\/\\\/www.upjs.sk\\\/pracoviska\\\/ustav-telesnej-vychovy\\\/actuality\\\/pk-utvs-2kolo-2019-2020\\\/#breadcrumb\"},\"inLanguage\":\"sk-SK\",\"potentialAction\":[{\"@type\":\"ReadAction\",\"target\":[\"https:\\\/\\\/www.upjs.sk\\\/pracoviska\\\/ustav-telesnej-vychovy\\\/actuality\\\/pk-utvs-2kolo-2019-2020\\\/\"]}]},{\"@type\":\"ImageObject\",\"inLanguage\":\"sk-SK\",\"@id\":\"https:\\\/\\\/www.upjs.sk\\\/pracoviska\\\/ustav-telesnej-vychovy\\\/actuality\\\/pk-utvs-2kolo-2019-2020\\\/#primaryimage\",\"url\":\"https:\\\/\\\/www.upjs.sk\\\/app\\\/uploads\\\/sites\\\/14\\\/2022\\\/10\\\/logo-UTVS-1.jpg\",\"contentUrl\":\"https:\\\/\\\/www.upjs.sk\\\/app\\\/uploads\\\/sites\\\/14\\\/2022\\\/10\\\/logo-UTVS-1.jpg\",\"width\":450,\"height\":250,\"caption\":\"PK-UTVS-2kolo-2019-2020\"},{\"@type\":\"BreadcrumbList\",\"@id\":\"https:\\\/\\\/www.upjs.sk\\\/pracoviska\\\/ustav-telesnej-vychovy\\\/actuality\\\/pk-utvs-2kolo-2019-2020\\\/#breadcrumb\",\"itemListElement\":[{\"@type\":\"ListItem\",\"position\":1,\"name\":\"Home\",\"item\":\"https:\\\/\\\/www.upjs.sk\\\/pracoviska\\\/ustav-telesnej-vychovy\\\/\"},{\"@type\":\"ListItem\",\"position\":2,\"name\":\"Aktuality\",\"item\":\"https:\\\/\\\/www.upjs.sk\\\/pracoviska\\\/ustav-telesnej-vychovy\\\/actuality\\\/\"},{\"@type\":\"ListItem\",\"position\":3,\"name\":\"2. kolo Prij\u00edmacieho konania pre akademick\u00fd rok 2019\\\/2020\"}]},{\"@type\":\"WebSite\",\"@id\":\"https:\\\/\\\/www.upjs.sk\\\/pracoviska\\\/ustav-telesnej-vychovy\\\/#website\",\"url\":\"https:\\\/\\\/www.upjs.sk\\\/pracoviska\\\/ustav-telesnej-vychovy\\\/\",\"name\":\"\u00dastav telesnej v\u00fdchovy a \u0161portu | UPJ\u0160\",\"description\":\"\",\"publisher\":{\"@id\":\"https:\\\/\\\/www.upjs.sk\\\/pracoviska\\\/ustav-telesnej-vychovy\\\/#organization\"},\"potentialAction\":[{\"@type\":\"SearchAction\",\"target\":{\"@type\":\"EntryPoint\",\"urlTemplate\":\"https:\\\/\\\/www.upjs.sk\\\/pracoviska\\\/ustav-telesnej-vychovy\\\/?s={search_term_string}\"},\"query-input\":{\"@type\":\"PropertyValueSpecification\",\"valueRequired\":true,\"valueName\":\"search_term_string\"}}],\"inLanguage\":\"sk-SK\"},{\"@type\":\"Organization\",\"@id\":\"https:\\\/\\\/www.upjs.sk\\\/pracoviska\\\/ustav-telesnej-vychovy\\\/#organization\",\"name\":\"\u00dastav telesnej v\u00fdchovy a \u0161portu | UPJ\u0160\",\"url\":\"https:\\\/\\\/www.upjs.sk\\\/pracoviska\\\/ustav-telesnej-vychovy\\\/\",\"logo\":{\"@type\":\"ImageObject\",\"inLanguage\":\"sk-SK\",\"@id\":\"https:\\\/\\\/www.upjs.sk\\\/pracoviska\\\/ustav-telesnej-vychovy\\\/#\\\/schema\\\/logo\\\/image\\\/\",\"url\":\"https:\\\/\\\/www.upjs.sk\\\/app\\\/uploads\\\/sites\\\/14\\\/2023\\\/01\\\/UTVS.svg\",\"contentUrl\":\"https:\\\/\\\/www.upjs.sk\\\/app\\\/uploads\\\/sites\\\/14\\\/2023\\\/01\\\/UTVS.svg\",\"width\":500,\"height\":138,\"caption\":\"\u00dastav telesnej v\u00fdchovy a \u0161portu | UPJ\u0160\"},\"image\":{\"@id\":\"https:\\\/\\\/www.upjs.sk\\\/pracoviska\\\/ustav-telesnej-vychovy\\\/#\\\/schema\\\/logo\\\/image\\\/\"}}]}<\/script>\n<!-- \/ Yoast SEO plugin. -->","yoast_head_json":{"title":"2. kolo Prij\u00edmacieho konania pre akademick\u00fd rok 2019\/2020 - \u00dastav telesnej v\u00fdchovy a \u0161portu | UPJ\u0160","robots":{"index":"index","follow":"follow","max-snippet":"max-snippet:-1","max-image-preview":"max-image-preview:large","max-video-preview":"max-video-preview:-1"},"canonical":"https:\/\/www.upjs.sk\/pracoviska\/ustav-telesnej-vychovy\/actuality\/pk-utvs-2kolo-2019-2020\/","og_locale":"sk_SK","og_type":"article","og_title":"2. kolo Prij\u00edmacieho konania pre akademick\u00fd rok 2019\/2020 - \u00dastav telesnej v\u00fdchovy a \u0161portu | UPJ\u0160","og_description":"Z\u00e1ujemcovia o \u0161t\u00fadium na \u00dastave telesnej v\u00fdchovy a \u0161portu UPJ\u0160 m\u00f4\u017eu poda\u0165 prihl\u00e1\u0161ku na bakal\u00e1rske \u0161t\u00fadium \u0161tudijn\u00e9ho programu \u0160port a\u00a0rekre\u00e1cia v akademickom roku 2019\/2020 aj\u00a0elektronickou formou. Term\u00edn podania prihl\u00e1\u0161ky: do 26. 07. 2019 Term\u00edn konania prij\u00edmacej sk\u00fa\u0161ky:\u00a0 26.08.2019 \u25ba\u00a0Podmienky prij\u00edmacieho konania v ak. roku 2019\/2020\u00a0 \u00a0 Podanie elektronickej prihl\u00e1\u0161ky > Elektronick\u00e1 prihl\u00e1\u0161ka","og_url":"https:\/\/www.upjs.sk\/pracoviska\/ustav-telesnej-vychovy\/actuality\/pk-utvs-2kolo-2019-2020\/","og_site_name":"\u00dastav telesnej v\u00fdchovy a \u0161portu | UPJ\u0160","article_modified_time":"2022-10-27T11:10:09+00:00","og_image":[{"width":450,"height":250,"url":"https:\/\/www.upjs.sk\/app\/uploads\/sites\/14\/2022\/10\/logo-UTVS-1.jpg","type":"image\/jpeg"}],"twitter_card":"summary_large_image","schema":{"@context":"https:\/\/schema.org","@graph":[{"@type":"WebPage","@id":"https:\/\/www.upjs.sk\/pracoviska\/ustav-telesnej-vychovy\/actuality\/pk-utvs-2kolo-2019-2020\/","url":"https:\/\/www.upjs.sk\/pracoviska\/ustav-telesnej-vychovy\/actuality\/pk-utvs-2kolo-2019-2020\/","name":"2. kolo Prij\u00edmacieho konania pre akademick\u00fd rok 2019\/2020 - \u00dastav telesnej v\u00fdchovy a \u0161portu | UPJ\u0160","isPartOf":{"@id":"https:\/\/www.upjs.sk\/pracoviska\/ustav-telesnej-vychovy\/#website"},"primaryImageOfPage":{"@id":"https:\/\/www.upjs.sk\/pracoviska\/ustav-telesnej-vychovy\/actuality\/pk-utvs-2kolo-2019-2020\/#primaryimage"},"image":{"@id":"https:\/\/www.upjs.sk\/pracoviska\/ustav-telesnej-vychovy\/actuality\/pk-utvs-2kolo-2019-2020\/#primaryimage"},"thumbnailUrl":"https:\/\/www.upjs.sk\/app\/uploads\/sites\/14\/2022\/10\/logo-UTVS-1.jpg","datePublished":"2020-10-07T08:43:20+00:00","dateModified":"2022-10-27T11:10:09+00:00","breadcrumb":{"@id":"https:\/\/www.upjs.sk\/pracoviska\/ustav-telesnej-vychovy\/actuality\/pk-utvs-2kolo-2019-2020\/#breadcrumb"},"inLanguage":"sk-SK","potentialAction":[{"@type":"ReadAction","target":["https:\/\/www.upjs.sk\/pracoviska\/ustav-telesnej-vychovy\/actuality\/pk-utvs-2kolo-2019-2020\/"]}]},{"@type":"ImageObject","inLanguage":"sk-SK","@id":"https:\/\/www.upjs.sk\/pracoviska\/ustav-telesnej-vychovy\/actuality\/pk-utvs-2kolo-2019-2020\/#primaryimage","url":"https:\/\/www.upjs.sk\/app\/uploads\/sites\/14\/2022\/10\/logo-UTVS-1.jpg","contentUrl":"https:\/\/www.upjs.sk\/app\/uploads\/sites\/14\/2022\/10\/logo-UTVS-1.jpg","width":450,"height":250,"caption":"PK-UTVS-2kolo-2019-2020"},{"@type":"BreadcrumbList","@id":"https:\/\/www.upjs.sk\/pracoviska\/ustav-telesnej-vychovy\/actuality\/pk-utvs-2kolo-2019-2020\/#breadcrumb","itemListElement":[{"@type":"ListItem","position":1,"name":"Home","item":"https:\/\/www.upjs.sk\/pracoviska\/ustav-telesnej-vychovy\/"},{"@type":"ListItem","position":2,"name":"Aktuality","item":"https:\/\/www.upjs.sk\/pracoviska\/ustav-telesnej-vychovy\/actuality\/"},{"@type":"ListItem","position":3,"name":"2. kolo Prij\u00edmacieho konania pre akademick\u00fd rok 2019\/2020"}]},{"@type":"WebSite","@id":"https:\/\/www.upjs.sk\/pracoviska\/ustav-telesnej-vychovy\/#website","url":"https:\/\/www.upjs.sk\/pracoviska\/ustav-telesnej-vychovy\/","name":"\u00dastav telesnej v\u00fdchovy a \u0161portu | UPJ\u0160","description":"","publisher":{"@id":"https:\/\/www.upjs.sk\/pracoviska\/ustav-telesnej-vychovy\/#organization"},"potentialAction":[{"@type":"SearchAction","target":{"@type":"EntryPoint","urlTemplate":"https:\/\/www.upjs.sk\/pracoviska\/ustav-telesnej-vychovy\/?s={search_term_string}"},"query-input":{"@type":"PropertyValueSpecification","valueRequired":true,"valueName":"search_term_string"}}],"inLanguage":"sk-SK"},{"@type":"Organization","@id":"https:\/\/www.upjs.sk\/pracoviska\/ustav-telesnej-vychovy\/#organization","name":"\u00dastav telesnej v\u00fdchovy a \u0161portu | UPJ\u0160","url":"https:\/\/www.upjs.sk\/pracoviska\/ustav-telesnej-vychovy\/","logo":{"@type":"ImageObject","inLanguage":"sk-SK","@id":"https:\/\/www.upjs.sk\/pracoviska\/ustav-telesnej-vychovy\/#\/schema\/logo\/image\/","url":"https:\/\/www.upjs.sk\/app\/uploads\/sites\/14\/2023\/01\/UTVS.svg","contentUrl":"https:\/\/www.upjs.sk\/app\/uploads\/sites\/14\/2023\/01\/UTVS.svg","width":500,"height":138,"caption":"\u00dastav telesnej v\u00fdchovy a \u0161portu | UPJ\u0160"},"image":{"@id":"https:\/\/www.upjs.sk\/pracoviska\/ustav-telesnej-vychovy\/#\/schema\/logo\/image\/"}}]}},"_links":{"self":[{"href":"https:\/\/www.upjs.sk\/pracoviska\/ustav-telesnej-vychovy\/wp-json\/wp\/v2\/cpt_aktuality\/13920","targetHints":{"allow":["GET"]}}],"collection":[{"href":"https:\/\/www.upjs.sk\/pracoviska\/ustav-telesnej-vychovy\/wp-json\/wp\/v2\/cpt_aktuality"}],"about":[{"href":"https:\/\/www.upjs.sk\/pracoviska\/ustav-telesnej-vychovy\/wp-json\/wp\/v2\/types\/cpt_aktuality"}],"author":[{"embeddable":true,"href":"https:\/\/www.upjs.sk\/pracoviska\/ustav-telesnej-vychovy\/wp-json\/wp\/v2\/users\/1"}],"version-history":[{"count":0,"href":"https:\/\/www.upjs.sk\/pracoviska\/ustav-telesnej-vychovy\/wp-json\/wp\/v2\/cpt_aktuality\/13920\/revisions"}],"wp:featuredmedia":[{"embeddable":true,"href":"https:\/\/www.upjs.sk\/pracoviska\/ustav-telesnej-vychovy\/wp-json\/wp\/v2\/media\/13921"}],"wp:attachment":[{"href":"https:\/\/www.upjs.sk\/pracoviska\/ustav-telesnej-vychovy\/wp-json\/wp\/v2\/media?parent=13920"}],"wp:term":[{"taxonomy":"category","embeddable":true,"href":"https:\/\/www.upjs.sk\/pracoviska\/ustav-telesnej-vychovy\/wp-json\/wp\/v2\/categories?post=13920"},{"taxonomy":"post_tag","embeddable":true,"href":"https:\/\/www.upjs.sk\/pracoviska\/ustav-telesnej-vychovy\/wp-json\/wp\/v2\/tags?post=13920"},{"taxonomy":"tax_aktuality","embeddable":true,"href":"https:\/\/www.upjs.sk\/pracoviska\/ustav-telesnej-vychovy\/wp-json\/wp\/v2\/tax_aktuality?post=13920"}],"curies":[{"name":"wp","href":"https:\/\/api.w.org\/{rel}","templated":true}]}}