{"id":49071,"date":"2025-09-07T09:09:59","date_gmt":"2025-09-07T08:09:59","guid":{"rendered":"https:\/\/www.upjs.sk\/pravnicka-fakulta\/?post_type=cpt_pracoviska&#038;p=49071"},"modified":"2025-09-07T09:10:00","modified_gmt":"2025-09-07T08:10:00","slug":"department-of-criminal-law-international-relations","status":"publish","type":"cpt_pracoviska","link":"https:\/\/www.upjs.sk\/pravnicka-fakulta\/en\/pracoviska\/docrl\/department-of-criminal-law-international-relations\/","title":{"rendered":"Department of Criminal Law &#8211; International Relations"},"content":{"rendered":"\n<p>The organization of scientific conferences by the Department is one of its activities that undoubtedly contributes to the professionalisation of the Department and promotion of its status and recognition not only in the academic environment but in the whole professional community. It is worth mentioning that these conferences are consistently and regularly attended by renowned experts from the academic community (professors, associate professors from the Slovak Republic and the Czech Republic, and also from Hungary, Poland, Slovenia), and specialists from legal practice \u2013 representatives of the judiciary, Prosecutor&#8217;s offices, expert institutes, law offices, Prison and Guard Service of the Slovak Republic, Police forces of the SR, or other institutions concerned. It is a great honour for the Department that the name of the conference KO\u0160ICE DAYS OF CRIMINAL LAW, with the forthcoming seventh conference in June 2023, has become a synonym of high-quality organization of international scientific conferences and has created a forum for the exchange of opinions on current issues resonating across the professional community. The first conference KO\u0160ICE DAYS OF CRIMINAL LAW was convened in 2017 and continued the long tradition of international conference organization of the past as stated below:<\/p>\n\n\n\n<ul class=\"wp-block-list\">\n<li>Scientific conference \u201dCurrent issues of Criminal Law\u201d, Ko\u0161ice, 17<sup>th<\/sup> September 1981<\/li>\n\n\n\n<li>Scientific conference with international participation \u201dProtection of basic rights and freedoms (personal rights) under the Criminal law rules\u201d, Ko\u0161ice, 28<sup>th<\/sup> April 1992<\/li>\n\n\n\n<li>International scientific conference \u201dCriminal Law on the threshold of the third millennium\u201d, Ko\u0161ice 15<sup>th<\/sup>-16<sup>th <\/sup>May 2003<\/li>\n\n\n\n<li>Scientific conference with international participation \u201dAntiterrorist legislation\u201d, Ko\u0161ice, 1<sup>st<\/sup> December 2008<\/li>\n\n\n\n<li>Scientific conference with international participation \u201dHuman trafficking\u201d, Ko\u0161ice, 23<sup>rd<\/sup> November 2009<\/li>\n\n\n\n<li>International scientific symposium \u201dComputer crime \u2013 juristic, criminalistic and criminological aspects\u201d, Ko\u0161ice, 28<sup>th<\/sup> March 2014<\/li>\n\n\n\n<li>International scientific conference \u201dPrinciples and maxims in Criminal Law\u201d, Ko\u0161ice 16<sup>th<\/sup>-17<sup>th<\/sup> September 2014<\/li>\n\n\n\n<li>Interdisciplinary national scientific conference with international participation \u201dCriminal policy of the state \u2013 history, presence and perspectives\u201d, Ko\u0161ice, 4<sup>th<\/sup>-5<sup>th<\/sup> November 2015<\/li>\n\n\n\n<li>Interdisciplinary national scientific conference with international participation \u201dIntersections of Criminal Law with other branches and scientific disciplines\u201d, Ko\u0161ice, 23<sup>rd<\/sup>-24<sup>th<\/sup> November 2016<\/li>\n\n\n\n<li>Interdisciplinary national scientific conference with international participation \u201dI. KO\u0160ICE DAYS OF CRIMINAL LAW \u2013 Perspectives of Development in the European Criminal Law\u201d, Ko\u0161ice, 23<sup>rd<\/sup>-24<sup>th<\/sup> November 2017<\/li>\n\n\n\n<li>Interdisciplinary national scientific conference with international participation \u201cII. KO\u0160ICE DAYS OF CRIMINAL LAW \u2013 Injured Party and Victim of Crime, the possibilities of strengthening of their procedural rights\u201d, Ko\u0161ice, 7th-8th November 2018<\/li>\n\n\n\n<li>Interdisciplinary national scientific conference with international participation \u201dIII. KO\u0160ICE DAYS OF CRIMINAL LAW \u2013 Criminological and organizational-technical aspects of privatization of Criminal Law\u201d, Ko\u0161ice, 6<sup>th<\/sup>-7<sup>th<\/sup> November 2019<\/li>\n\n\n\n<li>Interdisciplinary national scientific conference with international participation \u201dIV. KO\u0160ICE DAYS OF CRIMINAL LAW \u2013 Privatization of imprisonment, sci-fi or the only option?\u201d Ko\u0161ice, 2020 \u2013 due to the COVID 19 pandemic the scientific conference was not organized, Conference proceedings published only<\/li>\n\n\n\n<li>Interdisciplinary national scientific conference with international participation \u201dV. KO\u0160ICE DAYS OF CRIMINAL LAW \u2013 Privatization of Criminal Law \u2013 what&#8217;s next?\u201d, Ko\u0161ice, 15<sup>th<\/sup>-16<sup>th<\/sup> June 2021<\/li>\n\n\n\n<li>Interdisciplinary national scientific conference with international participation \u201dVI. KO\u0160ICE DAYS OF CRIMINAL LAW 2022: The value direction of Criminal Law\u201d, Ko\u0161ice, 22<sup>nd<\/sup>-23<sup>rd<\/sup> June 2022.<\/li>\n<\/ul>\n\n\n\n<p>The Department maintains and enhances cooperation not only with the departments of its kind in the Slovak Republic but also with the academic staff and officials of all departments of criminal law at various faculties of law in the Czech Republic. In this regard, it is important to underline the cooperation with Prof. Dr. Nagy Anita (university professor) from the Faculty of Law of the University of Miskolc in Hungary, who as a co-worker directly participated in the project APVV-16-0362 \u201dPrivatization of Criminal Law \u2013 substantive, procedural, organizational-technical and criminological aspects\u201d during the 2017-2021 period.<\/p>\n","protected":false},"author":24,"featured_media":0,"parent":49046,"menu_order":2,"template":"","meta":{"_acf_changed":false,"_editorskit_title_hidden":false,"_editorskit_reading_time":0,"_editorskit_is_block_options_detached":false,"_editorskit_block_options_position":"{}"},"categories":[],"tags":[],"tax_aktuality":[],"class_list":["post-49071","cpt_pracoviska","type-cpt_pracoviska","status-publish","hentry"],"acf":{"acf_link_na_externy_obsah":""},"yoast_head":"<!-- This site is optimized with the Yoast SEO plugin v27.4 - https:\/\/yoast.com\/product\/yoast-seo-wordpress\/ -->\n<title>Department of Criminal Law - International Relations - Pr\u00e1vnick\u00e1 fakulta | UPJ\u0160<\/title>\n<meta name=\"robots\" content=\"index, follow, max-snippet:-1, max-image-preview:large, max-video-preview:-1\" \/>\n<link rel=\"canonical\" href=\"https:\/\/www.upjs.sk\/pravnicka-fakulta\/en\/pracoviska\/docrl\/department-of-criminal-law-international-relations\/\" \/>\n<meta property=\"og:locale\" content=\"en_US\" \/>\n<meta property=\"og:type\" content=\"article\" \/>\n<meta property=\"og:title\" content=\"Department of Criminal Law - International Relations - Pr\u00e1vnick\u00e1 fakulta | UPJ\u0160\" \/>\n<meta property=\"og:description\" content=\"The organization of scientific conferences by the Department is one of its activities that undoubtedly contributes to the professionalisation of the Department and promotion of its status and recognition not only in the academic environment but in the whole professional community. It is worth mentioning that these conferences are consistently and regularly attended by renowned &hellip; Continued\" \/>\n<meta property=\"og:url\" content=\"https:\/\/www.upjs.sk\/pravnicka-fakulta\/en\/pracoviska\/docrl\/department-of-criminal-law-international-relations\/\" \/>\n<meta property=\"og:site_name\" content=\"Pr\u00e1vnick\u00e1 fakulta | UPJ\u0160\" \/>\n<meta property=\"article:modified_time\" content=\"2025-09-07T08:10:00+00:00\" \/>\n<meta name=\"twitter:card\" content=\"summary_large_image\" \/>\n<meta name=\"twitter:label1\" content=\"Est. reading time\" \/>\n\t<meta name=\"twitter:data1\" content=\"4 minutes\" \/>\n<script type=\"application\/ld+json\" class=\"yoast-schema-graph\">{\"@context\":\"https:\\\/\\\/schema.org\",\"@graph\":[{\"@type\":\"WebPage\",\"@id\":\"https:\\\/\\\/www.upjs.sk\\\/pravnicka-fakulta\\\/en\\\/pracoviska\\\/docrl\\\/department-of-criminal-law-international-relations\\\/\",\"url\":\"https:\\\/\\\/www.upjs.sk\\\/pravnicka-fakulta\\\/en\\\/pracoviska\\\/docrl\\\/department-of-criminal-law-international-relations\\\/\",\"name\":\"Department of Criminal Law - International Relations - Pr\u00e1vnick\u00e1 fakulta | UPJ\u0160\",\"isPartOf\":{\"@id\":\"https:\\\/\\\/www.upjs.sk\\\/pravnicka-fakulta\\\/en\\\/#website\"},\"datePublished\":\"2025-09-07T08:09:59+00:00\",\"dateModified\":\"2025-09-07T08:10:00+00:00\",\"breadcrumb\":{\"@id\":\"https:\\\/\\\/www.upjs.sk\\\/pravnicka-fakulta\\\/en\\\/pracoviska\\\/docrl\\\/department-of-criminal-law-international-relations\\\/#breadcrumb\"},\"inLanguage\":\"en-US\",\"potentialAction\":[{\"@type\":\"ReadAction\",\"target\":[\"https:\\\/\\\/www.upjs.sk\\\/pravnicka-fakulta\\\/en\\\/pracoviska\\\/docrl\\\/department-of-criminal-law-international-relations\\\/\"]}]},{\"@type\":\"BreadcrumbList\",\"@id\":\"https:\\\/\\\/www.upjs.sk\\\/pravnicka-fakulta\\\/en\\\/pracoviska\\\/docrl\\\/department-of-criminal-law-international-relations\\\/#breadcrumb\",\"itemListElement\":[{\"@type\":\"ListItem\",\"position\":1,\"name\":\"Home\",\"item\":\"https:\\\/\\\/www.upjs.sk\\\/pravnicka-fakulta\\\/en\\\/\"},{\"@type\":\"ListItem\",\"position\":2,\"name\":\"Workplaces\",\"item\":\"https:\\\/\\\/www.upjs.sk\\\/pravnicka-fakulta\\\/en\\\/pracoviska\\\/\"},{\"@type\":\"ListItem\",\"position\":3,\"name\":\"Department of Criminal Law &#8211; International Relations\"}]},{\"@type\":\"WebSite\",\"@id\":\"https:\\\/\\\/www.upjs.sk\\\/pravnicka-fakulta\\\/en\\\/#website\",\"url\":\"https:\\\/\\\/www.upjs.sk\\\/pravnicka-fakulta\\\/en\\\/\",\"name\":\"Pr\u00e1vnick\u00e1 fakulta | UPJ\u0160\",\"description\":\"\",\"publisher\":{\"@id\":\"https:\\\/\\\/www.upjs.sk\\\/pravnicka-fakulta\\\/en\\\/#organization\"},\"potentialAction\":[{\"@type\":\"SearchAction\",\"target\":{\"@type\":\"EntryPoint\",\"urlTemplate\":\"https:\\\/\\\/www.upjs.sk\\\/pravnicka-fakulta\\\/en\\\/?s={search_term_string}\"},\"query-input\":{\"@type\":\"PropertyValueSpecification\",\"valueRequired\":true,\"valueName\":\"search_term_string\"}}],\"inLanguage\":\"en-US\"},{\"@type\":\"Organization\",\"@id\":\"https:\\\/\\\/www.upjs.sk\\\/pravnicka-fakulta\\\/en\\\/#organization\",\"name\":\"Pr\u00e1vnick\u00e1 fakulta | UPJ\u0160\",\"url\":\"https:\\\/\\\/www.upjs.sk\\\/pravnicka-fakulta\\\/en\\\/\",\"logo\":{\"@type\":\"ImageObject\",\"inLanguage\":\"en-US\",\"@id\":\"https:\\\/\\\/www.upjs.sk\\\/pravnicka-fakulta\\\/en\\\/#\\\/schema\\\/logo\\\/image\\\/\",\"url\":\"https:\\\/\\\/www.upjs.sk\\\/app\\\/uploads\\\/sites\\\/11\\\/2025\\\/01\\\/logo-pravnicka-fakulta-EN-1.png\",\"contentUrl\":\"https:\\\/\\\/www.upjs.sk\\\/app\\\/uploads\\\/sites\\\/11\\\/2025\\\/01\\\/logo-pravnicka-fakulta-EN-1.png\",\"width\":415,\"height\":87,\"caption\":\"Pr\u00e1vnick\u00e1 fakulta | UPJ\u0160\"},\"image\":{\"@id\":\"https:\\\/\\\/www.upjs.sk\\\/pravnicka-fakulta\\\/en\\\/#\\\/schema\\\/logo\\\/image\\\/\"}}]}<\/script>\n<!-- \/ Yoast SEO plugin. -->","yoast_head_json":{"title":"Department of Criminal Law - International Relations - Pr\u00e1vnick\u00e1 fakulta | UPJ\u0160","robots":{"index":"index","follow":"follow","max-snippet":"max-snippet:-1","max-image-preview":"max-image-preview:large","max-video-preview":"max-video-preview:-1"},"canonical":"https:\/\/www.upjs.sk\/pravnicka-fakulta\/en\/pracoviska\/docrl\/department-of-criminal-law-international-relations\/","og_locale":"en_US","og_type":"article","og_title":"Department of Criminal Law - International Relations - Pr\u00e1vnick\u00e1 fakulta | UPJ\u0160","og_description":"The organization of scientific conferences by the Department is one of its activities that undoubtedly contributes to the professionalisation of the Department and promotion of its status and recognition not only in the academic environment but in the whole professional community. It is worth mentioning that these conferences are consistently and regularly attended by renowned &hellip; Continued","og_url":"https:\/\/www.upjs.sk\/pravnicka-fakulta\/en\/pracoviska\/docrl\/department-of-criminal-law-international-relations\/","og_site_name":"Pr\u00e1vnick\u00e1 fakulta | UPJ\u0160","article_modified_time":"2025-09-07T08:10:00+00:00","twitter_card":"summary_large_image","twitter_misc":{"Est. reading time":"4 minutes"},"schema":{"@context":"https:\/\/schema.org","@graph":[{"@type":"WebPage","@id":"https:\/\/www.upjs.sk\/pravnicka-fakulta\/en\/pracoviska\/docrl\/department-of-criminal-law-international-relations\/","url":"https:\/\/www.upjs.sk\/pravnicka-fakulta\/en\/pracoviska\/docrl\/department-of-criminal-law-international-relations\/","name":"Department of Criminal Law - International Relations - Pr\u00e1vnick\u00e1 fakulta | UPJ\u0160","isPartOf":{"@id":"https:\/\/www.upjs.sk\/pravnicka-fakulta\/en\/#website"},"datePublished":"2025-09-07T08:09:59+00:00","dateModified":"2025-09-07T08:10:00+00:00","breadcrumb":{"@id":"https:\/\/www.upjs.sk\/pravnicka-fakulta\/en\/pracoviska\/docrl\/department-of-criminal-law-international-relations\/#breadcrumb"},"inLanguage":"en-US","potentialAction":[{"@type":"ReadAction","target":["https:\/\/www.upjs.sk\/pravnicka-fakulta\/en\/pracoviska\/docrl\/department-of-criminal-law-international-relations\/"]}]},{"@type":"BreadcrumbList","@id":"https:\/\/www.upjs.sk\/pravnicka-fakulta\/en\/pracoviska\/docrl\/department-of-criminal-law-international-relations\/#breadcrumb","itemListElement":[{"@type":"ListItem","position":1,"name":"Home","item":"https:\/\/www.upjs.sk\/pravnicka-fakulta\/en\/"},{"@type":"ListItem","position":2,"name":"Workplaces","item":"https:\/\/www.upjs.sk\/pravnicka-fakulta\/en\/pracoviska\/"},{"@type":"ListItem","position":3,"name":"Department of Criminal Law &#8211; International Relations"}]},{"@type":"WebSite","@id":"https:\/\/www.upjs.sk\/pravnicka-fakulta\/en\/#website","url":"https:\/\/www.upjs.sk\/pravnicka-fakulta\/en\/","name":"Pr\u00e1vnick\u00e1 fakulta | UPJ\u0160","description":"","publisher":{"@id":"https:\/\/www.upjs.sk\/pravnicka-fakulta\/en\/#organization"},"potentialAction":[{"@type":"SearchAction","target":{"@type":"EntryPoint","urlTemplate":"https:\/\/www.upjs.sk\/pravnicka-fakulta\/en\/?s={search_term_string}"},"query-input":{"@type":"PropertyValueSpecification","valueRequired":true,"valueName":"search_term_string"}}],"inLanguage":"en-US"},{"@type":"Organization","@id":"https:\/\/www.upjs.sk\/pravnicka-fakulta\/en\/#organization","name":"Pr\u00e1vnick\u00e1 fakulta | UPJ\u0160","url":"https:\/\/www.upjs.sk\/pravnicka-fakulta\/en\/","logo":{"@type":"ImageObject","inLanguage":"en-US","@id":"https:\/\/www.upjs.sk\/pravnicka-fakulta\/en\/#\/schema\/logo\/image\/","url":"https:\/\/www.upjs.sk\/app\/uploads\/sites\/11\/2025\/01\/logo-pravnicka-fakulta-EN-1.png","contentUrl":"https:\/\/www.upjs.sk\/app\/uploads\/sites\/11\/2025\/01\/logo-pravnicka-fakulta-EN-1.png","width":415,"height":87,"caption":"Pr\u00e1vnick\u00e1 fakulta | UPJ\u0160"},"image":{"@id":"https:\/\/www.upjs.sk\/pravnicka-fakulta\/en\/#\/schema\/logo\/image\/"}}]}},"_links":{"self":[{"href":"https:\/\/www.upjs.sk\/pravnicka-fakulta\/en\/wp-json\/wp\/v2\/cpt_pracoviska\/49071","targetHints":{"allow":["GET"]}}],"collection":[{"href":"https:\/\/www.upjs.sk\/pravnicka-fakulta\/en\/wp-json\/wp\/v2\/cpt_pracoviska"}],"about":[{"href":"https:\/\/www.upjs.sk\/pravnicka-fakulta\/en\/wp-json\/wp\/v2\/types\/cpt_pracoviska"}],"author":[{"embeddable":true,"href":"https:\/\/www.upjs.sk\/pravnicka-fakulta\/en\/wp-json\/wp\/v2\/users\/24"}],"up":[{"embeddable":true,"href":"https:\/\/www.upjs.sk\/pravnicka-fakulta\/en\/wp-json\/wp\/v2\/cpt_pracoviska\/49046"}],"wp:attachment":[{"href":"https:\/\/www.upjs.sk\/pravnicka-fakulta\/en\/wp-json\/wp\/v2\/media?parent=49071"}],"wp:term":[{"taxonomy":"category","embeddable":true,"href":"https:\/\/www.upjs.sk\/pravnicka-fakulta\/en\/wp-json\/wp\/v2\/categories?post=49071"},{"taxonomy":"post_tag","embeddable":true,"href":"https:\/\/www.upjs.sk\/pravnicka-fakulta\/en\/wp-json\/wp\/v2\/tags?post=49071"},{"taxonomy":"tax_aktuality","embeddable":true,"href":"https:\/\/www.upjs.sk\/pravnicka-fakulta\/en\/wp-json\/wp\/v2\/tax_aktuality?post=49071"}],"curies":[{"name":"wp","href":"https:\/\/api.w.org\/{rel}","templated":true}]}}