{"id":49077,"date":"2025-09-07T09:15:25","date_gmt":"2025-09-07T08:15:25","guid":{"rendered":"https:\/\/www.upjs.sk\/pravnicka-fakulta\/?post_type=cpt_pracoviska&#038;p=49077"},"modified":"2025-09-07T09:15:26","modified_gmt":"2025-09-07T08:15:26","slug":"department-of-constitutional-law-and-administrative-law-research","status":"publish","type":"cpt_pracoviska","link":"https:\/\/www.upjs.sk\/pravnicka-fakulta\/en\/pracoviska\/doclaal\/department-of-constitutional-law-and-administrative-law-research\/","title":{"rendered":"Department of Constitutional Law and Administrative Law &#8211; Research"},"content":{"rendered":"\n<p>As is the case with pedagogical activities, the scientific and research activities of the Department are also pursued in two different avenues. However, considering the fact that the disciplines of Constitutional Law and Administrative Law are closely related, the joint work of the members of the Department on interdisciplinary research projects has systematically proven to be mutually beneficial in many aspects.<\/p>\n\n\n\n<p>The most significant research projects of the Department of Constitutional Law and Administrative Law at Pavol Jozef \u0160af\u00e1rik University in Ko\u0161ice within the VEGA, VVGS and APVV grant schemes were as follows:<\/p>\n\n\n\n<ul class=\"wp-block-list\">\n<li>APVV-20-0076 \u201dWaste and Construction \u2013 modelling the effectiveness of alternative options for cooperation between administrative authorities\u201d, 07\/2021-06\/2024, co-worker for UPJ\u0160 in Ko\u0161ice R. Jakab<\/li>\n\n\n\n<li>VEGA no. 3\/05 \u201dLegal aspects and features of liability of public officials in the territory of the Slovak Republic after accession to the Common European legal network\u201d, 01\/2005- 12\/2007, principal investigator J. Sotol\u00e1\u0159<\/li>\n\n\n\n<li>VEGA no. 1\/4613\/07 \u201dConstitutional system of the Slovak Republic \u2013 present development, actual situation, perspectives\u201d, 01\/2007-12\/2009, principal investigator L. Orosz<\/li>\n\n\n\n<li>VEGA no. 1\/0486\/11 \u201dLiability and protection of public officials in the legal system of the Slovak Republic\u201d 01\/2011-12\/2013, principal investigator \u013d. Somorov\u00e1<\/li>\n\n\n\n<li>VEGA no. 1\/0965\/13 \u201dElectoral legislation of the Slovak Republic &#8211; present development, actual situation, perspectives\u201d, 01\/2013-12\/2015, principal investigator L. Orosz<\/li>\n\n\n\n<li>VEGA no. 1\/0203\/18 \u201dTransnational administrative acts of the Member States of the European Union\u201d, 01\/2018-12\/2020, principal investigator R. Jakab<\/li>\n\n\n\n<li>VEGA no. 1\/0399\/20 \u201dConstitutional law-making of the National Council of the Slovak Republic (legal-political analysis \u2013 assessment \u2013 perspectives)\u201d, 01\/2020-12\/2022, principal investigator L. Orosz<\/li>\n\n\n\n<li>VEGA no. 1\/0187\/22 \u201dExtraterritorial effects of foreign administrative acts in the European Union\u201d, 01\/2022\u2013 12\/2024, principal investigator R. Jakab<\/li>\n\n\n\n<li>VVGS-2019-1390 \u201dLaw Podcasts (IPEL)\u201d, 01\/2020-01\/2021, principal investigator R. Jakab.<\/li>\n<\/ul>\n\n\n\n<p>Several prestigious awards conferred upon the members of the Department of Constitutional Law and Administrative Law of UPJ\u0160 in Ko\u0161ice are as follows:<\/p>\n\n\n\n<ul class=\"wp-block-list\">\n<li>Assoc. Prof. JUDr. Jozef Sotol\u00e1\u0159, PhD. \u2013 Honorary Plaquette of ZMOS (The Association of Towns and Communities of Slovakia) for long-term contribution to the development of self-governance in Slovakia in 2010; \u201dMemorial medal of the Association of the Town and Communities of Slovakia\u201d on the 25<sup>th <\/sup>anniversary of local territorial self-governance in 2015<\/li>\n\n\n\n<li>Assoc. Prof. JUDr. Ladislav Orosz, CSc. \u2013 the Award \u201dJudgment of the Year 2015\u201d conferred by the weekly magazine for economics and business Trend in 2015; the Award \u201d Judgment of the Year 2016\u201d conferred by the weekly magazine for economics and business Trend (Finding of the Constitutional court of the SR no. II. \u00daS 184\/2015 of 11.11. 2015) in 2016; the Award \u201dJudgment of the Year 2017\u201d of the weekly magazine for economics and business Trend (Finding of the Constitutional Court of the SR no. II. \u00daS 25\/2017 of 12.10. 2017) in 2017; the Award \u201dLawyer of the Year 2018\u201d in the category of \u201dCivil and Human Rights and Constitutional Rights\u201d, bestowed by the Czech Bar Association in January 2019.<\/li>\n<\/ul>\n\n\n\n<p>Within their research and scientific activities, the Department regularly organizes scientific conferences and workshops related to current issues investigated in various research projects.<\/p>\n\n\n\n<p>In addition to the above, the Department has been actively involved in the organization of one of the most prestigious academic events not only of local but also of national importance, the so-called \u201dConstitutional Days\u201d held annually at the anniversary of the Constitution of the Slovak Republic. This annual scientific conference is convened in cooperation with the Constitutional Court of the Slovak Republic and was first summoned in September 2012. In the course of its history, the following sessions were organized:<\/p>\n\n\n\n<ul class=\"wp-block-list\">\n<li>Constitutional Days \u2013 \u201c20<sup>th<\/sup> Anniversary of the Constitution of the Slovak Republic\u201d, 2012<\/li>\n\n\n\n<li>Constitutional Days \u2013 \u201dThe current problems of the suffrage and the electoral justice in the Slovak Republic\u201d, 2013<\/li>\n\n\n\n<li>Constitutional Days \u2013 \u201dProtection of human rights and fundamental freedoms by constitutional courts and international judicial bodies\u201d, 2014<\/li>\n\n\n\n<li>Constitutional Days \u2013 \u201dFreedom of speech and its limits\u201d, 2015<\/li>\n\n\n\n<li>Constitutional Days \u2013 \u201dImplementation of decisions of international judicial bodies by national courts and other public authorities\u201d, 2016<\/li>\n\n\n\n<li>Constitutional Days \u2013 \u201d25<sup>th<\/sup> Anniversary of the Constitution of the Slovak Republic\u201d, 2017<\/li>\n\n\n\n<li>Constitutional Days \u2013 \u201dThe third term of office of the Constitutional Court of the Slovak Republic\u201d, 2018<\/li>\n\n\n\n<li>Constitutional Days \u2013 \u201dConstitutional and legal regulation of proceedings before the judicial body for the protection of constitutionality in the V4 countries\u201d, 2019<\/li>\n\n\n\n<li>Constitutional Days \u2013 \u201dReflections on changes in the constitutional regulation of the judiciary and their implications for the decision-making activity of the Constitutional Court of the Slovak Republic\u201d, 2020<\/li>\n\n\n\n<li>Constitutional Days \u2013 \u201dFundamental rights and freedoms and their protection in state of emergency and other special legal regimes\u201d, 2021<\/li>\n\n\n\n<li>Constitutional Days \u2013 \u201dThe Constitution of the Slovak Republic as a normative basis of a democratic an legal state (30<sup>th <\/sup>Anniversary of the Constitution of the Slovak Republic)\u201d, 2022.<\/li>\n<\/ul>\n","protected":false},"author":24,"featured_media":0,"parent":49047,"menu_order":3,"template":"","meta":{"_acf_changed":false,"_editorskit_title_hidden":false,"_editorskit_reading_time":0,"_editorskit_is_block_options_detached":false,"_editorskit_block_options_position":"{}"},"categories":[],"tags":[],"tax_aktuality":[],"class_list":["post-49077","cpt_pracoviska","type-cpt_pracoviska","status-publish","hentry"],"acf":{"acf_link_na_externy_obsah":""},"yoast_head":"<!-- This site is optimized with the Yoast SEO plugin v27.4 - https:\/\/yoast.com\/product\/yoast-seo-wordpress\/ -->\n<title>Department of Constitutional Law and Administrative Law - Research - Pr\u00e1vnick\u00e1 fakulta | UPJ\u0160<\/title>\n<meta name=\"robots\" content=\"index, follow, max-snippet:-1, max-image-preview:large, max-video-preview:-1\" \/>\n<link rel=\"canonical\" href=\"https:\/\/www.upjs.sk\/pravnicka-fakulta\/en\/pracoviska\/doclaal\/department-of-constitutional-law-and-administrative-law-research\/\" \/>\n<meta property=\"og:locale\" content=\"en_US\" \/>\n<meta property=\"og:type\" content=\"article\" \/>\n<meta property=\"og:title\" content=\"Department of Constitutional Law and Administrative Law - Research - Pr\u00e1vnick\u00e1 fakulta | UPJ\u0160\" \/>\n<meta property=\"og:description\" content=\"As is the case with pedagogical activities, the scientific and research activities of the Department are also pursued in two different avenues. However, considering the fact that the disciplines of Constitutional Law and Administrative Law are closely related, the joint work of the members of the Department on interdisciplinary research projects has systematically proven to &hellip; Continued\" \/>\n<meta property=\"og:url\" content=\"https:\/\/www.upjs.sk\/pravnicka-fakulta\/en\/pracoviska\/doclaal\/department-of-constitutional-law-and-administrative-law-research\/\" \/>\n<meta property=\"og:site_name\" content=\"Pr\u00e1vnick\u00e1 fakulta | UPJ\u0160\" \/>\n<meta property=\"article:modified_time\" content=\"2025-09-07T08:15:26+00:00\" \/>\n<meta name=\"twitter:card\" content=\"summary_large_image\" \/>\n<meta name=\"twitter:label1\" content=\"Est. reading time\" \/>\n\t<meta name=\"twitter:data1\" content=\"5 minutes\" \/>\n<script type=\"application\/ld+json\" class=\"yoast-schema-graph\">{\"@context\":\"https:\\\/\\\/schema.org\",\"@graph\":[{\"@type\":\"WebPage\",\"@id\":\"https:\\\/\\\/www.upjs.sk\\\/pravnicka-fakulta\\\/en\\\/pracoviska\\\/doclaal\\\/department-of-constitutional-law-and-administrative-law-research\\\/\",\"url\":\"https:\\\/\\\/www.upjs.sk\\\/pravnicka-fakulta\\\/en\\\/pracoviska\\\/doclaal\\\/department-of-constitutional-law-and-administrative-law-research\\\/\",\"name\":\"Department of Constitutional Law and Administrative Law - Research - Pr\u00e1vnick\u00e1 fakulta | UPJ\u0160\",\"isPartOf\":{\"@id\":\"https:\\\/\\\/www.upjs.sk\\\/pravnicka-fakulta\\\/en\\\/#website\"},\"datePublished\":\"2025-09-07T08:15:25+00:00\",\"dateModified\":\"2025-09-07T08:15:26+00:00\",\"breadcrumb\":{\"@id\":\"https:\\\/\\\/www.upjs.sk\\\/pravnicka-fakulta\\\/en\\\/pracoviska\\\/doclaal\\\/department-of-constitutional-law-and-administrative-law-research\\\/#breadcrumb\"},\"inLanguage\":\"en-US\",\"potentialAction\":[{\"@type\":\"ReadAction\",\"target\":[\"https:\\\/\\\/www.upjs.sk\\\/pravnicka-fakulta\\\/en\\\/pracoviska\\\/doclaal\\\/department-of-constitutional-law-and-administrative-law-research\\\/\"]}]},{\"@type\":\"BreadcrumbList\",\"@id\":\"https:\\\/\\\/www.upjs.sk\\\/pravnicka-fakulta\\\/en\\\/pracoviska\\\/doclaal\\\/department-of-constitutional-law-and-administrative-law-research\\\/#breadcrumb\",\"itemListElement\":[{\"@type\":\"ListItem\",\"position\":1,\"name\":\"Home\",\"item\":\"https:\\\/\\\/www.upjs.sk\\\/pravnicka-fakulta\\\/en\\\/\"},{\"@type\":\"ListItem\",\"position\":2,\"name\":\"Workplaces\",\"item\":\"https:\\\/\\\/www.upjs.sk\\\/pravnicka-fakulta\\\/en\\\/pracoviska\\\/\"},{\"@type\":\"ListItem\",\"position\":3,\"name\":\"Department of Constitutional Law and Administrative Law &#8211; Research\"}]},{\"@type\":\"WebSite\",\"@id\":\"https:\\\/\\\/www.upjs.sk\\\/pravnicka-fakulta\\\/en\\\/#website\",\"url\":\"https:\\\/\\\/www.upjs.sk\\\/pravnicka-fakulta\\\/en\\\/\",\"name\":\"Pr\u00e1vnick\u00e1 fakulta | UPJ\u0160\",\"description\":\"\",\"publisher\":{\"@id\":\"https:\\\/\\\/www.upjs.sk\\\/pravnicka-fakulta\\\/en\\\/#organization\"},\"potentialAction\":[{\"@type\":\"SearchAction\",\"target\":{\"@type\":\"EntryPoint\",\"urlTemplate\":\"https:\\\/\\\/www.upjs.sk\\\/pravnicka-fakulta\\\/en\\\/?s={search_term_string}\"},\"query-input\":{\"@type\":\"PropertyValueSpecification\",\"valueRequired\":true,\"valueName\":\"search_term_string\"}}],\"inLanguage\":\"en-US\"},{\"@type\":\"Organization\",\"@id\":\"https:\\\/\\\/www.upjs.sk\\\/pravnicka-fakulta\\\/en\\\/#organization\",\"name\":\"Pr\u00e1vnick\u00e1 fakulta | UPJ\u0160\",\"url\":\"https:\\\/\\\/www.upjs.sk\\\/pravnicka-fakulta\\\/en\\\/\",\"logo\":{\"@type\":\"ImageObject\",\"inLanguage\":\"en-US\",\"@id\":\"https:\\\/\\\/www.upjs.sk\\\/pravnicka-fakulta\\\/en\\\/#\\\/schema\\\/logo\\\/image\\\/\",\"url\":\"https:\\\/\\\/www.upjs.sk\\\/app\\\/uploads\\\/sites\\\/11\\\/2025\\\/01\\\/logo-pravnicka-fakulta-EN-1.png\",\"contentUrl\":\"https:\\\/\\\/www.upjs.sk\\\/app\\\/uploads\\\/sites\\\/11\\\/2025\\\/01\\\/logo-pravnicka-fakulta-EN-1.png\",\"width\":415,\"height\":87,\"caption\":\"Pr\u00e1vnick\u00e1 fakulta | UPJ\u0160\"},\"image\":{\"@id\":\"https:\\\/\\\/www.upjs.sk\\\/pravnicka-fakulta\\\/en\\\/#\\\/schema\\\/logo\\\/image\\\/\"}}]}<\/script>\n<!-- \/ Yoast SEO plugin. -->","yoast_head_json":{"title":"Department of Constitutional Law and Administrative Law - Research - Pr\u00e1vnick\u00e1 fakulta | UPJ\u0160","robots":{"index":"index","follow":"follow","max-snippet":"max-snippet:-1","max-image-preview":"max-image-preview:large","max-video-preview":"max-video-preview:-1"},"canonical":"https:\/\/www.upjs.sk\/pravnicka-fakulta\/en\/pracoviska\/doclaal\/department-of-constitutional-law-and-administrative-law-research\/","og_locale":"en_US","og_type":"article","og_title":"Department of Constitutional Law and Administrative Law - Research - Pr\u00e1vnick\u00e1 fakulta | UPJ\u0160","og_description":"As is the case with pedagogical activities, the scientific and research activities of the Department are also pursued in two different avenues. However, considering the fact that the disciplines of Constitutional Law and Administrative Law are closely related, the joint work of the members of the Department on interdisciplinary research projects has systematically proven to &hellip; Continued","og_url":"https:\/\/www.upjs.sk\/pravnicka-fakulta\/en\/pracoviska\/doclaal\/department-of-constitutional-law-and-administrative-law-research\/","og_site_name":"Pr\u00e1vnick\u00e1 fakulta | UPJ\u0160","article_modified_time":"2025-09-07T08:15:26+00:00","twitter_card":"summary_large_image","twitter_misc":{"Est. reading time":"5 minutes"},"schema":{"@context":"https:\/\/schema.org","@graph":[{"@type":"WebPage","@id":"https:\/\/www.upjs.sk\/pravnicka-fakulta\/en\/pracoviska\/doclaal\/department-of-constitutional-law-and-administrative-law-research\/","url":"https:\/\/www.upjs.sk\/pravnicka-fakulta\/en\/pracoviska\/doclaal\/department-of-constitutional-law-and-administrative-law-research\/","name":"Department of Constitutional Law and Administrative Law - Research - Pr\u00e1vnick\u00e1 fakulta | UPJ\u0160","isPartOf":{"@id":"https:\/\/www.upjs.sk\/pravnicka-fakulta\/en\/#website"},"datePublished":"2025-09-07T08:15:25+00:00","dateModified":"2025-09-07T08:15:26+00:00","breadcrumb":{"@id":"https:\/\/www.upjs.sk\/pravnicka-fakulta\/en\/pracoviska\/doclaal\/department-of-constitutional-law-and-administrative-law-research\/#breadcrumb"},"inLanguage":"en-US","potentialAction":[{"@type":"ReadAction","target":["https:\/\/www.upjs.sk\/pravnicka-fakulta\/en\/pracoviska\/doclaal\/department-of-constitutional-law-and-administrative-law-research\/"]}]},{"@type":"BreadcrumbList","@id":"https:\/\/www.upjs.sk\/pravnicka-fakulta\/en\/pracoviska\/doclaal\/department-of-constitutional-law-and-administrative-law-research\/#breadcrumb","itemListElement":[{"@type":"ListItem","position":1,"name":"Home","item":"https:\/\/www.upjs.sk\/pravnicka-fakulta\/en\/"},{"@type":"ListItem","position":2,"name":"Workplaces","item":"https:\/\/www.upjs.sk\/pravnicka-fakulta\/en\/pracoviska\/"},{"@type":"ListItem","position":3,"name":"Department of Constitutional Law and Administrative Law &#8211; Research"}]},{"@type":"WebSite","@id":"https:\/\/www.upjs.sk\/pravnicka-fakulta\/en\/#website","url":"https:\/\/www.upjs.sk\/pravnicka-fakulta\/en\/","name":"Pr\u00e1vnick\u00e1 fakulta | UPJ\u0160","description":"","publisher":{"@id":"https:\/\/www.upjs.sk\/pravnicka-fakulta\/en\/#organization"},"potentialAction":[{"@type":"SearchAction","target":{"@type":"EntryPoint","urlTemplate":"https:\/\/www.upjs.sk\/pravnicka-fakulta\/en\/?s={search_term_string}"},"query-input":{"@type":"PropertyValueSpecification","valueRequired":true,"valueName":"search_term_string"}}],"inLanguage":"en-US"},{"@type":"Organization","@id":"https:\/\/www.upjs.sk\/pravnicka-fakulta\/en\/#organization","name":"Pr\u00e1vnick\u00e1 fakulta | UPJ\u0160","url":"https:\/\/www.upjs.sk\/pravnicka-fakulta\/en\/","logo":{"@type":"ImageObject","inLanguage":"en-US","@id":"https:\/\/www.upjs.sk\/pravnicka-fakulta\/en\/#\/schema\/logo\/image\/","url":"https:\/\/www.upjs.sk\/app\/uploads\/sites\/11\/2025\/01\/logo-pravnicka-fakulta-EN-1.png","contentUrl":"https:\/\/www.upjs.sk\/app\/uploads\/sites\/11\/2025\/01\/logo-pravnicka-fakulta-EN-1.png","width":415,"height":87,"caption":"Pr\u00e1vnick\u00e1 fakulta | UPJ\u0160"},"image":{"@id":"https:\/\/www.upjs.sk\/pravnicka-fakulta\/en\/#\/schema\/logo\/image\/"}}]}},"_links":{"self":[{"href":"https:\/\/www.upjs.sk\/pravnicka-fakulta\/en\/wp-json\/wp\/v2\/cpt_pracoviska\/49077","targetHints":{"allow":["GET"]}}],"collection":[{"href":"https:\/\/www.upjs.sk\/pravnicka-fakulta\/en\/wp-json\/wp\/v2\/cpt_pracoviska"}],"about":[{"href":"https:\/\/www.upjs.sk\/pravnicka-fakulta\/en\/wp-json\/wp\/v2\/types\/cpt_pracoviska"}],"author":[{"embeddable":true,"href":"https:\/\/www.upjs.sk\/pravnicka-fakulta\/en\/wp-json\/wp\/v2\/users\/24"}],"up":[{"embeddable":true,"href":"https:\/\/www.upjs.sk\/pravnicka-fakulta\/en\/wp-json\/wp\/v2\/cpt_pracoviska\/49047"}],"wp:attachment":[{"href":"https:\/\/www.upjs.sk\/pravnicka-fakulta\/en\/wp-json\/wp\/v2\/media?parent=49077"}],"wp:term":[{"taxonomy":"category","embeddable":true,"href":"https:\/\/www.upjs.sk\/pravnicka-fakulta\/en\/wp-json\/wp\/v2\/categories?post=49077"},{"taxonomy":"post_tag","embeddable":true,"href":"https:\/\/www.upjs.sk\/pravnicka-fakulta\/en\/wp-json\/wp\/v2\/tags?post=49077"},{"taxonomy":"tax_aktuality","embeddable":true,"href":"https:\/\/www.upjs.sk\/pravnicka-fakulta\/en\/wp-json\/wp\/v2\/tax_aktuality?post=49077"}],"curies":[{"name":"wp","href":"https:\/\/api.w.org\/{rel}","templated":true}]}}