{"id":52275,"date":"2026-04-30T14:24:15","date_gmt":"2026-04-30T13:24:15","guid":{"rendered":"https:\/\/www.upjs.sk\/pravnicka-fakulta\/?post_type=cpt_aktuality&#038;p=52275"},"modified":"2026-04-30T14:24:16","modified_gmt":"2026-04-30T13:24:16","slug":"na-odbornom-podujati-dane-z-vysky-mali-zastupenie-aj-studenti-nasej-fakulty","status":"publish","type":"cpt_aktuality","link":"https:\/\/www.upjs.sk\/pravnicka-fakulta\/actuality\/na-odbornom-podujati-dane-z-vysky-mali-zastupenie-aj-studenti-nasej-fakulty\/","title":{"rendered":"Na odbornom podujat\u00ed \u201eDane z\u00a0v\u00fd\u0161ky\u201c mali zast\u00fapenie aj \u0161tudenti na\u0161ej fakulty"},"content":{"rendered":"\n<p>D\u0148a 22. apr\u00edla 2026 sa v priestoroch Technickej univerzity \u2013 Univerzitnej kni\u017enice v Ko\u0161iciach uskuto\u010dnilo odborn\u00e9 podujatie \u201eDane z v\u00fd\u0161ky\u201c, na ktorom nech\u00fdbali ani \u0161tudenti Pr\u00e1vnickej fakulty Univerzity Pavla Jozefa \u0160af\u00e1rika v&nbsp;Ko\u0161iciach. S\u00fa\u010das\u0165ou programu bola panelov\u00e1 diskusia za \u00fa\u010dasti v\u00fdznamn\u00fdch z\u00e1stupcov odbornej praxe, medzi nimi SKDP (JUDr. Ing. Peter Huba, PhD., z\u00e1stupca ved\u00facej region\u00e1lnej rady SKDP Ko\u0161ice), SKAU (Ing. \u0160tefan Fabian, PhD.) a z\u00e1stupcovia renomovan\u00fdch spolo\u010dnost\u00ed EY, KPMG, Deloitte a BDO. Diskusia priniesla mno\u017estvo podnetn\u00fdch t\u00e9m z oblasti dan\u00ed, auditu a profesijnej praxe. \u0160tudenti sa akt\u00edvne zap\u00e1jali, kl\u00e1dli ot\u00e1zky nielen z\u00e1stupcom kraj\u00edn V4, ale aj predstavite\u013eom profesijn\u00fdch kom\u00f4r, \u010d\u00edm potvrdili svoj z\u00e1ujem o aktu\u00e1lne dianie v odbore. Po panelovej diskusii nasledoval vedomostn\u00fd kv\u00edz, v ktorom mali \u00fa\u010dastn\u00edci mo\u017enos\u0165 z\u00edska\u0165 zauj\u00edmav\u00e9 ceny. \u0160tudenti na\u0161ej pr\u00e1vnickej fakulty obsadili 1. miesto, \u010d\u00edm v\u00fdborne reprezentovali svoju fakultu.<\/p>\n\n\n\n<p>\u010eakujeme organiz\u00e1torom za podnetn\u00e9 podujatie a te\u0161\u00edme sa na \u010fal\u0161ie pr\u00edle\u017eitosti prep\u00e1ja\u0165 te\u00f3riu s praxou.<\/p>\n\n\n\n<p><strong>Zoznam z\u00fa\u010dastnen\u00fdch:\u00a0<\/strong><br>Mgr. T\u00edmea Jan\u010diov\u00e1<br>doc. JUDr. Karin Cakoci PhD.<br>Bc. J\u00e1n Majern\u00edk\u00a0<br>Bc. Alexandra Nagyov\u00e1<br>Bc. Karin Bondrov\u00e1<br>Bc. \u013dudmila Bindasov\u00e1\u00a0<br>Bc. Dominika Bobikov\u00e1<br>Bc. Jaroslav Melega\u00a0<br>Bc. Martin Klovani\u010d<\/p>\n","protected":false},"excerpt":{"rendered":"<p>D\u0148a 22.4.2026 sa uskuto\u010dnilo odborn\u00e9 podujatie \u201eDane z v\u00fd\u0161ky\u201c, ktor\u00e9ho s\u00fa\u010das\u0165ou bola panelov\u00e1 diskusia za \u00fa\u010dasti v\u00fdznamn\u00fdch z\u00e1stupcov odbornej praxe.<\/p>\n","protected":false},"author":24,"featured_media":52285,"template":"","meta":{"_acf_changed":false,"_editorskit_title_hidden":false,"_editorskit_reading_time":0,"_editorskit_is_block_options_detached":false,"_editorskit_block_options_position":"{}","footnotes":""},"categories":[],"tags":[],"tax_aktuality":[378],"class_list":["post-52275","cpt_aktuality","type-cpt_aktuality","status-publish","has-post-thumbnail","hentry","tax_aktuality-378"],"acf":{"acf_link_na_externy_obsah":"","poradie_clanku":""},"yoast_head":"<!-- This site is optimized with the Yoast SEO plugin v27.4 - https:\/\/yoast.com\/product\/yoast-seo-wordpress\/ -->\n<title>Na odbornom podujat\u00ed \u201eDane z\u00a0v\u00fd\u0161ky\u201c mali zast\u00fapenie aj \u0161tudenti na\u0161ej fakulty - Pr\u00e1vnick\u00e1 fakulta | UPJ\u0160<\/title>\n<meta name=\"robots\" content=\"index, follow, max-snippet:-1, max-image-preview:large, max-video-preview:-1\" \/>\n<link rel=\"canonical\" href=\"https:\/\/www.upjs.sk\/pravnicka-fakulta\/actuality\/na-odbornom-podujati-dane-z-vysky-mali-zastupenie-aj-studenti-nasej-fakulty\/\" \/>\n<meta property=\"og:locale\" content=\"sk_SK\" \/>\n<meta property=\"og:type\" content=\"article\" \/>\n<meta property=\"og:title\" content=\"Na odbornom podujat\u00ed \u201eDane z\u00a0v\u00fd\u0161ky\u201c mali zast\u00fapenie aj \u0161tudenti na\u0161ej fakulty - Pr\u00e1vnick\u00e1 fakulta | UPJ\u0160\" \/>\n<meta property=\"og:description\" content=\"D\u0148a 22.4.2026 sa uskuto\u010dnilo odborn\u00e9 podujatie \u201eDane z v\u00fd\u0161ky\u201c, ktor\u00e9ho s\u00fa\u010das\u0165ou bola panelov\u00e1 diskusia za \u00fa\u010dasti v\u00fdznamn\u00fdch z\u00e1stupcov odbornej praxe.\" \/>\n<meta property=\"og:url\" content=\"https:\/\/www.upjs.sk\/pravnicka-fakulta\/actuality\/na-odbornom-podujati-dane-z-vysky-mali-zastupenie-aj-studenti-nasej-fakulty\/\" \/>\n<meta property=\"og:site_name\" content=\"Pr\u00e1vnick\u00e1 fakulta | UPJ\u0160\" \/>\n<meta property=\"article:modified_time\" content=\"2026-04-30T13:24:16+00:00\" \/>\n<meta property=\"og:image\" content=\"https:\/\/www.upjs.sk\/app\/uploads\/sites\/11\/2026\/04\/WhatsApp-Image-2026-04-30-at-11.33.38.jpeg\" \/>\n\t<meta property=\"og:image:width\" content=\"2048\" \/>\n\t<meta property=\"og:image:height\" content=\"1536\" \/>\n\t<meta property=\"og:image:type\" content=\"image\/jpeg\" \/>\n<meta name=\"twitter:card\" content=\"summary_large_image\" \/>\n<meta name=\"twitter:label1\" content=\"Predpokladan\u00fd \u010das \u010d\u00edtania\" \/>\n\t<meta name=\"twitter:data1\" content=\"2 min\u00faty\" \/>\n<script type=\"application\/ld+json\" class=\"yoast-schema-graph\">{\"@context\":\"https:\\\/\\\/schema.org\",\"@graph\":[{\"@type\":\"WebPage\",\"@id\":\"https:\\\/\\\/www.upjs.sk\\\/pravnicka-fakulta\\\/actuality\\\/na-odbornom-podujati-dane-z-vysky-mali-zastupenie-aj-studenti-nasej-fakulty\\\/\",\"url\":\"https:\\\/\\\/www.upjs.sk\\\/pravnicka-fakulta\\\/actuality\\\/na-odbornom-podujati-dane-z-vysky-mali-zastupenie-aj-studenti-nasej-fakulty\\\/\",\"name\":\"Na odbornom podujat\u00ed \u201eDane z\u00a0v\u00fd\u0161ky\u201c mali zast\u00fapenie aj \u0161tudenti na\u0161ej fakulty - Pr\u00e1vnick\u00e1 fakulta | UPJ\u0160\",\"isPartOf\":{\"@id\":\"https:\\\/\\\/www.upjs.sk\\\/pravnicka-fakulta\\\/#website\"},\"primaryImageOfPage\":{\"@id\":\"https:\\\/\\\/www.upjs.sk\\\/pravnicka-fakulta\\\/actuality\\\/na-odbornom-podujati-dane-z-vysky-mali-zastupenie-aj-studenti-nasej-fakulty\\\/#primaryimage\"},\"image\":{\"@id\":\"https:\\\/\\\/www.upjs.sk\\\/pravnicka-fakulta\\\/actuality\\\/na-odbornom-podujati-dane-z-vysky-mali-zastupenie-aj-studenti-nasej-fakulty\\\/#primaryimage\"},\"thumbnailUrl\":\"https:\\\/\\\/www.upjs.sk\\\/app\\\/uploads\\\/sites\\\/11\\\/2026\\\/04\\\/WhatsApp-Image-2026-04-30-at-11.33.38.jpeg\",\"datePublished\":\"2026-04-30T13:24:15+00:00\",\"dateModified\":\"2026-04-30T13:24:16+00:00\",\"breadcrumb\":{\"@id\":\"https:\\\/\\\/www.upjs.sk\\\/pravnicka-fakulta\\\/actuality\\\/na-odbornom-podujati-dane-z-vysky-mali-zastupenie-aj-studenti-nasej-fakulty\\\/#breadcrumb\"},\"inLanguage\":\"sk-SK\",\"potentialAction\":[{\"@type\":\"ReadAction\",\"target\":[\"https:\\\/\\\/www.upjs.sk\\\/pravnicka-fakulta\\\/actuality\\\/na-odbornom-podujati-dane-z-vysky-mali-zastupenie-aj-studenti-nasej-fakulty\\\/\"]}]},{\"@type\":\"ImageObject\",\"inLanguage\":\"sk-SK\",\"@id\":\"https:\\\/\\\/www.upjs.sk\\\/pravnicka-fakulta\\\/actuality\\\/na-odbornom-podujati-dane-z-vysky-mali-zastupenie-aj-studenti-nasej-fakulty\\\/#primaryimage\",\"url\":\"https:\\\/\\\/www.upjs.sk\\\/app\\\/uploads\\\/sites\\\/11\\\/2026\\\/04\\\/WhatsApp-Image-2026-04-30-at-11.33.38.jpeg\",\"contentUrl\":\"https:\\\/\\\/www.upjs.sk\\\/app\\\/uploads\\\/sites\\\/11\\\/2026\\\/04\\\/WhatsApp-Image-2026-04-30-at-11.33.38.jpeg\",\"width\":2048,\"height\":1536},{\"@type\":\"BreadcrumbList\",\"@id\":\"https:\\\/\\\/www.upjs.sk\\\/pravnicka-fakulta\\\/actuality\\\/na-odbornom-podujati-dane-z-vysky-mali-zastupenie-aj-studenti-nasej-fakulty\\\/#breadcrumb\",\"itemListElement\":[{\"@type\":\"ListItem\",\"position\":1,\"name\":\"Home\",\"item\":\"https:\\\/\\\/www.upjs.sk\\\/pravnicka-fakulta\\\/\"},{\"@type\":\"ListItem\",\"position\":2,\"name\":\"Aktuality\",\"item\":\"https:\\\/\\\/www.upjs.sk\\\/pravnicka-fakulta\\\/actuality\\\/\"},{\"@type\":\"ListItem\",\"position\":3,\"name\":\"Na odbornom podujat\u00ed \u201eDane z\u00a0v\u00fd\u0161ky\u201c mali zast\u00fapenie aj \u0161tudenti na\u0161ej fakulty\"}]},{\"@type\":\"WebSite\",\"@id\":\"https:\\\/\\\/www.upjs.sk\\\/pravnicka-fakulta\\\/#website\",\"url\":\"https:\\\/\\\/www.upjs.sk\\\/pravnicka-fakulta\\\/\",\"name\":\"Pr\u00e1vnick\u00e1 fakulta | UPJ\u0160\",\"description\":\"\",\"publisher\":{\"@id\":\"https:\\\/\\\/www.upjs.sk\\\/pravnicka-fakulta\\\/#organization\"},\"potentialAction\":[{\"@type\":\"SearchAction\",\"target\":{\"@type\":\"EntryPoint\",\"urlTemplate\":\"https:\\\/\\\/www.upjs.sk\\\/pravnicka-fakulta\\\/?s={search_term_string}\"},\"query-input\":{\"@type\":\"PropertyValueSpecification\",\"valueRequired\":true,\"valueName\":\"search_term_string\"}}],\"inLanguage\":\"sk-SK\"},{\"@type\":\"Organization\",\"@id\":\"https:\\\/\\\/www.upjs.sk\\\/pravnicka-fakulta\\\/#organization\",\"name\":\"Pr\u00e1vnick\u00e1 fakulta | UPJ\u0160\",\"url\":\"https:\\\/\\\/www.upjs.sk\\\/pravnicka-fakulta\\\/\",\"logo\":{\"@type\":\"ImageObject\",\"inLanguage\":\"sk-SK\",\"@id\":\"https:\\\/\\\/www.upjs.sk\\\/pravnicka-fakulta\\\/#\\\/schema\\\/logo\\\/image\\\/\",\"url\":\"https:\\\/\\\/www.upjs.sk\\\/app\\\/uploads\\\/sites\\\/11\\\/2022\\\/09\\\/logo-pravnicka-fakulta.png\",\"contentUrl\":\"https:\\\/\\\/www.upjs.sk\\\/app\\\/uploads\\\/sites\\\/11\\\/2022\\\/09\\\/logo-pravnicka-fakulta.png\",\"width\":415,\"height\":87,\"caption\":\"Pr\u00e1vnick\u00e1 fakulta | UPJ\u0160\"},\"image\":{\"@id\":\"https:\\\/\\\/www.upjs.sk\\\/pravnicka-fakulta\\\/#\\\/schema\\\/logo\\\/image\\\/\"}}]}<\/script>\n<!-- \/ Yoast SEO plugin. -->","yoast_head_json":{"title":"Na odbornom podujat\u00ed \u201eDane z\u00a0v\u00fd\u0161ky\u201c mali zast\u00fapenie aj \u0161tudenti na\u0161ej fakulty - Pr\u00e1vnick\u00e1 fakulta | UPJ\u0160","robots":{"index":"index","follow":"follow","max-snippet":"max-snippet:-1","max-image-preview":"max-image-preview:large","max-video-preview":"max-video-preview:-1"},"canonical":"https:\/\/www.upjs.sk\/pravnicka-fakulta\/actuality\/na-odbornom-podujati-dane-z-vysky-mali-zastupenie-aj-studenti-nasej-fakulty\/","og_locale":"sk_SK","og_type":"article","og_title":"Na odbornom podujat\u00ed \u201eDane z\u00a0v\u00fd\u0161ky\u201c mali zast\u00fapenie aj \u0161tudenti na\u0161ej fakulty - Pr\u00e1vnick\u00e1 fakulta | UPJ\u0160","og_description":"D\u0148a 22.4.2026 sa uskuto\u010dnilo odborn\u00e9 podujatie \u201eDane z v\u00fd\u0161ky\u201c, ktor\u00e9ho s\u00fa\u010das\u0165ou bola panelov\u00e1 diskusia za \u00fa\u010dasti v\u00fdznamn\u00fdch z\u00e1stupcov odbornej praxe.","og_url":"https:\/\/www.upjs.sk\/pravnicka-fakulta\/actuality\/na-odbornom-podujati-dane-z-vysky-mali-zastupenie-aj-studenti-nasej-fakulty\/","og_site_name":"Pr\u00e1vnick\u00e1 fakulta | UPJ\u0160","article_modified_time":"2026-04-30T13:24:16+00:00","og_image":[{"width":2048,"height":1536,"url":"https:\/\/www.upjs.sk\/app\/uploads\/sites\/11\/2026\/04\/WhatsApp-Image-2026-04-30-at-11.33.38.jpeg","type":"image\/jpeg"}],"twitter_card":"summary_large_image","twitter_misc":{"Predpokladan\u00fd \u010das \u010d\u00edtania":"2 min\u00faty"},"schema":{"@context":"https:\/\/schema.org","@graph":[{"@type":"WebPage","@id":"https:\/\/www.upjs.sk\/pravnicka-fakulta\/actuality\/na-odbornom-podujati-dane-z-vysky-mali-zastupenie-aj-studenti-nasej-fakulty\/","url":"https:\/\/www.upjs.sk\/pravnicka-fakulta\/actuality\/na-odbornom-podujati-dane-z-vysky-mali-zastupenie-aj-studenti-nasej-fakulty\/","name":"Na odbornom podujat\u00ed \u201eDane z\u00a0v\u00fd\u0161ky\u201c mali zast\u00fapenie aj \u0161tudenti na\u0161ej fakulty - Pr\u00e1vnick\u00e1 fakulta | UPJ\u0160","isPartOf":{"@id":"https:\/\/www.upjs.sk\/pravnicka-fakulta\/#website"},"primaryImageOfPage":{"@id":"https:\/\/www.upjs.sk\/pravnicka-fakulta\/actuality\/na-odbornom-podujati-dane-z-vysky-mali-zastupenie-aj-studenti-nasej-fakulty\/#primaryimage"},"image":{"@id":"https:\/\/www.upjs.sk\/pravnicka-fakulta\/actuality\/na-odbornom-podujati-dane-z-vysky-mali-zastupenie-aj-studenti-nasej-fakulty\/#primaryimage"},"thumbnailUrl":"https:\/\/www.upjs.sk\/app\/uploads\/sites\/11\/2026\/04\/WhatsApp-Image-2026-04-30-at-11.33.38.jpeg","datePublished":"2026-04-30T13:24:15+00:00","dateModified":"2026-04-30T13:24:16+00:00","breadcrumb":{"@id":"https:\/\/www.upjs.sk\/pravnicka-fakulta\/actuality\/na-odbornom-podujati-dane-z-vysky-mali-zastupenie-aj-studenti-nasej-fakulty\/#breadcrumb"},"inLanguage":"sk-SK","potentialAction":[{"@type":"ReadAction","target":["https:\/\/www.upjs.sk\/pravnicka-fakulta\/actuality\/na-odbornom-podujati-dane-z-vysky-mali-zastupenie-aj-studenti-nasej-fakulty\/"]}]},{"@type":"ImageObject","inLanguage":"sk-SK","@id":"https:\/\/www.upjs.sk\/pravnicka-fakulta\/actuality\/na-odbornom-podujati-dane-z-vysky-mali-zastupenie-aj-studenti-nasej-fakulty\/#primaryimage","url":"https:\/\/www.upjs.sk\/app\/uploads\/sites\/11\/2026\/04\/WhatsApp-Image-2026-04-30-at-11.33.38.jpeg","contentUrl":"https:\/\/www.upjs.sk\/app\/uploads\/sites\/11\/2026\/04\/WhatsApp-Image-2026-04-30-at-11.33.38.jpeg","width":2048,"height":1536},{"@type":"BreadcrumbList","@id":"https:\/\/www.upjs.sk\/pravnicka-fakulta\/actuality\/na-odbornom-podujati-dane-z-vysky-mali-zastupenie-aj-studenti-nasej-fakulty\/#breadcrumb","itemListElement":[{"@type":"ListItem","position":1,"name":"Home","item":"https:\/\/www.upjs.sk\/pravnicka-fakulta\/"},{"@type":"ListItem","position":2,"name":"Aktuality","item":"https:\/\/www.upjs.sk\/pravnicka-fakulta\/actuality\/"},{"@type":"ListItem","position":3,"name":"Na odbornom podujat\u00ed \u201eDane z\u00a0v\u00fd\u0161ky\u201c mali zast\u00fapenie aj \u0161tudenti na\u0161ej fakulty"}]},{"@type":"WebSite","@id":"https:\/\/www.upjs.sk\/pravnicka-fakulta\/#website","url":"https:\/\/www.upjs.sk\/pravnicka-fakulta\/","name":"Pr\u00e1vnick\u00e1 fakulta | UPJ\u0160","description":"","publisher":{"@id":"https:\/\/www.upjs.sk\/pravnicka-fakulta\/#organization"},"potentialAction":[{"@type":"SearchAction","target":{"@type":"EntryPoint","urlTemplate":"https:\/\/www.upjs.sk\/pravnicka-fakulta\/?s={search_term_string}"},"query-input":{"@type":"PropertyValueSpecification","valueRequired":true,"valueName":"search_term_string"}}],"inLanguage":"sk-SK"},{"@type":"Organization","@id":"https:\/\/www.upjs.sk\/pravnicka-fakulta\/#organization","name":"Pr\u00e1vnick\u00e1 fakulta | UPJ\u0160","url":"https:\/\/www.upjs.sk\/pravnicka-fakulta\/","logo":{"@type":"ImageObject","inLanguage":"sk-SK","@id":"https:\/\/www.upjs.sk\/pravnicka-fakulta\/#\/schema\/logo\/image\/","url":"https:\/\/www.upjs.sk\/app\/uploads\/sites\/11\/2022\/09\/logo-pravnicka-fakulta.png","contentUrl":"https:\/\/www.upjs.sk\/app\/uploads\/sites\/11\/2022\/09\/logo-pravnicka-fakulta.png","width":415,"height":87,"caption":"Pr\u00e1vnick\u00e1 fakulta | UPJ\u0160"},"image":{"@id":"https:\/\/www.upjs.sk\/pravnicka-fakulta\/#\/schema\/logo\/image\/"}}]}},"_links":{"self":[{"href":"https:\/\/www.upjs.sk\/pravnicka-fakulta\/wp-json\/wp\/v2\/cpt_aktuality\/52275","targetHints":{"allow":["GET"]}}],"collection":[{"href":"https:\/\/www.upjs.sk\/pravnicka-fakulta\/wp-json\/wp\/v2\/cpt_aktuality"}],"about":[{"href":"https:\/\/www.upjs.sk\/pravnicka-fakulta\/wp-json\/wp\/v2\/types\/cpt_aktuality"}],"author":[{"embeddable":true,"href":"https:\/\/www.upjs.sk\/pravnicka-fakulta\/wp-json\/wp\/v2\/users\/24"}],"version-history":[{"count":1,"href":"https:\/\/www.upjs.sk\/pravnicka-fakulta\/wp-json\/wp\/v2\/cpt_aktuality\/52275\/revisions"}],"predecessor-version":[{"id":52288,"href":"https:\/\/www.upjs.sk\/pravnicka-fakulta\/wp-json\/wp\/v2\/cpt_aktuality\/52275\/revisions\/52288"}],"wp:featuredmedia":[{"embeddable":true,"href":"https:\/\/www.upjs.sk\/pravnicka-fakulta\/wp-json\/wp\/v2\/media\/52285"}],"wp:attachment":[{"href":"https:\/\/www.upjs.sk\/pravnicka-fakulta\/wp-json\/wp\/v2\/media?parent=52275"}],"wp:term":[{"taxonomy":"category","embeddable":true,"href":"https:\/\/www.upjs.sk\/pravnicka-fakulta\/wp-json\/wp\/v2\/categories?post=52275"},{"taxonomy":"post_tag","embeddable":true,"href":"https:\/\/www.upjs.sk\/pravnicka-fakulta\/wp-json\/wp\/v2\/tags?post=52275"},{"taxonomy":"tax_aktuality","embeddable":true,"href":"https:\/\/www.upjs.sk\/pravnicka-fakulta\/wp-json\/wp\/v2\/tax_aktuality?post=52275"}],"curies":[{"name":"wp","href":"https:\/\/api.w.org\/{rel}","templated":true}]}}