{"id":53247,"date":"2026-09-03T06:18:31","date_gmt":"2026-09-03T05:18:31","guid":{"rendered":"https:\/\/www.upjs.sk\/pravnicka-fakulta\/?post_type=cpt_aktuality&#038;p=53247"},"modified":"2026-09-03T06:21:38","modified_gmt":"2026-09-03T05:21:38","slug":"elsa-kosice-zoznamovak-2026","status":"publish","type":"cpt_aktuality","link":"https:\/\/www.upjs.sk\/pravnicka-fakulta\/actuality\/elsa-kosice-zoznamovak-2026\/","title":{"rendered":"ELSA Ko\u0161ice \u201eZoznamov\u00e1k\u201c 2026"},"content":{"rendered":"\n<p class=\"wp-block-paragraph\">Mil\u00ed prv\u00e1ci,<\/p>\n\n\n\n<p class=\"wp-block-paragraph\">ELSA Ko\u0161ice v\u00e1s srde\u010dne poz\u00fdva na akciu s\u00a0n\u00e1zvom \u201e<strong><a href=\"https:\/\/docs.google.com\/forms\/d\/e\/1FAIpQLSf7oqhRJNbCcR3ex_YzuQz2gE1PJ_3HvpRD2bDXud3-J5_pyQ\/viewform?pli=1\" target=\"_blank\" rel=\"noreferrer noopener\">Zoznamov\u00e1k<\/a><\/strong>\u201c, kde m\u00f4\u017eete za\u017ei\u0165 skvel\u00fa atmosf\u00e9ru, spozna\u0165 nov\u00fdch spolu\u017eiakov a\u00a0dozvedie\u0165 sa v\u0161etko o\u00a0\u0161t\u00fadiu na na\u0161ej pr\u00e1vnickej fakulte. \u010cak\u00e1 na v\u00e1s prehliadka fakulty, kni\u017enice, pracoviska pr\u00e1vnych klin\u00edk, zoznamovacie aktivity, afterparty v\u00a0Yame.<br><br><strong>Kedy?<\/strong><\/p>\n\n\n\n<p class=\"wp-block-paragraph\"><strong>Vo \u0161tvrtok 10.09.2026 o 10:00 v miestnosti LA0P01 na Kov\u00e1\u010dskej 26. Prihl\u00e1si\u0165 sa<\/strong> m\u00f4\u017eete pou\u017eit\u00edm QR k\u00f3du alebo linku: <a href=\"https:\/\/forms.gle\/STz9gQE78vrcFcW77\">https:\/\/forms.gle\/STz9gQE78vrcFcW77<\/a><\/p>\n\n\n\n<p class=\"wp-block-paragraph\">Te\u0161\u00edme sa na v\u00e1s!<\/p>\n\n\n\n<p class=\"wp-block-paragraph\"><\/p>\n","protected":false},"excerpt":{"rendered":"<p>Pozv\u00e1nka pre v\u0161etk\u00fdch prv\u00e1kov na\u0161ej fakulty na podujatie d\u0148a 10.9.2026 o 10.00 v LA0P01 na Kov\u00e1\u010dskej 26.<\/p>\n","protected":false},"author":24,"featured_media":53248,"template":"","meta":{"_acf_changed":false,"footnotes":""},"categories":[],"tags":[],"tax_aktuality":[378],"class_list":["post-53247","cpt_aktuality","type-cpt_aktuality","status-publish","has-post-thumbnail","hentry","tax_aktuality-378"],"acf":{"acf_link_na_externy_obsah":"","poradie_clanku":""},"yoast_head":"<!-- This site is optimized with the Yoast SEO plugin v28.4 - https:\/\/yoast.com\/product\/yoast-seo-wordpress\/ -->\n<title>ELSA Ko\u0161ice \u201eZoznamov\u00e1k\u201c 2026 - Pr\u00e1vnick\u00e1 fakulta | UPJ\u0160<\/title>\n<meta name=\"robots\" content=\"index, follow, max-snippet:-1, max-image-preview:large, max-video-preview:-1\" \/>\n<link rel=\"canonical\" href=\"https:\/\/www.upjs.sk\/pravnicka-fakulta\/actuality\/elsa-kosice-zoznamovak-2026\/\" \/>\n<meta property=\"og:locale\" content=\"sk_SK\" \/>\n<meta property=\"og:type\" content=\"article\" \/>\n<meta property=\"og:title\" content=\"ELSA Ko\u0161ice \u201eZoznamov\u00e1k\u201c 2026 - Pr\u00e1vnick\u00e1 fakulta | UPJ\u0160\" \/>\n<meta property=\"og:description\" content=\"Pozv\u00e1nka pre v\u0161etk\u00fdch prv\u00e1kov na\u0161ej fakulty na podujatie d\u0148a 10.9.2026 o 10.00 v LA0P01 na Kov\u00e1\u010dskej 26.\" \/>\n<meta property=\"og:url\" content=\"https:\/\/www.upjs.sk\/pravnicka-fakulta\/actuality\/elsa-kosice-zoznamovak-2026\/\" \/>\n<meta property=\"og:site_name\" content=\"Pr\u00e1vnick\u00e1 fakulta | UPJ\u0160\" \/>\n<meta property=\"article:modified_time\" content=\"2026-09-03T05:21:38+00:00\" \/>\n<meta property=\"og:image\" content=\"https:\/\/www.upjs.sk\/app\/uploads\/sites\/11\/2026\/09\/baner-Zoznamovak.png\" \/>\n\t<meta property=\"og:image:width\" content=\"1625\" \/>\n\t<meta property=\"og:image:height\" content=\"1219\" \/>\n\t<meta property=\"og:image:type\" content=\"image\/png\" \/>\n<meta name=\"twitter:card\" content=\"summary_large_image\" \/>\n<meta name=\"twitter:label1\" content=\"Predpokladan\u00fd \u010das \u010d\u00edtania\" \/>\n\t<meta name=\"twitter:data1\" content=\"1 min\u00fata\" \/>\n<script type=\"application\/ld+json\" class=\"yoast-schema-graph\">{\"@context\":\"https:\\\/\\\/schema.org\",\"@graph\":[{\"@type\":\"WebPage\",\"@id\":\"https:\\\/\\\/www.upjs.sk\\\/pravnicka-fakulta\\\/actuality\\\/elsa-kosice-zoznamovak-2026\\\/\",\"url\":\"https:\\\/\\\/www.upjs.sk\\\/pravnicka-fakulta\\\/actuality\\\/elsa-kosice-zoznamovak-2026\\\/\",\"name\":\"ELSA Ko\u0161ice \u201eZoznamov\u00e1k\u201c 2026 - Pr\u00e1vnick\u00e1 fakulta | UPJ\u0160\",\"isPartOf\":{\"@id\":\"https:\\\/\\\/www.upjs.sk\\\/pravnicka-fakulta\\\/#website\"},\"primaryImageOfPage\":{\"@id\":\"https:\\\/\\\/www.upjs.sk\\\/pravnicka-fakulta\\\/actuality\\\/elsa-kosice-zoznamovak-2026\\\/#primaryimage\"},\"image\":{\"@id\":\"https:\\\/\\\/www.upjs.sk\\\/pravnicka-fakulta\\\/actuality\\\/elsa-kosice-zoznamovak-2026\\\/#primaryimage\"},\"thumbnailUrl\":\"https:\\\/\\\/www.upjs.sk\\\/app\\\/uploads\\\/sites\\\/11\\\/2026\\\/09\\\/baner-Zoznamovak.png\",\"datePublished\":\"2026-09-03T05:18:31+00:00\",\"dateModified\":\"2026-09-03T05:21:38+00:00\",\"breadcrumb\":{\"@id\":\"https:\\\/\\\/www.upjs.sk\\\/pravnicka-fakulta\\\/actuality\\\/elsa-kosice-zoznamovak-2026\\\/#breadcrumb\"},\"inLanguage\":\"sk-SK\",\"potentialAction\":[{\"@type\":\"ReadAction\",\"target\":[\"https:\\\/\\\/www.upjs.sk\\\/pravnicka-fakulta\\\/actuality\\\/elsa-kosice-zoznamovak-2026\\\/\"]}]},{\"@type\":\"ImageObject\",\"inLanguage\":\"sk-SK\",\"@id\":\"https:\\\/\\\/www.upjs.sk\\\/pravnicka-fakulta\\\/actuality\\\/elsa-kosice-zoznamovak-2026\\\/#primaryimage\",\"url\":\"https:\\\/\\\/www.upjs.sk\\\/app\\\/uploads\\\/sites\\\/11\\\/2026\\\/09\\\/baner-Zoznamovak.png\",\"contentUrl\":\"https:\\\/\\\/www.upjs.sk\\\/app\\\/uploads\\\/sites\\\/11\\\/2026\\\/09\\\/baner-Zoznamovak.png\",\"width\":1625,\"height\":1219},{\"@type\":\"BreadcrumbList\",\"@id\":\"https:\\\/\\\/www.upjs.sk\\\/pravnicka-fakulta\\\/actuality\\\/elsa-kosice-zoznamovak-2026\\\/#breadcrumb\",\"itemListElement\":[{\"@type\":\"ListItem\",\"position\":1,\"name\":\"Home\",\"item\":\"https:\\\/\\\/www.upjs.sk\\\/pravnicka-fakulta\\\/\"},{\"@type\":\"ListItem\",\"position\":2,\"name\":\"Aktuality\",\"item\":\"https:\\\/\\\/www.upjs.sk\\\/pravnicka-fakulta\\\/actuality\\\/\"},{\"@type\":\"ListItem\",\"position\":3,\"name\":\"ELSA Ko\u0161ice \u201eZoznamov\u00e1k\u201c 2026\"}]},{\"@type\":\"WebSite\",\"@id\":\"https:\\\/\\\/www.upjs.sk\\\/pravnicka-fakulta\\\/#website\",\"url\":\"https:\\\/\\\/www.upjs.sk\\\/pravnicka-fakulta\\\/\",\"name\":\"Pr\u00e1vnick\u00e1 fakulta | UPJ\u0160\",\"description\":\"\",\"publisher\":{\"@id\":\"https:\\\/\\\/www.upjs.sk\\\/pravnicka-fakulta\\\/#organization\"},\"potentialAction\":[{\"@type\":\"SearchAction\",\"target\":{\"@type\":\"EntryPoint\",\"urlTemplate\":\"https:\\\/\\\/www.upjs.sk\\\/pravnicka-fakulta\\\/?s={search_term_string}\"},\"query-input\":{\"@type\":\"PropertyValueSpecification\",\"valueRequired\":true,\"valueName\":\"search_term_string\"}}],\"inLanguage\":\"sk-SK\"},{\"@type\":\"Organization\",\"@id\":\"https:\\\/\\\/www.upjs.sk\\\/pravnicka-fakulta\\\/#organization\",\"name\":\"Pr\u00e1vnick\u00e1 fakulta | UPJ\u0160\",\"url\":\"https:\\\/\\\/www.upjs.sk\\\/pravnicka-fakulta\\\/\",\"logo\":{\"@type\":\"ImageObject\",\"inLanguage\":\"sk-SK\",\"@id\":\"https:\\\/\\\/www.upjs.sk\\\/pravnicka-fakulta\\\/#\\\/schema\\\/logo\\\/image\\\/\",\"url\":\"https:\\\/\\\/www.upjs.sk\\\/app\\\/uploads\\\/sites\\\/11\\\/2022\\\/09\\\/logo-pravnicka-fakulta.png\",\"contentUrl\":\"https:\\\/\\\/www.upjs.sk\\\/app\\\/uploads\\\/sites\\\/11\\\/2022\\\/09\\\/logo-pravnicka-fakulta.png\",\"width\":415,\"height\":87,\"caption\":\"Pr\u00e1vnick\u00e1 fakulta | UPJ\u0160\"},\"image\":{\"@id\":\"https:\\\/\\\/www.upjs.sk\\\/pravnicka-fakulta\\\/#\\\/schema\\\/logo\\\/image\\\/\"}}]}<\/script>\n<!-- \/ Yoast SEO plugin. -->","yoast_head_json":{"title":"ELSA Ko\u0161ice \u201eZoznamov\u00e1k\u201c 2026 - Pr\u00e1vnick\u00e1 fakulta | UPJ\u0160","robots":{"index":"index","follow":"follow","max-snippet":"max-snippet:-1","max-image-preview":"max-image-preview:large","max-video-preview":"max-video-preview:-1"},"canonical":"https:\/\/www.upjs.sk\/pravnicka-fakulta\/actuality\/elsa-kosice-zoznamovak-2026\/","og_locale":"sk_SK","og_type":"article","og_title":"ELSA Ko\u0161ice \u201eZoznamov\u00e1k\u201c 2026 - Pr\u00e1vnick\u00e1 fakulta | UPJ\u0160","og_description":"Pozv\u00e1nka pre v\u0161etk\u00fdch prv\u00e1kov na\u0161ej fakulty na podujatie d\u0148a 10.9.2026 o 10.00 v LA0P01 na Kov\u00e1\u010dskej 26.","og_url":"https:\/\/www.upjs.sk\/pravnicka-fakulta\/actuality\/elsa-kosice-zoznamovak-2026\/","og_site_name":"Pr\u00e1vnick\u00e1 fakulta | UPJ\u0160","article_modified_time":"2026-09-03T05:21:38+00:00","og_image":[{"width":1625,"height":1219,"url":"https:\/\/www.upjs.sk\/app\/uploads\/sites\/11\/2026\/09\/baner-Zoznamovak.png","type":"image\/png"}],"twitter_card":"summary_large_image","twitter_misc":{"Predpokladan\u00fd \u010das \u010d\u00edtania":"1 min\u00fata"},"schema":{"@context":"https:\/\/schema.org","@graph":[{"@type":"WebPage","@id":"https:\/\/www.upjs.sk\/pravnicka-fakulta\/actuality\/elsa-kosice-zoznamovak-2026\/","url":"https:\/\/www.upjs.sk\/pravnicka-fakulta\/actuality\/elsa-kosice-zoznamovak-2026\/","name":"ELSA Ko\u0161ice \u201eZoznamov\u00e1k\u201c 2026 - Pr\u00e1vnick\u00e1 fakulta | UPJ\u0160","isPartOf":{"@id":"https:\/\/www.upjs.sk\/pravnicka-fakulta\/#website"},"primaryImageOfPage":{"@id":"https:\/\/www.upjs.sk\/pravnicka-fakulta\/actuality\/elsa-kosice-zoznamovak-2026\/#primaryimage"},"image":{"@id":"https:\/\/www.upjs.sk\/pravnicka-fakulta\/actuality\/elsa-kosice-zoznamovak-2026\/#primaryimage"},"thumbnailUrl":"https:\/\/www.upjs.sk\/app\/uploads\/sites\/11\/2026\/09\/baner-Zoznamovak.png","datePublished":"2026-09-03T05:18:31+00:00","dateModified":"2026-09-03T05:21:38+00:00","breadcrumb":{"@id":"https:\/\/www.upjs.sk\/pravnicka-fakulta\/actuality\/elsa-kosice-zoznamovak-2026\/#breadcrumb"},"inLanguage":"sk-SK","potentialAction":[{"@type":"ReadAction","target":["https:\/\/www.upjs.sk\/pravnicka-fakulta\/actuality\/elsa-kosice-zoznamovak-2026\/"]}]},{"@type":"ImageObject","inLanguage":"sk-SK","@id":"https:\/\/www.upjs.sk\/pravnicka-fakulta\/actuality\/elsa-kosice-zoznamovak-2026\/#primaryimage","url":"https:\/\/www.upjs.sk\/app\/uploads\/sites\/11\/2026\/09\/baner-Zoznamovak.png","contentUrl":"https:\/\/www.upjs.sk\/app\/uploads\/sites\/11\/2026\/09\/baner-Zoznamovak.png","width":1625,"height":1219},{"@type":"BreadcrumbList","@id":"https:\/\/www.upjs.sk\/pravnicka-fakulta\/actuality\/elsa-kosice-zoznamovak-2026\/#breadcrumb","itemListElement":[{"@type":"ListItem","position":1,"name":"Home","item":"https:\/\/www.upjs.sk\/pravnicka-fakulta\/"},{"@type":"ListItem","position":2,"name":"Aktuality","item":"https:\/\/www.upjs.sk\/pravnicka-fakulta\/actuality\/"},{"@type":"ListItem","position":3,"name":"ELSA Ko\u0161ice \u201eZoznamov\u00e1k\u201c 2026"}]},{"@type":"WebSite","@id":"https:\/\/www.upjs.sk\/pravnicka-fakulta\/#website","url":"https:\/\/www.upjs.sk\/pravnicka-fakulta\/","name":"Pr\u00e1vnick\u00e1 fakulta | UPJ\u0160","description":"","publisher":{"@id":"https:\/\/www.upjs.sk\/pravnicka-fakulta\/#organization"},"potentialAction":[{"@type":"SearchAction","target":{"@type":"EntryPoint","urlTemplate":"https:\/\/www.upjs.sk\/pravnicka-fakulta\/?s={search_term_string}"},"query-input":{"@type":"PropertyValueSpecification","valueRequired":true,"valueName":"search_term_string"}}],"inLanguage":"sk-SK"},{"@type":"Organization","@id":"https:\/\/www.upjs.sk\/pravnicka-fakulta\/#organization","name":"Pr\u00e1vnick\u00e1 fakulta | UPJ\u0160","url":"https:\/\/www.upjs.sk\/pravnicka-fakulta\/","logo":{"@type":"ImageObject","inLanguage":"sk-SK","@id":"https:\/\/www.upjs.sk\/pravnicka-fakulta\/#\/schema\/logo\/image\/","url":"https:\/\/www.upjs.sk\/app\/uploads\/sites\/11\/2022\/09\/logo-pravnicka-fakulta.png","contentUrl":"https:\/\/www.upjs.sk\/app\/uploads\/sites\/11\/2022\/09\/logo-pravnicka-fakulta.png","width":415,"height":87,"caption":"Pr\u00e1vnick\u00e1 fakulta | UPJ\u0160"},"image":{"@id":"https:\/\/www.upjs.sk\/pravnicka-fakulta\/#\/schema\/logo\/image\/"}}]}},"_links":{"self":[{"href":"https:\/\/www.upjs.sk\/pravnicka-fakulta\/wp-json\/wp\/v2\/cpt_aktuality\/53247","targetHints":{"allow":["GET"]}}],"collection":[{"href":"https:\/\/www.upjs.sk\/pravnicka-fakulta\/wp-json\/wp\/v2\/cpt_aktuality"}],"about":[{"href":"https:\/\/www.upjs.sk\/pravnicka-fakulta\/wp-json\/wp\/v2\/types\/cpt_aktuality"}],"author":[{"embeddable":true,"href":"https:\/\/www.upjs.sk\/pravnicka-fakulta\/wp-json\/wp\/v2\/users\/24"}],"version-history":[{"count":3,"href":"https:\/\/www.upjs.sk\/pravnicka-fakulta\/wp-json\/wp\/v2\/cpt_aktuality\/53247\/revisions"}],"predecessor-version":[{"id":53258,"href":"https:\/\/www.upjs.sk\/pravnicka-fakulta\/wp-json\/wp\/v2\/cpt_aktuality\/53247\/revisions\/53258"}],"wp:featuredmedia":[{"embeddable":true,"href":"https:\/\/www.upjs.sk\/pravnicka-fakulta\/wp-json\/wp\/v2\/media\/53248"}],"wp:attachment":[{"href":"https:\/\/www.upjs.sk\/pravnicka-fakulta\/wp-json\/wp\/v2\/media?parent=53247"}],"wp:term":[{"taxonomy":"category","embeddable":true,"href":"https:\/\/www.upjs.sk\/pravnicka-fakulta\/wp-json\/wp\/v2\/categories?post=53247"},{"taxonomy":"post_tag","embeddable":true,"href":"https:\/\/www.upjs.sk\/pravnicka-fakulta\/wp-json\/wp\/v2\/tags?post=53247"},{"taxonomy":"tax_aktuality","embeddable":true,"href":"https:\/\/www.upjs.sk\/pravnicka-fakulta\/wp-json\/wp\/v2\/tax_aktuality?post=53247"}],"curies":[{"name":"wp","href":"https:\/\/api.w.org\/{rel}","templated":true}]}}