{"id":13647,"date":"2017-04-06T11:03:18","date_gmt":"2017-04-06T11:03:29","guid":{"rendered":"https:\/\/www.upjs.sk\/pravnicka-fakulta\/veda-a-vyskum\/vedecky-vyskum\/15755-2\/"},"modified":"2023-01-13T13:20:41","modified_gmt":"2023-01-13T12:20:41","slug":"anotacia-4","status":"publish","type":"page","link":"https:\/\/www.upjs.sk\/pravnicka-fakulta\/vedecky-vyskum\/vedecke-projekty\/14647-2\/anotacia-4\/","title":{"rendered":"VVGS-2016-284"},"content":{"rendered":"<p><strong>Anot\u00e1cia:<\/strong><\/p>\n<p align=\"LEFT\"><font face=\"LiberationSerif\" size=\"2\"><font face=\"LiberationSerif\" size=\"2\">Slovensk\u00e1 republika (SR) je od svojho vstupu do Eur\u00f3pskej \u00fanie (E\u00da) ovplyv\u0148ovan\u00e1 smerovan\u00edm jej politiky.<\/font><\/font><\/p>\n<p align=\"LEFT\"><font face=\"LiberationSerif\" size=\"2\"><font face=\"LiberationSerif\" size=\"2\">Koordin\u00e1cia da\u0148ov\u00fdch polit\u00edk jednotliv\u00fdch \u010dlensk\u00fdch \u0161t\u00e1tov E\u00da predstavuje z\u00e1va\u017en\u00fa pr\u00e1vnu, ekonomick\u00fa, ako aj<\/font><\/font><\/p>\n<p align=\"LEFT\"><font face=\"LiberationSerif\" size=\"2\"><font face=\"LiberationSerif\" size=\"2\">politick\u00fa ot\u00e1zku, ktorou sa musia vl\u00e1dy jednotliv\u00fdch \u0161t\u00e1tov zaobera\u0165 v z\u00e1ujme zachovania ekonomick\u00e9ho progresu a<\/font><\/font><\/p>\n<p align=\"LEFT\"><font face=\"LiberationSerif\" size=\"2\"><font face=\"LiberationSerif\" size=\"2\">hospod\u00e1rskej stability. S roz\u0161iruj\u00facim sa ekonomick\u00fdm potenci\u00e1lom E\u00da a jej \u010dlensk\u00fdch \u0161t\u00e1tov, rozvojom vn\u00fatorn\u00e9ho<\/font><\/font><\/p>\n<p align=\"LEFT\"><font face=\"LiberationSerif\" size=\"2\"><font face=\"LiberationSerif\" size=\"2\">trhu E\u00da, postupuj\u00facou globaliz\u00e1ciou svetovej ekonomiky a medzin\u00e1rodn\u00e9ho obchodu naberaj\u00fa na d\u00f4le\u017eitosti ot\u00e1zky<\/font><\/font><\/p>\n<p align=\"LEFT\"><font face=\"LiberationSerif\" size=\"2\"><font face=\"LiberationSerif\" size=\"2\">s\u00favisiace s da\u0148ov\u00fdmi \u00fanikmi, ktor\u00fdmi je nevyhnutn\u00e9 sa okam\u017eite zaobera\u0165. Da\u0148ov\u00e9 \u00faniky sa stali nato\u013eko<\/font><\/font><\/p>\n<p align=\"LEFT\"><font face=\"LiberationSerif\" size=\"2\"><font face=\"LiberationSerif\" size=\"2\">sofistikovan\u00fdmi, \u017ee ich elimin\u00e1cia jednotliv\u00fdmi \u0161t\u00e1tmi je len ve\u013emi m\u00e1lo efekt\u00edvna. E\u00da sa z t\u00fdchto d\u00f4vodov ove\u013ea<\/font><\/font><\/p>\n<p align=\"LEFT\"><font face=\"LiberationSerif\" size=\"2\"><font face=\"LiberationSerif\" size=\"2\">v\u00e1\u017enej\u0161ie zaober\u00e1 bojom s da\u0148ov\u00fdmi \u00fanikmi. Predkladan\u00fd projekt sa preto bude zaobera\u0165 anal\u00fdzou jednotliv\u00fdch<\/font><\/font><\/p>\n<p align=\"LEFT\"><font face=\"LiberationSerif\" size=\"2\"><font face=\"LiberationSerif\" size=\"2\">iniciat\u00edv in\u0161tit\u00faci\u00ed E\u00da, ktor\u00e9 maj\u00fa vplyv na predch\u00e1dzanie da\u0148ov\u00fdm \u00fanikom a ich dopadom na vn\u00fatro\u0161t\u00e1tny pr\u00e1vny<\/font><\/font><\/p>\n<p><font face=\"LiberationSerif\" size=\"2\"><font face=\"LiberationSerif\" size=\"2\">r\u00e1mec.<\/font><\/font><\/p>\n<p><strong>Annotation:<\/strong><\/p>\n<p align=\"LEFT\"><font face=\"LiberationSerif\" size=\"2\"><font face=\"LiberationSerif\" size=\"2\">Slovak republic is from its accession to the European Union influenced by direction of its policy. Coordination of tax<\/font><\/font><\/p>\n<p align=\"LEFT\"><font face=\"LiberationSerif\" size=\"2\"><font face=\"LiberationSerif\" size=\"2\">policies of particular European Union member states presents a serious legal, economic as well as politic issue that has<\/font><\/font><\/p>\n<p align=\"LEFT\"><font face=\"LiberationSerif\" size=\"2\"><font face=\"LiberationSerif\" size=\"2\">to be dealt by governments in order to preserve economic progress and stability. Together with broader economic<\/font><\/font><\/p>\n<p align=\"LEFT\"><font face=\"LiberationSerif\" size=\"2\"><font face=\"LiberationSerif\" size=\"2\">potential of the European Union and its member states, development of single market of the European Union and<\/font><\/font><\/p>\n<p align=\"LEFT\"><font face=\"LiberationSerif\" size=\"2\"><font face=\"LiberationSerif\" size=\"2\">consistent globalization of a world economy and an international trade, tax evasions became highly sophisticated in the<\/font><\/font><\/p>\n<p align=\"LEFT\"><font face=\"LiberationSerif\" size=\"2\"><font face=\"LiberationSerif\" size=\"2\">last years and an effort of particular member states focused on their elimination is not fully effective anymore.<\/font><\/font><\/p>\n<p align=\"LEFT\"><font face=\"LiberationSerif\" size=\"2\"><font face=\"LiberationSerif\" size=\"2\">Abovementioned issues force the European Union to seriously deal with tax frauds combat. The prepared project will<\/font><\/font><\/p>\n<p align=\"LEFT\"><font face=\"LiberationSerif\" size=\"2\"><font face=\"LiberationSerif\" size=\"2\">therefore deal with the analyze of particular initiatives of institutions of the European Union which have influence on<\/font><\/font><\/p>\n<p><font face=\"LiberationSerif\" size=\"2\"><font face=\"LiberationSerif\" size=\"2\">tax evasions prevention and national legal order in itself.<\/font><\/font><\/p>\n","protected":false},"excerpt":{"rendered":"<p>Anot\u00e1cia: Slovensk\u00e1 republika (SR) je od svojho vstupu do Eur\u00f3pskej \u00fanie (E\u00da) ovplyv\u0148ovan\u00e1 smerovan\u00edm jej politiky. Koordin\u00e1cia da\u0148ov\u00fdch polit\u00edk jednotliv\u00fdch \u010dlensk\u00fdch \u0161t\u00e1tov E\u00da predstavuje z\u00e1va\u017en\u00fa pr\u00e1vnu, ekonomick\u00fa, ako aj politick\u00fa ot\u00e1zku, ktorou sa musia vl\u00e1dy jednotliv\u00fdch \u0161t\u00e1tov zaobera\u0165 v z\u00e1ujme zachovania ekonomick\u00e9ho progresu a hospod\u00e1rskej stability. S roz\u0161iruj\u00facim sa ekonomick\u00fdm potenci\u00e1lom E\u00da a jej \u010dlensk\u00fdch &hellip; <a href=\"https:\/\/www.upjs.sk\/pravnicka-fakulta\/vedecky-vyskum\/vedecke-projekty\/14647-2\/anotacia-4\/\">\u010c\u00edta\u0165 \u010falej<\/a><\/p>\n","protected":false},"author":1,"featured_media":0,"parent":13645,"menu_order":3,"comment_status":"closed","ping_status":"closed","template":"","meta":{"_acf_changed":false,"_editorskit_title_hidden":false,"_editorskit_reading_time":0,"_editorskit_is_block_options_detached":false,"_editorskit_block_options_position":"{}","footnotes":""},"categories":[],"tags":[],"class_list":["post-13647","page","type-page","status-publish","hentry"],"acf":{"acf_link_na_externy_obsah":""},"yoast_head":"<!-- This site is optimized with the Yoast SEO plugin v27.4 - https:\/\/yoast.com\/product\/yoast-seo-wordpress\/ -->\n<title>VVGS-2016-284 - Pr\u00e1vnick\u00e1 fakulta | UPJ\u0160<\/title>\n<meta name=\"robots\" content=\"index, follow, max-snippet:-1, max-image-preview:large, max-video-preview:-1\" \/>\n<link rel=\"canonical\" href=\"https:\/\/www.upjs.sk\/pravnicka-fakulta\/vedecky-vyskum\/vedecke-projekty\/14647-2\/anotacia-4\/\" \/>\n<meta property=\"og:locale\" content=\"sk_SK\" \/>\n<meta property=\"og:type\" content=\"article\" \/>\n<meta property=\"og:title\" content=\"VVGS-2016-284 - Pr\u00e1vnick\u00e1 fakulta | UPJ\u0160\" \/>\n<meta property=\"og:description\" content=\"Anot\u00e1cia: Slovensk\u00e1 republika (SR) je od svojho vstupu do Eur\u00f3pskej \u00fanie (E\u00da) ovplyv\u0148ovan\u00e1 smerovan\u00edm jej politiky. Koordin\u00e1cia da\u0148ov\u00fdch polit\u00edk jednotliv\u00fdch \u010dlensk\u00fdch \u0161t\u00e1tov E\u00da predstavuje z\u00e1va\u017en\u00fa pr\u00e1vnu, ekonomick\u00fa, ako aj politick\u00fa ot\u00e1zku, ktorou sa musia vl\u00e1dy jednotliv\u00fdch \u0161t\u00e1tov zaobera\u0165 v z\u00e1ujme zachovania ekonomick\u00e9ho progresu a hospod\u00e1rskej stability. S roz\u0161iruj\u00facim sa ekonomick\u00fdm potenci\u00e1lom E\u00da a jej \u010dlensk\u00fdch &hellip; \u010c\u00edta\u0165 \u010falej\" \/>\n<meta property=\"og:url\" content=\"https:\/\/www.upjs.sk\/pravnicka-fakulta\/vedecky-vyskum\/vedecke-projekty\/14647-2\/anotacia-4\/\" \/>\n<meta property=\"og:site_name\" content=\"Pr\u00e1vnick\u00e1 fakulta | UPJ\u0160\" \/>\n<meta property=\"article:modified_time\" content=\"2023-01-13T12:20:41+00:00\" \/>\n<meta name=\"twitter:card\" content=\"summary_large_image\" \/>\n<meta name=\"twitter:label1\" content=\"Predpokladan\u00fd \u010das \u010d\u00edtania\" \/>\n\t<meta name=\"twitter:data1\" content=\"2 min\u00faty\" \/>\n<script type=\"application\/ld+json\" class=\"yoast-schema-graph\">{\"@context\":\"https:\\\/\\\/schema.org\",\"@graph\":[{\"@type\":\"WebPage\",\"@id\":\"https:\\\/\\\/www.upjs.sk\\\/pravnicka-fakulta\\\/vedecky-vyskum\\\/vedecke-projekty\\\/14647-2\\\/anotacia-4\\\/\",\"url\":\"https:\\\/\\\/www.upjs.sk\\\/pravnicka-fakulta\\\/vedecky-vyskum\\\/vedecke-projekty\\\/14647-2\\\/anotacia-4\\\/\",\"name\":\"VVGS-2016-284 - Pr\u00e1vnick\u00e1 fakulta | UPJ\u0160\",\"isPartOf\":{\"@id\":\"https:\\\/\\\/www.upjs.sk\\\/pravnicka-fakulta\\\/#website\"},\"datePublished\":\"2017-04-06T11:03:29+00:00\",\"dateModified\":\"2023-01-13T12:20:41+00:00\",\"breadcrumb\":{\"@id\":\"https:\\\/\\\/www.upjs.sk\\\/pravnicka-fakulta\\\/vedecky-vyskum\\\/vedecke-projekty\\\/14647-2\\\/anotacia-4\\\/#breadcrumb\"},\"inLanguage\":\"sk-SK\",\"potentialAction\":[{\"@type\":\"ReadAction\",\"target\":[\"https:\\\/\\\/www.upjs.sk\\\/pravnicka-fakulta\\\/vedecky-vyskum\\\/vedecke-projekty\\\/14647-2\\\/anotacia-4\\\/\"]}]},{\"@type\":\"BreadcrumbList\",\"@id\":\"https:\\\/\\\/www.upjs.sk\\\/pravnicka-fakulta\\\/vedecky-vyskum\\\/vedecke-projekty\\\/14647-2\\\/anotacia-4\\\/#breadcrumb\",\"itemListElement\":[{\"@type\":\"ListItem\",\"position\":1,\"name\":\"Home\",\"item\":\"https:\\\/\\\/www.upjs.sk\\\/pravnicka-fakulta\\\/\"},{\"@type\":\"ListItem\",\"position\":2,\"name\":\"Veda a v\u00fdskum\",\"item\":\"https:\\\/\\\/www.upjs.sk\\\/pravnicka-fakulta\\\/veda-a-vyskum__trashed\\\/vedecky-vyskum\\\/\"},{\"@type\":\"ListItem\",\"position\":3,\"name\":\"Vedeck\u00e9 projekty\",\"item\":\"https:\\\/\\\/www.upjs.sk\\\/pravnicka-fakulta\\\/vedecky-vyskum\\\/vedecke-projekty\\\/\"},{\"@type\":\"ListItem\",\"position\":4,\"name\":\"Preh\u013ead rie\u0161en\u00fdch projektov VVGS\",\"item\":\"https:\\\/\\\/www.upjs.sk\\\/pravnicka-fakulta\\\/vedecky-vyskum\\\/vedecke-projekty\\\/14647-2\\\/\"},{\"@type\":\"ListItem\",\"position\":5,\"name\":\"VVGS-2016-284\"}]},{\"@type\":\"WebSite\",\"@id\":\"https:\\\/\\\/www.upjs.sk\\\/pravnicka-fakulta\\\/#website\",\"url\":\"https:\\\/\\\/www.upjs.sk\\\/pravnicka-fakulta\\\/\",\"name\":\"Pr\u00e1vnick\u00e1 fakulta | UPJ\u0160\",\"description\":\"\",\"publisher\":{\"@id\":\"https:\\\/\\\/www.upjs.sk\\\/pravnicka-fakulta\\\/#organization\"},\"potentialAction\":[{\"@type\":\"SearchAction\",\"target\":{\"@type\":\"EntryPoint\",\"urlTemplate\":\"https:\\\/\\\/www.upjs.sk\\\/pravnicka-fakulta\\\/?s={search_term_string}\"},\"query-input\":{\"@type\":\"PropertyValueSpecification\",\"valueRequired\":true,\"valueName\":\"search_term_string\"}}],\"inLanguage\":\"sk-SK\"},{\"@type\":\"Organization\",\"@id\":\"https:\\\/\\\/www.upjs.sk\\\/pravnicka-fakulta\\\/#organization\",\"name\":\"Pr\u00e1vnick\u00e1 fakulta | UPJ\u0160\",\"url\":\"https:\\\/\\\/www.upjs.sk\\\/pravnicka-fakulta\\\/\",\"logo\":{\"@type\":\"ImageObject\",\"inLanguage\":\"sk-SK\",\"@id\":\"https:\\\/\\\/www.upjs.sk\\\/pravnicka-fakulta\\\/#\\\/schema\\\/logo\\\/image\\\/\",\"url\":\"https:\\\/\\\/www.upjs.sk\\\/app\\\/uploads\\\/sites\\\/11\\\/2022\\\/09\\\/logo-pravnicka-fakulta.png\",\"contentUrl\":\"https:\\\/\\\/www.upjs.sk\\\/app\\\/uploads\\\/sites\\\/11\\\/2022\\\/09\\\/logo-pravnicka-fakulta.png\",\"width\":415,\"height\":87,\"caption\":\"Pr\u00e1vnick\u00e1 fakulta | UPJ\u0160\"},\"image\":{\"@id\":\"https:\\\/\\\/www.upjs.sk\\\/pravnicka-fakulta\\\/#\\\/schema\\\/logo\\\/image\\\/\"}}]}<\/script>\n<!-- \/ Yoast SEO plugin. -->","yoast_head_json":{"title":"VVGS-2016-284 - Pr\u00e1vnick\u00e1 fakulta | UPJ\u0160","robots":{"index":"index","follow":"follow","max-snippet":"max-snippet:-1","max-image-preview":"max-image-preview:large","max-video-preview":"max-video-preview:-1"},"canonical":"https:\/\/www.upjs.sk\/pravnicka-fakulta\/vedecky-vyskum\/vedecke-projekty\/14647-2\/anotacia-4\/","og_locale":"sk_SK","og_type":"article","og_title":"VVGS-2016-284 - Pr\u00e1vnick\u00e1 fakulta | UPJ\u0160","og_description":"Anot\u00e1cia: Slovensk\u00e1 republika (SR) je od svojho vstupu do Eur\u00f3pskej \u00fanie (E\u00da) ovplyv\u0148ovan\u00e1 smerovan\u00edm jej politiky. Koordin\u00e1cia da\u0148ov\u00fdch polit\u00edk jednotliv\u00fdch \u010dlensk\u00fdch \u0161t\u00e1tov E\u00da predstavuje z\u00e1va\u017en\u00fa pr\u00e1vnu, ekonomick\u00fa, ako aj politick\u00fa ot\u00e1zku, ktorou sa musia vl\u00e1dy jednotliv\u00fdch \u0161t\u00e1tov zaobera\u0165 v z\u00e1ujme zachovania ekonomick\u00e9ho progresu a hospod\u00e1rskej stability. S roz\u0161iruj\u00facim sa ekonomick\u00fdm potenci\u00e1lom E\u00da a jej \u010dlensk\u00fdch &hellip; \u010c\u00edta\u0165 \u010falej","og_url":"https:\/\/www.upjs.sk\/pravnicka-fakulta\/vedecky-vyskum\/vedecke-projekty\/14647-2\/anotacia-4\/","og_site_name":"Pr\u00e1vnick\u00e1 fakulta | UPJ\u0160","article_modified_time":"2023-01-13T12:20:41+00:00","twitter_card":"summary_large_image","twitter_misc":{"Predpokladan\u00fd \u010das \u010d\u00edtania":"2 min\u00faty"},"schema":{"@context":"https:\/\/schema.org","@graph":[{"@type":"WebPage","@id":"https:\/\/www.upjs.sk\/pravnicka-fakulta\/vedecky-vyskum\/vedecke-projekty\/14647-2\/anotacia-4\/","url":"https:\/\/www.upjs.sk\/pravnicka-fakulta\/vedecky-vyskum\/vedecke-projekty\/14647-2\/anotacia-4\/","name":"VVGS-2016-284 - Pr\u00e1vnick\u00e1 fakulta | UPJ\u0160","isPartOf":{"@id":"https:\/\/www.upjs.sk\/pravnicka-fakulta\/#website"},"datePublished":"2017-04-06T11:03:29+00:00","dateModified":"2023-01-13T12:20:41+00:00","breadcrumb":{"@id":"https:\/\/www.upjs.sk\/pravnicka-fakulta\/vedecky-vyskum\/vedecke-projekty\/14647-2\/anotacia-4\/#breadcrumb"},"inLanguage":"sk-SK","potentialAction":[{"@type":"ReadAction","target":["https:\/\/www.upjs.sk\/pravnicka-fakulta\/vedecky-vyskum\/vedecke-projekty\/14647-2\/anotacia-4\/"]}]},{"@type":"BreadcrumbList","@id":"https:\/\/www.upjs.sk\/pravnicka-fakulta\/vedecky-vyskum\/vedecke-projekty\/14647-2\/anotacia-4\/#breadcrumb","itemListElement":[{"@type":"ListItem","position":1,"name":"Home","item":"https:\/\/www.upjs.sk\/pravnicka-fakulta\/"},{"@type":"ListItem","position":2,"name":"Veda a v\u00fdskum","item":"https:\/\/www.upjs.sk\/pravnicka-fakulta\/veda-a-vyskum__trashed\/vedecky-vyskum\/"},{"@type":"ListItem","position":3,"name":"Vedeck\u00e9 projekty","item":"https:\/\/www.upjs.sk\/pravnicka-fakulta\/vedecky-vyskum\/vedecke-projekty\/"},{"@type":"ListItem","position":4,"name":"Preh\u013ead rie\u0161en\u00fdch projektov VVGS","item":"https:\/\/www.upjs.sk\/pravnicka-fakulta\/vedecky-vyskum\/vedecke-projekty\/14647-2\/"},{"@type":"ListItem","position":5,"name":"VVGS-2016-284"}]},{"@type":"WebSite","@id":"https:\/\/www.upjs.sk\/pravnicka-fakulta\/#website","url":"https:\/\/www.upjs.sk\/pravnicka-fakulta\/","name":"Pr\u00e1vnick\u00e1 fakulta | UPJ\u0160","description":"","publisher":{"@id":"https:\/\/www.upjs.sk\/pravnicka-fakulta\/#organization"},"potentialAction":[{"@type":"SearchAction","target":{"@type":"EntryPoint","urlTemplate":"https:\/\/www.upjs.sk\/pravnicka-fakulta\/?s={search_term_string}"},"query-input":{"@type":"PropertyValueSpecification","valueRequired":true,"valueName":"search_term_string"}}],"inLanguage":"sk-SK"},{"@type":"Organization","@id":"https:\/\/www.upjs.sk\/pravnicka-fakulta\/#organization","name":"Pr\u00e1vnick\u00e1 fakulta | UPJ\u0160","url":"https:\/\/www.upjs.sk\/pravnicka-fakulta\/","logo":{"@type":"ImageObject","inLanguage":"sk-SK","@id":"https:\/\/www.upjs.sk\/pravnicka-fakulta\/#\/schema\/logo\/image\/","url":"https:\/\/www.upjs.sk\/app\/uploads\/sites\/11\/2022\/09\/logo-pravnicka-fakulta.png","contentUrl":"https:\/\/www.upjs.sk\/app\/uploads\/sites\/11\/2022\/09\/logo-pravnicka-fakulta.png","width":415,"height":87,"caption":"Pr\u00e1vnick\u00e1 fakulta | UPJ\u0160"},"image":{"@id":"https:\/\/www.upjs.sk\/pravnicka-fakulta\/#\/schema\/logo\/image\/"}}]}},"_links":{"self":[{"href":"https:\/\/www.upjs.sk\/pravnicka-fakulta\/wp-json\/wp\/v2\/pages\/13647","targetHints":{"allow":["GET"]}}],"collection":[{"href":"https:\/\/www.upjs.sk\/pravnicka-fakulta\/wp-json\/wp\/v2\/pages"}],"about":[{"href":"https:\/\/www.upjs.sk\/pravnicka-fakulta\/wp-json\/wp\/v2\/types\/page"}],"author":[{"embeddable":true,"href":"https:\/\/www.upjs.sk\/pravnicka-fakulta\/wp-json\/wp\/v2\/users\/1"}],"replies":[{"embeddable":true,"href":"https:\/\/www.upjs.sk\/pravnicka-fakulta\/wp-json\/wp\/v2\/comments?post=13647"}],"version-history":[{"count":1,"href":"https:\/\/www.upjs.sk\/pravnicka-fakulta\/wp-json\/wp\/v2\/pages\/13647\/revisions"}],"predecessor-version":[{"id":19493,"href":"https:\/\/www.upjs.sk\/pravnicka-fakulta\/wp-json\/wp\/v2\/pages\/13647\/revisions\/19493"}],"up":[{"embeddable":true,"href":"https:\/\/www.upjs.sk\/pravnicka-fakulta\/wp-json\/wp\/v2\/pages\/13645"}],"wp:attachment":[{"href":"https:\/\/www.upjs.sk\/pravnicka-fakulta\/wp-json\/wp\/v2\/media?parent=13647"}],"wp:term":[{"taxonomy":"category","embeddable":true,"href":"https:\/\/www.upjs.sk\/pravnicka-fakulta\/wp-json\/wp\/v2\/categories?post=13647"},{"taxonomy":"post_tag","embeddable":true,"href":"https:\/\/www.upjs.sk\/pravnicka-fakulta\/wp-json\/wp\/v2\/tags?post=13647"}],"curies":[{"name":"wp","href":"https:\/\/api.w.org\/{rel}","templated":true}]}}