{"id":13650,"date":"2017-11-13T10:49:18","date_gmt":"2017-11-13T10:49:31","guid":{"rendered":"https:\/\/www.upjs.sk\/pravnicka-fakulta\/veda-a-vyskum\/vedecky-vyskum\/16974-2\/"},"modified":"2023-01-13T13:03:56","modified_gmt":"2023-01-13T12:03:56","slug":"anotacia","status":"publish","type":"page","link":"https:\/\/www.upjs.sk\/pravnicka-fakulta\/vedecky-vyskum\/vedecke-projekty\/14072-2\/anotacia\/","title":{"rendered":"APVV-16-0362"},"content":{"rendered":"<p><strong>Anot\u00e1cia:<\/strong><\/p>\n<p>Trestn\u00e9 pr\u00e1vo je odvetv\u00edm verejn\u00e9ho pr\u00e1va. Skuto\u010dnos\u0165, \u017ee trestn\u00e9 pr\u00e1vo je odvetv\u00edm verejn\u00e9ho pr\u00e1va<br \/>\npredznamen\u00e1va, \u017ee vz\u0165ahy medzi jednotliv\u00fdmi subjektmi vystupuj\u00facimi v jeho normat\u00edvnych z\u00e1kladoch sa riadia<br \/>\nprinc\u00edpom subordin\u00e1cie, kde nadraden\u00fdm subjektom je spravidla org\u00e1n verejnej moci. Legislat\u00edvne a aplika\u010dnopr\u00e1vne<br \/>\nprobl\u00e9my ostatn\u00fdch rokov v\u0161ak poukazuj\u00fa na skuto\u010dnos\u0165, \u017ee dodr\u017eiavanie princ\u00edpu z\u00e1konnosti nie je v<br \/>\npraktickej rovine trestn\u00e9ho pr\u00e1va v\u017edy na \u0161t\u00e1topr\u00e1vne akceptovate\u013enej \u00farovni. Z\u00e1konodarca pri v\u00fdkone svojej<br \/>\n\u010dinnosti \u010dasto opom\u00edna potrebu dodr\u017eiavania hodnotov\u00fdch (axiologick\u00fdch) po\u017eiadaviek trestn\u00e9ho pr\u00e1va.<br \/>\nProporcionalitu viacer\u00fdch trestnopr\u00e1vnych noriem musel z poh\u013eadu ich \u00fastavnej konformity posudzova\u0165 a\u017e<br \/>\n\u00dastavn\u00fd s\u00fad Slovenskej republiky, v aplika\u010dnej rovine naopak bada\u0165 nedostato\u010dn\u00fa \u00fapravu niektor\u00fdch<br \/>\nprocesn\u00fdch pr\u00e1v jednotliv\u00fdch ,,subordinovan\u00fdch\u201c subjektov trestn\u00e9ho konania. V neposlednom rade je potrebn\u00e9<br \/>\nreflektova\u0165 na nedostato\u010dn\u00fa \u00farove\u0148 tzv. mimopr\u00e1vnych z\u00e1ruk z\u00e1konnosti, ktor\u00e9 predstavuj\u00fa organiza\u010dnotechnick\u00fd<br \/>\npredpoklad k naplneniu \u00fa\u010delu trestn\u00e9ho pr\u00e1va v novodobom demokratickom pr\u00e1vnom \u0161t\u00e1te.<br \/>\nRie\u0161ite\u013esk\u00fd kolekt\u00edv sa domnieva, \u017ee niektor\u00e9 z legislat\u00edvnych a aplika\u010dn\u00fdch probl\u00e9mov trestn\u00e9ho pr\u00e1va 21.<br \/>\nstoro\u010dia je mo\u017en\u00e9 eliminova\u0165 ,,s\u00fakromn\u00fdmi intervenciami\u201c do niektor\u00fdch jeho in\u0161tit\u00fatov. Z uveden\u00fdch d\u00f4vodov sa<br \/>\nrie\u0161ite\u013esk\u00fd kolekt\u00edv pl\u00e1nuje komplexn\u00fdm sp\u00f4sobom zaobera\u0165 privatiz\u00e1ciou trestn\u00e9ho pr\u00e1va z poh\u013eadu<br \/>\nhmotnopr\u00e1vneho, procesnopr\u00e1vneho, kriminologick\u00e9ho a organiza\u010dno- technick\u00e9ho. Re\u0161pektovan\u00edm princ\u00edpu<br \/>\nz\u00e1konnosti ako imanentn\u00e9ho princ\u00edpu pr\u00e1vneho \u0161t\u00e1tu je nevyhnutn\u00e9 sk\u00fama\u0165 legislat\u00edvne a aplika\u010dn\u00e9 aspekty<br \/>\nprivatiz\u00e1cie trestn\u00e9ho pr\u00e1va nielen v medziach z\u00e1konn\u00fdch, ale tie\u017e v medziach \u00fastavn\u00fdch a nadn\u00e1rodn\u00fdch<br \/>\nlimitov mo\u017enosti privatiz\u00e1cie trestn\u00e9ho pr\u00e1va v podmienkach s\u00fa\u010dasnej Slovenskej republiky.<\/p>\n<p><strong>Annotation:<\/strong><\/p>\n<p>Criminal law is a branch of public law. The fact that criminal law is a branch of public law heralds the<br \/>\nrelationships between entities, acting in its legislative basis for governing the principle of subordination, where<br \/>\nthe superior body is usually a public authority. Applicational, legislative and legal problems of recent years,<br \/>\nhowever, point to the fact that compliance with the principle of legality is not in practical terms the criminal law is<br \/>\nalways on the constitutional acceptable level. The legislature in the exercise of their activities often ignores the<br \/>\nneed for respect of value (axiological) the requirements of criminal law. The proportionality of a number of<br \/>\ncriminal laws have in terms of their constitutional conformity assessed to the Constitutional Court of the Slovak<br \/>\nRepublic, at application level, on the contrary, there are inconsistencies modify some of the procedural rights of<br \/>\nthe individual ,,or subordinate &#8222;subjects of criminal proceedings. Finally, it is necessary to reflect the lack of socalled<br \/>\nlevel of extra-legal guarantees of legality that represent organizational-technical prerequisite for fulfilling<br \/>\nthe purpose of the criminal law in modern democratic rule of law. Research team believes that some of the<br \/>\nlegislative and criminal law application problems of the 21st century can be eliminated by ,,private intervention &#8220;<br \/>\nVV 2016 Z\u00e1kladn\u00fd v\u00fdskum<br \/>\nAPVV-16-0362<br \/>\nAkronym: PTPHPKOTA 08.06.2017 09:13 Strana\/Page: 2<br \/>\nin some of its institutes. For these reasons, the research team is planning a comprehensive way to deal with the<br \/>\nprivatization of criminal law in terms of substantive, procedural, organizational-technical and criminological<br \/>\naspects. Respecting the principle of legality as immanent rule of law is necessary to examine the legislative<br \/>\naspects of the privatization and the application of criminal law, not only within the legal but also within the<br \/>\nconstitutional limits and possibilities of transnational privatization of criminal law in the current Slovak Republic.<\/p>\n","protected":false},"excerpt":{"rendered":"<p>Anot\u00e1cia: Trestn\u00e9 pr\u00e1vo je odvetv\u00edm verejn\u00e9ho pr\u00e1va. Skuto\u010dnos\u0165, \u017ee trestn\u00e9 pr\u00e1vo je odvetv\u00edm verejn\u00e9ho pr\u00e1va predznamen\u00e1va, \u017ee vz\u0165ahy medzi jednotliv\u00fdmi subjektmi vystupuj\u00facimi v jeho normat\u00edvnych z\u00e1kladoch sa riadia princ\u00edpom subordin\u00e1cie, kde nadraden\u00fdm subjektom je spravidla org\u00e1n verejnej moci. Legislat\u00edvne a aplika\u010dnopr\u00e1vne probl\u00e9my ostatn\u00fdch rokov v\u0161ak poukazuj\u00fa na skuto\u010dnos\u0165, \u017ee dodr\u017eiavanie princ\u00edpu z\u00e1konnosti nie je v &hellip; <a href=\"https:\/\/www.upjs.sk\/pravnicka-fakulta\/vedecky-vyskum\/vedecke-projekty\/14072-2\/anotacia\/\">\u010c\u00edta\u0165 \u010falej<\/a><\/p>\n","protected":false},"author":1,"featured_media":0,"parent":13635,"menu_order":1,"comment_status":"closed","ping_status":"closed","template":"","meta":{"_acf_changed":false,"_editorskit_title_hidden":false,"_editorskit_reading_time":0,"_editorskit_is_block_options_detached":false,"_editorskit_block_options_position":"{}","footnotes":""},"categories":[],"tags":[],"class_list":["post-13650","page","type-page","status-publish","hentry"],"acf":{"acf_link_na_externy_obsah":""},"yoast_head":"<!-- This site is optimized with the Yoast SEO plugin v27.4 - https:\/\/yoast.com\/product\/yoast-seo-wordpress\/ -->\n<title>APVV-16-0362 - Pr\u00e1vnick\u00e1 fakulta | UPJ\u0160<\/title>\n<meta name=\"robots\" content=\"index, follow, max-snippet:-1, max-image-preview:large, max-video-preview:-1\" \/>\n<link rel=\"canonical\" href=\"https:\/\/www.upjs.sk\/pravnicka-fakulta\/vedecky-vyskum\/vedecke-projekty\/14072-2\/anotacia\/\" \/>\n<meta property=\"og:locale\" content=\"sk_SK\" \/>\n<meta property=\"og:type\" content=\"article\" \/>\n<meta property=\"og:title\" content=\"APVV-16-0362 - Pr\u00e1vnick\u00e1 fakulta | UPJ\u0160\" \/>\n<meta property=\"og:description\" content=\"Anot\u00e1cia: Trestn\u00e9 pr\u00e1vo je odvetv\u00edm verejn\u00e9ho pr\u00e1va. Skuto\u010dnos\u0165, \u017ee trestn\u00e9 pr\u00e1vo je odvetv\u00edm verejn\u00e9ho pr\u00e1va predznamen\u00e1va, \u017ee vz\u0165ahy medzi jednotliv\u00fdmi subjektmi vystupuj\u00facimi v jeho normat\u00edvnych z\u00e1kladoch sa riadia princ\u00edpom subordin\u00e1cie, kde nadraden\u00fdm subjektom je spravidla org\u00e1n verejnej moci. Legislat\u00edvne a aplika\u010dnopr\u00e1vne probl\u00e9my ostatn\u00fdch rokov v\u0161ak poukazuj\u00fa na skuto\u010dnos\u0165, \u017ee dodr\u017eiavanie princ\u00edpu z\u00e1konnosti nie je v &hellip; \u010c\u00edta\u0165 \u010falej\" \/>\n<meta property=\"og:url\" content=\"https:\/\/www.upjs.sk\/pravnicka-fakulta\/vedecky-vyskum\/vedecke-projekty\/14072-2\/anotacia\/\" \/>\n<meta property=\"og:site_name\" content=\"Pr\u00e1vnick\u00e1 fakulta | UPJ\u0160\" \/>\n<meta property=\"article:modified_time\" content=\"2023-01-13T12:03:56+00:00\" \/>\n<meta name=\"twitter:card\" content=\"summary_large_image\" \/>\n<meta name=\"twitter:label1\" content=\"Predpokladan\u00fd \u010das \u010d\u00edtania\" \/>\n\t<meta name=\"twitter:data1\" content=\"3 min\u00faty\" \/>\n<script type=\"application\/ld+json\" class=\"yoast-schema-graph\">{\"@context\":\"https:\\\/\\\/schema.org\",\"@graph\":[{\"@type\":\"WebPage\",\"@id\":\"https:\\\/\\\/www.upjs.sk\\\/pravnicka-fakulta\\\/vedecky-vyskum\\\/vedecke-projekty\\\/14072-2\\\/anotacia\\\/\",\"url\":\"https:\\\/\\\/www.upjs.sk\\\/pravnicka-fakulta\\\/vedecky-vyskum\\\/vedecke-projekty\\\/14072-2\\\/anotacia\\\/\",\"name\":\"APVV-16-0362 - Pr\u00e1vnick\u00e1 fakulta | UPJ\u0160\",\"isPartOf\":{\"@id\":\"https:\\\/\\\/www.upjs.sk\\\/pravnicka-fakulta\\\/#website\"},\"datePublished\":\"2017-11-13T10:49:31+00:00\",\"dateModified\":\"2023-01-13T12:03:56+00:00\",\"breadcrumb\":{\"@id\":\"https:\\\/\\\/www.upjs.sk\\\/pravnicka-fakulta\\\/vedecky-vyskum\\\/vedecke-projekty\\\/14072-2\\\/anotacia\\\/#breadcrumb\"},\"inLanguage\":\"sk-SK\",\"potentialAction\":[{\"@type\":\"ReadAction\",\"target\":[\"https:\\\/\\\/www.upjs.sk\\\/pravnicka-fakulta\\\/vedecky-vyskum\\\/vedecke-projekty\\\/14072-2\\\/anotacia\\\/\"]}]},{\"@type\":\"BreadcrumbList\",\"@id\":\"https:\\\/\\\/www.upjs.sk\\\/pravnicka-fakulta\\\/vedecky-vyskum\\\/vedecke-projekty\\\/14072-2\\\/anotacia\\\/#breadcrumb\",\"itemListElement\":[{\"@type\":\"ListItem\",\"position\":1,\"name\":\"Home\",\"item\":\"https:\\\/\\\/www.upjs.sk\\\/pravnicka-fakulta\\\/\"},{\"@type\":\"ListItem\",\"position\":2,\"name\":\"Veda a v\u00fdskum\",\"item\":\"https:\\\/\\\/www.upjs.sk\\\/pravnicka-fakulta\\\/veda-a-vyskum__trashed\\\/vedecky-vyskum\\\/\"},{\"@type\":\"ListItem\",\"position\":3,\"name\":\"Vedeck\u00e9 projekty\",\"item\":\"https:\\\/\\\/www.upjs.sk\\\/pravnicka-fakulta\\\/vedecky-vyskum\\\/vedecke-projekty\\\/\"},{\"@type\":\"ListItem\",\"position\":4,\"name\":\"Preh\u013ead rie\u0161en\u00fdch projektov_APVV\",\"item\":\"https:\\\/\\\/www.upjs.sk\\\/pravnicka-fakulta\\\/vedecky-vyskum\\\/vedecke-projekty\\\/14072-2\\\/\"},{\"@type\":\"ListItem\",\"position\":5,\"name\":\"APVV-16-0362\"}]},{\"@type\":\"WebSite\",\"@id\":\"https:\\\/\\\/www.upjs.sk\\\/pravnicka-fakulta\\\/#website\",\"url\":\"https:\\\/\\\/www.upjs.sk\\\/pravnicka-fakulta\\\/\",\"name\":\"Pr\u00e1vnick\u00e1 fakulta | UPJ\u0160\",\"description\":\"\",\"publisher\":{\"@id\":\"https:\\\/\\\/www.upjs.sk\\\/pravnicka-fakulta\\\/#organization\"},\"potentialAction\":[{\"@type\":\"SearchAction\",\"target\":{\"@type\":\"EntryPoint\",\"urlTemplate\":\"https:\\\/\\\/www.upjs.sk\\\/pravnicka-fakulta\\\/?s={search_term_string}\"},\"query-input\":{\"@type\":\"PropertyValueSpecification\",\"valueRequired\":true,\"valueName\":\"search_term_string\"}}],\"inLanguage\":\"sk-SK\"},{\"@type\":\"Organization\",\"@id\":\"https:\\\/\\\/www.upjs.sk\\\/pravnicka-fakulta\\\/#organization\",\"name\":\"Pr\u00e1vnick\u00e1 fakulta | UPJ\u0160\",\"url\":\"https:\\\/\\\/www.upjs.sk\\\/pravnicka-fakulta\\\/\",\"logo\":{\"@type\":\"ImageObject\",\"inLanguage\":\"sk-SK\",\"@id\":\"https:\\\/\\\/www.upjs.sk\\\/pravnicka-fakulta\\\/#\\\/schema\\\/logo\\\/image\\\/\",\"url\":\"https:\\\/\\\/www.upjs.sk\\\/app\\\/uploads\\\/sites\\\/11\\\/2022\\\/09\\\/logo-pravnicka-fakulta.png\",\"contentUrl\":\"https:\\\/\\\/www.upjs.sk\\\/app\\\/uploads\\\/sites\\\/11\\\/2022\\\/09\\\/logo-pravnicka-fakulta.png\",\"width\":415,\"height\":87,\"caption\":\"Pr\u00e1vnick\u00e1 fakulta | UPJ\u0160\"},\"image\":{\"@id\":\"https:\\\/\\\/www.upjs.sk\\\/pravnicka-fakulta\\\/#\\\/schema\\\/logo\\\/image\\\/\"}}]}<\/script>\n<!-- \/ Yoast SEO plugin. -->","yoast_head_json":{"title":"APVV-16-0362 - Pr\u00e1vnick\u00e1 fakulta | UPJ\u0160","robots":{"index":"index","follow":"follow","max-snippet":"max-snippet:-1","max-image-preview":"max-image-preview:large","max-video-preview":"max-video-preview:-1"},"canonical":"https:\/\/www.upjs.sk\/pravnicka-fakulta\/vedecky-vyskum\/vedecke-projekty\/14072-2\/anotacia\/","og_locale":"sk_SK","og_type":"article","og_title":"APVV-16-0362 - Pr\u00e1vnick\u00e1 fakulta | UPJ\u0160","og_description":"Anot\u00e1cia: Trestn\u00e9 pr\u00e1vo je odvetv\u00edm verejn\u00e9ho pr\u00e1va. Skuto\u010dnos\u0165, \u017ee trestn\u00e9 pr\u00e1vo je odvetv\u00edm verejn\u00e9ho pr\u00e1va predznamen\u00e1va, \u017ee vz\u0165ahy medzi jednotliv\u00fdmi subjektmi vystupuj\u00facimi v jeho normat\u00edvnych z\u00e1kladoch sa riadia princ\u00edpom subordin\u00e1cie, kde nadraden\u00fdm subjektom je spravidla org\u00e1n verejnej moci. Legislat\u00edvne a aplika\u010dnopr\u00e1vne probl\u00e9my ostatn\u00fdch rokov v\u0161ak poukazuj\u00fa na skuto\u010dnos\u0165, \u017ee dodr\u017eiavanie princ\u00edpu z\u00e1konnosti nie je v &hellip; \u010c\u00edta\u0165 \u010falej","og_url":"https:\/\/www.upjs.sk\/pravnicka-fakulta\/vedecky-vyskum\/vedecke-projekty\/14072-2\/anotacia\/","og_site_name":"Pr\u00e1vnick\u00e1 fakulta | UPJ\u0160","article_modified_time":"2023-01-13T12:03:56+00:00","twitter_card":"summary_large_image","twitter_misc":{"Predpokladan\u00fd \u010das \u010d\u00edtania":"3 min\u00faty"},"schema":{"@context":"https:\/\/schema.org","@graph":[{"@type":"WebPage","@id":"https:\/\/www.upjs.sk\/pravnicka-fakulta\/vedecky-vyskum\/vedecke-projekty\/14072-2\/anotacia\/","url":"https:\/\/www.upjs.sk\/pravnicka-fakulta\/vedecky-vyskum\/vedecke-projekty\/14072-2\/anotacia\/","name":"APVV-16-0362 - Pr\u00e1vnick\u00e1 fakulta | UPJ\u0160","isPartOf":{"@id":"https:\/\/www.upjs.sk\/pravnicka-fakulta\/#website"},"datePublished":"2017-11-13T10:49:31+00:00","dateModified":"2023-01-13T12:03:56+00:00","breadcrumb":{"@id":"https:\/\/www.upjs.sk\/pravnicka-fakulta\/vedecky-vyskum\/vedecke-projekty\/14072-2\/anotacia\/#breadcrumb"},"inLanguage":"sk-SK","potentialAction":[{"@type":"ReadAction","target":["https:\/\/www.upjs.sk\/pravnicka-fakulta\/vedecky-vyskum\/vedecke-projekty\/14072-2\/anotacia\/"]}]},{"@type":"BreadcrumbList","@id":"https:\/\/www.upjs.sk\/pravnicka-fakulta\/vedecky-vyskum\/vedecke-projekty\/14072-2\/anotacia\/#breadcrumb","itemListElement":[{"@type":"ListItem","position":1,"name":"Home","item":"https:\/\/www.upjs.sk\/pravnicka-fakulta\/"},{"@type":"ListItem","position":2,"name":"Veda a v\u00fdskum","item":"https:\/\/www.upjs.sk\/pravnicka-fakulta\/veda-a-vyskum__trashed\/vedecky-vyskum\/"},{"@type":"ListItem","position":3,"name":"Vedeck\u00e9 projekty","item":"https:\/\/www.upjs.sk\/pravnicka-fakulta\/vedecky-vyskum\/vedecke-projekty\/"},{"@type":"ListItem","position":4,"name":"Preh\u013ead rie\u0161en\u00fdch projektov_APVV","item":"https:\/\/www.upjs.sk\/pravnicka-fakulta\/vedecky-vyskum\/vedecke-projekty\/14072-2\/"},{"@type":"ListItem","position":5,"name":"APVV-16-0362"}]},{"@type":"WebSite","@id":"https:\/\/www.upjs.sk\/pravnicka-fakulta\/#website","url":"https:\/\/www.upjs.sk\/pravnicka-fakulta\/","name":"Pr\u00e1vnick\u00e1 fakulta | UPJ\u0160","description":"","publisher":{"@id":"https:\/\/www.upjs.sk\/pravnicka-fakulta\/#organization"},"potentialAction":[{"@type":"SearchAction","target":{"@type":"EntryPoint","urlTemplate":"https:\/\/www.upjs.sk\/pravnicka-fakulta\/?s={search_term_string}"},"query-input":{"@type":"PropertyValueSpecification","valueRequired":true,"valueName":"search_term_string"}}],"inLanguage":"sk-SK"},{"@type":"Organization","@id":"https:\/\/www.upjs.sk\/pravnicka-fakulta\/#organization","name":"Pr\u00e1vnick\u00e1 fakulta | UPJ\u0160","url":"https:\/\/www.upjs.sk\/pravnicka-fakulta\/","logo":{"@type":"ImageObject","inLanguage":"sk-SK","@id":"https:\/\/www.upjs.sk\/pravnicka-fakulta\/#\/schema\/logo\/image\/","url":"https:\/\/www.upjs.sk\/app\/uploads\/sites\/11\/2022\/09\/logo-pravnicka-fakulta.png","contentUrl":"https:\/\/www.upjs.sk\/app\/uploads\/sites\/11\/2022\/09\/logo-pravnicka-fakulta.png","width":415,"height":87,"caption":"Pr\u00e1vnick\u00e1 fakulta | UPJ\u0160"},"image":{"@id":"https:\/\/www.upjs.sk\/pravnicka-fakulta\/#\/schema\/logo\/image\/"}}]}},"_links":{"self":[{"href":"https:\/\/www.upjs.sk\/pravnicka-fakulta\/wp-json\/wp\/v2\/pages\/13650","targetHints":{"allow":["GET"]}}],"collection":[{"href":"https:\/\/www.upjs.sk\/pravnicka-fakulta\/wp-json\/wp\/v2\/pages"}],"about":[{"href":"https:\/\/www.upjs.sk\/pravnicka-fakulta\/wp-json\/wp\/v2\/types\/page"}],"author":[{"embeddable":true,"href":"https:\/\/www.upjs.sk\/pravnicka-fakulta\/wp-json\/wp\/v2\/users\/1"}],"replies":[{"embeddable":true,"href":"https:\/\/www.upjs.sk\/pravnicka-fakulta\/wp-json\/wp\/v2\/comments?post=13650"}],"version-history":[{"count":3,"href":"https:\/\/www.upjs.sk\/pravnicka-fakulta\/wp-json\/wp\/v2\/pages\/13650\/revisions"}],"predecessor-version":[{"id":36217,"href":"https:\/\/www.upjs.sk\/pravnicka-fakulta\/wp-json\/wp\/v2\/pages\/13650\/revisions\/36217"}],"up":[{"embeddable":true,"href":"https:\/\/www.upjs.sk\/pravnicka-fakulta\/wp-json\/wp\/v2\/pages\/13635"}],"wp:attachment":[{"href":"https:\/\/www.upjs.sk\/pravnicka-fakulta\/wp-json\/wp\/v2\/media?parent=13650"}],"wp:term":[{"taxonomy":"category","embeddable":true,"href":"https:\/\/www.upjs.sk\/pravnicka-fakulta\/wp-json\/wp\/v2\/categories?post=13650"},{"taxonomy":"post_tag","embeddable":true,"href":"https:\/\/www.upjs.sk\/pravnicka-fakulta\/wp-json\/wp\/v2\/tags?post=13650"}],"curies":[{"name":"wp","href":"https:\/\/api.w.org\/{rel}","templated":true}]}}