{"id":13829,"date":"2022-04-11T09:11:57","date_gmt":"2022-04-11T09:11:57","guid":{"rendered":"https:\/\/www.upjs.sk\/pravnicka-fakulta\/fakulta\/akademicky-senat\/komisie-as\/"},"modified":"2026-02-10T08:07:11","modified_gmt":"2026-02-10T07:07:11","slug":"komisie-as","status":"publish","type":"page","link":"https:\/\/www.upjs.sk\/pravnicka-fakulta\/fakulta\/akademicky-senat\/komisie-as\/","title":{"rendered":"Komisie"},"content":{"rendered":"<p style=\"text-align: center;\"><span style=\"font-size: 14px;\"><strong>St\u00e1le Komisie Akademick\u00e9ho sen\u00e1tu UPJ\u0160 Pr\u00e1vnickej fakulty<\/strong><\/span><\/p>\n<p style=\"text-align: justify;\">Akademick\u00fd sen\u00e1t UPJ\u0160 Pr\u00e1vnickej fakulty zvolil na svom\u00a0zasadnut\u00ed\u00a0konanom\u00a0d\u0148a 19. novembra 2018\u00a0v s\u00falade s \u010dl. 2 ods. 4 Rokovacieho poriadku Akademick\u00e9ho sen\u00e1tu Pr\u00e1vnickej fakulty UPJ\u0160 v Ko\u0161iciach t\u00fdchto \u010dlenov st\u00e1lych komisi\u00ed:<\/p>\n<p><strong>Volebn\u00e1 a mand\u00e1tov\u00e1 komisia:<\/strong><br \/>\n&#8211; doc. JUDr. Martin \u0160trkolec, PhD.(predseda)<br \/>\n&#8211; doc. JUDr. Miroslav Fico, PhD.<br \/>\n&#8211; Mgr. Tom\u00e1\u0161 \u0160ef\u010d\u00edk<br \/>\n&#8211; Bc. Tom\u00e1\u0161 Ob\u0161ito\u0161<\/p>\n<p><strong>Komisia pre vzdel\u00e1vaciu \u010dinnos\u0165:<\/strong><br \/>\n&#8211; Mgr. \u013dubica Gregov\u00e1 \u0160iricov\u00e1, PhD. (predsedn\u00ed\u010dka)<br \/>\n&#8211; doc. JUDr. Karin Cakoci, PhD.<br \/>\n&#8211; JUDr. Daniela Lama\u010dkov\u00e1, PhD.<br \/>\n&#8211; JUDr. Dominik \u0160oltys, PhD.<br \/>\n&#8211; JUDr. J\u00falia Hoffmanov\u00e1, LL.M.<br \/>\n&#8211; Mgr. Tom\u00e1\u0161 \u0160ef\u010d\u00edk<br \/>\n&#8211; Jaroslav Melega<\/p>\n<p><strong>Legislat\u00edvna komisia:<\/strong><br \/>\n&#8211; JUDr. \u017dofia Mr\u00e1zov\u00e1, PhD. <span style=\"color: initial;\">(predsedn\u00ed\u010dka)<br \/>\n<\/span>&#8211; doc. JUDr. Ren\u00e1ta Ba\u010d\u00e1rov\u00e1, PhD.<br \/>\n<span style=\"color: initial;\">&#8211; JUDr. JCLic. Tom\u00e1\u0161 Majer\u010d\u00e1k, PhD.<\/span><br \/>\n&#8211; JUDr. Luk\u00e1\u0161 Jan\u010d\u00e1t, PhD.<br \/>\n&#8211; JUDr. Luk\u00e1\u0161 Toma\u0161, PhD.<br \/>\n&#8211; Mgr. Dami\u00e1n Pru\u017einsk\u00fd<br \/>\n&#8211; Bc. Kristi\u00e1n Vantech<\/p>\n<p><strong>Ekonomick\u00e1 komisia:<\/strong><br \/>\n&#8211; Ing. Karol\u00edna \u010cerven\u00e1, PhD. (predsedn\u00ed\u010dka)<br \/>\n&#8211; JUDr. Anna Varta\u0161ov\u00e1, PhD.<br \/>\n&#8211; Mgr. Marko Re\u0161ovsk\u00fd<br \/>\n&#8211; Jaroslav Melega<\/p>\n","protected":false},"excerpt":{"rendered":"<p>St\u00e1le Komisie Akademick\u00e9ho sen\u00e1tu UPJ\u0160 Pr\u00e1vnickej fakulty Akademick\u00fd sen\u00e1t UPJ\u0160 Pr\u00e1vnickej fakulty zvolil na svom\u00a0zasadnut\u00ed\u00a0konanom\u00a0d\u0148a 19. novembra 2018\u00a0v s\u00falade s \u010dl. 2 ods. 4 Rokovacieho poriadku Akademick\u00e9ho sen\u00e1tu Pr\u00e1vnickej fakulty UPJ\u0160 v Ko\u0161iciach t\u00fdchto \u010dlenov st\u00e1lych komisi\u00ed: Volebn\u00e1 a mand\u00e1tov\u00e1 komisia: &#8211; doc. JUDr. Martin \u0160trkolec, PhD.(predseda) &#8211; doc. JUDr. Miroslav Fico, PhD. &#8211; Mgr. &hellip; <a href=\"https:\/\/www.upjs.sk\/pravnicka-fakulta\/fakulta\/akademicky-senat\/komisie-as\/\">\u010c\u00edta\u0165 \u010falej<\/a><\/p>\n","protected":false},"author":1,"featured_media":0,"parent":13090,"menu_order":3,"comment_status":"closed","ping_status":"closed","template":"","meta":{"_acf_changed":false,"_editorskit_title_hidden":false,"_editorskit_reading_time":1,"_editorskit_is_block_options_detached":false,"_editorskit_block_options_position":"{}","footnotes":""},"categories":[],"tags":[],"class_list":["post-13829","page","type-page","status-publish","hentry"],"acf":{"acf_link_na_externy_obsah":""},"yoast_head":"<!-- This site is optimized with the Yoast SEO plugin v27.4 - https:\/\/yoast.com\/product\/yoast-seo-wordpress\/ -->\n<title>Komisie - Pr\u00e1vnick\u00e1 fakulta | UPJ\u0160<\/title>\n<meta name=\"robots\" content=\"index, follow, max-snippet:-1, max-image-preview:large, max-video-preview:-1\" \/>\n<link rel=\"canonical\" href=\"https:\/\/www.upjs.sk\/pravnicka-fakulta\/fakulta\/akademicky-senat\/komisie-as\/\" \/>\n<meta property=\"og:locale\" content=\"sk_SK\" \/>\n<meta property=\"og:type\" content=\"article\" \/>\n<meta property=\"og:title\" content=\"Komisie - Pr\u00e1vnick\u00e1 fakulta | UPJ\u0160\" \/>\n<meta property=\"og:description\" content=\"St\u00e1le Komisie Akademick\u00e9ho sen\u00e1tu UPJ\u0160 Pr\u00e1vnickej fakulty Akademick\u00fd sen\u00e1t UPJ\u0160 Pr\u00e1vnickej fakulty zvolil na svom\u00a0zasadnut\u00ed\u00a0konanom\u00a0d\u0148a 19. novembra 2018\u00a0v s\u00falade s \u010dl. 2 ods. 4 Rokovacieho poriadku Akademick\u00e9ho sen\u00e1tu Pr\u00e1vnickej fakulty UPJ\u0160 v Ko\u0161iciach t\u00fdchto \u010dlenov st\u00e1lych komisi\u00ed: Volebn\u00e1 a mand\u00e1tov\u00e1 komisia: &#8211; doc. JUDr. Martin \u0160trkolec, PhD.(predseda) &#8211; doc. JUDr. Miroslav Fico, PhD. &#8211; Mgr. &hellip; \u010c\u00edta\u0165 \u010falej\" \/>\n<meta property=\"og:url\" content=\"https:\/\/www.upjs.sk\/pravnicka-fakulta\/fakulta\/akademicky-senat\/komisie-as\/\" \/>\n<meta property=\"og:site_name\" content=\"Pr\u00e1vnick\u00e1 fakulta | UPJ\u0160\" \/>\n<meta property=\"article:modified_time\" content=\"2026-02-10T07:07:11+00:00\" \/>\n<meta name=\"twitter:card\" content=\"summary_large_image\" \/>\n<meta name=\"twitter:label1\" content=\"Predpokladan\u00fd \u010das \u010d\u00edtania\" \/>\n\t<meta name=\"twitter:data1\" content=\"1 min\u00fata\" \/>\n<script type=\"application\/ld+json\" class=\"yoast-schema-graph\">{\"@context\":\"https:\\\/\\\/schema.org\",\"@graph\":[{\"@type\":\"WebPage\",\"@id\":\"https:\\\/\\\/www.upjs.sk\\\/pravnicka-fakulta\\\/fakulta\\\/akademicky-senat\\\/komisie-as\\\/\",\"url\":\"https:\\\/\\\/www.upjs.sk\\\/pravnicka-fakulta\\\/fakulta\\\/akademicky-senat\\\/komisie-as\\\/\",\"name\":\"Komisie - Pr\u00e1vnick\u00e1 fakulta | UPJ\u0160\",\"isPartOf\":{\"@id\":\"https:\\\/\\\/www.upjs.sk\\\/pravnicka-fakulta\\\/#website\"},\"datePublished\":\"2022-04-11T09:11:57+00:00\",\"dateModified\":\"2026-02-10T07:07:11+00:00\",\"breadcrumb\":{\"@id\":\"https:\\\/\\\/www.upjs.sk\\\/pravnicka-fakulta\\\/fakulta\\\/akademicky-senat\\\/komisie-as\\\/#breadcrumb\"},\"inLanguage\":\"sk-SK\",\"potentialAction\":[{\"@type\":\"ReadAction\",\"target\":[\"https:\\\/\\\/www.upjs.sk\\\/pravnicka-fakulta\\\/fakulta\\\/akademicky-senat\\\/komisie-as\\\/\"]}]},{\"@type\":\"BreadcrumbList\",\"@id\":\"https:\\\/\\\/www.upjs.sk\\\/pravnicka-fakulta\\\/fakulta\\\/akademicky-senat\\\/komisie-as\\\/#breadcrumb\",\"itemListElement\":[{\"@type\":\"ListItem\",\"position\":1,\"name\":\"Home\",\"item\":\"https:\\\/\\\/www.upjs.sk\\\/pravnicka-fakulta\\\/\"},{\"@type\":\"ListItem\",\"position\":2,\"name\":\"Fakulta\",\"item\":\"https:\\\/\\\/www.upjs.sk\\\/pravnicka-fakulta\\\/fakulta\\\/\"},{\"@type\":\"ListItem\",\"position\":3,\"name\":\"Akademick\u00fd sen\u00e1t\",\"item\":\"https:\\\/\\\/www.upjs.sk\\\/pravnicka-fakulta\\\/fakulta\\\/akademicky-senat\\\/\"},{\"@type\":\"ListItem\",\"position\":4,\"name\":\"Komisie\"}]},{\"@type\":\"WebSite\",\"@id\":\"https:\\\/\\\/www.upjs.sk\\\/pravnicka-fakulta\\\/#website\",\"url\":\"https:\\\/\\\/www.upjs.sk\\\/pravnicka-fakulta\\\/\",\"name\":\"Pr\u00e1vnick\u00e1 fakulta | UPJ\u0160\",\"description\":\"\",\"publisher\":{\"@id\":\"https:\\\/\\\/www.upjs.sk\\\/pravnicka-fakulta\\\/#organization\"},\"potentialAction\":[{\"@type\":\"SearchAction\",\"target\":{\"@type\":\"EntryPoint\",\"urlTemplate\":\"https:\\\/\\\/www.upjs.sk\\\/pravnicka-fakulta\\\/?s={search_term_string}\"},\"query-input\":{\"@type\":\"PropertyValueSpecification\",\"valueRequired\":true,\"valueName\":\"search_term_string\"}}],\"inLanguage\":\"sk-SK\"},{\"@type\":\"Organization\",\"@id\":\"https:\\\/\\\/www.upjs.sk\\\/pravnicka-fakulta\\\/#organization\",\"name\":\"Pr\u00e1vnick\u00e1 fakulta | UPJ\u0160\",\"url\":\"https:\\\/\\\/www.upjs.sk\\\/pravnicka-fakulta\\\/\",\"logo\":{\"@type\":\"ImageObject\",\"inLanguage\":\"sk-SK\",\"@id\":\"https:\\\/\\\/www.upjs.sk\\\/pravnicka-fakulta\\\/#\\\/schema\\\/logo\\\/image\\\/\",\"url\":\"https:\\\/\\\/www.upjs.sk\\\/app\\\/uploads\\\/sites\\\/11\\\/2022\\\/09\\\/logo-pravnicka-fakulta.png\",\"contentUrl\":\"https:\\\/\\\/www.upjs.sk\\\/app\\\/uploads\\\/sites\\\/11\\\/2022\\\/09\\\/logo-pravnicka-fakulta.png\",\"width\":415,\"height\":87,\"caption\":\"Pr\u00e1vnick\u00e1 fakulta | UPJ\u0160\"},\"image\":{\"@id\":\"https:\\\/\\\/www.upjs.sk\\\/pravnicka-fakulta\\\/#\\\/schema\\\/logo\\\/image\\\/\"}}]}<\/script>\n<!-- \/ Yoast SEO plugin. -->","yoast_head_json":{"title":"Komisie - Pr\u00e1vnick\u00e1 fakulta | UPJ\u0160","robots":{"index":"index","follow":"follow","max-snippet":"max-snippet:-1","max-image-preview":"max-image-preview:large","max-video-preview":"max-video-preview:-1"},"canonical":"https:\/\/www.upjs.sk\/pravnicka-fakulta\/fakulta\/akademicky-senat\/komisie-as\/","og_locale":"sk_SK","og_type":"article","og_title":"Komisie - Pr\u00e1vnick\u00e1 fakulta | UPJ\u0160","og_description":"St\u00e1le Komisie Akademick\u00e9ho sen\u00e1tu UPJ\u0160 Pr\u00e1vnickej fakulty Akademick\u00fd sen\u00e1t UPJ\u0160 Pr\u00e1vnickej fakulty zvolil na svom\u00a0zasadnut\u00ed\u00a0konanom\u00a0d\u0148a 19. novembra 2018\u00a0v s\u00falade s \u010dl. 2 ods. 4 Rokovacieho poriadku Akademick\u00e9ho sen\u00e1tu Pr\u00e1vnickej fakulty UPJ\u0160 v Ko\u0161iciach t\u00fdchto \u010dlenov st\u00e1lych komisi\u00ed: Volebn\u00e1 a mand\u00e1tov\u00e1 komisia: &#8211; doc. JUDr. Martin \u0160trkolec, PhD.(predseda) &#8211; doc. JUDr. Miroslav Fico, PhD. &#8211; Mgr. &hellip; \u010c\u00edta\u0165 \u010falej","og_url":"https:\/\/www.upjs.sk\/pravnicka-fakulta\/fakulta\/akademicky-senat\/komisie-as\/","og_site_name":"Pr\u00e1vnick\u00e1 fakulta | UPJ\u0160","article_modified_time":"2026-02-10T07:07:11+00:00","twitter_card":"summary_large_image","twitter_misc":{"Predpokladan\u00fd \u010das \u010d\u00edtania":"1 min\u00fata"},"schema":{"@context":"https:\/\/schema.org","@graph":[{"@type":"WebPage","@id":"https:\/\/www.upjs.sk\/pravnicka-fakulta\/fakulta\/akademicky-senat\/komisie-as\/","url":"https:\/\/www.upjs.sk\/pravnicka-fakulta\/fakulta\/akademicky-senat\/komisie-as\/","name":"Komisie - Pr\u00e1vnick\u00e1 fakulta | UPJ\u0160","isPartOf":{"@id":"https:\/\/www.upjs.sk\/pravnicka-fakulta\/#website"},"datePublished":"2022-04-11T09:11:57+00:00","dateModified":"2026-02-10T07:07:11+00:00","breadcrumb":{"@id":"https:\/\/www.upjs.sk\/pravnicka-fakulta\/fakulta\/akademicky-senat\/komisie-as\/#breadcrumb"},"inLanguage":"sk-SK","potentialAction":[{"@type":"ReadAction","target":["https:\/\/www.upjs.sk\/pravnicka-fakulta\/fakulta\/akademicky-senat\/komisie-as\/"]}]},{"@type":"BreadcrumbList","@id":"https:\/\/www.upjs.sk\/pravnicka-fakulta\/fakulta\/akademicky-senat\/komisie-as\/#breadcrumb","itemListElement":[{"@type":"ListItem","position":1,"name":"Home","item":"https:\/\/www.upjs.sk\/pravnicka-fakulta\/"},{"@type":"ListItem","position":2,"name":"Fakulta","item":"https:\/\/www.upjs.sk\/pravnicka-fakulta\/fakulta\/"},{"@type":"ListItem","position":3,"name":"Akademick\u00fd sen\u00e1t","item":"https:\/\/www.upjs.sk\/pravnicka-fakulta\/fakulta\/akademicky-senat\/"},{"@type":"ListItem","position":4,"name":"Komisie"}]},{"@type":"WebSite","@id":"https:\/\/www.upjs.sk\/pravnicka-fakulta\/#website","url":"https:\/\/www.upjs.sk\/pravnicka-fakulta\/","name":"Pr\u00e1vnick\u00e1 fakulta | UPJ\u0160","description":"","publisher":{"@id":"https:\/\/www.upjs.sk\/pravnicka-fakulta\/#organization"},"potentialAction":[{"@type":"SearchAction","target":{"@type":"EntryPoint","urlTemplate":"https:\/\/www.upjs.sk\/pravnicka-fakulta\/?s={search_term_string}"},"query-input":{"@type":"PropertyValueSpecification","valueRequired":true,"valueName":"search_term_string"}}],"inLanguage":"sk-SK"},{"@type":"Organization","@id":"https:\/\/www.upjs.sk\/pravnicka-fakulta\/#organization","name":"Pr\u00e1vnick\u00e1 fakulta | UPJ\u0160","url":"https:\/\/www.upjs.sk\/pravnicka-fakulta\/","logo":{"@type":"ImageObject","inLanguage":"sk-SK","@id":"https:\/\/www.upjs.sk\/pravnicka-fakulta\/#\/schema\/logo\/image\/","url":"https:\/\/www.upjs.sk\/app\/uploads\/sites\/11\/2022\/09\/logo-pravnicka-fakulta.png","contentUrl":"https:\/\/www.upjs.sk\/app\/uploads\/sites\/11\/2022\/09\/logo-pravnicka-fakulta.png","width":415,"height":87,"caption":"Pr\u00e1vnick\u00e1 fakulta | UPJ\u0160"},"image":{"@id":"https:\/\/www.upjs.sk\/pravnicka-fakulta\/#\/schema\/logo\/image\/"}}]}},"_links":{"self":[{"href":"https:\/\/www.upjs.sk\/pravnicka-fakulta\/wp-json\/wp\/v2\/pages\/13829","targetHints":{"allow":["GET"]}}],"collection":[{"href":"https:\/\/www.upjs.sk\/pravnicka-fakulta\/wp-json\/wp\/v2\/pages"}],"about":[{"href":"https:\/\/www.upjs.sk\/pravnicka-fakulta\/wp-json\/wp\/v2\/types\/page"}],"author":[{"embeddable":true,"href":"https:\/\/www.upjs.sk\/pravnicka-fakulta\/wp-json\/wp\/v2\/users\/1"}],"replies":[{"embeddable":true,"href":"https:\/\/www.upjs.sk\/pravnicka-fakulta\/wp-json\/wp\/v2\/comments?post=13829"}],"version-history":[{"count":15,"href":"https:\/\/www.upjs.sk\/pravnicka-fakulta\/wp-json\/wp\/v2\/pages\/13829\/revisions"}],"predecessor-version":[{"id":51539,"href":"https:\/\/www.upjs.sk\/pravnicka-fakulta\/wp-json\/wp\/v2\/pages\/13829\/revisions\/51539"}],"up":[{"embeddable":true,"href":"https:\/\/www.upjs.sk\/pravnicka-fakulta\/wp-json\/wp\/v2\/pages\/13090"}],"wp:attachment":[{"href":"https:\/\/www.upjs.sk\/pravnicka-fakulta\/wp-json\/wp\/v2\/media?parent=13829"}],"wp:term":[{"taxonomy":"category","embeddable":true,"href":"https:\/\/www.upjs.sk\/pravnicka-fakulta\/wp-json\/wp\/v2\/categories?post=13829"},{"taxonomy":"post_tag","embeddable":true,"href":"https:\/\/www.upjs.sk\/pravnicka-fakulta\/wp-json\/wp\/v2\/tags?post=13829"}],"curies":[{"name":"wp","href":"https:\/\/api.w.org\/{rel}","templated":true}]}}