{"version":"1.0","provider_name":"Pr\u00edrodovedeck\u00e1 fakulta | UPJ\u0160","provider_url":"https:\/\/www.upjs.sk\/prirodovedecka-fakulta","title":"Ocenen\u00e9 Cenou mesta Ko\u0161ice a Cenou prim\u00e1tora mesta Ko\u0161ice boli aj osobnosti z PF UPJ\u0160 - Pr\u00edrodovedeck\u00e1 fakulta | UPJ\u0160","type":"rich","width":600,"height":338,"html":"<blockquote class=\"wp-embedded-content\" data-secret=\"B7aczAkwnc\"><a href=\"https:\/\/www.upjs.sk\/prirodovedecka-fakulta\/actuality\/20951\/\">Ocenen\u00e9 Cenou mesta Ko\u0161ice a Cenou prim\u00e1tora mesta Ko\u0161ice boli aj osobnosti z PF UPJ\u0160<\/a><\/blockquote><iframe sandbox=\"allow-scripts\" security=\"restricted\" src=\"https:\/\/www.upjs.sk\/prirodovedecka-fakulta\/actuality\/20951\/embed\/#?secret=B7aczAkwnc\" width=\"600\" height=\"338\" title=\"&#8220;Ocenen\u00e9 Cenou mesta Ko\u0161ice a Cenou prim\u00e1tora mesta Ko\u0161ice boli aj osobnosti z PF UPJ\u0160&#8221; &#8212; Pr\u00edrodovedeck\u00e1 fakulta | UPJ\u0160\" data-secret=\"B7aczAkwnc\" frameborder=\"0\" marginwidth=\"0\" marginheight=\"0\" scrolling=\"no\" class=\"wp-embedded-content\"><\/iframe><script>\n\/*! This file is auto-generated *\/\n!function(d,l){\"use strict\";l.querySelector&&d.addEventListener&&\"undefined\"!=typeof URL&&(d.wp=d.wp||{},d.wp.receiveEmbedMessage||(d.wp.receiveEmbedMessage=function(e){var t=e.data;if((t||t.secret||t.message||t.value)&&!\/[^a-zA-Z0-9]\/.test(t.secret)){for(var s,r,n,a=l.querySelectorAll('iframe[data-secret=\"'+t.secret+'\"]'),o=l.querySelectorAll('blockquote[data-secret=\"'+t.secret+'\"]'),c=new RegExp(\"^https?:$\",\"i\"),i=0;i<o.length;i++)o[i].style.display=\"none\";for(i=0;i<a.length;i++)s=a[i],e.source===s.contentWindow&&(s.removeAttribute(\"style\"),\"height\"===t.message?(1e3<(r=parseInt(t.value,10))?r=1e3:~~r<200&&(r=200),s.height=r):\"link\"===t.message&&(r=new URL(s.getAttribute(\"src\")),n=new URL(t.value),c.test(n.protocol))&&n.host===r.host&&l.activeElement===s&&(d.top.location.href=t.value))}},d.addEventListener(\"message\",d.wp.receiveEmbedMessage,!1),l.addEventListener(\"DOMContentLoaded\",function(){for(var e,t,s=l.querySelectorAll(\"iframe.wp-embedded-content\"),r=0;r<s.length;r++)(t=(e=s[r]).getAttribute(\"data-secret\"))||(t=Math.random().toString(36).substring(2,12),e.src+=\"#?secret=\"+t,e.setAttribute(\"data-secret\",t)),e.contentWindow.postMessage({message:\"ready\",secret:t},\"*\")},!1)))}(window,document);\n\/\/# sourceURL=https:\/\/www.upjs.sk\/prirodovedecka-fakulta\/wp-includes\/js\/wp-embed.min.js\n<\/script>\n","thumbnail_url":"https:\/\/www.upjs.sk\/app\/uploads\/sites\/10\/2022\/09\/stiahnut.jpg","thumbnail_width":450,"thumbnail_height":250,"description":"Verejn\u00e9 ocenenia ak\u00fdmi s\u00fa Cena mesta Ko\u0161ice, \u010di Cena prim\u00e1tora mesta sa ude\u013euj\u00fa ka\u017edoro\u010dne v r\u00e1mci osl\u00e1v D\u0148a mesta Ko\u0161ice. Tohto roku boli medzi ocenen\u00fdmi osobnos\u0165ami profesor Pavol Sov\u00e1k, rektor Univerzity P.J. \u0160af\u00e1rika v\u00a0Ko\u0161iciach, profesor Gabriel Semani\u0161in, dekan Pr\u00edrodovedeckej fakulty UPJ\u0160 a\u00a0profesor Alexander Feher, riadite\u013e \u00dastavu fyzik\u00e1lnych vied PF UPJ\u0160."}