{"version":"1.0","provider_name":"Pr\u00edrodovedeck\u00e1 fakulta | UPJ\u0160","provider_url":"https:\/\/www.upjs.sk\/prirodovedecka-fakulta","title":"Za\u017ei ak\u00e9 je to by\u0165 pr\u00edrodovedcom \u2013 letn\u00e9 t\u00e1bory pre \u017eiakov Z\u0160 - Pr\u00edrodovedeck\u00e1 fakulta | UPJ\u0160","type":"rich","width":600,"height":338,"html":"<blockquote class=\"wp-embedded-content\" data-secret=\"VQP9Ffhd3A\"><a href=\"https:\/\/www.upjs.sk\/prirodovedecka-fakulta\/actuality\/21023\/\">Za\u017ei ak\u00e9 je to by\u0165 pr\u00edrodovedcom \u2013 letn\u00e9 t\u00e1bory pre \u017eiakov Z\u0160<\/a><\/blockquote><iframe sandbox=\"allow-scripts\" security=\"restricted\" src=\"https:\/\/www.upjs.sk\/prirodovedecka-fakulta\/actuality\/21023\/embed\/#?secret=VQP9Ffhd3A\" width=\"600\" height=\"338\" title=\"&#8220;Za\u017ei ak\u00e9 je to by\u0165 pr\u00edrodovedcom \u2013 letn\u00e9 t\u00e1bory pre \u017eiakov Z\u0160&#8221; &#8212; Pr\u00edrodovedeck\u00e1 fakulta | UPJ\u0160\" data-secret=\"VQP9Ffhd3A\" frameborder=\"0\" marginwidth=\"0\" marginheight=\"0\" scrolling=\"no\" class=\"wp-embedded-content\"><\/iframe><script>\n\/*! This file is auto-generated *\/\n!function(d,l){\"use strict\";l.querySelector&&d.addEventListener&&\"undefined\"!=typeof URL&&(d.wp=d.wp||{},d.wp.receiveEmbedMessage||(d.wp.receiveEmbedMessage=function(e){var t=e.data;if((t||t.secret||t.message||t.value)&&!\/[^a-zA-Z0-9]\/.test(t.secret)){for(var s,r,n,a=l.querySelectorAll('iframe[data-secret=\"'+t.secret+'\"]'),o=l.querySelectorAll('blockquote[data-secret=\"'+t.secret+'\"]'),c=new RegExp(\"^https?:$\",\"i\"),i=0;i<o.length;i++)o[i].style.display=\"none\";for(i=0;i<a.length;i++)s=a[i],e.source===s.contentWindow&&(s.removeAttribute(\"style\"),\"height\"===t.message?(1e3<(r=parseInt(t.value,10))?r=1e3:~~r<200&&(r=200),s.height=r):\"link\"===t.message&&(r=new URL(s.getAttribute(\"src\")),n=new URL(t.value),c.test(n.protocol))&&n.host===r.host&&l.activeElement===s&&(d.top.location.href=t.value))}},d.addEventListener(\"message\",d.wp.receiveEmbedMessage,!1),l.addEventListener(\"DOMContentLoaded\",function(){for(var e,t,s=l.querySelectorAll(\"iframe.wp-embedded-content\"),r=0;r<s.length;r++)(t=(e=s[r]).getAttribute(\"data-secret\"))||(t=Math.random().toString(36).substring(2,12),e.src+=\"#?secret=\"+t,e.setAttribute(\"data-secret\",t)),e.contentWindow.postMessage({message:\"ready\",secret:t},\"*\")},!1)))}(window,document);\n\/\/# sourceURL=https:\/\/www.upjs.sk\/prirodovedecka-fakulta\/wp-includes\/js\/wp-embed.min.js\n<\/script>\n","thumbnail_url":"https:\/\/www.upjs.sk\/app\/uploads\/sites\/10\/2022\/09\/akt_IT_akad.jpg","thumbnail_width":451,"thumbnail_height":251,"description":"Aj tento rok Pr\u00edrodovedeck\u00e1 fakulta UPJ\u0160 v\u00a0Ko\u0161iciach organizuje v\u00a0r\u00e1mci n\u00e1rodn\u00e9ho projektu IT Akad\u00e9mia \u2013 vzdel\u00e1vanie pre 21. storo\u010die letn\u00e9 t\u00e1bory pre \u017eiakov z\u00e1kladn\u00fdch \u0161k\u00f4l. V\u00a0mesiaci j\u00fal sa uskuto\u010dnia dva turnusy denn\u00fdch t\u00e1borov na p\u00f4de fakulty a\u00a0na konci pr\u00e1zdnin t\u00fd\u017ed\u0148ov\u00fd pobytov\u00fd t\u00e1bor v\u00a0Dani\u0161ovciach."}