{"id":21278,"date":"2019-03-28T11:57:20","date_gmt":"2019-03-28T11:57:20","guid":{"rendered":"https:\/\/www.upjs.sk\/prirodovedecka-fakulta\/actuality\/20673\/"},"modified":"2024-04-17T15:28:13","modified_gmt":"2024-04-17T14:28:13","slug":"20673","status":"publish","type":"cpt_aktuality","link":"https:\/\/www.upjs.sk\/prirodovedecka-fakulta\/actuality\/20673\/","title":{"rendered":"Cena dekana 2018"},"content":{"rendered":"\n<p class=\"has-text-align-justify\">Na zhroma\u017edeniach akademickej obce Pr\u00edrodovedeckej fakulty je tradi\u010dne ude\u013eovan\u00e1 Cena dekana za uplynul\u00fd kalend\u00e1rny rok v&nbsp;kateg\u00f3ri\u00e1ch pedagogick\u00e1 \u010dinnos\u0165 a vedeckov\u00fdskumn\u00e1 \u010dinnos\u0165, ku ktor\u00fdm v&nbsp;roku 2016 pribudla kateg\u00f3ria Cena za rozvoj fakulty.&nbsp; Tieto ceny s\u00fa ude\u013eovan\u00e9 za mimoriadne v\u00fdsledky dosiahnut\u00e9 v&nbsp;r\u00e1mci spom\u00ednan\u00fdch oblast\u00ed \u010dinnosti fakulty.<\/p>\n\n\n\n<p><strong>Na tohtoro\u010dnom zhroma\u017eden\u00ed AO PF UPJ\u0160, ktor\u00e9 sa konalo 27. marca 2019 boli ocenen\u00ed <\/strong><\/p>\n\n\n\n<h4 class=\"wp-block-heading\"><strong>Cena dekana za pedagogick\u00fa \u010dinnos\u0165 <\/strong><\/h4>\n\n\n\n<p><a href=\"\/public\/media\/20673\/Bobak.jpg\">prof. RNDr. Andrej Bob\u00e1k, DrSc.<\/a>&nbsp;&nbsp;&nbsp; \u00dastav fyzik\u00e1lnych vied, Katedra teoretickej fyziky a&nbsp;astrofyziky (<a href=\"\/prirodovedecka-fakulta\/fakulta\/cd2018\/bobak\/\">viac<\/a>)<\/p>\n\n\n\n<p><a href=\"\/public\/media\/20673\/Viglasky.jpg\" target=\"_blank\" rel=\"noopener\">doc. RNDr. Viktor V\u00edglask\u00fd, PhD.<\/a>&nbsp;&nbsp; \u00dastav chemick\u00fdch vied , Katedra bioch\u00e9mie (<a href=\"\/prirodovedecka-fakulta\/fakulta\/cd2018\/viglasky\/\">viac<\/a>)<\/p>\n\n\n\n<p><a href=\"\/public\/media\/20673\/Gallay.jpg\" target=\"_blank\" rel=\"noopener\">doc. Mgr. Michal Gallay, PhD.<\/a>&nbsp;&nbsp;&nbsp;&nbsp;&nbsp;&nbsp;&nbsp; \u00dastav geografie, Oddelenie geoinformatiky (<a href=\"\/prirodovedecka-fakulta\/fakulta\/cd2018\/gallay\/\">viac<\/a>)<\/p>\n\n\n\n<h4 class=\"wp-block-heading\"><strong>Cena dekana za vedeckov\u00fdskumn\u00fa \u010dinnos\u0165 <\/strong><\/h4>\n\n\n\n<p><a href=\"\/public\/media\/20673\/Feher.jpg\" target=\"_blank\" rel=\"noopener\">Dr.h.c. prof. RNDr. Alexander Feher, DrSc.<\/a>&nbsp;&nbsp; \u00dastav fyzik\u00e1lnych vied, Katedra fyziky kondenzovan\u00fdch l\u00e1tok&nbsp; (<a href=\"\/prirodovedecka-fakulta\/fakulta\/cd2018\/feher\/\">viac<\/a>)<\/p>\n\n\n\n<p><a href=\"\/public\/media\/20673\/Zelenak.jpg\" target=\"_blank\" rel=\"noopener\">doc. RNDr. Vladim\u00edr Zele\u0148\u00e1k, PhD.<\/a>&nbsp;&nbsp;&nbsp;&nbsp;&nbsp;&nbsp;&nbsp;&nbsp;&nbsp;&nbsp;&nbsp;&nbsp;&nbsp;&nbsp; \u00dastav chemick\u00fdch vied, Katedra anorganickej ch\u00e9mie&nbsp; (<a href=\"\/prirodovedecka-fakulta\/fakulta\/cd2018\/zelenak\/\">viac<\/a>)<\/p>\n\n\n\n<p><a href=\"\/public\/media\/20673\/Bonova.jpg\" target=\"_blank\" rel=\"noopener\">Ing. Katar\u00edna B\u00f3nov\u00e1, PhD.&nbsp;&nbsp;<\/a>&nbsp;&nbsp;&nbsp;&nbsp;&nbsp;&nbsp;&nbsp;&nbsp;&nbsp;&nbsp;&nbsp;&nbsp;&nbsp;&nbsp;&nbsp;&nbsp;&nbsp;&nbsp;&nbsp;&nbsp;&nbsp;&nbsp;&nbsp;&nbsp;&nbsp; \u00dastav geografie, Oddelenie fyzickej geografie&nbsp;&nbsp;(<a href=\"\/prirodovedecka-fakulta\/fakulta\/cd2018\/bonova\/\">viac<\/a>)&nbsp;&nbsp;&nbsp;&nbsp;&nbsp;&nbsp;&nbsp;&nbsp;&nbsp;&nbsp;&nbsp;&nbsp;&nbsp;&nbsp;&nbsp;&nbsp;&nbsp;&nbsp;&nbsp;&nbsp;&nbsp;<\/p>\n\n\n\n<h4 class=\"wp-block-heading\"><strong>Cena dekana za vedeckov\u00fdskumn\u00fa \u010dinnos\u0165 doktorandov <\/strong><\/h4>\n\n\n\n<p><a href=\"\/public\/media\/20673\/Kalagov.jpg\" target=\"_blank\" rel=\"noopener\">Mgr. Georgij Kalagov<\/a>&nbsp;&nbsp;&nbsp;&nbsp;&nbsp;&nbsp;&nbsp;&nbsp;&nbsp; \u00dastav fyzik\u00e1lnych vied, Katedra teoretickej fyziky a&nbsp;astrofyziky <a href=\"\/prirodovedecka-fakulta\/fakulta\/cd2018\/kalagov\/\">(viac<\/a>)<\/p>\n\n\n\n<p><a href=\"\/public\/media\/20673\/Rendosova.jpg\" target=\"_blank\" rel=\"noopener\">Mgr. Michaela Rendo\u0161ov\u00e1<\/a>&nbsp;&nbsp;&nbsp; \u00dastav chemick\u00fdch vied, Katedra anorganickej ch\u00e9mie&nbsp;(<a href=\"\/prirodovedecka-fakulta\/fakulta\/cd2018\/rendosova\/\">viac<\/a>)<\/p>\n\n\n\n<p><a href=\"\/public\/media\/20673\/Gajdos.jpg\" target=\"_blank\" rel=\"noopener\">RNDr. Andrej Gajdo\u0161<\/a>&nbsp;&nbsp;&nbsp;&nbsp;&nbsp;&nbsp;&nbsp;&nbsp;&nbsp;&nbsp; \u00dastav matematick\u00fdch vied, Oddelenie ekonomickej a&nbsp;finan\u010dnej&nbsp;&nbsp; matematiky <a href=\"\/prirodovedecka-fakulta\/fakulta\/cd2018\/gajdos\/\">(viac<\/a>)<\/p>\n\n\n\n<h4 class=\"wp-block-heading\"><strong>Cena dekana za rozvoj fakulty <\/strong><\/h4>\n\n\n\n<p><a href=\"\/public\/media\/20673\/Kovac.jpg\" target=\"_blank\" rel=\"noopener\">prof. RNDr. \u013dubom\u00edr Kov\u00e1\u010d, CSc.<\/a>&nbsp;&nbsp;&nbsp; \u00dastav biologick\u00fdch a&nbsp;ekologick\u00fdch vied, Katedra zool\u00f3gie (<a href=\"\/prirodovedecka-fakulta\/fakulta\/cd2018\/kovac\/\">viac<\/a>)<\/p>\n\n\n\n<p><a href=\"\/public\/media\/20673\/Hochmuth.jpg\" target=\"_blank\" rel=\"noopener\">doc. RNDr. Zdenko Hochmuth, CSc.<\/a>&nbsp; \u00dastav geografie, Oddelenie fyzickej geografie (<a href=\"\/prirodovedecka-fakulta\/fakulta\/cd2018\/hochmuth\/\">viac<\/a>)<\/p>\n\n\n\n<p><a href=\"\/public\/media\/20673\/Sokol.jpg\" target=\"_blank\" rel=\"noopener\">RNDr. JUDr. Pavol Sokol, PhD.<\/a>&nbsp;&nbsp;&nbsp;&nbsp;&nbsp;&nbsp;&nbsp;&nbsp;&nbsp; Centrum aplikovanej informatiky&nbsp;&nbsp; (<a href=\"\/prirodovedecka-fakulta\/fakulta\/cd2018\/sokol\/\">viac<\/a>)<\/p>\n\n\n\n<p><strong>Ocenen\u00fdm srde\u010dne gratulujeme!<\/strong><\/p>\n","protected":false},"excerpt":{"rendered":"<p style=\"text-align: justify;\">Na zhroma\u017edeniach akademickej obce Pr\u00edrodovedeckej fakulty UPJ\u0160 v\u00a0Ko\u0161iciach je tradi\u010dne ude\u013eovan\u00e1 Cena dekana za mimoriadne v\u00fdsledky dosiahnut\u00e9 v\u00a0r\u00e1mci pedagogickej \u010dinnosti, \u00a0vedeckov\u00fdskumnej \u010dinnosti ako aj rozvoja fakulty.<\/p>\n","protected":false},"author":1,"featured_media":69033,"template":"","meta":{"_acf_changed":false,"_editorskit_title_hidden":false,"_editorskit_reading_time":0,"_editorskit_is_block_options_detached":false,"_editorskit_block_options_position":"{}","footnotes":""},"categories":[940],"tags":[],"tax_aktuality":[23],"class_list":["post-21278","cpt_aktuality","type-cpt_aktuality","status-publish","has-post-thumbnail","hentry","category-cena-dekana","tax_aktuality-23"],"acf":{"acf_link_na_externy_obsah":"","poradie_clanku":0},"yoast_head":"<!-- This site is optimized with the Yoast SEO plugin v27.4 - https:\/\/yoast.com\/product\/yoast-seo-wordpress\/ -->\n<title>Cena dekana 2018 - Pr\u00edrodovedeck\u00e1 fakulta | UPJ\u0160<\/title>\n<meta name=\"robots\" content=\"index, follow, max-snippet:-1, max-image-preview:large, max-video-preview:-1\" \/>\n<link rel=\"canonical\" href=\"https:\/\/www.upjs.sk\/prirodovedecka-fakulta\/actuality\/20673\/\" \/>\n<meta property=\"og:locale\" content=\"sk_SK\" \/>\n<meta property=\"og:type\" content=\"article\" \/>\n<meta property=\"og:title\" content=\"Cena dekana 2018 - Pr\u00edrodovedeck\u00e1 fakulta | UPJ\u0160\" \/>\n<meta property=\"og:description\" content=\"Na zhroma\u017edeniach akademickej obce Pr\u00edrodovedeckej fakulty UPJ\u0160 v\u00a0Ko\u0161iciach je tradi\u010dne ude\u013eovan\u00e1 Cena dekana za mimoriadne v\u00fdsledky dosiahnut\u00e9 v\u00a0r\u00e1mci pedagogickej \u010dinnosti, \u00a0vedeckov\u00fdskumnej \u010dinnosti ako aj rozvoja fakulty.\" \/>\n<meta property=\"og:url\" content=\"https:\/\/www.upjs.sk\/prirodovedecka-fakulta\/actuality\/20673\/\" \/>\n<meta property=\"og:site_name\" content=\"Pr\u00edrodovedeck\u00e1 fakulta | UPJ\u0160\" \/>\n<meta property=\"article:modified_time\" content=\"2024-04-17T14:28:13+00:00\" \/>\n<meta property=\"og:image\" content=\"https:\/\/www.upjs.sk\/app\/uploads\/sites\/10\/2019\/03\/ilob-CenaDekana-2018.png\" \/>\n\t<meta property=\"og:image:width\" content=\"600\" \/>\n\t<meta property=\"og:image:height\" content=\"420\" \/>\n\t<meta property=\"og:image:type\" content=\"image\/png\" \/>\n<meta name=\"twitter:card\" content=\"summary_large_image\" \/>\n<meta name=\"twitter:label1\" content=\"Predpokladan\u00fd \u010das \u010d\u00edtania\" \/>\n\t<meta name=\"twitter:data1\" content=\"2 min\u00faty\" \/>\n<script type=\"application\/ld+json\" class=\"yoast-schema-graph\">{\"@context\":\"https:\\\/\\\/schema.org\",\"@graph\":[{\"@type\":\"WebPage\",\"@id\":\"https:\\\/\\\/www.upjs.sk\\\/prirodovedecka-fakulta\\\/actuality\\\/20673\\\/\",\"url\":\"https:\\\/\\\/www.upjs.sk\\\/prirodovedecka-fakulta\\\/actuality\\\/20673\\\/\",\"name\":\"Cena dekana 2018 - Pr\u00edrodovedeck\u00e1 fakulta | UPJ\u0160\",\"isPartOf\":{\"@id\":\"https:\\\/\\\/www.upjs.sk\\\/prirodovedecka-fakulta\\\/#website\"},\"primaryImageOfPage\":{\"@id\":\"https:\\\/\\\/www.upjs.sk\\\/prirodovedecka-fakulta\\\/actuality\\\/20673\\\/#primaryimage\"},\"image\":{\"@id\":\"https:\\\/\\\/www.upjs.sk\\\/prirodovedecka-fakulta\\\/actuality\\\/20673\\\/#primaryimage\"},\"thumbnailUrl\":\"https:\\\/\\\/www.upjs.sk\\\/app\\\/uploads\\\/sites\\\/10\\\/2019\\\/03\\\/ilob-CenaDekana-2018.png\",\"datePublished\":\"2019-03-28T11:57:20+00:00\",\"dateModified\":\"2024-04-17T14:28:13+00:00\",\"breadcrumb\":{\"@id\":\"https:\\\/\\\/www.upjs.sk\\\/prirodovedecka-fakulta\\\/actuality\\\/20673\\\/#breadcrumb\"},\"inLanguage\":\"sk-SK\",\"potentialAction\":[{\"@type\":\"ReadAction\",\"target\":[\"https:\\\/\\\/www.upjs.sk\\\/prirodovedecka-fakulta\\\/actuality\\\/20673\\\/\"]}]},{\"@type\":\"ImageObject\",\"inLanguage\":\"sk-SK\",\"@id\":\"https:\\\/\\\/www.upjs.sk\\\/prirodovedecka-fakulta\\\/actuality\\\/20673\\\/#primaryimage\",\"url\":\"https:\\\/\\\/www.upjs.sk\\\/app\\\/uploads\\\/sites\\\/10\\\/2019\\\/03\\\/ilob-CenaDekana-2018.png\",\"contentUrl\":\"https:\\\/\\\/www.upjs.sk\\\/app\\\/uploads\\\/sites\\\/10\\\/2019\\\/03\\\/ilob-CenaDekana-2018.png\",\"width\":600,\"height\":420},{\"@type\":\"BreadcrumbList\",\"@id\":\"https:\\\/\\\/www.upjs.sk\\\/prirodovedecka-fakulta\\\/actuality\\\/20673\\\/#breadcrumb\",\"itemListElement\":[{\"@type\":\"ListItem\",\"position\":1,\"name\":\"Home\",\"item\":\"https:\\\/\\\/www.upjs.sk\\\/prirodovedecka-fakulta\\\/\"},{\"@type\":\"ListItem\",\"position\":2,\"name\":\"Aktuality\",\"item\":\"https:\\\/\\\/www.upjs.sk\\\/prirodovedecka-fakulta\\\/actuality\\\/\"},{\"@type\":\"ListItem\",\"position\":3,\"name\":\"Cena dekana 2018\"}]},{\"@type\":\"WebSite\",\"@id\":\"https:\\\/\\\/www.upjs.sk\\\/prirodovedecka-fakulta\\\/#website\",\"url\":\"https:\\\/\\\/www.upjs.sk\\\/prirodovedecka-fakulta\\\/\",\"name\":\"Pr\u00edrodovedeck\u00e1 fakulta | UPJ\u0160\",\"description\":\"\",\"publisher\":{\"@id\":\"https:\\\/\\\/www.upjs.sk\\\/prirodovedecka-fakulta\\\/#organization\"},\"potentialAction\":[{\"@type\":\"SearchAction\",\"target\":{\"@type\":\"EntryPoint\",\"urlTemplate\":\"https:\\\/\\\/www.upjs.sk\\\/prirodovedecka-fakulta\\\/?s={search_term_string}\"},\"query-input\":{\"@type\":\"PropertyValueSpecification\",\"valueRequired\":true,\"valueName\":\"search_term_string\"}}],\"inLanguage\":\"sk-SK\"},{\"@type\":\"Organization\",\"@id\":\"https:\\\/\\\/www.upjs.sk\\\/prirodovedecka-fakulta\\\/#organization\",\"name\":\"Pr\u00edrodovedeck\u00e1 fakulta | UPJ\u0160\",\"url\":\"https:\\\/\\\/www.upjs.sk\\\/prirodovedecka-fakulta\\\/\",\"logo\":{\"@type\":\"ImageObject\",\"inLanguage\":\"sk-SK\",\"@id\":\"https:\\\/\\\/www.upjs.sk\\\/prirodovedecka-fakulta\\\/#\\\/schema\\\/logo\\\/image\\\/\",\"url\":\"https:\\\/\\\/www.upjs.sk\\\/app\\\/uploads\\\/sites\\\/10\\\/2022\\\/09\\\/logo-prirodovedecka-fakulta.png\",\"contentUrl\":\"https:\\\/\\\/www.upjs.sk\\\/app\\\/uploads\\\/sites\\\/10\\\/2022\\\/09\\\/logo-prirodovedecka-fakulta.png\",\"width\":415,\"height\":87,\"caption\":\"Pr\u00edrodovedeck\u00e1 fakulta | UPJ\u0160\"},\"image\":{\"@id\":\"https:\\\/\\\/www.upjs.sk\\\/prirodovedecka-fakulta\\\/#\\\/schema\\\/logo\\\/image\\\/\"}}]}<\/script>\n<!-- \/ Yoast SEO plugin. -->","yoast_head_json":{"title":"Cena dekana 2018 - Pr\u00edrodovedeck\u00e1 fakulta | UPJ\u0160","robots":{"index":"index","follow":"follow","max-snippet":"max-snippet:-1","max-image-preview":"max-image-preview:large","max-video-preview":"max-video-preview:-1"},"canonical":"https:\/\/www.upjs.sk\/prirodovedecka-fakulta\/actuality\/20673\/","og_locale":"sk_SK","og_type":"article","og_title":"Cena dekana 2018 - Pr\u00edrodovedeck\u00e1 fakulta | UPJ\u0160","og_description":"Na zhroma\u017edeniach akademickej obce Pr\u00edrodovedeckej fakulty UPJ\u0160 v\u00a0Ko\u0161iciach je tradi\u010dne ude\u013eovan\u00e1 Cena dekana za mimoriadne v\u00fdsledky dosiahnut\u00e9 v\u00a0r\u00e1mci pedagogickej \u010dinnosti, \u00a0vedeckov\u00fdskumnej \u010dinnosti ako aj rozvoja fakulty.","og_url":"https:\/\/www.upjs.sk\/prirodovedecka-fakulta\/actuality\/20673\/","og_site_name":"Pr\u00edrodovedeck\u00e1 fakulta | UPJ\u0160","article_modified_time":"2024-04-17T14:28:13+00:00","og_image":[{"width":600,"height":420,"url":"https:\/\/www.upjs.sk\/app\/uploads\/sites\/10\/2019\/03\/ilob-CenaDekana-2018.png","type":"image\/png"}],"twitter_card":"summary_large_image","twitter_misc":{"Predpokladan\u00fd \u010das \u010d\u00edtania":"2 min\u00faty"},"schema":{"@context":"https:\/\/schema.org","@graph":[{"@type":"WebPage","@id":"https:\/\/www.upjs.sk\/prirodovedecka-fakulta\/actuality\/20673\/","url":"https:\/\/www.upjs.sk\/prirodovedecka-fakulta\/actuality\/20673\/","name":"Cena dekana 2018 - Pr\u00edrodovedeck\u00e1 fakulta | UPJ\u0160","isPartOf":{"@id":"https:\/\/www.upjs.sk\/prirodovedecka-fakulta\/#website"},"primaryImageOfPage":{"@id":"https:\/\/www.upjs.sk\/prirodovedecka-fakulta\/actuality\/20673\/#primaryimage"},"image":{"@id":"https:\/\/www.upjs.sk\/prirodovedecka-fakulta\/actuality\/20673\/#primaryimage"},"thumbnailUrl":"https:\/\/www.upjs.sk\/app\/uploads\/sites\/10\/2019\/03\/ilob-CenaDekana-2018.png","datePublished":"2019-03-28T11:57:20+00:00","dateModified":"2024-04-17T14:28:13+00:00","breadcrumb":{"@id":"https:\/\/www.upjs.sk\/prirodovedecka-fakulta\/actuality\/20673\/#breadcrumb"},"inLanguage":"sk-SK","potentialAction":[{"@type":"ReadAction","target":["https:\/\/www.upjs.sk\/prirodovedecka-fakulta\/actuality\/20673\/"]}]},{"@type":"ImageObject","inLanguage":"sk-SK","@id":"https:\/\/www.upjs.sk\/prirodovedecka-fakulta\/actuality\/20673\/#primaryimage","url":"https:\/\/www.upjs.sk\/app\/uploads\/sites\/10\/2019\/03\/ilob-CenaDekana-2018.png","contentUrl":"https:\/\/www.upjs.sk\/app\/uploads\/sites\/10\/2019\/03\/ilob-CenaDekana-2018.png","width":600,"height":420},{"@type":"BreadcrumbList","@id":"https:\/\/www.upjs.sk\/prirodovedecka-fakulta\/actuality\/20673\/#breadcrumb","itemListElement":[{"@type":"ListItem","position":1,"name":"Home","item":"https:\/\/www.upjs.sk\/prirodovedecka-fakulta\/"},{"@type":"ListItem","position":2,"name":"Aktuality","item":"https:\/\/www.upjs.sk\/prirodovedecka-fakulta\/actuality\/"},{"@type":"ListItem","position":3,"name":"Cena dekana 2018"}]},{"@type":"WebSite","@id":"https:\/\/www.upjs.sk\/prirodovedecka-fakulta\/#website","url":"https:\/\/www.upjs.sk\/prirodovedecka-fakulta\/","name":"Pr\u00edrodovedeck\u00e1 fakulta | UPJ\u0160","description":"","publisher":{"@id":"https:\/\/www.upjs.sk\/prirodovedecka-fakulta\/#organization"},"potentialAction":[{"@type":"SearchAction","target":{"@type":"EntryPoint","urlTemplate":"https:\/\/www.upjs.sk\/prirodovedecka-fakulta\/?s={search_term_string}"},"query-input":{"@type":"PropertyValueSpecification","valueRequired":true,"valueName":"search_term_string"}}],"inLanguage":"sk-SK"},{"@type":"Organization","@id":"https:\/\/www.upjs.sk\/prirodovedecka-fakulta\/#organization","name":"Pr\u00edrodovedeck\u00e1 fakulta | UPJ\u0160","url":"https:\/\/www.upjs.sk\/prirodovedecka-fakulta\/","logo":{"@type":"ImageObject","inLanguage":"sk-SK","@id":"https:\/\/www.upjs.sk\/prirodovedecka-fakulta\/#\/schema\/logo\/image\/","url":"https:\/\/www.upjs.sk\/app\/uploads\/sites\/10\/2022\/09\/logo-prirodovedecka-fakulta.png","contentUrl":"https:\/\/www.upjs.sk\/app\/uploads\/sites\/10\/2022\/09\/logo-prirodovedecka-fakulta.png","width":415,"height":87,"caption":"Pr\u00edrodovedeck\u00e1 fakulta | UPJ\u0160"},"image":{"@id":"https:\/\/www.upjs.sk\/prirodovedecka-fakulta\/#\/schema\/logo\/image\/"}}]}},"_links":{"self":[{"href":"https:\/\/www.upjs.sk\/prirodovedecka-fakulta\/wp-json\/wp\/v2\/cpt_aktuality\/21278","targetHints":{"allow":["GET"]}}],"collection":[{"href":"https:\/\/www.upjs.sk\/prirodovedecka-fakulta\/wp-json\/wp\/v2\/cpt_aktuality"}],"about":[{"href":"https:\/\/www.upjs.sk\/prirodovedecka-fakulta\/wp-json\/wp\/v2\/types\/cpt_aktuality"}],"author":[{"embeddable":true,"href":"https:\/\/www.upjs.sk\/prirodovedecka-fakulta\/wp-json\/wp\/v2\/users\/1"}],"version-history":[{"count":2,"href":"https:\/\/www.upjs.sk\/prirodovedecka-fakulta\/wp-json\/wp\/v2\/cpt_aktuality\/21278\/revisions"}],"predecessor-version":[{"id":69005,"href":"https:\/\/www.upjs.sk\/prirodovedecka-fakulta\/wp-json\/wp\/v2\/cpt_aktuality\/21278\/revisions\/69005"}],"wp:featuredmedia":[{"embeddable":true,"href":"https:\/\/www.upjs.sk\/prirodovedecka-fakulta\/wp-json\/wp\/v2\/media\/69033"}],"wp:attachment":[{"href":"https:\/\/www.upjs.sk\/prirodovedecka-fakulta\/wp-json\/wp\/v2\/media?parent=21278"}],"wp:term":[{"taxonomy":"category","embeddable":true,"href":"https:\/\/www.upjs.sk\/prirodovedecka-fakulta\/wp-json\/wp\/v2\/categories?post=21278"},{"taxonomy":"post_tag","embeddable":true,"href":"https:\/\/www.upjs.sk\/prirodovedecka-fakulta\/wp-json\/wp\/v2\/tags?post=21278"},{"taxonomy":"tax_aktuality","embeddable":true,"href":"https:\/\/www.upjs.sk\/prirodovedecka-fakulta\/wp-json\/wp\/v2\/tax_aktuality?post=21278"}],"curies":[{"name":"wp","href":"https:\/\/api.w.org\/{rel}","templated":true}]}}