{"id":62807,"date":"2023-11-07T10:35:58","date_gmt":"2023-11-07T09:35:58","guid":{"rendered":"https:\/\/www.upjs.sk\/prirodovedecka-fakulta\/?post_type=cpt_aktuality&#038;p=62807"},"modified":"2023-11-22T15:54:42","modified_gmt":"2023-11-22T14:54:42","slug":"diskutujeme-o-prilezitostiach-vo-vesmirnej-ekonomike","status":"publish","type":"cpt_aktuality","link":"https:\/\/www.upjs.sk\/prirodovedecka-fakulta\/actuality\/diskutujeme-o-prilezitostiach-vo-vesmirnej-ekonomike\/","title":{"rendered":"Diskutujeme o pr\u00edle\u017eitostiach vo vesm\u00edrnej ekonomike"},"content":{"rendered":"<style>.kb-image62807_911f0e-97 .kb-image-has-overlay:after{opacity:0.3;border-top-left-radius:5px;border-top-right-radius:5px;border-bottom-right-radius:5px;border-bottom-left-radius:5px;}.kb-image62807_911f0e-97 img.kb-img, .kb-image62807_911f0e-97 .kb-img img{border-top-left-radius:5px;border-top-right-radius:5px;border-bottom-right-radius:5px;border-bottom-left-radius:5px;}<\/style>\n<figure class=\"wp-block-kadence-image kb-image62807_911f0e-97 size-full\"><img loading=\"lazy\" decoding=\"async\" width=\"1170\" height=\"120\" src=\"https:\/\/www.upjs.sk\/app\/uploads\/sites\/10\/2023\/11\/banner-il-vesmir-1170-120.png\" alt=\"\" class=\"kb-img wp-image-62818\" srcset=\"https:\/\/www.upjs.sk\/app\/uploads\/sites\/10\/2023\/11\/banner-il-vesmir-1170-120.png 1170w, https:\/\/www.upjs.sk\/app\/uploads\/sites\/10\/2023\/11\/banner-il-vesmir-1170-120-300x31.png 300w, https:\/\/www.upjs.sk\/app\/uploads\/sites\/10\/2023\/11\/banner-il-vesmir-1170-120-1024x105.png 1024w, https:\/\/www.upjs.sk\/app\/uploads\/sites\/10\/2023\/11\/banner-il-vesmir-1170-120-768x79.png 768w\" sizes=\"auto, (max-width: 1170px) 100vw, 1170px\" \/><\/figure>\n\n\n\n<div style=\"height:10px\" aria-hidden=\"true\" class=\"wp-block-spacer\"><\/div>\n\n\n<style>.kadence-column62807_c18667-a1 > .kt-inside-inner-col{padding-top:var(--global-kb-spacing-xs, 1rem);padding-right:var(--global-kb-spacing-xs, 1rem);padding-bottom:var(--global-kb-spacing-xs, 1rem);padding-left:var(--global-kb-spacing-xs, 1rem);}.kadence-column62807_c18667-a1 > .kt-inside-inner-col,.kadence-column62807_c18667-a1 > .kt-inside-inner-col:before{border-top-left-radius:5px;border-top-right-radius:5px;border-bottom-right-radius:5px;border-bottom-left-radius:5px;}.kadence-column62807_c18667-a1 > .kt-inside-inner-col{column-gap:var(--global-kb-gap-sm, 1rem);}.kadence-column62807_c18667-a1 > .kt-inside-inner-col{flex-direction:column;}.kadence-column62807_c18667-a1 > .kt-inside-inner-col > .aligncenter{width:100%;}.kadence-column62807_c18667-a1 > .kt-inside-inner-col{background-color:#F4F4F4;}.kadence-column62807_c18667-a1 > .kt-inside-inner-col:before{opacity:0.3;}.kadence-column62807_c18667-a1{position:relative;}@media all and (max-width: 1024px){.kadence-column62807_c18667-a1 > .kt-inside-inner-col{flex-direction:column;justify-content:center;}}@media all and (max-width: 767px){.kadence-column62807_c18667-a1 > .kt-inside-inner-col{flex-direction:column;justify-content:center;}}<\/style>\n<div class=\"wp-block-kadence-column kadence-column62807_c18667-a1\"><div class=\"kt-inside-inner-col\">\n<p class=\"has-text-align-justify\"><a href=\"https:\/\/www.upjs.sk\/aktuality\/vesmirny-klaster-prvy-svojho-druhu-na-vychodnom-slovensku\/\" class=\"ek-link\">V\u00fdchodoslovensk\u00fd Vesm\u00edrny klaster<\/a>, ktor\u00fd vznikol 18. septembra ako zdru\u017eenie \u00daEF SAV, Deutsche Telekom IT Solutions Slovakia, TUKE, SARIO a UPJ\u0160, pon\u00faka pr\u00edle\u017eitosti vytv\u00e1ra\u0165 efekt\u00edvnej\u0161ie konzorci\u00e1 pre komer\u010dn\u00e9 aj v\u00fdskumn\u00e9 aktivity v oblasti v\u00fdvoja technol\u00f3gi\u00ed, metod\u00edk a materi\u00e1lov pre aplik\u00e1cie vo vesm\u00edre alebo pre vesm\u00edrne technol\u00f3gie na Zemi.<\/p>\n<\/div><\/div>\n\n\n\n<div style=\"height:20px\" aria-hidden=\"true\" class=\"wp-block-spacer\"><\/div>\n\n\n<style>.kadence-column62807_c558a0-8a > .kt-inside-inner-col{padding-top:var(--global-kb-spacing-xs, 1rem);padding-right:var(--global-kb-spacing-xs, 1rem);padding-bottom:var(--global-kb-spacing-xs, 1rem);padding-left:var(--global-kb-spacing-xs, 1rem);}.kadence-column62807_c558a0-8a > .kt-inside-inner-col,.kadence-column62807_c558a0-8a > .kt-inside-inner-col:before{border-top-left-radius:5px;border-top-right-radius:5px;border-bottom-right-radius:5px;border-bottom-left-radius:5px;}.kadence-column62807_c558a0-8a > .kt-inside-inner-col{column-gap:var(--global-kb-gap-sm, 1rem);}.kadence-column62807_c558a0-8a > .kt-inside-inner-col{flex-direction:column;}.kadence-column62807_c558a0-8a > .kt-inside-inner-col > .aligncenter{width:100%;}.kadence-column62807_c558a0-8a > .kt-inside-inner-col{background-color:#F4F4F4;}.kadence-column62807_c558a0-8a > .kt-inside-inner-col:before{opacity:0.3;}.kadence-column62807_c558a0-8a{position:relative;}@media all and (max-width: 1024px){.kadence-column62807_c558a0-8a > .kt-inside-inner-col{flex-direction:column;justify-content:center;}}@media all and (max-width: 767px){.kadence-column62807_c558a0-8a > .kt-inside-inner-col{flex-direction:column;justify-content:center;}}<\/style>\n<div class=\"wp-block-kadence-column kadence-column62807_c558a0-8a\"><div class=\"kt-inside-inner-col\">\n<p class=\"has-text-align-justify\">D\u0148a 8. novembra 2023 nav\u0161t\u00edvi Pr\u00edrodovedeck\u00fa fakultu UPJ\u0160 v Ko\u0161iciach <strong>Denis Sedl\u00e1k<\/strong> zo Slovenskej vesm\u00edrnej kancel\u00e1rie pri SARIO. O 16:00 h sa uskuto\u010dn\u00ed jeho predn\u00e1\u0161ka v r\u00e1mci <a href=\"https:\/\/dam.science.upjs.sk\/posters\/DAM_231108_plag%C3%A1t.pdf\" class=\"ek-link\">Data Analytics Meetings<\/a> (Jesenn\u00e1 5, 1. poschodie, VKM,). Pred predn\u00e1\u0161kou, od 14:00 \u2013 15:00 hod., sa v semin\u00e1rnej miestnosti SJ2S45 (2. poschodie, Jesenn\u00e1 5) uskuto\u010dn\u00ed diskusia s p\u00e1nom Sedl\u00e1kom, ktor\u00e1 je ur\u010den\u00e1 v\u0161etk\u00fdm zamestnancom, \u0161tudentom a doktorandom, pre ktor\u00fdch je t\u00e9ma v\u00fdvoja vesm\u00edrnych technol\u00f3gi\u00ed a materi\u00e1lov bl\u00edzka. T\u00e1to diskusia im m\u00f4\u017ee poskytn\u00fa\u0165 inform\u00e1cie o mo\u017enostiach SARIO\/ESA pre podporu podnikania a vzniku start-up spolo\u010dnost\u00ed v tomto sektore.<\/p>\n\n\n\n<p class=\"has-text-align-justify\">Z\u00e1ujem o \u00fa\u010das\u0165, pros\u00edm, nahl\u00e1ste emailom na adresu <a href=\"mailto:michal.gallay@upjs.sk\" class=\"ek-link\">michal.gallay@upjs.sk<\/a>.<\/p>\n<\/div><\/div>\n\n\n\n<div style=\"height:20px\" aria-hidden=\"true\" class=\"wp-block-spacer\"><\/div>\n\n\n<style>.kb-image62807_7d835e-d6 .kb-image-has-overlay:after{opacity:0.3;}<\/style>\n<div class=\"wp-block-kadence-image kb-image62807_7d835e-d6\"><figure class=\"aligncenter size-full\"><a href=\"https:\/\/dam.science.upjs.sk\/posters\/DAM_231108_plag%C3%A1t.pdf\" class=\"kb-advanced-image-link\"><img loading=\"lazy\" decoding=\"async\" width=\"900\" height=\"506\" src=\"https:\/\/www.upjs.sk\/app\/uploads\/sites\/10\/2023\/10\/DAM_231108_meetupbanner.jpg\" alt=\"\" class=\"kb-img wp-image-62464\" srcset=\"https:\/\/www.upjs.sk\/app\/uploads\/sites\/10\/2023\/10\/DAM_231108_meetupbanner.jpg 900w, https:\/\/www.upjs.sk\/app\/uploads\/sites\/10\/2023\/10\/DAM_231108_meetupbanner-300x169.jpg 300w, https:\/\/www.upjs.sk\/app\/uploads\/sites\/10\/2023\/10\/DAM_231108_meetupbanner-768x432.jpg 768w\" sizes=\"auto, (max-width: 900px) 100vw, 900px\" \/><\/a><\/figure><\/div>\n","protected":false},"excerpt":{"rendered":"<p>D\u0148a 8. novembra 2023 nav\u0161t\u00edvi Pr\u00edrodovedeck\u00fa fakultu UPJ\u0160 v Ko\u0161iciach Denis Sedl\u00e1k zo Slovenskej vesm\u00edrnej kancel\u00e1rie pri SARIO.<\/p>\n","protected":false},"author":25,"featured_media":62809,"template":"","meta":{"_acf_changed":false,"_editorskit_title_hidden":false,"_editorskit_reading_time":0,"_editorskit_is_block_options_detached":false,"_editorskit_block_options_position":"{}","footnotes":""},"categories":[],"tags":[],"tax_aktuality":[],"class_list":["post-62807","cpt_aktuality","type-cpt_aktuality","status-publish","has-post-thumbnail","hentry"],"acf":{"acf_link_na_externy_obsah":"","poradie_clanku":0},"yoast_head":"<!-- This site is optimized with the Yoast SEO plugin v27.4 - https:\/\/yoast.com\/product\/yoast-seo-wordpress\/ -->\n<title>Diskutujeme o pr\u00edle\u017eitostiach vo vesm\u00edrnej ekonomike - Pr\u00edrodovedeck\u00e1 fakulta | UPJ\u0160<\/title>\n<meta name=\"robots\" content=\"index, follow, max-snippet:-1, max-image-preview:large, max-video-preview:-1\" \/>\n<link rel=\"canonical\" href=\"https:\/\/www.upjs.sk\/prirodovedecka-fakulta\/actuality\/diskutujeme-o-prilezitostiach-vo-vesmirnej-ekonomike\/\" \/>\n<meta property=\"og:locale\" content=\"sk_SK\" \/>\n<meta property=\"og:type\" content=\"article\" \/>\n<meta property=\"og:title\" content=\"Diskutujeme o pr\u00edle\u017eitostiach vo vesm\u00edrnej ekonomike - Pr\u00edrodovedeck\u00e1 fakulta | UPJ\u0160\" \/>\n<meta property=\"og:description\" content=\"D\u0148a 8. novembra 2023 nav\u0161t\u00edvi Pr\u00edrodovedeck\u00fa fakultu UPJ\u0160 v Ko\u0161iciach Denis Sedl\u00e1k zo Slovenskej vesm\u00edrnej kancel\u00e1rie pri SARIO.\" \/>\n<meta property=\"og:url\" content=\"https:\/\/www.upjs.sk\/prirodovedecka-fakulta\/actuality\/diskutujeme-o-prilezitostiach-vo-vesmirnej-ekonomike\/\" \/>\n<meta property=\"og:site_name\" content=\"Pr\u00edrodovedeck\u00e1 fakulta | UPJ\u0160\" \/>\n<meta property=\"article:modified_time\" content=\"2023-11-22T14:54:42+00:00\" \/>\n<meta property=\"og:image\" content=\"https:\/\/www.upjs.sk\/app\/uploads\/sites\/10\/2023\/11\/prednaska-DAM-Sedlak-ilob-08112023.png\" \/>\n\t<meta property=\"og:image:width\" content=\"600\" \/>\n\t<meta property=\"og:image:height\" content=\"420\" \/>\n\t<meta property=\"og:image:type\" content=\"image\/png\" \/>\n<meta name=\"twitter:card\" content=\"summary_large_image\" \/>\n<meta name=\"twitter:label1\" content=\"Predpokladan\u00fd \u010das \u010d\u00edtania\" \/>\n\t<meta name=\"twitter:data1\" content=\"2 min\u00faty\" \/>\n<script type=\"application\/ld+json\" class=\"yoast-schema-graph\">{\"@context\":\"https:\\\/\\\/schema.org\",\"@graph\":[{\"@type\":\"WebPage\",\"@id\":\"https:\\\/\\\/www.upjs.sk\\\/prirodovedecka-fakulta\\\/actuality\\\/diskutujeme-o-prilezitostiach-vo-vesmirnej-ekonomike\\\/\",\"url\":\"https:\\\/\\\/www.upjs.sk\\\/prirodovedecka-fakulta\\\/actuality\\\/diskutujeme-o-prilezitostiach-vo-vesmirnej-ekonomike\\\/\",\"name\":\"Diskutujeme o pr\u00edle\u017eitostiach vo vesm\u00edrnej ekonomike - Pr\u00edrodovedeck\u00e1 fakulta | UPJ\u0160\",\"isPartOf\":{\"@id\":\"https:\\\/\\\/www.upjs.sk\\\/prirodovedecka-fakulta\\\/#website\"},\"primaryImageOfPage\":{\"@id\":\"https:\\\/\\\/www.upjs.sk\\\/prirodovedecka-fakulta\\\/actuality\\\/diskutujeme-o-prilezitostiach-vo-vesmirnej-ekonomike\\\/#primaryimage\"},\"image\":{\"@id\":\"https:\\\/\\\/www.upjs.sk\\\/prirodovedecka-fakulta\\\/actuality\\\/diskutujeme-o-prilezitostiach-vo-vesmirnej-ekonomike\\\/#primaryimage\"},\"thumbnailUrl\":\"https:\\\/\\\/www.upjs.sk\\\/app\\\/uploads\\\/sites\\\/10\\\/2023\\\/11\\\/prednaska-DAM-Sedlak-ilob-08112023.png\",\"datePublished\":\"2023-11-07T09:35:58+00:00\",\"dateModified\":\"2023-11-22T14:54:42+00:00\",\"breadcrumb\":{\"@id\":\"https:\\\/\\\/www.upjs.sk\\\/prirodovedecka-fakulta\\\/actuality\\\/diskutujeme-o-prilezitostiach-vo-vesmirnej-ekonomike\\\/#breadcrumb\"},\"inLanguage\":\"sk-SK\",\"potentialAction\":[{\"@type\":\"ReadAction\",\"target\":[\"https:\\\/\\\/www.upjs.sk\\\/prirodovedecka-fakulta\\\/actuality\\\/diskutujeme-o-prilezitostiach-vo-vesmirnej-ekonomike\\\/\"]}]},{\"@type\":\"ImageObject\",\"inLanguage\":\"sk-SK\",\"@id\":\"https:\\\/\\\/www.upjs.sk\\\/prirodovedecka-fakulta\\\/actuality\\\/diskutujeme-o-prilezitostiach-vo-vesmirnej-ekonomike\\\/#primaryimage\",\"url\":\"https:\\\/\\\/www.upjs.sk\\\/app\\\/uploads\\\/sites\\\/10\\\/2023\\\/11\\\/prednaska-DAM-Sedlak-ilob-08112023.png\",\"contentUrl\":\"https:\\\/\\\/www.upjs.sk\\\/app\\\/uploads\\\/sites\\\/10\\\/2023\\\/11\\\/prednaska-DAM-Sedlak-ilob-08112023.png\",\"width\":600,\"height\":420},{\"@type\":\"BreadcrumbList\",\"@id\":\"https:\\\/\\\/www.upjs.sk\\\/prirodovedecka-fakulta\\\/actuality\\\/diskutujeme-o-prilezitostiach-vo-vesmirnej-ekonomike\\\/#breadcrumb\",\"itemListElement\":[{\"@type\":\"ListItem\",\"position\":1,\"name\":\"Home\",\"item\":\"https:\\\/\\\/www.upjs.sk\\\/prirodovedecka-fakulta\\\/\"},{\"@type\":\"ListItem\",\"position\":2,\"name\":\"Aktuality\",\"item\":\"https:\\\/\\\/www.upjs.sk\\\/prirodovedecka-fakulta\\\/actuality\\\/\"},{\"@type\":\"ListItem\",\"position\":3,\"name\":\"Diskutujeme o pr\u00edle\u017eitostiach vo vesm\u00edrnej ekonomike\"}]},{\"@type\":\"WebSite\",\"@id\":\"https:\\\/\\\/www.upjs.sk\\\/prirodovedecka-fakulta\\\/#website\",\"url\":\"https:\\\/\\\/www.upjs.sk\\\/prirodovedecka-fakulta\\\/\",\"name\":\"Pr\u00edrodovedeck\u00e1 fakulta | UPJ\u0160\",\"description\":\"\",\"publisher\":{\"@id\":\"https:\\\/\\\/www.upjs.sk\\\/prirodovedecka-fakulta\\\/#organization\"},\"potentialAction\":[{\"@type\":\"SearchAction\",\"target\":{\"@type\":\"EntryPoint\",\"urlTemplate\":\"https:\\\/\\\/www.upjs.sk\\\/prirodovedecka-fakulta\\\/?s={search_term_string}\"},\"query-input\":{\"@type\":\"PropertyValueSpecification\",\"valueRequired\":true,\"valueName\":\"search_term_string\"}}],\"inLanguage\":\"sk-SK\"},{\"@type\":\"Organization\",\"@id\":\"https:\\\/\\\/www.upjs.sk\\\/prirodovedecka-fakulta\\\/#organization\",\"name\":\"Pr\u00edrodovedeck\u00e1 fakulta | UPJ\u0160\",\"url\":\"https:\\\/\\\/www.upjs.sk\\\/prirodovedecka-fakulta\\\/\",\"logo\":{\"@type\":\"ImageObject\",\"inLanguage\":\"sk-SK\",\"@id\":\"https:\\\/\\\/www.upjs.sk\\\/prirodovedecka-fakulta\\\/#\\\/schema\\\/logo\\\/image\\\/\",\"url\":\"https:\\\/\\\/www.upjs.sk\\\/app\\\/uploads\\\/sites\\\/10\\\/2022\\\/09\\\/logo-prirodovedecka-fakulta.png\",\"contentUrl\":\"https:\\\/\\\/www.upjs.sk\\\/app\\\/uploads\\\/sites\\\/10\\\/2022\\\/09\\\/logo-prirodovedecka-fakulta.png\",\"width\":415,\"height\":87,\"caption\":\"Pr\u00edrodovedeck\u00e1 fakulta | UPJ\u0160\"},\"image\":{\"@id\":\"https:\\\/\\\/www.upjs.sk\\\/prirodovedecka-fakulta\\\/#\\\/schema\\\/logo\\\/image\\\/\"}}]}<\/script>\n<!-- \/ Yoast SEO plugin. -->","yoast_head_json":{"title":"Diskutujeme o pr\u00edle\u017eitostiach vo vesm\u00edrnej ekonomike - Pr\u00edrodovedeck\u00e1 fakulta | UPJ\u0160","robots":{"index":"index","follow":"follow","max-snippet":"max-snippet:-1","max-image-preview":"max-image-preview:large","max-video-preview":"max-video-preview:-1"},"canonical":"https:\/\/www.upjs.sk\/prirodovedecka-fakulta\/actuality\/diskutujeme-o-prilezitostiach-vo-vesmirnej-ekonomike\/","og_locale":"sk_SK","og_type":"article","og_title":"Diskutujeme o pr\u00edle\u017eitostiach vo vesm\u00edrnej ekonomike - Pr\u00edrodovedeck\u00e1 fakulta | UPJ\u0160","og_description":"D\u0148a 8. novembra 2023 nav\u0161t\u00edvi Pr\u00edrodovedeck\u00fa fakultu UPJ\u0160 v Ko\u0161iciach Denis Sedl\u00e1k zo Slovenskej vesm\u00edrnej kancel\u00e1rie pri SARIO.","og_url":"https:\/\/www.upjs.sk\/prirodovedecka-fakulta\/actuality\/diskutujeme-o-prilezitostiach-vo-vesmirnej-ekonomike\/","og_site_name":"Pr\u00edrodovedeck\u00e1 fakulta | UPJ\u0160","article_modified_time":"2023-11-22T14:54:42+00:00","og_image":[{"width":600,"height":420,"url":"https:\/\/www.upjs.sk\/app\/uploads\/sites\/10\/2023\/11\/prednaska-DAM-Sedlak-ilob-08112023.png","type":"image\/png"}],"twitter_card":"summary_large_image","twitter_misc":{"Predpokladan\u00fd \u010das \u010d\u00edtania":"2 min\u00faty"},"schema":{"@context":"https:\/\/schema.org","@graph":[{"@type":"WebPage","@id":"https:\/\/www.upjs.sk\/prirodovedecka-fakulta\/actuality\/diskutujeme-o-prilezitostiach-vo-vesmirnej-ekonomike\/","url":"https:\/\/www.upjs.sk\/prirodovedecka-fakulta\/actuality\/diskutujeme-o-prilezitostiach-vo-vesmirnej-ekonomike\/","name":"Diskutujeme o pr\u00edle\u017eitostiach vo vesm\u00edrnej ekonomike - Pr\u00edrodovedeck\u00e1 fakulta | UPJ\u0160","isPartOf":{"@id":"https:\/\/www.upjs.sk\/prirodovedecka-fakulta\/#website"},"primaryImageOfPage":{"@id":"https:\/\/www.upjs.sk\/prirodovedecka-fakulta\/actuality\/diskutujeme-o-prilezitostiach-vo-vesmirnej-ekonomike\/#primaryimage"},"image":{"@id":"https:\/\/www.upjs.sk\/prirodovedecka-fakulta\/actuality\/diskutujeme-o-prilezitostiach-vo-vesmirnej-ekonomike\/#primaryimage"},"thumbnailUrl":"https:\/\/www.upjs.sk\/app\/uploads\/sites\/10\/2023\/11\/prednaska-DAM-Sedlak-ilob-08112023.png","datePublished":"2023-11-07T09:35:58+00:00","dateModified":"2023-11-22T14:54:42+00:00","breadcrumb":{"@id":"https:\/\/www.upjs.sk\/prirodovedecka-fakulta\/actuality\/diskutujeme-o-prilezitostiach-vo-vesmirnej-ekonomike\/#breadcrumb"},"inLanguage":"sk-SK","potentialAction":[{"@type":"ReadAction","target":["https:\/\/www.upjs.sk\/prirodovedecka-fakulta\/actuality\/diskutujeme-o-prilezitostiach-vo-vesmirnej-ekonomike\/"]}]},{"@type":"ImageObject","inLanguage":"sk-SK","@id":"https:\/\/www.upjs.sk\/prirodovedecka-fakulta\/actuality\/diskutujeme-o-prilezitostiach-vo-vesmirnej-ekonomike\/#primaryimage","url":"https:\/\/www.upjs.sk\/app\/uploads\/sites\/10\/2023\/11\/prednaska-DAM-Sedlak-ilob-08112023.png","contentUrl":"https:\/\/www.upjs.sk\/app\/uploads\/sites\/10\/2023\/11\/prednaska-DAM-Sedlak-ilob-08112023.png","width":600,"height":420},{"@type":"BreadcrumbList","@id":"https:\/\/www.upjs.sk\/prirodovedecka-fakulta\/actuality\/diskutujeme-o-prilezitostiach-vo-vesmirnej-ekonomike\/#breadcrumb","itemListElement":[{"@type":"ListItem","position":1,"name":"Home","item":"https:\/\/www.upjs.sk\/prirodovedecka-fakulta\/"},{"@type":"ListItem","position":2,"name":"Aktuality","item":"https:\/\/www.upjs.sk\/prirodovedecka-fakulta\/actuality\/"},{"@type":"ListItem","position":3,"name":"Diskutujeme o pr\u00edle\u017eitostiach vo vesm\u00edrnej ekonomike"}]},{"@type":"WebSite","@id":"https:\/\/www.upjs.sk\/prirodovedecka-fakulta\/#website","url":"https:\/\/www.upjs.sk\/prirodovedecka-fakulta\/","name":"Pr\u00edrodovedeck\u00e1 fakulta | UPJ\u0160","description":"","publisher":{"@id":"https:\/\/www.upjs.sk\/prirodovedecka-fakulta\/#organization"},"potentialAction":[{"@type":"SearchAction","target":{"@type":"EntryPoint","urlTemplate":"https:\/\/www.upjs.sk\/prirodovedecka-fakulta\/?s={search_term_string}"},"query-input":{"@type":"PropertyValueSpecification","valueRequired":true,"valueName":"search_term_string"}}],"inLanguage":"sk-SK"},{"@type":"Organization","@id":"https:\/\/www.upjs.sk\/prirodovedecka-fakulta\/#organization","name":"Pr\u00edrodovedeck\u00e1 fakulta | UPJ\u0160","url":"https:\/\/www.upjs.sk\/prirodovedecka-fakulta\/","logo":{"@type":"ImageObject","inLanguage":"sk-SK","@id":"https:\/\/www.upjs.sk\/prirodovedecka-fakulta\/#\/schema\/logo\/image\/","url":"https:\/\/www.upjs.sk\/app\/uploads\/sites\/10\/2022\/09\/logo-prirodovedecka-fakulta.png","contentUrl":"https:\/\/www.upjs.sk\/app\/uploads\/sites\/10\/2022\/09\/logo-prirodovedecka-fakulta.png","width":415,"height":87,"caption":"Pr\u00edrodovedeck\u00e1 fakulta | UPJ\u0160"},"image":{"@id":"https:\/\/www.upjs.sk\/prirodovedecka-fakulta\/#\/schema\/logo\/image\/"}}]}},"_links":{"self":[{"href":"https:\/\/www.upjs.sk\/prirodovedecka-fakulta\/wp-json\/wp\/v2\/cpt_aktuality\/62807","targetHints":{"allow":["GET"]}}],"collection":[{"href":"https:\/\/www.upjs.sk\/prirodovedecka-fakulta\/wp-json\/wp\/v2\/cpt_aktuality"}],"about":[{"href":"https:\/\/www.upjs.sk\/prirodovedecka-fakulta\/wp-json\/wp\/v2\/types\/cpt_aktuality"}],"author":[{"embeddable":true,"href":"https:\/\/www.upjs.sk\/prirodovedecka-fakulta\/wp-json\/wp\/v2\/users\/25"}],"version-history":[{"count":9,"href":"https:\/\/www.upjs.sk\/prirodovedecka-fakulta\/wp-json\/wp\/v2\/cpt_aktuality\/62807\/revisions"}],"predecessor-version":[{"id":62919,"href":"https:\/\/www.upjs.sk\/prirodovedecka-fakulta\/wp-json\/wp\/v2\/cpt_aktuality\/62807\/revisions\/62919"}],"wp:featuredmedia":[{"embeddable":true,"href":"https:\/\/www.upjs.sk\/prirodovedecka-fakulta\/wp-json\/wp\/v2\/media\/62809"}],"wp:attachment":[{"href":"https:\/\/www.upjs.sk\/prirodovedecka-fakulta\/wp-json\/wp\/v2\/media?parent=62807"}],"wp:term":[{"taxonomy":"category","embeddable":true,"href":"https:\/\/www.upjs.sk\/prirodovedecka-fakulta\/wp-json\/wp\/v2\/categories?post=62807"},{"taxonomy":"post_tag","embeddable":true,"href":"https:\/\/www.upjs.sk\/prirodovedecka-fakulta\/wp-json\/wp\/v2\/tags?post=62807"},{"taxonomy":"tax_aktuality","embeddable":true,"href":"https:\/\/www.upjs.sk\/prirodovedecka-fakulta\/wp-json\/wp\/v2\/tax_aktuality?post=62807"}],"curies":[{"name":"wp","href":"https:\/\/api.w.org\/{rel}","templated":true}]}}