{"id":64119,"date":"2023-11-30T12:45:16","date_gmt":"2023-11-30T11:45:16","guid":{"rendered":"https:\/\/www.upjs.sk\/prirodovedecka-fakulta\/?post_type=cpt_aktuality&#038;p=64119"},"modified":"2024-01-19T11:31:35","modified_gmt":"2024-01-19T10:31:35","slug":"zoologicke-prednasky","status":"publish","type":"cpt_aktuality","link":"https:\/\/www.upjs.sk\/prirodovedecka-fakulta\/actuality\/zoologicke-prednasky\/","title":{"rendered":"Zoologick\u00e9 predn\u00e1\u0161ky"},"content":{"rendered":"\n<div style=\"height:30px\" aria-hidden=\"true\" class=\"wp-block-spacer\"><\/div>\n\n\n<style>.kadence-column64119_a04dd6-b2 > .kt-inside-inner-col{padding-right:0px;padding-left:0px;}.kadence-column64119_a04dd6-b2 > .kt-inside-inner-col,.kadence-column64119_a04dd6-b2 > .kt-inside-inner-col:before{border-top-left-radius:5px;border-top-right-radius:5px;border-bottom-right-radius:5px;border-bottom-left-radius:5px;}.kadence-column64119_a04dd6-b2 > .kt-inside-inner-col{column-gap:var(--global-kb-gap-sm, 1rem);}.kadence-column64119_a04dd6-b2 > .kt-inside-inner-col{flex-direction:column;}.kadence-column64119_a04dd6-b2 > .kt-inside-inner-col > .aligncenter{width:100%;}.kadence-column64119_a04dd6-b2 > .kt-inside-inner-col:before{opacity:0.3;}.kadence-column64119_a04dd6-b2{position:relative;}@media all and (max-width: 1024px){.kadence-column64119_a04dd6-b2 > .kt-inside-inner-col{flex-direction:column;justify-content:center;}}@media all and (max-width: 767px){.kadence-column64119_a04dd6-b2 > .kt-inside-inner-col{flex-direction:column;justify-content:center;}}<\/style>\n<div class=\"wp-block-kadence-column kadence-column64119_a04dd6-b2\"><div class=\"kt-inside-inner-col\">\n<p class=\"has-text-align-center\"><strong>Katedra zool\u00f3gie<\/strong><br>\u00dastav biologick\u00fdch a&nbsp;ekologick\u00fdch vied<br>Pr\u00edrodovedeck\u00e1 fakulta Univerzity P. J. \u0160af\u00e1rika v&nbsp;Ko\u0161iciach<\/p>\n\n\n\n<p class=\"has-text-align-center\">Poz\u00fdvame v\u0161etk\u00fdch z\u00e1ujemcov na dve zauj\u00edmav\u00e9 <strong>zoologick\u00e9 predn\u00e1\u0161ky<\/strong>, ktor\u00e9 sa uskuto\u010dnia <strong>6.12.2023<\/strong>. v&nbsp;aule prof. Prasli\u010dku (RBA05) na pr\u00edzem\u00ed pavil\u00f3nu RB v na\u0161om univerzitnom are\u00e1li na \u0160rob\u00e1rovej 2 v&nbsp;Ko\u0161iciach (vchod z&nbsp;dvora). Obaja predn\u00e1\u0161aj\u00faci s\u00fa vynikaj\u00faci, medzin\u00e1rodne uzn\u00e1van\u00ed vedci.<\/p>\n\n\n<style>.kb-row-layout-id64119_5b6728-dc > .kt-row-column-wrap{align-content:start;}:where(.kb-row-layout-id64119_5b6728-dc > .kt-row-column-wrap) > .wp-block-kadence-column{justify-content:start;}.kb-row-layout-id64119_5b6728-dc > .kt-row-column-wrap{column-gap:var(--global-kb-gap-md, 2rem);row-gap:var(--global-kb-gap-md, 2rem);padding-top:var(--global-kb-spacing-sm, 1.5rem);padding-bottom:var(--global-kb-spacing-sm, 1.5rem);grid-template-columns:repeat(2, minmax(0, 1fr));}.kb-row-layout-id64119_5b6728-dc > .kt-row-layout-overlay{opacity:0.30;}@media all and (max-width: 1024px){.kb-row-layout-id64119_5b6728-dc > .kt-row-column-wrap{grid-template-columns:repeat(2, minmax(0, 1fr));}}@media all and (max-width: 767px){.kb-row-layout-id64119_5b6728-dc > .kt-row-column-wrap{grid-template-columns:minmax(0, 1fr);}}<\/style><div class=\"kb-row-layout-wrap kb-row-layout-id64119_5b6728-dc alignnone wp-block-kadence-rowlayout\"><div class=\"kt-row-column-wrap kt-has-2-columns kt-row-layout-equal kt-tab-layout-inherit kt-mobile-layout-row kt-row-valign-top\">\n<style>.kadence-column64119_ee21db-fe > .kt-inside-inner-col{padding-top:var(--global-kb-spacing-xs, 1rem);padding-right:var(--global-kb-spacing-xxs, 0.5rem);padding-left:var(--global-kb-spacing-xxs, 0.5rem);}.kadence-column64119_ee21db-fe > .kt-inside-inner-col{box-shadow:7px 7px 14px 0px rgba(0, 0, 0, 0.2);}.kadence-column64119_ee21db-fe > .kt-inside-inner-col,.kadence-column64119_ee21db-fe > .kt-inside-inner-col:before{border-top-left-radius:5px;border-top-right-radius:5px;border-bottom-right-radius:5px;border-bottom-left-radius:5px;}.kadence-column64119_ee21db-fe > .kt-inside-inner-col{column-gap:var(--global-kb-gap-sm, 1rem);}.kadence-column64119_ee21db-fe > .kt-inside-inner-col{flex-direction:column;}.kadence-column64119_ee21db-fe > .kt-inside-inner-col > .aligncenter{width:100%;}.kadence-column64119_ee21db-fe > .kt-inside-inner-col:before{opacity:0.3;}.kadence-column64119_ee21db-fe{position:relative;}@media all and (max-width: 1024px){.kadence-column64119_ee21db-fe > .kt-inside-inner-col{flex-direction:column;justify-content:center;}}@media all and (max-width: 767px){.kadence-column64119_ee21db-fe > .kt-inside-inner-col{flex-direction:column;justify-content:center;}}<\/style>\n<div class=\"wp-block-kadence-column kadence-column64119_ee21db-fe\"><div class=\"kt-inside-inner-col\">\n<p class=\"has-text-align-center has-prirodovedecka-f-color has-text-color\"><strong>od<\/strong> <strong>10:00 &#8211; 10:30 h<\/strong><\/p>\n\n\n\n<p class=\"has-text-align-center\"><strong>Doc. RNDr. Peter Mikul\u00ed\u010dek, PhD.<\/strong><br>(Katedra zool\u00f3gie, Pr\u00edrodovedeck\u00e1 fakulta, Univerzita Komensk\u00e9ho, Bratislava)<\/p>\n\n\n\n<p><strong>T\u00e9ma: Genetick\u00e1 variabilita korytna\u010dky mo\u010diarnej v severnej \u010dasti Pan\u00f3nie<\/strong><\/p>\n\n\n\n<p>Korytna\u010dka mo\u010diarna (<em>Emys orbicularis<\/em>) je kriticky ohrozen\u00fd, emblematick\u00fd a&nbsp;z\u00e1rove\u0148 st\u00e1le m\u00e1lo zn\u00e1my druh n\u00ed\u017einn\u00fdch mokrad\u00ed. Jeho v\u00fdskumu a&nbsp;z\u00e1chrane sa u&nbsp;n\u00e1s dlhodobo venuje nieko\u013eko jednotlivcov a&nbsp;organiz\u00e1ci\u00ed. \u010co nov\u00e9 prin\u00e1\u0161a genetick\u00e9 \u0161t\u00fadium \u201emo\u010diarky-emysky\u201c?&nbsp;<\/p>\n<\/div><\/div>\n\n\n<style>.kadence-column64119_5b7122-11 > .kt-inside-inner-col{padding-top:var(--global-kb-spacing-xs, 1rem);padding-right:var(--global-kb-spacing-xxs, 0.5rem);padding-left:var(--global-kb-spacing-xxs, 0.5rem);}.kadence-column64119_5b7122-11 > .kt-inside-inner-col{box-shadow:7px 7px 14px 0px rgba(0, 0, 0, 0.2);}.kadence-column64119_5b7122-11 > .kt-inside-inner-col,.kadence-column64119_5b7122-11 > .kt-inside-inner-col:before{border-top-left-radius:5px;border-top-right-radius:5px;border-bottom-right-radius:5px;border-bottom-left-radius:5px;}.kadence-column64119_5b7122-11 > .kt-inside-inner-col{column-gap:var(--global-kb-gap-sm, 1rem);}.kadence-column64119_5b7122-11 > .kt-inside-inner-col{flex-direction:column;}.kadence-column64119_5b7122-11 > .kt-inside-inner-col > .aligncenter{width:100%;}.kadence-column64119_5b7122-11 > .kt-inside-inner-col:before{opacity:0.3;}.kadence-column64119_5b7122-11{position:relative;}@media all and (max-width: 1024px){.kadence-column64119_5b7122-11 > .kt-inside-inner-col{flex-direction:column;justify-content:center;}}@media all and (max-width: 767px){.kadence-column64119_5b7122-11 > .kt-inside-inner-col{flex-direction:column;justify-content:center;}}<\/style>\n<div class=\"wp-block-kadence-column kadence-column64119_5b7122-11\"><div class=\"kt-inside-inner-col\">\n<p class=\"has-text-align-center has-prirodovedecka-f-color has-text-color\">\u202a <strong>od<\/strong> <strong>10:30 &#8211; 11:20<\/strong> <strong>h<\/strong><\/p>\n\n\n\n<p class=\"has-text-align-center\"><strong>Prof. Mgr. Luk\u00e1\u0161 Kratochv\u00edl, PhD.<\/strong><br>(Katedra ekologie, P\u0159\u00edrodov\u011bdeck\u00e1 fakulta, Univerzita Karlova, Praha)<\/p>\n\n\n\n<p><strong>T\u00e9ma: Evoluce zp\u016fsob\u016f ur\u010den\u00ed pohlav\u00ed obratlovc\u016f: od teploty k pohlavn\u00edm chromozom\u016fm a \u00fat\u011bk\u016fm k asexualit\u011b<\/strong><\/p>\n\n\n\n<p>Obratlovci (stavovce) maj\u00ed velkou variabilitu ve zp\u016fsobech ur\u010den\u00ed pohlav\u00ed. Co ji generuje? A pro\u010d v\u0161echny linie nenalezly jednu, optim\u00e1ln\u00ed strategii? A pro\u010d a jak se n\u011bkter\u00e9 dokonce vzdaly pohlavn\u00edho rozmno\u017eov\u00e1n\u00ed?<\/p>\n\n\n\n<div style=\"height:25px\" aria-hidden=\"true\" class=\"wp-block-spacer\"><\/div>\n<\/div><\/div>\n\n<\/div><\/div>\n\n\n<p class=\"has-text-align-center\">Kontakt: Andrej Mock, Katedra zool\u00f3gie PF UPJ\u0160, <a href=\"mailto:andrej.mock@upjs.sk\">andrej.mock@upjs.sk<\/a>, ++421552341177<\/p>\n<\/div><\/div>\n","protected":false},"excerpt":{"rendered":"<p>Poz\u00fdvame v\u0161etk\u00fdch z\u00e1ujemcov na dve zauj\u00edmav\u00e9 zoologick\u00e9 predn\u00e1\u0161ky, ktor\u00e9 sa uskuto\u010dnia 6.12.2023. v aule prof. Prasli\u010dku<\/p>\n","protected":false},"author":25,"featured_media":64120,"template":"","meta":{"_acf_changed":false,"_editorskit_title_hidden":false,"_editorskit_reading_time":0,"_editorskit_is_block_options_detached":false,"_editorskit_block_options_position":"{}","footnotes":""},"categories":[],"tags":[],"tax_aktuality":[],"class_list":["post-64119","cpt_aktuality","type-cpt_aktuality","status-publish","has-post-thumbnail","hentry"],"acf":{"acf_link_na_externy_obsah":"","poradie_clanku":0},"yoast_head":"<!-- This site is optimized with the Yoast SEO plugin v27.4 - https:\/\/yoast.com\/product\/yoast-seo-wordpress\/ -->\n<title>Zoologick\u00e9 predn\u00e1\u0161ky - Pr\u00edrodovedeck\u00e1 fakulta | UPJ\u0160<\/title>\n<meta name=\"robots\" content=\"index, follow, max-snippet:-1, max-image-preview:large, max-video-preview:-1\" \/>\n<link rel=\"canonical\" href=\"https:\/\/www.upjs.sk\/prirodovedecka-fakulta\/actuality\/zoologicke-prednasky\/\" \/>\n<meta property=\"og:locale\" content=\"sk_SK\" \/>\n<meta property=\"og:type\" content=\"article\" \/>\n<meta property=\"og:title\" content=\"Zoologick\u00e9 predn\u00e1\u0161ky - Pr\u00edrodovedeck\u00e1 fakulta | UPJ\u0160\" \/>\n<meta property=\"og:description\" content=\"Poz\u00fdvame v\u0161etk\u00fdch z\u00e1ujemcov na dve zauj\u00edmav\u00e9 zoologick\u00e9 predn\u00e1\u0161ky, ktor\u00e9 sa uskuto\u010dnia 6.12.2023. v aule prof. Prasli\u010dku\" \/>\n<meta property=\"og:url\" content=\"https:\/\/www.upjs.sk\/prirodovedecka-fakulta\/actuality\/zoologicke-prednasky\/\" \/>\n<meta property=\"og:site_name\" content=\"Pr\u00edrodovedeck\u00e1 fakulta | UPJ\u0160\" \/>\n<meta property=\"article:modified_time\" content=\"2024-01-19T10:31:35+00:00\" \/>\n<meta property=\"og:image\" content=\"https:\/\/www.upjs.sk\/app\/uploads\/sites\/10\/2023\/11\/zoologia-ilob.png\" \/>\n\t<meta property=\"og:image:width\" content=\"600\" \/>\n\t<meta property=\"og:image:height\" content=\"420\" \/>\n\t<meta property=\"og:image:type\" content=\"image\/png\" \/>\n<meta name=\"twitter:card\" content=\"summary_large_image\" \/>\n<meta name=\"twitter:label1\" content=\"Predpokladan\u00fd \u010das \u010d\u00edtania\" \/>\n\t<meta name=\"twitter:data1\" content=\"2 min\u00faty\" \/>\n<script type=\"application\/ld+json\" class=\"yoast-schema-graph\">{\"@context\":\"https:\\\/\\\/schema.org\",\"@graph\":[{\"@type\":\"WebPage\",\"@id\":\"https:\\\/\\\/www.upjs.sk\\\/prirodovedecka-fakulta\\\/actuality\\\/zoologicke-prednasky\\\/\",\"url\":\"https:\\\/\\\/www.upjs.sk\\\/prirodovedecka-fakulta\\\/actuality\\\/zoologicke-prednasky\\\/\",\"name\":\"Zoologick\u00e9 predn\u00e1\u0161ky - Pr\u00edrodovedeck\u00e1 fakulta | UPJ\u0160\",\"isPartOf\":{\"@id\":\"https:\\\/\\\/www.upjs.sk\\\/prirodovedecka-fakulta\\\/#website\"},\"primaryImageOfPage\":{\"@id\":\"https:\\\/\\\/www.upjs.sk\\\/prirodovedecka-fakulta\\\/actuality\\\/zoologicke-prednasky\\\/#primaryimage\"},\"image\":{\"@id\":\"https:\\\/\\\/www.upjs.sk\\\/prirodovedecka-fakulta\\\/actuality\\\/zoologicke-prednasky\\\/#primaryimage\"},\"thumbnailUrl\":\"https:\\\/\\\/www.upjs.sk\\\/app\\\/uploads\\\/sites\\\/10\\\/2023\\\/11\\\/zoologia-ilob.png\",\"datePublished\":\"2023-11-30T11:45:16+00:00\",\"dateModified\":\"2024-01-19T10:31:35+00:00\",\"breadcrumb\":{\"@id\":\"https:\\\/\\\/www.upjs.sk\\\/prirodovedecka-fakulta\\\/actuality\\\/zoologicke-prednasky\\\/#breadcrumb\"},\"inLanguage\":\"sk-SK\",\"potentialAction\":[{\"@type\":\"ReadAction\",\"target\":[\"https:\\\/\\\/www.upjs.sk\\\/prirodovedecka-fakulta\\\/actuality\\\/zoologicke-prednasky\\\/\"]}]},{\"@type\":\"ImageObject\",\"inLanguage\":\"sk-SK\",\"@id\":\"https:\\\/\\\/www.upjs.sk\\\/prirodovedecka-fakulta\\\/actuality\\\/zoologicke-prednasky\\\/#primaryimage\",\"url\":\"https:\\\/\\\/www.upjs.sk\\\/app\\\/uploads\\\/sites\\\/10\\\/2023\\\/11\\\/zoologia-ilob.png\",\"contentUrl\":\"https:\\\/\\\/www.upjs.sk\\\/app\\\/uploads\\\/sites\\\/10\\\/2023\\\/11\\\/zoologia-ilob.png\",\"width\":600,\"height\":420},{\"@type\":\"BreadcrumbList\",\"@id\":\"https:\\\/\\\/www.upjs.sk\\\/prirodovedecka-fakulta\\\/actuality\\\/zoologicke-prednasky\\\/#breadcrumb\",\"itemListElement\":[{\"@type\":\"ListItem\",\"position\":1,\"name\":\"Home\",\"item\":\"https:\\\/\\\/www.upjs.sk\\\/prirodovedecka-fakulta\\\/\"},{\"@type\":\"ListItem\",\"position\":2,\"name\":\"Aktuality\",\"item\":\"https:\\\/\\\/www.upjs.sk\\\/prirodovedecka-fakulta\\\/actuality\\\/\"},{\"@type\":\"ListItem\",\"position\":3,\"name\":\"Zoologick\u00e9 predn\u00e1\u0161ky\"}]},{\"@type\":\"WebSite\",\"@id\":\"https:\\\/\\\/www.upjs.sk\\\/prirodovedecka-fakulta\\\/#website\",\"url\":\"https:\\\/\\\/www.upjs.sk\\\/prirodovedecka-fakulta\\\/\",\"name\":\"Pr\u00edrodovedeck\u00e1 fakulta | UPJ\u0160\",\"description\":\"\",\"publisher\":{\"@id\":\"https:\\\/\\\/www.upjs.sk\\\/prirodovedecka-fakulta\\\/#organization\"},\"potentialAction\":[{\"@type\":\"SearchAction\",\"target\":{\"@type\":\"EntryPoint\",\"urlTemplate\":\"https:\\\/\\\/www.upjs.sk\\\/prirodovedecka-fakulta\\\/?s={search_term_string}\"},\"query-input\":{\"@type\":\"PropertyValueSpecification\",\"valueRequired\":true,\"valueName\":\"search_term_string\"}}],\"inLanguage\":\"sk-SK\"},{\"@type\":\"Organization\",\"@id\":\"https:\\\/\\\/www.upjs.sk\\\/prirodovedecka-fakulta\\\/#organization\",\"name\":\"Pr\u00edrodovedeck\u00e1 fakulta | UPJ\u0160\",\"url\":\"https:\\\/\\\/www.upjs.sk\\\/prirodovedecka-fakulta\\\/\",\"logo\":{\"@type\":\"ImageObject\",\"inLanguage\":\"sk-SK\",\"@id\":\"https:\\\/\\\/www.upjs.sk\\\/prirodovedecka-fakulta\\\/#\\\/schema\\\/logo\\\/image\\\/\",\"url\":\"https:\\\/\\\/www.upjs.sk\\\/app\\\/uploads\\\/sites\\\/10\\\/2022\\\/09\\\/logo-prirodovedecka-fakulta.png\",\"contentUrl\":\"https:\\\/\\\/www.upjs.sk\\\/app\\\/uploads\\\/sites\\\/10\\\/2022\\\/09\\\/logo-prirodovedecka-fakulta.png\",\"width\":415,\"height\":87,\"caption\":\"Pr\u00edrodovedeck\u00e1 fakulta | UPJ\u0160\"},\"image\":{\"@id\":\"https:\\\/\\\/www.upjs.sk\\\/prirodovedecka-fakulta\\\/#\\\/schema\\\/logo\\\/image\\\/\"}}]}<\/script>\n<!-- \/ Yoast SEO plugin. -->","yoast_head_json":{"title":"Zoologick\u00e9 predn\u00e1\u0161ky - Pr\u00edrodovedeck\u00e1 fakulta | UPJ\u0160","robots":{"index":"index","follow":"follow","max-snippet":"max-snippet:-1","max-image-preview":"max-image-preview:large","max-video-preview":"max-video-preview:-1"},"canonical":"https:\/\/www.upjs.sk\/prirodovedecka-fakulta\/actuality\/zoologicke-prednasky\/","og_locale":"sk_SK","og_type":"article","og_title":"Zoologick\u00e9 predn\u00e1\u0161ky - Pr\u00edrodovedeck\u00e1 fakulta | UPJ\u0160","og_description":"Poz\u00fdvame v\u0161etk\u00fdch z\u00e1ujemcov na dve zauj\u00edmav\u00e9 zoologick\u00e9 predn\u00e1\u0161ky, ktor\u00e9 sa uskuto\u010dnia 6.12.2023. v aule prof. Prasli\u010dku","og_url":"https:\/\/www.upjs.sk\/prirodovedecka-fakulta\/actuality\/zoologicke-prednasky\/","og_site_name":"Pr\u00edrodovedeck\u00e1 fakulta | UPJ\u0160","article_modified_time":"2024-01-19T10:31:35+00:00","og_image":[{"width":600,"height":420,"url":"https:\/\/www.upjs.sk\/app\/uploads\/sites\/10\/2023\/11\/zoologia-ilob.png","type":"image\/png"}],"twitter_card":"summary_large_image","twitter_misc":{"Predpokladan\u00fd \u010das \u010d\u00edtania":"2 min\u00faty"},"schema":{"@context":"https:\/\/schema.org","@graph":[{"@type":"WebPage","@id":"https:\/\/www.upjs.sk\/prirodovedecka-fakulta\/actuality\/zoologicke-prednasky\/","url":"https:\/\/www.upjs.sk\/prirodovedecka-fakulta\/actuality\/zoologicke-prednasky\/","name":"Zoologick\u00e9 predn\u00e1\u0161ky - Pr\u00edrodovedeck\u00e1 fakulta | UPJ\u0160","isPartOf":{"@id":"https:\/\/www.upjs.sk\/prirodovedecka-fakulta\/#website"},"primaryImageOfPage":{"@id":"https:\/\/www.upjs.sk\/prirodovedecka-fakulta\/actuality\/zoologicke-prednasky\/#primaryimage"},"image":{"@id":"https:\/\/www.upjs.sk\/prirodovedecka-fakulta\/actuality\/zoologicke-prednasky\/#primaryimage"},"thumbnailUrl":"https:\/\/www.upjs.sk\/app\/uploads\/sites\/10\/2023\/11\/zoologia-ilob.png","datePublished":"2023-11-30T11:45:16+00:00","dateModified":"2024-01-19T10:31:35+00:00","breadcrumb":{"@id":"https:\/\/www.upjs.sk\/prirodovedecka-fakulta\/actuality\/zoologicke-prednasky\/#breadcrumb"},"inLanguage":"sk-SK","potentialAction":[{"@type":"ReadAction","target":["https:\/\/www.upjs.sk\/prirodovedecka-fakulta\/actuality\/zoologicke-prednasky\/"]}]},{"@type":"ImageObject","inLanguage":"sk-SK","@id":"https:\/\/www.upjs.sk\/prirodovedecka-fakulta\/actuality\/zoologicke-prednasky\/#primaryimage","url":"https:\/\/www.upjs.sk\/app\/uploads\/sites\/10\/2023\/11\/zoologia-ilob.png","contentUrl":"https:\/\/www.upjs.sk\/app\/uploads\/sites\/10\/2023\/11\/zoologia-ilob.png","width":600,"height":420},{"@type":"BreadcrumbList","@id":"https:\/\/www.upjs.sk\/prirodovedecka-fakulta\/actuality\/zoologicke-prednasky\/#breadcrumb","itemListElement":[{"@type":"ListItem","position":1,"name":"Home","item":"https:\/\/www.upjs.sk\/prirodovedecka-fakulta\/"},{"@type":"ListItem","position":2,"name":"Aktuality","item":"https:\/\/www.upjs.sk\/prirodovedecka-fakulta\/actuality\/"},{"@type":"ListItem","position":3,"name":"Zoologick\u00e9 predn\u00e1\u0161ky"}]},{"@type":"WebSite","@id":"https:\/\/www.upjs.sk\/prirodovedecka-fakulta\/#website","url":"https:\/\/www.upjs.sk\/prirodovedecka-fakulta\/","name":"Pr\u00edrodovedeck\u00e1 fakulta | UPJ\u0160","description":"","publisher":{"@id":"https:\/\/www.upjs.sk\/prirodovedecka-fakulta\/#organization"},"potentialAction":[{"@type":"SearchAction","target":{"@type":"EntryPoint","urlTemplate":"https:\/\/www.upjs.sk\/prirodovedecka-fakulta\/?s={search_term_string}"},"query-input":{"@type":"PropertyValueSpecification","valueRequired":true,"valueName":"search_term_string"}}],"inLanguage":"sk-SK"},{"@type":"Organization","@id":"https:\/\/www.upjs.sk\/prirodovedecka-fakulta\/#organization","name":"Pr\u00edrodovedeck\u00e1 fakulta | UPJ\u0160","url":"https:\/\/www.upjs.sk\/prirodovedecka-fakulta\/","logo":{"@type":"ImageObject","inLanguage":"sk-SK","@id":"https:\/\/www.upjs.sk\/prirodovedecka-fakulta\/#\/schema\/logo\/image\/","url":"https:\/\/www.upjs.sk\/app\/uploads\/sites\/10\/2022\/09\/logo-prirodovedecka-fakulta.png","contentUrl":"https:\/\/www.upjs.sk\/app\/uploads\/sites\/10\/2022\/09\/logo-prirodovedecka-fakulta.png","width":415,"height":87,"caption":"Pr\u00edrodovedeck\u00e1 fakulta | UPJ\u0160"},"image":{"@id":"https:\/\/www.upjs.sk\/prirodovedecka-fakulta\/#\/schema\/logo\/image\/"}}]}},"_links":{"self":[{"href":"https:\/\/www.upjs.sk\/prirodovedecka-fakulta\/wp-json\/wp\/v2\/cpt_aktuality\/64119","targetHints":{"allow":["GET"]}}],"collection":[{"href":"https:\/\/www.upjs.sk\/prirodovedecka-fakulta\/wp-json\/wp\/v2\/cpt_aktuality"}],"about":[{"href":"https:\/\/www.upjs.sk\/prirodovedecka-fakulta\/wp-json\/wp\/v2\/types\/cpt_aktuality"}],"author":[{"embeddable":true,"href":"https:\/\/www.upjs.sk\/prirodovedecka-fakulta\/wp-json\/wp\/v2\/users\/25"}],"version-history":[{"count":17,"href":"https:\/\/www.upjs.sk\/prirodovedecka-fakulta\/wp-json\/wp\/v2\/cpt_aktuality\/64119\/revisions"}],"predecessor-version":[{"id":64362,"href":"https:\/\/www.upjs.sk\/prirodovedecka-fakulta\/wp-json\/wp\/v2\/cpt_aktuality\/64119\/revisions\/64362"}],"wp:featuredmedia":[{"embeddable":true,"href":"https:\/\/www.upjs.sk\/prirodovedecka-fakulta\/wp-json\/wp\/v2\/media\/64120"}],"wp:attachment":[{"href":"https:\/\/www.upjs.sk\/prirodovedecka-fakulta\/wp-json\/wp\/v2\/media?parent=64119"}],"wp:term":[{"taxonomy":"category","embeddable":true,"href":"https:\/\/www.upjs.sk\/prirodovedecka-fakulta\/wp-json\/wp\/v2\/categories?post=64119"},{"taxonomy":"post_tag","embeddable":true,"href":"https:\/\/www.upjs.sk\/prirodovedecka-fakulta\/wp-json\/wp\/v2\/tags?post=64119"},{"taxonomy":"tax_aktuality","embeddable":true,"href":"https:\/\/www.upjs.sk\/prirodovedecka-fakulta\/wp-json\/wp\/v2\/tax_aktuality?post=64119"}],"curies":[{"name":"wp","href":"https:\/\/api.w.org\/{rel}","templated":true}]}}