{"id":80040,"date":"2025-06-25T15:12:01","date_gmt":"2025-06-25T14:12:01","guid":{"rendered":"https:\/\/www.upjs.sk\/prirodovedecka-fakulta\/?post_type=cpt_aktuality&#038;p=80040"},"modified":"2025-06-25T15:28:22","modified_gmt":"2025-06-25T14:28:22","slug":"letna-skola-pre-ukrajinskych-studentov","status":"publish","type":"cpt_aktuality","link":"https:\/\/www.upjs.sk\/prirodovedecka-fakulta\/actuality\/letna-skola-pre-ukrajinskych-studentov\/","title":{"rendered":"Letn\u00e1 \u0161kola pre ukrajinsk\u00fdch \u0161tudentov"},"content":{"rendered":"<style>.kb-image80040_fc02b2-92 .kb-image-has-overlay:after{opacity:0.3;border-top-left-radius:15px;border-top-right-radius:5px;border-bottom-right-radius:5px;border-bottom-left-radius:5px;}.kb-image80040_fc02b2-92 img.kb-img, .kb-image80040_fc02b2-92 .kb-img img{border-top-left-radius:15px;border-top-right-radius:5px;border-bottom-right-radius:5px;border-bottom-left-radius:5px;}<\/style>\n<figure class=\"wp-block-kadence-image kb-image80040_fc02b2-92 size-full\"><img loading=\"lazy\" decoding=\"async\" width=\"1170\" height=\"200\" src=\"https:\/\/www.upjs.sk\/app\/uploads\/sites\/10\/2025\/06\/banner-il-LetSkola-AI2SEP-062025.png\" alt=\"\" class=\"kb-img wp-image-80045\" srcset=\"https:\/\/www.upjs.sk\/app\/uploads\/sites\/10\/2025\/06\/banner-il-LetSkola-AI2SEP-062025.png 1170w, https:\/\/www.upjs.sk\/app\/uploads\/sites\/10\/2025\/06\/banner-il-LetSkola-AI2SEP-062025-300x51.png 300w, https:\/\/www.upjs.sk\/app\/uploads\/sites\/10\/2025\/06\/banner-il-LetSkola-AI2SEP-062025-1024x175.png 1024w, https:\/\/www.upjs.sk\/app\/uploads\/sites\/10\/2025\/06\/banner-il-LetSkola-AI2SEP-062025-768x131.png 768w\" sizes=\"auto, (max-width: 1170px) 100vw, 1170px\" \/><\/figure>\n\n\n\n<div style=\"height:10px\" aria-hidden=\"true\" class=\"wp-block-spacer\"><\/div>\n\n\n<style>.kadence-column80040_bcb7a9-e3 > .kt-inside-inner-col{padding-top:var(--global-kb-spacing-xs, 1rem);padding-right:var(--global-kb-spacing-xs, 1rem);padding-left:var(--global-kb-spacing-xs, 1rem);}.kadence-column80040_bcb7a9-e3 > .kt-inside-inner-col,.kadence-column80040_bcb7a9-e3 > .kt-inside-inner-col:before{border-top-left-radius:5px;border-top-right-radius:5px;border-bottom-right-radius:5px;border-bottom-left-radius:5px;}.kadence-column80040_bcb7a9-e3 > .kt-inside-inner-col{column-gap:var(--global-kb-gap-sm, 1rem);}.kadence-column80040_bcb7a9-e3 > .kt-inside-inner-col{flex-direction:column;}.kadence-column80040_bcb7a9-e3 > .kt-inside-inner-col > .aligncenter{width:100%;}.kadence-column80040_bcb7a9-e3 > .kt-inside-inner-col{background-color:#F4F4F4;}.kadence-column80040_bcb7a9-e3 > .kt-inside-inner-col:before{opacity:0.3;}.kadence-column80040_bcb7a9-e3{position:relative;}@media all and (max-width: 1024px){.kadence-column80040_bcb7a9-e3 > .kt-inside-inner-col{flex-direction:column;justify-content:center;}}@media all and (max-width: 767px){.kadence-column80040_bcb7a9-e3 > .kt-inside-inner-col{flex-direction:column;justify-content:center;}}<\/style>\n<div class=\"wp-block-kadence-column kadence-column80040_bcb7a9-e3\"><div class=\"kt-inside-inner-col\">\n<p class=\"has-text-align-justify\">V&nbsp;d\u0148och 1.7. \u2013 10.7.2025 sa uskuto\u010dn\u00ed letn\u00e1 \u0161kola projektu AI2SEP pod n\u00e1zvom <a href=\"https:\/\/ai2sep.us.edu.pl\/events-single-page-layout\/summer-school-2025-ai-for-greener-planet\/\" target=\"_blank\" rel=\"noreferrer noopener\">\u201eAI for Greener Planet\u201c<\/a>.<\/p>\n\n\n\n<p class=\"has-text-align-justify\">Cie\u013eom letnej \u0161koly je diseminova\u0165 v\u00fdsledky <a href=\"https:\/\/ai2sep.us.edu.pl\/\" target=\"_blank\" rel=\"noreferrer noopener\">projektu AI2SEP<\/a> medzi \u0161tudentmi ukrajinsk\u00fdch univerz\u00edt, stimulova\u0165 ich z\u00e1ujem o vybran\u00e9 t\u00e9my v oblasti umelej inteligencie a poskytn\u00fa\u0165 im priestor na zdokonalenie ich m\u00e4kk\u00fdch zru\u010dnost\u00ed a schopnost\u00ed t\u00edmovej pr\u00e1ce.<\/p>\n<\/div><\/div>\n\n\n\n<div style=\"height:20px\" aria-hidden=\"true\" class=\"wp-block-spacer\"><\/div>\n\n\n<style>.kadence-column80040_56c3ab-1c > .kt-inside-inner-col{padding-top:var(--global-kb-spacing-xs, 1rem);padding-right:var(--global-kb-spacing-xs, 1rem);padding-left:var(--global-kb-spacing-xs, 1rem);}.kadence-column80040_56c3ab-1c > .kt-inside-inner-col,.kadence-column80040_56c3ab-1c > .kt-inside-inner-col:before{border-top-left-radius:5px;border-top-right-radius:5px;border-bottom-right-radius:5px;border-bottom-left-radius:5px;}.kadence-column80040_56c3ab-1c > .kt-inside-inner-col{column-gap:var(--global-kb-gap-sm, 1rem);}.kadence-column80040_56c3ab-1c > .kt-inside-inner-col{flex-direction:column;}.kadence-column80040_56c3ab-1c > .kt-inside-inner-col > .aligncenter{width:100%;}.kadence-column80040_56c3ab-1c > .kt-inside-inner-col{background-color:#F4F4F4;}.kadence-column80040_56c3ab-1c > .kt-inside-inner-col:before{opacity:0.3;}.kadence-column80040_56c3ab-1c{position:relative;}@media all and (max-width: 1024px){.kadence-column80040_56c3ab-1c > .kt-inside-inner-col{flex-direction:column;justify-content:center;}}@media all and (max-width: 767px){.kadence-column80040_56c3ab-1c > .kt-inside-inner-col{flex-direction:column;justify-content:center;}}<\/style>\n<div class=\"wp-block-kadence-column kadence-column80040_56c3ab-1c\"><div class=\"kt-inside-inner-col\">\n<p>Pre \u00fa\u010dastn\u00edkov letnej \u0161koly je pripraven\u00fdch<\/p>\n\n\n\n<ul class=\"wp-block-list\">\n<li>5 projektov\u00fdch t\u00e9m na t\u00edmov\u00fa pr\u00e1cu,<\/li>\n\n\n\n<li>9 pozvan\u00fdch predn\u00e1\u0161ok,<\/li>\n\n\n\n<li>\u0161tudentsk\u00e9 f\u00f3rum,<\/li>\n\n\n\n<li>panelov\u00e1 diskusia o&nbsp;bud\u00facnosti vzdel\u00e1vania v&nbsp;dobe AI.<\/li>\n<\/ul>\n\n\n\n<div style=\"height:20px\" aria-hidden=\"true\" class=\"wp-block-spacer\"><\/div>\n\n\n\n<p>Program letnej \u0161koly vyvrchol\u00ed z\u00e1vere\u010dnou prezent\u00e1ciou v\u00fdsledkov dosiahnut\u00fdch v&nbsp;r\u00e1mci rie\u0161enia jednotliv\u00fdch praktick\u00fdch \u00faloh.<\/p>\n<\/div><\/div>\n\n\n\n<div style=\"height:20px\" aria-hidden=\"true\" class=\"wp-block-spacer\"><\/div>\n\n\n<style>.kadence-column80040_d4c259-d0 > .kt-inside-inner-col{padding-top:var(--global-kb-spacing-xs, 1rem);padding-right:var(--global-kb-spacing-xs, 1rem);padding-bottom:var(--global-kb-spacing-xs, 1rem);padding-left:var(--global-kb-spacing-xs, 1rem);}.kadence-column80040_d4c259-d0 > .kt-inside-inner-col,.kadence-column80040_d4c259-d0 > .kt-inside-inner-col:before{border-top-left-radius:5px;border-top-right-radius:5px;border-bottom-right-radius:5px;border-bottom-left-radius:5px;}.kadence-column80040_d4c259-d0 > .kt-inside-inner-col{column-gap:var(--global-kb-gap-sm, 1rem);}.kadence-column80040_d4c259-d0 > .kt-inside-inner-col{flex-direction:column;}.kadence-column80040_d4c259-d0 > .kt-inside-inner-col > .aligncenter{width:100%;}.kadence-column80040_d4c259-d0 > .kt-inside-inner-col{background-color:#F4F4F4;}.kadence-column80040_d4c259-d0 > .kt-inside-inner-col:before{opacity:0.3;}.kadence-column80040_d4c259-d0{position:relative;}@media all and (max-width: 1024px){.kadence-column80040_d4c259-d0 > .kt-inside-inner-col{flex-direction:column;justify-content:center;}}@media all and (max-width: 767px){.kadence-column80040_d4c259-d0 > .kt-inside-inner-col{flex-direction:column;justify-content:center;}}<\/style>\n<div class=\"wp-block-kadence-column kadence-column80040_d4c259-d0\"><div class=\"kt-inside-inner-col\">\n<p>Letn\u00e1 \u0161kola je organizovan\u00e1 v&nbsp;spolupr\u00e1ci \u0161iestich vysok\u00fdch \u0161k\u00f4l:<\/p>\n\n\n\n<ul class=\"wp-block-list\">\n<li><a href=\"https:\/\/www.upjs.sk\/en\/\" target=\"_blank\" rel=\"noreferrer noopener\">Pavol Jozef \u0160af\u00e1rik University in Ko\u0161ice<\/a>, Slovakia&nbsp;<\/li>\n\n\n\n<li><a href=\"https:\/\/nure.ua\/en\/\" target=\"_blank\" rel=\"noreferrer noopener\">Kharkiv National University of Radio Electronics<\/a>, Ukraine&nbsp;<\/li>\n\n\n\n<li><a href=\"https:\/\/us.edu.pl\/en\/\" target=\"_blank\" rel=\"noreferrer noopener\">University of Silesia, Katowice<\/a>, Poland&nbsp;<\/li>\n\n\n\n<li><a href=\"https:\/\/www.unizg.hr\/homepage\/\" target=\"_blank\" rel=\"noreferrer noopener\">University of Zagreb<\/a>, Croatia&nbsp;<\/li>\n\n\n\n<li><a href=\"https:\/\/www.um.si\/en\/home-page\/\" target=\"_blank\" rel=\"noreferrer noopener\">University of Maribor,<\/a>&nbsp;Slovenia&nbsp;<\/li>\n\n\n\n<li><a href=\"https:\/\/www.vu.lt\/en\/\" target=\"_blank\" rel=\"noreferrer noopener\">Vilnius University<\/a>, Lithuania<\/li>\n<\/ul>\n<\/div><\/div>\n\n\n\n<p><\/p>\n","protected":false},"excerpt":{"rendered":"<p>V&nbsp;d\u0148och 1.7. \u2013 10.7.2025 sa uskuto\u010dn\u00ed letn\u00e1 \u0161kola projektu AI2SEP pod n\u00e1zvom \u201eAI for Greener Planet\u201c. Cie\u013eom letnej \u0161koly je diseminova\u0165 v\u00fdsledky projektu AI2SEP medzi \u0161tudentmi ukrajinsk\u00fdch univerz\u00edt, stimulova\u0165 ich z\u00e1ujem o vybran\u00e9 t\u00e9my v oblasti umelej inteligencie a poskytn\u00fa\u0165 im priestor na zdokonalenie ich m\u00e4kk\u00fdch zru\u010dnost\u00ed a schopnost\u00ed t\u00edmovej pr\u00e1ce. Pre \u00fa\u010dastn\u00edkov letnej \u0161koly &hellip; <a href=\"https:\/\/www.upjs.sk\/prirodovedecka-fakulta\/actuality\/letna-skola-pre-ukrajinskych-studentov\/\">\u010c\u00edta\u0165 \u010falej<\/a><\/p>\n","protected":false},"author":25,"featured_media":80042,"template":"","meta":{"_acf_changed":false,"_editorskit_title_hidden":false,"_editorskit_reading_time":0,"_editorskit_is_block_options_detached":false,"_editorskit_block_options_position":"{}","footnotes":""},"categories":[],"tags":[3155],"tax_aktuality":[],"class_list":["post-80040","cpt_aktuality","type-cpt_aktuality","status-publish","has-post-thumbnail","hentry","tag-letskol"],"acf":{"acf_link_na_externy_obsah":"","poradie_clanku":0},"yoast_head":"<!-- This site is optimized with the Yoast SEO plugin v27.4 - https:\/\/yoast.com\/product\/yoast-seo-wordpress\/ -->\n<title>Letn\u00e1 \u0161kola pre ukrajinsk\u00fdch \u0161tudentov - Pr\u00edrodovedeck\u00e1 fakulta | UPJ\u0160<\/title>\n<meta name=\"robots\" content=\"index, follow, max-snippet:-1, max-image-preview:large, max-video-preview:-1\" \/>\n<link rel=\"canonical\" href=\"https:\/\/www.upjs.sk\/prirodovedecka-fakulta\/actuality\/letna-skola-pre-ukrajinskych-studentov\/\" \/>\n<meta property=\"og:locale\" content=\"sk_SK\" \/>\n<meta property=\"og:type\" content=\"article\" \/>\n<meta property=\"og:title\" content=\"Letn\u00e1 \u0161kola pre ukrajinsk\u00fdch \u0161tudentov - Pr\u00edrodovedeck\u00e1 fakulta | UPJ\u0160\" \/>\n<meta property=\"og:description\" content=\"V&nbsp;d\u0148och 1.7. \u2013 10.7.2025 sa uskuto\u010dn\u00ed letn\u00e1 \u0161kola projektu AI2SEP pod n\u00e1zvom \u201eAI for Greener Planet\u201c. Cie\u013eom letnej \u0161koly je diseminova\u0165 v\u00fdsledky projektu AI2SEP medzi \u0161tudentmi ukrajinsk\u00fdch univerz\u00edt, stimulova\u0165 ich z\u00e1ujem o vybran\u00e9 t\u00e9my v oblasti umelej inteligencie a poskytn\u00fa\u0165 im priestor na zdokonalenie ich m\u00e4kk\u00fdch zru\u010dnost\u00ed a schopnost\u00ed t\u00edmovej pr\u00e1ce. Pre \u00fa\u010dastn\u00edkov letnej \u0161koly &hellip; \u010c\u00edta\u0165 \u010falej\" \/>\n<meta property=\"og:url\" content=\"https:\/\/www.upjs.sk\/prirodovedecka-fakulta\/actuality\/letna-skola-pre-ukrajinskych-studentov\/\" \/>\n<meta property=\"og:site_name\" content=\"Pr\u00edrodovedeck\u00e1 fakulta | UPJ\u0160\" \/>\n<meta property=\"article:modified_time\" content=\"2025-06-25T14:28:22+00:00\" \/>\n<meta property=\"og:image\" content=\"https:\/\/www.upjs.sk\/app\/uploads\/sites\/10\/2025\/06\/ilob-aktual-LetSkola-AI2SEP-062025.png\" \/>\n\t<meta property=\"og:image:width\" content=\"600\" \/>\n\t<meta property=\"og:image:height\" content=\"420\" \/>\n\t<meta property=\"og:image:type\" content=\"image\/png\" \/>\n<meta name=\"twitter:card\" content=\"summary_large_image\" \/>\n<meta name=\"twitter:label1\" content=\"Predpokladan\u00fd \u010das \u010d\u00edtania\" \/>\n\t<meta name=\"twitter:data1\" content=\"2 min\u00faty\" \/>\n<script type=\"application\/ld+json\" class=\"yoast-schema-graph\">{\"@context\":\"https:\\\/\\\/schema.org\",\"@graph\":[{\"@type\":\"WebPage\",\"@id\":\"https:\\\/\\\/www.upjs.sk\\\/prirodovedecka-fakulta\\\/actuality\\\/letna-skola-pre-ukrajinskych-studentov\\\/\",\"url\":\"https:\\\/\\\/www.upjs.sk\\\/prirodovedecka-fakulta\\\/actuality\\\/letna-skola-pre-ukrajinskych-studentov\\\/\",\"name\":\"Letn\u00e1 \u0161kola pre ukrajinsk\u00fdch \u0161tudentov - Pr\u00edrodovedeck\u00e1 fakulta | UPJ\u0160\",\"isPartOf\":{\"@id\":\"https:\\\/\\\/www.upjs.sk\\\/prirodovedecka-fakulta\\\/#website\"},\"primaryImageOfPage\":{\"@id\":\"https:\\\/\\\/www.upjs.sk\\\/prirodovedecka-fakulta\\\/actuality\\\/letna-skola-pre-ukrajinskych-studentov\\\/#primaryimage\"},\"image\":{\"@id\":\"https:\\\/\\\/www.upjs.sk\\\/prirodovedecka-fakulta\\\/actuality\\\/letna-skola-pre-ukrajinskych-studentov\\\/#primaryimage\"},\"thumbnailUrl\":\"https:\\\/\\\/www.upjs.sk\\\/app\\\/uploads\\\/sites\\\/10\\\/2025\\\/06\\\/ilob-aktual-LetSkola-AI2SEP-062025.png\",\"datePublished\":\"2025-06-25T14:12:01+00:00\",\"dateModified\":\"2025-06-25T14:28:22+00:00\",\"breadcrumb\":{\"@id\":\"https:\\\/\\\/www.upjs.sk\\\/prirodovedecka-fakulta\\\/actuality\\\/letna-skola-pre-ukrajinskych-studentov\\\/#breadcrumb\"},\"inLanguage\":\"sk-SK\",\"potentialAction\":[{\"@type\":\"ReadAction\",\"target\":[\"https:\\\/\\\/www.upjs.sk\\\/prirodovedecka-fakulta\\\/actuality\\\/letna-skola-pre-ukrajinskych-studentov\\\/\"]}]},{\"@type\":\"ImageObject\",\"inLanguage\":\"sk-SK\",\"@id\":\"https:\\\/\\\/www.upjs.sk\\\/prirodovedecka-fakulta\\\/actuality\\\/letna-skola-pre-ukrajinskych-studentov\\\/#primaryimage\",\"url\":\"https:\\\/\\\/www.upjs.sk\\\/app\\\/uploads\\\/sites\\\/10\\\/2025\\\/06\\\/ilob-aktual-LetSkola-AI2SEP-062025.png\",\"contentUrl\":\"https:\\\/\\\/www.upjs.sk\\\/app\\\/uploads\\\/sites\\\/10\\\/2025\\\/06\\\/ilob-aktual-LetSkola-AI2SEP-062025.png\",\"width\":600,\"height\":420},{\"@type\":\"BreadcrumbList\",\"@id\":\"https:\\\/\\\/www.upjs.sk\\\/prirodovedecka-fakulta\\\/actuality\\\/letna-skola-pre-ukrajinskych-studentov\\\/#breadcrumb\",\"itemListElement\":[{\"@type\":\"ListItem\",\"position\":1,\"name\":\"Home\",\"item\":\"https:\\\/\\\/www.upjs.sk\\\/prirodovedecka-fakulta\\\/\"},{\"@type\":\"ListItem\",\"position\":2,\"name\":\"Aktuality\",\"item\":\"https:\\\/\\\/www.upjs.sk\\\/prirodovedecka-fakulta\\\/actuality\\\/\"},{\"@type\":\"ListItem\",\"position\":3,\"name\":\"Letn\u00e1 \u0161kola pre ukrajinsk\u00fdch \u0161tudentov\"}]},{\"@type\":\"WebSite\",\"@id\":\"https:\\\/\\\/www.upjs.sk\\\/prirodovedecka-fakulta\\\/#website\",\"url\":\"https:\\\/\\\/www.upjs.sk\\\/prirodovedecka-fakulta\\\/\",\"name\":\"Pr\u00edrodovedeck\u00e1 fakulta | UPJ\u0160\",\"description\":\"\",\"publisher\":{\"@id\":\"https:\\\/\\\/www.upjs.sk\\\/prirodovedecka-fakulta\\\/#organization\"},\"potentialAction\":[{\"@type\":\"SearchAction\",\"target\":{\"@type\":\"EntryPoint\",\"urlTemplate\":\"https:\\\/\\\/www.upjs.sk\\\/prirodovedecka-fakulta\\\/?s={search_term_string}\"},\"query-input\":{\"@type\":\"PropertyValueSpecification\",\"valueRequired\":true,\"valueName\":\"search_term_string\"}}],\"inLanguage\":\"sk-SK\"},{\"@type\":\"Organization\",\"@id\":\"https:\\\/\\\/www.upjs.sk\\\/prirodovedecka-fakulta\\\/#organization\",\"name\":\"Pr\u00edrodovedeck\u00e1 fakulta | UPJ\u0160\",\"url\":\"https:\\\/\\\/www.upjs.sk\\\/prirodovedecka-fakulta\\\/\",\"logo\":{\"@type\":\"ImageObject\",\"inLanguage\":\"sk-SK\",\"@id\":\"https:\\\/\\\/www.upjs.sk\\\/prirodovedecka-fakulta\\\/#\\\/schema\\\/logo\\\/image\\\/\",\"url\":\"https:\\\/\\\/www.upjs.sk\\\/app\\\/uploads\\\/sites\\\/10\\\/2022\\\/09\\\/logo-prirodovedecka-fakulta.png\",\"contentUrl\":\"https:\\\/\\\/www.upjs.sk\\\/app\\\/uploads\\\/sites\\\/10\\\/2022\\\/09\\\/logo-prirodovedecka-fakulta.png\",\"width\":415,\"height\":87,\"caption\":\"Pr\u00edrodovedeck\u00e1 fakulta | UPJ\u0160\"},\"image\":{\"@id\":\"https:\\\/\\\/www.upjs.sk\\\/prirodovedecka-fakulta\\\/#\\\/schema\\\/logo\\\/image\\\/\"}}]}<\/script>\n<!-- \/ Yoast SEO plugin. -->","yoast_head_json":{"title":"Letn\u00e1 \u0161kola pre ukrajinsk\u00fdch \u0161tudentov - Pr\u00edrodovedeck\u00e1 fakulta | UPJ\u0160","robots":{"index":"index","follow":"follow","max-snippet":"max-snippet:-1","max-image-preview":"max-image-preview:large","max-video-preview":"max-video-preview:-1"},"canonical":"https:\/\/www.upjs.sk\/prirodovedecka-fakulta\/actuality\/letna-skola-pre-ukrajinskych-studentov\/","og_locale":"sk_SK","og_type":"article","og_title":"Letn\u00e1 \u0161kola pre ukrajinsk\u00fdch \u0161tudentov - Pr\u00edrodovedeck\u00e1 fakulta | UPJ\u0160","og_description":"V&nbsp;d\u0148och 1.7. \u2013 10.7.2025 sa uskuto\u010dn\u00ed letn\u00e1 \u0161kola projektu AI2SEP pod n\u00e1zvom \u201eAI for Greener Planet\u201c. Cie\u013eom letnej \u0161koly je diseminova\u0165 v\u00fdsledky projektu AI2SEP medzi \u0161tudentmi ukrajinsk\u00fdch univerz\u00edt, stimulova\u0165 ich z\u00e1ujem o vybran\u00e9 t\u00e9my v oblasti umelej inteligencie a poskytn\u00fa\u0165 im priestor na zdokonalenie ich m\u00e4kk\u00fdch zru\u010dnost\u00ed a schopnost\u00ed t\u00edmovej pr\u00e1ce. Pre \u00fa\u010dastn\u00edkov letnej \u0161koly &hellip; \u010c\u00edta\u0165 \u010falej","og_url":"https:\/\/www.upjs.sk\/prirodovedecka-fakulta\/actuality\/letna-skola-pre-ukrajinskych-studentov\/","og_site_name":"Pr\u00edrodovedeck\u00e1 fakulta | UPJ\u0160","article_modified_time":"2025-06-25T14:28:22+00:00","og_image":[{"width":600,"height":420,"url":"https:\/\/www.upjs.sk\/app\/uploads\/sites\/10\/2025\/06\/ilob-aktual-LetSkola-AI2SEP-062025.png","type":"image\/png"}],"twitter_card":"summary_large_image","twitter_misc":{"Predpokladan\u00fd \u010das \u010d\u00edtania":"2 min\u00faty"},"schema":{"@context":"https:\/\/schema.org","@graph":[{"@type":"WebPage","@id":"https:\/\/www.upjs.sk\/prirodovedecka-fakulta\/actuality\/letna-skola-pre-ukrajinskych-studentov\/","url":"https:\/\/www.upjs.sk\/prirodovedecka-fakulta\/actuality\/letna-skola-pre-ukrajinskych-studentov\/","name":"Letn\u00e1 \u0161kola pre ukrajinsk\u00fdch \u0161tudentov - Pr\u00edrodovedeck\u00e1 fakulta | UPJ\u0160","isPartOf":{"@id":"https:\/\/www.upjs.sk\/prirodovedecka-fakulta\/#website"},"primaryImageOfPage":{"@id":"https:\/\/www.upjs.sk\/prirodovedecka-fakulta\/actuality\/letna-skola-pre-ukrajinskych-studentov\/#primaryimage"},"image":{"@id":"https:\/\/www.upjs.sk\/prirodovedecka-fakulta\/actuality\/letna-skola-pre-ukrajinskych-studentov\/#primaryimage"},"thumbnailUrl":"https:\/\/www.upjs.sk\/app\/uploads\/sites\/10\/2025\/06\/ilob-aktual-LetSkola-AI2SEP-062025.png","datePublished":"2025-06-25T14:12:01+00:00","dateModified":"2025-06-25T14:28:22+00:00","breadcrumb":{"@id":"https:\/\/www.upjs.sk\/prirodovedecka-fakulta\/actuality\/letna-skola-pre-ukrajinskych-studentov\/#breadcrumb"},"inLanguage":"sk-SK","potentialAction":[{"@type":"ReadAction","target":["https:\/\/www.upjs.sk\/prirodovedecka-fakulta\/actuality\/letna-skola-pre-ukrajinskych-studentov\/"]}]},{"@type":"ImageObject","inLanguage":"sk-SK","@id":"https:\/\/www.upjs.sk\/prirodovedecka-fakulta\/actuality\/letna-skola-pre-ukrajinskych-studentov\/#primaryimage","url":"https:\/\/www.upjs.sk\/app\/uploads\/sites\/10\/2025\/06\/ilob-aktual-LetSkola-AI2SEP-062025.png","contentUrl":"https:\/\/www.upjs.sk\/app\/uploads\/sites\/10\/2025\/06\/ilob-aktual-LetSkola-AI2SEP-062025.png","width":600,"height":420},{"@type":"BreadcrumbList","@id":"https:\/\/www.upjs.sk\/prirodovedecka-fakulta\/actuality\/letna-skola-pre-ukrajinskych-studentov\/#breadcrumb","itemListElement":[{"@type":"ListItem","position":1,"name":"Home","item":"https:\/\/www.upjs.sk\/prirodovedecka-fakulta\/"},{"@type":"ListItem","position":2,"name":"Aktuality","item":"https:\/\/www.upjs.sk\/prirodovedecka-fakulta\/actuality\/"},{"@type":"ListItem","position":3,"name":"Letn\u00e1 \u0161kola pre ukrajinsk\u00fdch \u0161tudentov"}]},{"@type":"WebSite","@id":"https:\/\/www.upjs.sk\/prirodovedecka-fakulta\/#website","url":"https:\/\/www.upjs.sk\/prirodovedecka-fakulta\/","name":"Pr\u00edrodovedeck\u00e1 fakulta | UPJ\u0160","description":"","publisher":{"@id":"https:\/\/www.upjs.sk\/prirodovedecka-fakulta\/#organization"},"potentialAction":[{"@type":"SearchAction","target":{"@type":"EntryPoint","urlTemplate":"https:\/\/www.upjs.sk\/prirodovedecka-fakulta\/?s={search_term_string}"},"query-input":{"@type":"PropertyValueSpecification","valueRequired":true,"valueName":"search_term_string"}}],"inLanguage":"sk-SK"},{"@type":"Organization","@id":"https:\/\/www.upjs.sk\/prirodovedecka-fakulta\/#organization","name":"Pr\u00edrodovedeck\u00e1 fakulta | UPJ\u0160","url":"https:\/\/www.upjs.sk\/prirodovedecka-fakulta\/","logo":{"@type":"ImageObject","inLanguage":"sk-SK","@id":"https:\/\/www.upjs.sk\/prirodovedecka-fakulta\/#\/schema\/logo\/image\/","url":"https:\/\/www.upjs.sk\/app\/uploads\/sites\/10\/2022\/09\/logo-prirodovedecka-fakulta.png","contentUrl":"https:\/\/www.upjs.sk\/app\/uploads\/sites\/10\/2022\/09\/logo-prirodovedecka-fakulta.png","width":415,"height":87,"caption":"Pr\u00edrodovedeck\u00e1 fakulta | UPJ\u0160"},"image":{"@id":"https:\/\/www.upjs.sk\/prirodovedecka-fakulta\/#\/schema\/logo\/image\/"}}]}},"_links":{"self":[{"href":"https:\/\/www.upjs.sk\/prirodovedecka-fakulta\/wp-json\/wp\/v2\/cpt_aktuality\/80040","targetHints":{"allow":["GET"]}}],"collection":[{"href":"https:\/\/www.upjs.sk\/prirodovedecka-fakulta\/wp-json\/wp\/v2\/cpt_aktuality"}],"about":[{"href":"https:\/\/www.upjs.sk\/prirodovedecka-fakulta\/wp-json\/wp\/v2\/types\/cpt_aktuality"}],"author":[{"embeddable":true,"href":"https:\/\/www.upjs.sk\/prirodovedecka-fakulta\/wp-json\/wp\/v2\/users\/25"}],"version-history":[{"count":10,"href":"https:\/\/www.upjs.sk\/prirodovedecka-fakulta\/wp-json\/wp\/v2\/cpt_aktuality\/80040\/revisions"}],"predecessor-version":[{"id":80059,"href":"https:\/\/www.upjs.sk\/prirodovedecka-fakulta\/wp-json\/wp\/v2\/cpt_aktuality\/80040\/revisions\/80059"}],"wp:featuredmedia":[{"embeddable":true,"href":"https:\/\/www.upjs.sk\/prirodovedecka-fakulta\/wp-json\/wp\/v2\/media\/80042"}],"wp:attachment":[{"href":"https:\/\/www.upjs.sk\/prirodovedecka-fakulta\/wp-json\/wp\/v2\/media?parent=80040"}],"wp:term":[{"taxonomy":"category","embeddable":true,"href":"https:\/\/www.upjs.sk\/prirodovedecka-fakulta\/wp-json\/wp\/v2\/categories?post=80040"},{"taxonomy":"post_tag","embeddable":true,"href":"https:\/\/www.upjs.sk\/prirodovedecka-fakulta\/wp-json\/wp\/v2\/tags?post=80040"},{"taxonomy":"tax_aktuality","embeddable":true,"href":"https:\/\/www.upjs.sk\/prirodovedecka-fakulta\/wp-json\/wp\/v2\/tax_aktuality?post=80040"}],"curies":[{"name":"wp","href":"https:\/\/api.w.org\/{rel}","templated":true}]}}