{"id":86755,"date":"2026-04-02T23:00:49","date_gmt":"2026-04-02T22:00:49","guid":{"rendered":"https:\/\/www.upjs.sk\/prirodovedecka-fakulta\/?post_type=cpt_aktuality&#038;p=86755"},"modified":"2026-04-22T14:15:43","modified_gmt":"2026-04-22T13:15:43","slug":"festival-ine-cesty-2026-zazitky-cestovatelov-z-roznych-casti-nasej-planety","status":"publish","type":"cpt_aktuality","link":"https:\/\/www.upjs.sk\/prirodovedecka-fakulta\/actuality\/festival-ine-cesty-2026-zazitky-cestovatelov-z-roznych-casti-nasej-planety\/","title":{"rendered":"Festival In\u00e9 cesty 2026 \u2013 z\u00e1\u017eitky cestovate\u013eov z\u00a0r\u00f4znych \u010dast\u00ed na\u0161ej plan\u00e9ty\u00a0"},"content":{"rendered":"<style>.kadence-column86755_837793-43 > .kt-inside-inner-col{padding-top:var(--global-kb-spacing-xs, 1rem);padding-right:var(--global-kb-spacing-xs, 1rem);padding-left:var(--global-kb-spacing-xs, 1rem);}.kadence-column86755_837793-43 > .kt-inside-inner-col,.kadence-column86755_837793-43 > .kt-inside-inner-col:before{border-top-left-radius:0px;border-top-right-radius:0px;border-bottom-right-radius:0px;border-bottom-left-radius:0px;}.kadence-column86755_837793-43 > .kt-inside-inner-col{column-gap:var(--global-kb-gap-sm, 1rem);}.kadence-column86755_837793-43 > .kt-inside-inner-col{flex-direction:column;}.kadence-column86755_837793-43 > .kt-inside-inner-col > .aligncenter{width:100%;}.kadence-column86755_837793-43 > .kt-inside-inner-col{background-color:#F4F4F4;}.kadence-column86755_837793-43 > .kt-inside-inner-col:before{opacity:0.3;}.kadence-column86755_837793-43{position:relative;}@media all and (max-width: 1024px){.kadence-column86755_837793-43 > .kt-inside-inner-col{flex-direction:column;justify-content:center;}}@media all and (max-width: 767px){.kadence-column86755_837793-43 > .kt-inside-inner-col{flex-direction:column;justify-content:center;}}<\/style>\n<div class=\"wp-block-kadence-column kadence-column86755_837793-43\"><div class=\"kt-inside-inner-col\">\n<p class=\"has-text-align-justify\">Pr\u00ed\u010fte si vypo\u010du\u0165 v\u00fdpovede o&nbsp;svete takom, ak\u00fdm naozaj je. <strong>Festival<\/strong> <strong>In\u00e9 cesty<\/strong>&nbsp; je o \u201einom \u201e cestovan\u00ed\u201c. \u010cakaj\u00fa na v\u00e1s zauj\u00edmav\u00ed \u013eudia, siln\u00e9 pr\u00edbehy, rozmanit\u00e9 krajiny, v\u00fdstavy fotografi\u00ed, predaj kn\u00edh a&nbsp;skvel\u00e1 neform\u00e1lna atmosf\u00e9ra.<\/p>\n<\/div><\/div>\n\n\n\n<div style=\"height:15px\" aria-hidden=\"true\" class=\"wp-block-spacer\"><\/div>\n\n\n<style>.kadence-column86755_608f86-1d > .kt-inside-inner-col{padding-top:var(--global-kb-spacing-xs, 1rem);padding-right:var(--global-kb-spacing-xs, 1rem);padding-left:var(--global-kb-spacing-xs, 1rem);}.kadence-column86755_608f86-1d > .kt-inside-inner-col,.kadence-column86755_608f86-1d > .kt-inside-inner-col:before{border-top-left-radius:0px;border-top-right-radius:0px;border-bottom-right-radius:0px;border-bottom-left-radius:0px;}.kadence-column86755_608f86-1d > .kt-inside-inner-col{column-gap:var(--global-kb-gap-sm, 1rem);}.kadence-column86755_608f86-1d > .kt-inside-inner-col{flex-direction:column;}.kadence-column86755_608f86-1d > .kt-inside-inner-col > .aligncenter{width:100%;}.kadence-column86755_608f86-1d > .kt-inside-inner-col{background-color:#F4F4F4;}.kadence-column86755_608f86-1d > .kt-inside-inner-col:before{opacity:0.3;}.kadence-column86755_608f86-1d{position:relative;}@media all and (max-width: 1024px){.kadence-column86755_608f86-1d > .kt-inside-inner-col{flex-direction:column;justify-content:center;}}@media all and (max-width: 767px){.kadence-column86755_608f86-1d > .kt-inside-inner-col{flex-direction:column;justify-content:center;}}<\/style>\n<div class=\"wp-block-kadence-column kadence-column86755_608f86-1d\"><div class=\"kt-inside-inner-col\"><style>.kb-row-layout-id86755_f0752e-eb > .kt-row-column-wrap{align-content:start;}:where(.kb-row-layout-id86755_f0752e-eb > .kt-row-column-wrap) > .wp-block-kadence-column{justify-content:start;}.kb-row-layout-id86755_f0752e-eb > .kt-row-column-wrap{column-gap:var(--global-kb-gap-md, 2rem);row-gap:var(--global-kb-gap-md, 2rem);grid-template-columns:minmax(0, calc(35% - ((var(--global-kb-gap-md, 2rem) * 1 )\/2)))minmax(0, calc(65% - ((var(--global-kb-gap-md, 2rem) * 1 )\/2)));}.kb-row-layout-id86755_f0752e-eb{border-top-left-radius:5px;border-top-right-radius:5px;border-bottom-right-radius:5px;border-bottom-left-radius:5px;overflow:clip;isolation:isolate;}.kb-row-layout-id86755_f0752e-eb > .kt-row-layout-overlay{border-top-left-radius:5px;border-top-right-radius:5px;border-bottom-right-radius:5px;border-bottom-left-radius:5px;}.kb-row-layout-id86755_f0752e-eb > .kt-row-layout-overlay{opacity:0.30;}@media all and (max-width: 1024px){.kb-row-layout-id86755_f0752e-eb > .kt-row-column-wrap{grid-template-columns:minmax(0, 1fr) minmax(0, 2fr);}}@media all and (max-width: 767px){.kb-row-layout-id86755_f0752e-eb > .kt-row-column-wrap{grid-template-columns:minmax(0, 1fr);}}<\/style><div class=\"kb-row-layout-wrap kb-row-layout-id86755_f0752e-eb alignnone wp-block-kadence-rowlayout\"><div class=\"kt-row-column-wrap kt-has-2-columns kt-row-layout-right-golden kt-tab-layout-inherit kt-mobile-layout-row kt-row-valign-top\">\n<style>.kadence-column86755_58da39-5f > .kt-inside-inner-col,.kadence-column86755_58da39-5f > .kt-inside-inner-col:before{border-top-left-radius:0px;border-top-right-radius:0px;border-bottom-right-radius:0px;border-bottom-left-radius:0px;}.kadence-column86755_58da39-5f > .kt-inside-inner-col{column-gap:var(--global-kb-gap-sm, 1rem);}.kadence-column86755_58da39-5f > .kt-inside-inner-col{flex-direction:column;}.kadence-column86755_58da39-5f > .kt-inside-inner-col > .aligncenter{width:100%;}.kadence-column86755_58da39-5f > .kt-inside-inner-col:before{opacity:0.3;}.kadence-column86755_58da39-5f{position:relative;}@media all and (max-width: 1024px){.kadence-column86755_58da39-5f > .kt-inside-inner-col{flex-direction:column;justify-content:center;}}@media all and (max-width: 767px){.kadence-column86755_58da39-5f > .kt-inside-inner-col{flex-direction:column;justify-content:center;}}<\/style>\n<div class=\"wp-block-kadence-column kadence-column86755_58da39-5f\"><div class=\"kt-inside-inner-col\"><style>.kb-image86755_7e4eeb-db .kb-image-has-overlay:after{opacity:0.3;}<\/style>\n<figure class=\"wp-block-kadence-image kb-image86755_7e4eeb-db size-full\"><img loading=\"lazy\" decoding=\"async\" width=\"390\" height=\"555\" src=\"https:\/\/www.upjs.sk\/app\/uploads\/sites\/10\/2026\/04\/banner-Ine-cesty-2026-horny-mobil.png\" alt=\"\" class=\"kb-img wp-image-86752\" srcset=\"https:\/\/www.upjs.sk\/app\/uploads\/sites\/10\/2026\/04\/banner-Ine-cesty-2026-horny-mobil.png 390w, https:\/\/www.upjs.sk\/app\/uploads\/sites\/10\/2026\/04\/banner-Ine-cesty-2026-horny-mobil-211x300.png 211w\" sizes=\"auto, (max-width: 390px) 100vw, 390px\" \/><\/figure>\n<\/div><\/div>\n\n\n<style>.kadence-column86755_b35f94-09 > .kt-inside-inner-col,.kadence-column86755_b35f94-09 > .kt-inside-inner-col:before{border-top-left-radius:0px;border-top-right-radius:0px;border-bottom-right-radius:0px;border-bottom-left-radius:0px;}.kadence-column86755_b35f94-09 > .kt-inside-inner-col{column-gap:var(--global-kb-gap-sm, 1rem);}.kadence-column86755_b35f94-09 > .kt-inside-inner-col{flex-direction:column;}.kadence-column86755_b35f94-09 > .kt-inside-inner-col > .aligncenter{width:100%;}.kadence-column86755_b35f94-09 > .kt-inside-inner-col:before{opacity:0.3;}.kadence-column86755_b35f94-09{position:relative;}@media all and (max-width: 1024px){.kadence-column86755_b35f94-09 > .kt-inside-inner-col{flex-direction:column;justify-content:center;}}@media all and (max-width: 767px){.kadence-column86755_b35f94-09 > .kt-inside-inner-col{flex-direction:column;justify-content:center;}}<\/style>\n<div class=\"wp-block-kadence-column kadence-column86755_b35f94-09\"><div class=\"kt-inside-inner-col\">\n<p class=\"has-text-align-justify\"><strong>19. ro\u010dn\u00edk festivalu In\u00e9 cesty<\/strong>, ktor\u00fd je o \u201einom \u201e cestovan\u00ed\u201c bude aj tento rok namie\u0161an\u00fd zo z\u00e1\u017eitkov vybran\u00fdch cestovate\u013eov, ktor\u00ed nekomer\u010dn\u00fdm sp\u00f4sobom nav\u0161t\u00edvili zauj\u00edmav\u00e9, \u010dastokr\u00e1t nezvy\u010dajn\u00e9 \u010di m\u00e1lo preb\u00e1dan\u00e9, miesta na\u0161ej plan\u00e9ty. M\u00f4\u017eeme sa te\u0161i\u0165 na predn\u00e1\u0161ky pr\u00edrodovedcov a\u00a0cestovate\u013eov, ktor\u00ed n\u00e1m pribl\u00ed\u017eia svoj poh\u013ead na svet, pr\u00edrodu, r\u00f4zne krajiny a\u00a0jej obyvate\u013eov.\u00a0 Ale rovnako tak aj na v\u00fdstavy fotografi\u00ed, neform\u00e1lnu atmosf\u00e9ru, predaj kn\u00edh predn\u00e1\u0161ate\u013eov a\u00a0mnoh\u00e9 in\u00e9.\u00a0<\/p>\n\n\n\n<p class=\"has-text-align-justify\"><strong>Pr\u00edrodovedeck\u00e1 fakulta UPJ\u0160 v\u00a0Ko\u0161iciach je partnerom organiz\u00e1tora festivalu od roku 2013.<\/strong><\/p>\n<\/div><\/div>\n\n<\/div><\/div><\/div><\/div>\n\n\n\n<div style=\"height:15px\" aria-hidden=\"true\" class=\"wp-block-spacer\"><\/div>\n\n\n<style>.kadence-column86755_616145-e0 > .kt-inside-inner-col{padding-top:var(--global-kb-spacing-xs, 1rem);padding-right:var(--global-kb-spacing-xs, 1rem);padding-left:var(--global-kb-spacing-xs, 1rem);}.kadence-column86755_616145-e0 > .kt-inside-inner-col,.kadence-column86755_616145-e0 > .kt-inside-inner-col:before{border-top-left-radius:0px;border-top-right-radius:0px;border-bottom-right-radius:0px;border-bottom-left-radius:0px;}.kadence-column86755_616145-e0 > .kt-inside-inner-col{column-gap:var(--global-kb-gap-sm, 1rem);}.kadence-column86755_616145-e0 > .kt-inside-inner-col{flex-direction:column;}.kadence-column86755_616145-e0 > .kt-inside-inner-col > .aligncenter{width:100%;}.kadence-column86755_616145-e0 > .kt-inside-inner-col{background-color:#F4F4F4;}.kadence-column86755_616145-e0 > .kt-inside-inner-col:before{opacity:0.3;}.kadence-column86755_616145-e0{position:relative;}@media all and (max-width: 1024px){.kadence-column86755_616145-e0 > .kt-inside-inner-col{flex-direction:column;justify-content:center;}}@media all and (max-width: 767px){.kadence-column86755_616145-e0 > .kt-inside-inner-col{flex-direction:column;justify-content:center;}}<\/style>\n<div class=\"wp-block-kadence-column kadence-column86755_616145-e0\"><div class=\"kt-inside-inner-col\">\n<p class=\"has-text-align-justify\">Po\u010das dvoch festivalov\u00fdch dn\u00ed, v\u00a0r\u00e1mci sekci\u00ed cestovate\u013eskej a\u00a0odbornej si budete m\u00f4c\u0165 vypo\u010du\u0165 <strong>22 predn\u00e1\u0161ok cestovate\u013eov<\/strong>, <strong>znalcov pr\u00edrody \u010di pr\u00edrodovedcov<\/strong>,\u00a0 spestren\u00fdch mno\u017estvom fotomateri\u00e1lu.\u00a0<\/p>\n\n\n\n<p><strong>Zo zauj\u00edmav\u00e9ho programu vyber\u00e1me:<\/strong><\/p>\n\n\n<style>.wp-block-kadence-iconlist.kt-svg-icon-list-items86755_5ace2d-b1:not(.this-stops-third-party-issues){margin-top:0px;margin-bottom:0px;}.wp-block-kadence-iconlist.kt-svg-icon-list-items86755_5ace2d-b1 ul.kt-svg-icon-list:not(.this-prevents-issues):not(.this-stops-third-party-issues):not(.tijsloc){margin-top:0px;margin-right:0px;margin-bottom:var(--global-kb-spacing-sm, 1.5rem);margin-left:0px;}.wp-block-kadence-iconlist.kt-svg-icon-list-items86755_5ace2d-b1 ul.kt-svg-icon-list{grid-row-gap:5px;}.wp-block-kadence-iconlist.kt-svg-icon-list-items86755_5ace2d-b1 ul.kt-svg-icon-list .kt-svg-icon-list-item-wrap .kt-svg-icon-list-single{margin-right:10px;}.kt-svg-icon-list-items86755_5ace2d-b1 ul.kt-svg-icon-list .kt-svg-icon-list-level-0 .kt-svg-icon-list-single svg{font-size:20px;}<\/style>\n<div class=\"wp-block-kadence-iconlist kt-svg-icon-list-items kt-svg-icon-list-items86755_5ace2d-b1 kt-svg-icon-list-columns-1 alignnone\"><ul class=\"kt-svg-icon-list\"><style>.kt-svg-icon-list-item-86755_effe2c-8b .kt-svg-icon-list-text mark.kt-highlight{background-color:unset;font-style:normal;color:#f76a0c;-webkit-box-decoration-break:clone;box-decoration-break:clone;padding-top:0px;padding-right:0px;padding-bottom:0px;padding-left:0px;}<\/style>\n<li class=\"wp-block-kadence-listitem kt-svg-icon-list-item-wrap kt-svg-icon-list-item-86755_effe2c-8b\"><span class=\"kb-svg-icon-wrap kb-svg-icon-fe_checkCircle kt-svg-icon-list-single\"><svg viewBox=\"0 0 24 24\"  fill=\"none\" stroke=\"currentColor\" stroke-width=\"2\" stroke-linecap=\"round\" stroke-linejoin=\"round\" xmlns=\"http:\/\/www.w3.org\/2000\/svg\"  aria-hidden=\"true\"><path d=\"M22 11.08V12a10 10 0 1 1-5.93-9.14\"\/><polyline points=\"22 4 12 14.01 9 11.01\"\/><\/svg><\/span><span class=\"kt-svg-icon-list-text\">Andrej Pastorek: \u00a0<strong>\u017divot v\u00a0\u010cernobyle<\/strong><\/span><\/li>\n\n\n<style>.kt-svg-icon-list-item-86755_bdc111-67 .kt-svg-icon-list-text mark.kt-highlight{background-color:unset;font-style:normal;color:#f76a0c;-webkit-box-decoration-break:clone;box-decoration-break:clone;padding-top:0px;padding-right:0px;padding-bottom:0px;padding-left:0px;}<\/style>\n<li class=\"wp-block-kadence-listitem kt-svg-icon-list-item-wrap kt-svg-icon-list-item-86755_bdc111-67\"><span class=\"kb-svg-icon-wrap kb-svg-icon-fe_checkCircle kt-svg-icon-list-single\"><svg viewBox=\"0 0 24 24\"  fill=\"none\" stroke=\"currentColor\" stroke-width=\"2\" stroke-linecap=\"round\" stroke-linejoin=\"round\" xmlns=\"http:\/\/www.w3.org\/2000\/svg\"  aria-hidden=\"true\"><path d=\"M22 11.08V12a10 10 0 1 1-5.93-9.14\"\/><polyline points=\"22 4 12 14.01 9 11.01\"\/><\/svg><\/span><span class=\"kt-svg-icon-list-text\">Karol Kalisk\u00fd a\u00a0Erik Bal\u00e1\u017e:\u00a0 <strong>Divo\u010dina bez hran\u00edc<\/strong><\/span><\/li>\n\n\n<style>.kt-svg-icon-list-item-86755_c9536d-6a .kt-svg-icon-list-text mark.kt-highlight{background-color:unset;font-style:normal;color:#f76a0c;-webkit-box-decoration-break:clone;box-decoration-break:clone;padding-top:0px;padding-right:0px;padding-bottom:0px;padding-left:0px;}<\/style>\n<li class=\"wp-block-kadence-listitem kt-svg-icon-list-item-wrap kt-svg-icon-list-item-86755_c9536d-6a\"><span class=\"kb-svg-icon-wrap kb-svg-icon-fe_checkCircle kt-svg-icon-list-single\"><svg viewBox=\"0 0 24 24\"  fill=\"none\" stroke=\"currentColor\" stroke-width=\"2\" stroke-linecap=\"round\" stroke-linejoin=\"round\" xmlns=\"http:\/\/www.w3.org\/2000\/svg\"  aria-hidden=\"true\"><path d=\"M22 11.08V12a10 10 0 1 1-5.93-9.14\"\/><polyline points=\"22 4 12 14.01 9 11.01\"\/><\/svg><\/span><span class=\"kt-svg-icon-list-text\">Spolo\u010dn\u00e1 diskusia:\u00a0 <strong>Fenom\u00e9n Karpaty hory, \u013eudia, pr\u00edroda,<\/strong><\/span><\/li>\n\n\n<style>.kt-svg-icon-list-item-86755_a6e546-cd .kt-svg-icon-list-text mark.kt-highlight{background-color:unset;font-style:normal;color:#f76a0c;-webkit-box-decoration-break:clone;box-decoration-break:clone;padding-top:0px;padding-right:0px;padding-bottom:0px;padding-left:0px;}<\/style>\n<li class=\"wp-block-kadence-listitem kt-svg-icon-list-item-wrap kt-svg-icon-list-item-86755_a6e546-cd\"><span class=\"kb-svg-icon-wrap kb-svg-icon-fe_checkCircle kt-svg-icon-list-single\"><svg viewBox=\"0 0 24 24\"  fill=\"none\" stroke=\"currentColor\" stroke-width=\"2\" stroke-linecap=\"round\" stroke-linejoin=\"round\" xmlns=\"http:\/\/www.w3.org\/2000\/svg\"  aria-hidden=\"true\"><path d=\"M22 11.08V12a10 10 0 1 1-5.93-9.14\"\/><polyline points=\"22 4 12 14.01 9 11.01\"\/><\/svg><\/span><span class=\"kt-svg-icon-list-text\">Rio Urbanec:\u00a0 <strong>Tr\u00f3py na kajaku Thajsko \u2013 Raja Ampat \u2013 Filip\u00edny<\/strong><\/span><\/li>\n\n\n<style>.kt-svg-icon-list-item-86755_00836c-6a .kt-svg-icon-list-text mark.kt-highlight{background-color:unset;font-style:normal;color:#f76a0c;-webkit-box-decoration-break:clone;box-decoration-break:clone;padding-top:0px;padding-right:0px;padding-bottom:0px;padding-left:0px;}<\/style>\n<li class=\"wp-block-kadence-listitem kt-svg-icon-list-item-wrap kt-svg-icon-list-item-86755_00836c-6a\"><span class=\"kb-svg-icon-wrap kb-svg-icon-fe_checkCircle kt-svg-icon-list-single\"><svg viewBox=\"0 0 24 24\"  fill=\"none\" stroke=\"currentColor\" stroke-width=\"2\" stroke-linecap=\"round\" stroke-linejoin=\"round\" xmlns=\"http:\/\/www.w3.org\/2000\/svg\"  aria-hidden=\"true\"><path d=\"M22 11.08V12a10 10 0 1 1-5.93-9.14\"\/><polyline points=\"22 4 12 14.01 9 11.01\"\/><\/svg><\/span><span class=\"kt-svg-icon-list-text\">Ale\u0161 Tajt\u00e1k: <strong>Bicyklom cez Izrael<\/strong><\/span><\/li>\n\n\n<style>.kt-svg-icon-list-item-86755_cb44b1-e0 .kt-svg-icon-list-text mark.kt-highlight{background-color:unset;font-style:normal;color:#f76a0c;-webkit-box-decoration-break:clone;box-decoration-break:clone;padding-top:0px;padding-right:0px;padding-bottom:0px;padding-left:0px;}<\/style>\n<li class=\"wp-block-kadence-listitem kt-svg-icon-list-item-wrap kt-svg-icon-list-item-86755_cb44b1-e0\"><span class=\"kb-svg-icon-wrap kb-svg-icon-fe_checkCircle kt-svg-icon-list-single\"><svg viewBox=\"0 0 24 24\"  fill=\"none\" stroke=\"currentColor\" stroke-width=\"2\" stroke-linecap=\"round\" stroke-linejoin=\"round\" xmlns=\"http:\/\/www.w3.org\/2000\/svg\"  aria-hidden=\"true\"><path d=\"M22 11.08V12a10 10 0 1 1-5.93-9.14\"\/><polyline points=\"22 4 12 14.01 9 11.01\"\/><\/svg><\/span><span class=\"kt-svg-icon-list-text\">Magdalena Rojo: <strong>\u010co ma nau\u010dilo p\u00f4vodn\u00e9 obyvate\u013estvo Mexika o\u00a0pr\u00edrode a\u00a0komunite<\/strong><\/span><\/li>\n<\/ul><\/div>\n\n\n\n<div style=\"height:20px\" aria-hidden=\"true\" class=\"wp-block-spacer\"><\/div>\n\n\n<style>.wp-block-kadence-column.kb-section-dir-horizontal > .kt-inside-inner-col > .kt-info-box86755_7e1163-f2 .kt-blocks-info-box-link-wrap{max-width:unset;}.kt-info-box86755_7e1163-f2 .kt-blocks-info-box-link-wrap{background:#F4F4F4;padding-top:0px;padding-right:0px;padding-bottom:0px;padding-left:0px;}.kt-info-box86755_7e1163-f2 .kadence-info-box-icon-container .kt-info-svg-icon, .kt-info-box86755_7e1163-f2 .kt-info-svg-icon-flip, .kt-info-box86755_7e1163-f2 .kt-blocks-info-box-number{font-size:20px;}.kt-info-box86755_7e1163-f2 .kt-blocks-info-box-media{color:#008338;border-top-width:0px;border-right-width:0px;border-bottom-width:0px;border-left-width:0px;padding-top:2px;padding-right:2px;padding-bottom:2px;padding-left:2px;}.kt-info-box86755_7e1163-f2 .kt-blocks-info-box-media-container{margin-top:0px;margin-right:0px;margin-bottom:0px;margin-left:0px;}.kt-info-box86755_7e1163-f2 .kt-blocks-info-box-link-wrap:hover .kt-blocks-info-box-media{color:#C19152;}.kt-info-box86755_7e1163-f2 .kt-infobox-textcontent h5.kt-blocks-info-box-title{color:#008338;}.kt-info-box86755_7e1163-f2 .kt-blocks-info-box-link-wrap:hover h5.kt-blocks-info-box-title{color:#C19152;}.kt-info-box86755_7e1163-f2 .kt-blocks-info-box-learnmore{background:transparent;border-width:0px 0px 0px 0px;padding-top:4px;padding-right:8px;padding-bottom:4px;padding-left:8px;margin-top:10px;margin-right:0px;margin-bottom:10px;margin-left:0px;}<\/style>\n<div class=\"wp-block-kadence-infobox kt-info-box86755_7e1163-f2\"><a class=\"kt-blocks-info-box-link-wrap info-box-link kt-blocks-info-box-media-align-top kt-info-halign-center\" target=\"_blank\" rel=\"noopener noreferrer\" href=\"https:\/\/inecesty.sosna.sk\/\"><div class=\"kt-blocks-info-box-media-container\"><div class=\"kt-blocks-info-box-media kt-info-media-animate-none\"><div class=\"kadence-info-box-icon-container kt-info-icon-animate-none\"><div class=\"kadence-info-box-icon-inner-container\"><span class=\"kb-svg-icon-wrap kb-svg-icon-fas_arrow-alt-circle-down kt-info-svg-icon\"><svg viewBox=\"0 0 512 512\"  fill=\"currentColor\" xmlns=\"http:\/\/www.w3.org\/2000\/svg\"  aria-hidden=\"true\"><path d=\"M504 256c0 137-111 248-248 248S8 393 8 256 119 8 256 8s248 111 248 248zM212 140v116h-70.9c-10.7 0-16.1 13-8.5 20.5l114.9 114.3c4.7 4.7 12.2 4.7 16.9 0l114.9-114.3c7.6-7.6 2.2-20.5-8.5-20.5H300V140c0-6.6-5.4-12-12-12h-64c-6.6 0-12 5.4-12 12z\"\/><\/svg><\/span><\/div><\/div><\/div><\/div><div class=\"kt-infobox-textcontent\"><h5 class=\"kt-blocks-info-box-title\"><strong>Cel\u00fd program a predpredaj vstupeniek<\/strong><\/h5><\/div><\/a><\/div>\n\n\n\n<div style=\"height:20px\" aria-hidden=\"true\" class=\"wp-block-spacer\"><\/div>\n\n\n\n<p class=\"has-text-align-center\"><strong>\u0160tudenti PF UPJ\u0160 &#8211; vstupenky s\u00a050% z\u013eavou na platn\u00fa ID kartu \u0161tudenta PF UPJ\u0160<\/strong><\/p>\n<\/div><\/div>\n\n\n\n<p><\/p>\n","protected":false},"excerpt":{"rendered":"<p>Pr\u00ed\u010fte si vypo\u010du\u0165 v\u00fdpovede o svete takom, ak\u00fdm naozaj je. Festival In\u00e9 cesty  je o \u201einom \u201e cestovan\u00ed\u201c. \u010cakaj\u00fa na v\u00e1s zauj\u00edmav\u00ed \u013eudia, siln\u00e9 pr\u00edbehy, rozmanit\u00e9 krajiny, v\u00fdstavy fotografi\u00ed, predaj kn\u00edh a skvel\u00e1 neform\u00e1lna atmosf\u00e9ra.<\/p>\n","protected":false},"author":25,"featured_media":86767,"template":"","meta":{"_acf_changed":false,"_editorskit_title_hidden":false,"_editorskit_reading_time":0,"_editorskit_is_block_options_detached":false,"_editorskit_block_options_position":"{}","footnotes":""},"categories":[],"tags":[57],"tax_aktuality":[],"class_list":["post-86755","cpt_aktuality","type-cpt_aktuality","status-publish","has-post-thumbnail","hentry","tag-ubev-2"],"acf":{"acf_link_na_externy_obsah":"","poradie_clanku":0},"yoast_head":"<!-- This site is optimized with the Yoast SEO plugin v27.4 - https:\/\/yoast.com\/product\/yoast-seo-wordpress\/ -->\n<title>Festival In\u00e9 cesty 2026 \u2013 z\u00e1\u017eitky cestovate\u013eov z\u00a0r\u00f4znych \u010dast\u00ed na\u0161ej plan\u00e9ty\u00a0 - Pr\u00edrodovedeck\u00e1 fakulta | UPJ\u0160<\/title>\n<meta name=\"robots\" content=\"index, follow, max-snippet:-1, max-image-preview:large, max-video-preview:-1\" \/>\n<link rel=\"canonical\" href=\"https:\/\/www.upjs.sk\/prirodovedecka-fakulta\/actuality\/festival-ine-cesty-2026-zazitky-cestovatelov-z-roznych-casti-nasej-planety\/\" \/>\n<meta property=\"og:locale\" content=\"sk_SK\" \/>\n<meta property=\"og:type\" content=\"article\" \/>\n<meta property=\"og:title\" content=\"Festival In\u00e9 cesty 2026 \u2013 z\u00e1\u017eitky cestovate\u013eov z\u00a0r\u00f4znych \u010dast\u00ed na\u0161ej plan\u00e9ty\u00a0 - Pr\u00edrodovedeck\u00e1 fakulta | UPJ\u0160\" \/>\n<meta property=\"og:description\" content=\"Pr\u00ed\u010fte si vypo\u010du\u0165 v\u00fdpovede o svete takom, ak\u00fdm naozaj je. Festival In\u00e9 cesty je o \u201einom \u201e cestovan\u00ed\u201c. \u010cakaj\u00fa na v\u00e1s zauj\u00edmav\u00ed \u013eudia, siln\u00e9 pr\u00edbehy, rozmanit\u00e9 krajiny, v\u00fdstavy fotografi\u00ed, predaj kn\u00edh a skvel\u00e1 neform\u00e1lna atmosf\u00e9ra.\" \/>\n<meta property=\"og:url\" content=\"https:\/\/www.upjs.sk\/prirodovedecka-fakulta\/actuality\/festival-ine-cesty-2026-zazitky-cestovatelov-z-roznych-casti-nasej-planety\/\" \/>\n<meta property=\"og:site_name\" content=\"Pr\u00edrodovedeck\u00e1 fakulta | UPJ\u0160\" \/>\n<meta property=\"article:modified_time\" content=\"2026-04-22T13:15:43+00:00\" \/>\n<meta property=\"og:image\" content=\"https:\/\/www.upjs.sk\/app\/uploads\/sites\/10\/2026\/04\/ilob-akt-Ine-cesty-2026.png\" \/>\n\t<meta property=\"og:image:width\" content=\"600\" \/>\n\t<meta property=\"og:image:height\" content=\"420\" \/>\n\t<meta property=\"og:image:type\" content=\"image\/png\" \/>\n<meta name=\"twitter:card\" content=\"summary_large_image\" \/>\n<meta name=\"twitter:label1\" content=\"Predpokladan\u00fd \u010das \u010d\u00edtania\" \/>\n\t<meta name=\"twitter:data1\" content=\"2 min\u00faty\" \/>\n<script type=\"application\/ld+json\" class=\"yoast-schema-graph\">{\"@context\":\"https:\\\/\\\/schema.org\",\"@graph\":[{\"@type\":\"WebPage\",\"@id\":\"https:\\\/\\\/www.upjs.sk\\\/prirodovedecka-fakulta\\\/actuality\\\/festival-ine-cesty-2026-zazitky-cestovatelov-z-roznych-casti-nasej-planety\\\/\",\"url\":\"https:\\\/\\\/www.upjs.sk\\\/prirodovedecka-fakulta\\\/actuality\\\/festival-ine-cesty-2026-zazitky-cestovatelov-z-roznych-casti-nasej-planety\\\/\",\"name\":\"Festival In\u00e9 cesty 2026 \u2013 z\u00e1\u017eitky cestovate\u013eov z\u00a0r\u00f4znych \u010dast\u00ed na\u0161ej plan\u00e9ty\u00a0 - Pr\u00edrodovedeck\u00e1 fakulta | UPJ\u0160\",\"isPartOf\":{\"@id\":\"https:\\\/\\\/www.upjs.sk\\\/prirodovedecka-fakulta\\\/#website\"},\"primaryImageOfPage\":{\"@id\":\"https:\\\/\\\/www.upjs.sk\\\/prirodovedecka-fakulta\\\/actuality\\\/festival-ine-cesty-2026-zazitky-cestovatelov-z-roznych-casti-nasej-planety\\\/#primaryimage\"},\"image\":{\"@id\":\"https:\\\/\\\/www.upjs.sk\\\/prirodovedecka-fakulta\\\/actuality\\\/festival-ine-cesty-2026-zazitky-cestovatelov-z-roznych-casti-nasej-planety\\\/#primaryimage\"},\"thumbnailUrl\":\"https:\\\/\\\/www.upjs.sk\\\/app\\\/uploads\\\/sites\\\/10\\\/2026\\\/04\\\/ilob-akt-Ine-cesty-2026.png\",\"datePublished\":\"2026-04-02T22:00:49+00:00\",\"dateModified\":\"2026-04-22T13:15:43+00:00\",\"breadcrumb\":{\"@id\":\"https:\\\/\\\/www.upjs.sk\\\/prirodovedecka-fakulta\\\/actuality\\\/festival-ine-cesty-2026-zazitky-cestovatelov-z-roznych-casti-nasej-planety\\\/#breadcrumb\"},\"inLanguage\":\"sk-SK\",\"potentialAction\":[{\"@type\":\"ReadAction\",\"target\":[\"https:\\\/\\\/www.upjs.sk\\\/prirodovedecka-fakulta\\\/actuality\\\/festival-ine-cesty-2026-zazitky-cestovatelov-z-roznych-casti-nasej-planety\\\/\"]}]},{\"@type\":\"ImageObject\",\"inLanguage\":\"sk-SK\",\"@id\":\"https:\\\/\\\/www.upjs.sk\\\/prirodovedecka-fakulta\\\/actuality\\\/festival-ine-cesty-2026-zazitky-cestovatelov-z-roznych-casti-nasej-planety\\\/#primaryimage\",\"url\":\"https:\\\/\\\/www.upjs.sk\\\/app\\\/uploads\\\/sites\\\/10\\\/2026\\\/04\\\/ilob-akt-Ine-cesty-2026.png\",\"contentUrl\":\"https:\\\/\\\/www.upjs.sk\\\/app\\\/uploads\\\/sites\\\/10\\\/2026\\\/04\\\/ilob-akt-Ine-cesty-2026.png\",\"width\":600,\"height\":420},{\"@type\":\"BreadcrumbList\",\"@id\":\"https:\\\/\\\/www.upjs.sk\\\/prirodovedecka-fakulta\\\/actuality\\\/festival-ine-cesty-2026-zazitky-cestovatelov-z-roznych-casti-nasej-planety\\\/#breadcrumb\",\"itemListElement\":[{\"@type\":\"ListItem\",\"position\":1,\"name\":\"Home\",\"item\":\"https:\\\/\\\/www.upjs.sk\\\/prirodovedecka-fakulta\\\/\"},{\"@type\":\"ListItem\",\"position\":2,\"name\":\"Aktuality\",\"item\":\"https:\\\/\\\/www.upjs.sk\\\/prirodovedecka-fakulta\\\/actuality\\\/\"},{\"@type\":\"ListItem\",\"position\":3,\"name\":\"Festival In\u00e9 cesty 2026 \u2013 z\u00e1\u017eitky cestovate\u013eov z\u00a0r\u00f4znych \u010dast\u00ed na\u0161ej plan\u00e9ty\u00a0\"}]},{\"@type\":\"WebSite\",\"@id\":\"https:\\\/\\\/www.upjs.sk\\\/prirodovedecka-fakulta\\\/#website\",\"url\":\"https:\\\/\\\/www.upjs.sk\\\/prirodovedecka-fakulta\\\/\",\"name\":\"Pr\u00edrodovedeck\u00e1 fakulta | UPJ\u0160\",\"description\":\"\",\"publisher\":{\"@id\":\"https:\\\/\\\/www.upjs.sk\\\/prirodovedecka-fakulta\\\/#organization\"},\"potentialAction\":[{\"@type\":\"SearchAction\",\"target\":{\"@type\":\"EntryPoint\",\"urlTemplate\":\"https:\\\/\\\/www.upjs.sk\\\/prirodovedecka-fakulta\\\/?s={search_term_string}\"},\"query-input\":{\"@type\":\"PropertyValueSpecification\",\"valueRequired\":true,\"valueName\":\"search_term_string\"}}],\"inLanguage\":\"sk-SK\"},{\"@type\":\"Organization\",\"@id\":\"https:\\\/\\\/www.upjs.sk\\\/prirodovedecka-fakulta\\\/#organization\",\"name\":\"Pr\u00edrodovedeck\u00e1 fakulta | UPJ\u0160\",\"url\":\"https:\\\/\\\/www.upjs.sk\\\/prirodovedecka-fakulta\\\/\",\"logo\":{\"@type\":\"ImageObject\",\"inLanguage\":\"sk-SK\",\"@id\":\"https:\\\/\\\/www.upjs.sk\\\/prirodovedecka-fakulta\\\/#\\\/schema\\\/logo\\\/image\\\/\",\"url\":\"https:\\\/\\\/www.upjs.sk\\\/app\\\/uploads\\\/sites\\\/10\\\/2022\\\/09\\\/logo-prirodovedecka-fakulta.png\",\"contentUrl\":\"https:\\\/\\\/www.upjs.sk\\\/app\\\/uploads\\\/sites\\\/10\\\/2022\\\/09\\\/logo-prirodovedecka-fakulta.png\",\"width\":415,\"height\":87,\"caption\":\"Pr\u00edrodovedeck\u00e1 fakulta | UPJ\u0160\"},\"image\":{\"@id\":\"https:\\\/\\\/www.upjs.sk\\\/prirodovedecka-fakulta\\\/#\\\/schema\\\/logo\\\/image\\\/\"}}]}<\/script>\n<!-- \/ Yoast SEO plugin. -->","yoast_head_json":{"title":"Festival In\u00e9 cesty 2026 \u2013 z\u00e1\u017eitky cestovate\u013eov z\u00a0r\u00f4znych \u010dast\u00ed na\u0161ej plan\u00e9ty\u00a0 - Pr\u00edrodovedeck\u00e1 fakulta | UPJ\u0160","robots":{"index":"index","follow":"follow","max-snippet":"max-snippet:-1","max-image-preview":"max-image-preview:large","max-video-preview":"max-video-preview:-1"},"canonical":"https:\/\/www.upjs.sk\/prirodovedecka-fakulta\/actuality\/festival-ine-cesty-2026-zazitky-cestovatelov-z-roznych-casti-nasej-planety\/","og_locale":"sk_SK","og_type":"article","og_title":"Festival In\u00e9 cesty 2026 \u2013 z\u00e1\u017eitky cestovate\u013eov z\u00a0r\u00f4znych \u010dast\u00ed na\u0161ej plan\u00e9ty\u00a0 - Pr\u00edrodovedeck\u00e1 fakulta | UPJ\u0160","og_description":"Pr\u00ed\u010fte si vypo\u010du\u0165 v\u00fdpovede o svete takom, ak\u00fdm naozaj je. Festival In\u00e9 cesty je o \u201einom \u201e cestovan\u00ed\u201c. \u010cakaj\u00fa na v\u00e1s zauj\u00edmav\u00ed \u013eudia, siln\u00e9 pr\u00edbehy, rozmanit\u00e9 krajiny, v\u00fdstavy fotografi\u00ed, predaj kn\u00edh a skvel\u00e1 neform\u00e1lna atmosf\u00e9ra.","og_url":"https:\/\/www.upjs.sk\/prirodovedecka-fakulta\/actuality\/festival-ine-cesty-2026-zazitky-cestovatelov-z-roznych-casti-nasej-planety\/","og_site_name":"Pr\u00edrodovedeck\u00e1 fakulta | UPJ\u0160","article_modified_time":"2026-04-22T13:15:43+00:00","og_image":[{"width":600,"height":420,"url":"https:\/\/www.upjs.sk\/app\/uploads\/sites\/10\/2026\/04\/ilob-akt-Ine-cesty-2026.png","type":"image\/png"}],"twitter_card":"summary_large_image","twitter_misc":{"Predpokladan\u00fd \u010das \u010d\u00edtania":"2 min\u00faty"},"schema":{"@context":"https:\/\/schema.org","@graph":[{"@type":"WebPage","@id":"https:\/\/www.upjs.sk\/prirodovedecka-fakulta\/actuality\/festival-ine-cesty-2026-zazitky-cestovatelov-z-roznych-casti-nasej-planety\/","url":"https:\/\/www.upjs.sk\/prirodovedecka-fakulta\/actuality\/festival-ine-cesty-2026-zazitky-cestovatelov-z-roznych-casti-nasej-planety\/","name":"Festival In\u00e9 cesty 2026 \u2013 z\u00e1\u017eitky cestovate\u013eov z\u00a0r\u00f4znych \u010dast\u00ed na\u0161ej plan\u00e9ty\u00a0 - Pr\u00edrodovedeck\u00e1 fakulta | UPJ\u0160","isPartOf":{"@id":"https:\/\/www.upjs.sk\/prirodovedecka-fakulta\/#website"},"primaryImageOfPage":{"@id":"https:\/\/www.upjs.sk\/prirodovedecka-fakulta\/actuality\/festival-ine-cesty-2026-zazitky-cestovatelov-z-roznych-casti-nasej-planety\/#primaryimage"},"image":{"@id":"https:\/\/www.upjs.sk\/prirodovedecka-fakulta\/actuality\/festival-ine-cesty-2026-zazitky-cestovatelov-z-roznych-casti-nasej-planety\/#primaryimage"},"thumbnailUrl":"https:\/\/www.upjs.sk\/app\/uploads\/sites\/10\/2026\/04\/ilob-akt-Ine-cesty-2026.png","datePublished":"2026-04-02T22:00:49+00:00","dateModified":"2026-04-22T13:15:43+00:00","breadcrumb":{"@id":"https:\/\/www.upjs.sk\/prirodovedecka-fakulta\/actuality\/festival-ine-cesty-2026-zazitky-cestovatelov-z-roznych-casti-nasej-planety\/#breadcrumb"},"inLanguage":"sk-SK","potentialAction":[{"@type":"ReadAction","target":["https:\/\/www.upjs.sk\/prirodovedecka-fakulta\/actuality\/festival-ine-cesty-2026-zazitky-cestovatelov-z-roznych-casti-nasej-planety\/"]}]},{"@type":"ImageObject","inLanguage":"sk-SK","@id":"https:\/\/www.upjs.sk\/prirodovedecka-fakulta\/actuality\/festival-ine-cesty-2026-zazitky-cestovatelov-z-roznych-casti-nasej-planety\/#primaryimage","url":"https:\/\/www.upjs.sk\/app\/uploads\/sites\/10\/2026\/04\/ilob-akt-Ine-cesty-2026.png","contentUrl":"https:\/\/www.upjs.sk\/app\/uploads\/sites\/10\/2026\/04\/ilob-akt-Ine-cesty-2026.png","width":600,"height":420},{"@type":"BreadcrumbList","@id":"https:\/\/www.upjs.sk\/prirodovedecka-fakulta\/actuality\/festival-ine-cesty-2026-zazitky-cestovatelov-z-roznych-casti-nasej-planety\/#breadcrumb","itemListElement":[{"@type":"ListItem","position":1,"name":"Home","item":"https:\/\/www.upjs.sk\/prirodovedecka-fakulta\/"},{"@type":"ListItem","position":2,"name":"Aktuality","item":"https:\/\/www.upjs.sk\/prirodovedecka-fakulta\/actuality\/"},{"@type":"ListItem","position":3,"name":"Festival In\u00e9 cesty 2026 \u2013 z\u00e1\u017eitky cestovate\u013eov z\u00a0r\u00f4znych \u010dast\u00ed na\u0161ej plan\u00e9ty\u00a0"}]},{"@type":"WebSite","@id":"https:\/\/www.upjs.sk\/prirodovedecka-fakulta\/#website","url":"https:\/\/www.upjs.sk\/prirodovedecka-fakulta\/","name":"Pr\u00edrodovedeck\u00e1 fakulta | UPJ\u0160","description":"","publisher":{"@id":"https:\/\/www.upjs.sk\/prirodovedecka-fakulta\/#organization"},"potentialAction":[{"@type":"SearchAction","target":{"@type":"EntryPoint","urlTemplate":"https:\/\/www.upjs.sk\/prirodovedecka-fakulta\/?s={search_term_string}"},"query-input":{"@type":"PropertyValueSpecification","valueRequired":true,"valueName":"search_term_string"}}],"inLanguage":"sk-SK"},{"@type":"Organization","@id":"https:\/\/www.upjs.sk\/prirodovedecka-fakulta\/#organization","name":"Pr\u00edrodovedeck\u00e1 fakulta | UPJ\u0160","url":"https:\/\/www.upjs.sk\/prirodovedecka-fakulta\/","logo":{"@type":"ImageObject","inLanguage":"sk-SK","@id":"https:\/\/www.upjs.sk\/prirodovedecka-fakulta\/#\/schema\/logo\/image\/","url":"https:\/\/www.upjs.sk\/app\/uploads\/sites\/10\/2022\/09\/logo-prirodovedecka-fakulta.png","contentUrl":"https:\/\/www.upjs.sk\/app\/uploads\/sites\/10\/2022\/09\/logo-prirodovedecka-fakulta.png","width":415,"height":87,"caption":"Pr\u00edrodovedeck\u00e1 fakulta | UPJ\u0160"},"image":{"@id":"https:\/\/www.upjs.sk\/prirodovedecka-fakulta\/#\/schema\/logo\/image\/"}}]}},"_links":{"self":[{"href":"https:\/\/www.upjs.sk\/prirodovedecka-fakulta\/wp-json\/wp\/v2\/cpt_aktuality\/86755","targetHints":{"allow":["GET"]}}],"collection":[{"href":"https:\/\/www.upjs.sk\/prirodovedecka-fakulta\/wp-json\/wp\/v2\/cpt_aktuality"}],"about":[{"href":"https:\/\/www.upjs.sk\/prirodovedecka-fakulta\/wp-json\/wp\/v2\/types\/cpt_aktuality"}],"author":[{"embeddable":true,"href":"https:\/\/www.upjs.sk\/prirodovedecka-fakulta\/wp-json\/wp\/v2\/users\/25"}],"version-history":[{"count":15,"href":"https:\/\/www.upjs.sk\/prirodovedecka-fakulta\/wp-json\/wp\/v2\/cpt_aktuality\/86755\/revisions"}],"predecessor-version":[{"id":87202,"href":"https:\/\/www.upjs.sk\/prirodovedecka-fakulta\/wp-json\/wp\/v2\/cpt_aktuality\/86755\/revisions\/87202"}],"wp:featuredmedia":[{"embeddable":true,"href":"https:\/\/www.upjs.sk\/prirodovedecka-fakulta\/wp-json\/wp\/v2\/media\/86767"}],"wp:attachment":[{"href":"https:\/\/www.upjs.sk\/prirodovedecka-fakulta\/wp-json\/wp\/v2\/media?parent=86755"}],"wp:term":[{"taxonomy":"category","embeddable":true,"href":"https:\/\/www.upjs.sk\/prirodovedecka-fakulta\/wp-json\/wp\/v2\/categories?post=86755"},{"taxonomy":"post_tag","embeddable":true,"href":"https:\/\/www.upjs.sk\/prirodovedecka-fakulta\/wp-json\/wp\/v2\/tags?post=86755"},{"taxonomy":"tax_aktuality","embeddable":true,"href":"https:\/\/www.upjs.sk\/prirodovedecka-fakulta\/wp-json\/wp\/v2\/tax_aktuality?post=86755"}],"curies":[{"name":"wp","href":"https:\/\/api.w.org\/{rel}","templated":true}]}}