{"id":49107,"date":"2022-12-20T11:45:48","date_gmt":"2022-12-20T10:45:48","guid":{"rendered":"https:\/\/www.upjs.sk\/prirodovedecka-fakulta\/?post_type=cpt_aktuality&#038;p=49107"},"modified":"2023-03-10T18:11:41","modified_gmt":"2023-03-10T17:11:41","slug":"cena-za-vedu-a-techniku-2021","status":"publish","type":"cpt_aktualne_spravy","link":"https:\/\/www.upjs.sk\/prirodovedecka-fakulta\/actual-news\/cena-za-vedu-a-techniku-2021\/","title":{"rendered":"Cena za vedu a techniku 2021"},"content":{"rendered":"\n<p><strong>Ministerstvo \u0161kolstva, vedy, v\u00fdskumu a \u0161portu Slovenskej republiky<\/strong>&nbsp;s cie\u013eom podpori\u0165 rozvoj vedy a techniky a oceni\u0165 mimoriadne v\u00fdsledky v tejto oblasti ka\u017edoro\u010dne ude\u013euje najvy\u0161\u0161ie ocenenie v oblasti vedy a techniky \u201eCenu za vedu a techniku\u201c. &nbsp;<br>Pre rok 2021 M\u0160VVa\u0160 SR udelilo&nbsp;<strong>Cenu za vedu a techniku<\/strong>&nbsp;v nasledovn\u00fdch kateg\u00f3ri\u00e1ch:<\/p>\n\n\n\n<ol class=\"wp-block-list\">\n<li>Osobnos\u0165 vedy a techniky<\/li>\n\n\n\n<li>Celo\u017eivotn\u00e9 z\u00e1sluhy v oblasti vedy a techniky<\/li>\n\n\n\n<li>Osobnos\u0165 vedy a techniky do 35 rokov<\/li>\n\n\n\n<li>Populariz\u00e1tor vedy<\/li>\n\n\n\n<li><strong>Vedecko-technick\u00fd t\u00edm roka<\/strong><\/li>\n<\/ol>\n\n\n\n<p>Sl\u00e1vnostn\u00fd ceremoni\u00e1l odovzdania cien sa konal&nbsp;<strong>16. decembra 2022<\/strong>&nbsp;v budove Ministerstva \u0161kolstva, vedy, v\u00fdskumu a \u0161portu SR v Bratislave.&nbsp;<strong>V kateg\u00f3rii vedecko &#8211; technick\u00fd t\u00edm roka ocenenie prevzala ved\u00faca &nbsp;t\u00edmu EDEVIR<em>&nbsp;profesorka Ren\u00e1ta Ori\u0148\u00e1kova&nbsp;<\/em>z \u00dastavu chemick\u00fdch vied PF UPJ\u0160<\/strong>, za \u00fa\u010dasti \u010dlenky t\u00edmu RNDr. Ivany \u0160i\u0161ol\u00e1kovej, PhD., rovnako z \u00dastavu chemick\u00fdch vied PF UPJ\u0160.&nbsp;<strong>T\u00edm EDEVIR bol ocenen\u00fd za v\u00fdvoj nov\u00e9ho typu senzorov na COVID \u2013 19. &nbsp;<\/strong><br>Srde\u010dne gratulujeme!&nbsp;<br>V\u00fdskumn\u00fd&nbsp;<strong>t\u00edm EDEVIR je interdisciplin\u00e1rny t\u00edm&nbsp;<\/strong>zameran\u00fd na v\u00fdvoj nov\u00e9ho typu elektrochemick\u00fdch senzorov na diagnostiku COVID19, ktor\u00fd je zlo\u017een\u00fd&nbsp;<strong>zo \u0161pi\u010dkov\u00fdch odborn\u00edkov zastupuj\u00facich medic\u00ednu<em>&nbsp;prof. MUDr. Pavol Jar\u010du\u0161ka, PhD.,&nbsp;<\/em>biol\u00f3giu<em>&nbsp;RNDr. Martin Panigaj, PhD.,&nbsp;<\/em>ch\u00e9miu<em>&nbsp;prof. RNDr. Ren\u00e1ta Ori\u0148akov\u00e1, DrSc.; RNDr. Jana Shepa, PhD.; RNDr. Ivana \u0160i\u0161ol\u00e1kov\u00e1, PhD.&nbsp;<\/em>a informatiku<em>&nbsp;Michal Lenko; Rastislav \u0160i\u0161ol\u00e1k<\/em><\/strong><em>.<\/em>&nbsp;Nov\u00fd typ vyv\u00edjan\u00e9ho senzora je zameran\u00fd na vysoko presn\u00fa a r\u00fdchlu detekciu v\u00edrusov na z\u00e1klade interakcie v\u00edrusu s biologickou zlo\u017ekou na povrchu elektr\u00f3dy, ktor\u00e1 je vyv\u00edjan\u00e1 na \u00dastave biologick\u00fdch a ekologick\u00fdch vied, Pr\u00edrodovedeckej fakulty Univerzity Pavla Jozefa \u0160af\u00e1rika v Ko\u0161iciach. Pr\u00e1ve&nbsp;<strong>pripravovan\u00e1 biologick\u00e1 zlo\u017eka zabezpe\u010duje vysok\u00fa \u0161pecifickos\u0165, \u010do umo\u017e\u0148uje detegova\u0165 v\u00edrus v slin\u00e1ch bez nutnosti v\u00fdteru z nosohltana<\/strong>. Ke\u010f\u017ee ide o elektrochemick\u00fd senzor, r\u00fdchlos\u0165 testovania predstavuje len nieko\u013eko sek\u00fand a samotn\u00e9 testovanie je realizovan\u00e9 vedcami na Katedre fyzik\u00e1lnej ch\u00e9mie \u00dastavu chemick\u00fdch vied na Pr\u00edrodovedeckej fakulte Univerzity Pavla Jozefa \u0160af\u00e1rika v Ko\u0161iciach. Vzh\u013eadom k tomu,&nbsp;<strong>vyv\u00edjan\u00e9 testy s\u00fa ur\u010den\u00e9 na samo testovanie bez nutnosti zlo\u017eit\u00e9ho pr\u00edstrojov\u00e9ho vybavenia a vysoko kvalifikovan\u00fdch pracovn\u00edkov<\/strong>, \u010das\u0165 t\u00edmu bola zameran\u00e1 na v\u00fdvoj aplik\u00e1cie, ktor\u00e1 premen\u00ed elektrochemick\u00fa odpove\u010f na jednoduch\u00fa inform\u00e1ciu o pozitivite, zrozumite\u013en\u00fa pre kone\u010dn\u00e9ho spotrebite\u013ea a z\u00e1rove\u0148 odo\u0161le v\u00fdsledky do pripravovanej datab\u00e1zy.<strong>&nbsp;S\u00fa\u010das\u0165ou v\u00fdskumu s\u00fa aj klinick\u00e9 testy a multicentrick\u00e1 \u0161t\u00fadia<\/strong>, ktor\u00e1 bude prebieha\u0165 v spolupr\u00e1ci s Klinikou infektol\u00f3gie a cestovnej medic\u00edny Lek\u00e1rskej fakulty Univerzity Pavla Jozefa \u0160af\u00e1rika v Ko\u0161iciach.<br><strong>T\u00edm EDEVIR predstavuje mlad\u00fd vedeck\u00fd t\u00edm zlo\u017een\u00fd z vedcov, lek\u00e1rov a informatikov, ktor\u00fd s\u00fa akt\u00edvny vo vedeckej, pedagogickej a klinickej oblasti<\/strong>. Napriek n\u00edzkemu priemern\u00e9mu veku t\u00edmu, 35 rokov, disponuje vysokou odbornos\u0165ou, \u010do potvrdzuje spolu&nbsp;<strong>245 publik\u00e1cii v zahrani\u010dn\u00fdch \u010dasopisoch registrovan\u00fdch v datab\u00e1zach WOS alebo SCOPUS s takmer 3000 ohlasmi<\/strong>. \u010clenovia t\u00edmu s\u00fa akt\u00edvnymi ved\u00facimi rie\u0161ite\u013emi a spolurie\u0161ite\u013emi dom\u00e1cich (APVV, VEGA, KEGA, ESET) a zahrani\u010dn\u00fdch projektov (Visegrad fund). Absolvovali mno\u017estvo zahrani\u010dn\u00fdch pobytov, z ktor\u00fdch vyplynuli vysoko kvalitn\u00e9 spolupr\u00e1ce so \u0161pi\u010dkov\u00fdmi zahrani\u010dn\u00fdmi univerzitami.<\/p>\n\n\n<style>.wp-block-kadence-advancedgallery.kb-gallery-wrap-id-_30e050-25{overflow:hidden;}.kb-gallery-type-carousel.kb-gallery-id-_30e050-25 .kt-blocks-carousel .kt-blocks-carousel-init{margin:0 -5px;}.kb-gallery-type-carousel.kb-gallery-id-_30e050-25 .kt-blocks-carousel .kt-blocks-carousel-init .kb-slide-item{padding:4px 5px;}.kb-gallery-type-carousel.kb-gallery-id-_30e050-25 .kt-blocks-carousel .kt-blocks-carousel-init .slick-prev{left:5px;}.kb-gallery-type-carousel.kb-gallery-id-_30e050-25 .kt-blocks-carousel .kt-blocks-carousel-init .slick-next{right:5px;}.kb-gallery-id-_30e050-25 .kadence-blocks-gallery-item .kb-gal-image-radius, .kb-gallery-id-_30e050-25 .kb-slide-item .kb-gal-image-radius img{border-radius:0px 0px 0px 0px;;}.kb-gallery-wrap-id-_30e050-25.wp-block-kadence-advancedgallery{overflow:visible;}.kb-gallery-wrap-id-_30e050-25.wp-block-kadence-advancedgallery .kt-blocks-carousel{overflow:visible;}<\/style>\n<div class=\"wp-block-kadence-advancedgallery kb-gallery-wrap-id-_30e050-25\"><div class=\"kb-gallery-ul kb-gallery-type-carousel kb-gallery-id-_30e050-25 kb-gallery-caption-style-bottom-hover kb-gallery-filter-none\" data-image-filter=\"none\" data-lightbox-caption=\"true\"><div class=\"kt-blocks-carousel kt-carousel-container-dotstyle-dark\"><div class=\"kt-blocks-carousel-init kb-gallery-carousel kt-carousel-arrowstyle-whiteondark kt-carousel-dotstyle-dark\" data-columns-xxl=\"3\" data-columns-xl=\"3\" data-columns-md=\"3\" data-columns-sm=\"2\" data-columns-xs=\"1\" data-columns-ss=\"1\" data-slider-anim-speed=\"400\" data-slider-scroll=\"1\" data-slider-arrows=\"true\" data-slider-dots=\"true\" data-slider-hover-pause=\"false\" data-slider-auto=\"false\" data-slider-speed=\"7000\"><div class=\"kb-slide-item kb-gallery-carousel-item\"><div class=\"kadence-blocks-gallery-item\"><div class=\"kadence-blocks-gallery-item-inner\"><figure class=\"kb-gallery-figure kadence-blocks-gallery-item-hide-caption kb-has-image-ratio-land32\"><div class=\"kb-gal-image-radius\"><div class=\"kb-gallery-image-contain kadence-blocks-gallery-intrinsic kb-gallery-image-ratio-land32\"><img loading=\"lazy\" decoding=\"async\" src=\"https:\/\/www.upjs.sk\/app\/uploads\/sites\/10\/2023\/01\/CVT2021_2.jpg\" width=\"900\" height=\"506\" alt=\"\" data-full-image=\"https:\/\/www.upjs.sk\/app\/uploads\/sites\/10\/2023\/01\/CVT2021_2.jpg\" data-light-image=\"https:\/\/www.upjs.sk\/app\/uploads\/sites\/10\/2023\/01\/CVT2021_2.jpg\" data-id=\"49042\" data-link=\"https:\/\/www.upjs.sk\/prirodovedecka-fakulta\/cvt2021_2-2\/\" data-custom-link=\"\" data-custom-link-target=\"\" data-sponsored=\"\" class=\"wp-image-49042 skip-lazy\" srcset=\"https:\/\/www.upjs.sk\/app\/uploads\/sites\/10\/2023\/01\/CVT2021_2.jpg 900w, https:\/\/www.upjs.sk\/app\/uploads\/sites\/10\/2023\/01\/CVT2021_2-300x169.jpg 300w, https:\/\/www.upjs.sk\/app\/uploads\/sites\/10\/2023\/01\/CVT2021_2-768x432.jpg 768w\" sizes=\"auto, (max-width: 900px) 100vw, 900px\" \/><\/div><\/div><\/figure><\/div><\/div><\/div><div class=\"kb-slide-item kb-gallery-carousel-item\"><div class=\"kadence-blocks-gallery-item\"><div class=\"kadence-blocks-gallery-item-inner\"><figure class=\"kb-gallery-figure kadence-blocks-gallery-item-hide-caption kb-has-image-ratio-land32\"><div class=\"kb-gal-image-radius\"><div class=\"kb-gallery-image-contain kadence-blocks-gallery-intrinsic kb-gallery-image-ratio-land32\"><img loading=\"lazy\" decoding=\"async\" src=\"https:\/\/www.upjs.sk\/app\/uploads\/sites\/10\/2023\/01\/CVT2021_1.jpg\" width=\"900\" height=\"675\" alt=\"\" data-full-image=\"https:\/\/www.upjs.sk\/app\/uploads\/sites\/10\/2023\/01\/CVT2021_1.jpg\" data-light-image=\"https:\/\/www.upjs.sk\/app\/uploads\/sites\/10\/2023\/01\/CVT2021_1.jpg\" data-id=\"49039\" data-link=\"https:\/\/www.upjs.sk\/prirodovedecka-fakulta\/cvt2021_1-2\/\" data-custom-link=\"\" data-custom-link-target=\"\" data-sponsored=\"\" class=\"wp-image-49039 skip-lazy\" srcset=\"https:\/\/www.upjs.sk\/app\/uploads\/sites\/10\/2023\/01\/CVT2021_1.jpg 900w, https:\/\/www.upjs.sk\/app\/uploads\/sites\/10\/2023\/01\/CVT2021_1-300x225.jpg 300w, https:\/\/www.upjs.sk\/app\/uploads\/sites\/10\/2023\/01\/CVT2021_1-768x576.jpg 768w\" sizes=\"auto, (max-width: 900px) 100vw, 900px\" \/><\/div><\/div><\/figure><\/div><\/div><\/div><\/div><\/div><\/div><\/div>\n","protected":false},"excerpt":{"rendered":"<p>Vedecko technick\u00fd t\u00edm EDEVIR ocenen\u00fd Cenou za vedu a techniku 2021<\/p>\n","protected":false},"author":25,"featured_media":49039,"menu_order":0,"template":"","meta":{"_acf_changed":false,"_editorskit_title_hidden":false,"_editorskit_reading_time":2,"_editorskit_is_block_options_detached":false,"_editorskit_block_options_position":"{}"},"categories":[],"tags":[],"tax_aktuality":[],"class_list":["post-49107","cpt_aktualne_spravy","type-cpt_aktualne_spravy","status-publish","has-post-thumbnail","hentry"],"acf":{"acf_link_na_externy_obsah":""},"yoast_head":"<!-- This site is optimized with the Yoast SEO plugin v27.4 - https:\/\/yoast.com\/product\/yoast-seo-wordpress\/ -->\n<title>Cena za vedu a techniku 2021 - Pr\u00edrodovedeck\u00e1 fakulta | UPJ\u0160<\/title>\n<meta name=\"robots\" content=\"index, follow, max-snippet:-1, max-image-preview:large, max-video-preview:-1\" \/>\n<link rel=\"canonical\" href=\"https:\/\/www.upjs.sk\/prirodovedecka-fakulta\/actual-news\/cena-za-vedu-a-techniku-2021\/\" \/>\n<meta property=\"og:locale\" content=\"sk_SK\" \/>\n<meta property=\"og:type\" content=\"article\" \/>\n<meta property=\"og:title\" content=\"Cena za vedu a techniku 2021 - Pr\u00edrodovedeck\u00e1 fakulta | UPJ\u0160\" \/>\n<meta property=\"og:description\" content=\"Vedecko technick\u00fd t\u00edm EDEVIR ocenen\u00fd Cenou za vedu a techniku 2021\" \/>\n<meta property=\"og:url\" content=\"https:\/\/www.upjs.sk\/prirodovedecka-fakulta\/actual-news\/cena-za-vedu-a-techniku-2021\/\" \/>\n<meta property=\"og:site_name\" content=\"Pr\u00edrodovedeck\u00e1 fakulta | UPJ\u0160\" \/>\n<meta property=\"article:modified_time\" content=\"2023-03-10T17:11:41+00:00\" \/>\n<meta property=\"og:image\" content=\"https:\/\/www.upjs.sk\/app\/uploads\/sites\/10\/2023\/01\/CVT2021_1.jpg\" \/>\n\t<meta property=\"og:image:width\" content=\"900\" \/>\n\t<meta property=\"og:image:height\" content=\"675\" \/>\n\t<meta property=\"og:image:type\" content=\"image\/jpeg\" \/>\n<meta name=\"twitter:card\" content=\"summary_large_image\" \/>\n<meta name=\"twitter:label1\" content=\"Predpokladan\u00fd \u010das \u010d\u00edtania\" \/>\n\t<meta name=\"twitter:data1\" content=\"3 min\u00faty\" \/>\n<script type=\"application\/ld+json\" class=\"yoast-schema-graph\">{\"@context\":\"https:\\\/\\\/schema.org\",\"@graph\":[{\"@type\":\"WebPage\",\"@id\":\"https:\\\/\\\/www.upjs.sk\\\/prirodovedecka-fakulta\\\/actual-news\\\/cena-za-vedu-a-techniku-2021\\\/\",\"url\":\"https:\\\/\\\/www.upjs.sk\\\/prirodovedecka-fakulta\\\/actual-news\\\/cena-za-vedu-a-techniku-2021\\\/\",\"name\":\"Cena za vedu a techniku 2021 - Pr\u00edrodovedeck\u00e1 fakulta | UPJ\u0160\",\"isPartOf\":{\"@id\":\"https:\\\/\\\/www.upjs.sk\\\/prirodovedecka-fakulta\\\/#website\"},\"primaryImageOfPage\":{\"@id\":\"https:\\\/\\\/www.upjs.sk\\\/prirodovedecka-fakulta\\\/actual-news\\\/cena-za-vedu-a-techniku-2021\\\/#primaryimage\"},\"image\":{\"@id\":\"https:\\\/\\\/www.upjs.sk\\\/prirodovedecka-fakulta\\\/actual-news\\\/cena-za-vedu-a-techniku-2021\\\/#primaryimage\"},\"thumbnailUrl\":\"https:\\\/\\\/www.upjs.sk\\\/app\\\/uploads\\\/sites\\\/10\\\/2023\\\/01\\\/CVT2021_1.jpg\",\"datePublished\":\"2022-12-20T10:45:48+00:00\",\"dateModified\":\"2023-03-10T17:11:41+00:00\",\"breadcrumb\":{\"@id\":\"https:\\\/\\\/www.upjs.sk\\\/prirodovedecka-fakulta\\\/actual-news\\\/cena-za-vedu-a-techniku-2021\\\/#breadcrumb\"},\"inLanguage\":\"sk-SK\",\"potentialAction\":[{\"@type\":\"ReadAction\",\"target\":[\"https:\\\/\\\/www.upjs.sk\\\/prirodovedecka-fakulta\\\/actual-news\\\/cena-za-vedu-a-techniku-2021\\\/\"]}]},{\"@type\":\"ImageObject\",\"inLanguage\":\"sk-SK\",\"@id\":\"https:\\\/\\\/www.upjs.sk\\\/prirodovedecka-fakulta\\\/actual-news\\\/cena-za-vedu-a-techniku-2021\\\/#primaryimage\",\"url\":\"https:\\\/\\\/www.upjs.sk\\\/app\\\/uploads\\\/sites\\\/10\\\/2023\\\/01\\\/CVT2021_1.jpg\",\"contentUrl\":\"https:\\\/\\\/www.upjs.sk\\\/app\\\/uploads\\\/sites\\\/10\\\/2023\\\/01\\\/CVT2021_1.jpg\",\"width\":900,\"height\":675},{\"@type\":\"BreadcrumbList\",\"@id\":\"https:\\\/\\\/www.upjs.sk\\\/prirodovedecka-fakulta\\\/actual-news\\\/cena-za-vedu-a-techniku-2021\\\/#breadcrumb\",\"itemListElement\":[{\"@type\":\"ListItem\",\"position\":1,\"name\":\"Home\",\"item\":\"https:\\\/\\\/www.upjs.sk\\\/prirodovedecka-fakulta\\\/\"},{\"@type\":\"ListItem\",\"position\":2,\"name\":\"Veda men\u00ed svet\",\"item\":\"https:\\\/\\\/www.upjs.sk\\\/prirodovedecka-fakulta\\\/actual-news\\\/\"},{\"@type\":\"ListItem\",\"position\":3,\"name\":\"Cena za vedu a techniku 2021\"}]},{\"@type\":\"WebSite\",\"@id\":\"https:\\\/\\\/www.upjs.sk\\\/prirodovedecka-fakulta\\\/#website\",\"url\":\"https:\\\/\\\/www.upjs.sk\\\/prirodovedecka-fakulta\\\/\",\"name\":\"Pr\u00edrodovedeck\u00e1 fakulta | UPJ\u0160\",\"description\":\"\",\"publisher\":{\"@id\":\"https:\\\/\\\/www.upjs.sk\\\/prirodovedecka-fakulta\\\/#organization\"},\"potentialAction\":[{\"@type\":\"SearchAction\",\"target\":{\"@type\":\"EntryPoint\",\"urlTemplate\":\"https:\\\/\\\/www.upjs.sk\\\/prirodovedecka-fakulta\\\/?s={search_term_string}\"},\"query-input\":{\"@type\":\"PropertyValueSpecification\",\"valueRequired\":true,\"valueName\":\"search_term_string\"}}],\"inLanguage\":\"sk-SK\"},{\"@type\":\"Organization\",\"@id\":\"https:\\\/\\\/www.upjs.sk\\\/prirodovedecka-fakulta\\\/#organization\",\"name\":\"Pr\u00edrodovedeck\u00e1 fakulta | UPJ\u0160\",\"url\":\"https:\\\/\\\/www.upjs.sk\\\/prirodovedecka-fakulta\\\/\",\"logo\":{\"@type\":\"ImageObject\",\"inLanguage\":\"sk-SK\",\"@id\":\"https:\\\/\\\/www.upjs.sk\\\/prirodovedecka-fakulta\\\/#\\\/schema\\\/logo\\\/image\\\/\",\"url\":\"https:\\\/\\\/www.upjs.sk\\\/app\\\/uploads\\\/sites\\\/10\\\/2022\\\/09\\\/logo-prirodovedecka-fakulta.png\",\"contentUrl\":\"https:\\\/\\\/www.upjs.sk\\\/app\\\/uploads\\\/sites\\\/10\\\/2022\\\/09\\\/logo-prirodovedecka-fakulta.png\",\"width\":415,\"height\":87,\"caption\":\"Pr\u00edrodovedeck\u00e1 fakulta | UPJ\u0160\"},\"image\":{\"@id\":\"https:\\\/\\\/www.upjs.sk\\\/prirodovedecka-fakulta\\\/#\\\/schema\\\/logo\\\/image\\\/\"}}]}<\/script>\n<!-- \/ Yoast SEO plugin. -->","yoast_head_json":{"title":"Cena za vedu a techniku 2021 - Pr\u00edrodovedeck\u00e1 fakulta | UPJ\u0160","robots":{"index":"index","follow":"follow","max-snippet":"max-snippet:-1","max-image-preview":"max-image-preview:large","max-video-preview":"max-video-preview:-1"},"canonical":"https:\/\/www.upjs.sk\/prirodovedecka-fakulta\/actual-news\/cena-za-vedu-a-techniku-2021\/","og_locale":"sk_SK","og_type":"article","og_title":"Cena za vedu a techniku 2021 - Pr\u00edrodovedeck\u00e1 fakulta | UPJ\u0160","og_description":"Vedecko technick\u00fd t\u00edm EDEVIR ocenen\u00fd Cenou za vedu a techniku 2021","og_url":"https:\/\/www.upjs.sk\/prirodovedecka-fakulta\/actual-news\/cena-za-vedu-a-techniku-2021\/","og_site_name":"Pr\u00edrodovedeck\u00e1 fakulta | UPJ\u0160","article_modified_time":"2023-03-10T17:11:41+00:00","og_image":[{"width":900,"height":675,"url":"https:\/\/www.upjs.sk\/app\/uploads\/sites\/10\/2023\/01\/CVT2021_1.jpg","type":"image\/jpeg"}],"twitter_card":"summary_large_image","twitter_misc":{"Predpokladan\u00fd \u010das \u010d\u00edtania":"3 min\u00faty"},"schema":{"@context":"https:\/\/schema.org","@graph":[{"@type":"WebPage","@id":"https:\/\/www.upjs.sk\/prirodovedecka-fakulta\/actual-news\/cena-za-vedu-a-techniku-2021\/","url":"https:\/\/www.upjs.sk\/prirodovedecka-fakulta\/actual-news\/cena-za-vedu-a-techniku-2021\/","name":"Cena za vedu a techniku 2021 - Pr\u00edrodovedeck\u00e1 fakulta | UPJ\u0160","isPartOf":{"@id":"https:\/\/www.upjs.sk\/prirodovedecka-fakulta\/#website"},"primaryImageOfPage":{"@id":"https:\/\/www.upjs.sk\/prirodovedecka-fakulta\/actual-news\/cena-za-vedu-a-techniku-2021\/#primaryimage"},"image":{"@id":"https:\/\/www.upjs.sk\/prirodovedecka-fakulta\/actual-news\/cena-za-vedu-a-techniku-2021\/#primaryimage"},"thumbnailUrl":"https:\/\/www.upjs.sk\/app\/uploads\/sites\/10\/2023\/01\/CVT2021_1.jpg","datePublished":"2022-12-20T10:45:48+00:00","dateModified":"2023-03-10T17:11:41+00:00","breadcrumb":{"@id":"https:\/\/www.upjs.sk\/prirodovedecka-fakulta\/actual-news\/cena-za-vedu-a-techniku-2021\/#breadcrumb"},"inLanguage":"sk-SK","potentialAction":[{"@type":"ReadAction","target":["https:\/\/www.upjs.sk\/prirodovedecka-fakulta\/actual-news\/cena-za-vedu-a-techniku-2021\/"]}]},{"@type":"ImageObject","inLanguage":"sk-SK","@id":"https:\/\/www.upjs.sk\/prirodovedecka-fakulta\/actual-news\/cena-za-vedu-a-techniku-2021\/#primaryimage","url":"https:\/\/www.upjs.sk\/app\/uploads\/sites\/10\/2023\/01\/CVT2021_1.jpg","contentUrl":"https:\/\/www.upjs.sk\/app\/uploads\/sites\/10\/2023\/01\/CVT2021_1.jpg","width":900,"height":675},{"@type":"BreadcrumbList","@id":"https:\/\/www.upjs.sk\/prirodovedecka-fakulta\/actual-news\/cena-za-vedu-a-techniku-2021\/#breadcrumb","itemListElement":[{"@type":"ListItem","position":1,"name":"Home","item":"https:\/\/www.upjs.sk\/prirodovedecka-fakulta\/"},{"@type":"ListItem","position":2,"name":"Veda men\u00ed svet","item":"https:\/\/www.upjs.sk\/prirodovedecka-fakulta\/actual-news\/"},{"@type":"ListItem","position":3,"name":"Cena za vedu a techniku 2021"}]},{"@type":"WebSite","@id":"https:\/\/www.upjs.sk\/prirodovedecka-fakulta\/#website","url":"https:\/\/www.upjs.sk\/prirodovedecka-fakulta\/","name":"Pr\u00edrodovedeck\u00e1 fakulta | UPJ\u0160","description":"","publisher":{"@id":"https:\/\/www.upjs.sk\/prirodovedecka-fakulta\/#organization"},"potentialAction":[{"@type":"SearchAction","target":{"@type":"EntryPoint","urlTemplate":"https:\/\/www.upjs.sk\/prirodovedecka-fakulta\/?s={search_term_string}"},"query-input":{"@type":"PropertyValueSpecification","valueRequired":true,"valueName":"search_term_string"}}],"inLanguage":"sk-SK"},{"@type":"Organization","@id":"https:\/\/www.upjs.sk\/prirodovedecka-fakulta\/#organization","name":"Pr\u00edrodovedeck\u00e1 fakulta | UPJ\u0160","url":"https:\/\/www.upjs.sk\/prirodovedecka-fakulta\/","logo":{"@type":"ImageObject","inLanguage":"sk-SK","@id":"https:\/\/www.upjs.sk\/prirodovedecka-fakulta\/#\/schema\/logo\/image\/","url":"https:\/\/www.upjs.sk\/app\/uploads\/sites\/10\/2022\/09\/logo-prirodovedecka-fakulta.png","contentUrl":"https:\/\/www.upjs.sk\/app\/uploads\/sites\/10\/2022\/09\/logo-prirodovedecka-fakulta.png","width":415,"height":87,"caption":"Pr\u00edrodovedeck\u00e1 fakulta | UPJ\u0160"},"image":{"@id":"https:\/\/www.upjs.sk\/prirodovedecka-fakulta\/#\/schema\/logo\/image\/"}}]}},"_links":{"self":[{"href":"https:\/\/www.upjs.sk\/prirodovedecka-fakulta\/wp-json\/wp\/v2\/cpt_aktualne_spravy\/49107","targetHints":{"allow":["GET"]}}],"collection":[{"href":"https:\/\/www.upjs.sk\/prirodovedecka-fakulta\/wp-json\/wp\/v2\/cpt_aktualne_spravy"}],"about":[{"href":"https:\/\/www.upjs.sk\/prirodovedecka-fakulta\/wp-json\/wp\/v2\/types\/cpt_aktualne_spravy"}],"author":[{"embeddable":true,"href":"https:\/\/www.upjs.sk\/prirodovedecka-fakulta\/wp-json\/wp\/v2\/users\/25"}],"wp:featuredmedia":[{"embeddable":true,"href":"https:\/\/www.upjs.sk\/prirodovedecka-fakulta\/wp-json\/wp\/v2\/media\/49039"}],"wp:attachment":[{"href":"https:\/\/www.upjs.sk\/prirodovedecka-fakulta\/wp-json\/wp\/v2\/media?parent=49107"}],"wp:term":[{"taxonomy":"category","embeddable":true,"href":"https:\/\/www.upjs.sk\/prirodovedecka-fakulta\/wp-json\/wp\/v2\/categories?post=49107"},{"taxonomy":"post_tag","embeddable":true,"href":"https:\/\/www.upjs.sk\/prirodovedecka-fakulta\/wp-json\/wp\/v2\/tags?post=49107"},{"taxonomy":"tax_aktuality","embeddable":true,"href":"https:\/\/www.upjs.sk\/prirodovedecka-fakulta\/wp-json\/wp\/v2\/tax_aktuality?post=49107"}],"curies":[{"name":"wp","href":"https:\/\/api.w.org\/{rel}","templated":true}]}}