{"id":62405,"date":"2023-10-30T11:08:12","date_gmt":"2023-10-30T10:08:12","guid":{"rendered":"https:\/\/www.upjs.sk\/prirodovedecka-fakulta\/?post_type=cpt_podujatia&#038;p=62405"},"modified":"2023-10-30T11:16:07","modified_gmt":"2023-10-30T10:16:07","slug":"matematika-na-pozadi-spracovania-obrazu","status":"publish","type":"cpt_podujatia","link":"https:\/\/www.upjs.sk\/prirodovedecka-fakulta\/events\/matematika-na-pozadi-spracovania-obrazu\/","title":{"rendered":"Matematika na pozad\u00ed spracovania obrazu"},"content":{"rendered":"<style>.kb-image62405_0a671a-82 .kb-image-has-overlay:after{opacity:0.3;}<\/style>\n<figure class=\"wp-block-kadence-image kb-image62405_0a671a-82 size-full\"><img loading=\"lazy\" decoding=\"async\" width=\"1170\" height=\"282\" src=\"https:\/\/www.upjs.sk\/app\/uploads\/sites\/10\/2023\/10\/TVT-2023-hlav.jpg\" alt=\"\" class=\"kb-img wp-image-62389\" srcset=\"https:\/\/www.upjs.sk\/app\/uploads\/sites\/10\/2023\/10\/TVT-2023-hlav.jpg 1170w, https:\/\/www.upjs.sk\/app\/uploads\/sites\/10\/2023\/10\/TVT-2023-hlav-300x72.jpg 300w, https:\/\/www.upjs.sk\/app\/uploads\/sites\/10\/2023\/10\/TVT-2023-hlav-1024x247.jpg 1024w, https:\/\/www.upjs.sk\/app\/uploads\/sites\/10\/2023\/10\/TVT-2023-hlav-768x185.jpg 768w\" sizes=\"auto, (max-width: 1170px) 100vw, 1170px\" \/><\/figure>\n\n\n<style>.kadence-column62405_2d1e94-a1 > .kt-inside-inner-col,.kadence-column62405_2d1e94-a1 > .kt-inside-inner-col:before{border-top-left-radius:0px;border-top-right-radius:0px;border-bottom-right-radius:0px;border-bottom-left-radius:0px;}.kadence-column62405_2d1e94-a1 > .kt-inside-inner-col{column-gap:var(--global-kb-gap-sm, 1rem);}.kadence-column62405_2d1e94-a1 > .kt-inside-inner-col{flex-direction:column;}.kadence-column62405_2d1e94-a1 > .kt-inside-inner-col > .aligncenter{width:100%;}.kadence-column62405_2d1e94-a1 > .kt-inside-inner-col:before{opacity:0.3;}.kadence-column62405_2d1e94-a1{position:relative;}@media all and (max-width: 1024px){.kadence-column62405_2d1e94-a1 > .kt-inside-inner-col{flex-direction:column;justify-content:center;}}@media all and (max-width: 767px){.kadence-column62405_2d1e94-a1 > .kt-inside-inner-col{flex-direction:column;justify-content:center;}}<\/style>\n<div class=\"wp-block-kadence-column kadence-column62405_2d1e94-a1\"><div class=\"kt-inside-inner-col\">\n<h5 class=\"wp-block-heading has-prirodovedecka-f-color has-text-color\">\u00dastav matematiky<\/h5>\n\n\n\n<div style=\"height:15px\" aria-hidden=\"true\" class=\"wp-block-spacer\"><\/div>\n\n\n\n<p class=\"has-ek-indent wp-block-paragraph\" style=\"--ek-indent:20px\">n\u00e1zov podujatia: <strong>Matematika na pozad\u00ed spracovania obrazu<\/strong><\/p>\n\n\n\n<p class=\"has-ek-indent wp-block-paragraph\" style=\"--ek-indent:20px\">typ podujatia: <strong>predn\u00e1\u0161k<\/strong>a<\/p>\n\n\n\n<p class=\"has-ek-indent wp-block-paragraph\" style=\"--ek-indent:20px\">za\u010diatok podujatia: <strong>09.11.2023<\/strong><\/p>\n\n\n\n<p class=\"has-ek-indent wp-block-paragraph\" style=\"--ek-indent:20px\">koniec podujatia: <strong>09.11.2023<\/strong><\/p>\n\n\n\n<p class=\"has-ek-indent wp-block-paragraph\" style=\"--ek-indent:20px\">\u010das podujatia: <strong>od 9:00 &#8211; 11:00 h<\/strong><\/p>\n\n\n\n<p class=\"has-ek-indent wp-block-paragraph\" style=\"--ek-indent:20px\">cie\u013eov\u00e1 skupina podujatia: <strong>ml\u00e1de\u017e<\/strong><\/p>\n\n\n\n<p class=\"has-ek-indent wp-block-paragraph\" style=\"--ek-indent:20px\">stru\u010dn\u00fd popis podujatia: <strong>Ako funguje \u010d\u00edtanie \u0160PZ \u00e1ut na parkovisk\u00e1ch, uzamykanie telef\u00f3nov pomocou odtla\u010dkov prstov alebo r\u00f4zne filtre na \u00fapravu fotografi\u00ed? Na predn\u00e1\u0161ke sa dozvieme, \u017ee aj za tak\u00fdmito v\u00fddobytkami modernej techniky je matematika.<\/strong><\/p>\n\n\n\n<p class=\"has-ek-indent wp-block-paragraph\" style=\"--ek-indent:20px\">organiz\u00e1tor: <strong>\u00dastav matematiky Pr\u00edrodovedeckej fakulty UPJ\u0160 v Ko\u0161iciach<\/strong><\/p>\n\n\n\n<p class=\"has-text-align-justify has-ek-indent wp-block-paragraph\" style=\"--ek-indent:20px\">miesto konania: <strong>Gymn\u00e1zium P. O. Hviezdoslava v Ke\u017emarku, Hviezdoslavova 20, 060 14 Ke\u017emarok<\/strong><\/p>\n\n\n\n<p class=\"has-ek-indent wp-block-paragraph\" style=\"--ek-indent:20px\"><br><\/p>\n\n\n\n<p class=\"has-text-align-right wp-block-paragraph\">doc. RNDr. Roman Sot\u00e1k, PhD.<br>dekan PF UPJ\u0160             <\/p>\n<\/div><\/div>\n","protected":false},"excerpt":{"rendered":"<p>T\u00fd\u017ede\u0148 vedy a techniky na Slovensku 2023<\/p>\n","protected":false},"author":25,"featured_media":0,"menu_order":0,"template":"","meta":{"_acf_changed":false},"categories":[],"tags":[],"tax_aktuality":[],"class_list":["post-62405","cpt_podujatia","type-cpt_podujatia","status-publish","hentry"],"acf":{"acf_link_na_externy_obsah":"","cpt_udalost_datum_konania":"20231109","cpt_udalost_datum_koniec":"20231109","cpt_udalost_miesto_konania":"Gymn\u00e1zium P. O. Hviezdoslava v Ke\u017emarku","cpt_udalost_cas_konania":"09:00:00"},"yoast_head":"<!-- This site is optimized with the Yoast SEO plugin v28.4 - https:\/\/yoast.com\/product\/yoast-seo-wordpress\/ -->\n<title>Matematika na pozad\u00ed spracovania obrazu - Pr\u00edrodovedeck\u00e1 fakulta | UPJ\u0160<\/title>\n<meta name=\"robots\" content=\"index, follow, max-snippet:-1, max-image-preview:large, max-video-preview:-1\" \/>\n<link rel=\"canonical\" href=\"https:\/\/www.upjs.sk\/prirodovedecka-fakulta\/events\/matematika-na-pozadi-spracovania-obrazu\/\" \/>\n<meta property=\"og:locale\" content=\"sk_SK\" \/>\n<meta property=\"og:type\" content=\"article\" \/>\n<meta property=\"og:title\" content=\"Matematika na pozad\u00ed spracovania obrazu - Pr\u00edrodovedeck\u00e1 fakulta | UPJ\u0160\" \/>\n<meta property=\"og:description\" content=\"T\u00fd\u017ede\u0148 vedy a techniky na Slovensku 2023\" \/>\n<meta property=\"og:url\" content=\"https:\/\/www.upjs.sk\/prirodovedecka-fakulta\/events\/matematika-na-pozadi-spracovania-obrazu\/\" \/>\n<meta property=\"og:site_name\" content=\"Pr\u00edrodovedeck\u00e1 fakulta | UPJ\u0160\" \/>\n<meta property=\"article:modified_time\" content=\"2023-10-30T10:16:07+00:00\" \/>\n<meta property=\"og:image\" content=\"https:\/\/www.upjs.sk\/app\/uploads\/sites\/10\/2023\/10\/TVT-2023-hlav.jpg\" \/>\n<meta name=\"twitter:card\" content=\"summary_large_image\" \/>\n<meta name=\"twitter:label1\" content=\"Predpokladan\u00fd \u010das \u010d\u00edtania\" \/>\n\t<meta name=\"twitter:data1\" content=\"1 min\u00fata\" \/>\n<script type=\"application\/ld+json\" class=\"yoast-schema-graph\">{\"@context\":\"https:\\\/\\\/schema.org\",\"@graph\":[{\"@type\":\"WebPage\",\"@id\":\"https:\\\/\\\/www.upjs.sk\\\/prirodovedecka-fakulta\\\/events\\\/matematika-na-pozadi-spracovania-obrazu\\\/\",\"url\":\"https:\\\/\\\/www.upjs.sk\\\/prirodovedecka-fakulta\\\/events\\\/matematika-na-pozadi-spracovania-obrazu\\\/\",\"name\":\"Matematika na pozad\u00ed spracovania obrazu - Pr\u00edrodovedeck\u00e1 fakulta | UPJ\u0160\",\"isPartOf\":{\"@id\":\"https:\\\/\\\/www.upjs.sk\\\/prirodovedecka-fakulta\\\/#website\"},\"primaryImageOfPage\":{\"@id\":\"https:\\\/\\\/www.upjs.sk\\\/prirodovedecka-fakulta\\\/events\\\/matematika-na-pozadi-spracovania-obrazu\\\/#primaryimage\"},\"image\":{\"@id\":\"https:\\\/\\\/www.upjs.sk\\\/prirodovedecka-fakulta\\\/events\\\/matematika-na-pozadi-spracovania-obrazu\\\/#primaryimage\"},\"thumbnailUrl\":\"https:\\\/\\\/www.upjs.sk\\\/app\\\/uploads\\\/sites\\\/10\\\/2023\\\/10\\\/TVT-2023-hlav.jpg\",\"datePublished\":\"2023-10-30T10:08:12+00:00\",\"dateModified\":\"2023-10-30T10:16:07+00:00\",\"breadcrumb\":{\"@id\":\"https:\\\/\\\/www.upjs.sk\\\/prirodovedecka-fakulta\\\/events\\\/matematika-na-pozadi-spracovania-obrazu\\\/#breadcrumb\"},\"inLanguage\":\"sk-SK\",\"potentialAction\":[{\"@type\":\"ReadAction\",\"target\":[\"https:\\\/\\\/www.upjs.sk\\\/prirodovedecka-fakulta\\\/events\\\/matematika-na-pozadi-spracovania-obrazu\\\/\"]}]},{\"@type\":\"ImageObject\",\"inLanguage\":\"sk-SK\",\"@id\":\"https:\\\/\\\/www.upjs.sk\\\/prirodovedecka-fakulta\\\/events\\\/matematika-na-pozadi-spracovania-obrazu\\\/#primaryimage\",\"url\":\"https:\\\/\\\/www.upjs.sk\\\/app\\\/uploads\\\/sites\\\/10\\\/2023\\\/10\\\/TVT-2023-hlav.jpg\",\"contentUrl\":\"https:\\\/\\\/www.upjs.sk\\\/app\\\/uploads\\\/sites\\\/10\\\/2023\\\/10\\\/TVT-2023-hlav.jpg\"},{\"@type\":\"BreadcrumbList\",\"@id\":\"https:\\\/\\\/www.upjs.sk\\\/prirodovedecka-fakulta\\\/events\\\/matematika-na-pozadi-spracovania-obrazu\\\/#breadcrumb\",\"itemListElement\":[{\"@type\":\"ListItem\",\"position\":1,\"name\":\"Home\",\"item\":\"https:\\\/\\\/www.upjs.sk\\\/prirodovedecka-fakulta\\\/\"},{\"@type\":\"ListItem\",\"position\":2,\"name\":\"Podujatia\",\"item\":\"https:\\\/\\\/www.upjs.sk\\\/prirodovedecka-fakulta\\\/events\\\/\"},{\"@type\":\"ListItem\",\"position\":3,\"name\":\"Matematika na pozad\u00ed spracovania obrazu\"}]},{\"@type\":\"WebSite\",\"@id\":\"https:\\\/\\\/www.upjs.sk\\\/prirodovedecka-fakulta\\\/#website\",\"url\":\"https:\\\/\\\/www.upjs.sk\\\/prirodovedecka-fakulta\\\/\",\"name\":\"Pr\u00edrodovedeck\u00e1 fakulta | UPJ\u0160\",\"description\":\"\",\"publisher\":{\"@id\":\"https:\\\/\\\/www.upjs.sk\\\/prirodovedecka-fakulta\\\/#organization\"},\"potentialAction\":[{\"@type\":\"SearchAction\",\"target\":{\"@type\":\"EntryPoint\",\"urlTemplate\":\"https:\\\/\\\/www.upjs.sk\\\/prirodovedecka-fakulta\\\/?s={search_term_string}\"},\"query-input\":{\"@type\":\"PropertyValueSpecification\",\"valueRequired\":true,\"valueName\":\"search_term_string\"}}],\"inLanguage\":\"sk-SK\"},{\"@type\":\"Organization\",\"@id\":\"https:\\\/\\\/www.upjs.sk\\\/prirodovedecka-fakulta\\\/#organization\",\"name\":\"Pr\u00edrodovedeck\u00e1 fakulta | UPJ\u0160\",\"url\":\"https:\\\/\\\/www.upjs.sk\\\/prirodovedecka-fakulta\\\/\",\"logo\":{\"@type\":\"ImageObject\",\"inLanguage\":\"sk-SK\",\"@id\":\"https:\\\/\\\/www.upjs.sk\\\/prirodovedecka-fakulta\\\/#\\\/schema\\\/logo\\\/image\\\/\",\"url\":\"https:\\\/\\\/www.upjs.sk\\\/app\\\/uploads\\\/sites\\\/10\\\/2022\\\/09\\\/logo-prirodovedecka-fakulta.png\",\"contentUrl\":\"https:\\\/\\\/www.upjs.sk\\\/app\\\/uploads\\\/sites\\\/10\\\/2022\\\/09\\\/logo-prirodovedecka-fakulta.png\",\"width\":415,\"height\":87,\"caption\":\"Pr\u00edrodovedeck\u00e1 fakulta | UPJ\u0160\"},\"image\":{\"@id\":\"https:\\\/\\\/www.upjs.sk\\\/prirodovedecka-fakulta\\\/#\\\/schema\\\/logo\\\/image\\\/\"}}]}<\/script>\n<!-- \/ Yoast SEO plugin. -->","yoast_head_json":{"title":"Matematika na pozad\u00ed spracovania obrazu - Pr\u00edrodovedeck\u00e1 fakulta | UPJ\u0160","robots":{"index":"index","follow":"follow","max-snippet":"max-snippet:-1","max-image-preview":"max-image-preview:large","max-video-preview":"max-video-preview:-1"},"canonical":"https:\/\/www.upjs.sk\/prirodovedecka-fakulta\/events\/matematika-na-pozadi-spracovania-obrazu\/","og_locale":"sk_SK","og_type":"article","og_title":"Matematika na pozad\u00ed spracovania obrazu - Pr\u00edrodovedeck\u00e1 fakulta | UPJ\u0160","og_description":"T\u00fd\u017ede\u0148 vedy a techniky na Slovensku 2023","og_url":"https:\/\/www.upjs.sk\/prirodovedecka-fakulta\/events\/matematika-na-pozadi-spracovania-obrazu\/","og_site_name":"Pr\u00edrodovedeck\u00e1 fakulta | UPJ\u0160","article_modified_time":"2023-10-30T10:16:07+00:00","og_image":[{"url":"https:\/\/www.upjs.sk\/app\/uploads\/sites\/10\/2023\/10\/TVT-2023-hlav.jpg","type":"","width":"","height":""}],"twitter_card":"summary_large_image","twitter_misc":{"Predpokladan\u00fd \u010das \u010d\u00edtania":"1 min\u00fata"},"schema":{"@context":"https:\/\/schema.org","@graph":[{"@type":"WebPage","@id":"https:\/\/www.upjs.sk\/prirodovedecka-fakulta\/events\/matematika-na-pozadi-spracovania-obrazu\/","url":"https:\/\/www.upjs.sk\/prirodovedecka-fakulta\/events\/matematika-na-pozadi-spracovania-obrazu\/","name":"Matematika na pozad\u00ed spracovania obrazu - Pr\u00edrodovedeck\u00e1 fakulta | UPJ\u0160","isPartOf":{"@id":"https:\/\/www.upjs.sk\/prirodovedecka-fakulta\/#website"},"primaryImageOfPage":{"@id":"https:\/\/www.upjs.sk\/prirodovedecka-fakulta\/events\/matematika-na-pozadi-spracovania-obrazu\/#primaryimage"},"image":{"@id":"https:\/\/www.upjs.sk\/prirodovedecka-fakulta\/events\/matematika-na-pozadi-spracovania-obrazu\/#primaryimage"},"thumbnailUrl":"https:\/\/www.upjs.sk\/app\/uploads\/sites\/10\/2023\/10\/TVT-2023-hlav.jpg","datePublished":"2023-10-30T10:08:12+00:00","dateModified":"2023-10-30T10:16:07+00:00","breadcrumb":{"@id":"https:\/\/www.upjs.sk\/prirodovedecka-fakulta\/events\/matematika-na-pozadi-spracovania-obrazu\/#breadcrumb"},"inLanguage":"sk-SK","potentialAction":[{"@type":"ReadAction","target":["https:\/\/www.upjs.sk\/prirodovedecka-fakulta\/events\/matematika-na-pozadi-spracovania-obrazu\/"]}]},{"@type":"ImageObject","inLanguage":"sk-SK","@id":"https:\/\/www.upjs.sk\/prirodovedecka-fakulta\/events\/matematika-na-pozadi-spracovania-obrazu\/#primaryimage","url":"https:\/\/www.upjs.sk\/app\/uploads\/sites\/10\/2023\/10\/TVT-2023-hlav.jpg","contentUrl":"https:\/\/www.upjs.sk\/app\/uploads\/sites\/10\/2023\/10\/TVT-2023-hlav.jpg"},{"@type":"BreadcrumbList","@id":"https:\/\/www.upjs.sk\/prirodovedecka-fakulta\/events\/matematika-na-pozadi-spracovania-obrazu\/#breadcrumb","itemListElement":[{"@type":"ListItem","position":1,"name":"Home","item":"https:\/\/www.upjs.sk\/prirodovedecka-fakulta\/"},{"@type":"ListItem","position":2,"name":"Podujatia","item":"https:\/\/www.upjs.sk\/prirodovedecka-fakulta\/events\/"},{"@type":"ListItem","position":3,"name":"Matematika na pozad\u00ed spracovania obrazu"}]},{"@type":"WebSite","@id":"https:\/\/www.upjs.sk\/prirodovedecka-fakulta\/#website","url":"https:\/\/www.upjs.sk\/prirodovedecka-fakulta\/","name":"Pr\u00edrodovedeck\u00e1 fakulta | UPJ\u0160","description":"","publisher":{"@id":"https:\/\/www.upjs.sk\/prirodovedecka-fakulta\/#organization"},"potentialAction":[{"@type":"SearchAction","target":{"@type":"EntryPoint","urlTemplate":"https:\/\/www.upjs.sk\/prirodovedecka-fakulta\/?s={search_term_string}"},"query-input":{"@type":"PropertyValueSpecification","valueRequired":true,"valueName":"search_term_string"}}],"inLanguage":"sk-SK"},{"@type":"Organization","@id":"https:\/\/www.upjs.sk\/prirodovedecka-fakulta\/#organization","name":"Pr\u00edrodovedeck\u00e1 fakulta | UPJ\u0160","url":"https:\/\/www.upjs.sk\/prirodovedecka-fakulta\/","logo":{"@type":"ImageObject","inLanguage":"sk-SK","@id":"https:\/\/www.upjs.sk\/prirodovedecka-fakulta\/#\/schema\/logo\/image\/","url":"https:\/\/www.upjs.sk\/app\/uploads\/sites\/10\/2022\/09\/logo-prirodovedecka-fakulta.png","contentUrl":"https:\/\/www.upjs.sk\/app\/uploads\/sites\/10\/2022\/09\/logo-prirodovedecka-fakulta.png","width":415,"height":87,"caption":"Pr\u00edrodovedeck\u00e1 fakulta | UPJ\u0160"},"image":{"@id":"https:\/\/www.upjs.sk\/prirodovedecka-fakulta\/#\/schema\/logo\/image\/"}}]}},"_links":{"self":[{"href":"https:\/\/www.upjs.sk\/prirodovedecka-fakulta\/wp-json\/wp\/v2\/cpt_podujatia\/62405","targetHints":{"allow":["GET"]}}],"collection":[{"href":"https:\/\/www.upjs.sk\/prirodovedecka-fakulta\/wp-json\/wp\/v2\/cpt_podujatia"}],"about":[{"href":"https:\/\/www.upjs.sk\/prirodovedecka-fakulta\/wp-json\/wp\/v2\/types\/cpt_podujatia"}],"author":[{"embeddable":true,"href":"https:\/\/www.upjs.sk\/prirodovedecka-fakulta\/wp-json\/wp\/v2\/users\/25"}],"wp:attachment":[{"href":"https:\/\/www.upjs.sk\/prirodovedecka-fakulta\/wp-json\/wp\/v2\/media?parent=62405"}],"wp:term":[{"taxonomy":"category","embeddable":true,"href":"https:\/\/www.upjs.sk\/prirodovedecka-fakulta\/wp-json\/wp\/v2\/categories?post=62405"},{"taxonomy":"post_tag","embeddable":true,"href":"https:\/\/www.upjs.sk\/prirodovedecka-fakulta\/wp-json\/wp\/v2\/tags?post=62405"},{"taxonomy":"tax_aktuality","embeddable":true,"href":"https:\/\/www.upjs.sk\/prirodovedecka-fakulta\/wp-json\/wp\/v2\/tax_aktuality?post=62405"}],"curies":[{"name":"wp","href":"https:\/\/api.w.org\/{rel}","templated":true}]}}