{"id":20457,"date":"2021-01-29T15:01:45","date_gmt":"2021-01-29T15:01:45","guid":{"rendered":"https:\/\/www.upjs.sk\/prirodovedecka-fakulta\/pracoviska\/ubev\/apu\/kmb\/studium\/"},"modified":"2022-11-13T21:32:20","modified_gmt":"2022-11-13T20:32:20","slug":"studium","status":"publish","type":"cpt_pracoviska","link":"https:\/\/www.upjs.sk\/prirodovedecka-fakulta\/pracoviska\/ustavy-pf\/ubev\/apu\/kmb\/studium\/","title":{"rendered":"\u0160t\u00fadium"},"content":{"rendered":"<p style=\"text-align: center;\"><em>\u201cThe role of the infinitely small in nature is infinitely large\u201d<\/em><\/p>\n<p style=\"text-align: justify;\">T\u00fdmto v\u00fdrokom Loiusa Pasteura za\u010d\u00ednaj\u00fa mnoh\u00e9 u\u010debnice mikrobiol\u00f3gie. Aj ke\u010f je mikrobiol\u00f3gia jednou z najmlad\u0161\u00edch klasick\u00fdch biologick\u00fdch discipl\u00edn, bolo to pr\u00e1ve \u0161t\u00fadium mikroorganizmov, ktor\u00e9 n\u00e1m umo\u017enilo pochopi\u0165 fungovanie \u017eiv\u00fdch buniek. Mikroorganizmy boli toti\u017e prv\u00e9 a po v\u00e4\u010d\u0161inu doby existencie \u017eivota na na\u0161ej Zemi aj jedin\u00e9 organizmy, ktor\u00e9 ju ob\u00fdvali.<\/p>\n<p style=\"text-align: justify;\">Za miliardy rokov evol\u00facie sa dok\u00e1zali prisp\u00f4sobi\u0165 aj ve\u013emi nehostinn\u00fdm prostrediam a mikrobiol\u00f3gia prin\u00e1\u0161a najd\u00f4le\u017eitej\u0161ie n\u00e1povedy pri h\u013eadan\u00ed mimozemsk\u00e9ho \u017eivota. Pr\u00e1ve mikroorganizmy s\u00fa zodpovedn\u00e9 za to, ako vyzer\u00e1 na\u0161e \u017eivotn\u00e9 prostredie a umo\u017enili vznik mnohobunkov\u00fdch mikroorganizmov a n\u00e1sledne aj n\u00e1s, \u013eud\u00ed. Hoci mikroorganizmy predstavuj\u00fa asi 50 % biomasy na Zemi, s\u00fa doposia\u013e najmenej presk\u00famanou skupinou organizmov. Pesimisti odhaduj\u00fa, \u017ee pozn\u00e1me menej ne\u017e 0,01 % existuj\u00facich mikroorganizmov na Zemi.<\/p>\n<p style=\"text-align: justify;\">O v\u00fdzname mikroorganizmov pre n\u00e1\u0161 ka\u017edodenn\u00fd \u017eivot nemo\u017eno pochybova\u0165. K\u00fdm niektor\u00e9 s\u00fa zodpovedn\u00e9 za choroby ovplyv\u0148uj\u00face nielen \u013eud\u00ed, ale aj rastliny a zvierat\u00e1, in\u00e9 maj\u00fa z\u00e1sadn\u00fd v\u00fdznam pre udr\u017eiavanie obyvate\u013enosti na\u0161ej Zeme. \u010eal\u0161ie zase zohr\u00e1vaj\u00fa z\u00e1sadn\u00fa \u00falohu v priemysle, kde sa ich jedine\u010dn\u00e9 vlastnosti vyu\u017e\u00edvaj\u00fa pri v\u00fdrobe potrav\u00edn, n\u00e1pojov a antibiot\u00edk.<\/p>\n<p style=\"text-align: justify;\">Mikrobiol\u00f3gia \u0161tuduje mikroorganizmy na \u00farovni spolo\u010denstiev (ekol\u00f3gia a epidemiol\u00f3gia), na \u00farovni jednotliv\u00fdch buniek (bunkov\u00e1 biol\u00f3gia a fyziol\u00f3gia) a na \u00farovni bielkov\u00edn a g\u00e9nov (molekul\u00e1rna biol\u00f3gia). Ak chcete vedie\u0165 viac, nev\u00e1hajte n\u00e1s <a href=\"https:\/\/www.upjs.sk\/PF\/pracovisko\/KMB\/\" target=\"_blank\" rel=\"noopener\">kontaktova\u0165<\/a>.<\/p>\n<p style=\"text-align: justify;\">\u00a0<\/p>\n<ul>\n<li><a href=\"https:\/\/www.upjs.sk\/prirodovedecka-fakulta\/ustav\/ubev\/apu\/kmb\/studium\/predmety\/\" target=\"_blank\" rel=\"noopener\">Predmety<\/a><\/li>\n<li><a href=\"https:\/\/www.upjs.sk\/prirodovedecka-fakulta\/ustav\/ubev\/apu\/kmb\/studium\/bp\/\" target=\"_blank\" rel=\"noopener\">Bakal\u00e1rske pr\u00e1ce<\/a><\/li>\n<li><a href=\"https:\/\/www.upjs.sk\/prirodovedecka-fakulta\/ustav\/ubev\/apu\/kmb\/studium\/mp\/\" target=\"_blank\" rel=\"noopener\">Diplomov\u00e9 pr\u00e1ce<\/a><\/li>\n<li><a href=\"https:\/\/www.upjs.sk\/prirodovedecka-fakulta\/ustav\/ubev\/apu\/kmb\/studium\/dp\/\">Dizerta\u010dn\u00e9 pr\u00e1ce<\/a><\/li>\n<li><a href=\"https:\/\/www.upjs.sk\/prirodovedecka-fakulta\/ustav\/ubev\/apu\/kmb\/studium\/sps\/\" target=\"_blank\" rel=\"noopener\">\u0160tudentsk\u00e9 pomocn\u00e9 sily<\/a><\/li>\n<\/ul>\n<p>\u00a0<\/p>\n","protected":false},"author":1,"featured_media":0,"parent":20441,"menu_order":6,"template":"","meta":{"_acf_changed":false,"_editorskit_title_hidden":false,"_editorskit_reading_time":0,"_editorskit_is_block_options_detached":false,"_editorskit_block_options_position":"{}"},"categories":[],"tags":[],"tax_aktuality":[],"class_list":["post-20457","cpt_pracoviska","type-cpt_pracoviska","status-publish","hentry"],"acf":{"acf_link_na_externy_obsah":""},"yoast_head":"<!-- This site is optimized with the Yoast SEO plugin v27.4 - https:\/\/yoast.com\/product\/yoast-seo-wordpress\/ -->\n<title>\u0160t\u00fadium - Pr\u00edrodovedeck\u00e1 fakulta | UPJ\u0160<\/title>\n<meta name=\"robots\" content=\"index, follow, max-snippet:-1, max-image-preview:large, max-video-preview:-1\" \/>\n<link rel=\"canonical\" href=\"https:\/\/www.upjs.sk\/prirodovedecka-fakulta\/pracoviska\/ustavy-pf\/ubev\/apu\/kmb\/studium\/\" \/>\n<meta property=\"og:locale\" content=\"sk_SK\" \/>\n<meta property=\"og:type\" content=\"article\" \/>\n<meta property=\"og:title\" content=\"\u0160t\u00fadium - Pr\u00edrodovedeck\u00e1 fakulta | UPJ\u0160\" \/>\n<meta property=\"og:description\" content=\"\u201cThe role of the infinitely small in nature is infinitely large\u201d T\u00fdmto v\u00fdrokom Loiusa Pasteura za\u010d\u00ednaj\u00fa mnoh\u00e9 u\u010debnice mikrobiol\u00f3gie. Aj ke\u010f je mikrobiol\u00f3gia jednou z najmlad\u0161\u00edch klasick\u00fdch biologick\u00fdch discipl\u00edn, bolo to pr\u00e1ve \u0161t\u00fadium mikroorganizmov, ktor\u00e9 n\u00e1m umo\u017enilo pochopi\u0165 fungovanie \u017eiv\u00fdch buniek. Mikroorganizmy boli toti\u017e prv\u00e9 a po v\u00e4\u010d\u0161inu doby existencie \u017eivota na na\u0161ej Zemi aj &hellip; \u010c\u00edta\u0165 \u010falej\" \/>\n<meta property=\"og:url\" content=\"https:\/\/www.upjs.sk\/prirodovedecka-fakulta\/pracoviska\/ustavy-pf\/ubev\/apu\/kmb\/studium\/\" \/>\n<meta property=\"og:site_name\" content=\"Pr\u00edrodovedeck\u00e1 fakulta | UPJ\u0160\" \/>\n<meta property=\"article:modified_time\" content=\"2022-11-13T20:32:20+00:00\" \/>\n<meta name=\"twitter:card\" content=\"summary_large_image\" \/>\n<meta name=\"twitter:label1\" content=\"Predpokladan\u00fd \u010das \u010d\u00edtania\" \/>\n\t<meta name=\"twitter:data1\" content=\"1 min\u00fata\" \/>\n<script type=\"application\/ld+json\" class=\"yoast-schema-graph\">{\"@context\":\"https:\\\/\\\/schema.org\",\"@graph\":[{\"@type\":\"WebPage\",\"@id\":\"https:\\\/\\\/www.upjs.sk\\\/prirodovedecka-fakulta\\\/pracoviska\\\/ustavy-pf\\\/ubev\\\/apu\\\/kmb\\\/studium\\\/\",\"url\":\"https:\\\/\\\/www.upjs.sk\\\/prirodovedecka-fakulta\\\/pracoviska\\\/ustavy-pf\\\/ubev\\\/apu\\\/kmb\\\/studium\\\/\",\"name\":\"\u0160t\u00fadium - Pr\u00edrodovedeck\u00e1 fakulta | UPJ\u0160\",\"isPartOf\":{\"@id\":\"https:\\\/\\\/www.upjs.sk\\\/prirodovedecka-fakulta\\\/#website\"},\"datePublished\":\"2021-01-29T15:01:45+00:00\",\"dateModified\":\"2022-11-13T20:32:20+00:00\",\"breadcrumb\":{\"@id\":\"https:\\\/\\\/www.upjs.sk\\\/prirodovedecka-fakulta\\\/pracoviska\\\/ustavy-pf\\\/ubev\\\/apu\\\/kmb\\\/studium\\\/#breadcrumb\"},\"inLanguage\":\"sk-SK\",\"potentialAction\":[{\"@type\":\"ReadAction\",\"target\":[\"https:\\\/\\\/www.upjs.sk\\\/prirodovedecka-fakulta\\\/pracoviska\\\/ustavy-pf\\\/ubev\\\/apu\\\/kmb\\\/studium\\\/\"]}]},{\"@type\":\"BreadcrumbList\",\"@id\":\"https:\\\/\\\/www.upjs.sk\\\/prirodovedecka-fakulta\\\/pracoviska\\\/ustavy-pf\\\/ubev\\\/apu\\\/kmb\\\/studium\\\/#breadcrumb\",\"itemListElement\":[{\"@type\":\"ListItem\",\"position\":1,\"name\":\"Home\",\"item\":\"https:\\\/\\\/www.upjs.sk\\\/prirodovedecka-fakulta\\\/\"},{\"@type\":\"ListItem\",\"position\":2,\"name\":\"Pracovisk\u00e1\",\"item\":\"https:\\\/\\\/www.upjs.sk\\\/prirodovedecka-fakulta\\\/pracoviska\\\/\"},{\"@type\":\"ListItem\",\"position\":3,\"name\":\"\u00dastavy\",\"item\":\"https:\\\/\\\/www.upjs.sk\\\/prirodovedecka-fakulta\\\/pracoviska\\\/ustavy-pf\\\/\"},{\"@type\":\"ListItem\",\"position\":4,\"name\":\"\u00dastav biologick\u00fdch a ekologick\u00fdch vied\",\"item\":\"https:\\\/\\\/www.upjs.sk\\\/prirodovedecka-fakulta\\\/pracoviska\\\/ustavy-pf\\\/ubev\\\/\"},{\"@type\":\"ListItem\",\"position\":5,\"name\":\"Akademick\u00e9 pracovisk\u00e1 \u00fastavu\",\"item\":\"https:\\\/\\\/www.upjs.sk\\\/prirodovedecka-fakulta\\\/pracoviska\\\/ustavy-pf\\\/ubev\\\/apu\\\/\"},{\"@type\":\"ListItem\",\"position\":6,\"name\":\"Katedra mikrobiol\u00f3gie\",\"item\":\"https:\\\/\\\/www.upjs.sk\\\/prirodovedecka-fakulta\\\/?post_type=cpt_pracoviska&p=20441\"},{\"@type\":\"ListItem\",\"position\":7,\"name\":\"\u0160t\u00fadium\"}]},{\"@type\":\"WebSite\",\"@id\":\"https:\\\/\\\/www.upjs.sk\\\/prirodovedecka-fakulta\\\/#website\",\"url\":\"https:\\\/\\\/www.upjs.sk\\\/prirodovedecka-fakulta\\\/\",\"name\":\"Pr\u00edrodovedeck\u00e1 fakulta | UPJ\u0160\",\"description\":\"\",\"publisher\":{\"@id\":\"https:\\\/\\\/www.upjs.sk\\\/prirodovedecka-fakulta\\\/#organization\"},\"potentialAction\":[{\"@type\":\"SearchAction\",\"target\":{\"@type\":\"EntryPoint\",\"urlTemplate\":\"https:\\\/\\\/www.upjs.sk\\\/prirodovedecka-fakulta\\\/?s={search_term_string}\"},\"query-input\":{\"@type\":\"PropertyValueSpecification\",\"valueRequired\":true,\"valueName\":\"search_term_string\"}}],\"inLanguage\":\"sk-SK\"},{\"@type\":\"Organization\",\"@id\":\"https:\\\/\\\/www.upjs.sk\\\/prirodovedecka-fakulta\\\/#organization\",\"name\":\"Pr\u00edrodovedeck\u00e1 fakulta | UPJ\u0160\",\"url\":\"https:\\\/\\\/www.upjs.sk\\\/prirodovedecka-fakulta\\\/\",\"logo\":{\"@type\":\"ImageObject\",\"inLanguage\":\"sk-SK\",\"@id\":\"https:\\\/\\\/www.upjs.sk\\\/prirodovedecka-fakulta\\\/#\\\/schema\\\/logo\\\/image\\\/\",\"url\":\"https:\\\/\\\/www.upjs.sk\\\/app\\\/uploads\\\/sites\\\/10\\\/2022\\\/09\\\/logo-prirodovedecka-fakulta.png\",\"contentUrl\":\"https:\\\/\\\/www.upjs.sk\\\/app\\\/uploads\\\/sites\\\/10\\\/2022\\\/09\\\/logo-prirodovedecka-fakulta.png\",\"width\":415,\"height\":87,\"caption\":\"Pr\u00edrodovedeck\u00e1 fakulta | UPJ\u0160\"},\"image\":{\"@id\":\"https:\\\/\\\/www.upjs.sk\\\/prirodovedecka-fakulta\\\/#\\\/schema\\\/logo\\\/image\\\/\"}}]}<\/script>\n<!-- \/ Yoast SEO plugin. -->","yoast_head_json":{"title":"\u0160t\u00fadium - Pr\u00edrodovedeck\u00e1 fakulta | UPJ\u0160","robots":{"index":"index","follow":"follow","max-snippet":"max-snippet:-1","max-image-preview":"max-image-preview:large","max-video-preview":"max-video-preview:-1"},"canonical":"https:\/\/www.upjs.sk\/prirodovedecka-fakulta\/pracoviska\/ustavy-pf\/ubev\/apu\/kmb\/studium\/","og_locale":"sk_SK","og_type":"article","og_title":"\u0160t\u00fadium - Pr\u00edrodovedeck\u00e1 fakulta | UPJ\u0160","og_description":"\u201cThe role of the infinitely small in nature is infinitely large\u201d T\u00fdmto v\u00fdrokom Loiusa Pasteura za\u010d\u00ednaj\u00fa mnoh\u00e9 u\u010debnice mikrobiol\u00f3gie. Aj ke\u010f je mikrobiol\u00f3gia jednou z najmlad\u0161\u00edch klasick\u00fdch biologick\u00fdch discipl\u00edn, bolo to pr\u00e1ve \u0161t\u00fadium mikroorganizmov, ktor\u00e9 n\u00e1m umo\u017enilo pochopi\u0165 fungovanie \u017eiv\u00fdch buniek. Mikroorganizmy boli toti\u017e prv\u00e9 a po v\u00e4\u010d\u0161inu doby existencie \u017eivota na na\u0161ej Zemi aj &hellip; \u010c\u00edta\u0165 \u010falej","og_url":"https:\/\/www.upjs.sk\/prirodovedecka-fakulta\/pracoviska\/ustavy-pf\/ubev\/apu\/kmb\/studium\/","og_site_name":"Pr\u00edrodovedeck\u00e1 fakulta | UPJ\u0160","article_modified_time":"2022-11-13T20:32:20+00:00","twitter_card":"summary_large_image","twitter_misc":{"Predpokladan\u00fd \u010das \u010d\u00edtania":"1 min\u00fata"},"schema":{"@context":"https:\/\/schema.org","@graph":[{"@type":"WebPage","@id":"https:\/\/www.upjs.sk\/prirodovedecka-fakulta\/pracoviska\/ustavy-pf\/ubev\/apu\/kmb\/studium\/","url":"https:\/\/www.upjs.sk\/prirodovedecka-fakulta\/pracoviska\/ustavy-pf\/ubev\/apu\/kmb\/studium\/","name":"\u0160t\u00fadium - Pr\u00edrodovedeck\u00e1 fakulta | UPJ\u0160","isPartOf":{"@id":"https:\/\/www.upjs.sk\/prirodovedecka-fakulta\/#website"},"datePublished":"2021-01-29T15:01:45+00:00","dateModified":"2022-11-13T20:32:20+00:00","breadcrumb":{"@id":"https:\/\/www.upjs.sk\/prirodovedecka-fakulta\/pracoviska\/ustavy-pf\/ubev\/apu\/kmb\/studium\/#breadcrumb"},"inLanguage":"sk-SK","potentialAction":[{"@type":"ReadAction","target":["https:\/\/www.upjs.sk\/prirodovedecka-fakulta\/pracoviska\/ustavy-pf\/ubev\/apu\/kmb\/studium\/"]}]},{"@type":"BreadcrumbList","@id":"https:\/\/www.upjs.sk\/prirodovedecka-fakulta\/pracoviska\/ustavy-pf\/ubev\/apu\/kmb\/studium\/#breadcrumb","itemListElement":[{"@type":"ListItem","position":1,"name":"Home","item":"https:\/\/www.upjs.sk\/prirodovedecka-fakulta\/"},{"@type":"ListItem","position":2,"name":"Pracovisk\u00e1","item":"https:\/\/www.upjs.sk\/prirodovedecka-fakulta\/pracoviska\/"},{"@type":"ListItem","position":3,"name":"\u00dastavy","item":"https:\/\/www.upjs.sk\/prirodovedecka-fakulta\/pracoviska\/ustavy-pf\/"},{"@type":"ListItem","position":4,"name":"\u00dastav biologick\u00fdch a ekologick\u00fdch vied","item":"https:\/\/www.upjs.sk\/prirodovedecka-fakulta\/pracoviska\/ustavy-pf\/ubev\/"},{"@type":"ListItem","position":5,"name":"Akademick\u00e9 pracovisk\u00e1 \u00fastavu","item":"https:\/\/www.upjs.sk\/prirodovedecka-fakulta\/pracoviska\/ustavy-pf\/ubev\/apu\/"},{"@type":"ListItem","position":6,"name":"Katedra mikrobiol\u00f3gie","item":"https:\/\/www.upjs.sk\/prirodovedecka-fakulta\/?post_type=cpt_pracoviska&p=20441"},{"@type":"ListItem","position":7,"name":"\u0160t\u00fadium"}]},{"@type":"WebSite","@id":"https:\/\/www.upjs.sk\/prirodovedecka-fakulta\/#website","url":"https:\/\/www.upjs.sk\/prirodovedecka-fakulta\/","name":"Pr\u00edrodovedeck\u00e1 fakulta | UPJ\u0160","description":"","publisher":{"@id":"https:\/\/www.upjs.sk\/prirodovedecka-fakulta\/#organization"},"potentialAction":[{"@type":"SearchAction","target":{"@type":"EntryPoint","urlTemplate":"https:\/\/www.upjs.sk\/prirodovedecka-fakulta\/?s={search_term_string}"},"query-input":{"@type":"PropertyValueSpecification","valueRequired":true,"valueName":"search_term_string"}}],"inLanguage":"sk-SK"},{"@type":"Organization","@id":"https:\/\/www.upjs.sk\/prirodovedecka-fakulta\/#organization","name":"Pr\u00edrodovedeck\u00e1 fakulta | UPJ\u0160","url":"https:\/\/www.upjs.sk\/prirodovedecka-fakulta\/","logo":{"@type":"ImageObject","inLanguage":"sk-SK","@id":"https:\/\/www.upjs.sk\/prirodovedecka-fakulta\/#\/schema\/logo\/image\/","url":"https:\/\/www.upjs.sk\/app\/uploads\/sites\/10\/2022\/09\/logo-prirodovedecka-fakulta.png","contentUrl":"https:\/\/www.upjs.sk\/app\/uploads\/sites\/10\/2022\/09\/logo-prirodovedecka-fakulta.png","width":415,"height":87,"caption":"Pr\u00edrodovedeck\u00e1 fakulta | UPJ\u0160"},"image":{"@id":"https:\/\/www.upjs.sk\/prirodovedecka-fakulta\/#\/schema\/logo\/image\/"}}]}},"_links":{"self":[{"href":"https:\/\/www.upjs.sk\/prirodovedecka-fakulta\/wp-json\/wp\/v2\/cpt_pracoviska\/20457","targetHints":{"allow":["GET"]}}],"collection":[{"href":"https:\/\/www.upjs.sk\/prirodovedecka-fakulta\/wp-json\/wp\/v2\/cpt_pracoviska"}],"about":[{"href":"https:\/\/www.upjs.sk\/prirodovedecka-fakulta\/wp-json\/wp\/v2\/types\/cpt_pracoviska"}],"author":[{"embeddable":true,"href":"https:\/\/www.upjs.sk\/prirodovedecka-fakulta\/wp-json\/wp\/v2\/users\/1"}],"up":[{"embeddable":true,"href":"https:\/\/www.upjs.sk\/prirodovedecka-fakulta\/wp-json\/wp\/v2\/cpt_pracoviska\/20441"}],"wp:attachment":[{"href":"https:\/\/www.upjs.sk\/prirodovedecka-fakulta\/wp-json\/wp\/v2\/media?parent=20457"}],"wp:term":[{"taxonomy":"category","embeddable":true,"href":"https:\/\/www.upjs.sk\/prirodovedecka-fakulta\/wp-json\/wp\/v2\/categories?post=20457"},{"taxonomy":"post_tag","embeddable":true,"href":"https:\/\/www.upjs.sk\/prirodovedecka-fakulta\/wp-json\/wp\/v2\/tags?post=20457"},{"taxonomy":"tax_aktuality","embeddable":true,"href":"https:\/\/www.upjs.sk\/prirodovedecka-fakulta\/wp-json\/wp\/v2\/tax_aktuality?post=20457"}],"curies":[{"name":"wp","href":"https:\/\/api.w.org\/{rel}","templated":true}]}}