{"id":20474,"date":"2021-10-15T13:33:13","date_gmt":"2021-10-15T13:33:13","guid":{"rendered":"https:\/\/www.upjs.sk\/prirodovedecka-fakulta\/pracoviska\/ubev\/apu\/kmb\/studium\/mp\/"},"modified":"2022-11-13T21:32:22","modified_gmt":"2022-11-13T20:32:22","slug":"mp","status":"publish","type":"cpt_pracoviska","link":"https:\/\/www.upjs.sk\/prirodovedecka-fakulta\/pracoviska\/ustavy-pf\/ubev\/apu\/kmb\/studium\/mp\/","title":{"rendered":"Diplomov\u00e9 pr\u00e1ce"},"content":{"rendered":"<hr \/>\n<h3>Nov\u00e9 t\u00e9my z\u00e1vere\u010dn\u00fdch pr\u00e1c<\/h3>\n<p style=\"text-align:justify\"><img decoding=\"async\" alt=\"\" src=\"https:\/\/www.upjs.sk\/app\/uploads\/sites\/10\/2022\/10\/11_laminar.jpg\" style=\"border-color:grey; border-style:solid; border-width:1px; float:left; height:150px; margin-right:15px; width:150px\" \/>Mil\u00ed \u0161tudenti, d\u00e1vame do pozornosti, \u017ee v\u0161etky <strong><span style=\"color:#b22222\">t\u00e9my z\u00e1vere\u010dn\u00fdch pr\u00e1c pre akademick\u00fd rok 2021\/2022<\/span><\/strong>\u00a0s\u00fa aktu\u00e1lne obsaden\u00e9. V pr\u00edpade ak\u00fdchko\u013evek ot\u00e1zok sa m\u00f4\u017eete obr\u00e1ti\u0165 na ved\u00facu katedry Dr. Piknov\u00fa (<a href=\"mailto:maria.piknova@upjs.sk\">maria.piknova@upjs.sk<\/a>).<\/p>\n<p>\u00a0<\/p>\n<p>\u00a0<\/p>\n<p>\u00a0<\/p>\n<p>\u00a0\u00a0<\/p>\n<h3>Preh\u013ead aktu\u00e1lne rie\u0161en\u00fdch diplomov\u00fdch pr\u00e1c na na\u0161ej katedre<\/h3>\n<h4><strong>Plazmidy halofiln\u00fdch bakt\u00e9ri\u00ed\u00a0<\/strong>&#8211; <span style=\"color:#c0392b\"><strong>OBSADEN\u00c1<\/strong><\/span><span style=\"color:#c0392b\"><strong>\u00a0\u00a0<\/strong><\/span><\/h4>\n<ul>\n<li><u>ved\u00faci<\/u>: RNDr. M\u00e1ria Piknov\u00e1, PhD.,\u00a0maria.piknova@upjs.sk\u00a0\u00a0 \u00a0<\/li>\n<li><u>anot\u00e1cia<\/u>:\u00a0cie\u013eom\u00a0z\u00e1vere\u010dnej pr\u00e1ce je skr\u00edning pr\u00edtomnosti plazmidov u halofiln\u00fdch bakt\u00e9ri\u00ed, so zameran\u00edm na halofiln\u00fa mikrobiotu pre\u0161ovskej so\u013eanky, molekulov\u00e1 a genetick\u00e1 charakteriz\u00e1cia identifikovan\u00fdch plazmidov ako aj ich potenci\u00e1ln\u00e1 \u00faloha v adapt\u00e1cii bakt\u00e9ri\u00ed na osmotick\u00fd stres.<\/li>\n<\/ul>\n<h4><strong>Proteolytick\u00e9 enz\u00fdmy <em>Idiomarina <\/em>spp. &#8211; genetika, genomika a biochemick\u00e1 charakteriz\u00e1cia\u00a0<\/strong>&#8211; <span style=\"color:#c0392b\"><strong>OBSADEN\u00c1<\/strong><\/span><span style=\"color:#c0392b\"><strong>\u00a0<\/strong><\/span><\/h4>\n<ul>\n<li><u>ved\u00faci<\/u>: RNDr. M\u00e1ria Piknov\u00e1, PhD.,\u00a0maria.piknova@upjs.sk\u00a0\u00a0 \u00a0<\/li>\n<li><u>anot\u00e1cia<\/u>:\u00a0cie\u013eom magisterskej z\u00e1vere\u010dnej pr\u00e1ce je charakteriz\u00e1cia prote\u00e1zov\u00fdch aktiv\u00edt bakteri\u00e1lneho halofiln\u00e9ho izol\u00e1tu\u00a0<em>Idiomarina <\/em>spp. so zameran\u00edm na biochemick\u00fa charakteriz\u00e1ciu produkovan\u00fdch enz\u00fdmov ako aj genetick\u00e9 a genomick\u00e9 anal\u00fdzy prote\u00e1zy k\u00f3duj\u00facich g\u00e9nov. <span style=\"color:#c0392b\"><strong>\u00a0<\/strong><\/span><\/li>\n<\/ul>\n<h4><strong>Aktinomyc\u00e9ty z extr\u00e9mnych prostred\u00ed (ved\u00faci: RNDr. Lenka Malini\u010dov\u00e1, PhD.) <\/strong><span style=\"color:#006400\">&#8211; <\/span><span style=\"color:#c0392b\"><strong>OBSADEN\u00c1<\/strong><\/span><span style=\"color:#c0392b\"><strong>\u00a0\u00a0<\/strong><\/span><\/h4>\n<ul>\n<li><u>ved\u00faci<\/u>: RNDr. Lenka Malini\u010dov\u00e1, PhD.,\u00a0lenka.malinicova@upjs.sk\u00a0\u00a0 \u00a0<\/li>\n<li><u>anot\u00e1cia<\/u>: cie\u013eom pr\u00e1ce je identifik\u00e1cia a charakteriz\u00e1cia vybran\u00fdch z\u00e1stupcov aktinomyc\u00e9t izolovan\u00fdch z extr\u00e9mnych prostred\u00ed.<\/li>\n<\/ul>\n<h4 style=\"text-align:justify\"><strong>Antibiotick\u00e1 rezistencia a g\u00e9ny rezistencie v bakteri\u00e1lnych izol\u00e1toch z guana netopierov<\/strong>\u00a0&#8211; <span style=\"color:#c0392b\"><strong>OBSADEN\u00c1<\/strong><\/span><\/h4>\n<ul>\n<li><u>ved\u00faci<\/u>: RNDr. Lenka Malini\u010dov\u00e1, PhD.,\u00a0lenka.malinicova@upjs.sk\u00a0\u00a0 \u00a0<\/li>\n<li><u>anot\u00e1cia<\/u>:\u00a0\u00a0cie\u013eom pr\u00e1ce je izol\u00e1cia antibioticky rezistentn\u00fdch bakt\u00e9ri\u00ed z guana netopierov, detekcia molekul\u00e1rnych determinantov antibiotickej rezistencie a ich lokaliz\u00e1cia v bakteri\u00e1lnom gen\u00f3me.\u00a0\u00a0<\/li>\n<\/ul>\n<h4 style=\"text-align:justify\"><strong>Halofiln\u00e1 mikrobiota slan\u00fdch miner\u00e1lnych prame\u0148ov Slovenska<\/strong>\u00a0&#8211;\u00a0<span style=\"color:#c0392b\"><strong>OBSADEN\u00c1<\/strong><\/span><\/h4>\n<ul>\n<li><u>ved\u00faci<\/u>: RNDr. M\u00e1ria Piknov\u00e1, PhD.,\u00a0maria.piknova@upjs.sk\u00a0\u00a0 \u00a0<\/li>\n<li><u>anot\u00e1cia<\/u>: cie\u013eom magisterskej z\u00e1vere\u010dnej pr\u00e1ce je poznanie biodiverzity kultivovate\u013en\u00fdch mikroorganizmov zo slan\u00fdch miner\u00e1lnych prame\u0148ov Slovenska so zameran\u00edm na pramene\u00a0 na severnej Orave, mikrobiologick\u00e1 a genetick\u00e1 charakteriz\u00e1cia z\u00edskan\u00fdch izol\u00e1tov a anal\u00fdza molekulov\u00fdch mechanizmov adapt\u00e1cie na prostredie s vysok\u00fdm obsahom sol\u00ed.<\/li>\n<\/ul>\n<h4 style=\"text-align:justify\"><strong>Diverzita streptomyc\u00e9t z extr\u00e9mnych prostred\u00ed\u00a0<\/strong>&#8211;\u00a0<span style=\"color:#c0392b\"><strong>OBSADEN\u00c1<\/strong><\/span><\/h4>\n<ul>\n<li><u>ved\u00faci<\/u>: RNDr. Jana Kiskov\u00e1, PhD.,\u00a0jana.kiskova@upjs.sk\u00a0\u00a0 \u00a0<\/li>\n<li><u>anot\u00e1cia<\/u>:\u00a0cie\u013eom magisterskej z\u00e1vere\u010dnej pr\u00e1ce je poznanie biodiverzity streptomyc\u00e9t, izolovan\u00fdch z extr\u00e9mnych prostred\u00ed.<\/li>\n<\/ul>\n<p>\u00a0<\/p>\n<h3>Preh\u013ead vybran\u00fdch diplomov\u00fdch pr\u00e1c z predo\u0161l\u00fdch rokov<\/h3>\n<ul>\n<li style=\"text-align: justify;\">Anal\u00fdza oligonukleotidov\u00e9ho zlo\u017eenia ako prostriedok na rekon\u0161trukciu evolu\u010dnej hist\u00f3rie mobiln\u00fdch g\u00e9nov\u00fdch elementov<\/li>\n<li style=\"text-align: justify;\">Fylogeografia s\u00edru oxiduj\u00facich bakt\u00e9ri\u00ed na Slovensku<\/li>\n<li style=\"text-align: justify;\">Stanovenie determinantov rezistencie vo\u010di \u0165a\u017ek\u00fdm kovom u kultivovate\u013en\u00fdch druhov bakt\u00e9ri\u00ed izolovan\u00fdch z prostredia kontaminovan\u00e9ho \u0165a\u017ek\u00fdmi kovmi<\/li>\n<li style=\"text-align: justify;\">Skl\u00e1dky priemyseln\u00fdch odpadov ako miesta podporuj\u00face \u0161\u00edrenie tolerancie vo\u010di kovom a antibiotik\u00e1m u bakt\u00e9ri\u00ed<\/li>\n<li style=\"text-align: justify;\">\u0160t\u00fadium faktorov vpl\u00fdvaj\u00facich na \u0161\u00edrenie tolerancie vo\u010di antibiotik\u00e1m za pr\u00edtomnosti kovov v prostred\u00ed<\/li>\n<li style=\"text-align: justify;\">\u0160t\u00fadium vlastnost\u00ed mikrobi\u00e1lne produkovan\u00fdch nano\u010dast\u00edc Ag a ich vplyvu na vybran\u00e9 zlo\u017eky prostredia<\/li>\n<li style=\"text-align: justify;\">Vplyv magnetick\u00e9ho po\u013ea na fyziologick\u00e9 a genetick\u00e9 charakteristiky organizmov<\/li>\n<li style=\"text-align: justify;\">\u0160t\u00fadium ko-selekcie g\u00e9nov rezistencie vo\u010di antibiotik\u00e1m a mobiln\u00fdch g\u00e9nov\u00fdch elementov vo vybranej lokalite kontaminovanej kovmi<\/li>\n<li style=\"text-align: justify;\">\u0160t\u00fadium ko-selek\u010dn\u00e9ho procesu vo vybranej lokalite kontaminovanej kovmi<\/li>\n<li style=\"text-align: justify;\">Odozva p\u00f4dnej mikrobi\u00e1lnej komunity na kontamin\u00e1ciu nano\u010dasticami Ag<\/li>\n<li style=\"text-align: justify;\">Fylogen\u00e9za bakteri\u00e1lnych stresov\u00fdch prote\u00ednov a ich \u00faloha v adapt\u00e1cii na extr\u00e9mne podmienky<\/li>\n<li style=\"text-align: justify;\">Plazmid\u00f3m bakt\u00e9ri\u00ed rezistentn\u00fdch na antibiotik\u00e1 izolovan\u00fdch z \u010distiarne odpadov\u00fdch v\u00f4d<\/li>\n<li style=\"text-align: justify;\">Anot\u00e1cia gen\u00f3mu bakteriof\u00e1ga MSF2 a anal\u00fdza fylogenetickej pr\u00edbuznosti bakteriof\u00e1gov <em>Enterococcus <\/em>spp.<\/li>\n<li style=\"text-align: justify;\">Diverzita bakt\u00e9ri\u00ed v baz\u00e9noch vyhoren\u00e9ho paliva v jadrovej elektr\u00e1rni Jaslovsk\u00e9 Bohunice<\/li>\n<li style=\"text-align: justify;\">Zmeny profilu g\u00e9nov rezistencie vo\u010di antibiotik\u00e1m u <em>Enterobacteriaceae <\/em>v priebehu \u010distenia odpadovej vody<\/li>\n<li style=\"text-align: justify;\">Zmena antibiotickej rezistencie a genetickej diverzity rodu <em>Acinetobacter <\/em>v priebehu \u010distenia odpadovej vody<\/li>\n<li style=\"text-align: justify;\">Zlo\u017eenie mikrobi\u00f3mu gu\u00e1na synantropn\u00fdch druhov netopierov<\/li>\n<li style=\"text-align: justify;\">Genetick\u00e1 variabilita vybran\u00fdch druhov drevokazn\u00fdch h\u00fab<\/li>\n<li style=\"text-align: justify;\">\u0160t\u00fadium bakt\u00e9ri\u00ed z biogeochemick\u00e9ho cyklu zlata<\/li>\n<li style=\"text-align: justify;\">Distrib\u00facia determinantov tetracykl\u00ednovej rezistencie v procese \u010distenia odpadov\u00fdch v\u00f4d<\/li>\n<li style=\"text-align: justify;\">Streptomyc\u00e9ty z extr\u00e9mnych prostred\u00ed &#8211; genetick\u00e1 variabilita, rezistencia a bioakumul\u00e1cia \u0165a\u017ek\u00fdch kovov<\/li>\n<li style=\"text-align: justify;\">Synantropn\u00e9 druhy vt\u00e1kov ako vektory \u0161\u00edrenia antibiotickej rezistencie<\/li>\n<li style=\"text-align: justify;\">\u00daloha plazmidov v genetickej variabilite enterokokov<\/li>\n<li style=\"text-align: justify;\">Genetick\u00e1 variabilita enterokokov z tr\u00e1viaceho traktu v\u010dely medonosnej (<em>Apis mellifera<\/em>)<\/li>\n<li style=\"text-align: justify;\">Genetick\u00e1 variabilita izol\u00e1tov <em>Ralstonia solanacearum<\/em> na Slovensku<\/li>\n<li style=\"text-align: justify;\">Plazmidy <em>Acinetobacter<\/em> spp. &#8211; genetick\u00e1 a biologick\u00e1 charakteriz\u00e1cia<\/li>\n<\/ul>\n","protected":false},"author":1,"featured_media":20460,"parent":20457,"menu_order":2,"template":"","meta":{"_acf_changed":false,"_editorskit_title_hidden":false,"_editorskit_reading_time":0,"_editorskit_is_block_options_detached":false,"_editorskit_block_options_position":"{}"},"categories":[],"tags":[],"tax_aktuality":[],"class_list":["post-20474","cpt_pracoviska","type-cpt_pracoviska","status-publish","has-post-thumbnail","hentry"],"acf":{"acf_link_na_externy_obsah":""},"yoast_head":"<!-- This site is optimized with the Yoast SEO plugin v27.4 - https:\/\/yoast.com\/product\/yoast-seo-wordpress\/ -->\n<title>Diplomov\u00e9 pr\u00e1ce - Pr\u00edrodovedeck\u00e1 fakulta | UPJ\u0160<\/title>\n<meta name=\"robots\" content=\"index, follow, max-snippet:-1, max-image-preview:large, max-video-preview:-1\" \/>\n<link rel=\"canonical\" href=\"https:\/\/www.upjs.sk\/prirodovedecka-fakulta\/pracoviska\/ustavy-pf\/ubev\/apu\/kmb\/studium\/mp\/\" \/>\n<meta property=\"og:locale\" content=\"sk_SK\" \/>\n<meta property=\"og:type\" content=\"article\" \/>\n<meta property=\"og:title\" content=\"Diplomov\u00e9 pr\u00e1ce - Pr\u00edrodovedeck\u00e1 fakulta | UPJ\u0160\" \/>\n<meta property=\"og:description\" content=\"Nov\u00e9 t\u00e9my z\u00e1vere\u010dn\u00fdch pr\u00e1c Mil\u00ed \u0161tudenti, d\u00e1vame do pozornosti, \u017ee v\u0161etky t\u00e9my z\u00e1vere\u010dn\u00fdch pr\u00e1c pre akademick\u00fd rok 2021\/2022\u00a0s\u00fa aktu\u00e1lne obsaden\u00e9. V pr\u00edpade ak\u00fdchko\u013evek ot\u00e1zok sa m\u00f4\u017eete obr\u00e1ti\u0165 na ved\u00facu katedry Dr. Piknov\u00fa (maria.piknova@upjs.sk). \u00a0 \u00a0 \u00a0 \u00a0\u00a0 Preh\u013ead aktu\u00e1lne rie\u0161en\u00fdch diplomov\u00fdch pr\u00e1c na na\u0161ej katedre Plazmidy halofiln\u00fdch bakt\u00e9ri\u00ed\u00a0&#8211; OBSADEN\u00c1\u00a0\u00a0 ved\u00faci: RNDr. M\u00e1ria Piknov\u00e1, PhD.,\u00a0maria.piknova@upjs.sk\u00a0\u00a0 \u00a0 &hellip; \u010c\u00edta\u0165 \u010falej\" \/>\n<meta property=\"og:url\" content=\"https:\/\/www.upjs.sk\/prirodovedecka-fakulta\/pracoviska\/ustavy-pf\/ubev\/apu\/kmb\/studium\/mp\/\" \/>\n<meta property=\"og:site_name\" content=\"Pr\u00edrodovedeck\u00e1 fakulta | UPJ\u0160\" \/>\n<meta property=\"article:modified_time\" content=\"2022-11-13T20:32:22+00:00\" \/>\n<meta property=\"og:image\" content=\"https:\/\/www.upjs.sk\/app\/uploads\/sites\/10\/2022\/10\/11_laminar-scaled.jpg\" \/>\n\t<meta property=\"og:image:width\" content=\"2560\" \/>\n\t<meta property=\"og:image:height\" content=\"2560\" \/>\n\t<meta property=\"og:image:type\" content=\"image\/jpeg\" \/>\n<meta name=\"twitter:card\" content=\"summary_large_image\" \/>\n<meta name=\"twitter:label1\" content=\"Predpokladan\u00fd \u010das \u010d\u00edtania\" \/>\n\t<meta name=\"twitter:data1\" content=\"4 min\u00faty\" \/>\n<script type=\"application\/ld+json\" class=\"yoast-schema-graph\">{\"@context\":\"https:\\\/\\\/schema.org\",\"@graph\":[{\"@type\":\"WebPage\",\"@id\":\"https:\\\/\\\/www.upjs.sk\\\/prirodovedecka-fakulta\\\/pracoviska\\\/ustavy-pf\\\/ubev\\\/apu\\\/kmb\\\/studium\\\/mp\\\/\",\"url\":\"https:\\\/\\\/www.upjs.sk\\\/prirodovedecka-fakulta\\\/pracoviska\\\/ustavy-pf\\\/ubev\\\/apu\\\/kmb\\\/studium\\\/mp\\\/\",\"name\":\"Diplomov\u00e9 pr\u00e1ce - Pr\u00edrodovedeck\u00e1 fakulta | UPJ\u0160\",\"isPartOf\":{\"@id\":\"https:\\\/\\\/www.upjs.sk\\\/prirodovedecka-fakulta\\\/#website\"},\"primaryImageOfPage\":{\"@id\":\"https:\\\/\\\/www.upjs.sk\\\/prirodovedecka-fakulta\\\/pracoviska\\\/ustavy-pf\\\/ubev\\\/apu\\\/kmb\\\/studium\\\/mp\\\/#primaryimage\"},\"image\":{\"@id\":\"https:\\\/\\\/www.upjs.sk\\\/prirodovedecka-fakulta\\\/pracoviska\\\/ustavy-pf\\\/ubev\\\/apu\\\/kmb\\\/studium\\\/mp\\\/#primaryimage\"},\"thumbnailUrl\":\"https:\\\/\\\/www.upjs.sk\\\/app\\\/uploads\\\/sites\\\/10\\\/2022\\\/10\\\/11_laminar.jpg\",\"datePublished\":\"2021-10-15T13:33:13+00:00\",\"dateModified\":\"2022-11-13T20:32:22+00:00\",\"breadcrumb\":{\"@id\":\"https:\\\/\\\/www.upjs.sk\\\/prirodovedecka-fakulta\\\/pracoviska\\\/ustavy-pf\\\/ubev\\\/apu\\\/kmb\\\/studium\\\/mp\\\/#breadcrumb\"},\"inLanguage\":\"sk-SK\",\"potentialAction\":[{\"@type\":\"ReadAction\",\"target\":[\"https:\\\/\\\/www.upjs.sk\\\/prirodovedecka-fakulta\\\/pracoviska\\\/ustavy-pf\\\/ubev\\\/apu\\\/kmb\\\/studium\\\/mp\\\/\"]}]},{\"@type\":\"ImageObject\",\"inLanguage\":\"sk-SK\",\"@id\":\"https:\\\/\\\/www.upjs.sk\\\/prirodovedecka-fakulta\\\/pracoviska\\\/ustavy-pf\\\/ubev\\\/apu\\\/kmb\\\/studium\\\/mp\\\/#primaryimage\",\"url\":\"https:\\\/\\\/www.upjs.sk\\\/app\\\/uploads\\\/sites\\\/10\\\/2022\\\/10\\\/11_laminar.jpg\",\"contentUrl\":\"https:\\\/\\\/www.upjs.sk\\\/app\\\/uploads\\\/sites\\\/10\\\/2022\\\/10\\\/11_laminar.jpg\",\"width\":2560,\"height\":2560,\"caption\":\"mp\"},{\"@type\":\"BreadcrumbList\",\"@id\":\"https:\\\/\\\/www.upjs.sk\\\/prirodovedecka-fakulta\\\/pracoviska\\\/ustavy-pf\\\/ubev\\\/apu\\\/kmb\\\/studium\\\/mp\\\/#breadcrumb\",\"itemListElement\":[{\"@type\":\"ListItem\",\"position\":1,\"name\":\"Home\",\"item\":\"https:\\\/\\\/www.upjs.sk\\\/prirodovedecka-fakulta\\\/\"},{\"@type\":\"ListItem\",\"position\":2,\"name\":\"Pracovisk\u00e1\",\"item\":\"https:\\\/\\\/www.upjs.sk\\\/prirodovedecka-fakulta\\\/pracoviska\\\/\"},{\"@type\":\"ListItem\",\"position\":3,\"name\":\"\u00dastavy\",\"item\":\"https:\\\/\\\/www.upjs.sk\\\/prirodovedecka-fakulta\\\/pracoviska\\\/ustavy-pf\\\/\"},{\"@type\":\"ListItem\",\"position\":4,\"name\":\"\u00dastav biologick\u00fdch a ekologick\u00fdch vied\",\"item\":\"https:\\\/\\\/www.upjs.sk\\\/prirodovedecka-fakulta\\\/pracoviska\\\/ustavy-pf\\\/ubev\\\/\"},{\"@type\":\"ListItem\",\"position\":5,\"name\":\"Akademick\u00e9 pracovisk\u00e1 \u00fastavu\",\"item\":\"https:\\\/\\\/www.upjs.sk\\\/prirodovedecka-fakulta\\\/pracoviska\\\/ustavy-pf\\\/ubev\\\/apu\\\/\"},{\"@type\":\"ListItem\",\"position\":6,\"name\":\"Katedra mikrobiol\u00f3gie\",\"item\":\"https:\\\/\\\/www.upjs.sk\\\/prirodovedecka-fakulta\\\/?post_type=cpt_pracoviska&p=20441\"},{\"@type\":\"ListItem\",\"position\":7,\"name\":\"\u0160t\u00fadium\",\"item\":\"https:\\\/\\\/www.upjs.sk\\\/prirodovedecka-fakulta\\\/pracoviska\\\/ustavy-pf\\\/ubev\\\/apu\\\/kmb\\\/studium\\\/\"},{\"@type\":\"ListItem\",\"position\":8,\"name\":\"Diplomov\u00e9 pr\u00e1ce\"}]},{\"@type\":\"WebSite\",\"@id\":\"https:\\\/\\\/www.upjs.sk\\\/prirodovedecka-fakulta\\\/#website\",\"url\":\"https:\\\/\\\/www.upjs.sk\\\/prirodovedecka-fakulta\\\/\",\"name\":\"Pr\u00edrodovedeck\u00e1 fakulta | UPJ\u0160\",\"description\":\"\",\"publisher\":{\"@id\":\"https:\\\/\\\/www.upjs.sk\\\/prirodovedecka-fakulta\\\/#organization\"},\"potentialAction\":[{\"@type\":\"SearchAction\",\"target\":{\"@type\":\"EntryPoint\",\"urlTemplate\":\"https:\\\/\\\/www.upjs.sk\\\/prirodovedecka-fakulta\\\/?s={search_term_string}\"},\"query-input\":{\"@type\":\"PropertyValueSpecification\",\"valueRequired\":true,\"valueName\":\"search_term_string\"}}],\"inLanguage\":\"sk-SK\"},{\"@type\":\"Organization\",\"@id\":\"https:\\\/\\\/www.upjs.sk\\\/prirodovedecka-fakulta\\\/#organization\",\"name\":\"Pr\u00edrodovedeck\u00e1 fakulta | UPJ\u0160\",\"url\":\"https:\\\/\\\/www.upjs.sk\\\/prirodovedecka-fakulta\\\/\",\"logo\":{\"@type\":\"ImageObject\",\"inLanguage\":\"sk-SK\",\"@id\":\"https:\\\/\\\/www.upjs.sk\\\/prirodovedecka-fakulta\\\/#\\\/schema\\\/logo\\\/image\\\/\",\"url\":\"https:\\\/\\\/www.upjs.sk\\\/app\\\/uploads\\\/sites\\\/10\\\/2022\\\/09\\\/logo-prirodovedecka-fakulta.png\",\"contentUrl\":\"https:\\\/\\\/www.upjs.sk\\\/app\\\/uploads\\\/sites\\\/10\\\/2022\\\/09\\\/logo-prirodovedecka-fakulta.png\",\"width\":415,\"height\":87,\"caption\":\"Pr\u00edrodovedeck\u00e1 fakulta | UPJ\u0160\"},\"image\":{\"@id\":\"https:\\\/\\\/www.upjs.sk\\\/prirodovedecka-fakulta\\\/#\\\/schema\\\/logo\\\/image\\\/\"}}]}<\/script>\n<!-- \/ Yoast SEO plugin. -->","yoast_head_json":{"title":"Diplomov\u00e9 pr\u00e1ce - Pr\u00edrodovedeck\u00e1 fakulta | UPJ\u0160","robots":{"index":"index","follow":"follow","max-snippet":"max-snippet:-1","max-image-preview":"max-image-preview:large","max-video-preview":"max-video-preview:-1"},"canonical":"https:\/\/www.upjs.sk\/prirodovedecka-fakulta\/pracoviska\/ustavy-pf\/ubev\/apu\/kmb\/studium\/mp\/","og_locale":"sk_SK","og_type":"article","og_title":"Diplomov\u00e9 pr\u00e1ce - Pr\u00edrodovedeck\u00e1 fakulta | UPJ\u0160","og_description":"Nov\u00e9 t\u00e9my z\u00e1vere\u010dn\u00fdch pr\u00e1c Mil\u00ed \u0161tudenti, d\u00e1vame do pozornosti, \u017ee v\u0161etky t\u00e9my z\u00e1vere\u010dn\u00fdch pr\u00e1c pre akademick\u00fd rok 2021\/2022\u00a0s\u00fa aktu\u00e1lne obsaden\u00e9. V pr\u00edpade ak\u00fdchko\u013evek ot\u00e1zok sa m\u00f4\u017eete obr\u00e1ti\u0165 na ved\u00facu katedry Dr. Piknov\u00fa (maria.piknova@upjs.sk). \u00a0 \u00a0 \u00a0 \u00a0\u00a0 Preh\u013ead aktu\u00e1lne rie\u0161en\u00fdch diplomov\u00fdch pr\u00e1c na na\u0161ej katedre Plazmidy halofiln\u00fdch bakt\u00e9ri\u00ed\u00a0&#8211; OBSADEN\u00c1\u00a0\u00a0 ved\u00faci: RNDr. M\u00e1ria Piknov\u00e1, PhD.,\u00a0maria.piknova@upjs.sk\u00a0\u00a0 \u00a0 &hellip; \u010c\u00edta\u0165 \u010falej","og_url":"https:\/\/www.upjs.sk\/prirodovedecka-fakulta\/pracoviska\/ustavy-pf\/ubev\/apu\/kmb\/studium\/mp\/","og_site_name":"Pr\u00edrodovedeck\u00e1 fakulta | UPJ\u0160","article_modified_time":"2022-11-13T20:32:22+00:00","og_image":[{"width":2560,"height":2560,"url":"https:\/\/www.upjs.sk\/app\/uploads\/sites\/10\/2022\/10\/11_laminar-scaled.jpg","type":"image\/jpeg"}],"twitter_card":"summary_large_image","twitter_misc":{"Predpokladan\u00fd \u010das \u010d\u00edtania":"4 min\u00faty"},"schema":{"@context":"https:\/\/schema.org","@graph":[{"@type":"WebPage","@id":"https:\/\/www.upjs.sk\/prirodovedecka-fakulta\/pracoviska\/ustavy-pf\/ubev\/apu\/kmb\/studium\/mp\/","url":"https:\/\/www.upjs.sk\/prirodovedecka-fakulta\/pracoviska\/ustavy-pf\/ubev\/apu\/kmb\/studium\/mp\/","name":"Diplomov\u00e9 pr\u00e1ce - Pr\u00edrodovedeck\u00e1 fakulta | UPJ\u0160","isPartOf":{"@id":"https:\/\/www.upjs.sk\/prirodovedecka-fakulta\/#website"},"primaryImageOfPage":{"@id":"https:\/\/www.upjs.sk\/prirodovedecka-fakulta\/pracoviska\/ustavy-pf\/ubev\/apu\/kmb\/studium\/mp\/#primaryimage"},"image":{"@id":"https:\/\/www.upjs.sk\/prirodovedecka-fakulta\/pracoviska\/ustavy-pf\/ubev\/apu\/kmb\/studium\/mp\/#primaryimage"},"thumbnailUrl":"https:\/\/www.upjs.sk\/app\/uploads\/sites\/10\/2022\/10\/11_laminar.jpg","datePublished":"2021-10-15T13:33:13+00:00","dateModified":"2022-11-13T20:32:22+00:00","breadcrumb":{"@id":"https:\/\/www.upjs.sk\/prirodovedecka-fakulta\/pracoviska\/ustavy-pf\/ubev\/apu\/kmb\/studium\/mp\/#breadcrumb"},"inLanguage":"sk-SK","potentialAction":[{"@type":"ReadAction","target":["https:\/\/www.upjs.sk\/prirodovedecka-fakulta\/pracoviska\/ustavy-pf\/ubev\/apu\/kmb\/studium\/mp\/"]}]},{"@type":"ImageObject","inLanguage":"sk-SK","@id":"https:\/\/www.upjs.sk\/prirodovedecka-fakulta\/pracoviska\/ustavy-pf\/ubev\/apu\/kmb\/studium\/mp\/#primaryimage","url":"https:\/\/www.upjs.sk\/app\/uploads\/sites\/10\/2022\/10\/11_laminar.jpg","contentUrl":"https:\/\/www.upjs.sk\/app\/uploads\/sites\/10\/2022\/10\/11_laminar.jpg","width":2560,"height":2560,"caption":"mp"},{"@type":"BreadcrumbList","@id":"https:\/\/www.upjs.sk\/prirodovedecka-fakulta\/pracoviska\/ustavy-pf\/ubev\/apu\/kmb\/studium\/mp\/#breadcrumb","itemListElement":[{"@type":"ListItem","position":1,"name":"Home","item":"https:\/\/www.upjs.sk\/prirodovedecka-fakulta\/"},{"@type":"ListItem","position":2,"name":"Pracovisk\u00e1","item":"https:\/\/www.upjs.sk\/prirodovedecka-fakulta\/pracoviska\/"},{"@type":"ListItem","position":3,"name":"\u00dastavy","item":"https:\/\/www.upjs.sk\/prirodovedecka-fakulta\/pracoviska\/ustavy-pf\/"},{"@type":"ListItem","position":4,"name":"\u00dastav biologick\u00fdch a ekologick\u00fdch vied","item":"https:\/\/www.upjs.sk\/prirodovedecka-fakulta\/pracoviska\/ustavy-pf\/ubev\/"},{"@type":"ListItem","position":5,"name":"Akademick\u00e9 pracovisk\u00e1 \u00fastavu","item":"https:\/\/www.upjs.sk\/prirodovedecka-fakulta\/pracoviska\/ustavy-pf\/ubev\/apu\/"},{"@type":"ListItem","position":6,"name":"Katedra mikrobiol\u00f3gie","item":"https:\/\/www.upjs.sk\/prirodovedecka-fakulta\/?post_type=cpt_pracoviska&p=20441"},{"@type":"ListItem","position":7,"name":"\u0160t\u00fadium","item":"https:\/\/www.upjs.sk\/prirodovedecka-fakulta\/pracoviska\/ustavy-pf\/ubev\/apu\/kmb\/studium\/"},{"@type":"ListItem","position":8,"name":"Diplomov\u00e9 pr\u00e1ce"}]},{"@type":"WebSite","@id":"https:\/\/www.upjs.sk\/prirodovedecka-fakulta\/#website","url":"https:\/\/www.upjs.sk\/prirodovedecka-fakulta\/","name":"Pr\u00edrodovedeck\u00e1 fakulta | UPJ\u0160","description":"","publisher":{"@id":"https:\/\/www.upjs.sk\/prirodovedecka-fakulta\/#organization"},"potentialAction":[{"@type":"SearchAction","target":{"@type":"EntryPoint","urlTemplate":"https:\/\/www.upjs.sk\/prirodovedecka-fakulta\/?s={search_term_string}"},"query-input":{"@type":"PropertyValueSpecification","valueRequired":true,"valueName":"search_term_string"}}],"inLanguage":"sk-SK"},{"@type":"Organization","@id":"https:\/\/www.upjs.sk\/prirodovedecka-fakulta\/#organization","name":"Pr\u00edrodovedeck\u00e1 fakulta | UPJ\u0160","url":"https:\/\/www.upjs.sk\/prirodovedecka-fakulta\/","logo":{"@type":"ImageObject","inLanguage":"sk-SK","@id":"https:\/\/www.upjs.sk\/prirodovedecka-fakulta\/#\/schema\/logo\/image\/","url":"https:\/\/www.upjs.sk\/app\/uploads\/sites\/10\/2022\/09\/logo-prirodovedecka-fakulta.png","contentUrl":"https:\/\/www.upjs.sk\/app\/uploads\/sites\/10\/2022\/09\/logo-prirodovedecka-fakulta.png","width":415,"height":87,"caption":"Pr\u00edrodovedeck\u00e1 fakulta | UPJ\u0160"},"image":{"@id":"https:\/\/www.upjs.sk\/prirodovedecka-fakulta\/#\/schema\/logo\/image\/"}}]}},"_links":{"self":[{"href":"https:\/\/www.upjs.sk\/prirodovedecka-fakulta\/wp-json\/wp\/v2\/cpt_pracoviska\/20474","targetHints":{"allow":["GET"]}}],"collection":[{"href":"https:\/\/www.upjs.sk\/prirodovedecka-fakulta\/wp-json\/wp\/v2\/cpt_pracoviska"}],"about":[{"href":"https:\/\/www.upjs.sk\/prirodovedecka-fakulta\/wp-json\/wp\/v2\/types\/cpt_pracoviska"}],"author":[{"embeddable":true,"href":"https:\/\/www.upjs.sk\/prirodovedecka-fakulta\/wp-json\/wp\/v2\/users\/1"}],"up":[{"embeddable":true,"href":"https:\/\/www.upjs.sk\/prirodovedecka-fakulta\/wp-json\/wp\/v2\/cpt_pracoviska\/20457"}],"wp:featuredmedia":[{"embeddable":true,"href":"https:\/\/www.upjs.sk\/prirodovedecka-fakulta\/wp-json\/wp\/v2\/media\/20460"}],"wp:attachment":[{"href":"https:\/\/www.upjs.sk\/prirodovedecka-fakulta\/wp-json\/wp\/v2\/media?parent=20474"}],"wp:term":[{"taxonomy":"category","embeddable":true,"href":"https:\/\/www.upjs.sk\/prirodovedecka-fakulta\/wp-json\/wp\/v2\/categories?post=20474"},{"taxonomy":"post_tag","embeddable":true,"href":"https:\/\/www.upjs.sk\/prirodovedecka-fakulta\/wp-json\/wp\/v2\/tags?post=20474"},{"taxonomy":"tax_aktuality","embeddable":true,"href":"https:\/\/www.upjs.sk\/prirodovedecka-fakulta\/wp-json\/wp\/v2\/tax_aktuality?post=20474"}],"curies":[{"name":"wp","href":"https:\/\/api.w.org\/{rel}","templated":true}]}}