{"id":20476,"date":"2021-09-22T10:55:48","date_gmt":"2021-09-22T10:55:48","guid":{"rendered":"https:\/\/www.upjs.sk\/prirodovedecka-fakulta\/pracoviska\/ubev\/apu\/kmb\/studium\/sps\/"},"modified":"2022-11-13T21:32:24","modified_gmt":"2022-11-13T20:32:24","slug":"sps","status":"publish","type":"cpt_pracoviska","link":"https:\/\/www.upjs.sk\/prirodovedecka-fakulta\/pracoviska\/ustavy-pf\/ubev\/apu\/kmb\/studium\/sps\/","title":{"rendered":"\u0160tudentsk\u00e9 pomocn\u00e9 sily"},"content":{"rendered":"<p>Vedenie fakulty, na z\u00e1klade z\u00e1ujmu spravidla ka\u017eoro\u010dne, niekedy aj navy\u0161e &#8211; v letnom semestri, sa sna\u017e\u00ed podpori\u0165 t\u00fdch \u0161tudentov, ktor\u00ed chc\u00fa akt\u00edvne sp\u00e1ja\u0165 svoj vo\u013en\u00fd \u010das so vzdel\u00e1van\u00edm, vedeckou \u010di technickou pr\u00e1cou alebo propag\u00e1ciou odboru, ktor\u00fd ste sa rozhodli \u0161tudova\u0165.<\/p>\n<p>V zmysle \u0161tat\u00fatu, zamestnanci \u00fastavov, \u00fa\u010delov\u00e9ho pracoviska CAI a dekan\u00e1tu vypisuj\u00fa pre v\u00e1s t\u00e9my \u0161tudentsk\u00fdch pomocn\u00fdch s\u00edl v kateg\u00f3ri\u00e1ch:<\/p>\n<p>\u00a0\u00a0\u00a0 \u0161tudentsk\u00e1 pomocn\u00e1 <span style=\"color:#006400\">vedeck\u00e1 sila<\/span>,<br \/> \u00a0\u00a0\u00a0 \u0161tudentsk\u00e1 pomocn\u00e1 <span style=\"color:#006400\">pedagogick\u00e1 sila<\/span>,<br \/> \u00a0\u00a0\u00a0 \u0161tudentsk\u00e1 pomocn\u00e1 <span style=\"color:#006400\">technick\u00e1 sila<\/span>,<br \/> \u00a0\u00a0\u00a0 \u0161tudentsk\u00fd <span style=\"color:#006400\">ambas\u00e1dor<\/span>.<\/p>\n<p>Zoznam vyp\u00edsan\u00fdch t\u00e9m pod\u013ea pracov\u00edsk a detailnej\u0161ie inform\u00e1cie n\u00e1jdete v autorizovanej z\u00f3ne AiS2. Na to, aby ste sa prihl\u00e1sili, je potrebn\u00e9 nap\u00edsa\u0165 motiva\u010dn\u00fd list, ktor\u00fd je prihl\u00e1\u0161kou na vybran\u00fa(\u00e9) t\u00e9mu(y) a zasla\u0165 ho elektronicky pod\u013ea pokynov.<br \/> Aktu\u00e1lne term\u00edny bud\u00fa zverejnen\u00e9 na <a href=\"https:\/\/www.upjs.sk\/prirodovedecka-fakulta\/25587\/\">str\u00e1nke fakulty<\/a> ako aj na na\u0161ej katedrovej, v \u010dasti <a href=\"https:\/\/www.upjs.sk\/prirodovedecka-fakulta\/ustav\/ubev\/apu\/kmb\/aktuality\/\" target=\"_blank\" rel=\"noopener\">Aktuality<\/a>.<\/p>\n<p>\u00a0<\/p>\n<h3>T\u00e9my Katedry mikrobiol\u00f3gie vyp\u00edsan\u00e9 v\u00a0ak. roku 2020\/21<\/h3>\n<ul>\n<li>vedeck\u00e1 \u00a0\u00a0 \u00a0Udr\u017eiavanie a roz\u0161irovanie zbierky extr\u00e9mofiln\u00fdch mikroorganizmov<\/li>\n<li>vedeck\u00e1 \u00a0\u00a0 \u00a0Vypracovanie metodiky stanovenia aktivity enz\u00fdmov v extraktoch z kvasiniek<\/li>\n<\/ul>\n<p>\u00a0<\/p>\n<h3>T\u00e9my z predch\u00e1dzaj\u00facich rokov<\/h3>\n<ul>\n<li>technick\u00e1\u00a0\u00a0\u00a0 Pr\u00edprava fotografi\u00ed a vide\u00ed pre mikrobiol\u00f3giu<\/li>\n<\/ul>\n","protected":false},"author":1,"featured_media":0,"parent":20457,"menu_order":4,"template":"","meta":{"_acf_changed":false,"_editorskit_title_hidden":false,"_editorskit_reading_time":0,"_editorskit_is_block_options_detached":false,"_editorskit_block_options_position":"{}"},"categories":[],"tags":[],"tax_aktuality":[],"class_list":["post-20476","cpt_pracoviska","type-cpt_pracoviska","status-publish","hentry"],"acf":{"acf_link_na_externy_obsah":""},"yoast_head":"<!-- This site is optimized with the Yoast SEO plugin v27.4 - https:\/\/yoast.com\/product\/yoast-seo-wordpress\/ -->\n<title>\u0160tudentsk\u00e9 pomocn\u00e9 sily - Pr\u00edrodovedeck\u00e1 fakulta | UPJ\u0160<\/title>\n<meta name=\"robots\" content=\"index, follow, max-snippet:-1, max-image-preview:large, max-video-preview:-1\" \/>\n<link rel=\"canonical\" href=\"https:\/\/www.upjs.sk\/prirodovedecka-fakulta\/pracoviska\/ustavy-pf\/ubev\/apu\/kmb\/studium\/sps\/\" \/>\n<meta property=\"og:locale\" content=\"sk_SK\" \/>\n<meta property=\"og:type\" content=\"article\" \/>\n<meta property=\"og:title\" content=\"\u0160tudentsk\u00e9 pomocn\u00e9 sily - Pr\u00edrodovedeck\u00e1 fakulta | UPJ\u0160\" \/>\n<meta property=\"og:description\" content=\"Vedenie fakulty, na z\u00e1klade z\u00e1ujmu spravidla ka\u017eoro\u010dne, niekedy aj navy\u0161e &#8211; v letnom semestri, sa sna\u017e\u00ed podpori\u0165 t\u00fdch \u0161tudentov, ktor\u00ed chc\u00fa akt\u00edvne sp\u00e1ja\u0165 svoj vo\u013en\u00fd \u010das so vzdel\u00e1van\u00edm, vedeckou \u010di technickou pr\u00e1cou alebo propag\u00e1ciou odboru, ktor\u00fd ste sa rozhodli \u0161tudova\u0165. V zmysle \u0161tat\u00fatu, zamestnanci \u00fastavov, \u00fa\u010delov\u00e9ho pracoviska CAI a dekan\u00e1tu vypisuj\u00fa pre v\u00e1s t\u00e9my \u0161tudentsk\u00fdch &hellip; \u010c\u00edta\u0165 \u010falej\" \/>\n<meta property=\"og:url\" content=\"https:\/\/www.upjs.sk\/prirodovedecka-fakulta\/pracoviska\/ustavy-pf\/ubev\/apu\/kmb\/studium\/sps\/\" \/>\n<meta property=\"og:site_name\" content=\"Pr\u00edrodovedeck\u00e1 fakulta | UPJ\u0160\" \/>\n<meta property=\"article:modified_time\" content=\"2022-11-13T20:32:24+00:00\" \/>\n<meta name=\"twitter:card\" content=\"summary_large_image\" \/>\n<meta name=\"twitter:label1\" content=\"Predpokladan\u00fd \u010das \u010d\u00edtania\" \/>\n\t<meta name=\"twitter:data1\" content=\"1 min\u00fata\" \/>\n<script type=\"application\/ld+json\" class=\"yoast-schema-graph\">{\"@context\":\"https:\\\/\\\/schema.org\",\"@graph\":[{\"@type\":\"WebPage\",\"@id\":\"https:\\\/\\\/www.upjs.sk\\\/prirodovedecka-fakulta\\\/pracoviska\\\/ustavy-pf\\\/ubev\\\/apu\\\/kmb\\\/studium\\\/sps\\\/\",\"url\":\"https:\\\/\\\/www.upjs.sk\\\/prirodovedecka-fakulta\\\/pracoviska\\\/ustavy-pf\\\/ubev\\\/apu\\\/kmb\\\/studium\\\/sps\\\/\",\"name\":\"\u0160tudentsk\u00e9 pomocn\u00e9 sily - Pr\u00edrodovedeck\u00e1 fakulta | UPJ\u0160\",\"isPartOf\":{\"@id\":\"https:\\\/\\\/www.upjs.sk\\\/prirodovedecka-fakulta\\\/#website\"},\"datePublished\":\"2021-09-22T10:55:48+00:00\",\"dateModified\":\"2022-11-13T20:32:24+00:00\",\"breadcrumb\":{\"@id\":\"https:\\\/\\\/www.upjs.sk\\\/prirodovedecka-fakulta\\\/pracoviska\\\/ustavy-pf\\\/ubev\\\/apu\\\/kmb\\\/studium\\\/sps\\\/#breadcrumb\"},\"inLanguage\":\"sk-SK\",\"potentialAction\":[{\"@type\":\"ReadAction\",\"target\":[\"https:\\\/\\\/www.upjs.sk\\\/prirodovedecka-fakulta\\\/pracoviska\\\/ustavy-pf\\\/ubev\\\/apu\\\/kmb\\\/studium\\\/sps\\\/\"]}]},{\"@type\":\"BreadcrumbList\",\"@id\":\"https:\\\/\\\/www.upjs.sk\\\/prirodovedecka-fakulta\\\/pracoviska\\\/ustavy-pf\\\/ubev\\\/apu\\\/kmb\\\/studium\\\/sps\\\/#breadcrumb\",\"itemListElement\":[{\"@type\":\"ListItem\",\"position\":1,\"name\":\"Home\",\"item\":\"https:\\\/\\\/www.upjs.sk\\\/prirodovedecka-fakulta\\\/\"},{\"@type\":\"ListItem\",\"position\":2,\"name\":\"Pracovisk\u00e1\",\"item\":\"https:\\\/\\\/www.upjs.sk\\\/prirodovedecka-fakulta\\\/pracoviska\\\/\"},{\"@type\":\"ListItem\",\"position\":3,\"name\":\"\u00dastavy\",\"item\":\"https:\\\/\\\/www.upjs.sk\\\/prirodovedecka-fakulta\\\/pracoviska\\\/ustavy-pf\\\/\"},{\"@type\":\"ListItem\",\"position\":4,\"name\":\"\u00dastav biologick\u00fdch a ekologick\u00fdch vied\",\"item\":\"https:\\\/\\\/www.upjs.sk\\\/prirodovedecka-fakulta\\\/pracoviska\\\/ustavy-pf\\\/ubev\\\/\"},{\"@type\":\"ListItem\",\"position\":5,\"name\":\"Akademick\u00e9 pracovisk\u00e1 \u00fastavu\",\"item\":\"https:\\\/\\\/www.upjs.sk\\\/prirodovedecka-fakulta\\\/pracoviska\\\/ustavy-pf\\\/ubev\\\/apu\\\/\"},{\"@type\":\"ListItem\",\"position\":6,\"name\":\"Katedra mikrobiol\u00f3gie\",\"item\":\"https:\\\/\\\/www.upjs.sk\\\/prirodovedecka-fakulta\\\/?post_type=cpt_pracoviska&p=20441\"},{\"@type\":\"ListItem\",\"position\":7,\"name\":\"\u0160t\u00fadium\",\"item\":\"https:\\\/\\\/www.upjs.sk\\\/prirodovedecka-fakulta\\\/pracoviska\\\/ustavy-pf\\\/ubev\\\/apu\\\/kmb\\\/studium\\\/\"},{\"@type\":\"ListItem\",\"position\":8,\"name\":\"\u0160tudentsk\u00e9 pomocn\u00e9 sily\"}]},{\"@type\":\"WebSite\",\"@id\":\"https:\\\/\\\/www.upjs.sk\\\/prirodovedecka-fakulta\\\/#website\",\"url\":\"https:\\\/\\\/www.upjs.sk\\\/prirodovedecka-fakulta\\\/\",\"name\":\"Pr\u00edrodovedeck\u00e1 fakulta | UPJ\u0160\",\"description\":\"\",\"publisher\":{\"@id\":\"https:\\\/\\\/www.upjs.sk\\\/prirodovedecka-fakulta\\\/#organization\"},\"potentialAction\":[{\"@type\":\"SearchAction\",\"target\":{\"@type\":\"EntryPoint\",\"urlTemplate\":\"https:\\\/\\\/www.upjs.sk\\\/prirodovedecka-fakulta\\\/?s={search_term_string}\"},\"query-input\":{\"@type\":\"PropertyValueSpecification\",\"valueRequired\":true,\"valueName\":\"search_term_string\"}}],\"inLanguage\":\"sk-SK\"},{\"@type\":\"Organization\",\"@id\":\"https:\\\/\\\/www.upjs.sk\\\/prirodovedecka-fakulta\\\/#organization\",\"name\":\"Pr\u00edrodovedeck\u00e1 fakulta | UPJ\u0160\",\"url\":\"https:\\\/\\\/www.upjs.sk\\\/prirodovedecka-fakulta\\\/\",\"logo\":{\"@type\":\"ImageObject\",\"inLanguage\":\"sk-SK\",\"@id\":\"https:\\\/\\\/www.upjs.sk\\\/prirodovedecka-fakulta\\\/#\\\/schema\\\/logo\\\/image\\\/\",\"url\":\"https:\\\/\\\/www.upjs.sk\\\/app\\\/uploads\\\/sites\\\/10\\\/2022\\\/09\\\/logo-prirodovedecka-fakulta.png\",\"contentUrl\":\"https:\\\/\\\/www.upjs.sk\\\/app\\\/uploads\\\/sites\\\/10\\\/2022\\\/09\\\/logo-prirodovedecka-fakulta.png\",\"width\":415,\"height\":87,\"caption\":\"Pr\u00edrodovedeck\u00e1 fakulta | UPJ\u0160\"},\"image\":{\"@id\":\"https:\\\/\\\/www.upjs.sk\\\/prirodovedecka-fakulta\\\/#\\\/schema\\\/logo\\\/image\\\/\"}}]}<\/script>\n<!-- \/ Yoast SEO plugin. -->","yoast_head_json":{"title":"\u0160tudentsk\u00e9 pomocn\u00e9 sily - Pr\u00edrodovedeck\u00e1 fakulta | UPJ\u0160","robots":{"index":"index","follow":"follow","max-snippet":"max-snippet:-1","max-image-preview":"max-image-preview:large","max-video-preview":"max-video-preview:-1"},"canonical":"https:\/\/www.upjs.sk\/prirodovedecka-fakulta\/pracoviska\/ustavy-pf\/ubev\/apu\/kmb\/studium\/sps\/","og_locale":"sk_SK","og_type":"article","og_title":"\u0160tudentsk\u00e9 pomocn\u00e9 sily - Pr\u00edrodovedeck\u00e1 fakulta | UPJ\u0160","og_description":"Vedenie fakulty, na z\u00e1klade z\u00e1ujmu spravidla ka\u017eoro\u010dne, niekedy aj navy\u0161e &#8211; v letnom semestri, sa sna\u017e\u00ed podpori\u0165 t\u00fdch \u0161tudentov, ktor\u00ed chc\u00fa akt\u00edvne sp\u00e1ja\u0165 svoj vo\u013en\u00fd \u010das so vzdel\u00e1van\u00edm, vedeckou \u010di technickou pr\u00e1cou alebo propag\u00e1ciou odboru, ktor\u00fd ste sa rozhodli \u0161tudova\u0165. V zmysle \u0161tat\u00fatu, zamestnanci \u00fastavov, \u00fa\u010delov\u00e9ho pracoviska CAI a dekan\u00e1tu vypisuj\u00fa pre v\u00e1s t\u00e9my \u0161tudentsk\u00fdch &hellip; \u010c\u00edta\u0165 \u010falej","og_url":"https:\/\/www.upjs.sk\/prirodovedecka-fakulta\/pracoviska\/ustavy-pf\/ubev\/apu\/kmb\/studium\/sps\/","og_site_name":"Pr\u00edrodovedeck\u00e1 fakulta | UPJ\u0160","article_modified_time":"2022-11-13T20:32:24+00:00","twitter_card":"summary_large_image","twitter_misc":{"Predpokladan\u00fd \u010das \u010d\u00edtania":"1 min\u00fata"},"schema":{"@context":"https:\/\/schema.org","@graph":[{"@type":"WebPage","@id":"https:\/\/www.upjs.sk\/prirodovedecka-fakulta\/pracoviska\/ustavy-pf\/ubev\/apu\/kmb\/studium\/sps\/","url":"https:\/\/www.upjs.sk\/prirodovedecka-fakulta\/pracoviska\/ustavy-pf\/ubev\/apu\/kmb\/studium\/sps\/","name":"\u0160tudentsk\u00e9 pomocn\u00e9 sily - Pr\u00edrodovedeck\u00e1 fakulta | UPJ\u0160","isPartOf":{"@id":"https:\/\/www.upjs.sk\/prirodovedecka-fakulta\/#website"},"datePublished":"2021-09-22T10:55:48+00:00","dateModified":"2022-11-13T20:32:24+00:00","breadcrumb":{"@id":"https:\/\/www.upjs.sk\/prirodovedecka-fakulta\/pracoviska\/ustavy-pf\/ubev\/apu\/kmb\/studium\/sps\/#breadcrumb"},"inLanguage":"sk-SK","potentialAction":[{"@type":"ReadAction","target":["https:\/\/www.upjs.sk\/prirodovedecka-fakulta\/pracoviska\/ustavy-pf\/ubev\/apu\/kmb\/studium\/sps\/"]}]},{"@type":"BreadcrumbList","@id":"https:\/\/www.upjs.sk\/prirodovedecka-fakulta\/pracoviska\/ustavy-pf\/ubev\/apu\/kmb\/studium\/sps\/#breadcrumb","itemListElement":[{"@type":"ListItem","position":1,"name":"Home","item":"https:\/\/www.upjs.sk\/prirodovedecka-fakulta\/"},{"@type":"ListItem","position":2,"name":"Pracovisk\u00e1","item":"https:\/\/www.upjs.sk\/prirodovedecka-fakulta\/pracoviska\/"},{"@type":"ListItem","position":3,"name":"\u00dastavy","item":"https:\/\/www.upjs.sk\/prirodovedecka-fakulta\/pracoviska\/ustavy-pf\/"},{"@type":"ListItem","position":4,"name":"\u00dastav biologick\u00fdch a ekologick\u00fdch vied","item":"https:\/\/www.upjs.sk\/prirodovedecka-fakulta\/pracoviska\/ustavy-pf\/ubev\/"},{"@type":"ListItem","position":5,"name":"Akademick\u00e9 pracovisk\u00e1 \u00fastavu","item":"https:\/\/www.upjs.sk\/prirodovedecka-fakulta\/pracoviska\/ustavy-pf\/ubev\/apu\/"},{"@type":"ListItem","position":6,"name":"Katedra mikrobiol\u00f3gie","item":"https:\/\/www.upjs.sk\/prirodovedecka-fakulta\/?post_type=cpt_pracoviska&p=20441"},{"@type":"ListItem","position":7,"name":"\u0160t\u00fadium","item":"https:\/\/www.upjs.sk\/prirodovedecka-fakulta\/pracoviska\/ustavy-pf\/ubev\/apu\/kmb\/studium\/"},{"@type":"ListItem","position":8,"name":"\u0160tudentsk\u00e9 pomocn\u00e9 sily"}]},{"@type":"WebSite","@id":"https:\/\/www.upjs.sk\/prirodovedecka-fakulta\/#website","url":"https:\/\/www.upjs.sk\/prirodovedecka-fakulta\/","name":"Pr\u00edrodovedeck\u00e1 fakulta | UPJ\u0160","description":"","publisher":{"@id":"https:\/\/www.upjs.sk\/prirodovedecka-fakulta\/#organization"},"potentialAction":[{"@type":"SearchAction","target":{"@type":"EntryPoint","urlTemplate":"https:\/\/www.upjs.sk\/prirodovedecka-fakulta\/?s={search_term_string}"},"query-input":{"@type":"PropertyValueSpecification","valueRequired":true,"valueName":"search_term_string"}}],"inLanguage":"sk-SK"},{"@type":"Organization","@id":"https:\/\/www.upjs.sk\/prirodovedecka-fakulta\/#organization","name":"Pr\u00edrodovedeck\u00e1 fakulta | UPJ\u0160","url":"https:\/\/www.upjs.sk\/prirodovedecka-fakulta\/","logo":{"@type":"ImageObject","inLanguage":"sk-SK","@id":"https:\/\/www.upjs.sk\/prirodovedecka-fakulta\/#\/schema\/logo\/image\/","url":"https:\/\/www.upjs.sk\/app\/uploads\/sites\/10\/2022\/09\/logo-prirodovedecka-fakulta.png","contentUrl":"https:\/\/www.upjs.sk\/app\/uploads\/sites\/10\/2022\/09\/logo-prirodovedecka-fakulta.png","width":415,"height":87,"caption":"Pr\u00edrodovedeck\u00e1 fakulta | UPJ\u0160"},"image":{"@id":"https:\/\/www.upjs.sk\/prirodovedecka-fakulta\/#\/schema\/logo\/image\/"}}]}},"_links":{"self":[{"href":"https:\/\/www.upjs.sk\/prirodovedecka-fakulta\/wp-json\/wp\/v2\/cpt_pracoviska\/20476","targetHints":{"allow":["GET"]}}],"collection":[{"href":"https:\/\/www.upjs.sk\/prirodovedecka-fakulta\/wp-json\/wp\/v2\/cpt_pracoviska"}],"about":[{"href":"https:\/\/www.upjs.sk\/prirodovedecka-fakulta\/wp-json\/wp\/v2\/types\/cpt_pracoviska"}],"author":[{"embeddable":true,"href":"https:\/\/www.upjs.sk\/prirodovedecka-fakulta\/wp-json\/wp\/v2\/users\/1"}],"up":[{"embeddable":true,"href":"https:\/\/www.upjs.sk\/prirodovedecka-fakulta\/wp-json\/wp\/v2\/cpt_pracoviska\/20457"}],"wp:attachment":[{"href":"https:\/\/www.upjs.sk\/prirodovedecka-fakulta\/wp-json\/wp\/v2\/media?parent=20476"}],"wp:term":[{"taxonomy":"category","embeddable":true,"href":"https:\/\/www.upjs.sk\/prirodovedecka-fakulta\/wp-json\/wp\/v2\/categories?post=20476"},{"taxonomy":"post_tag","embeddable":true,"href":"https:\/\/www.upjs.sk\/prirodovedecka-fakulta\/wp-json\/wp\/v2\/tags?post=20476"},{"taxonomy":"tax_aktuality","embeddable":true,"href":"https:\/\/www.upjs.sk\/prirodovedecka-fakulta\/wp-json\/wp\/v2\/tax_aktuality?post=20476"}],"curies":[{"name":"wp","href":"https:\/\/api.w.org\/{rel}","templated":true}]}}