{"id":20970,"date":"2020-04-14T14:24:44","date_gmt":"2020-04-14T14:24:44","guid":{"rendered":"https:\/\/www.upjs.sk\/prirodovedecka-fakulta\/pracoviska\/umv\/vv\/konf\/kkm\/"},"modified":"2022-11-13T21:34:28","modified_gmt":"2022-11-13T20:34:28","slug":"kkm","status":"publish","type":"cpt_pracoviska","link":"https:\/\/www.upjs.sk\/prirodovedecka-fakulta\/pracoviska\/ustavy-pf\/umat\/vv\/konf\/kkm\/","title":{"rendered":"Konferencia ko\u0161ick\u00fdch matematikov"},"content":{"rendered":"<p style=\"text-align: justify;\">Konferencia sa kon\u00e1 ka\u017edoro\u010dne v Her\u013eanoch pri Ko\u0161iciach, zvy\u010dajne v apr\u00edli.<\/p>\n<p> Konferenciu organizuje Jednota slovensk\u00fdch matematikov a fyzikov, pobo\u010dka Ko\u0161ice, v spolupr\u00e1ci s \u00dastavom matematick\u00fdch vied Pr\u00edrodovedeckej fakulty UPJ\u0160, katedrami matematiky Technickej univerzity a pobo\u010dkou Slovenskej spolo\u010dnosti aplikovanej kybernetiky a informatiky pri KRVP BF TU v Ko\u0161iciach<\/p>\n<p> Cie\u013eom konferencie je zintenz\u00edvni\u0165 stavovsk\u00fd \u017eivot v\u0161etk\u00fdch, ktor\u00ed sa v Ko\u0161iciach a okol\u00ed profesion\u00e1lne zaoberaj\u00fa matematikou (t. j. u\u010dite\u013eov v\u0161etk\u00fdch typov \u0161k\u00f4l, pracovn\u00edkov na poli matematick\u00fdch a informatick\u00fdch vied a aplik\u00e1ci\u00ed matematiky v priemysle, technike, bankovn\u00edctve a inde) a formulova\u0165 z\u00e1kladn\u00e9 oblasti ich stavovsk\u00fdch z\u00e1ujmov. V\u00fdrazn\u00fd priestor je venovan\u00fd vyst\u00fapeniam doktorandov.<\/p>\n<p> <strong>Programy a zborn\u00edky abstraktov z predch\u00e1dzaj\u00facich ro\u010dn\u00edkov konferenci\u00ed:<\/strong><\/p>\n<p>20. konferencia ko\u0161ick\u00fdch matematikov, 25.4.-27.4.2019 (<a href=\"\/public\/media\/19551\/Herlany_2019_zbornik.pdf\">zborn\u00edk abstraktov<\/a>)<\/p>\n<p>19. konferencia ko\u0161ick\u00fdch matematikov, 12.4.-14.4.2018 (<a href=\"\/public\/media\/19551\/Herlany_2018_zbornik.pdf\">zborn\u00edk abstraktov<\/a>)<\/p>\n<p>18. konferencia ko\u0161ick\u00fdch matematikov, 20.4.-22.4.2017 (<a href=\"\/public\/media\/19551\/Herlany_2017_zbornik.pdf\">zborn\u00edk abstraktov<\/a>)<\/p>\n<p>17. konferencia ko\u0161ick\u00fdch matematikov, 6.4.-9.4.2016 (<a href=\"\/public\/media\/19551\/Herlany_2016_zbornik.pdf\">zborn\u00edk abstraktov<\/a>)<\/p>\n<p>16. konferencia ko\u0161ick\u00fdch matematikov, 25.3.-28.3.2015 (<a href=\"\/public\/media\/19551\/Herlany_2015_zbornik.pdf\">zborn\u00edk abstraktov<\/a>)<\/p>\n<p>15. konferencia ko\u0161ick\u00fdch matematikov, 2.4.-5.4.2014 (<a href=\"\/public\/media\/19551\/Herlany_2014_zbornik.pdf\">zborn\u00edk abstraktov<\/a>)<\/p>\n<p>14. konferencia ko\u0161ick\u00fdch matematikov, 3.4.-6.4.2013 (<a href=\"\/public\/media\/19551\/Herlany_2013_zbornik.pdf\">zborn\u00edk abstraktov<\/a>)<\/p>\n<p>13. konferencia ko\u0161ick\u00fdch matematikov, 23.3.-24.3.2012 (<a href=\"\/public\/media\/19551\/Herlany_2012_zbornik.pdf\">zborn\u00edk abstraktov<\/a>)<\/p>\n<p>12. konferencia ko\u0161ick\u00fdch matematikov, 13.4.-16.4.2011 (<a href=\"\/public\/media\/19551\/Herlany_2011_zbornik.pdf\">zborn\u00edk abstraktov<\/a>)<\/p>\n<p>11. konferencia ko\u0161ick\u00fdch matematikov, 14.4.-17.4.2010 (<a href=\"\/public\/media\/19551\/Herlany_2010_zbornik.pdf\">zborn\u00edk abstraktov<\/a>)<\/p>\n<p>10. konferencia ko\u0161ick\u00fdch matematikov, 22.4.-25.4.2009 (<a href=\"\/public\/media\/19551\/Herlany_2009_zbornik.pdf\">zborn\u00edk abstraktov<\/a>)<\/p>\n<p>9. konferencia ko\u0161ick\u00fdch matematikov, 9.4.-12.4.2008 (<a href=\"\/public\/media\/19551\/Herlany_2008_program.pdf\">program<\/a>,\u00a0<a href=\"\/public\/media\/19551\/Herlany_2008_ucastnici.pdf\">\u00fa\u010dastn\u00edci<\/a>)<\/p>\n<p>8. konferencia ko\u0161ick\u00fdch matematikov, 18.4.-21.4.2007 (<a href=\"\/public\/media\/19551\/Herlany_2007_program.pdf\">program<\/a>,\u00a0<a href=\"\/public\/media\/19551\/Herlany_2007_ucastnici.pdf\">\u00fa\u010dastn\u00edci<\/a>)<\/p>\n<p>7. konferencia ko\u0161ick\u00fdch matematikov, 29.3.-1.4.2006 (<a href=\"\/public\/media\/19551\/Herlany_2006_program.pdf\">program<\/a>,\u00a0<a href=\"\/public\/media\/19551\/Herlany_2006_ucastnici.pdf\">\u00fa\u010dastn\u00edci<\/a>)<\/p>\n<p>6. konferencia ko\u0161ick\u00fdch matematikov, 31.3.-2.4.2005 (<a href=\"\/public\/media\/19551\/Herlany_2005_program.pdf\">program<\/a>,\u00a0<a href=\"\/public\/media\/19551\/Herlany_2005_ucastnici.pdf\">\u00fa\u010dastn\u00edci<\/a>)<\/p>\n","protected":false},"author":1,"featured_media":0,"parent":20967,"menu_order":0,"template":"","meta":{"_acf_changed":false,"_editorskit_title_hidden":false,"_editorskit_reading_time":0,"_editorskit_is_block_options_detached":false,"_editorskit_block_options_position":"{}"},"categories":[],"tags":[],"tax_aktuality":[],"class_list":["post-20970","cpt_pracoviska","type-cpt_pracoviska","status-publish","hentry"],"acf":{"acf_link_na_externy_obsah":""},"yoast_head":"<!-- This site is optimized with the Yoast SEO plugin v27.4 - https:\/\/yoast.com\/product\/yoast-seo-wordpress\/ -->\n<title>Konferencia ko\u0161ick\u00fdch matematikov - Pr\u00edrodovedeck\u00e1 fakulta | UPJ\u0160<\/title>\n<meta name=\"robots\" content=\"index, follow, max-snippet:-1, max-image-preview:large, max-video-preview:-1\" \/>\n<link rel=\"canonical\" href=\"https:\/\/www.upjs.sk\/prirodovedecka-fakulta\/pracoviska\/ustavy-pf\/umat\/vv\/konf\/kkm\/\" \/>\n<meta property=\"og:locale\" content=\"sk_SK\" \/>\n<meta property=\"og:type\" content=\"article\" \/>\n<meta property=\"og:title\" content=\"Konferencia ko\u0161ick\u00fdch matematikov - Pr\u00edrodovedeck\u00e1 fakulta | UPJ\u0160\" \/>\n<meta property=\"og:description\" content=\"Konferencia sa kon\u00e1 ka\u017edoro\u010dne v Her\u013eanoch pri Ko\u0161iciach, zvy\u010dajne v apr\u00edli. Konferenciu organizuje Jednota slovensk\u00fdch matematikov a fyzikov, pobo\u010dka Ko\u0161ice, v spolupr\u00e1ci s \u00dastavom matematick\u00fdch vied Pr\u00edrodovedeckej fakulty UPJ\u0160, katedrami matematiky Technickej univerzity a pobo\u010dkou Slovenskej spolo\u010dnosti aplikovanej kybernetiky a informatiky pri KRVP BF TU v Ko\u0161iciach Cie\u013eom konferencie je zintenz\u00edvni\u0165 stavovsk\u00fd \u017eivot v\u0161etk\u00fdch, ktor\u00ed &hellip; \u010c\u00edta\u0165 \u010falej\" \/>\n<meta property=\"og:url\" content=\"https:\/\/www.upjs.sk\/prirodovedecka-fakulta\/pracoviska\/ustavy-pf\/umat\/vv\/konf\/kkm\/\" \/>\n<meta property=\"og:site_name\" content=\"Pr\u00edrodovedeck\u00e1 fakulta | UPJ\u0160\" \/>\n<meta property=\"article:modified_time\" content=\"2022-11-13T20:34:28+00:00\" \/>\n<meta name=\"twitter:card\" content=\"summary_large_image\" \/>\n<meta name=\"twitter:label1\" content=\"Predpokladan\u00fd \u010das \u010d\u00edtania\" \/>\n\t<meta name=\"twitter:data1\" content=\"1 min\u00fata\" \/>\n<script type=\"application\/ld+json\" class=\"yoast-schema-graph\">{\"@context\":\"https:\\\/\\\/schema.org\",\"@graph\":[{\"@type\":\"WebPage\",\"@id\":\"https:\\\/\\\/www.upjs.sk\\\/prirodovedecka-fakulta\\\/pracoviska\\\/ustavy-pf\\\/umat\\\/vv\\\/konf\\\/kkm\\\/\",\"url\":\"https:\\\/\\\/www.upjs.sk\\\/prirodovedecka-fakulta\\\/pracoviska\\\/ustavy-pf\\\/umat\\\/vv\\\/konf\\\/kkm\\\/\",\"name\":\"Konferencia ko\u0161ick\u00fdch matematikov - Pr\u00edrodovedeck\u00e1 fakulta | UPJ\u0160\",\"isPartOf\":{\"@id\":\"https:\\\/\\\/www.upjs.sk\\\/prirodovedecka-fakulta\\\/#website\"},\"datePublished\":\"2020-04-14T14:24:44+00:00\",\"dateModified\":\"2022-11-13T20:34:28+00:00\",\"breadcrumb\":{\"@id\":\"https:\\\/\\\/www.upjs.sk\\\/prirodovedecka-fakulta\\\/pracoviska\\\/ustavy-pf\\\/umat\\\/vv\\\/konf\\\/kkm\\\/#breadcrumb\"},\"inLanguage\":\"sk-SK\",\"potentialAction\":[{\"@type\":\"ReadAction\",\"target\":[\"https:\\\/\\\/www.upjs.sk\\\/prirodovedecka-fakulta\\\/pracoviska\\\/ustavy-pf\\\/umat\\\/vv\\\/konf\\\/kkm\\\/\"]}]},{\"@type\":\"BreadcrumbList\",\"@id\":\"https:\\\/\\\/www.upjs.sk\\\/prirodovedecka-fakulta\\\/pracoviska\\\/ustavy-pf\\\/umat\\\/vv\\\/konf\\\/kkm\\\/#breadcrumb\",\"itemListElement\":[{\"@type\":\"ListItem\",\"position\":1,\"name\":\"Home\",\"item\":\"https:\\\/\\\/www.upjs.sk\\\/prirodovedecka-fakulta\\\/\"},{\"@type\":\"ListItem\",\"position\":2,\"name\":\"Pracovisk\u00e1\",\"item\":\"https:\\\/\\\/www.upjs.sk\\\/prirodovedecka-fakulta\\\/pracoviska\\\/\"},{\"@type\":\"ListItem\",\"position\":3,\"name\":\"\u00dastavy\",\"item\":\"https:\\\/\\\/www.upjs.sk\\\/prirodovedecka-fakulta\\\/pracoviska\\\/ustavy-pf\\\/\"},{\"@type\":\"ListItem\",\"position\":4,\"name\":\"\u00dastav matematiky\",\"item\":\"https:\\\/\\\/www.upjs.sk\\\/prirodovedecka-fakulta\\\/pracoviska\\\/ustavy-pf\\\/umat\\\/\"},{\"@type\":\"ListItem\",\"position\":5,\"name\":\"Veda a v\u00fdskum\",\"item\":\"https:\\\/\\\/www.upjs.sk\\\/prirodovedecka-fakulta\\\/pracoviska\\\/ustavy-pf\\\/umat\\\/vv\\\/\"},{\"@type\":\"ListItem\",\"position\":6,\"name\":\"Konferencie\",\"item\":\"https:\\\/\\\/www.upjs.sk\\\/prirodovedecka-fakulta\\\/pracoviska\\\/ustavy-pf\\\/umat\\\/vv\\\/konf\\\/\"},{\"@type\":\"ListItem\",\"position\":7,\"name\":\"Konferencia ko\u0161ick\u00fdch matematikov\"}]},{\"@type\":\"WebSite\",\"@id\":\"https:\\\/\\\/www.upjs.sk\\\/prirodovedecka-fakulta\\\/#website\",\"url\":\"https:\\\/\\\/www.upjs.sk\\\/prirodovedecka-fakulta\\\/\",\"name\":\"Pr\u00edrodovedeck\u00e1 fakulta | UPJ\u0160\",\"description\":\"\",\"publisher\":{\"@id\":\"https:\\\/\\\/www.upjs.sk\\\/prirodovedecka-fakulta\\\/#organization\"},\"potentialAction\":[{\"@type\":\"SearchAction\",\"target\":{\"@type\":\"EntryPoint\",\"urlTemplate\":\"https:\\\/\\\/www.upjs.sk\\\/prirodovedecka-fakulta\\\/?s={search_term_string}\"},\"query-input\":{\"@type\":\"PropertyValueSpecification\",\"valueRequired\":true,\"valueName\":\"search_term_string\"}}],\"inLanguage\":\"sk-SK\"},{\"@type\":\"Organization\",\"@id\":\"https:\\\/\\\/www.upjs.sk\\\/prirodovedecka-fakulta\\\/#organization\",\"name\":\"Pr\u00edrodovedeck\u00e1 fakulta | UPJ\u0160\",\"url\":\"https:\\\/\\\/www.upjs.sk\\\/prirodovedecka-fakulta\\\/\",\"logo\":{\"@type\":\"ImageObject\",\"inLanguage\":\"sk-SK\",\"@id\":\"https:\\\/\\\/www.upjs.sk\\\/prirodovedecka-fakulta\\\/#\\\/schema\\\/logo\\\/image\\\/\",\"url\":\"https:\\\/\\\/www.upjs.sk\\\/app\\\/uploads\\\/sites\\\/10\\\/2022\\\/09\\\/logo-prirodovedecka-fakulta.png\",\"contentUrl\":\"https:\\\/\\\/www.upjs.sk\\\/app\\\/uploads\\\/sites\\\/10\\\/2022\\\/09\\\/logo-prirodovedecka-fakulta.png\",\"width\":415,\"height\":87,\"caption\":\"Pr\u00edrodovedeck\u00e1 fakulta | UPJ\u0160\"},\"image\":{\"@id\":\"https:\\\/\\\/www.upjs.sk\\\/prirodovedecka-fakulta\\\/#\\\/schema\\\/logo\\\/image\\\/\"}}]}<\/script>\n<!-- \/ Yoast SEO plugin. -->","yoast_head_json":{"title":"Konferencia ko\u0161ick\u00fdch matematikov - Pr\u00edrodovedeck\u00e1 fakulta | UPJ\u0160","robots":{"index":"index","follow":"follow","max-snippet":"max-snippet:-1","max-image-preview":"max-image-preview:large","max-video-preview":"max-video-preview:-1"},"canonical":"https:\/\/www.upjs.sk\/prirodovedecka-fakulta\/pracoviska\/ustavy-pf\/umat\/vv\/konf\/kkm\/","og_locale":"sk_SK","og_type":"article","og_title":"Konferencia ko\u0161ick\u00fdch matematikov - Pr\u00edrodovedeck\u00e1 fakulta | UPJ\u0160","og_description":"Konferencia sa kon\u00e1 ka\u017edoro\u010dne v Her\u013eanoch pri Ko\u0161iciach, zvy\u010dajne v apr\u00edli. Konferenciu organizuje Jednota slovensk\u00fdch matematikov a fyzikov, pobo\u010dka Ko\u0161ice, v spolupr\u00e1ci s \u00dastavom matematick\u00fdch vied Pr\u00edrodovedeckej fakulty UPJ\u0160, katedrami matematiky Technickej univerzity a pobo\u010dkou Slovenskej spolo\u010dnosti aplikovanej kybernetiky a informatiky pri KRVP BF TU v Ko\u0161iciach Cie\u013eom konferencie je zintenz\u00edvni\u0165 stavovsk\u00fd \u017eivot v\u0161etk\u00fdch, ktor\u00ed &hellip; \u010c\u00edta\u0165 \u010falej","og_url":"https:\/\/www.upjs.sk\/prirodovedecka-fakulta\/pracoviska\/ustavy-pf\/umat\/vv\/konf\/kkm\/","og_site_name":"Pr\u00edrodovedeck\u00e1 fakulta | UPJ\u0160","article_modified_time":"2022-11-13T20:34:28+00:00","twitter_card":"summary_large_image","twitter_misc":{"Predpokladan\u00fd \u010das \u010d\u00edtania":"1 min\u00fata"},"schema":{"@context":"https:\/\/schema.org","@graph":[{"@type":"WebPage","@id":"https:\/\/www.upjs.sk\/prirodovedecka-fakulta\/pracoviska\/ustavy-pf\/umat\/vv\/konf\/kkm\/","url":"https:\/\/www.upjs.sk\/prirodovedecka-fakulta\/pracoviska\/ustavy-pf\/umat\/vv\/konf\/kkm\/","name":"Konferencia ko\u0161ick\u00fdch matematikov - Pr\u00edrodovedeck\u00e1 fakulta | UPJ\u0160","isPartOf":{"@id":"https:\/\/www.upjs.sk\/prirodovedecka-fakulta\/#website"},"datePublished":"2020-04-14T14:24:44+00:00","dateModified":"2022-11-13T20:34:28+00:00","breadcrumb":{"@id":"https:\/\/www.upjs.sk\/prirodovedecka-fakulta\/pracoviska\/ustavy-pf\/umat\/vv\/konf\/kkm\/#breadcrumb"},"inLanguage":"sk-SK","potentialAction":[{"@type":"ReadAction","target":["https:\/\/www.upjs.sk\/prirodovedecka-fakulta\/pracoviska\/ustavy-pf\/umat\/vv\/konf\/kkm\/"]}]},{"@type":"BreadcrumbList","@id":"https:\/\/www.upjs.sk\/prirodovedecka-fakulta\/pracoviska\/ustavy-pf\/umat\/vv\/konf\/kkm\/#breadcrumb","itemListElement":[{"@type":"ListItem","position":1,"name":"Home","item":"https:\/\/www.upjs.sk\/prirodovedecka-fakulta\/"},{"@type":"ListItem","position":2,"name":"Pracovisk\u00e1","item":"https:\/\/www.upjs.sk\/prirodovedecka-fakulta\/pracoviska\/"},{"@type":"ListItem","position":3,"name":"\u00dastavy","item":"https:\/\/www.upjs.sk\/prirodovedecka-fakulta\/pracoviska\/ustavy-pf\/"},{"@type":"ListItem","position":4,"name":"\u00dastav matematiky","item":"https:\/\/www.upjs.sk\/prirodovedecka-fakulta\/pracoviska\/ustavy-pf\/umat\/"},{"@type":"ListItem","position":5,"name":"Veda a v\u00fdskum","item":"https:\/\/www.upjs.sk\/prirodovedecka-fakulta\/pracoviska\/ustavy-pf\/umat\/vv\/"},{"@type":"ListItem","position":6,"name":"Konferencie","item":"https:\/\/www.upjs.sk\/prirodovedecka-fakulta\/pracoviska\/ustavy-pf\/umat\/vv\/konf\/"},{"@type":"ListItem","position":7,"name":"Konferencia ko\u0161ick\u00fdch matematikov"}]},{"@type":"WebSite","@id":"https:\/\/www.upjs.sk\/prirodovedecka-fakulta\/#website","url":"https:\/\/www.upjs.sk\/prirodovedecka-fakulta\/","name":"Pr\u00edrodovedeck\u00e1 fakulta | UPJ\u0160","description":"","publisher":{"@id":"https:\/\/www.upjs.sk\/prirodovedecka-fakulta\/#organization"},"potentialAction":[{"@type":"SearchAction","target":{"@type":"EntryPoint","urlTemplate":"https:\/\/www.upjs.sk\/prirodovedecka-fakulta\/?s={search_term_string}"},"query-input":{"@type":"PropertyValueSpecification","valueRequired":true,"valueName":"search_term_string"}}],"inLanguage":"sk-SK"},{"@type":"Organization","@id":"https:\/\/www.upjs.sk\/prirodovedecka-fakulta\/#organization","name":"Pr\u00edrodovedeck\u00e1 fakulta | UPJ\u0160","url":"https:\/\/www.upjs.sk\/prirodovedecka-fakulta\/","logo":{"@type":"ImageObject","inLanguage":"sk-SK","@id":"https:\/\/www.upjs.sk\/prirodovedecka-fakulta\/#\/schema\/logo\/image\/","url":"https:\/\/www.upjs.sk\/app\/uploads\/sites\/10\/2022\/09\/logo-prirodovedecka-fakulta.png","contentUrl":"https:\/\/www.upjs.sk\/app\/uploads\/sites\/10\/2022\/09\/logo-prirodovedecka-fakulta.png","width":415,"height":87,"caption":"Pr\u00edrodovedeck\u00e1 fakulta | UPJ\u0160"},"image":{"@id":"https:\/\/www.upjs.sk\/prirodovedecka-fakulta\/#\/schema\/logo\/image\/"}}]}},"_links":{"self":[{"href":"https:\/\/www.upjs.sk\/prirodovedecka-fakulta\/wp-json\/wp\/v2\/cpt_pracoviska\/20970","targetHints":{"allow":["GET"]}}],"collection":[{"href":"https:\/\/www.upjs.sk\/prirodovedecka-fakulta\/wp-json\/wp\/v2\/cpt_pracoviska"}],"about":[{"href":"https:\/\/www.upjs.sk\/prirodovedecka-fakulta\/wp-json\/wp\/v2\/types\/cpt_pracoviska"}],"author":[{"embeddable":true,"href":"https:\/\/www.upjs.sk\/prirodovedecka-fakulta\/wp-json\/wp\/v2\/users\/1"}],"up":[{"embeddable":true,"href":"https:\/\/www.upjs.sk\/prirodovedecka-fakulta\/wp-json\/wp\/v2\/cpt_pracoviska\/20967"}],"wp:attachment":[{"href":"https:\/\/www.upjs.sk\/prirodovedecka-fakulta\/wp-json\/wp\/v2\/media?parent=20970"}],"wp:term":[{"taxonomy":"category","embeddable":true,"href":"https:\/\/www.upjs.sk\/prirodovedecka-fakulta\/wp-json\/wp\/v2\/categories?post=20970"},{"taxonomy":"post_tag","embeddable":true,"href":"https:\/\/www.upjs.sk\/prirodovedecka-fakulta\/wp-json\/wp\/v2\/tags?post=20970"},{"taxonomy":"tax_aktuality","embeddable":true,"href":"https:\/\/www.upjs.sk\/prirodovedecka-fakulta\/wp-json\/wp\/v2\/tax_aktuality?post=20970"}],"curies":[{"name":"wp","href":"https:\/\/api.w.org\/{rel}","templated":true}]}}