{"id":54748,"date":"2023-04-25T23:28:29","date_gmt":"2023-04-25T22:28:19","guid":{"rendered":"https:\/\/www.upjs.sk\/prirodovedecka-fakulta\/?post_type=cpt_pracoviska&#038;p=54748"},"modified":"2025-04-10T13:42:01","modified_gmt":"2025-04-10T12:42:01","slug":"aktuality","status":"publish","type":"cpt_pracoviska","link":"https:\/\/www.upjs.sk\/prirodovedecka-fakulta\/pracoviska\/ustavy-pf\/ufv\/aktuality\/","title":{"rendered":"Aktuality"},"content":{"rendered":"<section class=\"aktuality aktuality-container mx-auto \">\r\n    <div class=\"aktuality-heading pb-6 md:pb-12\">\r\n        <h2 class=\"aktuality-heading-text uppercase block ml-4 md:ml-0 text-left md:text-center\">Aktuality<\/h2>\r\n    <\/div>\r\n        <div class=\"hidden md:grid gap-x-8 gap-y-4 lg:grid-cols-3 md:grid-cols-2 grid-cols-1 article-container lg:px-24 md:px-16 px-12 \">\r\n                     <article class=\"w-full article relative\">\n  <div data-aos=\"fade-up\" class=\"lg:w-full mx-auto\">\n      <div class=\"article-img rounded-t-lg overflow-hidden transition duration-500 ease-in-out transform-gpu hover:scale-105 hover:shadow-2xl\">\n          <a href=\"https:\/\/www.upjs.sk\/prirodovedecka-fakulta\/actuality\/svk-2026\/\">\n            <img loading=\"lazy\" decoding=\"async\" width=\"600\" height=\"420\" src=\"https:\/\/www.upjs.sk\/app\/uploads\/sites\/10\/2025\/02\/ilob-aktualit-SVK.png\" class=\"attachment-post-thumbnail size-post-thumbnail wp-post-image\" alt=\"\" srcset=\"https:\/\/www.upjs.sk\/app\/uploads\/sites\/10\/2025\/02\/ilob-aktualit-SVK.png 600w, https:\/\/www.upjs.sk\/app\/uploads\/sites\/10\/2025\/02\/ilob-aktualit-SVK-300x210.png 300w\" sizes=\"auto, (max-width: 600px) 100vw, 600px\" \/>\n          <\/a>\n      <\/div>\n  <\/div>\n  <div class=\"artilce-content border-x border-b upjs-grey p-4 rounded-b-lg\">\n      <a href=\"https:\/\/www.upjs.sk\/prirodovedecka-fakulta\/actuality\/svk-2026\/\" class=\"aktualita-nadpis\">\n          <h4 class=\"aktualita-nadpis font-bold line-clamp-2\">\u0160tudentsk\u00e1 vedeck\u00e1 konferencia 2026<\/h4>\n      <\/a>\n      <div class=\"aktualita-excerpt mt-4 text-xs mb-5 line-clamp-5\">\n        \n        Vyhl\u00e1senie fakultn\u00e9ho kola s\u00fa\u0165a\u017ee o najlep\u0161iu \u0161tudentsk\u00fa vedeck\u00fa a odborn\u00fa pr\u00e1cu v akademickom roku 2025\/2026<br>\n<font color=\"red\"><b>AKTUALIZOVAN\u00c9<\/b><\/font>\n      <\/div>\n      <div class=\"inline-date absolute bottom-0 left-0  mb-4 flex justify-between items-center w-full\">\n        <div class=\"inline-block pb-1 pl-4 mt-4 text-upjs-blue underline underline-offset-1 text-xs \">\n          <a href=\"https:\/\/www.upjs.sk\/prirodovedecka-fakulta\/actuality\/svk-2026\/\">Zobrazi\u0165 viac<span aria-hidden=\"true\">&rarr;<\/span><\/a> \n       <\/div>\n\n       <div class=\"inline-block text-xs pb-1 pr-4 mt-4\">\n         21. apr\u00edla 2026\n       <\/div>\n      <\/div>\n  <\/div>\n<\/article>                     <article class=\"w-full article relative\">\n  <div data-aos=\"fade-up\" class=\"lg:w-full mx-auto\">\n      <div class=\"article-img rounded-t-lg overflow-hidden transition duration-500 ease-in-out transform-gpu hover:scale-105 hover:shadow-2xl\">\n          <a href=\"https:\/\/www.upjs.sk\/prirodovedecka-fakulta\/actuality\/krajske-kolo-tmf-2026\/\">\n            <img loading=\"lazy\" decoding=\"async\" width=\"600\" height=\"420\" src=\"https:\/\/www.upjs.sk\/app\/uploads\/sites\/10\/2026\/02\/ilob-aktual-TMF2026.png\" class=\"attachment-post-thumbnail size-post-thumbnail wp-post-image\" alt=\"\" srcset=\"https:\/\/www.upjs.sk\/app\/uploads\/sites\/10\/2026\/02\/ilob-aktual-TMF2026.png 600w, https:\/\/www.upjs.sk\/app\/uploads\/sites\/10\/2026\/02\/ilob-aktual-TMF2026-300x210.png 300w\" sizes=\"auto, (max-width: 600px) 100vw, 600px\" \/>\n          <\/a>\n      <\/div>\n  <\/div>\n  <div class=\"artilce-content border-x border-b upjs-grey p-4 rounded-b-lg\">\n      <a href=\"https:\/\/www.upjs.sk\/prirodovedecka-fakulta\/actuality\/krajske-kolo-tmf-2026\/\" class=\"aktualita-nadpis\">\n          <h4 class=\"aktualita-nadpis font-bold line-clamp-2\">Krajsk\u00e9 kolo Turnaja mlad\u00fdch fyzikov<\/h4>\n      <\/a>\n      <div class=\"aktualita-excerpt mt-4 text-xs mb-5 line-clamp-5\">\n        \n        Po\u010das dvoch dn\u00ed, 10. a 11. 2.2026 sa 12 dru\u017estiev stredo\u0161kol\u00e1kov zo 6 stredn\u00fdch \u0161k\u00f4l Ko\u0161ick\u00e9ho a Pre\u0161ovsk\u00e9ho kraja zapojilo do krajsk\u00e9ho kola Turnaja mlad\u00fdch fyzikov.\n      <\/div>\n      <div class=\"inline-date absolute bottom-0 left-0  mb-4 flex justify-between items-center w-full\">\n        <div class=\"inline-block pb-1 pl-4 mt-4 text-upjs-blue underline underline-offset-1 text-xs \">\n          <a href=\"https:\/\/www.upjs.sk\/prirodovedecka-fakulta\/actuality\/krajske-kolo-tmf-2026\/\">Zobrazi\u0165 viac<span aria-hidden=\"true\">&rarr;<\/span><\/a> \n       <\/div>\n\n       <div class=\"inline-block text-xs pb-1 pr-4 mt-4\">\n         16. febru\u00e1ra 2026\n       <\/div>\n      <\/div>\n  <\/div>\n<\/article>                     <article class=\"w-full article relative\">\n  <div data-aos=\"fade-up\" class=\"lg:w-full mx-auto\">\n      <div class=\"article-img rounded-t-lg overflow-hidden transition duration-500 ease-in-out transform-gpu hover:scale-105 hover:shadow-2xl\">\n          <a href=\"https:\/\/www.upjs.sk\/prirodovedecka-fakulta\/zaostrene-na-nobelove-ceny\/zaostrene-na-nobelove-ceny-2025\/\">\n            <img loading=\"lazy\" decoding=\"async\" width=\"418\" height=\"250\" src=\"https:\/\/www.upjs.sk\/app\/uploads\/sites\/10\/2022\/10\/NC2017_akt.jpg\" class=\"attachment-post-thumbnail size-post-thumbnail wp-post-image\" alt=\"17146\" srcset=\"https:\/\/www.upjs.sk\/app\/uploads\/sites\/10\/2022\/10\/NC2017_akt.jpg 418w, https:\/\/www.upjs.sk\/app\/uploads\/sites\/10\/2022\/10\/NC2017_akt-300x179.jpg 300w\" sizes=\"auto, (max-width: 418px) 100vw, 418px\" \/>\n          <\/a>\n      <\/div>\n  <\/div>\n  <div class=\"artilce-content border-x border-b upjs-grey p-4 rounded-b-lg\">\n      <a href=\"https:\/\/www.upjs.sk\/prirodovedecka-fakulta\/zaostrene-na-nobelove-ceny\/zaostrene-na-nobelove-ceny-2025\/\" class=\"aktualita-nadpis\">\n          <h4 class=\"aktualita-nadpis font-bold line-clamp-2\">ZAOSTREN\u00c9 na Nobelove ceny 2025<\/h4>\n      <\/a>\n      <div class=\"aktualita-excerpt mt-4 text-xs mb-5 line-clamp-5\">\n        \n        Poz\u00fdvame \u0161tudentov, u\u010dite\u013eov, ale aj absolventov a \u0161irok\u00fa verejnos\u0165 na stretnutie s vedcami na\u0161ej fakulty, ktor\u00ed formou predn\u00e1\u0161ok pribl\u00ed\u017eia problematiku v\u00fdskumu, za ktor\u00fd boli udelen\u00e9 Nobelove ceny 2025 v kateg\u00f3ri\u00e1ch Fyzika, Ch\u00e9mia, Fyziol\u00f3gia\/Medic\u00edna.\n      <\/div>\n      <div class=\"inline-date absolute bottom-0 left-0  mb-4 flex justify-between items-center w-full\">\n        <div class=\"inline-block pb-1 pl-4 mt-4 text-upjs-blue underline underline-offset-1 text-xs \">\n          <a href=\"https:\/\/www.upjs.sk\/prirodovedecka-fakulta\/zaostrene-na-nobelove-ceny\/zaostrene-na-nobelove-ceny-2025\/\">Zobrazi\u0165 viac<span aria-hidden=\"true\">&rarr;<\/span><\/a> \n       <\/div>\n\n       <div class=\"inline-block text-xs pb-1 pr-4 mt-4\">\n         5. decembra 2025\n       <\/div>\n      <\/div>\n  <\/div>\n<\/article>                     <article class=\"w-full article relative\">\n  <div data-aos=\"fade-up\" class=\"lg:w-full mx-auto\">\n      <div class=\"article-img rounded-t-lg overflow-hidden transition duration-500 ease-in-out transform-gpu hover:scale-105 hover:shadow-2xl\">\n          <a href=\"https:\/\/www.upjs.sk\/prirodovedecka-fakulta\/actuality\/magneticke-nanocastice-ako-kontrastne-latky-pre-diagnostiku-nadorov-pomocou-metody-mri\/\">\n            <img loading=\"lazy\" decoding=\"async\" width=\"600\" height=\"420\" src=\"https:\/\/www.upjs.sk\/app\/uploads\/sites\/10\/2025\/12\/ilob-aktuality-UFV-MRI-122025.png\" class=\"attachment-post-thumbnail size-post-thumbnail wp-post-image\" alt=\"\" srcset=\"https:\/\/www.upjs.sk\/app\/uploads\/sites\/10\/2025\/12\/ilob-aktuality-UFV-MRI-122025.png 600w, https:\/\/www.upjs.sk\/app\/uploads\/sites\/10\/2025\/12\/ilob-aktuality-UFV-MRI-122025-300x210.png 300w\" sizes=\"auto, (max-width: 600px) 100vw, 600px\" \/>\n          <\/a>\n      <\/div>\n  <\/div>\n  <div class=\"artilce-content border-x border-b upjs-grey p-4 rounded-b-lg\">\n      <a href=\"https:\/\/www.upjs.sk\/prirodovedecka-fakulta\/actuality\/magneticke-nanocastice-ako-kontrastne-latky-pre-diagnostiku-nadorov-pomocou-metody-mri\/\" class=\"aktualita-nadpis\">\n          <h4 class=\"aktualita-nadpis font-bold line-clamp-2\">Magnetick\u00e9 nano\u010dastice ako kontrastn\u00e9 l\u00e1tky pre diagnostiku n\u00e1dorov pomocou met\u00f3dy MRI<\/h4>\n      <\/a>\n      <div class=\"aktualita-excerpt mt-4 text-xs mb-5 line-clamp-5\">\n        \n        T\u00edmy v\u00fdskumn\u00edkov z PF UPJ\u0160 v Ko\u0161iciach a JLF UK v Martine nadviazali spolupr\u00e1cu s cie\u013eom priameho testovania magnetick\u00fdch nano\u010dast\u00edc na b\u00e1ze oxidov \u017eeleza ako kontrastn\u00fdch l\u00e1tok pre zobrazovanie pomocou magnetickej rezonancie\n      <\/div>\n      <div class=\"inline-date absolute bottom-0 left-0  mb-4 flex justify-between items-center w-full\">\n        <div class=\"inline-block pb-1 pl-4 mt-4 text-upjs-blue underline underline-offset-1 text-xs \">\n          <a href=\"https:\/\/www.upjs.sk\/prirodovedecka-fakulta\/actuality\/magneticke-nanocastice-ako-kontrastne-latky-pre-diagnostiku-nadorov-pomocou-metody-mri\/\">Zobrazi\u0165 viac<span aria-hidden=\"true\">&rarr;<\/span><\/a> \n       <\/div>\n\n       <div class=\"inline-block text-xs pb-1 pr-4 mt-4\">\n         5. decembra 2025\n       <\/div>\n      <\/div>\n  <\/div>\n<\/article>                     <article class=\"w-full article relative\">\n  <div data-aos=\"fade-up\" class=\"lg:w-full mx-auto\">\n      <div class=\"article-img rounded-t-lg overflow-hidden transition duration-500 ease-in-out transform-gpu hover:scale-105 hover:shadow-2xl\">\n          <a href=\"https:\/\/www.upjs.sk\/prirodovedecka-fakulta\/actuality\/studenti-nasej-fakulty-vitazmi-ceny-stefana-jedlika-o-najlepsiu-zaverecnu-pracu\/\">\n            <img loading=\"lazy\" decoding=\"async\" width=\"600\" height=\"420\" src=\"https:\/\/www.upjs.sk\/app\/uploads\/sites\/10\/2025\/11\/ilob-akt-UFV-cena-studenti-112025.png\" class=\"attachment-post-thumbnail size-post-thumbnail wp-post-image\" alt=\"\" srcset=\"https:\/\/www.upjs.sk\/app\/uploads\/sites\/10\/2025\/11\/ilob-akt-UFV-cena-studenti-112025.png 600w, https:\/\/www.upjs.sk\/app\/uploads\/sites\/10\/2025\/11\/ilob-akt-UFV-cena-studenti-112025-300x210.png 300w\" sizes=\"auto, (max-width: 600px) 100vw, 600px\" \/>\n          <\/a>\n      <\/div>\n  <\/div>\n  <div class=\"artilce-content border-x border-b upjs-grey p-4 rounded-b-lg\">\n      <a href=\"https:\/\/www.upjs.sk\/prirodovedecka-fakulta\/actuality\/studenti-nasej-fakulty-vitazmi-ceny-stefana-jedlika-o-najlepsiu-zaverecnu-pracu\/\" class=\"aktualita-nadpis\">\n          <h4 class=\"aktualita-nadpis font-bold line-clamp-2\">\u0160tudenti na\u0161ej fakulty v\u00ed\u0165azmi ceny \u0160tefana Jedl\u00edka o\u00a0najlep\u0161iu z\u00e1vere\u010dn\u00fa pr\u00e1cu<\/h4>\n      <\/a>\n      <div class=\"aktualita-excerpt mt-4 text-xs mb-5 line-clamp-5\">\n        \n        D\u0148a 11.11.2025 sa v&nbsp;Slovenskom technickom m\u00fazeu v&nbsp;r\u00e1mci T\u00fd\u017ed\u0148a vedy a&nbsp;techniky, uskuto\u010dnilo sl\u00e1vnostn\u00e9 ocenenie s\u00fa\u0165a\u017ee \u0160tefana Jedl\u00edka o&nbsp;najlep\u0161iu z\u00e1vere\u010dn\u00fa pr\u00e1cu v&nbsp;oblasti magnetizmu a&nbsp;materi\u00e1lov\u00fdch vied. V akademickom roku 2024\/2025 z\u00edskali prv\u00e9 miesta \u0161tudenti Pr\u00edrodovedeckej fakulty v t\u00fdchto kateg\u00f3ri\u00e1ch: V\u00a0kateg\u00f3rii najlep\u0161ia bakal\u00e1rska z\u00e1vere\u010dn\u00e1 pr\u00e1ca: Bc. Daniela Ma\u010d\u00e1kov\u00e1, 4. ro\u010dn\u00edk, F-CHmu, \u0161kolite\u013e: A. Zele\u0148\u00e1kov\u00e1 V kateg\u00f3rii najlep\u0161ia doktorandsk\u00e1 z\u00e1vere\u010dn\u00e1 &hellip; <a href=\"https:\/\/www.upjs.sk\/prirodovedecka-fakulta\/actuality\/studenti-nasej-fakulty-vitazmi-ceny-stefana-jedlika-o-najlepsiu-zaverecnu-pracu\/\">\u010c\u00edta\u0165 \u010falej<\/a>\n      <\/div>\n      <div class=\"inline-date absolute bottom-0 left-0  mb-4 flex justify-between items-center w-full\">\n        <div class=\"inline-block pb-1 pl-4 mt-4 text-upjs-blue underline underline-offset-1 text-xs \">\n          <a href=\"https:\/\/www.upjs.sk\/prirodovedecka-fakulta\/actuality\/studenti-nasej-fakulty-vitazmi-ceny-stefana-jedlika-o-najlepsiu-zaverecnu-pracu\/\">Zobrazi\u0165 viac<span aria-hidden=\"true\">&rarr;<\/span><\/a> \n       <\/div>\n\n       <div class=\"inline-block text-xs pb-1 pr-4 mt-4\">\n         17. novembra 2025\n       <\/div>\n      <\/div>\n  <\/div>\n<\/article>                     <article class=\"w-full article relative\">\n  <div data-aos=\"fade-up\" class=\"lg:w-full mx-auto\">\n      <div class=\"article-img rounded-t-lg overflow-hidden transition duration-500 ease-in-out transform-gpu hover:scale-105 hover:shadow-2xl\">\n          <a href=\"https:\/\/www.upjs.sk\/prirodovedecka-fakulta\/actuality\/fyzikalny-naboj-2025\/\">\n            <img loading=\"lazy\" decoding=\"async\" width=\"600\" height=\"420\" src=\"https:\/\/www.upjs.sk\/app\/uploads\/sites\/10\/2025\/11\/ilob-akt-Fyzikalny-naboj-2025.png\" class=\"attachment-post-thumbnail size-post-thumbnail wp-post-image\" alt=\"\" srcset=\"https:\/\/www.upjs.sk\/app\/uploads\/sites\/10\/2025\/11\/ilob-akt-Fyzikalny-naboj-2025.png 600w, https:\/\/www.upjs.sk\/app\/uploads\/sites\/10\/2025\/11\/ilob-akt-Fyzikalny-naboj-2025-300x210.png 300w\" sizes=\"auto, (max-width: 600px) 100vw, 600px\" \/>\n          <\/a>\n      <\/div>\n  <\/div>\n  <div class=\"artilce-content border-x border-b upjs-grey p-4 rounded-b-lg\">\n      <a href=\"https:\/\/www.upjs.sk\/prirodovedecka-fakulta\/actuality\/fyzikalny-naboj-2025\/\" class=\"aktualita-nadpis\">\n          <h4 class=\"aktualita-nadpis font-bold line-clamp-2\">Fyzik\u00e1lny n\u00e1boj 2025<\/h4>\n      <\/a>\n      <div class=\"aktualita-excerpt mt-4 text-xs mb-5 line-clamp-5\">\n        \n        Medzin\u00e1rodn\u00e1 s\u00fa\u0165a\u017e Fyzik\u00e1lny n\u00e1boj sa znova konala aj v&nbsp;priestoroch na\u0161ej fakulty. V&nbsp;piatok 7. 11. 2025, 12 juniorsk\u00fdch a&nbsp;17 seniorsk\u00fdch 5 \u010dlenn\u00fdch t\u00edmov, rie\u0161ilo po\u010das 2 hod\u00edn 40 zauj\u00edmav\u00fdch fyzik\u00e1lnych \u00faloh. V&nbsp;r\u00e1mci Slovenska sa do s\u00fa\u0165a\u017ee zapojilo 51 juniorsk\u00fdch a&nbsp;61 seniorsk\u00fdch t\u00edmov. V&nbsp;medzin\u00e1rodnom kole s\u00fa\u0165a\u017eilo 204 juniorsk\u00fdch a&nbsp;286 seniorsk\u00fdch t\u00edmov z&nbsp;\u010ceska, \u0160panielska, Ma\u010farska, Po\u013eska, Portugalska a&nbsp;Slovenska. &hellip; <a href=\"https:\/\/www.upjs.sk\/prirodovedecka-fakulta\/actuality\/fyzikalny-naboj-2025\/\">\u010c\u00edta\u0165 \u010falej<\/a>\n      <\/div>\n      <div class=\"inline-date absolute bottom-0 left-0  mb-4 flex justify-between items-center w-full\">\n        <div class=\"inline-block pb-1 pl-4 mt-4 text-upjs-blue underline underline-offset-1 text-xs \">\n          <a href=\"https:\/\/www.upjs.sk\/prirodovedecka-fakulta\/actuality\/fyzikalny-naboj-2025\/\">Zobrazi\u0165 viac<span aria-hidden=\"true\">&rarr;<\/span><\/a> \n       <\/div>\n\n       <div class=\"inline-block text-xs pb-1 pr-4 mt-4\">\n         16. novembra 2025\n       <\/div>\n      <\/div>\n  <\/div>\n<\/article>                     <article class=\"w-full article relative\">\n  <div data-aos=\"fade-up\" class=\"lg:w-full mx-auto\">\n      <div class=\"article-img rounded-t-lg overflow-hidden transition duration-500 ease-in-out transform-gpu hover:scale-105 hover:shadow-2xl\">\n          <a href=\"https:\/\/www.upjs.sk\/prirodovedecka-fakulta\/actuality\/den-otvorenych-dveri-na-ustave-fyzikanych-vied\/\">\n            <img loading=\"lazy\" decoding=\"async\" width=\"600\" height=\"420\" src=\"https:\/\/www.upjs.sk\/app\/uploads\/sites\/10\/2025\/11\/ilob-akt-UFV-DOD2025.png\" class=\"attachment-post-thumbnail size-post-thumbnail wp-post-image\" alt=\"\" srcset=\"https:\/\/www.upjs.sk\/app\/uploads\/sites\/10\/2025\/11\/ilob-akt-UFV-DOD2025.png 600w, https:\/\/www.upjs.sk\/app\/uploads\/sites\/10\/2025\/11\/ilob-akt-UFV-DOD2025-300x210.png 300w\" sizes=\"auto, (max-width: 600px) 100vw, 600px\" \/>\n          <\/a>\n      <\/div>\n  <\/div>\n  <div class=\"artilce-content border-x border-b upjs-grey p-4 rounded-b-lg\">\n      <a href=\"https:\/\/www.upjs.sk\/prirodovedecka-fakulta\/actuality\/den-otvorenych-dveri-na-ustave-fyzikanych-vied\/\" class=\"aktualita-nadpis\">\n          <h4 class=\"aktualita-nadpis font-bold line-clamp-2\">De\u0148 otvoren\u00fdch dver\u00ed na \u00dastave fyzik\u00e1nych vied<\/h4>\n      <\/a>\n      <div class=\"aktualita-excerpt mt-4 text-xs mb-5 line-clamp-5\">\n        \n        \u00dastav fyzik\u00e1lnych vied otvoril d\u0148a 25.10.2025 svoje dvere v\u0161etk\u00fdm z\u00e1ujemcom o fyziku.\n      <\/div>\n      <div class=\"inline-date absolute bottom-0 left-0  mb-4 flex justify-between items-center w-full\">\n        <div class=\"inline-block pb-1 pl-4 mt-4 text-upjs-blue underline underline-offset-1 text-xs \">\n          <a href=\"https:\/\/www.upjs.sk\/prirodovedecka-fakulta\/actuality\/den-otvorenych-dveri-na-ustave-fyzikanych-vied\/\">Zobrazi\u0165 viac<span aria-hidden=\"true\">&rarr;<\/span><\/a> \n       <\/div>\n\n       <div class=\"inline-block text-xs pb-1 pr-4 mt-4\">\n         14. novembra 2025\n       <\/div>\n      <\/div>\n  <\/div>\n<\/article>                     <article class=\"w-full article relative\">\n  <div data-aos=\"fade-up\" class=\"lg:w-full mx-auto\">\n      <div class=\"article-img rounded-t-lg overflow-hidden transition duration-500 ease-in-out transform-gpu hover:scale-105 hover:shadow-2xl\">\n          <a href=\"https:\/\/www.upjs.sk\/prirodovedecka-fakulta\/pracoviska\/ustavy-pf\/ufv\/aktuality\/den-otvorenych-dveri-2025-na-ufv\/\">\n            <img loading=\"lazy\" decoding=\"async\" width=\"600\" height=\"420\" src=\"https:\/\/www.upjs.sk\/app\/uploads\/sites\/10\/2023\/11\/fyzika-ilob-2.png\" class=\"attachment-post-thumbnail size-post-thumbnail wp-post-image\" alt=\"\" srcset=\"https:\/\/www.upjs.sk\/app\/uploads\/sites\/10\/2023\/11\/fyzika-ilob-2.png 600w, https:\/\/www.upjs.sk\/app\/uploads\/sites\/10\/2023\/11\/fyzika-ilob-2-300x210.png 300w\" sizes=\"auto, (max-width: 600px) 100vw, 600px\" \/>\n          <\/a>\n      <\/div>\n  <\/div>\n  <div class=\"artilce-content border-x border-b upjs-grey p-4 rounded-b-lg\">\n      <a href=\"https:\/\/www.upjs.sk\/prirodovedecka-fakulta\/pracoviska\/ustavy-pf\/ufv\/aktuality\/den-otvorenych-dveri-2025-na-ufv\/\" class=\"aktualita-nadpis\">\n          <h4 class=\"aktualita-nadpis font-bold line-clamp-2\">De\u0148 otvoren\u00fdch dver\u00ed 2025 na \u00daFV<\/h4>\n      <\/a>\n      <div class=\"aktualita-excerpt mt-4 text-xs mb-5 line-clamp-5\">\n        \n        \u00dastav fyzik\u00e1lnych vied&nbsp;organizuje de\u0148 otvoren\u00fdch dver\u00ed a poz\u00fdva \u0161tudentov stredn\u00fdch \u0161k\u00f4l, pedag\u00f3gov, rodi\u010dov, nad\u0161encov fyziky. \u010cakaj\u00fa V\u00e1s prehliadky \u0161pi\u010dkov\u00fdch vedeck\u00fdch laborat\u00f3ri\u00ed s odborn\u00fdm v\u00fdkladom, predn\u00e1\u0161ky a diskusie o aktu\u00e1lnych fyzik\u00e1lnych t\u00e9mach, zauj\u00edmav\u00e9 demon\u0161tra\u010dn\u00e9 experimenty a dozviete sa v\u0161etky podrobnosti o mo\u017enostiach \u0161t\u00fadia fyziky na na\u0161ej fakulte. Kedy: 25. okt\u00f3bra 2025 (sobota), od 10:00 &#8211; 14:00 &hellip; <a href=\"https:\/\/www.upjs.sk\/prirodovedecka-fakulta\/pracoviska\/ustavy-pf\/ufv\/aktuality\/den-otvorenych-dveri-2025-na-ufv\/\">\u010c\u00edta\u0165 \u010falej<\/a>\n      <\/div>\n      <div class=\"inline-date absolute bottom-0 left-0  mb-4 flex justify-between items-center w-full\">\n        <div class=\"inline-block pb-1 pl-4 mt-4 text-upjs-blue underline underline-offset-1 text-xs \">\n          <a href=\"https:\/\/www.upjs.sk\/prirodovedecka-fakulta\/pracoviska\/ustavy-pf\/ufv\/aktuality\/den-otvorenych-dveri-2025-na-ufv\/\">Zobrazi\u0165 viac<span aria-hidden=\"true\">&rarr;<\/span><\/a> \n       <\/div>\n\n       <div class=\"inline-block text-xs pb-1 pr-4 mt-4\">\n         20. okt\u00f3bra 2025\n       <\/div>\n      <\/div>\n  <\/div>\n<\/article>                     <article class=\"w-full article relative\">\n  <div data-aos=\"fade-up\" class=\"lg:w-full mx-auto\">\n      <div class=\"article-img rounded-t-lg overflow-hidden transition duration-500 ease-in-out transform-gpu hover:scale-105 hover:shadow-2xl\">\n          <a href=\"https:\/\/www.upjs.sk\/prirodovedecka-fakulta\/actuality\/uspech-nasich-studentiv-na-15-cesko-slovenskej-svk-vo-fyzike\/\">\n            <img loading=\"lazy\" decoding=\"async\" width=\"600\" height=\"420\" src=\"https:\/\/www.upjs.sk\/app\/uploads\/sites\/10\/2025\/05\/ilob-aktual-fyzika.png\" class=\"attachment-post-thumbnail size-post-thumbnail wp-post-image\" alt=\"\" srcset=\"https:\/\/www.upjs.sk\/app\/uploads\/sites\/10\/2025\/05\/ilob-aktual-fyzika.png 600w, https:\/\/www.upjs.sk\/app\/uploads\/sites\/10\/2025\/05\/ilob-aktual-fyzika-300x210.png 300w\" sizes=\"auto, (max-width: 600px) 100vw, 600px\" \/>\n          <\/a>\n      <\/div>\n  <\/div>\n  <div class=\"artilce-content border-x border-b upjs-grey p-4 rounded-b-lg\">\n      <a href=\"https:\/\/www.upjs.sk\/prirodovedecka-fakulta\/actuality\/uspech-nasich-studentiv-na-15-cesko-slovenskej-svk-vo-fyzike\/\" class=\"aktualita-nadpis\">\n          <h4 class=\"aktualita-nadpis font-bold line-clamp-2\">\u00daspech na\u0161ich \u0161tudentov na 15. \u010cesko-slovenskej \u0160VK vo fyzike<\/h4>\n      <\/a>\n      <div class=\"aktualita-excerpt mt-4 text-xs mb-5 line-clamp-5\">\n        \n        \u0160tudenti fyziky na PF UPJ\u0160 uspeli na  \u010cSSVK v Prahe\n      <\/div>\n      <div class=\"inline-date absolute bottom-0 left-0  mb-4 flex justify-between items-center w-full\">\n        <div class=\"inline-block pb-1 pl-4 mt-4 text-upjs-blue underline underline-offset-1 text-xs \">\n          <a href=\"https:\/\/www.upjs.sk\/prirodovedecka-fakulta\/actuality\/uspech-nasich-studentiv-na-15-cesko-slovenskej-svk-vo-fyzike\/\">Zobrazi\u0165 viac<span aria-hidden=\"true\">&rarr;<\/span><\/a> \n       <\/div>\n\n       <div class=\"inline-block text-xs pb-1 pr-4 mt-4\">\n         29. m\u00e1ja 2025\n       <\/div>\n      <\/div>\n  <\/div>\n<\/article>                     <article class=\"w-full article relative\">\n  <div data-aos=\"fade-up\" class=\"lg:w-full mx-auto\">\n      <div class=\"article-img rounded-t-lg overflow-hidden transition duration-500 ease-in-out transform-gpu hover:scale-105 hover:shadow-2xl\">\n          <a href=\"https:\/\/www.upjs.sk\/prirodovedecka-fakulta\/actuality\/katedra-jadrovej-a-subjadrovej-fyziky-ocenena-cenou-mesta-kosice\/\">\n            <img loading=\"lazy\" decoding=\"async\" width=\"600\" height=\"420\" src=\"https:\/\/www.upjs.sk\/app\/uploads\/sites\/10\/2025\/05\/ilob-aktuality-cena-KE-2025.png\" class=\"attachment-post-thumbnail size-post-thumbnail wp-post-image\" alt=\"\" srcset=\"https:\/\/www.upjs.sk\/app\/uploads\/sites\/10\/2025\/05\/ilob-aktuality-cena-KE-2025.png 600w, https:\/\/www.upjs.sk\/app\/uploads\/sites\/10\/2025\/05\/ilob-aktuality-cena-KE-2025-300x210.png 300w\" sizes=\"auto, (max-width: 600px) 100vw, 600px\" \/>\n          <\/a>\n      <\/div>\n  <\/div>\n  <div class=\"artilce-content border-x border-b upjs-grey p-4 rounded-b-lg\">\n      <a href=\"https:\/\/www.upjs.sk\/prirodovedecka-fakulta\/actuality\/katedra-jadrovej-a-subjadrovej-fyziky-ocenena-cenou-mesta-kosice\/\" class=\"aktualita-nadpis\">\n          <h4 class=\"aktualita-nadpis font-bold line-clamp-2\">Katedra jadrovej a subjadrovej fyziky ocenen\u00e1 Cenou mesta Ko\u0161ice<\/h4>\n      <\/a>\n      <div class=\"aktualita-excerpt mt-4 text-xs mb-5 line-clamp-5\">\n        \n        V r\u00e1mci osl\u00e1v D\u0148a mesta Ko\u0161ice bol d\u0148a 7. m\u00e1ja 2025 Cenou mesta Ko\u0161ice ocenen\u00fd aj kolekt\u00edv Katedry jadrovej a subjadrovej fyziky UFV PF UPJ\u0160 v Ko\u0161iciach a to pr\u00edle\u017eitosti 60. v\u00fdro\u010dia jej vzniku a za dlhodob\u00fd v\u00fdznamn\u00fd pr\u00ednos vo vedeckov\u00fdskumnej \u010dinnosti.\n      <\/div>\n      <div class=\"inline-date absolute bottom-0 left-0  mb-4 flex justify-between items-center w-full\">\n        <div class=\"inline-block pb-1 pl-4 mt-4 text-upjs-blue underline underline-offset-1 text-xs \">\n          <a href=\"https:\/\/www.upjs.sk\/prirodovedecka-fakulta\/actuality\/katedra-jadrovej-a-subjadrovej-fyziky-ocenena-cenou-mesta-kosice\/\">Zobrazi\u0165 viac<span aria-hidden=\"true\">&rarr;<\/span><\/a> \n       <\/div>\n\n       <div class=\"inline-block text-xs pb-1 pr-4 mt-4\">\n         15. m\u00e1ja 2025\n       <\/div>\n      <\/div>\n  <\/div>\n<\/article>                     <article class=\"w-full article relative\">\n  <div data-aos=\"fade-up\" class=\"lg:w-full mx-auto\">\n      <div class=\"article-img rounded-t-lg overflow-hidden transition duration-500 ease-in-out transform-gpu hover:scale-105 hover:shadow-2xl\">\n          <a href=\"https:\/\/www.upjs.sk\/prirodovedecka-fakulta\/actuality\/44-prirodovedecka-cajovna\/\">\n            <img loading=\"lazy\" decoding=\"async\" width=\"600\" height=\"420\" src=\"https:\/\/www.upjs.sk\/app\/uploads\/sites\/10\/2025\/03\/ilob-aktual-Prirodovedecka-cajovna-SK.png\" class=\"attachment-post-thumbnail size-post-thumbnail wp-post-image\" alt=\"\" srcset=\"https:\/\/www.upjs.sk\/app\/uploads\/sites\/10\/2025\/03\/ilob-aktual-Prirodovedecka-cajovna-SK.png 600w, https:\/\/www.upjs.sk\/app\/uploads\/sites\/10\/2025\/03\/ilob-aktual-Prirodovedecka-cajovna-SK-300x210.png 300w\" sizes=\"auto, (max-width: 600px) 100vw, 600px\" \/>\n          <\/a>\n      <\/div>\n  <\/div>\n  <div class=\"artilce-content border-x border-b upjs-grey p-4 rounded-b-lg\">\n      <a href=\"https:\/\/www.upjs.sk\/prirodovedecka-fakulta\/actuality\/44-prirodovedecka-cajovna\/\" class=\"aktualita-nadpis\">\n          <h4 class=\"aktualita-nadpis font-bold line-clamp-2\">44. Pr\u00edrodovedeck\u00e1 \u010dajov\u0148a<\/h4>\n      <\/a>\n      <div class=\"aktualita-excerpt mt-4 text-xs mb-5 line-clamp-5\">\n        \n        D\u0148a <b>9. apr\u00edla 2025<\/b> sa v\u00a0Historickej aule UPJ\u0160, nach\u00e1dzaj\u00facej sa\u00a0 v\u00a0priestoroch budovy rektor\u00e1tu UPJ\u0160 uskuto\u010dn\u00ed vedeck\u00e1 \u010dajov\u0148a na t\u00e9mu \u201eAI v\u00a0dobe AI\u201c alebo akademick\u00e1 integrita v\u00a0dobe umelej inteligencie.\n      <\/div>\n      <div class=\"inline-date absolute bottom-0 left-0  mb-4 flex justify-between items-center w-full\">\n        <div class=\"inline-block pb-1 pl-4 mt-4 text-upjs-blue underline underline-offset-1 text-xs \">\n          <a href=\"https:\/\/www.upjs.sk\/prirodovedecka-fakulta\/actuality\/44-prirodovedecka-cajovna\/\">Zobrazi\u0165 viac<span aria-hidden=\"true\">&rarr;<\/span><\/a> \n       <\/div>\n\n       <div class=\"inline-block text-xs pb-1 pr-4 mt-4\">\n         21. marca 2025\n       <\/div>\n      <\/div>\n  <\/div>\n<\/article>                     <article class=\"w-full article relative\">\n  <div data-aos=\"fade-up\" class=\"lg:w-full mx-auto\">\n      <div class=\"article-img rounded-t-lg overflow-hidden transition duration-500 ease-in-out transform-gpu hover:scale-105 hover:shadow-2xl\">\n          <a href=\"https:\/\/www.upjs.sk\/prirodovedecka-fakulta\/actuality\/krajske-kolo-turnaja-mladych-fyzikov-2\/\">\n            <img loading=\"lazy\" decoding=\"async\" width=\"1024\" height=\"768\" src=\"https:\/\/www.upjs.sk\/app\/uploads\/sites\/10\/2025\/02\/2025_TMF_KE_00.jpg\" class=\"attachment-post-thumbnail size-post-thumbnail wp-post-image\" alt=\"\" srcset=\"https:\/\/www.upjs.sk\/app\/uploads\/sites\/10\/2025\/02\/2025_TMF_KE_00.jpg 1024w, https:\/\/www.upjs.sk\/app\/uploads\/sites\/10\/2025\/02\/2025_TMF_KE_00-300x225.jpg 300w, https:\/\/www.upjs.sk\/app\/uploads\/sites\/10\/2025\/02\/2025_TMF_KE_00-768x576.jpg 768w\" sizes=\"auto, (max-width: 1024px) 100vw, 1024px\" \/>\n          <\/a>\n      <\/div>\n  <\/div>\n  <div class=\"artilce-content border-x border-b upjs-grey p-4 rounded-b-lg\">\n      <a href=\"https:\/\/www.upjs.sk\/prirodovedecka-fakulta\/actuality\/krajske-kolo-turnaja-mladych-fyzikov-2\/\" class=\"aktualita-nadpis\">\n          <h4 class=\"aktualita-nadpis font-bold line-clamp-2\">Krajsk\u00e9 kolo Turnaja mlad\u00fdch fyzikov<\/h4>\n      <\/a>\n      <div class=\"aktualita-excerpt mt-4 text-xs mb-5 line-clamp-5\">\n        \n        V\u00a0pondelok 10.2.2025 sa 10 dru\u017estiev stredo\u0161kol\u00e1kov zo 6 stredn\u00fdch \u0161k\u00f4l Ko\u0161ick\u00e9ho a\u00a0Pre\u0161ovsk\u00e9ho kraja zapojilo do krajsk\u00e9ho kola Turnaja mlad\u00fdch fyzikov. Ka\u017ed\u00fd \u00fa\u010dastn\u00edk sa prihl\u00e1sil do s\u00fa\u0165a\u017ee s\u00a0rie\u0161en\u00edm jednej \u00falohy. Troj\u010dlenn\u00e9 dru\u017estvo v\u00a0troch kol\u00e1ch (fyzbojoch) prezentovalo, oponovalo a\u00a0recenzovalo origin\u00e1lne rie\u0161enia otvoren\u00fdch fyzik\u00e1lnych probl\u00e9mov. Celkovo je v\u00a0s\u00fa\u0165a\u017ei zadan\u00fdch 17 probl\u00e9mov, ktor\u00fdch znenia s\u00fa zverejnen\u00e9 na slovenskej str\u00e1nke &hellip; <a href=\"https:\/\/www.upjs.sk\/prirodovedecka-fakulta\/actuality\/krajske-kolo-turnaja-mladych-fyzikov-2\/\">\u010c\u00edta\u0165 \u010falej<\/a>\n      <\/div>\n      <div class=\"inline-date absolute bottom-0 left-0  mb-4 flex justify-between items-center w-full\">\n        <div class=\"inline-block pb-1 pl-4 mt-4 text-upjs-blue underline underline-offset-1 text-xs \">\n          <a href=\"https:\/\/www.upjs.sk\/prirodovedecka-fakulta\/actuality\/krajske-kolo-turnaja-mladych-fyzikov-2\/\">Zobrazi\u0165 viac<span aria-hidden=\"true\">&rarr;<\/span><\/a> \n       <\/div>\n\n       <div class=\"inline-block text-xs pb-1 pr-4 mt-4\">\n         14. febru\u00e1ra 2025\n       <\/div>\n      <\/div>\n  <\/div>\n<\/article>            <\/div>\r\n    <\/section>\r\n\r\n\r\n<style type=\"text\/css\">\r\n  [data- block_9218e18b0fcae06bf214181c7e7383a4] {\r\n    background:  ;\r\n    color: ;\r\n  }\r\n<\/style>\r\n","protected":false},"author":25,"featured_media":0,"parent":54687,"menu_order":0,"template":"","meta":{"_acf_changed":true,"_editorskit_title_hidden":false,"_editorskit_reading_time":0,"_editorskit_is_block_options_detached":false,"_editorskit_block_options_position":"{}"},"categories":[],"tags":[],"tax_aktuality":[],"class_list":["post-54748","cpt_pracoviska","type-cpt_pracoviska","status-publish","hentry"],"acf":{"acf_link_na_externy_obsah":""},"yoast_head":"<!-- This site is optimized with the Yoast SEO plugin v27.4 - https:\/\/yoast.com\/product\/yoast-seo-wordpress\/ -->\n<title>Aktuality - Pr\u00edrodovedeck\u00e1 fakulta | UPJ\u0160<\/title>\n<meta name=\"robots\" content=\"index, follow, max-snippet:-1, max-image-preview:large, max-video-preview:-1\" \/>\n<link rel=\"canonical\" href=\"https:\/\/www.upjs.sk\/prirodovedecka-fakulta\/pracoviska\/ustavy-pf\/ufv\/aktuality\/\" \/>\n<meta property=\"og:locale\" content=\"sk_SK\" \/>\n<meta property=\"og:type\" content=\"article\" \/>\n<meta property=\"og:title\" content=\"Aktuality - Pr\u00edrodovedeck\u00e1 fakulta | UPJ\u0160\" \/>\n<meta property=\"og:url\" content=\"https:\/\/www.upjs.sk\/prirodovedecka-fakulta\/pracoviska\/ustavy-pf\/ufv\/aktuality\/\" \/>\n<meta property=\"og:site_name\" content=\"Pr\u00edrodovedeck\u00e1 fakulta | UPJ\u0160\" \/>\n<meta property=\"article:modified_time\" content=\"2025-04-10T12:42:01+00:00\" \/>\n<meta name=\"twitter:card\" content=\"summary_large_image\" \/>\n<script type=\"application\/ld+json\" class=\"yoast-schema-graph\">{\"@context\":\"https:\\\/\\\/schema.org\",\"@graph\":[{\"@type\":\"WebPage\",\"@id\":\"https:\\\/\\\/www.upjs.sk\\\/prirodovedecka-fakulta\\\/pracoviska\\\/ustavy-pf\\\/ufv\\\/aktuality\\\/\",\"url\":\"https:\\\/\\\/www.upjs.sk\\\/prirodovedecka-fakulta\\\/pracoviska\\\/ustavy-pf\\\/ufv\\\/aktuality\\\/\",\"name\":\"Aktuality - Pr\u00edrodovedeck\u00e1 fakulta | UPJ\u0160\",\"isPartOf\":{\"@id\":\"https:\\\/\\\/www.upjs.sk\\\/prirodovedecka-fakulta\\\/#website\"},\"datePublished\":\"2023-04-25T22:28:19+00:00\",\"dateModified\":\"2025-04-10T12:42:01+00:00\",\"breadcrumb\":{\"@id\":\"https:\\\/\\\/www.upjs.sk\\\/prirodovedecka-fakulta\\\/pracoviska\\\/ustavy-pf\\\/ufv\\\/aktuality\\\/#breadcrumb\"},\"inLanguage\":\"sk-SK\",\"potentialAction\":[{\"@type\":\"ReadAction\",\"target\":[\"https:\\\/\\\/www.upjs.sk\\\/prirodovedecka-fakulta\\\/pracoviska\\\/ustavy-pf\\\/ufv\\\/aktuality\\\/\"]}]},{\"@type\":\"BreadcrumbList\",\"@id\":\"https:\\\/\\\/www.upjs.sk\\\/prirodovedecka-fakulta\\\/pracoviska\\\/ustavy-pf\\\/ufv\\\/aktuality\\\/#breadcrumb\",\"itemListElement\":[{\"@type\":\"ListItem\",\"position\":1,\"name\":\"Home\",\"item\":\"https:\\\/\\\/www.upjs.sk\\\/prirodovedecka-fakulta\\\/\"},{\"@type\":\"ListItem\",\"position\":2,\"name\":\"Pracovisk\u00e1\",\"item\":\"https:\\\/\\\/www.upjs.sk\\\/prirodovedecka-fakulta\\\/pracoviska\\\/\"},{\"@type\":\"ListItem\",\"position\":3,\"name\":\"\u00dastavy\",\"item\":\"https:\\\/\\\/www.upjs.sk\\\/prirodovedecka-fakulta\\\/pracoviska\\\/ustavy-pf\\\/\"},{\"@type\":\"ListItem\",\"position\":4,\"name\":\"\u00dastav fyzik\u00e1lnych vied\",\"item\":\"https:\\\/\\\/www.upjs.sk\\\/prirodovedecka-fakulta\\\/pracoviska\\\/ustavy-pf\\\/ufv\\\/\"},{\"@type\":\"ListItem\",\"position\":5,\"name\":\"Aktuality\"}]},{\"@type\":\"WebSite\",\"@id\":\"https:\\\/\\\/www.upjs.sk\\\/prirodovedecka-fakulta\\\/#website\",\"url\":\"https:\\\/\\\/www.upjs.sk\\\/prirodovedecka-fakulta\\\/\",\"name\":\"Pr\u00edrodovedeck\u00e1 fakulta | UPJ\u0160\",\"description\":\"\",\"publisher\":{\"@id\":\"https:\\\/\\\/www.upjs.sk\\\/prirodovedecka-fakulta\\\/#organization\"},\"potentialAction\":[{\"@type\":\"SearchAction\",\"target\":{\"@type\":\"EntryPoint\",\"urlTemplate\":\"https:\\\/\\\/www.upjs.sk\\\/prirodovedecka-fakulta\\\/?s={search_term_string}\"},\"query-input\":{\"@type\":\"PropertyValueSpecification\",\"valueRequired\":true,\"valueName\":\"search_term_string\"}}],\"inLanguage\":\"sk-SK\"},{\"@type\":\"Organization\",\"@id\":\"https:\\\/\\\/www.upjs.sk\\\/prirodovedecka-fakulta\\\/#organization\",\"name\":\"Pr\u00edrodovedeck\u00e1 fakulta | UPJ\u0160\",\"url\":\"https:\\\/\\\/www.upjs.sk\\\/prirodovedecka-fakulta\\\/\",\"logo\":{\"@type\":\"ImageObject\",\"inLanguage\":\"sk-SK\",\"@id\":\"https:\\\/\\\/www.upjs.sk\\\/prirodovedecka-fakulta\\\/#\\\/schema\\\/logo\\\/image\\\/\",\"url\":\"https:\\\/\\\/www.upjs.sk\\\/app\\\/uploads\\\/sites\\\/10\\\/2022\\\/09\\\/logo-prirodovedecka-fakulta.png\",\"contentUrl\":\"https:\\\/\\\/www.upjs.sk\\\/app\\\/uploads\\\/sites\\\/10\\\/2022\\\/09\\\/logo-prirodovedecka-fakulta.png\",\"width\":415,\"height\":87,\"caption\":\"Pr\u00edrodovedeck\u00e1 fakulta | UPJ\u0160\"},\"image\":{\"@id\":\"https:\\\/\\\/www.upjs.sk\\\/prirodovedecka-fakulta\\\/#\\\/schema\\\/logo\\\/image\\\/\"}}]}<\/script>\n<!-- \/ Yoast SEO plugin. -->","yoast_head_json":{"title":"Aktuality - Pr\u00edrodovedeck\u00e1 fakulta | UPJ\u0160","robots":{"index":"index","follow":"follow","max-snippet":"max-snippet:-1","max-image-preview":"max-image-preview:large","max-video-preview":"max-video-preview:-1"},"canonical":"https:\/\/www.upjs.sk\/prirodovedecka-fakulta\/pracoviska\/ustavy-pf\/ufv\/aktuality\/","og_locale":"sk_SK","og_type":"article","og_title":"Aktuality - Pr\u00edrodovedeck\u00e1 fakulta | UPJ\u0160","og_url":"https:\/\/www.upjs.sk\/prirodovedecka-fakulta\/pracoviska\/ustavy-pf\/ufv\/aktuality\/","og_site_name":"Pr\u00edrodovedeck\u00e1 fakulta | UPJ\u0160","article_modified_time":"2025-04-10T12:42:01+00:00","twitter_card":"summary_large_image","schema":{"@context":"https:\/\/schema.org","@graph":[{"@type":"WebPage","@id":"https:\/\/www.upjs.sk\/prirodovedecka-fakulta\/pracoviska\/ustavy-pf\/ufv\/aktuality\/","url":"https:\/\/www.upjs.sk\/prirodovedecka-fakulta\/pracoviska\/ustavy-pf\/ufv\/aktuality\/","name":"Aktuality - Pr\u00edrodovedeck\u00e1 fakulta | UPJ\u0160","isPartOf":{"@id":"https:\/\/www.upjs.sk\/prirodovedecka-fakulta\/#website"},"datePublished":"2023-04-25T22:28:19+00:00","dateModified":"2025-04-10T12:42:01+00:00","breadcrumb":{"@id":"https:\/\/www.upjs.sk\/prirodovedecka-fakulta\/pracoviska\/ustavy-pf\/ufv\/aktuality\/#breadcrumb"},"inLanguage":"sk-SK","potentialAction":[{"@type":"ReadAction","target":["https:\/\/www.upjs.sk\/prirodovedecka-fakulta\/pracoviska\/ustavy-pf\/ufv\/aktuality\/"]}]},{"@type":"BreadcrumbList","@id":"https:\/\/www.upjs.sk\/prirodovedecka-fakulta\/pracoviska\/ustavy-pf\/ufv\/aktuality\/#breadcrumb","itemListElement":[{"@type":"ListItem","position":1,"name":"Home","item":"https:\/\/www.upjs.sk\/prirodovedecka-fakulta\/"},{"@type":"ListItem","position":2,"name":"Pracovisk\u00e1","item":"https:\/\/www.upjs.sk\/prirodovedecka-fakulta\/pracoviska\/"},{"@type":"ListItem","position":3,"name":"\u00dastavy","item":"https:\/\/www.upjs.sk\/prirodovedecka-fakulta\/pracoviska\/ustavy-pf\/"},{"@type":"ListItem","position":4,"name":"\u00dastav fyzik\u00e1lnych vied","item":"https:\/\/www.upjs.sk\/prirodovedecka-fakulta\/pracoviska\/ustavy-pf\/ufv\/"},{"@type":"ListItem","position":5,"name":"Aktuality"}]},{"@type":"WebSite","@id":"https:\/\/www.upjs.sk\/prirodovedecka-fakulta\/#website","url":"https:\/\/www.upjs.sk\/prirodovedecka-fakulta\/","name":"Pr\u00edrodovedeck\u00e1 fakulta | UPJ\u0160","description":"","publisher":{"@id":"https:\/\/www.upjs.sk\/prirodovedecka-fakulta\/#organization"},"potentialAction":[{"@type":"SearchAction","target":{"@type":"EntryPoint","urlTemplate":"https:\/\/www.upjs.sk\/prirodovedecka-fakulta\/?s={search_term_string}"},"query-input":{"@type":"PropertyValueSpecification","valueRequired":true,"valueName":"search_term_string"}}],"inLanguage":"sk-SK"},{"@type":"Organization","@id":"https:\/\/www.upjs.sk\/prirodovedecka-fakulta\/#organization","name":"Pr\u00edrodovedeck\u00e1 fakulta | UPJ\u0160","url":"https:\/\/www.upjs.sk\/prirodovedecka-fakulta\/","logo":{"@type":"ImageObject","inLanguage":"sk-SK","@id":"https:\/\/www.upjs.sk\/prirodovedecka-fakulta\/#\/schema\/logo\/image\/","url":"https:\/\/www.upjs.sk\/app\/uploads\/sites\/10\/2022\/09\/logo-prirodovedecka-fakulta.png","contentUrl":"https:\/\/www.upjs.sk\/app\/uploads\/sites\/10\/2022\/09\/logo-prirodovedecka-fakulta.png","width":415,"height":87,"caption":"Pr\u00edrodovedeck\u00e1 fakulta | UPJ\u0160"},"image":{"@id":"https:\/\/www.upjs.sk\/prirodovedecka-fakulta\/#\/schema\/logo\/image\/"}}]}},"_links":{"self":[{"href":"https:\/\/www.upjs.sk\/prirodovedecka-fakulta\/wp-json\/wp\/v2\/cpt_pracoviska\/54748","targetHints":{"allow":["GET"]}}],"collection":[{"href":"https:\/\/www.upjs.sk\/prirodovedecka-fakulta\/wp-json\/wp\/v2\/cpt_pracoviska"}],"about":[{"href":"https:\/\/www.upjs.sk\/prirodovedecka-fakulta\/wp-json\/wp\/v2\/types\/cpt_pracoviska"}],"author":[{"embeddable":true,"href":"https:\/\/www.upjs.sk\/prirodovedecka-fakulta\/wp-json\/wp\/v2\/users\/25"}],"up":[{"embeddable":true,"href":"https:\/\/www.upjs.sk\/prirodovedecka-fakulta\/wp-json\/wp\/v2\/cpt_pracoviska\/54687"}],"wp:attachment":[{"href":"https:\/\/www.upjs.sk\/prirodovedecka-fakulta\/wp-json\/wp\/v2\/media?parent=54748"}],"wp:term":[{"taxonomy":"category","embeddable":true,"href":"https:\/\/www.upjs.sk\/prirodovedecka-fakulta\/wp-json\/wp\/v2\/categories?post=54748"},{"taxonomy":"post_tag","embeddable":true,"href":"https:\/\/www.upjs.sk\/prirodovedecka-fakulta\/wp-json\/wp\/v2\/tags?post=54748"},{"taxonomy":"tax_aktuality","embeddable":true,"href":"https:\/\/www.upjs.sk\/prirodovedecka-fakulta\/wp-json\/wp\/v2\/tax_aktuality?post=54748"}],"curies":[{"name":"wp","href":"https:\/\/api.w.org\/{rel}","templated":true}]}}