{"id":65520,"date":"2024-01-22T22:41:29","date_gmt":"2024-01-22T21:41:42","guid":{"rendered":"https:\/\/www.upjs.sk\/prirodovedecka-fakulta\/pracoviska\/ustavy-pf\/umat\/aktuality\/otvorte-si-cestu-do-sveta-dat-a-matematiky-na-data-day-a-math-open-day\/"},"modified":"2024-01-23T12:41:25","modified_gmt":"2024-01-23T11:41:25","slug":"data-day-a-math-open-day","status":"publish","type":"cpt_pracoviska","link":"https:\/\/www.upjs.sk\/prirodovedecka-fakulta\/pracoviska\/ustavy-pf\/umat\/aktuality\/data-day-a-math-open-day\/","title":{"rendered":"Otvorte si cestu do sveta d\u00e1t a matematiky na Data Day a Math Open Day"},"content":{"rendered":"<style>.kadence-column65520_8915ba-40 > .kt-inside-inner-col{padding-top:var(--global-kb-spacing-xxs, 0.5rem);padding-right:var(--global-kb-spacing-xs, 1rem);padding-left:var(--global-kb-spacing-xs, 1rem);}.kadence-column65520_8915ba-40 > .kt-inside-inner-col,.kadence-column65520_8915ba-40 > .kt-inside-inner-col:before{border-top-left-radius:5px;border-top-right-radius:5px;border-bottom-right-radius:5px;border-bottom-left-radius:5px;}.kadence-column65520_8915ba-40 > .kt-inside-inner-col{column-gap:var(--global-kb-gap-sm, 1rem);}.kadence-column65520_8915ba-40 > .kt-inside-inner-col{flex-direction:column;}.kadence-column65520_8915ba-40 > .kt-inside-inner-col > .aligncenter{width:100%;}.kadence-column65520_8915ba-40 > .kt-inside-inner-col{background-color:#F4F4F4;}.kadence-column65520_8915ba-40 > .kt-inside-inner-col:before{opacity:0.3;}.kadence-column65520_8915ba-40{position:relative;}@media all and (max-width: 1024px){.kadence-column65520_8915ba-40 > .kt-inside-inner-col{flex-direction:column;justify-content:center;}}@media all and (max-width: 767px){.kadence-column65520_8915ba-40 > .kt-inside-inner-col{flex-direction:column;justify-content:center;}}<\/style>\n<div class=\"wp-block-kadence-column kadence-column65520_8915ba-40\"><div class=\"kt-inside-inner-col\">\n<p class=\"has-text-align-justify\">D\u0148a <strong>17.2.2024<\/strong> sa na Pr\u00edrodovedeckej fakulte Univerzity Pavla Jozefa \u0160af\u00e1rika v Ko\u0161iciach uskuto\u010dnia dve podujatia &#8211; <strong>Data Day<\/strong> a <strong>Math Open Day<\/strong>. Pre v\u0161etk\u00fdch, ktor\u00ed maj\u00fa radi d\u00e1ta \u010di matematiku je tu pr\u00edle\u017eitos\u0165 z\u00edska\u0165 nov\u00e9 poznatky a z\u00e1\u017eitky.<\/p>\n<\/div><\/div>\n\n\n\n<div style=\"height:20px\" aria-hidden=\"true\" class=\"wp-block-spacer\"><\/div>\n\n\n<style>.kadence-column65520_45485a-02 > .kt-inside-inner-col{padding-top:var(--global-kb-spacing-xxs, 0.5rem);padding-right:var(--global-kb-spacing-xs, 1rem);padding-left:var(--global-kb-spacing-xs, 1rem);}.kadence-column65520_45485a-02 > .kt-inside-inner-col,.kadence-column65520_45485a-02 > .kt-inside-inner-col:before{border-top-left-radius:5px;border-top-right-radius:5px;border-bottom-right-radius:5px;border-bottom-left-radius:5px;}.kadence-column65520_45485a-02 > .kt-inside-inner-col{column-gap:var(--global-kb-gap-sm, 1rem);}.kadence-column65520_45485a-02 > .kt-inside-inner-col{flex-direction:column;}.kadence-column65520_45485a-02 > .kt-inside-inner-col > .aligncenter{width:100%;}.kadence-column65520_45485a-02 > .kt-inside-inner-col{background-color:#F4F4F4;}.kadence-column65520_45485a-02 > .kt-inside-inner-col:before{opacity:0.3;}.kadence-column65520_45485a-02{position:relative;}@media all and (max-width: 1024px){.kadence-column65520_45485a-02 > .kt-inside-inner-col{flex-direction:column;justify-content:center;}}@media all and (max-width: 767px){.kadence-column65520_45485a-02 > .kt-inside-inner-col{flex-direction:column;justify-content:center;}}<\/style>\n<div class=\"wp-block-kadence-column kadence-column65520_45485a-02\"><div class=\"kt-inside-inner-col\"><style>.kb-row-layout-id65520_643c9e-6d > .kt-row-column-wrap{align-content:start;}:where(.kb-row-layout-id65520_643c9e-6d > .kt-row-column-wrap) > .wp-block-kadence-column{justify-content:start;}.kb-row-layout-id65520_643c9e-6d > .kt-row-column-wrap{column-gap:var(--global-kb-gap-md, 2rem);row-gap:var(--global-kb-gap-md, 2rem);padding-top:var(--global-kb-spacing-sm, 1.5rem);padding-bottom:var(--global-kb-spacing-sm, 1.5rem);grid-template-columns:repeat(2, minmax(0, 1fr));}.kb-row-layout-id65520_643c9e-6d > .kt-row-layout-overlay{opacity:0.30;}@media all and (max-width: 1024px){.kb-row-layout-id65520_643c9e-6d > .kt-row-column-wrap{grid-template-columns:repeat(2, minmax(0, 1fr));}}@media all and (max-width: 767px){.kb-row-layout-id65520_643c9e-6d > .kt-row-column-wrap{grid-template-columns:minmax(0, 1fr);}}<\/style><div class=\"kb-row-layout-wrap kb-row-layout-id65520_643c9e-6d alignnone wp-block-kadence-rowlayout\"><div class=\"kt-row-column-wrap kt-has-2-columns kt-row-layout-equal kt-tab-layout-inherit kt-mobile-layout-row kt-row-valign-top\">\n<style>.kadence-column65520_334a3b-67 > .kt-inside-inner-col{display:flex;}.kadence-column65520_334a3b-67 > .kt-inside-inner-col,.kadence-column65520_334a3b-67 > .kt-inside-inner-col:before{border-top-left-radius:0px;border-top-right-radius:0px;border-bottom-right-radius:0px;border-bottom-left-radius:0px;}.kadence-column65520_334a3b-67 > .kt-inside-inner-col{column-gap:var(--global-kb-gap-sm, 1rem);}.kadence-column65520_334a3b-67 > .kt-inside-inner-col{flex-direction:column;justify-content:center;}.kadence-column65520_334a3b-67 > .kt-inside-inner-col > .aligncenter{width:100%;}.kt-row-column-wrap > .kadence-column65520_334a3b-67{align-self:center;}.kt-inner-column-height-full:not(.kt-has-1-columns) > .wp-block-kadence-column.kadence-column65520_334a3b-67{align-self:auto;}.kt-inner-column-height-full:not(.kt-has-1-columns) > .wp-block-kadence-column.kadence-column65520_334a3b-67 > .kt-inside-inner-col{flex-direction:column;justify-content:center;}.kadence-column65520_334a3b-67 > .kt-inside-inner-col:before{opacity:0.3;}.kadence-column65520_334a3b-67{position:relative;}@media all and (max-width: 1024px){.kt-row-column-wrap > .kadence-column65520_334a3b-67{align-self:center;}}@media all and (max-width: 1024px){.kt-inner-column-height-full:not(.kt-has-1-columns) > .wp-block-kadence-column.kadence-column65520_334a3b-67{align-self:auto;}}@media all and (max-width: 1024px){.kt-inner-column-height-full:not(.kt-has-1-columns) > .wp-block-kadence-column.kadence-column65520_334a3b-67 > .kt-inside-inner-col{flex-direction:column;justify-content:center;}}@media all and (max-width: 1024px){.kadence-column65520_334a3b-67 > .kt-inside-inner-col{flex-direction:column;justify-content:center;}}@media all and (max-width: 767px){.kt-row-column-wrap > .kadence-column65520_334a3b-67{align-self:center;}.kt-inner-column-height-full:not(.kt-has-1-columns) > .wp-block-kadence-column.kadence-column65520_334a3b-67{align-self:auto;}.kt-inner-column-height-full:not(.kt-has-1-columns) > .wp-block-kadence-column.kadence-column65520_334a3b-67 > .kt-inside-inner-col{flex-direction:column;justify-content:center;}.kadence-column65520_334a3b-67 > .kt-inside-inner-col{flex-direction:column;justify-content:center;}}<\/style>\n<div class=\"wp-block-kadence-column kadence-column65520_334a3b-67\"><div class=\"kt-inside-inner-col\">\n<p><strong>Data Day: Odha\u013ete tajomstv\u00e1 d\u00e1t a umelej inteligencie!<\/strong><\/p>\n\n\n\n<p>Program Data Day je navrhnut\u00fd pre v\u0161etk\u00fdch, ktor\u00ed maj\u00fa radi pr\u00e1cu s\u00a0d\u00e1tami a chc\u00fa sa dozvedie\u0165 nie\u010do nov\u00e9 o\u00a0fungovan\u00ed umelej inteligencie. \u00da\u010dastn\u00edci bud\u00fa ma\u0165 pr\u00edle\u017eitos\u0165 vypo\u010du\u0165 si zauj\u00edmav\u00fa predn\u00e1\u0161ku, zapoji\u0165 sa do workshopov a kv\u00edzu.\u00a0<\/p>\n\n\n\n<p><strong><a href=\"https:\/\/ics.science.upjs.sk\/adui\/dataday4\/\" class=\"ek-link\">Viac<\/a><\/strong><\/p>\n<\/div><\/div>\n\n\n<style>.kadence-column65520_79609f-51 > .kt-inside-inner-col,.kadence-column65520_79609f-51 > .kt-inside-inner-col:before{border-top-left-radius:0px;border-top-right-radius:0px;border-bottom-right-radius:0px;border-bottom-left-radius:0px;}.kadence-column65520_79609f-51 > .kt-inside-inner-col{column-gap:var(--global-kb-gap-sm, 1rem);}.kadence-column65520_79609f-51 > .kt-inside-inner-col{flex-direction:column;}.kadence-column65520_79609f-51 > .kt-inside-inner-col > .aligncenter{width:100%;}.kadence-column65520_79609f-51 > .kt-inside-inner-col:before{opacity:0.3;}.kadence-column65520_79609f-51{position:relative;}@media all and (max-width: 1024px){.kadence-column65520_79609f-51 > .kt-inside-inner-col{flex-direction:column;justify-content:center;}}@media all and (max-width: 767px){.kadence-column65520_79609f-51 > .kt-inside-inner-col{flex-direction:column;justify-content:center;}}<\/style>\n<div class=\"wp-block-kadence-column kadence-column65520_79609f-51\"><div class=\"kt-inside-inner-col\"><style>.kb-image65520_4fc086-13 .kb-image-has-overlay:after{opacity:0.3;}<\/style>\n<div class=\"wp-block-kadence-image kb-image65520_4fc086-13\"><figure class=\"aligncenter size-medium\"><img loading=\"lazy\" decoding=\"async\" width=\"300\" height=\"157\" src=\"https:\/\/www.upjs.sk\/app\/uploads\/sites\/10\/2024\/01\/Dataday4-300x157.jpg\" alt=\"\" class=\"kb-img wp-image-65527\" srcset=\"https:\/\/www.upjs.sk\/app\/uploads\/sites\/10\/2024\/01\/Dataday4-300x157.jpg 300w, https:\/\/www.upjs.sk\/app\/uploads\/sites\/10\/2024\/01\/Dataday4.jpg 600w\" sizes=\"auto, (max-width: 300px) 100vw, 300px\" \/><\/figure><\/div>\n<\/div><\/div>\n\n<\/div><\/div><\/div><\/div>\n\n\n\n<div style=\"height:20px\" aria-hidden=\"true\" class=\"wp-block-spacer\"><\/div>\n\n\n<style>.kadence-column65520_3f846a-8d > .kt-inside-inner-col{padding-top:var(--global-kb-spacing-xxs, 0.5rem);padding-right:var(--global-kb-spacing-xs, 1rem);padding-left:var(--global-kb-spacing-xs, 1rem);}.kadence-column65520_3f846a-8d > .kt-inside-inner-col,.kadence-column65520_3f846a-8d > .kt-inside-inner-col:before{border-top-left-radius:5px;border-top-right-radius:5px;border-bottom-right-radius:5px;border-bottom-left-radius:5px;}.kadence-column65520_3f846a-8d > .kt-inside-inner-col{column-gap:var(--global-kb-gap-sm, 1rem);}.kadence-column65520_3f846a-8d > .kt-inside-inner-col{flex-direction:column;}.kadence-column65520_3f846a-8d > .kt-inside-inner-col > .aligncenter{width:100%;}.kadence-column65520_3f846a-8d > .kt-inside-inner-col{background-color:#F4F4F4;}.kadence-column65520_3f846a-8d > .kt-inside-inner-col:before{opacity:0.3;}.kadence-column65520_3f846a-8d{position:relative;}@media all and (max-width: 1024px){.kadence-column65520_3f846a-8d > .kt-inside-inner-col{flex-direction:column;justify-content:center;}}@media all and (max-width: 767px){.kadence-column65520_3f846a-8d > .kt-inside-inner-col{flex-direction:column;justify-content:center;}}<\/style>\n<div class=\"wp-block-kadence-column kadence-column65520_3f846a-8d\"><div class=\"kt-inside-inner-col\"><style>.kb-row-layout-id65520_6e814b-8f > .kt-row-column-wrap{align-content:start;}:where(.kb-row-layout-id65520_6e814b-8f > .kt-row-column-wrap) > .wp-block-kadence-column{justify-content:start;}.kb-row-layout-id65520_6e814b-8f > .kt-row-column-wrap{column-gap:var(--global-kb-gap-md, 2rem);row-gap:var(--global-kb-gap-md, 2rem);padding-top:var(--global-kb-spacing-sm, 1.5rem);padding-bottom:var(--global-kb-spacing-sm, 1.5rem);grid-template-columns:repeat(2, minmax(0, 1fr));}.kb-row-layout-id65520_6e814b-8f > .kt-row-layout-overlay{opacity:0.30;}@media all and (max-width: 1024px){.kb-row-layout-id65520_6e814b-8f > .kt-row-column-wrap{grid-template-columns:repeat(2, minmax(0, 1fr));}}@media all and (max-width: 767px){.kb-row-layout-id65520_6e814b-8f > .kt-row-column-wrap{grid-template-columns:minmax(0, 1fr);}}<\/style><div class=\"kb-row-layout-wrap kb-row-layout-id65520_6e814b-8f alignnone wp-block-kadence-rowlayout\"><div class=\"kt-row-column-wrap kt-has-2-columns kt-row-layout-equal kt-tab-layout-inherit kt-mobile-layout-row kt-row-valign-top\">\n<style>.kadence-column65520_abf8ac-84 > .kt-inside-inner-col,.kadence-column65520_abf8ac-84 > .kt-inside-inner-col:before{border-top-left-radius:0px;border-top-right-radius:0px;border-bottom-right-radius:0px;border-bottom-left-radius:0px;}.kadence-column65520_abf8ac-84 > .kt-inside-inner-col{column-gap:var(--global-kb-gap-sm, 1rem);}.kadence-column65520_abf8ac-84 > .kt-inside-inner-col{flex-direction:column;}.kadence-column65520_abf8ac-84 > .kt-inside-inner-col > .aligncenter{width:100%;}.kadence-column65520_abf8ac-84 > .kt-inside-inner-col:before{opacity:0.3;}.kadence-column65520_abf8ac-84{position:relative;}@media all and (max-width: 1024px){.kadence-column65520_abf8ac-84 > .kt-inside-inner-col{flex-direction:column;justify-content:center;}}@media all and (max-width: 767px){.kadence-column65520_abf8ac-84 > .kt-inside-inner-col{flex-direction:column;justify-content:center;}}<\/style>\n<div class=\"wp-block-kadence-column kadence-column65520_abf8ac-84\"><div class=\"kt-inside-inner-col\">\n<p><strong>Math Open Day: Matematika &#8211; k\u013e\u00fa\u010d k nekone\u010dn\u00fdm mo\u017enostiam!<\/strong><\/p>\n\n\n\n<p class=\"has-text-align-justify\">Pre v\u0161etk\u00fdch, ktor\u00fdch zauj\u00edma matematika a jej \u0161t\u00fadium pripravujeme Math Open Day. \u010cakaj\u00fa v\u00e1s zauj\u00edmav\u00e9 predn\u00e1\u0161ky, workshopy, mo\u017enos\u0165 spozna\u0165 na\u0161e priestory. Budete sa m\u00f4c\u0165 porozpr\u00e1va\u0165 s na\u0161imi \u0161tudentmi, \u010di dozvedie\u0165 sa viac o mo\u017enostiach v \u010fal\u0161om zamestnan\u00ed, ktor\u00e9 v\u00e1m \u0161t\u00fadium matematiky umo\u017en\u00ed. V\u00edtan\u00ed s\u00fa aj v\u0161etci matematick\u00ed nad\u0161enci, ktor\u00ed sa chc\u00fa z\u00fa\u010dastni\u0165 s\u00fa\u0165a\u017ee v rie\u0161en\u00ed logick\u00fdch \u00faloh a vyhra\u0165 zauj\u00edmav\u00e9 ceny.<\/p>\n\n\n\n<p><strong><a href=\"https:\/\/www.upjs.sk\/prirodovedecka-fakulta\/pracoviska\/ustavy-pf\/umat\/preverejnost\/math-open-day\/\" class=\"ek-link\">Viac<\/a><\/strong><\/p>\n<\/div><\/div>\n\n\n<style>.kadence-column65520_67ba7f-2a > .kt-inside-inner-col,.kadence-column65520_67ba7f-2a > .kt-inside-inner-col:before{border-top-left-radius:0px;border-top-right-radius:0px;border-bottom-right-radius:0px;border-bottom-left-radius:0px;}.kadence-column65520_67ba7f-2a > .kt-inside-inner-col{column-gap:var(--global-kb-gap-sm, 1rem);}.kadence-column65520_67ba7f-2a > .kt-inside-inner-col{flex-direction:column;}.kadence-column65520_67ba7f-2a > .kt-inside-inner-col > .aligncenter{width:100%;}.kadence-column65520_67ba7f-2a > .kt-inside-inner-col:before{opacity:0.3;}.kadence-column65520_67ba7f-2a{position:relative;}@media all and (max-width: 1024px){.kadence-column65520_67ba7f-2a > .kt-inside-inner-col{flex-direction:column;justify-content:center;}}@media all and (max-width: 767px){.kadence-column65520_67ba7f-2a > .kt-inside-inner-col{flex-direction:column;justify-content:center;}}<\/style>\n<div class=\"wp-block-kadence-column kadence-column65520_67ba7f-2a\"><div class=\"kt-inside-inner-col\"><style>.kb-image65520_e3100f-1d .kb-image-has-overlay:after{opacity:0.3;}<\/style>\n<div class=\"wp-block-kadence-image kb-image65520_e3100f-1d\"><figure class=\"aligncenter size-medium\"><img loading=\"lazy\" decoding=\"async\" width=\"211\" height=\"300\" src=\"https:\/\/www.upjs.sk\/app\/uploads\/sites\/10\/2024\/01\/Math-Open-Day-17022024-211x300.jpg\" alt=\"\" class=\"kb-img wp-image-65523\" srcset=\"https:\/\/www.upjs.sk\/app\/uploads\/sites\/10\/2024\/01\/Math-Open-Day-17022024-211x300.jpg 211w, https:\/\/www.upjs.sk\/app\/uploads\/sites\/10\/2024\/01\/Math-Open-Day-17022024.jpg 600w\" sizes=\"auto, (max-width: 211px) 100vw, 211px\" \/><\/figure><\/div>\n<\/div><\/div>\n\n<\/div><\/div><\/div><\/div>\n","protected":false},"author":25,"featured_media":65531,"parent":56192,"menu_order":0,"template":"","meta":{"_acf_changed":false,"_editorskit_title_hidden":false,"_editorskit_reading_time":0,"_editorskit_is_block_options_detached":false,"_editorskit_block_options_position":"{}"},"categories":[],"tags":[64,61],"tax_aktuality":[],"class_list":["post-65520","cpt_pracoviska","type-cpt_pracoviska","status-publish","has-post-thumbnail","hentry","tag-uinf","tag-umat"],"acf":{"acf_link_na_externy_obsah":""},"yoast_head":"<!-- This site is optimized with the Yoast SEO plugin v27.4 - https:\/\/yoast.com\/product\/yoast-seo-wordpress\/ -->\n<title>Otvorte si cestu do sveta d\u00e1t a matematiky na Data Day a Math Open Day - Pr\u00edrodovedeck\u00e1 fakulta | UPJ\u0160<\/title>\n<meta name=\"robots\" content=\"index, follow, max-snippet:-1, max-image-preview:large, max-video-preview:-1\" \/>\n<link rel=\"canonical\" href=\"https:\/\/www.upjs.sk\/prirodovedecka-fakulta\/pracoviska\/ustavy-pf\/umat\/aktuality\/data-day-a-math-open-day\/\" \/>\n<meta property=\"og:locale\" content=\"sk_SK\" \/>\n<meta property=\"og:type\" content=\"article\" \/>\n<meta property=\"og:title\" content=\"Otvorte si cestu do sveta d\u00e1t a matematiky na Data Day a Math Open Day - Pr\u00edrodovedeck\u00e1 fakulta | UPJ\u0160\" \/>\n<meta property=\"og:description\" content=\"D\u0148a 17.2.2024 sa na Pr\u00edrodovedeckej fakulte Univerzity Pavla Jozefa \u0160af\u00e1rika v Ko\u0161iciach uskuto\u010dnia dve podujatia &#8211; Data Day a Math Open Day. Pre v\u0161etk\u00fdch, ktor\u00ed maj\u00fa radi d\u00e1ta \u010di matematiku je tu pr\u00edle\u017eitos\u0165 z\u00edska\u0165 nov\u00e9 poznatky a z\u00e1\u017eitky. Data Day: Odha\u013ete tajomstv\u00e1 d\u00e1t a umelej inteligencie! Program Data Day je navrhnut\u00fd pre v\u0161etk\u00fdch, ktor\u00ed maj\u00fa &hellip; \u010c\u00edta\u0165 \u010falej\" \/>\n<meta property=\"og:url\" content=\"https:\/\/www.upjs.sk\/prirodovedecka-fakulta\/pracoviska\/ustavy-pf\/umat\/aktuality\/data-day-a-math-open-day\/\" \/>\n<meta property=\"og:site_name\" content=\"Pr\u00edrodovedeck\u00e1 fakulta | UPJ\u0160\" \/>\n<meta property=\"article:modified_time\" content=\"2024-01-23T11:41:25+00:00\" \/>\n<meta property=\"og:image\" content=\"https:\/\/www.upjs.sk\/app\/uploads\/sites\/10\/2024\/01\/ilob-akt-UMAT-17022024.png\" \/>\n\t<meta property=\"og:image:width\" content=\"600\" \/>\n\t<meta property=\"og:image:height\" content=\"420\" \/>\n\t<meta property=\"og:image:type\" content=\"image\/png\" \/>\n<meta name=\"twitter:card\" content=\"summary_large_image\" \/>\n<meta name=\"twitter:label1\" content=\"Predpokladan\u00fd \u010das \u010d\u00edtania\" \/>\n\t<meta name=\"twitter:data1\" content=\"2 min\u00faty\" \/>\n<script type=\"application\/ld+json\" class=\"yoast-schema-graph\">{\"@context\":\"https:\\\/\\\/schema.org\",\"@graph\":[{\"@type\":\"WebPage\",\"@id\":\"https:\\\/\\\/www.upjs.sk\\\/prirodovedecka-fakulta\\\/pracoviska\\\/ustavy-pf\\\/umat\\\/aktuality\\\/data-day-a-math-open-day\\\/\",\"url\":\"https:\\\/\\\/www.upjs.sk\\\/prirodovedecka-fakulta\\\/pracoviska\\\/ustavy-pf\\\/umat\\\/aktuality\\\/data-day-a-math-open-day\\\/\",\"name\":\"Otvorte si cestu do sveta d\u00e1t a matematiky na Data Day a Math Open Day - Pr\u00edrodovedeck\u00e1 fakulta | UPJ\u0160\",\"isPartOf\":{\"@id\":\"https:\\\/\\\/www.upjs.sk\\\/prirodovedecka-fakulta\\\/#website\"},\"primaryImageOfPage\":{\"@id\":\"https:\\\/\\\/www.upjs.sk\\\/prirodovedecka-fakulta\\\/pracoviska\\\/ustavy-pf\\\/umat\\\/aktuality\\\/data-day-a-math-open-day\\\/#primaryimage\"},\"image\":{\"@id\":\"https:\\\/\\\/www.upjs.sk\\\/prirodovedecka-fakulta\\\/pracoviska\\\/ustavy-pf\\\/umat\\\/aktuality\\\/data-day-a-math-open-day\\\/#primaryimage\"},\"thumbnailUrl\":\"https:\\\/\\\/www.upjs.sk\\\/app\\\/uploads\\\/sites\\\/10\\\/2024\\\/01\\\/ilob-akt-UMAT-17022024.png\",\"datePublished\":\"2024-01-22T21:41:42+00:00\",\"dateModified\":\"2024-01-23T11:41:25+00:00\",\"breadcrumb\":{\"@id\":\"https:\\\/\\\/www.upjs.sk\\\/prirodovedecka-fakulta\\\/pracoviska\\\/ustavy-pf\\\/umat\\\/aktuality\\\/data-day-a-math-open-day\\\/#breadcrumb\"},\"inLanguage\":\"sk-SK\",\"potentialAction\":[{\"@type\":\"ReadAction\",\"target\":[\"https:\\\/\\\/www.upjs.sk\\\/prirodovedecka-fakulta\\\/pracoviska\\\/ustavy-pf\\\/umat\\\/aktuality\\\/data-day-a-math-open-day\\\/\"]}]},{\"@type\":\"ImageObject\",\"inLanguage\":\"sk-SK\",\"@id\":\"https:\\\/\\\/www.upjs.sk\\\/prirodovedecka-fakulta\\\/pracoviska\\\/ustavy-pf\\\/umat\\\/aktuality\\\/data-day-a-math-open-day\\\/#primaryimage\",\"url\":\"https:\\\/\\\/www.upjs.sk\\\/app\\\/uploads\\\/sites\\\/10\\\/2024\\\/01\\\/ilob-akt-UMAT-17022024.png\",\"contentUrl\":\"https:\\\/\\\/www.upjs.sk\\\/app\\\/uploads\\\/sites\\\/10\\\/2024\\\/01\\\/ilob-akt-UMAT-17022024.png\",\"width\":600,\"height\":420},{\"@type\":\"BreadcrumbList\",\"@id\":\"https:\\\/\\\/www.upjs.sk\\\/prirodovedecka-fakulta\\\/pracoviska\\\/ustavy-pf\\\/umat\\\/aktuality\\\/data-day-a-math-open-day\\\/#breadcrumb\",\"itemListElement\":[{\"@type\":\"ListItem\",\"position\":1,\"name\":\"Home\",\"item\":\"https:\\\/\\\/www.upjs.sk\\\/prirodovedecka-fakulta\\\/\"},{\"@type\":\"ListItem\",\"position\":2,\"name\":\"Pracovisk\u00e1\",\"item\":\"https:\\\/\\\/www.upjs.sk\\\/prirodovedecka-fakulta\\\/pracoviska\\\/\"},{\"@type\":\"ListItem\",\"position\":3,\"name\":\"\u00dastavy\",\"item\":\"https:\\\/\\\/www.upjs.sk\\\/prirodovedecka-fakulta\\\/pracoviska\\\/ustavy-pf\\\/\"},{\"@type\":\"ListItem\",\"position\":4,\"name\":\"\u00dastav matematiky\",\"item\":\"https:\\\/\\\/www.upjs.sk\\\/prirodovedecka-fakulta\\\/pracoviska\\\/ustavy-pf\\\/umat\\\/\"},{\"@type\":\"ListItem\",\"position\":5,\"name\":\"Aktuality\",\"item\":\"https:\\\/\\\/www.upjs.sk\\\/prirodovedecka-fakulta\\\/?post_type=cpt_pracoviska&p=56192\"},{\"@type\":\"ListItem\",\"position\":6,\"name\":\"Otvorte si cestu do sveta d\u00e1t a matematiky na Data Day a Math Open Day\"}]},{\"@type\":\"WebSite\",\"@id\":\"https:\\\/\\\/www.upjs.sk\\\/prirodovedecka-fakulta\\\/#website\",\"url\":\"https:\\\/\\\/www.upjs.sk\\\/prirodovedecka-fakulta\\\/\",\"name\":\"Pr\u00edrodovedeck\u00e1 fakulta | UPJ\u0160\",\"description\":\"\",\"publisher\":{\"@id\":\"https:\\\/\\\/www.upjs.sk\\\/prirodovedecka-fakulta\\\/#organization\"},\"potentialAction\":[{\"@type\":\"SearchAction\",\"target\":{\"@type\":\"EntryPoint\",\"urlTemplate\":\"https:\\\/\\\/www.upjs.sk\\\/prirodovedecka-fakulta\\\/?s={search_term_string}\"},\"query-input\":{\"@type\":\"PropertyValueSpecification\",\"valueRequired\":true,\"valueName\":\"search_term_string\"}}],\"inLanguage\":\"sk-SK\"},{\"@type\":\"Organization\",\"@id\":\"https:\\\/\\\/www.upjs.sk\\\/prirodovedecka-fakulta\\\/#organization\",\"name\":\"Pr\u00edrodovedeck\u00e1 fakulta | UPJ\u0160\",\"url\":\"https:\\\/\\\/www.upjs.sk\\\/prirodovedecka-fakulta\\\/\",\"logo\":{\"@type\":\"ImageObject\",\"inLanguage\":\"sk-SK\",\"@id\":\"https:\\\/\\\/www.upjs.sk\\\/prirodovedecka-fakulta\\\/#\\\/schema\\\/logo\\\/image\\\/\",\"url\":\"https:\\\/\\\/www.upjs.sk\\\/app\\\/uploads\\\/sites\\\/10\\\/2022\\\/09\\\/logo-prirodovedecka-fakulta.png\",\"contentUrl\":\"https:\\\/\\\/www.upjs.sk\\\/app\\\/uploads\\\/sites\\\/10\\\/2022\\\/09\\\/logo-prirodovedecka-fakulta.png\",\"width\":415,\"height\":87,\"caption\":\"Pr\u00edrodovedeck\u00e1 fakulta | UPJ\u0160\"},\"image\":{\"@id\":\"https:\\\/\\\/www.upjs.sk\\\/prirodovedecka-fakulta\\\/#\\\/schema\\\/logo\\\/image\\\/\"}}]}<\/script>\n<!-- \/ Yoast SEO plugin. -->","yoast_head_json":{"title":"Otvorte si cestu do sveta d\u00e1t a matematiky na Data Day a Math Open Day - Pr\u00edrodovedeck\u00e1 fakulta | UPJ\u0160","robots":{"index":"index","follow":"follow","max-snippet":"max-snippet:-1","max-image-preview":"max-image-preview:large","max-video-preview":"max-video-preview:-1"},"canonical":"https:\/\/www.upjs.sk\/prirodovedecka-fakulta\/pracoviska\/ustavy-pf\/umat\/aktuality\/data-day-a-math-open-day\/","og_locale":"sk_SK","og_type":"article","og_title":"Otvorte si cestu do sveta d\u00e1t a matematiky na Data Day a Math Open Day - Pr\u00edrodovedeck\u00e1 fakulta | UPJ\u0160","og_description":"D\u0148a 17.2.2024 sa na Pr\u00edrodovedeckej fakulte Univerzity Pavla Jozefa \u0160af\u00e1rika v Ko\u0161iciach uskuto\u010dnia dve podujatia &#8211; Data Day a Math Open Day. Pre v\u0161etk\u00fdch, ktor\u00ed maj\u00fa radi d\u00e1ta \u010di matematiku je tu pr\u00edle\u017eitos\u0165 z\u00edska\u0165 nov\u00e9 poznatky a z\u00e1\u017eitky. Data Day: Odha\u013ete tajomstv\u00e1 d\u00e1t a umelej inteligencie! Program Data Day je navrhnut\u00fd pre v\u0161etk\u00fdch, ktor\u00ed maj\u00fa &hellip; \u010c\u00edta\u0165 \u010falej","og_url":"https:\/\/www.upjs.sk\/prirodovedecka-fakulta\/pracoviska\/ustavy-pf\/umat\/aktuality\/data-day-a-math-open-day\/","og_site_name":"Pr\u00edrodovedeck\u00e1 fakulta | UPJ\u0160","article_modified_time":"2024-01-23T11:41:25+00:00","og_image":[{"width":600,"height":420,"url":"https:\/\/www.upjs.sk\/app\/uploads\/sites\/10\/2024\/01\/ilob-akt-UMAT-17022024.png","type":"image\/png"}],"twitter_card":"summary_large_image","twitter_misc":{"Predpokladan\u00fd \u010das \u010d\u00edtania":"2 min\u00faty"},"schema":{"@context":"https:\/\/schema.org","@graph":[{"@type":"WebPage","@id":"https:\/\/www.upjs.sk\/prirodovedecka-fakulta\/pracoviska\/ustavy-pf\/umat\/aktuality\/data-day-a-math-open-day\/","url":"https:\/\/www.upjs.sk\/prirodovedecka-fakulta\/pracoviska\/ustavy-pf\/umat\/aktuality\/data-day-a-math-open-day\/","name":"Otvorte si cestu do sveta d\u00e1t a matematiky na Data Day a Math Open Day - Pr\u00edrodovedeck\u00e1 fakulta | UPJ\u0160","isPartOf":{"@id":"https:\/\/www.upjs.sk\/prirodovedecka-fakulta\/#website"},"primaryImageOfPage":{"@id":"https:\/\/www.upjs.sk\/prirodovedecka-fakulta\/pracoviska\/ustavy-pf\/umat\/aktuality\/data-day-a-math-open-day\/#primaryimage"},"image":{"@id":"https:\/\/www.upjs.sk\/prirodovedecka-fakulta\/pracoviska\/ustavy-pf\/umat\/aktuality\/data-day-a-math-open-day\/#primaryimage"},"thumbnailUrl":"https:\/\/www.upjs.sk\/app\/uploads\/sites\/10\/2024\/01\/ilob-akt-UMAT-17022024.png","datePublished":"2024-01-22T21:41:42+00:00","dateModified":"2024-01-23T11:41:25+00:00","breadcrumb":{"@id":"https:\/\/www.upjs.sk\/prirodovedecka-fakulta\/pracoviska\/ustavy-pf\/umat\/aktuality\/data-day-a-math-open-day\/#breadcrumb"},"inLanguage":"sk-SK","potentialAction":[{"@type":"ReadAction","target":["https:\/\/www.upjs.sk\/prirodovedecka-fakulta\/pracoviska\/ustavy-pf\/umat\/aktuality\/data-day-a-math-open-day\/"]}]},{"@type":"ImageObject","inLanguage":"sk-SK","@id":"https:\/\/www.upjs.sk\/prirodovedecka-fakulta\/pracoviska\/ustavy-pf\/umat\/aktuality\/data-day-a-math-open-day\/#primaryimage","url":"https:\/\/www.upjs.sk\/app\/uploads\/sites\/10\/2024\/01\/ilob-akt-UMAT-17022024.png","contentUrl":"https:\/\/www.upjs.sk\/app\/uploads\/sites\/10\/2024\/01\/ilob-akt-UMAT-17022024.png","width":600,"height":420},{"@type":"BreadcrumbList","@id":"https:\/\/www.upjs.sk\/prirodovedecka-fakulta\/pracoviska\/ustavy-pf\/umat\/aktuality\/data-day-a-math-open-day\/#breadcrumb","itemListElement":[{"@type":"ListItem","position":1,"name":"Home","item":"https:\/\/www.upjs.sk\/prirodovedecka-fakulta\/"},{"@type":"ListItem","position":2,"name":"Pracovisk\u00e1","item":"https:\/\/www.upjs.sk\/prirodovedecka-fakulta\/pracoviska\/"},{"@type":"ListItem","position":3,"name":"\u00dastavy","item":"https:\/\/www.upjs.sk\/prirodovedecka-fakulta\/pracoviska\/ustavy-pf\/"},{"@type":"ListItem","position":4,"name":"\u00dastav matematiky","item":"https:\/\/www.upjs.sk\/prirodovedecka-fakulta\/pracoviska\/ustavy-pf\/umat\/"},{"@type":"ListItem","position":5,"name":"Aktuality","item":"https:\/\/www.upjs.sk\/prirodovedecka-fakulta\/?post_type=cpt_pracoviska&p=56192"},{"@type":"ListItem","position":6,"name":"Otvorte si cestu do sveta d\u00e1t a matematiky na Data Day a Math Open Day"}]},{"@type":"WebSite","@id":"https:\/\/www.upjs.sk\/prirodovedecka-fakulta\/#website","url":"https:\/\/www.upjs.sk\/prirodovedecka-fakulta\/","name":"Pr\u00edrodovedeck\u00e1 fakulta | UPJ\u0160","description":"","publisher":{"@id":"https:\/\/www.upjs.sk\/prirodovedecka-fakulta\/#organization"},"potentialAction":[{"@type":"SearchAction","target":{"@type":"EntryPoint","urlTemplate":"https:\/\/www.upjs.sk\/prirodovedecka-fakulta\/?s={search_term_string}"},"query-input":{"@type":"PropertyValueSpecification","valueRequired":true,"valueName":"search_term_string"}}],"inLanguage":"sk-SK"},{"@type":"Organization","@id":"https:\/\/www.upjs.sk\/prirodovedecka-fakulta\/#organization","name":"Pr\u00edrodovedeck\u00e1 fakulta | UPJ\u0160","url":"https:\/\/www.upjs.sk\/prirodovedecka-fakulta\/","logo":{"@type":"ImageObject","inLanguage":"sk-SK","@id":"https:\/\/www.upjs.sk\/prirodovedecka-fakulta\/#\/schema\/logo\/image\/","url":"https:\/\/www.upjs.sk\/app\/uploads\/sites\/10\/2022\/09\/logo-prirodovedecka-fakulta.png","contentUrl":"https:\/\/www.upjs.sk\/app\/uploads\/sites\/10\/2022\/09\/logo-prirodovedecka-fakulta.png","width":415,"height":87,"caption":"Pr\u00edrodovedeck\u00e1 fakulta | UPJ\u0160"},"image":{"@id":"https:\/\/www.upjs.sk\/prirodovedecka-fakulta\/#\/schema\/logo\/image\/"}}]}},"_links":{"self":[{"href":"https:\/\/www.upjs.sk\/prirodovedecka-fakulta\/wp-json\/wp\/v2\/cpt_pracoviska\/65520","targetHints":{"allow":["GET"]}}],"collection":[{"href":"https:\/\/www.upjs.sk\/prirodovedecka-fakulta\/wp-json\/wp\/v2\/cpt_pracoviska"}],"about":[{"href":"https:\/\/www.upjs.sk\/prirodovedecka-fakulta\/wp-json\/wp\/v2\/types\/cpt_pracoviska"}],"author":[{"embeddable":true,"href":"https:\/\/www.upjs.sk\/prirodovedecka-fakulta\/wp-json\/wp\/v2\/users\/25"}],"up":[{"embeddable":true,"href":"https:\/\/www.upjs.sk\/prirodovedecka-fakulta\/wp-json\/wp\/v2\/cpt_pracoviska\/56192"}],"wp:featuredmedia":[{"embeddable":true,"href":"https:\/\/www.upjs.sk\/prirodovedecka-fakulta\/wp-json\/wp\/v2\/media\/65531"}],"wp:attachment":[{"href":"https:\/\/www.upjs.sk\/prirodovedecka-fakulta\/wp-json\/wp\/v2\/media?parent=65520"}],"wp:term":[{"taxonomy":"category","embeddable":true,"href":"https:\/\/www.upjs.sk\/prirodovedecka-fakulta\/wp-json\/wp\/v2\/categories?post=65520"},{"taxonomy":"post_tag","embeddable":true,"href":"https:\/\/www.upjs.sk\/prirodovedecka-fakulta\/wp-json\/wp\/v2\/tags?post=65520"},{"taxonomy":"tax_aktuality","embeddable":true,"href":"https:\/\/www.upjs.sk\/prirodovedecka-fakulta\/wp-json\/wp\/v2\/tax_aktuality?post=65520"}],"curies":[{"name":"wp","href":"https:\/\/api.w.org\/{rel}","templated":true}]}}