{"id":76047,"date":"2025-02-21T10:46:29","date_gmt":"2025-02-21T09:46:16","guid":{"rendered":"https:\/\/www.upjs.sk\/prirodovedecka-fakulta\/pracoviska\/ustavy-pf\/ubev\/aktuality-ubev\/zoologicky-seminar-priestor-pre-studentov-a-nadsencov-zoologie\/"},"modified":"2025-02-21T12:49:01","modified_gmt":"2025-02-21T11:49:01","slug":"zoologicky-seminar-06032025","status":"publish","type":"cpt_pracoviska","link":"https:\/\/www.upjs.sk\/prirodovedecka-fakulta\/pracoviska\/ustavy-pf\/ubev\/aktuality-ubev\/zoologicky-seminar-06032025\/","title":{"rendered":"Zoologick\u00fd semin\u00e1r \u2013 priestor pre \u0161tudentov a nad\u0161encov zool\u00f3gie"},"content":{"rendered":"<style>.kadence-column76047_7731e4-53 > .kt-inside-inner-col{padding-top:var(--global-kb-spacing-xs, 1rem);padding-right:var(--global-kb-spacing-xs, 1rem);padding-left:var(--global-kb-spacing-xs, 1rem);}.kadence-column76047_7731e4-53 > .kt-inside-inner-col,.kadence-column76047_7731e4-53 > .kt-inside-inner-col:before{border-top-left-radius:5px;border-top-right-radius:5px;border-bottom-right-radius:5px;border-bottom-left-radius:7px;}.kadence-column76047_7731e4-53 > .kt-inside-inner-col{column-gap:var(--global-kb-gap-sm, 1rem);}.kadence-column76047_7731e4-53 > .kt-inside-inner-col{flex-direction:column;}.kadence-column76047_7731e4-53 > .kt-inside-inner-col > .aligncenter{width:100%;}.kadence-column76047_7731e4-53 > .kt-inside-inner-col{background-color:#F4F4F4;}.kadence-column76047_7731e4-53 > .kt-inside-inner-col:before{opacity:0.3;}.kadence-column76047_7731e4-53{position:relative;}@media all and (max-width: 1024px){.kadence-column76047_7731e4-53 > .kt-inside-inner-col{flex-direction:column;justify-content:center;}}@media all and (max-width: 767px){.kadence-column76047_7731e4-53 > .kt-inside-inner-col{flex-direction:column;justify-content:center;}}<\/style>\n<div class=\"wp-block-kadence-column kadence-column76047_7731e4-53\"><div class=\"kt-inside-inner-col\"><style>.kb-row-layout-id76047_586795-3d > .kt-row-column-wrap{align-content:start;}:where(.kb-row-layout-id76047_586795-3d > .kt-row-column-wrap) > .wp-block-kadence-column{justify-content:start;}.kb-row-layout-id76047_586795-3d > .kt-row-column-wrap{column-gap:var(--global-kb-gap-md, 2rem);row-gap:var(--global-kb-gap-md, 2rem);grid-template-columns:minmax(0, calc(60% - ((var(--global-kb-gap-md, 2rem) * 1 )\/2)))minmax(0, calc(40% - ((var(--global-kb-gap-md, 2rem) * 1 )\/2)));}.kb-row-layout-id76047_586795-3d > .kt-row-layout-overlay{opacity:0.30;}@media all and (max-width: 1024px){.kb-row-layout-id76047_586795-3d > .kt-row-column-wrap{grid-template-columns:repeat(2, minmax(0, 1fr));}}@media all and (max-width: 767px){.kb-row-layout-id76047_586795-3d > .kt-row-column-wrap{grid-template-columns:minmax(0, 1fr);}}<\/style><div class=\"kb-row-layout-wrap kb-row-layout-id76047_586795-3d alignnone wp-block-kadence-rowlayout\"><div class=\"kt-row-column-wrap kt-has-2-columns kt-row-layout-equal kt-tab-layout-inherit kt-mobile-layout-row kt-row-valign-top\">\n<style>.kadence-column76047_f87bf3-d9 > .kt-inside-inner-col,.kadence-column76047_f87bf3-d9 > .kt-inside-inner-col:before{border-top-left-radius:0px;border-top-right-radius:0px;border-bottom-right-radius:0px;border-bottom-left-radius:0px;}.kadence-column76047_f87bf3-d9 > .kt-inside-inner-col{column-gap:var(--global-kb-gap-sm, 1rem);}.kadence-column76047_f87bf3-d9 > .kt-inside-inner-col{flex-direction:column;}.kadence-column76047_f87bf3-d9 > .kt-inside-inner-col > .aligncenter{width:100%;}.kadence-column76047_f87bf3-d9 > .kt-inside-inner-col:before{opacity:0.3;}.kadence-column76047_f87bf3-d9{position:relative;}@media all and (max-width: 1024px){.kadence-column76047_f87bf3-d9 > .kt-inside-inner-col{flex-direction:column;justify-content:center;}}@media all and (max-width: 767px){.kadence-column76047_f87bf3-d9 > .kt-inside-inner-col{flex-direction:column;justify-content:center;}}<\/style>\n<div class=\"wp-block-kadence-column kadence-column76047_f87bf3-d9\"><div class=\"kt-inside-inner-col\"><style>.kb-image76047_814a64-4a .kb-image-has-overlay:after{opacity:0.3;}<\/style>\n<div class=\"wp-block-kadence-image kb-image76047_814a64-4a\"><figure class=\"aligncenter size-large\"><img loading=\"lazy\" decoding=\"async\" width=\"706\" height=\"1024\" src=\"https:\/\/www.upjs.sk\/app\/uploads\/sites\/10\/2025\/02\/aktuality-UBEV-seminar-06032025-706x1024.jpg\" alt=\"\" class=\"kb-img wp-image-76052\" srcset=\"https:\/\/www.upjs.sk\/app\/uploads\/sites\/10\/2025\/02\/aktuality-UBEV-seminar-06032025-706x1024.jpg 706w, https:\/\/www.upjs.sk\/app\/uploads\/sites\/10\/2025\/02\/aktuality-UBEV-seminar-06032025-207x300.jpg 207w, https:\/\/www.upjs.sk\/app\/uploads\/sites\/10\/2025\/02\/aktuality-UBEV-seminar-06032025.jpg 730w\" sizes=\"auto, (max-width: 706px) 100vw, 706px\" \/><\/figure><\/div>\n<\/div><\/div>\n\n\n<style>.kadence-column76047_783f6f-b3 > .kt-inside-inner-col,.kadence-column76047_783f6f-b3 > .kt-inside-inner-col:before{border-top-left-radius:0px;border-top-right-radius:0px;border-bottom-right-radius:0px;border-bottom-left-radius:0px;}.kadence-column76047_783f6f-b3 > .kt-inside-inner-col{column-gap:var(--global-kb-gap-sm, 1rem);}.kadence-column76047_783f6f-b3 > .kt-inside-inner-col{flex-direction:column;}.kadence-column76047_783f6f-b3 > .kt-inside-inner-col > .aligncenter{width:100%;}.kadence-column76047_783f6f-b3 > .kt-inside-inner-col:before{opacity:0.3;}.kadence-column76047_783f6f-b3{position:relative;}@media all and (max-width: 1024px){.kadence-column76047_783f6f-b3 > .kt-inside-inner-col{flex-direction:column;justify-content:center;}}@media all and (max-width: 767px){.kadence-column76047_783f6f-b3 > .kt-inside-inner-col{flex-direction:column;justify-content:center;}}<\/style>\n<div class=\"wp-block-kadence-column kadence-column76047_783f6f-b3\"><div class=\"kt-inside-inner-col\">\n<p class=\"has-text-align-justify\">Katedra zool\u00f3gie&nbsp;<a href=\"https:\/\/www.upjs.sk\/prirodovedecka-fakulta\/pracoviska\/ustavy-pf\/ubev\/\">\u00dastavu biologick\u00fdch a ekologick\u00fdch vied<\/a> PF UPJ\u0160 v Ko\u0161iciach organizuje <strong>d\u0148a 06.03.2025 o 16:00 hod.<\/strong> v miestnosti RB0P1 RB pavil\u00f3nu na \u0160rob\u00e1rovej 2 <strong>Zoologick\u00fd semin\u00e1r<\/strong>. Cie\u013eom semin\u00e1ra je predstavi\u0165 zauj\u00edmav\u00e9 vedeck\u00e9 t\u00e9my \u0161tudentom a ostatn\u00fdm nad\u0161encom zool\u00f3gie. Na semin\u00e1ri vyst\u00fapia \u0161tudenti druh\u00e9ho ro\u010dn\u00edka magistersk\u00e9ho \u0161t\u00fadia s&nbsp;prezent\u00e1ciou t\u00e9m svojich z\u00e1vere\u010dn\u00fdch pr\u00e1c.<\/p>\n\n\n\n<p class=\"has-text-align-justify\">S\u00fa\u010das\u0165ou programu je aj \u201ebonusov\u00e1\u201c <strong>predn\u00e1\u0161ka<\/strong> <a href=\"https:\/\/www.upjs.sk\/PF\/zamestnanec\/marcel.uhrin\/\">doc. RNDr. Marcela Uhrina, PhD. univer. prof<\/a><em>.<\/em> s n\u00e1zvom <strong>\u017divot na okraji: pr\u00edpad podkov\u00e1ra ju\u017en\u00e9ho<\/strong> (<em>Rhinolophus euryale<\/em>).<\/p>\n\n\n\n<p>Za organiz\u00e1torov:<br><a href=\"https:\/\/www.upjs.sk\/PF\/zamestnanec\/peter.luptacik\/\">RNDr. Peter \u013dupt\u00e1\u010dik, PhD.<\/a>, \u00daBEV PF UPJ\u0160<br>VOIP: 2672<\/p>\n<\/div><\/div>\n\n<\/div><\/div><\/div><\/div>\n","protected":false},"author":25,"featured_media":76060,"parent":54416,"menu_order":20,"template":"","meta":{"_acf_changed":false,"_editorskit_title_hidden":false,"_editorskit_reading_time":0,"_editorskit_is_block_options_detached":false,"_editorskit_block_options_position":"{}"},"categories":[],"tags":[57],"tax_aktuality":[],"class_list":["post-76047","cpt_pracoviska","type-cpt_pracoviska","status-publish","has-post-thumbnail","hentry","tag-ubev-2"],"acf":{"acf_link_na_externy_obsah":""},"yoast_head":"<!-- This site is optimized with the Yoast SEO plugin v27.4 - https:\/\/yoast.com\/product\/yoast-seo-wordpress\/ -->\n<title>Zoologick\u00fd semin\u00e1r \u2013 priestor pre \u0161tudentov a nad\u0161encov zool\u00f3gie - Pr\u00edrodovedeck\u00e1 fakulta | UPJ\u0160<\/title>\n<meta name=\"robots\" content=\"index, follow, max-snippet:-1, max-image-preview:large, max-video-preview:-1\" \/>\n<link rel=\"canonical\" href=\"https:\/\/www.upjs.sk\/prirodovedecka-fakulta\/pracoviska\/ustavy-pf\/ubev\/aktuality-ubev\/zoologicky-seminar-06032025\/\" \/>\n<meta property=\"og:locale\" content=\"sk_SK\" \/>\n<meta property=\"og:type\" content=\"article\" \/>\n<meta property=\"og:title\" content=\"Zoologick\u00fd semin\u00e1r \u2013 priestor pre \u0161tudentov a nad\u0161encov zool\u00f3gie - Pr\u00edrodovedeck\u00e1 fakulta | UPJ\u0160\" \/>\n<meta property=\"og:description\" content=\"Katedra zool\u00f3gie&nbsp;\u00dastavu biologick\u00fdch a ekologick\u00fdch vied PF UPJ\u0160 v Ko\u0161iciach organizuje d\u0148a 06.03.2025 o 16:00 hod. v miestnosti RB0P1 RB pavil\u00f3nu na \u0160rob\u00e1rovej 2 Zoologick\u00fd semin\u00e1r. Cie\u013eom semin\u00e1ra je predstavi\u0165 zauj\u00edmav\u00e9 vedeck\u00e9 t\u00e9my \u0161tudentom a ostatn\u00fdm nad\u0161encom zool\u00f3gie. Na semin\u00e1ri vyst\u00fapia \u0161tudenti druh\u00e9ho ro\u010dn\u00edka magistersk\u00e9ho \u0161t\u00fadia s&nbsp;prezent\u00e1ciou t\u00e9m svojich z\u00e1vere\u010dn\u00fdch pr\u00e1c. S\u00fa\u010das\u0165ou programu je aj &hellip; \u010c\u00edta\u0165 \u010falej\" \/>\n<meta property=\"og:url\" content=\"https:\/\/www.upjs.sk\/prirodovedecka-fakulta\/pracoviska\/ustavy-pf\/ubev\/aktuality-ubev\/zoologicky-seminar-06032025\/\" \/>\n<meta property=\"og:site_name\" content=\"Pr\u00edrodovedeck\u00e1 fakulta | UPJ\u0160\" \/>\n<meta property=\"article:modified_time\" content=\"2025-02-21T11:49:01+00:00\" \/>\n<meta property=\"og:image\" content=\"https:\/\/www.upjs.sk\/app\/uploads\/sites\/10\/2025\/02\/ilob-akt-UBEV-zoolog-seminar.png\" \/>\n\t<meta property=\"og:image:width\" content=\"600\" \/>\n\t<meta property=\"og:image:height\" content=\"420\" \/>\n\t<meta property=\"og:image:type\" content=\"image\/png\" \/>\n<meta name=\"twitter:card\" content=\"summary_large_image\" \/>\n<meta name=\"twitter:label1\" content=\"Predpokladan\u00fd \u010das \u010d\u00edtania\" \/>\n\t<meta name=\"twitter:data1\" content=\"1 min\u00fata\" \/>\n<script type=\"application\/ld+json\" class=\"yoast-schema-graph\">{\"@context\":\"https:\\\/\\\/schema.org\",\"@graph\":[{\"@type\":\"WebPage\",\"@id\":\"https:\\\/\\\/www.upjs.sk\\\/prirodovedecka-fakulta\\\/pracoviska\\\/ustavy-pf\\\/ubev\\\/aktuality-ubev\\\/zoologicky-seminar-06032025\\\/\",\"url\":\"https:\\\/\\\/www.upjs.sk\\\/prirodovedecka-fakulta\\\/pracoviska\\\/ustavy-pf\\\/ubev\\\/aktuality-ubev\\\/zoologicky-seminar-06032025\\\/\",\"name\":\"Zoologick\u00fd semin\u00e1r \u2013 priestor pre \u0161tudentov a nad\u0161encov zool\u00f3gie - Pr\u00edrodovedeck\u00e1 fakulta | UPJ\u0160\",\"isPartOf\":{\"@id\":\"https:\\\/\\\/www.upjs.sk\\\/prirodovedecka-fakulta\\\/#website\"},\"primaryImageOfPage\":{\"@id\":\"https:\\\/\\\/www.upjs.sk\\\/prirodovedecka-fakulta\\\/pracoviska\\\/ustavy-pf\\\/ubev\\\/aktuality-ubev\\\/zoologicky-seminar-06032025\\\/#primaryimage\"},\"image\":{\"@id\":\"https:\\\/\\\/www.upjs.sk\\\/prirodovedecka-fakulta\\\/pracoviska\\\/ustavy-pf\\\/ubev\\\/aktuality-ubev\\\/zoologicky-seminar-06032025\\\/#primaryimage\"},\"thumbnailUrl\":\"https:\\\/\\\/www.upjs.sk\\\/app\\\/uploads\\\/sites\\\/10\\\/2025\\\/02\\\/ilob-akt-UBEV-zoolog-seminar.png\",\"datePublished\":\"2025-02-21T09:46:16+00:00\",\"dateModified\":\"2025-02-21T11:49:01+00:00\",\"breadcrumb\":{\"@id\":\"https:\\\/\\\/www.upjs.sk\\\/prirodovedecka-fakulta\\\/pracoviska\\\/ustavy-pf\\\/ubev\\\/aktuality-ubev\\\/zoologicky-seminar-06032025\\\/#breadcrumb\"},\"inLanguage\":\"sk-SK\",\"potentialAction\":[{\"@type\":\"ReadAction\",\"target\":[\"https:\\\/\\\/www.upjs.sk\\\/prirodovedecka-fakulta\\\/pracoviska\\\/ustavy-pf\\\/ubev\\\/aktuality-ubev\\\/zoologicky-seminar-06032025\\\/\"]}]},{\"@type\":\"ImageObject\",\"inLanguage\":\"sk-SK\",\"@id\":\"https:\\\/\\\/www.upjs.sk\\\/prirodovedecka-fakulta\\\/pracoviska\\\/ustavy-pf\\\/ubev\\\/aktuality-ubev\\\/zoologicky-seminar-06032025\\\/#primaryimage\",\"url\":\"https:\\\/\\\/www.upjs.sk\\\/app\\\/uploads\\\/sites\\\/10\\\/2025\\\/02\\\/ilob-akt-UBEV-zoolog-seminar.png\",\"contentUrl\":\"https:\\\/\\\/www.upjs.sk\\\/app\\\/uploads\\\/sites\\\/10\\\/2025\\\/02\\\/ilob-akt-UBEV-zoolog-seminar.png\",\"width\":600,\"height\":420},{\"@type\":\"BreadcrumbList\",\"@id\":\"https:\\\/\\\/www.upjs.sk\\\/prirodovedecka-fakulta\\\/pracoviska\\\/ustavy-pf\\\/ubev\\\/aktuality-ubev\\\/zoologicky-seminar-06032025\\\/#breadcrumb\",\"itemListElement\":[{\"@type\":\"ListItem\",\"position\":1,\"name\":\"Home\",\"item\":\"https:\\\/\\\/www.upjs.sk\\\/prirodovedecka-fakulta\\\/\"},{\"@type\":\"ListItem\",\"position\":2,\"name\":\"Pracovisk\u00e1\",\"item\":\"https:\\\/\\\/www.upjs.sk\\\/prirodovedecka-fakulta\\\/pracoviska\\\/\"},{\"@type\":\"ListItem\",\"position\":3,\"name\":\"\u00dastavy\",\"item\":\"https:\\\/\\\/www.upjs.sk\\\/prirodovedecka-fakulta\\\/pracoviska\\\/ustavy-pf\\\/\"},{\"@type\":\"ListItem\",\"position\":4,\"name\":\"\u00dastav biologick\u00fdch a ekologick\u00fdch vied\",\"item\":\"https:\\\/\\\/www.upjs.sk\\\/prirodovedecka-fakulta\\\/pracoviska\\\/ustavy-pf\\\/ubev\\\/\"},{\"@type\":\"ListItem\",\"position\":5,\"name\":\"Aktuality\",\"item\":\"https:\\\/\\\/www.upjs.sk\\\/prirodovedecka-fakulta\\\/pracoviska\\\/ustavy-pf\\\/ubev\\\/aktuality-ubev\\\/\"},{\"@type\":\"ListItem\",\"position\":6,\"name\":\"Zoologick\u00fd semin\u00e1r \u2013 priestor pre \u0161tudentov a nad\u0161encov zool\u00f3gie\"}]},{\"@type\":\"WebSite\",\"@id\":\"https:\\\/\\\/www.upjs.sk\\\/prirodovedecka-fakulta\\\/#website\",\"url\":\"https:\\\/\\\/www.upjs.sk\\\/prirodovedecka-fakulta\\\/\",\"name\":\"Pr\u00edrodovedeck\u00e1 fakulta | UPJ\u0160\",\"description\":\"\",\"publisher\":{\"@id\":\"https:\\\/\\\/www.upjs.sk\\\/prirodovedecka-fakulta\\\/#organization\"},\"potentialAction\":[{\"@type\":\"SearchAction\",\"target\":{\"@type\":\"EntryPoint\",\"urlTemplate\":\"https:\\\/\\\/www.upjs.sk\\\/prirodovedecka-fakulta\\\/?s={search_term_string}\"},\"query-input\":{\"@type\":\"PropertyValueSpecification\",\"valueRequired\":true,\"valueName\":\"search_term_string\"}}],\"inLanguage\":\"sk-SK\"},{\"@type\":\"Organization\",\"@id\":\"https:\\\/\\\/www.upjs.sk\\\/prirodovedecka-fakulta\\\/#organization\",\"name\":\"Pr\u00edrodovedeck\u00e1 fakulta | UPJ\u0160\",\"url\":\"https:\\\/\\\/www.upjs.sk\\\/prirodovedecka-fakulta\\\/\",\"logo\":{\"@type\":\"ImageObject\",\"inLanguage\":\"sk-SK\",\"@id\":\"https:\\\/\\\/www.upjs.sk\\\/prirodovedecka-fakulta\\\/#\\\/schema\\\/logo\\\/image\\\/\",\"url\":\"https:\\\/\\\/www.upjs.sk\\\/app\\\/uploads\\\/sites\\\/10\\\/2022\\\/09\\\/logo-prirodovedecka-fakulta.png\",\"contentUrl\":\"https:\\\/\\\/www.upjs.sk\\\/app\\\/uploads\\\/sites\\\/10\\\/2022\\\/09\\\/logo-prirodovedecka-fakulta.png\",\"width\":415,\"height\":87,\"caption\":\"Pr\u00edrodovedeck\u00e1 fakulta | UPJ\u0160\"},\"image\":{\"@id\":\"https:\\\/\\\/www.upjs.sk\\\/prirodovedecka-fakulta\\\/#\\\/schema\\\/logo\\\/image\\\/\"}}]}<\/script>\n<!-- \/ Yoast SEO plugin. -->","yoast_head_json":{"title":"Zoologick\u00fd semin\u00e1r \u2013 priestor pre \u0161tudentov a nad\u0161encov zool\u00f3gie - Pr\u00edrodovedeck\u00e1 fakulta | UPJ\u0160","robots":{"index":"index","follow":"follow","max-snippet":"max-snippet:-1","max-image-preview":"max-image-preview:large","max-video-preview":"max-video-preview:-1"},"canonical":"https:\/\/www.upjs.sk\/prirodovedecka-fakulta\/pracoviska\/ustavy-pf\/ubev\/aktuality-ubev\/zoologicky-seminar-06032025\/","og_locale":"sk_SK","og_type":"article","og_title":"Zoologick\u00fd semin\u00e1r \u2013 priestor pre \u0161tudentov a nad\u0161encov zool\u00f3gie - Pr\u00edrodovedeck\u00e1 fakulta | UPJ\u0160","og_description":"Katedra zool\u00f3gie&nbsp;\u00dastavu biologick\u00fdch a ekologick\u00fdch vied PF UPJ\u0160 v Ko\u0161iciach organizuje d\u0148a 06.03.2025 o 16:00 hod. v miestnosti RB0P1 RB pavil\u00f3nu na \u0160rob\u00e1rovej 2 Zoologick\u00fd semin\u00e1r. Cie\u013eom semin\u00e1ra je predstavi\u0165 zauj\u00edmav\u00e9 vedeck\u00e9 t\u00e9my \u0161tudentom a ostatn\u00fdm nad\u0161encom zool\u00f3gie. Na semin\u00e1ri vyst\u00fapia \u0161tudenti druh\u00e9ho ro\u010dn\u00edka magistersk\u00e9ho \u0161t\u00fadia s&nbsp;prezent\u00e1ciou t\u00e9m svojich z\u00e1vere\u010dn\u00fdch pr\u00e1c. S\u00fa\u010das\u0165ou programu je aj &hellip; \u010c\u00edta\u0165 \u010falej","og_url":"https:\/\/www.upjs.sk\/prirodovedecka-fakulta\/pracoviska\/ustavy-pf\/ubev\/aktuality-ubev\/zoologicky-seminar-06032025\/","og_site_name":"Pr\u00edrodovedeck\u00e1 fakulta | UPJ\u0160","article_modified_time":"2025-02-21T11:49:01+00:00","og_image":[{"width":600,"height":420,"url":"https:\/\/www.upjs.sk\/app\/uploads\/sites\/10\/2025\/02\/ilob-akt-UBEV-zoolog-seminar.png","type":"image\/png"}],"twitter_card":"summary_large_image","twitter_misc":{"Predpokladan\u00fd \u010das \u010d\u00edtania":"1 min\u00fata"},"schema":{"@context":"https:\/\/schema.org","@graph":[{"@type":"WebPage","@id":"https:\/\/www.upjs.sk\/prirodovedecka-fakulta\/pracoviska\/ustavy-pf\/ubev\/aktuality-ubev\/zoologicky-seminar-06032025\/","url":"https:\/\/www.upjs.sk\/prirodovedecka-fakulta\/pracoviska\/ustavy-pf\/ubev\/aktuality-ubev\/zoologicky-seminar-06032025\/","name":"Zoologick\u00fd semin\u00e1r \u2013 priestor pre \u0161tudentov a nad\u0161encov zool\u00f3gie - Pr\u00edrodovedeck\u00e1 fakulta | UPJ\u0160","isPartOf":{"@id":"https:\/\/www.upjs.sk\/prirodovedecka-fakulta\/#website"},"primaryImageOfPage":{"@id":"https:\/\/www.upjs.sk\/prirodovedecka-fakulta\/pracoviska\/ustavy-pf\/ubev\/aktuality-ubev\/zoologicky-seminar-06032025\/#primaryimage"},"image":{"@id":"https:\/\/www.upjs.sk\/prirodovedecka-fakulta\/pracoviska\/ustavy-pf\/ubev\/aktuality-ubev\/zoologicky-seminar-06032025\/#primaryimage"},"thumbnailUrl":"https:\/\/www.upjs.sk\/app\/uploads\/sites\/10\/2025\/02\/ilob-akt-UBEV-zoolog-seminar.png","datePublished":"2025-02-21T09:46:16+00:00","dateModified":"2025-02-21T11:49:01+00:00","breadcrumb":{"@id":"https:\/\/www.upjs.sk\/prirodovedecka-fakulta\/pracoviska\/ustavy-pf\/ubev\/aktuality-ubev\/zoologicky-seminar-06032025\/#breadcrumb"},"inLanguage":"sk-SK","potentialAction":[{"@type":"ReadAction","target":["https:\/\/www.upjs.sk\/prirodovedecka-fakulta\/pracoviska\/ustavy-pf\/ubev\/aktuality-ubev\/zoologicky-seminar-06032025\/"]}]},{"@type":"ImageObject","inLanguage":"sk-SK","@id":"https:\/\/www.upjs.sk\/prirodovedecka-fakulta\/pracoviska\/ustavy-pf\/ubev\/aktuality-ubev\/zoologicky-seminar-06032025\/#primaryimage","url":"https:\/\/www.upjs.sk\/app\/uploads\/sites\/10\/2025\/02\/ilob-akt-UBEV-zoolog-seminar.png","contentUrl":"https:\/\/www.upjs.sk\/app\/uploads\/sites\/10\/2025\/02\/ilob-akt-UBEV-zoolog-seminar.png","width":600,"height":420},{"@type":"BreadcrumbList","@id":"https:\/\/www.upjs.sk\/prirodovedecka-fakulta\/pracoviska\/ustavy-pf\/ubev\/aktuality-ubev\/zoologicky-seminar-06032025\/#breadcrumb","itemListElement":[{"@type":"ListItem","position":1,"name":"Home","item":"https:\/\/www.upjs.sk\/prirodovedecka-fakulta\/"},{"@type":"ListItem","position":2,"name":"Pracovisk\u00e1","item":"https:\/\/www.upjs.sk\/prirodovedecka-fakulta\/pracoviska\/"},{"@type":"ListItem","position":3,"name":"\u00dastavy","item":"https:\/\/www.upjs.sk\/prirodovedecka-fakulta\/pracoviska\/ustavy-pf\/"},{"@type":"ListItem","position":4,"name":"\u00dastav biologick\u00fdch a ekologick\u00fdch vied","item":"https:\/\/www.upjs.sk\/prirodovedecka-fakulta\/pracoviska\/ustavy-pf\/ubev\/"},{"@type":"ListItem","position":5,"name":"Aktuality","item":"https:\/\/www.upjs.sk\/prirodovedecka-fakulta\/pracoviska\/ustavy-pf\/ubev\/aktuality-ubev\/"},{"@type":"ListItem","position":6,"name":"Zoologick\u00fd semin\u00e1r \u2013 priestor pre \u0161tudentov a nad\u0161encov zool\u00f3gie"}]},{"@type":"WebSite","@id":"https:\/\/www.upjs.sk\/prirodovedecka-fakulta\/#website","url":"https:\/\/www.upjs.sk\/prirodovedecka-fakulta\/","name":"Pr\u00edrodovedeck\u00e1 fakulta | UPJ\u0160","description":"","publisher":{"@id":"https:\/\/www.upjs.sk\/prirodovedecka-fakulta\/#organization"},"potentialAction":[{"@type":"SearchAction","target":{"@type":"EntryPoint","urlTemplate":"https:\/\/www.upjs.sk\/prirodovedecka-fakulta\/?s={search_term_string}"},"query-input":{"@type":"PropertyValueSpecification","valueRequired":true,"valueName":"search_term_string"}}],"inLanguage":"sk-SK"},{"@type":"Organization","@id":"https:\/\/www.upjs.sk\/prirodovedecka-fakulta\/#organization","name":"Pr\u00edrodovedeck\u00e1 fakulta | UPJ\u0160","url":"https:\/\/www.upjs.sk\/prirodovedecka-fakulta\/","logo":{"@type":"ImageObject","inLanguage":"sk-SK","@id":"https:\/\/www.upjs.sk\/prirodovedecka-fakulta\/#\/schema\/logo\/image\/","url":"https:\/\/www.upjs.sk\/app\/uploads\/sites\/10\/2022\/09\/logo-prirodovedecka-fakulta.png","contentUrl":"https:\/\/www.upjs.sk\/app\/uploads\/sites\/10\/2022\/09\/logo-prirodovedecka-fakulta.png","width":415,"height":87,"caption":"Pr\u00edrodovedeck\u00e1 fakulta | UPJ\u0160"},"image":{"@id":"https:\/\/www.upjs.sk\/prirodovedecka-fakulta\/#\/schema\/logo\/image\/"}}]}},"_links":{"self":[{"href":"https:\/\/www.upjs.sk\/prirodovedecka-fakulta\/wp-json\/wp\/v2\/cpt_pracoviska\/76047","targetHints":{"allow":["GET"]}}],"collection":[{"href":"https:\/\/www.upjs.sk\/prirodovedecka-fakulta\/wp-json\/wp\/v2\/cpt_pracoviska"}],"about":[{"href":"https:\/\/www.upjs.sk\/prirodovedecka-fakulta\/wp-json\/wp\/v2\/types\/cpt_pracoviska"}],"author":[{"embeddable":true,"href":"https:\/\/www.upjs.sk\/prirodovedecka-fakulta\/wp-json\/wp\/v2\/users\/25"}],"up":[{"embeddable":true,"href":"https:\/\/www.upjs.sk\/prirodovedecka-fakulta\/wp-json\/wp\/v2\/cpt_pracoviska\/54416"}],"wp:featuredmedia":[{"embeddable":true,"href":"https:\/\/www.upjs.sk\/prirodovedecka-fakulta\/wp-json\/wp\/v2\/media\/76060"}],"wp:attachment":[{"href":"https:\/\/www.upjs.sk\/prirodovedecka-fakulta\/wp-json\/wp\/v2\/media?parent=76047"}],"wp:term":[{"taxonomy":"category","embeddable":true,"href":"https:\/\/www.upjs.sk\/prirodovedecka-fakulta\/wp-json\/wp\/v2\/categories?post=76047"},{"taxonomy":"post_tag","embeddable":true,"href":"https:\/\/www.upjs.sk\/prirodovedecka-fakulta\/wp-json\/wp\/v2\/tags?post=76047"},{"taxonomy":"tax_aktuality","embeddable":true,"href":"https:\/\/www.upjs.sk\/prirodovedecka-fakulta\/wp-json\/wp\/v2\/tax_aktuality?post=76047"}],"curies":[{"name":"wp","href":"https:\/\/api.w.org\/{rel}","templated":true}]}}