{"id":86682,"date":"2026-04-02T06:57:29","date_gmt":"2026-04-02T05:57:12","guid":{"rendered":"https:\/\/www.upjs.sk\/prirodovedecka-fakulta\/pracoviska\/ustavy-pf\/ubev\/aktuality-ubev\/zoologicky-seminar-12032026-2\/"},"modified":"2026-04-02T07:06:37","modified_gmt":"2026-04-02T06:06:37","slug":"zoologicky-seminar-09042026","status":"publish","type":"cpt_pracoviska","link":"https:\/\/www.upjs.sk\/prirodovedecka-fakulta\/pracoviska\/ustavy-pf\/ubev\/aktuality-ubev\/zoologicky-seminar-09042026\/","title":{"rendered":"Zoologick\u00fd semin\u00e1r &#8211; 09. 04. 2026"},"content":{"rendered":"<style>.kadence-column86682_b343a2-d4 > .kt-inside-inner-col{padding-top:var(--global-kb-spacing-xs, 1rem);padding-right:var(--global-kb-spacing-xs, 1rem);padding-left:var(--global-kb-spacing-xs, 1rem);}.kadence-column86682_b343a2-d4 > .kt-inside-inner-col,.kadence-column86682_b343a2-d4 > .kt-inside-inner-col:before{border-top-left-radius:5px;border-top-right-radius:5px;border-bottom-right-radius:5px;border-bottom-left-radius:7px;}.kadence-column86682_b343a2-d4 > .kt-inside-inner-col{column-gap:var(--global-kb-gap-sm, 1rem);}.kadence-column86682_b343a2-d4 > .kt-inside-inner-col{flex-direction:column;}.kadence-column86682_b343a2-d4 > .kt-inside-inner-col > .aligncenter{width:100%;}.kadence-column86682_b343a2-d4 > .kt-inside-inner-col{background-color:#F4F4F4;}.kadence-column86682_b343a2-d4 > .kt-inside-inner-col:before{opacity:0.3;}.kadence-column86682_b343a2-d4{position:relative;}@media all and (max-width: 1024px){.kadence-column86682_b343a2-d4 > .kt-inside-inner-col{flex-direction:column;justify-content:center;}}@media all and (max-width: 767px){.kadence-column86682_b343a2-d4 > .kt-inside-inner-col{flex-direction:column;justify-content:center;}}<\/style>\n<div class=\"wp-block-kadence-column kadence-column86682_b343a2-d4\"><div class=\"kt-inside-inner-col\"><style>.kb-row-layout-id86682_4796da-bc > .kt-row-column-wrap{align-content:start;}:where(.kb-row-layout-id86682_4796da-bc > .kt-row-column-wrap) > .wp-block-kadence-column{justify-content:start;}.kb-row-layout-id86682_4796da-bc > .kt-row-column-wrap{column-gap:var(--global-kb-gap-md, 2rem);row-gap:var(--global-kb-gap-md, 2rem);grid-template-columns:minmax(0, calc(50% - ((var(--global-kb-gap-md, 2rem) * 1 )\/2)))minmax(0, calc(50% - ((var(--global-kb-gap-md, 2rem) * 1 )\/2)));}.kb-row-layout-id86682_4796da-bc > .kt-row-layout-overlay{opacity:0.30;}@media all and (max-width: 1024px){.kb-row-layout-id86682_4796da-bc > .kt-row-column-wrap{grid-template-columns:repeat(2, minmax(0, 1fr));}}@media all and (max-width: 767px){.kb-row-layout-id86682_4796da-bc > .kt-row-column-wrap{grid-template-columns:minmax(0, 1fr);}}<\/style><div class=\"kb-row-layout-wrap kb-row-layout-id86682_4796da-bc alignnone wp-block-kadence-rowlayout\"><div class=\"kt-row-column-wrap kt-has-2-columns kt-row-layout-equal kt-tab-layout-inherit kt-mobile-layout-row kt-row-valign-top\">\n<style>.kadence-column86682_9a74da-a0 > .kt-inside-inner-col,.kadence-column86682_9a74da-a0 > .kt-inside-inner-col:before{border-top-left-radius:0px;border-top-right-radius:0px;border-bottom-right-radius:0px;border-bottom-left-radius:0px;}.kadence-column86682_9a74da-a0 > .kt-inside-inner-col{column-gap:var(--global-kb-gap-sm, 1rem);}.kadence-column86682_9a74da-a0 > .kt-inside-inner-col{flex-direction:column;}.kadence-column86682_9a74da-a0 > .kt-inside-inner-col > .aligncenter{width:100%;}.kadence-column86682_9a74da-a0 > .kt-inside-inner-col:before{opacity:0.3;}.kadence-column86682_9a74da-a0{position:relative;}@media all and (max-width: 1024px){.kadence-column86682_9a74da-a0 > .kt-inside-inner-col{flex-direction:column;justify-content:center;}}@media all and (max-width: 767px){.kadence-column86682_9a74da-a0 > .kt-inside-inner-col{flex-direction:column;justify-content:center;}}<\/style>\n<div class=\"wp-block-kadence-column kadence-column86682_9a74da-a0\"><div class=\"kt-inside-inner-col\"><style>.kb-image86682_9b26b6-61 .kb-image-has-overlay:after{opacity:0.3;}<\/style>\n<div class=\"wp-block-kadence-image kb-image86682_9b26b6-61\"><figure class=\"aligncenter size-full\"><img loading=\"lazy\" decoding=\"async\" width=\"726\" height=\"720\" src=\"https:\/\/www.upjs.sk\/app\/uploads\/sites\/10\/2026\/04\/akt-UBeV-ZOOseminar-09042026.png\" alt=\"\" class=\"kb-img wp-image-86683\" srcset=\"https:\/\/www.upjs.sk\/app\/uploads\/sites\/10\/2026\/04\/akt-UBeV-ZOOseminar-09042026.png 726w, https:\/\/www.upjs.sk\/app\/uploads\/sites\/10\/2026\/04\/akt-UBeV-ZOOseminar-09042026-300x298.png 300w, https:\/\/www.upjs.sk\/app\/uploads\/sites\/10\/2026\/04\/akt-UBeV-ZOOseminar-09042026-150x150.png 150w\" sizes=\"auto, (max-width: 726px) 100vw, 726px\" \/><\/figure><\/div>\n<\/div><\/div>\n\n\n<style>.kadence-column86682_05b8e9-71 > .kt-inside-inner-col,.kadence-column86682_05b8e9-71 > .kt-inside-inner-col:before{border-top-left-radius:0px;border-top-right-radius:0px;border-bottom-right-radius:0px;border-bottom-left-radius:0px;}.kadence-column86682_05b8e9-71 > .kt-inside-inner-col{column-gap:var(--global-kb-gap-sm, 1rem);}.kadence-column86682_05b8e9-71 > .kt-inside-inner-col{flex-direction:column;}.kadence-column86682_05b8e9-71 > .kt-inside-inner-col > .aligncenter{width:100%;}.kadence-column86682_05b8e9-71 > .kt-inside-inner-col:before{opacity:0.3;}.kadence-column86682_05b8e9-71{position:relative;}@media all and (max-width: 1024px){.kadence-column86682_05b8e9-71 > .kt-inside-inner-col{flex-direction:column;justify-content:center;}}@media all and (max-width: 767px){.kadence-column86682_05b8e9-71 > .kt-inside-inner-col{flex-direction:column;justify-content:center;}}<\/style>\n<div class=\"wp-block-kadence-column kadence-column86682_05b8e9-71\"><div class=\"kt-inside-inner-col\">\n<p class=\"has-text-align-justify\">Poz\u00fdvame V\u00e1s na \u010fal\u0161\u00ed zoologick\u00fd semin\u00e1r v akademickom roku 2025\/2026, ktor\u00fd sa bude kona\u0165 d\u0148a <strong>9.4.2026 o\u00a016:30 hod<\/strong>. na \u0160rob\u00e1rovej 2 v\u00a0Ko\u0161iciach, v\u00a0budove \u00dastavu biologick\u00fdch a\u00a0ekologick\u00fdch vied, na 3. poschod\u00ed <strong>v\u00a0miestnosti RB3L05<\/strong>. Najprv si vypo\u010dujete prezent\u00e1ciu RNDr. <strong>Nat\u00e1lie Raschmanovej<\/strong>, PhD., univerzitnej docentky o\u00a0zauj\u00edmavosti fenom\u00e9nu jaskynn\u00fdch vchodov pre vedu a\u00a0v\u00fdskum. Potom sa bude pokra\u010dova\u0165 \u0161tudentsk\u00fdmi prezent\u00e1ciami, kde V\u00e1m <strong>Adam Profant<\/strong>, \u0161tudent bakal\u00e1rskeho stup\u0148a \u0161t\u00fadia odboru biol\u00f3gia-geografia, pribl\u00ed\u017ei svoje poznatky o potravnej ekol\u00f3gii \u0161tyroch urb\u00e1nnych druhov netopierov v syntopii. Na z\u00e1ver V\u00e1s Bc. <strong>Samuel Remi\u00e1\u0161<\/strong>, \u0161tudent magistersk\u00e9ho stup\u0148a jednoodborov\u00e9ho \u0161t\u00fadia zool\u00f3gia a\u00a0fyziol\u00f3gia \u017eivo\u010d\u00edchov, obozn\u00e1mi s\u00a0v\u00fdskumom mlokov na v\u00fdchodnom Slovensku. V\u00edtan\u00ed s\u00fa v\u0161etci profesion\u00e1lni aj neprofesion\u00e1lni nad\u0161enci zool\u00f3gie a\u00a0ekol\u00f3gie. Ur\u010dite si semin\u00e1r nenechajte ujs\u0165.<\/p>\n\n\n\n<p class=\"has-text-align-justify\"><\/p>\n<\/div><\/div>\n\n<\/div><\/div><\/div><\/div>\n","protected":false},"author":1,"featured_media":83542,"parent":54416,"menu_order":5,"template":"","meta":{"_acf_changed":false,"_editorskit_title_hidden":false,"_editorskit_reading_time":0,"_editorskit_is_block_options_detached":false,"_editorskit_block_options_position":"{}"},"categories":[],"tags":[57],"tax_aktuality":[],"class_list":["post-86682","cpt_pracoviska","type-cpt_pracoviska","status-publish","has-post-thumbnail","hentry","tag-ubev-2"],"acf":{"acf_link_na_externy_obsah":""},"yoast_head":"<!-- This site is optimized with the Yoast SEO plugin v27.4 - https:\/\/yoast.com\/product\/yoast-seo-wordpress\/ -->\n<title>Zoologick\u00fd semin\u00e1r - 09. 04. 2026 - Pr\u00edrodovedeck\u00e1 fakulta | UPJ\u0160<\/title>\n<meta name=\"robots\" content=\"index, follow, max-snippet:-1, max-image-preview:large, max-video-preview:-1\" \/>\n<link rel=\"canonical\" href=\"https:\/\/www.upjs.sk\/prirodovedecka-fakulta\/pracoviska\/ustavy-pf\/ubev\/aktuality-ubev\/zoologicky-seminar-09042026\/\" \/>\n<meta property=\"og:locale\" content=\"sk_SK\" \/>\n<meta property=\"og:type\" content=\"article\" \/>\n<meta property=\"og:title\" content=\"Zoologick\u00fd semin\u00e1r - 09. 04. 2026 - Pr\u00edrodovedeck\u00e1 fakulta | UPJ\u0160\" \/>\n<meta property=\"og:description\" content=\"Poz\u00fdvame V\u00e1s na \u010fal\u0161\u00ed zoologick\u00fd semin\u00e1r v akademickom roku 2025\/2026, ktor\u00fd sa bude kona\u0165 d\u0148a 9.4.2026 o\u00a016:30 hod. na \u0160rob\u00e1rovej 2 v\u00a0Ko\u0161iciach, v\u00a0budove \u00dastavu biologick\u00fdch a\u00a0ekologick\u00fdch vied, na 3. poschod\u00ed v\u00a0miestnosti RB3L05. Najprv si vypo\u010dujete prezent\u00e1ciu RNDr. Nat\u00e1lie Raschmanovej, PhD., univerzitnej docentky o\u00a0zauj\u00edmavosti fenom\u00e9nu jaskynn\u00fdch vchodov pre vedu a\u00a0v\u00fdskum. Potom sa bude pokra\u010dova\u0165 \u0161tudentsk\u00fdmi prezent\u00e1ciami, &hellip; \u010c\u00edta\u0165 \u010falej\" \/>\n<meta property=\"og:url\" content=\"https:\/\/www.upjs.sk\/prirodovedecka-fakulta\/pracoviska\/ustavy-pf\/ubev\/aktuality-ubev\/zoologicky-seminar-09042026\/\" \/>\n<meta property=\"og:site_name\" content=\"Pr\u00edrodovedeck\u00e1 fakulta | UPJ\u0160\" \/>\n<meta property=\"article:modified_time\" content=\"2026-04-02T06:06:37+00:00\" \/>\n<meta property=\"og:image\" content=\"https:\/\/www.upjs.sk\/app\/uploads\/sites\/10\/2025\/12\/ilob-akt-UBEV-zoolog-seminar-04122025.png\" \/>\n\t<meta property=\"og:image:width\" content=\"600\" \/>\n\t<meta property=\"og:image:height\" content=\"420\" \/>\n\t<meta property=\"og:image:type\" content=\"image\/png\" \/>\n<meta name=\"twitter:card\" content=\"summary_large_image\" \/>\n<meta name=\"twitter:label1\" content=\"Predpokladan\u00fd \u010das \u010d\u00edtania\" \/>\n\t<meta name=\"twitter:data1\" content=\"2 min\u00faty\" \/>\n<script type=\"application\/ld+json\" class=\"yoast-schema-graph\">{\"@context\":\"https:\\\/\\\/schema.org\",\"@graph\":[{\"@type\":\"WebPage\",\"@id\":\"https:\\\/\\\/www.upjs.sk\\\/prirodovedecka-fakulta\\\/pracoviska\\\/ustavy-pf\\\/ubev\\\/aktuality-ubev\\\/zoologicky-seminar-09042026\\\/\",\"url\":\"https:\\\/\\\/www.upjs.sk\\\/prirodovedecka-fakulta\\\/pracoviska\\\/ustavy-pf\\\/ubev\\\/aktuality-ubev\\\/zoologicky-seminar-09042026\\\/\",\"name\":\"Zoologick\u00fd semin\u00e1r - 09. 04. 2026 - Pr\u00edrodovedeck\u00e1 fakulta | UPJ\u0160\",\"isPartOf\":{\"@id\":\"https:\\\/\\\/www.upjs.sk\\\/prirodovedecka-fakulta\\\/#website\"},\"primaryImageOfPage\":{\"@id\":\"https:\\\/\\\/www.upjs.sk\\\/prirodovedecka-fakulta\\\/pracoviska\\\/ustavy-pf\\\/ubev\\\/aktuality-ubev\\\/zoologicky-seminar-09042026\\\/#primaryimage\"},\"image\":{\"@id\":\"https:\\\/\\\/www.upjs.sk\\\/prirodovedecka-fakulta\\\/pracoviska\\\/ustavy-pf\\\/ubev\\\/aktuality-ubev\\\/zoologicky-seminar-09042026\\\/#primaryimage\"},\"thumbnailUrl\":\"https:\\\/\\\/www.upjs.sk\\\/app\\\/uploads\\\/sites\\\/10\\\/2025\\\/12\\\/ilob-akt-UBEV-zoolog-seminar-04122025.png\",\"datePublished\":\"2026-04-02T05:57:12+00:00\",\"dateModified\":\"2026-04-02T06:06:37+00:00\",\"breadcrumb\":{\"@id\":\"https:\\\/\\\/www.upjs.sk\\\/prirodovedecka-fakulta\\\/pracoviska\\\/ustavy-pf\\\/ubev\\\/aktuality-ubev\\\/zoologicky-seminar-09042026\\\/#breadcrumb\"},\"inLanguage\":\"sk-SK\",\"potentialAction\":[{\"@type\":\"ReadAction\",\"target\":[\"https:\\\/\\\/www.upjs.sk\\\/prirodovedecka-fakulta\\\/pracoviska\\\/ustavy-pf\\\/ubev\\\/aktuality-ubev\\\/zoologicky-seminar-09042026\\\/\"]}]},{\"@type\":\"ImageObject\",\"inLanguage\":\"sk-SK\",\"@id\":\"https:\\\/\\\/www.upjs.sk\\\/prirodovedecka-fakulta\\\/pracoviska\\\/ustavy-pf\\\/ubev\\\/aktuality-ubev\\\/zoologicky-seminar-09042026\\\/#primaryimage\",\"url\":\"https:\\\/\\\/www.upjs.sk\\\/app\\\/uploads\\\/sites\\\/10\\\/2025\\\/12\\\/ilob-akt-UBEV-zoolog-seminar-04122025.png\",\"contentUrl\":\"https:\\\/\\\/www.upjs.sk\\\/app\\\/uploads\\\/sites\\\/10\\\/2025\\\/12\\\/ilob-akt-UBEV-zoolog-seminar-04122025.png\",\"width\":600,\"height\":420},{\"@type\":\"BreadcrumbList\",\"@id\":\"https:\\\/\\\/www.upjs.sk\\\/prirodovedecka-fakulta\\\/pracoviska\\\/ustavy-pf\\\/ubev\\\/aktuality-ubev\\\/zoologicky-seminar-09042026\\\/#breadcrumb\",\"itemListElement\":[{\"@type\":\"ListItem\",\"position\":1,\"name\":\"Home\",\"item\":\"https:\\\/\\\/www.upjs.sk\\\/prirodovedecka-fakulta\\\/\"},{\"@type\":\"ListItem\",\"position\":2,\"name\":\"Pracovisk\u00e1\",\"item\":\"https:\\\/\\\/www.upjs.sk\\\/prirodovedecka-fakulta\\\/pracoviska\\\/\"},{\"@type\":\"ListItem\",\"position\":3,\"name\":\"\u00dastavy\",\"item\":\"https:\\\/\\\/www.upjs.sk\\\/prirodovedecka-fakulta\\\/pracoviska\\\/ustavy-pf\\\/\"},{\"@type\":\"ListItem\",\"position\":4,\"name\":\"\u00dastav biologick\u00fdch a ekologick\u00fdch vied\",\"item\":\"https:\\\/\\\/www.upjs.sk\\\/prirodovedecka-fakulta\\\/pracoviska\\\/ustavy-pf\\\/ubev\\\/\"},{\"@type\":\"ListItem\",\"position\":5,\"name\":\"Aktuality\",\"item\":\"https:\\\/\\\/www.upjs.sk\\\/prirodovedecka-fakulta\\\/pracoviska\\\/ustavy-pf\\\/ubev\\\/aktuality-ubev\\\/\"},{\"@type\":\"ListItem\",\"position\":6,\"name\":\"Zoologick\u00fd semin\u00e1r &#8211; 09. 04. 2026\"}]},{\"@type\":\"WebSite\",\"@id\":\"https:\\\/\\\/www.upjs.sk\\\/prirodovedecka-fakulta\\\/#website\",\"url\":\"https:\\\/\\\/www.upjs.sk\\\/prirodovedecka-fakulta\\\/\",\"name\":\"Pr\u00edrodovedeck\u00e1 fakulta | UPJ\u0160\",\"description\":\"\",\"publisher\":{\"@id\":\"https:\\\/\\\/www.upjs.sk\\\/prirodovedecka-fakulta\\\/#organization\"},\"potentialAction\":[{\"@type\":\"SearchAction\",\"target\":{\"@type\":\"EntryPoint\",\"urlTemplate\":\"https:\\\/\\\/www.upjs.sk\\\/prirodovedecka-fakulta\\\/?s={search_term_string}\"},\"query-input\":{\"@type\":\"PropertyValueSpecification\",\"valueRequired\":true,\"valueName\":\"search_term_string\"}}],\"inLanguage\":\"sk-SK\"},{\"@type\":\"Organization\",\"@id\":\"https:\\\/\\\/www.upjs.sk\\\/prirodovedecka-fakulta\\\/#organization\",\"name\":\"Pr\u00edrodovedeck\u00e1 fakulta | UPJ\u0160\",\"url\":\"https:\\\/\\\/www.upjs.sk\\\/prirodovedecka-fakulta\\\/\",\"logo\":{\"@type\":\"ImageObject\",\"inLanguage\":\"sk-SK\",\"@id\":\"https:\\\/\\\/www.upjs.sk\\\/prirodovedecka-fakulta\\\/#\\\/schema\\\/logo\\\/image\\\/\",\"url\":\"https:\\\/\\\/www.upjs.sk\\\/app\\\/uploads\\\/sites\\\/10\\\/2022\\\/09\\\/logo-prirodovedecka-fakulta.png\",\"contentUrl\":\"https:\\\/\\\/www.upjs.sk\\\/app\\\/uploads\\\/sites\\\/10\\\/2022\\\/09\\\/logo-prirodovedecka-fakulta.png\",\"width\":415,\"height\":87,\"caption\":\"Pr\u00edrodovedeck\u00e1 fakulta | UPJ\u0160\"},\"image\":{\"@id\":\"https:\\\/\\\/www.upjs.sk\\\/prirodovedecka-fakulta\\\/#\\\/schema\\\/logo\\\/image\\\/\"}}]}<\/script>\n<!-- \/ Yoast SEO plugin. -->","yoast_head_json":{"title":"Zoologick\u00fd semin\u00e1r - 09. 04. 2026 - Pr\u00edrodovedeck\u00e1 fakulta | UPJ\u0160","robots":{"index":"index","follow":"follow","max-snippet":"max-snippet:-1","max-image-preview":"max-image-preview:large","max-video-preview":"max-video-preview:-1"},"canonical":"https:\/\/www.upjs.sk\/prirodovedecka-fakulta\/pracoviska\/ustavy-pf\/ubev\/aktuality-ubev\/zoologicky-seminar-09042026\/","og_locale":"sk_SK","og_type":"article","og_title":"Zoologick\u00fd semin\u00e1r - 09. 04. 2026 - Pr\u00edrodovedeck\u00e1 fakulta | UPJ\u0160","og_description":"Poz\u00fdvame V\u00e1s na \u010fal\u0161\u00ed zoologick\u00fd semin\u00e1r v akademickom roku 2025\/2026, ktor\u00fd sa bude kona\u0165 d\u0148a 9.4.2026 o\u00a016:30 hod. na \u0160rob\u00e1rovej 2 v\u00a0Ko\u0161iciach, v\u00a0budove \u00dastavu biologick\u00fdch a\u00a0ekologick\u00fdch vied, na 3. poschod\u00ed v\u00a0miestnosti RB3L05. Najprv si vypo\u010dujete prezent\u00e1ciu RNDr. Nat\u00e1lie Raschmanovej, PhD., univerzitnej docentky o\u00a0zauj\u00edmavosti fenom\u00e9nu jaskynn\u00fdch vchodov pre vedu a\u00a0v\u00fdskum. Potom sa bude pokra\u010dova\u0165 \u0161tudentsk\u00fdmi prezent\u00e1ciami, &hellip; \u010c\u00edta\u0165 \u010falej","og_url":"https:\/\/www.upjs.sk\/prirodovedecka-fakulta\/pracoviska\/ustavy-pf\/ubev\/aktuality-ubev\/zoologicky-seminar-09042026\/","og_site_name":"Pr\u00edrodovedeck\u00e1 fakulta | UPJ\u0160","article_modified_time":"2026-04-02T06:06:37+00:00","og_image":[{"width":600,"height":420,"url":"https:\/\/www.upjs.sk\/app\/uploads\/sites\/10\/2025\/12\/ilob-akt-UBEV-zoolog-seminar-04122025.png","type":"image\/png"}],"twitter_card":"summary_large_image","twitter_misc":{"Predpokladan\u00fd \u010das \u010d\u00edtania":"2 min\u00faty"},"schema":{"@context":"https:\/\/schema.org","@graph":[{"@type":"WebPage","@id":"https:\/\/www.upjs.sk\/prirodovedecka-fakulta\/pracoviska\/ustavy-pf\/ubev\/aktuality-ubev\/zoologicky-seminar-09042026\/","url":"https:\/\/www.upjs.sk\/prirodovedecka-fakulta\/pracoviska\/ustavy-pf\/ubev\/aktuality-ubev\/zoologicky-seminar-09042026\/","name":"Zoologick\u00fd semin\u00e1r - 09. 04. 2026 - Pr\u00edrodovedeck\u00e1 fakulta | UPJ\u0160","isPartOf":{"@id":"https:\/\/www.upjs.sk\/prirodovedecka-fakulta\/#website"},"primaryImageOfPage":{"@id":"https:\/\/www.upjs.sk\/prirodovedecka-fakulta\/pracoviska\/ustavy-pf\/ubev\/aktuality-ubev\/zoologicky-seminar-09042026\/#primaryimage"},"image":{"@id":"https:\/\/www.upjs.sk\/prirodovedecka-fakulta\/pracoviska\/ustavy-pf\/ubev\/aktuality-ubev\/zoologicky-seminar-09042026\/#primaryimage"},"thumbnailUrl":"https:\/\/www.upjs.sk\/app\/uploads\/sites\/10\/2025\/12\/ilob-akt-UBEV-zoolog-seminar-04122025.png","datePublished":"2026-04-02T05:57:12+00:00","dateModified":"2026-04-02T06:06:37+00:00","breadcrumb":{"@id":"https:\/\/www.upjs.sk\/prirodovedecka-fakulta\/pracoviska\/ustavy-pf\/ubev\/aktuality-ubev\/zoologicky-seminar-09042026\/#breadcrumb"},"inLanguage":"sk-SK","potentialAction":[{"@type":"ReadAction","target":["https:\/\/www.upjs.sk\/prirodovedecka-fakulta\/pracoviska\/ustavy-pf\/ubev\/aktuality-ubev\/zoologicky-seminar-09042026\/"]}]},{"@type":"ImageObject","inLanguage":"sk-SK","@id":"https:\/\/www.upjs.sk\/prirodovedecka-fakulta\/pracoviska\/ustavy-pf\/ubev\/aktuality-ubev\/zoologicky-seminar-09042026\/#primaryimage","url":"https:\/\/www.upjs.sk\/app\/uploads\/sites\/10\/2025\/12\/ilob-akt-UBEV-zoolog-seminar-04122025.png","contentUrl":"https:\/\/www.upjs.sk\/app\/uploads\/sites\/10\/2025\/12\/ilob-akt-UBEV-zoolog-seminar-04122025.png","width":600,"height":420},{"@type":"BreadcrumbList","@id":"https:\/\/www.upjs.sk\/prirodovedecka-fakulta\/pracoviska\/ustavy-pf\/ubev\/aktuality-ubev\/zoologicky-seminar-09042026\/#breadcrumb","itemListElement":[{"@type":"ListItem","position":1,"name":"Home","item":"https:\/\/www.upjs.sk\/prirodovedecka-fakulta\/"},{"@type":"ListItem","position":2,"name":"Pracovisk\u00e1","item":"https:\/\/www.upjs.sk\/prirodovedecka-fakulta\/pracoviska\/"},{"@type":"ListItem","position":3,"name":"\u00dastavy","item":"https:\/\/www.upjs.sk\/prirodovedecka-fakulta\/pracoviska\/ustavy-pf\/"},{"@type":"ListItem","position":4,"name":"\u00dastav biologick\u00fdch a ekologick\u00fdch vied","item":"https:\/\/www.upjs.sk\/prirodovedecka-fakulta\/pracoviska\/ustavy-pf\/ubev\/"},{"@type":"ListItem","position":5,"name":"Aktuality","item":"https:\/\/www.upjs.sk\/prirodovedecka-fakulta\/pracoviska\/ustavy-pf\/ubev\/aktuality-ubev\/"},{"@type":"ListItem","position":6,"name":"Zoologick\u00fd semin\u00e1r &#8211; 09. 04. 2026"}]},{"@type":"WebSite","@id":"https:\/\/www.upjs.sk\/prirodovedecka-fakulta\/#website","url":"https:\/\/www.upjs.sk\/prirodovedecka-fakulta\/","name":"Pr\u00edrodovedeck\u00e1 fakulta | UPJ\u0160","description":"","publisher":{"@id":"https:\/\/www.upjs.sk\/prirodovedecka-fakulta\/#organization"},"potentialAction":[{"@type":"SearchAction","target":{"@type":"EntryPoint","urlTemplate":"https:\/\/www.upjs.sk\/prirodovedecka-fakulta\/?s={search_term_string}"},"query-input":{"@type":"PropertyValueSpecification","valueRequired":true,"valueName":"search_term_string"}}],"inLanguage":"sk-SK"},{"@type":"Organization","@id":"https:\/\/www.upjs.sk\/prirodovedecka-fakulta\/#organization","name":"Pr\u00edrodovedeck\u00e1 fakulta | UPJ\u0160","url":"https:\/\/www.upjs.sk\/prirodovedecka-fakulta\/","logo":{"@type":"ImageObject","inLanguage":"sk-SK","@id":"https:\/\/www.upjs.sk\/prirodovedecka-fakulta\/#\/schema\/logo\/image\/","url":"https:\/\/www.upjs.sk\/app\/uploads\/sites\/10\/2022\/09\/logo-prirodovedecka-fakulta.png","contentUrl":"https:\/\/www.upjs.sk\/app\/uploads\/sites\/10\/2022\/09\/logo-prirodovedecka-fakulta.png","width":415,"height":87,"caption":"Pr\u00edrodovedeck\u00e1 fakulta | UPJ\u0160"},"image":{"@id":"https:\/\/www.upjs.sk\/prirodovedecka-fakulta\/#\/schema\/logo\/image\/"}}]}},"_links":{"self":[{"href":"https:\/\/www.upjs.sk\/prirodovedecka-fakulta\/wp-json\/wp\/v2\/cpt_pracoviska\/86682","targetHints":{"allow":["GET"]}}],"collection":[{"href":"https:\/\/www.upjs.sk\/prirodovedecka-fakulta\/wp-json\/wp\/v2\/cpt_pracoviska"}],"about":[{"href":"https:\/\/www.upjs.sk\/prirodovedecka-fakulta\/wp-json\/wp\/v2\/types\/cpt_pracoviska"}],"author":[{"embeddable":true,"href":"https:\/\/www.upjs.sk\/prirodovedecka-fakulta\/wp-json\/wp\/v2\/users\/1"}],"up":[{"embeddable":true,"href":"https:\/\/www.upjs.sk\/prirodovedecka-fakulta\/wp-json\/wp\/v2\/cpt_pracoviska\/54416"}],"wp:featuredmedia":[{"embeddable":true,"href":"https:\/\/www.upjs.sk\/prirodovedecka-fakulta\/wp-json\/wp\/v2\/media\/83542"}],"wp:attachment":[{"href":"https:\/\/www.upjs.sk\/prirodovedecka-fakulta\/wp-json\/wp\/v2\/media?parent=86682"}],"wp:term":[{"taxonomy":"category","embeddable":true,"href":"https:\/\/www.upjs.sk\/prirodovedecka-fakulta\/wp-json\/wp\/v2\/categories?post=86682"},{"taxonomy":"post_tag","embeddable":true,"href":"https:\/\/www.upjs.sk\/prirodovedecka-fakulta\/wp-json\/wp\/v2\/tags?post=86682"},{"taxonomy":"tax_aktuality","embeddable":true,"href":"https:\/\/www.upjs.sk\/prirodovedecka-fakulta\/wp-json\/wp\/v2\/tax_aktuality?post=86682"}],"curies":[{"name":"wp","href":"https:\/\/api.w.org\/{rel}","templated":true}]}}