{"id":15406,"date":"2022-09-07T11:07:33","date_gmt":"2022-09-07T11:07:33","guid":{"rendered":"https:\/\/www.upjs.sk\/prirodovedecka-fakulta\/upjs-life\/27573\/"},"modified":"2022-09-28T12:00:24","modified_gmt":"2022-09-28T12:00:24","slug":"27573","status":"publish","type":"cpt_zo-zivota-upjs","link":"https:\/\/www.upjs.sk\/prirodovedecka-fakulta\/upjs-life\/27573\/","title":{"rendered":"Udelenie \u010destn\u00fdch titulov \u201eprofesor emeritus\u201c"},"content":{"rendered":"<p style=\"text-align:justify\">V zmysle ustanovenia \u00a7 78 z\u00e1kona \u010d. 131\/2002 Z. z. o vysok\u00fdch \u0161kol\u00e1ch a o zmene a doplnen\u00ed niektor\u00fdch z\u00e1konov, na z\u00e1klade n\u00e1vrhu dekana Pr\u00edrodovedeckej fakulty UPJ\u0160 v Ko\u0161iciach a po schv\u00e1len\u00ed Vedeckou radou Univerzity P. J. \u0160af\u00e1rika v Ko\u0161iciach d\u0148a 11. marca 2022 rektor UPJ\u0160 v Ko\u0161iciach udelil \u010destn\u00fd titul &#8222;profesor emeritus&#8220; <em>Dr.h.c. prof. RNDr. Alexandrovi Feherovi, DrSc.<\/em> a d\u0148a 27. m\u00e1ja 2022 <em>prof. RNDr. Mirkovi Hor\u0148\u00e1kovi, CSc.<\/em><\/p>\n<p style=\"text-align:justify\">Rektor prof. RNDr. Pavol Sov\u00e1k, CSc. za pr\u00edtomnosti prorektora pre vedeckov\u00fdskumn\u00fa \u010dinnos\u0165 a doktorandsk\u00e9 \u0161t\u00fadium prof. RNDr. Petra Fedoro\u010dka, CSc. a prodekanky pre vedu, v\u00fdskum a rozvoj Pr\u00edrodovedeckej fakulty UPJ\u0160 prof. RNDr. Ren\u00e1ty Ori\u0148akovej, DrSc. d\u0148a 6. j\u00fala 2022 sl\u00e1vnostne odovzdal ocenen\u00fdm profesorom menovac\u00ed dekr\u00e9t, po\u010fakoval za v\u00fdznamn\u00e9 pr\u00ednosy v oblasti vedy a vzdel\u00e1vania a poprial im \u010fal\u0161ie pedagogick\u00e9, vedeck\u00e9 a osobn\u00e9 \u00faspechy. \u00a0<\/p>\n<p style=\"text-align:center\"><img decoding=\"async\" alt=\"\" src=\"http:\/\/www.upjs.sk\/\/app\/uploads\/sites\/10\/2022\/09\/4042296_86229.jpg\" style=\"width:20%\" \/><\/p>\n<p style=\"text-align:center\">Srde\u010dne blaho\u017eel\u00e1me!<br \/>\n\u00a0<\/p>\n<div class=\"photogallery\">\n<div class=\"lightbox\"><a class=\"pgImage\" href=\"\/images\/fullsize\/27472\/profEmeritus2022g.jpg\" title=\"\"><img decoding=\"async\" alt=\"[]\" class=\"pgImage\" src=\"\/images\/photogallery\/27472\/profEmeritus2022g.jpg\" \/><\/a><a class=\"pgImage\" href=\"\/images\/fullsize\/27472\/profEmeritus2022b.jpg\" title=\"\"><img decoding=\"async\" alt=\"[]\" class=\"pgImage\" src=\"\/images\/photogallery\/27472\/profEmeritus2022b.jpg\" \/><\/a><a class=\"pgImage\" href=\"\/images\/fullsize\/27472\/profEmeritus2022a.jpg\" title=\"\"><img decoding=\"async\" alt=\"[]\" class=\"pgImage\" src=\"\/images\/photogallery\/27472\/profEmeritus2022a.jpg\" \/><\/a><a class=\"pgImage\" href=\"\/images\/fullsize\/27472\/profEmeritus2022c.jpg\" title=\"\"><img decoding=\"async\" alt=\"[]\" class=\"pgImage\" src=\"\/images\/photogallery\/27472\/profEmeritus2022c.jpg\" \/><\/a><a class=\"pgImage\" href=\"\/images\/fullsize\/27472\/profEmeritus2022d.jpg\" title=\"\"><img decoding=\"async\" alt=\"[]\" class=\"pgImage\" src=\"\/images\/photogallery\/27472\/profEmeritus2022d.jpg\" \/><\/a><a class=\"pgImage\" href=\"\/images\/fullsize\/27472\/profEmeritus2022i.jpg\" title=\"\"><img decoding=\"async\" alt=\"[]\" class=\"pgImage\" src=\"\/images\/photogallery\/27472\/profEmeritus2022i.jpg\" \/><\/a><a class=\"pgImage\" href=\"\/images\/fullsize\/27472\/profEmeritus2022e.jpg\" title=\"\"><img decoding=\"async\" alt=\"[]\" class=\"pgImage\" src=\"\/images\/photogallery\/27472\/profEmeritus2022e.jpg\" \/><\/a><a class=\"pgImage\" href=\"\/images\/fullsize\/27472\/profEmeritus2022f.jpg\" title=\"\"><img decoding=\"async\" alt=\"[]\" class=\"pgImage\" src=\"\/images\/photogallery\/27472\/profEmeritus2022f.jpg\" \/><\/a><a class=\"pgImage\" href=\"\/images\/fullsize\/27472\/profEmeritus2022h.jpg\" title=\"\"><img decoding=\"async\" alt=\"[]\" class=\"pgImage\" src=\"\/images\/photogallery\/27472\/profEmeritus2022h.jpg\" \/><\/a><\/div>\n<\/div>\n","protected":false},"excerpt":{"rendered":"<p style=\"text-align:justify\">Rektor UPJ\u0160 prof. Sov\u00e1k d\u0148a 6. j\u00fala 2022 sl\u00e1vnostne odovzdal <em><span style=\"color:#c0392b\"><strong>profesorovi Feherovi<\/strong><\/span><\/em> a <em><span style=\"color:#c0392b\"><strong>profesorovi Hor\u0148\u00e1kovi<\/strong><\/span><\/em> menovacie dekr\u00e9ty o udelen\u00ed \u010destn\u00e9ho titulu \u00a0&#8222;profesor emeritus&#8220;\u00a0<\/p>\n","protected":false},"author":1,"featured_media":15408,"menu_order":0,"template":"","meta":{"_acf_changed":false,"_editorskit_title_hidden":false,"_editorskit_reading_time":0,"_editorskit_is_block_options_detached":false,"_editorskit_block_options_position":"{}"},"categories":[],"tags":[],"tax_aktuality":[],"class_list":["post-15406","cpt_zo-zivota-upjs","type-cpt_zo-zivota-upjs","status-publish","has-post-thumbnail","hentry"],"acf":{"acf_link_na_externy_obsah":""},"yoast_head":"<!-- This site is optimized with the Yoast SEO plugin v27.4 - https:\/\/yoast.com\/product\/yoast-seo-wordpress\/ -->\n<title>Udelenie \u010destn\u00fdch titulov \u201eprofesor emeritus\u201c - Pr\u00edrodovedeck\u00e1 fakulta | UPJ\u0160<\/title>\n<meta name=\"robots\" content=\"index, follow, max-snippet:-1, max-image-preview:large, max-video-preview:-1\" \/>\n<link rel=\"canonical\" href=\"https:\/\/www.upjs.sk\/prirodovedecka-fakulta\/upjs-life\/27573\/\" \/>\n<meta property=\"og:locale\" content=\"sk_SK\" \/>\n<meta property=\"og:type\" content=\"article\" \/>\n<meta property=\"og:title\" content=\"Udelenie \u010destn\u00fdch titulov \u201eprofesor emeritus\u201c - Pr\u00edrodovedeck\u00e1 fakulta | UPJ\u0160\" \/>\n<meta property=\"og:description\" content=\"Rektor UPJ\u0160 prof. Sov\u00e1k d\u0148a 6. j\u00fala 2022 sl\u00e1vnostne odovzdal profesorovi Feherovi a profesorovi Hor\u0148\u00e1kovi menovacie dekr\u00e9ty o udelen\u00ed \u010destn\u00e9ho titulu \u00a0&quot;profesor emeritus&quot;\u00a0\" \/>\n<meta property=\"og:url\" content=\"https:\/\/www.upjs.sk\/prirodovedecka-fakulta\/upjs-life\/27573\/\" \/>\n<meta property=\"og:site_name\" content=\"Pr\u00edrodovedeck\u00e1 fakulta | UPJ\u0160\" \/>\n<meta property=\"article:modified_time\" content=\"2022-09-28T12:00:24+00:00\" \/>\n<meta property=\"og:image\" content=\"https:\/\/www.upjs.sk\/app\/uploads\/sites\/10\/2022\/09\/education-diploma-certificate-with-wax-seal.jpg\" \/>\n\t<meta property=\"og:image:width\" content=\"1000\" \/>\n\t<meta property=\"og:image:height\" content=\"563\" \/>\n\t<meta property=\"og:image:type\" content=\"image\/jpeg\" \/>\n<meta name=\"twitter:card\" content=\"summary_large_image\" \/>\n<meta name=\"twitter:label1\" content=\"Predpokladan\u00fd \u010das \u010d\u00edtania\" \/>\n\t<meta name=\"twitter:data1\" content=\"1 min\u00fata\" \/>\n<script type=\"application\/ld+json\" class=\"yoast-schema-graph\">{\"@context\":\"https:\\\/\\\/schema.org\",\"@graph\":[{\"@type\":\"WebPage\",\"@id\":\"https:\\\/\\\/www.upjs.sk\\\/prirodovedecka-fakulta\\\/upjs-life\\\/27573\\\/\",\"url\":\"https:\\\/\\\/www.upjs.sk\\\/prirodovedecka-fakulta\\\/upjs-life\\\/27573\\\/\",\"name\":\"Udelenie \u010destn\u00fdch titulov \u201eprofesor emeritus\u201c - Pr\u00edrodovedeck\u00e1 fakulta | UPJ\u0160\",\"isPartOf\":{\"@id\":\"https:\\\/\\\/www.upjs.sk\\\/prirodovedecka-fakulta\\\/#website\"},\"primaryImageOfPage\":{\"@id\":\"https:\\\/\\\/www.upjs.sk\\\/prirodovedecka-fakulta\\\/upjs-life\\\/27573\\\/#primaryimage\"},\"image\":{\"@id\":\"https:\\\/\\\/www.upjs.sk\\\/prirodovedecka-fakulta\\\/upjs-life\\\/27573\\\/#primaryimage\"},\"thumbnailUrl\":\"https:\\\/\\\/www.upjs.sk\\\/app\\\/uploads\\\/sites\\\/10\\\/2022\\\/09\\\/education-diploma-certificate-with-wax-seal.jpg\",\"datePublished\":\"2022-09-07T11:07:33+00:00\",\"dateModified\":\"2022-09-28T12:00:24+00:00\",\"breadcrumb\":{\"@id\":\"https:\\\/\\\/www.upjs.sk\\\/prirodovedecka-fakulta\\\/upjs-life\\\/27573\\\/#breadcrumb\"},\"inLanguage\":\"sk-SK\",\"potentialAction\":[{\"@type\":\"ReadAction\",\"target\":[\"https:\\\/\\\/www.upjs.sk\\\/prirodovedecka-fakulta\\\/upjs-life\\\/27573\\\/\"]}]},{\"@type\":\"ImageObject\",\"inLanguage\":\"sk-SK\",\"@id\":\"https:\\\/\\\/www.upjs.sk\\\/prirodovedecka-fakulta\\\/upjs-life\\\/27573\\\/#primaryimage\",\"url\":\"https:\\\/\\\/www.upjs.sk\\\/app\\\/uploads\\\/sites\\\/10\\\/2022\\\/09\\\/education-diploma-certificate-with-wax-seal.jpg\",\"contentUrl\":\"https:\\\/\\\/www.upjs.sk\\\/app\\\/uploads\\\/sites\\\/10\\\/2022\\\/09\\\/education-diploma-certificate-with-wax-seal.jpg\",\"width\":1000,\"height\":563,\"caption\":\"27573\"},{\"@type\":\"BreadcrumbList\",\"@id\":\"https:\\\/\\\/www.upjs.sk\\\/prirodovedecka-fakulta\\\/upjs-life\\\/27573\\\/#breadcrumb\",\"itemListElement\":[{\"@type\":\"ListItem\",\"position\":1,\"name\":\"Home\",\"item\":\"https:\\\/\\\/www.upjs.sk\\\/prirodovedecka-fakulta\\\/\"},{\"@type\":\"ListItem\",\"position\":2,\"name\":\"Zo \u017eivota fakulty\",\"item\":\"https:\\\/\\\/www.upjs.sk\\\/prirodovedecka-fakulta\\\/upjs-life\\\/\"},{\"@type\":\"ListItem\",\"position\":3,\"name\":\"Udelenie \u010destn\u00fdch titulov \u201eprofesor emeritus\u201c\"}]},{\"@type\":\"WebSite\",\"@id\":\"https:\\\/\\\/www.upjs.sk\\\/prirodovedecka-fakulta\\\/#website\",\"url\":\"https:\\\/\\\/www.upjs.sk\\\/prirodovedecka-fakulta\\\/\",\"name\":\"Pr\u00edrodovedeck\u00e1 fakulta | UPJ\u0160\",\"description\":\"\",\"publisher\":{\"@id\":\"https:\\\/\\\/www.upjs.sk\\\/prirodovedecka-fakulta\\\/#organization\"},\"potentialAction\":[{\"@type\":\"SearchAction\",\"target\":{\"@type\":\"EntryPoint\",\"urlTemplate\":\"https:\\\/\\\/www.upjs.sk\\\/prirodovedecka-fakulta\\\/?s={search_term_string}\"},\"query-input\":{\"@type\":\"PropertyValueSpecification\",\"valueRequired\":true,\"valueName\":\"search_term_string\"}}],\"inLanguage\":\"sk-SK\"},{\"@type\":\"Organization\",\"@id\":\"https:\\\/\\\/www.upjs.sk\\\/prirodovedecka-fakulta\\\/#organization\",\"name\":\"Pr\u00edrodovedeck\u00e1 fakulta | UPJ\u0160\",\"url\":\"https:\\\/\\\/www.upjs.sk\\\/prirodovedecka-fakulta\\\/\",\"logo\":{\"@type\":\"ImageObject\",\"inLanguage\":\"sk-SK\",\"@id\":\"https:\\\/\\\/www.upjs.sk\\\/prirodovedecka-fakulta\\\/#\\\/schema\\\/logo\\\/image\\\/\",\"url\":\"https:\\\/\\\/www.upjs.sk\\\/app\\\/uploads\\\/sites\\\/10\\\/2022\\\/09\\\/logo-prirodovedecka-fakulta.png\",\"contentUrl\":\"https:\\\/\\\/www.upjs.sk\\\/app\\\/uploads\\\/sites\\\/10\\\/2022\\\/09\\\/logo-prirodovedecka-fakulta.png\",\"width\":415,\"height\":87,\"caption\":\"Pr\u00edrodovedeck\u00e1 fakulta | UPJ\u0160\"},\"image\":{\"@id\":\"https:\\\/\\\/www.upjs.sk\\\/prirodovedecka-fakulta\\\/#\\\/schema\\\/logo\\\/image\\\/\"}}]}<\/script>\n<!-- \/ Yoast SEO plugin. -->","yoast_head_json":{"title":"Udelenie \u010destn\u00fdch titulov \u201eprofesor emeritus\u201c - Pr\u00edrodovedeck\u00e1 fakulta | UPJ\u0160","robots":{"index":"index","follow":"follow","max-snippet":"max-snippet:-1","max-image-preview":"max-image-preview:large","max-video-preview":"max-video-preview:-1"},"canonical":"https:\/\/www.upjs.sk\/prirodovedecka-fakulta\/upjs-life\/27573\/","og_locale":"sk_SK","og_type":"article","og_title":"Udelenie \u010destn\u00fdch titulov \u201eprofesor emeritus\u201c - Pr\u00edrodovedeck\u00e1 fakulta | UPJ\u0160","og_description":"Rektor UPJ\u0160 prof. Sov\u00e1k d\u0148a 6. j\u00fala 2022 sl\u00e1vnostne odovzdal profesorovi Feherovi a profesorovi Hor\u0148\u00e1kovi menovacie dekr\u00e9ty o udelen\u00ed \u010destn\u00e9ho titulu \u00a0\"profesor emeritus\"\u00a0","og_url":"https:\/\/www.upjs.sk\/prirodovedecka-fakulta\/upjs-life\/27573\/","og_site_name":"Pr\u00edrodovedeck\u00e1 fakulta | UPJ\u0160","article_modified_time":"2022-09-28T12:00:24+00:00","og_image":[{"width":1000,"height":563,"url":"https:\/\/www.upjs.sk\/app\/uploads\/sites\/10\/2022\/09\/education-diploma-certificate-with-wax-seal.jpg","type":"image\/jpeg"}],"twitter_card":"summary_large_image","twitter_misc":{"Predpokladan\u00fd \u010das \u010d\u00edtania":"1 min\u00fata"},"schema":{"@context":"https:\/\/schema.org","@graph":[{"@type":"WebPage","@id":"https:\/\/www.upjs.sk\/prirodovedecka-fakulta\/upjs-life\/27573\/","url":"https:\/\/www.upjs.sk\/prirodovedecka-fakulta\/upjs-life\/27573\/","name":"Udelenie \u010destn\u00fdch titulov \u201eprofesor emeritus\u201c - Pr\u00edrodovedeck\u00e1 fakulta | UPJ\u0160","isPartOf":{"@id":"https:\/\/www.upjs.sk\/prirodovedecka-fakulta\/#website"},"primaryImageOfPage":{"@id":"https:\/\/www.upjs.sk\/prirodovedecka-fakulta\/upjs-life\/27573\/#primaryimage"},"image":{"@id":"https:\/\/www.upjs.sk\/prirodovedecka-fakulta\/upjs-life\/27573\/#primaryimage"},"thumbnailUrl":"https:\/\/www.upjs.sk\/app\/uploads\/sites\/10\/2022\/09\/education-diploma-certificate-with-wax-seal.jpg","datePublished":"2022-09-07T11:07:33+00:00","dateModified":"2022-09-28T12:00:24+00:00","breadcrumb":{"@id":"https:\/\/www.upjs.sk\/prirodovedecka-fakulta\/upjs-life\/27573\/#breadcrumb"},"inLanguage":"sk-SK","potentialAction":[{"@type":"ReadAction","target":["https:\/\/www.upjs.sk\/prirodovedecka-fakulta\/upjs-life\/27573\/"]}]},{"@type":"ImageObject","inLanguage":"sk-SK","@id":"https:\/\/www.upjs.sk\/prirodovedecka-fakulta\/upjs-life\/27573\/#primaryimage","url":"https:\/\/www.upjs.sk\/app\/uploads\/sites\/10\/2022\/09\/education-diploma-certificate-with-wax-seal.jpg","contentUrl":"https:\/\/www.upjs.sk\/app\/uploads\/sites\/10\/2022\/09\/education-diploma-certificate-with-wax-seal.jpg","width":1000,"height":563,"caption":"27573"},{"@type":"BreadcrumbList","@id":"https:\/\/www.upjs.sk\/prirodovedecka-fakulta\/upjs-life\/27573\/#breadcrumb","itemListElement":[{"@type":"ListItem","position":1,"name":"Home","item":"https:\/\/www.upjs.sk\/prirodovedecka-fakulta\/"},{"@type":"ListItem","position":2,"name":"Zo \u017eivota fakulty","item":"https:\/\/www.upjs.sk\/prirodovedecka-fakulta\/upjs-life\/"},{"@type":"ListItem","position":3,"name":"Udelenie \u010destn\u00fdch titulov \u201eprofesor emeritus\u201c"}]},{"@type":"WebSite","@id":"https:\/\/www.upjs.sk\/prirodovedecka-fakulta\/#website","url":"https:\/\/www.upjs.sk\/prirodovedecka-fakulta\/","name":"Pr\u00edrodovedeck\u00e1 fakulta | UPJ\u0160","description":"","publisher":{"@id":"https:\/\/www.upjs.sk\/prirodovedecka-fakulta\/#organization"},"potentialAction":[{"@type":"SearchAction","target":{"@type":"EntryPoint","urlTemplate":"https:\/\/www.upjs.sk\/prirodovedecka-fakulta\/?s={search_term_string}"},"query-input":{"@type":"PropertyValueSpecification","valueRequired":true,"valueName":"search_term_string"}}],"inLanguage":"sk-SK"},{"@type":"Organization","@id":"https:\/\/www.upjs.sk\/prirodovedecka-fakulta\/#organization","name":"Pr\u00edrodovedeck\u00e1 fakulta | UPJ\u0160","url":"https:\/\/www.upjs.sk\/prirodovedecka-fakulta\/","logo":{"@type":"ImageObject","inLanguage":"sk-SK","@id":"https:\/\/www.upjs.sk\/prirodovedecka-fakulta\/#\/schema\/logo\/image\/","url":"https:\/\/www.upjs.sk\/app\/uploads\/sites\/10\/2022\/09\/logo-prirodovedecka-fakulta.png","contentUrl":"https:\/\/www.upjs.sk\/app\/uploads\/sites\/10\/2022\/09\/logo-prirodovedecka-fakulta.png","width":415,"height":87,"caption":"Pr\u00edrodovedeck\u00e1 fakulta | UPJ\u0160"},"image":{"@id":"https:\/\/www.upjs.sk\/prirodovedecka-fakulta\/#\/schema\/logo\/image\/"}}]}},"_links":{"self":[{"href":"https:\/\/www.upjs.sk\/prirodovedecka-fakulta\/wp-json\/wp\/v2\/cpt_zo-zivota-upjs\/15406","targetHints":{"allow":["GET"]}}],"collection":[{"href":"https:\/\/www.upjs.sk\/prirodovedecka-fakulta\/wp-json\/wp\/v2\/cpt_zo-zivota-upjs"}],"about":[{"href":"https:\/\/www.upjs.sk\/prirodovedecka-fakulta\/wp-json\/wp\/v2\/types\/cpt_zo-zivota-upjs"}],"author":[{"embeddable":true,"href":"https:\/\/www.upjs.sk\/prirodovedecka-fakulta\/wp-json\/wp\/v2\/users\/1"}],"wp:featuredmedia":[{"embeddable":true,"href":"https:\/\/www.upjs.sk\/prirodovedecka-fakulta\/wp-json\/wp\/v2\/media\/15408"}],"wp:attachment":[{"href":"https:\/\/www.upjs.sk\/prirodovedecka-fakulta\/wp-json\/wp\/v2\/media?parent=15406"}],"wp:term":[{"taxonomy":"category","embeddable":true,"href":"https:\/\/www.upjs.sk\/prirodovedecka-fakulta\/wp-json\/wp\/v2\/categories?post=15406"},{"taxonomy":"post_tag","embeddable":true,"href":"https:\/\/www.upjs.sk\/prirodovedecka-fakulta\/wp-json\/wp\/v2\/tags?post=15406"},{"taxonomy":"tax_aktuality","embeddable":true,"href":"https:\/\/www.upjs.sk\/prirodovedecka-fakulta\/wp-json\/wp\/v2\/tax_aktuality?post=15406"}],"curies":[{"name":"wp","href":"https:\/\/api.w.org\/{rel}","templated":true}]}}