{"id":15920,"date":"2021-09-28T15:11:40","date_gmt":"2021-09-28T15:11:40","guid":{"rendered":"https:\/\/www.upjs.sk\/prirodovedecka-fakulta\/upjs-life\/25660\/"},"modified":"2021-09-28T15:11:40","modified_gmt":"2021-09-28T15:11:40","slug":"25660","status":"publish","type":"cpt_zo-zivota-upjs","link":"https:\/\/www.upjs.sk\/prirodovedecka-fakulta\/upjs-life\/25660\/","title":{"rendered":"Dekan fakulty prijal ocenen\u00fdch Cenou dekana 2020"},"content":{"rendered":"<p>Ka\u017edoro\u010dne je Cena dekana tradi\u010dne ude\u013eovan\u00e1 na zhroma\u017eden\u00ed akademickej obce fakulty. Nako\u013eko v marci 2021 z d\u00f4vodu aktu\u00e1lneho stavu pand\u00e9mie COVID 19 sa toto podujatie uskuto\u010dnilo formou online, ocenen\u00fdch osobne prijal dekan fakulty na zasadnut\u00ed kol\u00e9gia dekana d\u0148a <strong>16. septembra 2021<\/strong>. \u00a0<\/p>\n<ul>\n<li>Po pos\u00faden\u00ed v\u00fdsledkov vedeckov\u00fdskumnej \u010dinnosti u\u010dite\u013eov a vedeck\u00fdch zamestnancov PF UPJ\u0160 za rok 2020 bola <a href=\"https:\/\/www.upjs.sk\/public\/media\/24587\/CD_VVC_2020.pdf\" target=\"_blank\" rel=\"noopener\"><strong>Cena dekana za vedeckov\u00fdskumn\u00fa \u010dinnos\u0165<\/strong><\/a> udelen\u00e1<br \/>\n\t<a href=\"https:\/\/www.upjs.sk\/public\/media\/24587\/Gmitra.jpg\" target=\"_blank\" rel=\"noopener\"><strong>RNDr. Martinovi Gmitrovi, PhD.<\/strong><\/a>, \u00daFV PF UPJ\u0160<br \/>\n\t<a href=\"https:\/\/www.upjs.sk\/public\/media\/24587\/Almasi.jpg\" target=\"_blank\" rel=\"noopener\"><strong>RNDr. Miroslavovi Alma\u0161imu, PhD.<\/strong><\/a>, \u00daCHV PF UPJ\u0160<\/li>\n<li>Po pos\u00faden\u00ed v\u00fdsledkov vedeckov\u00fdskumnej \u010dinnosti doktorandov na PF UPJ\u0160 za rok 2020 bola<strong>\u00a0<a href=\"\/public\/media\/24587\/CS_VVC_doktorandi_2020.pdf\" target=\"_blank\" rel=\"noopener\">Cena dekana za vedeckov\u00fdskumn\u00fa \u010dinnos\u0165 doktorandov<\/a>\u00a0<\/strong>udelen\u00e1<br \/>\n\t<a href=\"\/public\/media\/24587\/Hovan.jpg\" target=\"_blank\" rel=\"noopener\"><strong>Mgr. Andrejovi Hovanovi, PhD.<\/strong> <\/a>&#8211; \u00daFV PF UPJ\u0160<br \/>\n\t<a href=\"\/public\/media\/24587\/Sasak.jpg\" target=\"_blank\" rel=\"noopener\"><strong>Mgr. J\u00e1novi \u0160a\u0161akovi<\/strong><\/a>\u00a0&#8211; \u00daGE PF UPJ\u0160<br \/>\n\t<a href=\"\/public\/media\/24587\/Timkova.jpg\" target=\"_blank\" rel=\"noopener\"><strong>RNDr. Ivane\u00a0Timkovej<\/strong><\/a>\u00a0\u2013 \u00daBEV PF UPJ\u0160<\/li>\n<li>Na z\u00e1klade n\u00e1vrhov riadite\u013eov \u00fastavov bola <strong><a href=\"\/public\/media\/24587\/CD_Pedag_2020.pdf\" target=\"_blank\" rel=\"noopener\">Cena dekana za pedagogick\u00fa \u010dinnos\u0165<\/a><\/strong> udelen\u00e1<br \/>\n\t<a href=\"\/public\/media\/24587\/Strecka.jpg\" target=\"_blank\" rel=\"noopener\"><strong>doc. RNDr. Jozefovi Stre\u010dkovi, PhD.<\/strong><\/a>, \u00daFV PF UPJ\u0160<br \/>\n\t<a href=\"\/public\/media\/24587\/Potocnak.jpg\" target=\"_blank\" rel=\"noopener\"><strong>doc. RNDr. Ivanovi Poto\u010d\u0148\u00e1kovi, PhD<\/strong>.<\/a>, \u00daCHV PF UPJ\u0160\u00a0\u00a0 \u00a0<br \/>\n\t<a href=\"\/public\/media\/24587\/Macekova.jpg\" target=\"_blank\" rel=\"noopener\"><strong>RNDr. M\u00e1rii\u00a0Macekovej, PhD<\/strong>.<\/a>, \u00daMV PF UPJ\u0160<\/li>\n<li>Na z\u00e1klade n\u00e1vrhov \u010dlenov vedenia fakulty bola <strong><a href=\"\/public\/media\/24587\/CD_rozvoj_2020.pdf\" target=\"_blank\" rel=\"noopener\">Cena dekana za rozvoj fakulty<\/a><\/strong> udelen\u00e1<br \/>\n\t<strong><a href=\"\/public\/media\/24587\/Panigaj.jpg\" target=\"_blank\" rel=\"noopener\">doc. RNDr. \u013dubom\u00edrovi Panigajovi, CSc<\/a>.<\/strong> \u00daBEV PF UPJ\u0160<br \/>\n\t<a href=\"\/public\/media\/24587\/Kuzma.jpg\" target=\"_blank\" rel=\"noopener\"><strong>Ing. Mironovi Kuzmovi, PhD.<\/strong><\/a>, CAI<br \/>\n\t<a href=\"\/public\/media\/24587\/Serbin.jpg\" target=\"_blank\" rel=\"noopener\"><strong>RNDr. Rastislavovi Serbinovi, CSc<\/strong><\/a>., \u00daCHV PF UPJ\u0160<\/li>\n<\/ul>\n<p>Srde\u010dne gratulujeme!<\/p>\n","protected":false},"excerpt":{"rendered":"<p>Nako\u013eko sa v marci 2021, z d\u00f4vodu aktu\u00e1lneho stavu pand\u00e9mie COVID 19, konalo stretnutie akademickej obce fakulty formou online, ocenen\u00fdch Cenou dekana 2020 prijal dekan a\u017e na zasadnut\u00ed kol\u00e9gia PF UPJ\u0160 d\u0148a <span style=\"color:#c0392b\">16. septembra 2021<\/span>. \u00a0<\/p>\n","protected":false},"author":1,"featured_media":15921,"menu_order":0,"template":"","meta":{"_acf_changed":false,"_editorskit_title_hidden":false,"_editorskit_reading_time":0,"_editorskit_is_block_options_detached":false,"_editorskit_block_options_position":"{}"},"categories":[],"tags":[],"tax_aktuality":[],"class_list":["post-15920","cpt_zo-zivota-upjs","type-cpt_zo-zivota-upjs","status-publish","has-post-thumbnail","hentry"],"acf":{"acf_link_na_externy_obsah":""},"yoast_head":"<!-- This site is optimized with the Yoast SEO plugin v27.4 - https:\/\/yoast.com\/product\/yoast-seo-wordpress\/ -->\n<title>Dekan fakulty prijal ocenen\u00fdch Cenou dekana 2020 - Pr\u00edrodovedeck\u00e1 fakulta | UPJ\u0160<\/title>\n<meta name=\"robots\" content=\"index, follow, max-snippet:-1, max-image-preview:large, max-video-preview:-1\" \/>\n<link rel=\"canonical\" href=\"https:\/\/www.upjs.sk\/prirodovedecka-fakulta\/upjs-life\/25660\/\" \/>\n<meta property=\"og:locale\" content=\"sk_SK\" \/>\n<meta property=\"og:type\" content=\"article\" \/>\n<meta property=\"og:title\" content=\"Dekan fakulty prijal ocenen\u00fdch Cenou dekana 2020 - Pr\u00edrodovedeck\u00e1 fakulta | UPJ\u0160\" \/>\n<meta property=\"og:description\" content=\"Nako\u013eko sa v marci 2021, z d\u00f4vodu aktu\u00e1lneho stavu pand\u00e9mie COVID 19, konalo stretnutie akademickej obce fakulty formou online, ocenen\u00fdch Cenou dekana 2020 prijal dekan a\u017e na zasadnut\u00ed kol\u00e9gia PF UPJ\u0160 d\u0148a 16. septembra 2021. \u00a0\" \/>\n<meta property=\"og:url\" content=\"https:\/\/www.upjs.sk\/prirodovedecka-fakulta\/upjs-life\/25660\/\" \/>\n<meta property=\"og:site_name\" content=\"Pr\u00edrodovedeck\u00e1 fakulta | UPJ\u0160\" \/>\n<meta property=\"og:image\" content=\"https:\/\/www.upjs.sk\/app\/uploads\/sites\/10\/2022\/09\/DSCF6046zmensena.jpg\" \/>\n\t<meta property=\"og:image:width\" content=\"666\" \/>\n\t<meta property=\"og:image:height\" content=\"1000\" \/>\n\t<meta property=\"og:image:type\" content=\"image\/jpeg\" \/>\n<meta name=\"twitter:card\" content=\"summary_large_image\" \/>\n<meta name=\"twitter:label1\" content=\"Predpokladan\u00fd \u010das \u010d\u00edtania\" \/>\n\t<meta name=\"twitter:data1\" content=\"1 min\u00fata\" \/>\n<script type=\"application\/ld+json\" class=\"yoast-schema-graph\">{\"@context\":\"https:\\\/\\\/schema.org\",\"@graph\":[{\"@type\":\"WebPage\",\"@id\":\"https:\\\/\\\/www.upjs.sk\\\/prirodovedecka-fakulta\\\/upjs-life\\\/25660\\\/\",\"url\":\"https:\\\/\\\/www.upjs.sk\\\/prirodovedecka-fakulta\\\/upjs-life\\\/25660\\\/\",\"name\":\"Dekan fakulty prijal ocenen\u00fdch Cenou dekana 2020 - Pr\u00edrodovedeck\u00e1 fakulta | UPJ\u0160\",\"isPartOf\":{\"@id\":\"https:\\\/\\\/www.upjs.sk\\\/prirodovedecka-fakulta\\\/#website\"},\"primaryImageOfPage\":{\"@id\":\"https:\\\/\\\/www.upjs.sk\\\/prirodovedecka-fakulta\\\/upjs-life\\\/25660\\\/#primaryimage\"},\"image\":{\"@id\":\"https:\\\/\\\/www.upjs.sk\\\/prirodovedecka-fakulta\\\/upjs-life\\\/25660\\\/#primaryimage\"},\"thumbnailUrl\":\"https:\\\/\\\/www.upjs.sk\\\/app\\\/uploads\\\/sites\\\/10\\\/2022\\\/09\\\/DSCF6046zmensena.jpg\",\"datePublished\":\"2021-09-28T15:11:40+00:00\",\"breadcrumb\":{\"@id\":\"https:\\\/\\\/www.upjs.sk\\\/prirodovedecka-fakulta\\\/upjs-life\\\/25660\\\/#breadcrumb\"},\"inLanguage\":\"sk-SK\",\"potentialAction\":[{\"@type\":\"ReadAction\",\"target\":[\"https:\\\/\\\/www.upjs.sk\\\/prirodovedecka-fakulta\\\/upjs-life\\\/25660\\\/\"]}]},{\"@type\":\"ImageObject\",\"inLanguage\":\"sk-SK\",\"@id\":\"https:\\\/\\\/www.upjs.sk\\\/prirodovedecka-fakulta\\\/upjs-life\\\/25660\\\/#primaryimage\",\"url\":\"https:\\\/\\\/www.upjs.sk\\\/app\\\/uploads\\\/sites\\\/10\\\/2022\\\/09\\\/DSCF6046zmensena.jpg\",\"contentUrl\":\"https:\\\/\\\/www.upjs.sk\\\/app\\\/uploads\\\/sites\\\/10\\\/2022\\\/09\\\/DSCF6046zmensena.jpg\",\"width\":666,\"height\":1000,\"caption\":\"25660\"},{\"@type\":\"BreadcrumbList\",\"@id\":\"https:\\\/\\\/www.upjs.sk\\\/prirodovedecka-fakulta\\\/upjs-life\\\/25660\\\/#breadcrumb\",\"itemListElement\":[{\"@type\":\"ListItem\",\"position\":1,\"name\":\"Home\",\"item\":\"https:\\\/\\\/www.upjs.sk\\\/prirodovedecka-fakulta\\\/\"},{\"@type\":\"ListItem\",\"position\":2,\"name\":\"Zo \u017eivota fakulty\",\"item\":\"https:\\\/\\\/www.upjs.sk\\\/prirodovedecka-fakulta\\\/upjs-life\\\/\"},{\"@type\":\"ListItem\",\"position\":3,\"name\":\"Dekan fakulty prijal ocenen\u00fdch Cenou dekana 2020\"}]},{\"@type\":\"WebSite\",\"@id\":\"https:\\\/\\\/www.upjs.sk\\\/prirodovedecka-fakulta\\\/#website\",\"url\":\"https:\\\/\\\/www.upjs.sk\\\/prirodovedecka-fakulta\\\/\",\"name\":\"Pr\u00edrodovedeck\u00e1 fakulta | UPJ\u0160\",\"description\":\"\",\"publisher\":{\"@id\":\"https:\\\/\\\/www.upjs.sk\\\/prirodovedecka-fakulta\\\/#organization\"},\"potentialAction\":[{\"@type\":\"SearchAction\",\"target\":{\"@type\":\"EntryPoint\",\"urlTemplate\":\"https:\\\/\\\/www.upjs.sk\\\/prirodovedecka-fakulta\\\/?s={search_term_string}\"},\"query-input\":{\"@type\":\"PropertyValueSpecification\",\"valueRequired\":true,\"valueName\":\"search_term_string\"}}],\"inLanguage\":\"sk-SK\"},{\"@type\":\"Organization\",\"@id\":\"https:\\\/\\\/www.upjs.sk\\\/prirodovedecka-fakulta\\\/#organization\",\"name\":\"Pr\u00edrodovedeck\u00e1 fakulta | UPJ\u0160\",\"url\":\"https:\\\/\\\/www.upjs.sk\\\/prirodovedecka-fakulta\\\/\",\"logo\":{\"@type\":\"ImageObject\",\"inLanguage\":\"sk-SK\",\"@id\":\"https:\\\/\\\/www.upjs.sk\\\/prirodovedecka-fakulta\\\/#\\\/schema\\\/logo\\\/image\\\/\",\"url\":\"https:\\\/\\\/www.upjs.sk\\\/app\\\/uploads\\\/sites\\\/10\\\/2022\\\/09\\\/logo-prirodovedecka-fakulta.png\",\"contentUrl\":\"https:\\\/\\\/www.upjs.sk\\\/app\\\/uploads\\\/sites\\\/10\\\/2022\\\/09\\\/logo-prirodovedecka-fakulta.png\",\"width\":415,\"height\":87,\"caption\":\"Pr\u00edrodovedeck\u00e1 fakulta | UPJ\u0160\"},\"image\":{\"@id\":\"https:\\\/\\\/www.upjs.sk\\\/prirodovedecka-fakulta\\\/#\\\/schema\\\/logo\\\/image\\\/\"}}]}<\/script>\n<!-- \/ Yoast SEO plugin. -->","yoast_head_json":{"title":"Dekan fakulty prijal ocenen\u00fdch Cenou dekana 2020 - Pr\u00edrodovedeck\u00e1 fakulta | UPJ\u0160","robots":{"index":"index","follow":"follow","max-snippet":"max-snippet:-1","max-image-preview":"max-image-preview:large","max-video-preview":"max-video-preview:-1"},"canonical":"https:\/\/www.upjs.sk\/prirodovedecka-fakulta\/upjs-life\/25660\/","og_locale":"sk_SK","og_type":"article","og_title":"Dekan fakulty prijal ocenen\u00fdch Cenou dekana 2020 - Pr\u00edrodovedeck\u00e1 fakulta | UPJ\u0160","og_description":"Nako\u013eko sa v marci 2021, z d\u00f4vodu aktu\u00e1lneho stavu pand\u00e9mie COVID 19, konalo stretnutie akademickej obce fakulty formou online, ocenen\u00fdch Cenou dekana 2020 prijal dekan a\u017e na zasadnut\u00ed kol\u00e9gia PF UPJ\u0160 d\u0148a 16. septembra 2021. \u00a0","og_url":"https:\/\/www.upjs.sk\/prirodovedecka-fakulta\/upjs-life\/25660\/","og_site_name":"Pr\u00edrodovedeck\u00e1 fakulta | UPJ\u0160","og_image":[{"width":666,"height":1000,"url":"https:\/\/www.upjs.sk\/app\/uploads\/sites\/10\/2022\/09\/DSCF6046zmensena.jpg","type":"image\/jpeg"}],"twitter_card":"summary_large_image","twitter_misc":{"Predpokladan\u00fd \u010das \u010d\u00edtania":"1 min\u00fata"},"schema":{"@context":"https:\/\/schema.org","@graph":[{"@type":"WebPage","@id":"https:\/\/www.upjs.sk\/prirodovedecka-fakulta\/upjs-life\/25660\/","url":"https:\/\/www.upjs.sk\/prirodovedecka-fakulta\/upjs-life\/25660\/","name":"Dekan fakulty prijal ocenen\u00fdch Cenou dekana 2020 - Pr\u00edrodovedeck\u00e1 fakulta | UPJ\u0160","isPartOf":{"@id":"https:\/\/www.upjs.sk\/prirodovedecka-fakulta\/#website"},"primaryImageOfPage":{"@id":"https:\/\/www.upjs.sk\/prirodovedecka-fakulta\/upjs-life\/25660\/#primaryimage"},"image":{"@id":"https:\/\/www.upjs.sk\/prirodovedecka-fakulta\/upjs-life\/25660\/#primaryimage"},"thumbnailUrl":"https:\/\/www.upjs.sk\/app\/uploads\/sites\/10\/2022\/09\/DSCF6046zmensena.jpg","datePublished":"2021-09-28T15:11:40+00:00","breadcrumb":{"@id":"https:\/\/www.upjs.sk\/prirodovedecka-fakulta\/upjs-life\/25660\/#breadcrumb"},"inLanguage":"sk-SK","potentialAction":[{"@type":"ReadAction","target":["https:\/\/www.upjs.sk\/prirodovedecka-fakulta\/upjs-life\/25660\/"]}]},{"@type":"ImageObject","inLanguage":"sk-SK","@id":"https:\/\/www.upjs.sk\/prirodovedecka-fakulta\/upjs-life\/25660\/#primaryimage","url":"https:\/\/www.upjs.sk\/app\/uploads\/sites\/10\/2022\/09\/DSCF6046zmensena.jpg","contentUrl":"https:\/\/www.upjs.sk\/app\/uploads\/sites\/10\/2022\/09\/DSCF6046zmensena.jpg","width":666,"height":1000,"caption":"25660"},{"@type":"BreadcrumbList","@id":"https:\/\/www.upjs.sk\/prirodovedecka-fakulta\/upjs-life\/25660\/#breadcrumb","itemListElement":[{"@type":"ListItem","position":1,"name":"Home","item":"https:\/\/www.upjs.sk\/prirodovedecka-fakulta\/"},{"@type":"ListItem","position":2,"name":"Zo \u017eivota fakulty","item":"https:\/\/www.upjs.sk\/prirodovedecka-fakulta\/upjs-life\/"},{"@type":"ListItem","position":3,"name":"Dekan fakulty prijal ocenen\u00fdch Cenou dekana 2020"}]},{"@type":"WebSite","@id":"https:\/\/www.upjs.sk\/prirodovedecka-fakulta\/#website","url":"https:\/\/www.upjs.sk\/prirodovedecka-fakulta\/","name":"Pr\u00edrodovedeck\u00e1 fakulta | UPJ\u0160","description":"","publisher":{"@id":"https:\/\/www.upjs.sk\/prirodovedecka-fakulta\/#organization"},"potentialAction":[{"@type":"SearchAction","target":{"@type":"EntryPoint","urlTemplate":"https:\/\/www.upjs.sk\/prirodovedecka-fakulta\/?s={search_term_string}"},"query-input":{"@type":"PropertyValueSpecification","valueRequired":true,"valueName":"search_term_string"}}],"inLanguage":"sk-SK"},{"@type":"Organization","@id":"https:\/\/www.upjs.sk\/prirodovedecka-fakulta\/#organization","name":"Pr\u00edrodovedeck\u00e1 fakulta | UPJ\u0160","url":"https:\/\/www.upjs.sk\/prirodovedecka-fakulta\/","logo":{"@type":"ImageObject","inLanguage":"sk-SK","@id":"https:\/\/www.upjs.sk\/prirodovedecka-fakulta\/#\/schema\/logo\/image\/","url":"https:\/\/www.upjs.sk\/app\/uploads\/sites\/10\/2022\/09\/logo-prirodovedecka-fakulta.png","contentUrl":"https:\/\/www.upjs.sk\/app\/uploads\/sites\/10\/2022\/09\/logo-prirodovedecka-fakulta.png","width":415,"height":87,"caption":"Pr\u00edrodovedeck\u00e1 fakulta | UPJ\u0160"},"image":{"@id":"https:\/\/www.upjs.sk\/prirodovedecka-fakulta\/#\/schema\/logo\/image\/"}}]}},"_links":{"self":[{"href":"https:\/\/www.upjs.sk\/prirodovedecka-fakulta\/wp-json\/wp\/v2\/cpt_zo-zivota-upjs\/15920","targetHints":{"allow":["GET"]}}],"collection":[{"href":"https:\/\/www.upjs.sk\/prirodovedecka-fakulta\/wp-json\/wp\/v2\/cpt_zo-zivota-upjs"}],"about":[{"href":"https:\/\/www.upjs.sk\/prirodovedecka-fakulta\/wp-json\/wp\/v2\/types\/cpt_zo-zivota-upjs"}],"author":[{"embeddable":true,"href":"https:\/\/www.upjs.sk\/prirodovedecka-fakulta\/wp-json\/wp\/v2\/users\/1"}],"wp:featuredmedia":[{"embeddable":true,"href":"https:\/\/www.upjs.sk\/prirodovedecka-fakulta\/wp-json\/wp\/v2\/media\/15921"}],"wp:attachment":[{"href":"https:\/\/www.upjs.sk\/prirodovedecka-fakulta\/wp-json\/wp\/v2\/media?parent=15920"}],"wp:term":[{"taxonomy":"category","embeddable":true,"href":"https:\/\/www.upjs.sk\/prirodovedecka-fakulta\/wp-json\/wp\/v2\/categories?post=15920"},{"taxonomy":"post_tag","embeddable":true,"href":"https:\/\/www.upjs.sk\/prirodovedecka-fakulta\/wp-json\/wp\/v2\/tags?post=15920"},{"taxonomy":"tax_aktuality","embeddable":true,"href":"https:\/\/www.upjs.sk\/prirodovedecka-fakulta\/wp-json\/wp\/v2\/tax_aktuality?post=15920"}],"curies":[{"name":"wp","href":"https:\/\/api.w.org\/{rel}","templated":true}]}}