{"id":16052,"date":"2020-09-18T14:09:28","date_gmt":"2020-09-18T14:09:28","guid":{"rendered":"https:\/\/www.upjs.sk\/prirodovedecka-fakulta\/upjs-life\/23606\/"},"modified":"2024-04-17T15:26:39","modified_gmt":"2024-04-17T14:26:39","slug":"23606","status":"publish","type":"cpt_zo-zivota-upjs","link":"https:\/\/www.upjs.sk\/prirodovedecka-fakulta\/upjs-life\/23606\/","title":{"rendered":"Cena dekana 2019"},"content":{"rendered":"\n<p class=\"has-text-align-justify\">Na zhroma\u017edeniach akademickej obce Pr\u00edrodovedeckej fakulty je tradi\u010dne ude\u013eovan\u00e1 Cena dekana za uplynul\u00fd kalend\u00e1rny rok v&nbsp;kateg\u00f3ri\u00e1ch <strong>pedagogick\u00e1 \u010dinnos\u0165<\/strong> a <strong>vedeckov\u00fdskumn\u00e1 \u010dinnos\u0165<\/strong>, ku ktor\u00fdm v&nbsp;roku 2016 pribudla kateg\u00f3ria <strong>Cena za rozvoj fakulty<\/strong>.&nbsp;<\/p>\n\n\n\n<p class=\"has-text-align-justify\">I&nbsp;ke\u010f tohtoro\u010dn\u00e9 zhroma\u017edenie, z d\u00f4vodu n\u00fadzov\u00e9ho stavu sp\u00f4soben\u00e9ho pand\u00e9miou COVID 19, sa v p\u00f4vodne pl\u00e1novanom marcovom term\u00edne a&nbsp;z&nbsp;opakovan\u00fdch d\u00f4vodov ani v&nbsp;presunutom septembrovom term\u00edne uskuto\u010dni\u0165 nemohlo, <strong>Cena dekana <\/strong>ude\u013eovan\u00e1 za mimoriadne v\u00fdsledky dosiahnut\u00e9 v&nbsp;jednotliv\u00fdch oblastiach \u010dinnosti fakulty <strong>bola odovzdan\u00e1 na zasadnut\u00ed kol\u00e9gia dekana<\/strong> konanom d\u0148a <strong>16. septembra 2020<\/strong> t\u00fdmto zamestnancom a&nbsp;doktorandom na\u0161ej fakulty:<\/p>\n\n\n\n<h4 class=\"wp-block-heading\"><a href=\"\/public\/media\/23606\/cenaPedag.pptx\"><strong>Cena dekana za pedagogick\u00fa \u010dinnos\u0165<\/strong><\/a><\/h4>\n\n\n\n<p><strong>doc. RNDr. Rudolf G\u00e1lis, PhD<\/strong>. &#8211; Katedra teoretickej fyziky a&nbsp;astrofyziky, \u00dastav fyzik\u00e1lnych vied&nbsp;<br><strong>PaedDr. J\u00e1n Guni\u0161, PhD.<\/strong> &#8211; Oddelenie didaktiky a&nbsp;podporn\u00fdch technol\u00f3gi\u00ed, \u00dastav informatiky&nbsp;<br><strong>RNDr. Ingrid Semani\u0161inov\u00e1, PhD<\/strong>. &#8211; Oddelenie didaktiky matematiky, \u00dastav matematick\u00fdch vied<\/p>\n\n\n\n<h4 class=\"wp-block-heading\"><a href=\"\/public\/media\/23606\/cenaVV.pptx\" target=\"_blank\" rel=\"noopener\"><strong>Cena dekana za vedeckov\u00fdskumn\u00fa \u010dinnos\u0165<\/strong><\/a><\/h4>\n\n\n\n<p><strong>doc. RNDr. Erik \u010ci\u017em\u00e1r, PhD<\/strong>. &#8211; Katedra fyziky kondenzovan\u00fdch l\u00e1tok, \u00dastav fyzik\u00e1lnych vied<br><strong>RNDr. Daniel Klein, PhD.<\/strong> &#8211; Oddelenie ekonomickej a&nbsp;finan\u010dnej matematiky, \u00dastav matematick\u00fdch vied<br><strong>RNDr. Igor Majl\u00e1th, PhD<\/strong>. &#8211; Katedra fyziol\u00f3gie \u017eivo\u010d\u00edchov, \u00dastav biologick\u00fdch a&nbsp;ekologick\u00fdch vied&nbsp;<\/p>\n\n\n\n<h4 class=\"wp-block-heading\"><a href=\"\/public\/media\/23606\/cenaVVdoktorand.pptx\" target=\"_blank\" rel=\"noopener\"><strong>Cena dekana za vedeckov\u00fdskumn\u00fa \u010dinnos\u0165 doktorandov<\/strong><\/a><\/h4>\n\n\n\n<p><strong>Mgr. Pavol Gajdo\u0161<\/strong> &#8211; Katedra teoretickej fyziky a&nbsp;astrofyziky<strong>, <\/strong>\u00dastav fyzik\u00e1lnych vied &nbsp;<br><strong>RNDr. Jana Hovancov\u00e1<\/strong> &#8211; Katedra fyzik\u00e1lnej ch\u00e9mie<strong>, <\/strong>\u00dastav chemick\u00fdch vied<br><strong>RNDr. Anton Hovana<\/strong> &#8211; Oddelenie matematickej anal\u00fdzy, \u00dastav matematick\u00fdch vied<\/p>\n\n\n\n<h4 class=\"wp-block-heading\"><a href=\"\/public\/media\/23606\/cenarozvoj.pptx\" target=\"_blank\" rel=\"noopener\"><strong>Cena dekana za rozvoj fakulty<\/strong><\/a><\/h4>\n\n\n\n<p><strong>prof. RNDr. Juraj \u010cern\u00e1k, DrSc<\/strong>. &#8211; Katedra anorganickej ch\u00e9mie, \u00dastav chemick\u00fdch vied<br><strong>prof. RNDr. Peter Fedoro\u010dko, CSc.<\/strong> &#8211; Laborat\u00f3rium molekul\u00e1rno-biologickej diagnostiky, \u00dastav biologick\u00fdch a&nbsp;ekologick\u00fdch vied<br><strong>RNDr. Pavel Mur\u00edn, CSc<\/strong>. &#8211; Katedra jadrovej a&nbsp;subjadrovej fyziky<strong>, <\/strong>\u00dastav fyzik\u00e1lnych vied&nbsp;<\/p>\n\n\n\n<p><strong><em>Ocenen\u00fdm srde\u010dne gratulujeme! <\/em><\/strong><\/p>\n\n\n\n<p><strong><em>&nbsp;&nbsp;&nbsp;&nbsp;&nbsp;&nbsp;&nbsp;&nbsp;&nbsp;&nbsp;&nbsp;&nbsp;&nbsp;&nbsp;&nbsp;&nbsp;&nbsp;&nbsp;&nbsp;&nbsp;&nbsp;&nbsp;&nbsp;&nbsp;&nbsp;&nbsp;&nbsp;&nbsp;&nbsp;&nbsp;&nbsp;&nbsp;&nbsp;&nbsp;&nbsp;&nbsp;&nbsp;&nbsp;&nbsp;&nbsp;&nbsp;&nbsp;&nbsp;&nbsp;&nbsp;&nbsp;&nbsp;&nbsp;&nbsp;&nbsp;&nbsp;&nbsp;&nbsp;&nbsp;&nbsp;&nbsp;&nbsp;&nbsp;&nbsp;&nbsp;&nbsp;&nbsp;&nbsp;&nbsp;&nbsp;&nbsp;&nbsp;&nbsp;&nbsp;&nbsp;&nbsp;&nbsp;&nbsp;&nbsp;&nbsp;&nbsp;&nbsp;&nbsp;&nbsp;&nbsp;&nbsp;&nbsp;&nbsp;&nbsp;&nbsp;&nbsp;&nbsp;&nbsp;&nbsp;&nbsp;&nbsp; Vedenie PF UPJ\u0160 <\/em><\/strong><\/p>\n","protected":false},"excerpt":{"rendered":"<p style=\"text-align: justify;\"><strong><span style=\"color:#A52A2A\">Cena dekana<\/span>,<\/strong> ktor\u00e1 je ude\u013eovan\u00e1 za mimoriadne v\u00fdsledky dosiahnut\u00e9 v\u00a0kateg\u00f3ri\u00e1ch <span style=\"color:#A52A2A\"><strong>pedagogick\u00e1 \u010dinnos\u0165, vedeckov\u00fdskumn\u00e1 \u010dinnos\u0165<\/strong><\/span> a\u00a0<span style=\"color:#A52A2A\"><strong>rozvoj fakulty<\/strong><\/span> bola udelen\u00e1 t\u00fdmto zamestnancom a\u00a0doktorandom na\u0161ej fakulty<\/p>\n","protected":false},"author":1,"featured_media":69030,"menu_order":0,"template":"","meta":{"_acf_changed":false,"_editorskit_title_hidden":false,"_editorskit_reading_time":0,"_editorskit_is_block_options_detached":false,"_editorskit_block_options_position":"{}"},"categories":[940],"tags":[],"tax_aktuality":[],"class_list":["post-16052","cpt_zo-zivota-upjs","type-cpt_zo-zivota-upjs","status-publish","has-post-thumbnail","hentry","category-cena-dekana"],"acf":{"acf_link_na_externy_obsah":""},"yoast_head":"<!-- This site is optimized with the Yoast SEO plugin v27.4 - https:\/\/yoast.com\/product\/yoast-seo-wordpress\/ -->\n<title>Cena dekana 2019 - Pr\u00edrodovedeck\u00e1 fakulta | UPJ\u0160<\/title>\n<meta name=\"robots\" content=\"index, follow, max-snippet:-1, max-image-preview:large, max-video-preview:-1\" \/>\n<link rel=\"canonical\" href=\"https:\/\/www.upjs.sk\/prirodovedecka-fakulta\/upjs-life\/23606\/\" \/>\n<meta property=\"og:locale\" content=\"sk_SK\" \/>\n<meta property=\"og:type\" content=\"article\" \/>\n<meta property=\"og:title\" content=\"Cena dekana 2019 - Pr\u00edrodovedeck\u00e1 fakulta | UPJ\u0160\" \/>\n<meta property=\"og:description\" content=\"Cena dekana, ktor\u00e1 je ude\u013eovan\u00e1 za mimoriadne v\u00fdsledky dosiahnut\u00e9 v\u00a0kateg\u00f3ri\u00e1ch pedagogick\u00e1 \u010dinnos\u0165, vedeckov\u00fdskumn\u00e1 \u010dinnos\u0165 a\u00a0rozvoj fakulty bola udelen\u00e1 t\u00fdmto zamestnancom a\u00a0doktorandom na\u0161ej fakulty\" \/>\n<meta property=\"og:url\" content=\"https:\/\/www.upjs.sk\/prirodovedecka-fakulta\/upjs-life\/23606\/\" \/>\n<meta property=\"og:site_name\" content=\"Pr\u00edrodovedeck\u00e1 fakulta | UPJ\u0160\" \/>\n<meta property=\"article:modified_time\" content=\"2024-04-17T14:26:39+00:00\" \/>\n<meta property=\"og:image\" content=\"https:\/\/www.upjs.sk\/app\/uploads\/sites\/10\/2020\/09\/ilob-CenaDekana-2019.png\" \/>\n\t<meta property=\"og:image:width\" content=\"600\" \/>\n\t<meta property=\"og:image:height\" content=\"420\" \/>\n\t<meta property=\"og:image:type\" content=\"image\/png\" \/>\n<meta name=\"twitter:card\" content=\"summary_large_image\" \/>\n<meta name=\"twitter:label1\" content=\"Predpokladan\u00fd \u010das \u010d\u00edtania\" \/>\n\t<meta name=\"twitter:data1\" content=\"2 min\u00faty\" \/>\n<script type=\"application\/ld+json\" class=\"yoast-schema-graph\">{\"@context\":\"https:\\\/\\\/schema.org\",\"@graph\":[{\"@type\":\"WebPage\",\"@id\":\"https:\\\/\\\/www.upjs.sk\\\/prirodovedecka-fakulta\\\/upjs-life\\\/23606\\\/\",\"url\":\"https:\\\/\\\/www.upjs.sk\\\/prirodovedecka-fakulta\\\/upjs-life\\\/23606\\\/\",\"name\":\"Cena dekana 2019 - Pr\u00edrodovedeck\u00e1 fakulta | UPJ\u0160\",\"isPartOf\":{\"@id\":\"https:\\\/\\\/www.upjs.sk\\\/prirodovedecka-fakulta\\\/#website\"},\"primaryImageOfPage\":{\"@id\":\"https:\\\/\\\/www.upjs.sk\\\/prirodovedecka-fakulta\\\/upjs-life\\\/23606\\\/#primaryimage\"},\"image\":{\"@id\":\"https:\\\/\\\/www.upjs.sk\\\/prirodovedecka-fakulta\\\/upjs-life\\\/23606\\\/#primaryimage\"},\"thumbnailUrl\":\"https:\\\/\\\/www.upjs.sk\\\/app\\\/uploads\\\/sites\\\/10\\\/2020\\\/09\\\/ilob-CenaDekana-2019.png\",\"datePublished\":\"2020-09-18T14:09:28+00:00\",\"dateModified\":\"2024-04-17T14:26:39+00:00\",\"breadcrumb\":{\"@id\":\"https:\\\/\\\/www.upjs.sk\\\/prirodovedecka-fakulta\\\/upjs-life\\\/23606\\\/#breadcrumb\"},\"inLanguage\":\"sk-SK\",\"potentialAction\":[{\"@type\":\"ReadAction\",\"target\":[\"https:\\\/\\\/www.upjs.sk\\\/prirodovedecka-fakulta\\\/upjs-life\\\/23606\\\/\"]}]},{\"@type\":\"ImageObject\",\"inLanguage\":\"sk-SK\",\"@id\":\"https:\\\/\\\/www.upjs.sk\\\/prirodovedecka-fakulta\\\/upjs-life\\\/23606\\\/#primaryimage\",\"url\":\"https:\\\/\\\/www.upjs.sk\\\/app\\\/uploads\\\/sites\\\/10\\\/2020\\\/09\\\/ilob-CenaDekana-2019.png\",\"contentUrl\":\"https:\\\/\\\/www.upjs.sk\\\/app\\\/uploads\\\/sites\\\/10\\\/2020\\\/09\\\/ilob-CenaDekana-2019.png\",\"width\":600,\"height\":420},{\"@type\":\"BreadcrumbList\",\"@id\":\"https:\\\/\\\/www.upjs.sk\\\/prirodovedecka-fakulta\\\/upjs-life\\\/23606\\\/#breadcrumb\",\"itemListElement\":[{\"@type\":\"ListItem\",\"position\":1,\"name\":\"Home\",\"item\":\"https:\\\/\\\/www.upjs.sk\\\/prirodovedecka-fakulta\\\/\"},{\"@type\":\"ListItem\",\"position\":2,\"name\":\"Zo \u017eivota fakulty\",\"item\":\"https:\\\/\\\/www.upjs.sk\\\/prirodovedecka-fakulta\\\/upjs-life\\\/\"},{\"@type\":\"ListItem\",\"position\":3,\"name\":\"Cena dekana 2019\"}]},{\"@type\":\"WebSite\",\"@id\":\"https:\\\/\\\/www.upjs.sk\\\/prirodovedecka-fakulta\\\/#website\",\"url\":\"https:\\\/\\\/www.upjs.sk\\\/prirodovedecka-fakulta\\\/\",\"name\":\"Pr\u00edrodovedeck\u00e1 fakulta | UPJ\u0160\",\"description\":\"\",\"publisher\":{\"@id\":\"https:\\\/\\\/www.upjs.sk\\\/prirodovedecka-fakulta\\\/#organization\"},\"potentialAction\":[{\"@type\":\"SearchAction\",\"target\":{\"@type\":\"EntryPoint\",\"urlTemplate\":\"https:\\\/\\\/www.upjs.sk\\\/prirodovedecka-fakulta\\\/?s={search_term_string}\"},\"query-input\":{\"@type\":\"PropertyValueSpecification\",\"valueRequired\":true,\"valueName\":\"search_term_string\"}}],\"inLanguage\":\"sk-SK\"},{\"@type\":\"Organization\",\"@id\":\"https:\\\/\\\/www.upjs.sk\\\/prirodovedecka-fakulta\\\/#organization\",\"name\":\"Pr\u00edrodovedeck\u00e1 fakulta | UPJ\u0160\",\"url\":\"https:\\\/\\\/www.upjs.sk\\\/prirodovedecka-fakulta\\\/\",\"logo\":{\"@type\":\"ImageObject\",\"inLanguage\":\"sk-SK\",\"@id\":\"https:\\\/\\\/www.upjs.sk\\\/prirodovedecka-fakulta\\\/#\\\/schema\\\/logo\\\/image\\\/\",\"url\":\"https:\\\/\\\/www.upjs.sk\\\/app\\\/uploads\\\/sites\\\/10\\\/2022\\\/09\\\/logo-prirodovedecka-fakulta.png\",\"contentUrl\":\"https:\\\/\\\/www.upjs.sk\\\/app\\\/uploads\\\/sites\\\/10\\\/2022\\\/09\\\/logo-prirodovedecka-fakulta.png\",\"width\":415,\"height\":87,\"caption\":\"Pr\u00edrodovedeck\u00e1 fakulta | UPJ\u0160\"},\"image\":{\"@id\":\"https:\\\/\\\/www.upjs.sk\\\/prirodovedecka-fakulta\\\/#\\\/schema\\\/logo\\\/image\\\/\"}}]}<\/script>\n<!-- \/ Yoast SEO plugin. -->","yoast_head_json":{"title":"Cena dekana 2019 - Pr\u00edrodovedeck\u00e1 fakulta | UPJ\u0160","robots":{"index":"index","follow":"follow","max-snippet":"max-snippet:-1","max-image-preview":"max-image-preview:large","max-video-preview":"max-video-preview:-1"},"canonical":"https:\/\/www.upjs.sk\/prirodovedecka-fakulta\/upjs-life\/23606\/","og_locale":"sk_SK","og_type":"article","og_title":"Cena dekana 2019 - Pr\u00edrodovedeck\u00e1 fakulta | UPJ\u0160","og_description":"Cena dekana, ktor\u00e1 je ude\u013eovan\u00e1 za mimoriadne v\u00fdsledky dosiahnut\u00e9 v\u00a0kateg\u00f3ri\u00e1ch pedagogick\u00e1 \u010dinnos\u0165, vedeckov\u00fdskumn\u00e1 \u010dinnos\u0165 a\u00a0rozvoj fakulty bola udelen\u00e1 t\u00fdmto zamestnancom a\u00a0doktorandom na\u0161ej fakulty","og_url":"https:\/\/www.upjs.sk\/prirodovedecka-fakulta\/upjs-life\/23606\/","og_site_name":"Pr\u00edrodovedeck\u00e1 fakulta | UPJ\u0160","article_modified_time":"2024-04-17T14:26:39+00:00","og_image":[{"width":600,"height":420,"url":"https:\/\/www.upjs.sk\/app\/uploads\/sites\/10\/2020\/09\/ilob-CenaDekana-2019.png","type":"image\/png"}],"twitter_card":"summary_large_image","twitter_misc":{"Predpokladan\u00fd \u010das \u010d\u00edtania":"2 min\u00faty"},"schema":{"@context":"https:\/\/schema.org","@graph":[{"@type":"WebPage","@id":"https:\/\/www.upjs.sk\/prirodovedecka-fakulta\/upjs-life\/23606\/","url":"https:\/\/www.upjs.sk\/prirodovedecka-fakulta\/upjs-life\/23606\/","name":"Cena dekana 2019 - Pr\u00edrodovedeck\u00e1 fakulta | UPJ\u0160","isPartOf":{"@id":"https:\/\/www.upjs.sk\/prirodovedecka-fakulta\/#website"},"primaryImageOfPage":{"@id":"https:\/\/www.upjs.sk\/prirodovedecka-fakulta\/upjs-life\/23606\/#primaryimage"},"image":{"@id":"https:\/\/www.upjs.sk\/prirodovedecka-fakulta\/upjs-life\/23606\/#primaryimage"},"thumbnailUrl":"https:\/\/www.upjs.sk\/app\/uploads\/sites\/10\/2020\/09\/ilob-CenaDekana-2019.png","datePublished":"2020-09-18T14:09:28+00:00","dateModified":"2024-04-17T14:26:39+00:00","breadcrumb":{"@id":"https:\/\/www.upjs.sk\/prirodovedecka-fakulta\/upjs-life\/23606\/#breadcrumb"},"inLanguage":"sk-SK","potentialAction":[{"@type":"ReadAction","target":["https:\/\/www.upjs.sk\/prirodovedecka-fakulta\/upjs-life\/23606\/"]}]},{"@type":"ImageObject","inLanguage":"sk-SK","@id":"https:\/\/www.upjs.sk\/prirodovedecka-fakulta\/upjs-life\/23606\/#primaryimage","url":"https:\/\/www.upjs.sk\/app\/uploads\/sites\/10\/2020\/09\/ilob-CenaDekana-2019.png","contentUrl":"https:\/\/www.upjs.sk\/app\/uploads\/sites\/10\/2020\/09\/ilob-CenaDekana-2019.png","width":600,"height":420},{"@type":"BreadcrumbList","@id":"https:\/\/www.upjs.sk\/prirodovedecka-fakulta\/upjs-life\/23606\/#breadcrumb","itemListElement":[{"@type":"ListItem","position":1,"name":"Home","item":"https:\/\/www.upjs.sk\/prirodovedecka-fakulta\/"},{"@type":"ListItem","position":2,"name":"Zo \u017eivota fakulty","item":"https:\/\/www.upjs.sk\/prirodovedecka-fakulta\/upjs-life\/"},{"@type":"ListItem","position":3,"name":"Cena dekana 2019"}]},{"@type":"WebSite","@id":"https:\/\/www.upjs.sk\/prirodovedecka-fakulta\/#website","url":"https:\/\/www.upjs.sk\/prirodovedecka-fakulta\/","name":"Pr\u00edrodovedeck\u00e1 fakulta | UPJ\u0160","description":"","publisher":{"@id":"https:\/\/www.upjs.sk\/prirodovedecka-fakulta\/#organization"},"potentialAction":[{"@type":"SearchAction","target":{"@type":"EntryPoint","urlTemplate":"https:\/\/www.upjs.sk\/prirodovedecka-fakulta\/?s={search_term_string}"},"query-input":{"@type":"PropertyValueSpecification","valueRequired":true,"valueName":"search_term_string"}}],"inLanguage":"sk-SK"},{"@type":"Organization","@id":"https:\/\/www.upjs.sk\/prirodovedecka-fakulta\/#organization","name":"Pr\u00edrodovedeck\u00e1 fakulta | UPJ\u0160","url":"https:\/\/www.upjs.sk\/prirodovedecka-fakulta\/","logo":{"@type":"ImageObject","inLanguage":"sk-SK","@id":"https:\/\/www.upjs.sk\/prirodovedecka-fakulta\/#\/schema\/logo\/image\/","url":"https:\/\/www.upjs.sk\/app\/uploads\/sites\/10\/2022\/09\/logo-prirodovedecka-fakulta.png","contentUrl":"https:\/\/www.upjs.sk\/app\/uploads\/sites\/10\/2022\/09\/logo-prirodovedecka-fakulta.png","width":415,"height":87,"caption":"Pr\u00edrodovedeck\u00e1 fakulta | UPJ\u0160"},"image":{"@id":"https:\/\/www.upjs.sk\/prirodovedecka-fakulta\/#\/schema\/logo\/image\/"}}]}},"_links":{"self":[{"href":"https:\/\/www.upjs.sk\/prirodovedecka-fakulta\/wp-json\/wp\/v2\/cpt_zo-zivota-upjs\/16052","targetHints":{"allow":["GET"]}}],"collection":[{"href":"https:\/\/www.upjs.sk\/prirodovedecka-fakulta\/wp-json\/wp\/v2\/cpt_zo-zivota-upjs"}],"about":[{"href":"https:\/\/www.upjs.sk\/prirodovedecka-fakulta\/wp-json\/wp\/v2\/types\/cpt_zo-zivota-upjs"}],"author":[{"embeddable":true,"href":"https:\/\/www.upjs.sk\/prirodovedecka-fakulta\/wp-json\/wp\/v2\/users\/1"}],"wp:featuredmedia":[{"embeddable":true,"href":"https:\/\/www.upjs.sk\/prirodovedecka-fakulta\/wp-json\/wp\/v2\/media\/69030"}],"wp:attachment":[{"href":"https:\/\/www.upjs.sk\/prirodovedecka-fakulta\/wp-json\/wp\/v2\/media?parent=16052"}],"wp:term":[{"taxonomy":"category","embeddable":true,"href":"https:\/\/www.upjs.sk\/prirodovedecka-fakulta\/wp-json\/wp\/v2\/categories?post=16052"},{"taxonomy":"post_tag","embeddable":true,"href":"https:\/\/www.upjs.sk\/prirodovedecka-fakulta\/wp-json\/wp\/v2\/tags?post=16052"},{"taxonomy":"tax_aktuality","embeddable":true,"href":"https:\/\/www.upjs.sk\/prirodovedecka-fakulta\/wp-json\/wp\/v2\/tax_aktuality?post=16052"}],"curies":[{"name":"wp","href":"https:\/\/api.w.org\/{rel}","templated":true}]}}