{"id":50606,"date":"2023-02-22T11:16:50","date_gmt":"2023-02-22T10:16:50","guid":{"rendered":"https:\/\/www.upjs.sk\/prirodovedecka-fakulta\/?post_type=cpt_zo-zivota-upjs&#038;p=50606"},"modified":"2025-03-26T14:46:10","modified_gmt":"2025-03-26T13:46:10","slug":"krajske-kolo-turnaja-mladych-fyzikov","status":"publish","type":"cpt_zo-zivota-upjs","link":"https:\/\/www.upjs.sk\/prirodovedecka-fakulta\/upjs-life\/krajske-kolo-turnaja-mladych-fyzikov\/","title":{"rendered":"<strong>Krajsk\u00e9 kolo Turnaja mlad\u00fdch fyzikov<\/strong>"},"content":{"rendered":"\n<div style=\"height:15px\" aria-hidden=\"true\" class=\"wp-block-spacer\"><\/div>\n\n\n<style>.kb-row-layout-id50606_a9a2e7-f2 > .kt-row-column-wrap{align-content:start;}:where(.kb-row-layout-id50606_a9a2e7-f2 > .kt-row-column-wrap) > .wp-block-kadence-column{justify-content:start;}.kb-row-layout-id50606_a9a2e7-f2 > .kt-row-column-wrap{column-gap:var(--global-kb-gap-md, 2rem);row-gap:var(--global-kb-gap-md, 2rem);padding-top:4px;padding-bottom:0px;grid-template-columns:minmax(0, calc(75% - ((var(--global-kb-gap-md, 2rem) * 1 )\/2)))minmax(0, calc(25% - ((var(--global-kb-gap-md, 2rem) * 1 )\/2)));}.kb-row-layout-id50606_a9a2e7-f2 > .kt-row-layout-overlay{opacity:0.30;}@media all and (max-width: 1024px){.kb-row-layout-id50606_a9a2e7-f2 > .kt-row-column-wrap{grid-template-columns:minmax(0, 2fr) minmax(0, 1fr);}}@media all and (max-width: 767px){.kb-row-layout-id50606_a9a2e7-f2 > .kt-row-column-wrap{grid-template-columns:minmax(0, 1fr);}}<\/style><div class=\"kb-row-layout-wrap kb-row-layout-id50606_a9a2e7-f2 alignnone wp-block-kadence-rowlayout\"><div class=\"kt-row-column-wrap kt-has-2-columns kt-row-layout-left-golden kt-tab-layout-inherit kt-mobile-layout-row kt-row-valign-top\">\n<style>.kadence-column50606_301be9-bb > .kt-inside-inner-col,.kadence-column50606_301be9-bb > .kt-inside-inner-col:before{border-top-left-radius:0px;border-top-right-radius:0px;border-bottom-right-radius:0px;border-bottom-left-radius:0px;}.kadence-column50606_301be9-bb > .kt-inside-inner-col{column-gap:var(--global-kb-gap-sm, 1rem);}.kadence-column50606_301be9-bb > .kt-inside-inner-col{flex-direction:column;}.kadence-column50606_301be9-bb > .kt-inside-inner-col > .aligncenter{width:100%;}.kadence-column50606_301be9-bb > .kt-inside-inner-col:before{opacity:0.3;}.kadence-column50606_301be9-bb{position:relative;}@media all and (max-width: 1024px){.kadence-column50606_301be9-bb > .kt-inside-inner-col{flex-direction:column;justify-content:center;}}@media all and (max-width: 767px){.kadence-column50606_301be9-bb > .kt-inside-inner-col{flex-direction:column;justify-content:center;}}<\/style>\n<div class=\"wp-block-kadence-column kadence-column50606_301be9-bb inner-column-1\"><div class=\"kt-inside-inner-col\">\n<p>Vo \u0161tvrtok <strong>16.2.2023<\/strong> sa 12 dru\u017estiev stredo\u0161kol\u00e1kov zo 7 stredn\u00fdch \u0161k\u00f4l Ko\u0161ick\u00e9ho a&nbsp;Pre\u0161ovsk\u00e9ho kraja zapojilo do krajsk\u00e9ho kola Turnaja mlad\u00fdch fyzikov.<\/p>\n\n\n\n<p><strong>Ka\u017ed\u00fd \u00fa\u010dastn\u00edk sa prihl\u00e1sil do s\u00fa\u0165a\u017ee s&nbsp;rie\u0161en\u00edm jednej \u00falohy<\/strong>. Troj\u010dlenn\u00e9 dru\u017estvo v&nbsp;troch kol\u00e1ch (fyzbojoch) prezentovalo, oponovalo a&nbsp;recenzovalo origin\u00e1lne rie\u0161enia otvoren\u00fdch fyzik\u00e1lnych probl\u00e9mov. <strong>Celkovo je v&nbsp;s\u00fa\u0165a\u017ei zadan\u00fdch 17 probl\u00e9mov, ktor\u00fdch znenia s\u00fa zverejnen\u00e9 <\/strong><a href=\"https:\/\/tmfsr.sk\/sk\/aktuality\/226\" class=\"ek-link\"><strong>na slovenskej str\u00e1nke TMF<\/strong><\/a>.<\/p>\n<\/div><\/div>\n\n\n<style>.kadence-column50606_b4a9e7-53 > .kt-inside-inner-col,.kadence-column50606_b4a9e7-53 > .kt-inside-inner-col:before{border-top-left-radius:0px;border-top-right-radius:0px;border-bottom-right-radius:0px;border-bottom-left-radius:0px;}.kadence-column50606_b4a9e7-53 > .kt-inside-inner-col{column-gap:var(--global-kb-gap-sm, 1rem);}.kadence-column50606_b4a9e7-53 > .kt-inside-inner-col{flex-direction:column;}.kadence-column50606_b4a9e7-53 > .kt-inside-inner-col > .aligncenter{width:100%;}.kadence-column50606_b4a9e7-53 > .kt-inside-inner-col:before{opacity:0.3;}.kadence-column50606_b4a9e7-53{position:relative;}@media all and (max-width: 1024px){.kadence-column50606_b4a9e7-53 > .kt-inside-inner-col{flex-direction:column;justify-content:center;}}@media all and (max-width: 767px){.kadence-column50606_b4a9e7-53 > .kt-inside-inner-col{flex-direction:column;justify-content:center;}}<\/style>\n<div class=\"wp-block-kadence-column kadence-column50606_b4a9e7-53 inner-column-2\"><div class=\"kt-inside-inner-col\"><style>.kb-image50606_9f24de-69 .kb-image-has-overlay:after{opacity:0.3;}<\/style>\n<div class=\"wp-block-kadence-image kb-image50606_9f24de-69\"><figure class=\"aligncenter size-full\"><img loading=\"lazy\" decoding=\"async\" width=\"150\" height=\"125\" src=\"https:\/\/www.upjs.sk\/app\/uploads\/sites\/10\/2023\/02\/iyptlogo_m.gif\" alt=\"\" class=\"kb-img wp-image-50612\"\/><\/figure><\/div>\n<\/div><\/div>\n\n<\/div><\/div>\n\n\n<p><strong>Troj\u010dlenn\u00e9 poroty<\/strong> hodnotili v\u00fdkon dru\u017estiev pod\u013ea medzin\u00e1rodne etablovan\u00fdch <a href=\"https:\/\/www.iypt.org\/scoresheet\/\">hodnotiacich krit\u00e9ri\u00ed<\/a>.<\/p>\n\n\n\n<p>\u00daspe\u0161n\u00fdch rie\u0161ite\u013eov \u010dak\u00e1 n\u00e1rodn\u00e9 kolo a&nbsp;t\u00ed najlep\u0161\u00ed zostavia reprezenta\u010dn\u00fd t\u00edm pre medzin\u00e1rodn\u00e9 kolo <a href=\"https:\/\/www.iypt.org\/\">IYPT<\/a> (International Young Physicists Tournament) v&nbsp;Pakistane.<\/p>\n\n\n\n<p><strong>Celkov\u00e9 poradie a&nbsp;z\u00edskan\u00e9 body s\u00fa\u0165a\u017en\u00fdch dru\u017estiev v krajskom kole TMF<\/strong><\/p>\n\n\n<style>.kb-row-layout-id50606_9f8585-f3 > .kt-row-column-wrap{align-content:start;}:where(.kb-row-layout-id50606_9f8585-f3 > .kt-row-column-wrap) > .wp-block-kadence-column{justify-content:start;}.kb-row-layout-id50606_9f8585-f3 > .kt-row-column-wrap{column-gap:var(--global-kb-gap-md, 2rem);row-gap:var(--global-kb-gap-md, 2rem);padding-top:7px;padding-bottom:0px;grid-template-columns:minmax(0, 1fr);}.kb-row-layout-id50606_9f8585-f3 > .kt-row-layout-overlay{opacity:0.30;}@media all and (max-width: 1024px){.kb-row-layout-id50606_9f8585-f3 > .kt-row-column-wrap{grid-template-columns:minmax(0, 1fr);}}@media all and (max-width: 767px){.kb-row-layout-id50606_9f8585-f3 > .kt-row-column-wrap{grid-template-columns:minmax(0, 1fr);}}<\/style><div class=\"kb-row-layout-wrap kb-row-layout-id50606_9f8585-f3 alignnone wp-block-kadence-rowlayout\"><div class=\"kt-row-column-wrap kt-has-1-columns kt-row-layout-equal kt-tab-layout-inherit kt-mobile-layout-row kt-row-valign-top\">\n<style>.kadence-column50606_55fe40-98 > .kt-inside-inner-col,.kadence-column50606_55fe40-98 > .kt-inside-inner-col:before{border-top-left-radius:0px;border-top-right-radius:0px;border-bottom-right-radius:0px;border-bottom-left-radius:0px;}.kadence-column50606_55fe40-98 > .kt-inside-inner-col{column-gap:var(--global-kb-gap-sm, 1rem);}.kadence-column50606_55fe40-98 > .kt-inside-inner-col{flex-direction:column;}.kadence-column50606_55fe40-98 > .kt-inside-inner-col > .aligncenter{width:100%;}.kadence-column50606_55fe40-98 > .kt-inside-inner-col:before{opacity:0.3;}.kadence-column50606_55fe40-98{position:relative;}@media all and (max-width: 1024px){.kadence-column50606_55fe40-98 > .kt-inside-inner-col{flex-direction:column;justify-content:center;}}@media all and (max-width: 767px){.kadence-column50606_55fe40-98 > .kt-inside-inner-col{flex-direction:column;justify-content:center;}}<\/style>\n<div class=\"wp-block-kadence-column kadence-column50606_55fe40-98 inner-column-1\"><div class=\"kt-inside-inner-col\"><style>.kb-row-layout-id50606_3b08d1-b8 > .kt-row-column-wrap{align-content:start;}:where(.kb-row-layout-id50606_3b08d1-b8 > .kt-row-column-wrap) > .wp-block-kadence-column{justify-content:start;}.kb-row-layout-id50606_3b08d1-b8 > .kt-row-column-wrap{column-gap:var(--global-kb-gap-md, 2rem);row-gap:var(--global-kb-gap-md, 2rem);max-width:649px;margin-left:auto;margin-right:auto;padding-top:0px;padding-bottom:0px;grid-template-columns:minmax(0, 1fr);}.kb-row-layout-id50606_3b08d1-b8 > .kt-row-layout-overlay{opacity:0.30;}@media all and (max-width: 1024px){.kb-row-layout-id50606_3b08d1-b8 > .kt-row-column-wrap{grid-template-columns:minmax(0, 1fr);}}@media all and (max-width: 767px){.kb-row-layout-id50606_3b08d1-b8 > .kt-row-column-wrap{grid-template-columns:minmax(0, 1fr);}}<\/style><div class=\"kb-row-layout-wrap kb-row-layout-id50606_3b08d1-b8 alignnone wp-block-kadence-rowlayout\"><div class=\"kt-row-column-wrap kt-has-1-columns kt-row-layout-equal kt-tab-layout-inherit kt-mobile-layout-row kt-row-valign-top\">\n<style>.kadence-column50606_c1273c-84 > .kt-inside-inner-col,.kadence-column50606_c1273c-84 > .kt-inside-inner-col:before{border-top-left-radius:0px;border-top-right-radius:0px;border-bottom-right-radius:0px;border-bottom-left-radius:0px;}.kadence-column50606_c1273c-84 > .kt-inside-inner-col{column-gap:var(--global-kb-gap-sm, 1rem);}.kadence-column50606_c1273c-84 > .kt-inside-inner-col{flex-direction:column;}.kadence-column50606_c1273c-84 > .kt-inside-inner-col > .aligncenter{width:100%;}.kadence-column50606_c1273c-84 > .kt-inside-inner-col:before{opacity:0.3;}.kadence-column50606_c1273c-84{position:relative;}@media all and (max-width: 1024px){.kadence-column50606_c1273c-84 > .kt-inside-inner-col{flex-direction:column;justify-content:center;}}@media all and (max-width: 767px){.kadence-column50606_c1273c-84 > .kt-inside-inner-col{flex-direction:column;justify-content:center;}}<\/style>\n<div class=\"wp-block-kadence-column kadence-column50606_c1273c-84 inner-column-1\"><div class=\"kt-inside-inner-col\">\n<figure class=\"wp-block-table is-style-stripes\"><table><tbody><tr><td class=\"has-text-align-right\" data-align=\"right\">&nbsp;1.<\/td><td>2. Gymn\u00e1zium \u0160rob\u00e1rova v&nbsp;Ko\u0161iciach<\/td><td><strong>124,97<\/strong><\/td><\/tr><tr><td class=\"has-text-align-right\" data-align=\"right\">&nbsp;2.<\/td><td>Gymn\u00e1zium Pavla Horova, Michalovce<\/td><td><strong>123,65<\/strong><\/td><\/tr><tr><td class=\"has-text-align-right\" data-align=\"right\">&nbsp;3.<\/td><td>1. Gymn\u00e1zium \u0160rob\u00e1rova v&nbsp;Ko\u0161iciach<\/td><td><strong>120,67<\/strong><\/td><\/tr><tr><td class=\"has-text-align-right\" data-align=\"right\">&nbsp;4.<\/td><td>Gymn\u00e1zium Sobrance<\/td><td><strong>103,34<\/strong><\/td><\/tr><tr><td class=\"has-text-align-right\" data-align=\"right\">&nbsp;5.<\/td><td>2. GJAR Pre\u0161ov<\/td><td><strong>102,99<\/strong><\/td><\/tr><tr><td class=\"has-text-align-right\" data-align=\"right\">&nbsp;6.<\/td><td>Gymn\u00e1zium, Alejov\u00e1 1, Ko\u0161ice<\/td><td><strong>102,63<\/strong><\/td><\/tr><tr><td class=\"has-text-align-right\" data-align=\"right\">&nbsp;7.<\/td><td>1. GJAR Pre\u0161ov<\/td><td><strong>99,66<\/strong><\/td><\/tr><tr><td class=\"has-text-align-right\" data-align=\"right\">&nbsp;8.<\/td><td>Gymn\u00e1zium \u0160rob\u00e1rova v&nbsp;Ko\u0161iciach + GJAR Pre\u0161ov<\/td><td><strong>96,99<\/strong><\/td><\/tr><tr><td class=\"has-text-align-right\" data-align=\"right\">&nbsp;6.<\/td><td>S\u00fakromn\u00e1 stredn\u00e1 odborn\u00e1 \u0161kola, Poprad<\/td><td><strong>95,32<\/strong><\/td><\/tr><tr><td class=\"has-text-align-right\" data-align=\"right\">&nbsp;10.<\/td><td>2. Gymn\u00e1zium, Po\u0161tov\u00e1 9, Ko\u0161ice + Gymn\u00e1zium sv. Edity Steinovej, Ko\u0161ice<\/td><td><strong>91,65<\/strong><\/td><\/tr><tr><td class=\"has-text-align-right\" data-align=\"right\">&nbsp;11.<\/td><td>1. Gymn\u00e1zium, Po\u0161tov\u00e1 9, Ko\u0161ice<\/td><td><strong>90,02<\/strong><\/td><\/tr><tr><td class=\"has-text-align-right\" data-align=\"right\">&nbsp;12.<\/td><td>Gymn\u00e1zium sv. Edity Steinovej, Ko\u0161ice<\/td><td><strong>83,99<\/strong><\/td><\/tr><\/tbody><\/table><\/figure>\n<\/div><\/div>\n\n<\/div><\/div><\/div><\/div>\n\n<\/div><\/div>\n\n\n<p>V\u0161etk\u00fdm zapojen\u00fdm srde\u010dne gratulujeme k&nbsp;\u00faspe\u0161n\u00e9mu vyst\u00fapeniu.<\/p>\n\n\n\n<p>\u010eakujeme v\u0161etk\u00fdch s\u00fa\u0165a\u017eiacim, ved\u00facim dru\u017estiev &#8211; u\u010dite\u013eom fyziky, porotcom a&nbsp;organiz\u00e1torom ako aj \u0161tudentom na\u0161ej fakulty za vytvorenie podnetn\u00e9ho prostredia po\u010das s\u00fa\u0165a\u017ee.<\/p>\n","protected":false},"excerpt":{"rendered":"<p>Vo \u0161tvrtok 16.2.2023 sa 12 dru\u017estiev stredo\u0161kol\u00e1kov zo 7 stredn\u00fdch \u0161k\u00f4l Ko\u0161ick\u00e9ho a Pre\u0161ovsk\u00e9ho kraja zapojilo do krajsk\u00e9ho kola Turnaja mlad\u00fdch fyzikov.<\/p>\n","protected":false},"author":25,"featured_media":50607,"menu_order":0,"template":"","meta":{"_acf_changed":true,"_editorskit_title_hidden":false,"_editorskit_reading_time":1,"_editorskit_is_block_options_detached":false,"_editorskit_block_options_position":"{}"},"categories":[1],"tags":[3047],"tax_aktuality":[],"class_list":["post-50606","cpt_zo-zivota-upjs","type-cpt_zo-zivota-upjs","status-publish","has-post-thumbnail","hentry","category-uncategorized-sk","tag-tmf"],"acf":{"acf_link_na_externy_obsah":""},"yoast_head":"<!-- This site is optimized with the Yoast SEO plugin v27.4 - https:\/\/yoast.com\/product\/yoast-seo-wordpress\/ -->\n<title>Krajsk\u00e9 kolo Turnaja mlad\u00fdch fyzikov - Pr\u00edrodovedeck\u00e1 fakulta | UPJ\u0160<\/title>\n<meta name=\"robots\" content=\"index, follow, max-snippet:-1, max-image-preview:large, max-video-preview:-1\" \/>\n<link rel=\"canonical\" href=\"https:\/\/www.upjs.sk\/prirodovedecka-fakulta\/upjs-life\/krajske-kolo-turnaja-mladych-fyzikov\/\" \/>\n<meta property=\"og:locale\" content=\"sk_SK\" \/>\n<meta property=\"og:type\" content=\"article\" \/>\n<meta property=\"og:title\" content=\"Krajsk\u00e9 kolo Turnaja mlad\u00fdch fyzikov - Pr\u00edrodovedeck\u00e1 fakulta | UPJ\u0160\" \/>\n<meta property=\"og:description\" content=\"Vo \u0161tvrtok 16.2.2023 sa 12 dru\u017estiev stredo\u0161kol\u00e1kov zo 7 stredn\u00fdch \u0161k\u00f4l Ko\u0161ick\u00e9ho a Pre\u0161ovsk\u00e9ho kraja zapojilo do krajsk\u00e9ho kola Turnaja mlad\u00fdch fyzikov.\" \/>\n<meta property=\"og:url\" content=\"https:\/\/www.upjs.sk\/prirodovedecka-fakulta\/upjs-life\/krajske-kolo-turnaja-mladych-fyzikov\/\" \/>\n<meta property=\"og:site_name\" content=\"Pr\u00edrodovedeck\u00e1 fakulta | UPJ\u0160\" \/>\n<meta property=\"article:modified_time\" content=\"2025-03-26T13:46:10+00:00\" \/>\n<meta property=\"og:image\" content=\"https:\/\/www.upjs.sk\/app\/uploads\/sites\/10\/2023\/02\/iyptlogo.gif\" \/>\n\t<meta property=\"og:image:width\" content=\"1111\" \/>\n\t<meta property=\"og:image:height\" content=\"925\" \/>\n\t<meta property=\"og:image:type\" content=\"image\/gif\" \/>\n<meta name=\"twitter:card\" content=\"summary_large_image\" \/>\n<meta name=\"twitter:label1\" content=\"Predpokladan\u00fd \u010das \u010d\u00edtania\" \/>\n\t<meta name=\"twitter:data1\" content=\"2 min\u00faty\" \/>\n<script type=\"application\/ld+json\" class=\"yoast-schema-graph\">{\"@context\":\"https:\\\/\\\/schema.org\",\"@graph\":[{\"@type\":\"WebPage\",\"@id\":\"https:\\\/\\\/www.upjs.sk\\\/prirodovedecka-fakulta\\\/upjs-life\\\/krajske-kolo-turnaja-mladych-fyzikov\\\/\",\"url\":\"https:\\\/\\\/www.upjs.sk\\\/prirodovedecka-fakulta\\\/upjs-life\\\/krajske-kolo-turnaja-mladych-fyzikov\\\/\",\"name\":\"Krajsk\u00e9 kolo Turnaja mlad\u00fdch fyzikov - Pr\u00edrodovedeck\u00e1 fakulta | UPJ\u0160\",\"isPartOf\":{\"@id\":\"https:\\\/\\\/www.upjs.sk\\\/prirodovedecka-fakulta\\\/#website\"},\"primaryImageOfPage\":{\"@id\":\"https:\\\/\\\/www.upjs.sk\\\/prirodovedecka-fakulta\\\/upjs-life\\\/krajske-kolo-turnaja-mladych-fyzikov\\\/#primaryimage\"},\"image\":{\"@id\":\"https:\\\/\\\/www.upjs.sk\\\/prirodovedecka-fakulta\\\/upjs-life\\\/krajske-kolo-turnaja-mladych-fyzikov\\\/#primaryimage\"},\"thumbnailUrl\":\"https:\\\/\\\/www.upjs.sk\\\/app\\\/uploads\\\/sites\\\/10\\\/2023\\\/02\\\/iyptlogo.gif\",\"datePublished\":\"2023-02-22T10:16:50+00:00\",\"dateModified\":\"2025-03-26T13:46:10+00:00\",\"breadcrumb\":{\"@id\":\"https:\\\/\\\/www.upjs.sk\\\/prirodovedecka-fakulta\\\/upjs-life\\\/krajske-kolo-turnaja-mladych-fyzikov\\\/#breadcrumb\"},\"inLanguage\":\"sk-SK\",\"potentialAction\":[{\"@type\":\"ReadAction\",\"target\":[\"https:\\\/\\\/www.upjs.sk\\\/prirodovedecka-fakulta\\\/upjs-life\\\/krajske-kolo-turnaja-mladych-fyzikov\\\/\"]}]},{\"@type\":\"ImageObject\",\"inLanguage\":\"sk-SK\",\"@id\":\"https:\\\/\\\/www.upjs.sk\\\/prirodovedecka-fakulta\\\/upjs-life\\\/krajske-kolo-turnaja-mladych-fyzikov\\\/#primaryimage\",\"url\":\"https:\\\/\\\/www.upjs.sk\\\/app\\\/uploads\\\/sites\\\/10\\\/2023\\\/02\\\/iyptlogo.gif\",\"contentUrl\":\"https:\\\/\\\/www.upjs.sk\\\/app\\\/uploads\\\/sites\\\/10\\\/2023\\\/02\\\/iyptlogo.gif\",\"width\":1111,\"height\":925},{\"@type\":\"BreadcrumbList\",\"@id\":\"https:\\\/\\\/www.upjs.sk\\\/prirodovedecka-fakulta\\\/upjs-life\\\/krajske-kolo-turnaja-mladych-fyzikov\\\/#breadcrumb\",\"itemListElement\":[{\"@type\":\"ListItem\",\"position\":1,\"name\":\"Home\",\"item\":\"https:\\\/\\\/www.upjs.sk\\\/prirodovedecka-fakulta\\\/\"},{\"@type\":\"ListItem\",\"position\":2,\"name\":\"Zo \u017eivota fakulty\",\"item\":\"https:\\\/\\\/www.upjs.sk\\\/prirodovedecka-fakulta\\\/upjs-life\\\/\"},{\"@type\":\"ListItem\",\"position\":3,\"name\":\"Krajsk\u00e9 kolo Turnaja mlad\u00fdch fyzikov\"}]},{\"@type\":\"WebSite\",\"@id\":\"https:\\\/\\\/www.upjs.sk\\\/prirodovedecka-fakulta\\\/#website\",\"url\":\"https:\\\/\\\/www.upjs.sk\\\/prirodovedecka-fakulta\\\/\",\"name\":\"Pr\u00edrodovedeck\u00e1 fakulta | UPJ\u0160\",\"description\":\"\",\"publisher\":{\"@id\":\"https:\\\/\\\/www.upjs.sk\\\/prirodovedecka-fakulta\\\/#organization\"},\"potentialAction\":[{\"@type\":\"SearchAction\",\"target\":{\"@type\":\"EntryPoint\",\"urlTemplate\":\"https:\\\/\\\/www.upjs.sk\\\/prirodovedecka-fakulta\\\/?s={search_term_string}\"},\"query-input\":{\"@type\":\"PropertyValueSpecification\",\"valueRequired\":true,\"valueName\":\"search_term_string\"}}],\"inLanguage\":\"sk-SK\"},{\"@type\":\"Organization\",\"@id\":\"https:\\\/\\\/www.upjs.sk\\\/prirodovedecka-fakulta\\\/#organization\",\"name\":\"Pr\u00edrodovedeck\u00e1 fakulta | UPJ\u0160\",\"url\":\"https:\\\/\\\/www.upjs.sk\\\/prirodovedecka-fakulta\\\/\",\"logo\":{\"@type\":\"ImageObject\",\"inLanguage\":\"sk-SK\",\"@id\":\"https:\\\/\\\/www.upjs.sk\\\/prirodovedecka-fakulta\\\/#\\\/schema\\\/logo\\\/image\\\/\",\"url\":\"https:\\\/\\\/www.upjs.sk\\\/app\\\/uploads\\\/sites\\\/10\\\/2022\\\/09\\\/logo-prirodovedecka-fakulta.png\",\"contentUrl\":\"https:\\\/\\\/www.upjs.sk\\\/app\\\/uploads\\\/sites\\\/10\\\/2022\\\/09\\\/logo-prirodovedecka-fakulta.png\",\"width\":415,\"height\":87,\"caption\":\"Pr\u00edrodovedeck\u00e1 fakulta | UPJ\u0160\"},\"image\":{\"@id\":\"https:\\\/\\\/www.upjs.sk\\\/prirodovedecka-fakulta\\\/#\\\/schema\\\/logo\\\/image\\\/\"}}]}<\/script>\n<!-- \/ Yoast SEO plugin. -->","yoast_head_json":{"title":"Krajsk\u00e9 kolo Turnaja mlad\u00fdch fyzikov - Pr\u00edrodovedeck\u00e1 fakulta | UPJ\u0160","robots":{"index":"index","follow":"follow","max-snippet":"max-snippet:-1","max-image-preview":"max-image-preview:large","max-video-preview":"max-video-preview:-1"},"canonical":"https:\/\/www.upjs.sk\/prirodovedecka-fakulta\/upjs-life\/krajske-kolo-turnaja-mladych-fyzikov\/","og_locale":"sk_SK","og_type":"article","og_title":"Krajsk\u00e9 kolo Turnaja mlad\u00fdch fyzikov - Pr\u00edrodovedeck\u00e1 fakulta | UPJ\u0160","og_description":"Vo \u0161tvrtok 16.2.2023 sa 12 dru\u017estiev stredo\u0161kol\u00e1kov zo 7 stredn\u00fdch \u0161k\u00f4l Ko\u0161ick\u00e9ho a Pre\u0161ovsk\u00e9ho kraja zapojilo do krajsk\u00e9ho kola Turnaja mlad\u00fdch fyzikov.","og_url":"https:\/\/www.upjs.sk\/prirodovedecka-fakulta\/upjs-life\/krajske-kolo-turnaja-mladych-fyzikov\/","og_site_name":"Pr\u00edrodovedeck\u00e1 fakulta | UPJ\u0160","article_modified_time":"2025-03-26T13:46:10+00:00","og_image":[{"width":1111,"height":925,"url":"https:\/\/www.upjs.sk\/app\/uploads\/sites\/10\/2023\/02\/iyptlogo.gif","type":"image\/gif"}],"twitter_card":"summary_large_image","twitter_misc":{"Predpokladan\u00fd \u010das \u010d\u00edtania":"2 min\u00faty"},"schema":{"@context":"https:\/\/schema.org","@graph":[{"@type":"WebPage","@id":"https:\/\/www.upjs.sk\/prirodovedecka-fakulta\/upjs-life\/krajske-kolo-turnaja-mladych-fyzikov\/","url":"https:\/\/www.upjs.sk\/prirodovedecka-fakulta\/upjs-life\/krajske-kolo-turnaja-mladych-fyzikov\/","name":"Krajsk\u00e9 kolo Turnaja mlad\u00fdch fyzikov - Pr\u00edrodovedeck\u00e1 fakulta | UPJ\u0160","isPartOf":{"@id":"https:\/\/www.upjs.sk\/prirodovedecka-fakulta\/#website"},"primaryImageOfPage":{"@id":"https:\/\/www.upjs.sk\/prirodovedecka-fakulta\/upjs-life\/krajske-kolo-turnaja-mladych-fyzikov\/#primaryimage"},"image":{"@id":"https:\/\/www.upjs.sk\/prirodovedecka-fakulta\/upjs-life\/krajske-kolo-turnaja-mladych-fyzikov\/#primaryimage"},"thumbnailUrl":"https:\/\/www.upjs.sk\/app\/uploads\/sites\/10\/2023\/02\/iyptlogo.gif","datePublished":"2023-02-22T10:16:50+00:00","dateModified":"2025-03-26T13:46:10+00:00","breadcrumb":{"@id":"https:\/\/www.upjs.sk\/prirodovedecka-fakulta\/upjs-life\/krajske-kolo-turnaja-mladych-fyzikov\/#breadcrumb"},"inLanguage":"sk-SK","potentialAction":[{"@type":"ReadAction","target":["https:\/\/www.upjs.sk\/prirodovedecka-fakulta\/upjs-life\/krajske-kolo-turnaja-mladych-fyzikov\/"]}]},{"@type":"ImageObject","inLanguage":"sk-SK","@id":"https:\/\/www.upjs.sk\/prirodovedecka-fakulta\/upjs-life\/krajske-kolo-turnaja-mladych-fyzikov\/#primaryimage","url":"https:\/\/www.upjs.sk\/app\/uploads\/sites\/10\/2023\/02\/iyptlogo.gif","contentUrl":"https:\/\/www.upjs.sk\/app\/uploads\/sites\/10\/2023\/02\/iyptlogo.gif","width":1111,"height":925},{"@type":"BreadcrumbList","@id":"https:\/\/www.upjs.sk\/prirodovedecka-fakulta\/upjs-life\/krajske-kolo-turnaja-mladych-fyzikov\/#breadcrumb","itemListElement":[{"@type":"ListItem","position":1,"name":"Home","item":"https:\/\/www.upjs.sk\/prirodovedecka-fakulta\/"},{"@type":"ListItem","position":2,"name":"Zo \u017eivota fakulty","item":"https:\/\/www.upjs.sk\/prirodovedecka-fakulta\/upjs-life\/"},{"@type":"ListItem","position":3,"name":"Krajsk\u00e9 kolo Turnaja mlad\u00fdch fyzikov"}]},{"@type":"WebSite","@id":"https:\/\/www.upjs.sk\/prirodovedecka-fakulta\/#website","url":"https:\/\/www.upjs.sk\/prirodovedecka-fakulta\/","name":"Pr\u00edrodovedeck\u00e1 fakulta | UPJ\u0160","description":"","publisher":{"@id":"https:\/\/www.upjs.sk\/prirodovedecka-fakulta\/#organization"},"potentialAction":[{"@type":"SearchAction","target":{"@type":"EntryPoint","urlTemplate":"https:\/\/www.upjs.sk\/prirodovedecka-fakulta\/?s={search_term_string}"},"query-input":{"@type":"PropertyValueSpecification","valueRequired":true,"valueName":"search_term_string"}}],"inLanguage":"sk-SK"},{"@type":"Organization","@id":"https:\/\/www.upjs.sk\/prirodovedecka-fakulta\/#organization","name":"Pr\u00edrodovedeck\u00e1 fakulta | UPJ\u0160","url":"https:\/\/www.upjs.sk\/prirodovedecka-fakulta\/","logo":{"@type":"ImageObject","inLanguage":"sk-SK","@id":"https:\/\/www.upjs.sk\/prirodovedecka-fakulta\/#\/schema\/logo\/image\/","url":"https:\/\/www.upjs.sk\/app\/uploads\/sites\/10\/2022\/09\/logo-prirodovedecka-fakulta.png","contentUrl":"https:\/\/www.upjs.sk\/app\/uploads\/sites\/10\/2022\/09\/logo-prirodovedecka-fakulta.png","width":415,"height":87,"caption":"Pr\u00edrodovedeck\u00e1 fakulta | UPJ\u0160"},"image":{"@id":"https:\/\/www.upjs.sk\/prirodovedecka-fakulta\/#\/schema\/logo\/image\/"}}]}},"_links":{"self":[{"href":"https:\/\/www.upjs.sk\/prirodovedecka-fakulta\/wp-json\/wp\/v2\/cpt_zo-zivota-upjs\/50606","targetHints":{"allow":["GET"]}}],"collection":[{"href":"https:\/\/www.upjs.sk\/prirodovedecka-fakulta\/wp-json\/wp\/v2\/cpt_zo-zivota-upjs"}],"about":[{"href":"https:\/\/www.upjs.sk\/prirodovedecka-fakulta\/wp-json\/wp\/v2\/types\/cpt_zo-zivota-upjs"}],"author":[{"embeddable":true,"href":"https:\/\/www.upjs.sk\/prirodovedecka-fakulta\/wp-json\/wp\/v2\/users\/25"}],"wp:featuredmedia":[{"embeddable":true,"href":"https:\/\/www.upjs.sk\/prirodovedecka-fakulta\/wp-json\/wp\/v2\/media\/50607"}],"wp:attachment":[{"href":"https:\/\/www.upjs.sk\/prirodovedecka-fakulta\/wp-json\/wp\/v2\/media?parent=50606"}],"wp:term":[{"taxonomy":"category","embeddable":true,"href":"https:\/\/www.upjs.sk\/prirodovedecka-fakulta\/wp-json\/wp\/v2\/categories?post=50606"},{"taxonomy":"post_tag","embeddable":true,"href":"https:\/\/www.upjs.sk\/prirodovedecka-fakulta\/wp-json\/wp\/v2\/tags?post=50606"},{"taxonomy":"tax_aktuality","embeddable":true,"href":"https:\/\/www.upjs.sk\/prirodovedecka-fakulta\/wp-json\/wp\/v2\/tax_aktuality?post=50606"}],"curies":[{"name":"wp","href":"https:\/\/api.w.org\/{rel}","templated":true}]}}