{"id":79744,"date":"2025-06-06T15:10:44","date_gmt":"2025-06-06T14:10:44","guid":{"rendered":"https:\/\/www.upjs.sk\/prirodovedecka-fakulta\/?post_type=cpt_aktuality&#038;p=79744"},"modified":"2025-08-15T14:58:56","modified_gmt":"2025-08-15T13:58:56","slug":"den-v-prirode-s-prirodovedeckou-fakultou-upjs","status":"publish","type":"cpt_zo-zivota-upjs","link":"https:\/\/www.upjs.sk\/prirodovedecka-fakulta\/upjs-life\/den-v-prirode-s-prirodovedeckou-fakultou-upjs\/","title":{"rendered":"De\u0148 v\u00a0pr\u00edrode s\u00a0Pr\u00edrodovedeckou fakultou UPJ\u0160"},"content":{"rendered":"<style>.kb-image79744_1f8086-85 .kb-image-has-overlay:after{opacity:0.3;border-top-left-radius:5px;border-top-right-radius:5px;border-bottom-right-radius:5px;border-bottom-left-radius:5px;}.kb-image79744_1f8086-85 img.kb-img, .kb-image79744_1f8086-85 .kb-img img{border-top-left-radius:5px;border-top-right-radius:5px;border-bottom-right-radius:5px;border-bottom-left-radius:5px;}<\/style>\n<figure class=\"wp-block-kadence-image kb-image79744_1f8086-85 size-full\"><img loading=\"lazy\" decoding=\"async\" width=\"1170\" height=\"200\" src=\"https:\/\/www.upjs.sk\/app\/uploads\/sites\/10\/2025\/06\/banner-il-den-s-PF-062025.png\" alt=\"\" class=\"kb-img wp-image-79745\" srcset=\"https:\/\/www.upjs.sk\/app\/uploads\/sites\/10\/2025\/06\/banner-il-den-s-PF-062025.png 1170w, https:\/\/www.upjs.sk\/app\/uploads\/sites\/10\/2025\/06\/banner-il-den-s-PF-062025-300x51.png 300w, https:\/\/www.upjs.sk\/app\/uploads\/sites\/10\/2025\/06\/banner-il-den-s-PF-062025-1024x175.png 1024w, https:\/\/www.upjs.sk\/app\/uploads\/sites\/10\/2025\/06\/banner-il-den-s-PF-062025-768x131.png 768w\" sizes=\"auto, (max-width: 1170px) 100vw, 1170px\" \/><\/figure>\n\n\n\n<div style=\"height:10px\" aria-hidden=\"true\" class=\"wp-block-spacer\"><\/div>\n\n\n<style>.kadence-column79744_1d563f-57 > .kt-inside-inner-col{padding-top:var(--global-kb-spacing-xs, 1rem);padding-right:var(--global-kb-spacing-xs, 1rem);padding-left:var(--global-kb-spacing-xs, 1rem);}.kadence-column79744_1d563f-57 > .kt-inside-inner-col,.kadence-column79744_1d563f-57 > .kt-inside-inner-col:before{border-top-left-radius:5px;border-top-right-radius:5px;border-bottom-right-radius:5px;border-bottom-left-radius:5px;}.kadence-column79744_1d563f-57 > .kt-inside-inner-col{column-gap:var(--global-kb-gap-sm, 1rem);}.kadence-column79744_1d563f-57 > .kt-inside-inner-col{flex-direction:column;}.kadence-column79744_1d563f-57 > .kt-inside-inner-col > .aligncenter{width:100%;}.kadence-column79744_1d563f-57 > .kt-inside-inner-col{background-color:#F4F4F4;}.kadence-column79744_1d563f-57 > .kt-inside-inner-col:before{opacity:0.3;}.kadence-column79744_1d563f-57{position:relative;}@media all and (max-width: 1024px){.kadence-column79744_1d563f-57 > .kt-inside-inner-col{flex-direction:column;justify-content:center;}}@media all and (max-width: 767px){.kadence-column79744_1d563f-57 > .kt-inside-inner-col{flex-direction:column;justify-content:center;}}<\/style>\n<div class=\"wp-block-kadence-column kadence-column79744_1d563f-57\"><div class=\"kt-inside-inner-col\">\n<p class=\"has-text-align-justify\">V&nbsp;spolupr\u00e1ci s&nbsp;<a href=\"https:\/\/www.detskazeleznica.sk\/\" target=\"_blank\" rel=\"noreferrer noopener\">Detskou \u017eeleznicou Ko\u0161ice<\/a> sa d\u0148a 04. j\u00fana 2025 konal na kone\u010dnej stanici na Alp\u00ednke v&nbsp;\u010cerme\u013eskom \u00fadol\u00ed program&nbsp;<strong>De\u0148 v&nbsp;pr\u00edrode s&nbsp;Pr\u00edrodovedeckou fakultou UPJ\u0160<\/strong>, v&nbsp;r\u00e1mci ktor\u00e9ho sa \u017eiaci z\u00e1kladn\u00fdch \u0161k\u00f4l prv\u00e9ho stup\u0148a mali mo\u017enos\u0165 obozn\u00e1mi\u0165 so z\u00e1kladn\u00fdmi&nbsp;chemick\u00fdmi pokusmi a&nbsp;spozna\u0165 \u017eivo\u010d\u00edchy,&nbsp;rastliny a&nbsp;mikroorganizmy.<\/p>\n\n\n<style>.kb-row-layout-id79744_0c1b28-6f > .kt-row-column-wrap{align-content:start;}:where(.kb-row-layout-id79744_0c1b28-6f > .kt-row-column-wrap) > .wp-block-kadence-column{justify-content:start;}.kb-row-layout-id79744_0c1b28-6f > .kt-row-column-wrap{column-gap:var(--global-kb-gap-md, 2rem);row-gap:var(--global-kb-gap-md, 2rem);grid-template-columns:minmax(0, calc(60% - ((var(--global-kb-gap-md, 2rem) * 1 )\/2)))minmax(0, calc(40% - ((var(--global-kb-gap-md, 2rem) * 1 )\/2)));}.kb-row-layout-id79744_0c1b28-6f > .kt-row-layout-overlay{opacity:0.30;}@media all and (max-width: 1024px){.kb-row-layout-id79744_0c1b28-6f > .kt-row-column-wrap{grid-template-columns:repeat(2, minmax(0, 1fr));}}@media all and (max-width: 767px){.kb-row-layout-id79744_0c1b28-6f > .kt-row-column-wrap{grid-template-columns:minmax(0, 1fr);}}<\/style><div class=\"kb-row-layout-wrap kb-row-layout-id79744_0c1b28-6f alignnone wp-block-kadence-rowlayout\"><div class=\"kt-row-column-wrap kt-has-2-columns kt-row-layout-equal kt-tab-layout-inherit kt-mobile-layout-row kt-row-valign-top\">\n<style>.kadence-column79744_d4e05d-cc > .kt-inside-inner-col,.kadence-column79744_d4e05d-cc > .kt-inside-inner-col:before{border-top-left-radius:0px;border-top-right-radius:0px;border-bottom-right-radius:0px;border-bottom-left-radius:0px;}.kadence-column79744_d4e05d-cc > .kt-inside-inner-col{column-gap:var(--global-kb-gap-sm, 1rem);}.kadence-column79744_d4e05d-cc > .kt-inside-inner-col{flex-direction:column;}.kadence-column79744_d4e05d-cc > .kt-inside-inner-col > .aligncenter{width:100%;}.kadence-column79744_d4e05d-cc > .kt-inside-inner-col:before{opacity:0.3;}.kadence-column79744_d4e05d-cc{position:relative;}@media all and (max-width: 1024px){.kadence-column79744_d4e05d-cc > .kt-inside-inner-col{flex-direction:column;justify-content:center;}}@media all and (max-width: 767px){.kadence-column79744_d4e05d-cc > .kt-inside-inner-col{flex-direction:column;justify-content:center;}}<\/style>\n<div class=\"wp-block-kadence-column kadence-column79744_d4e05d-cc\"><div class=\"kt-inside-inner-col\">\n<p class=\"has-text-align-justify\">Zamestnanci a&nbsp;\u0161tudenti <a href=\"https:\/\/www.upjs.sk\/prirodovedecka-fakulta\/pracoviska\/ustavy-pf\/uchv\/\">\u00dastavu chemick\u00fdch vied<\/a> a&nbsp;<a href=\"https:\/\/www.upjs.sk\/prirodovedecka-fakulta\/pracoviska\/ustavy-pf\/ubev\/\">\u00dastavu biologick\u00fdch a&nbsp;ekologick\u00fdch vied<\/a> pripravili pre mal\u00fdch pr\u00edrodovedcov z\u00e1bavn\u00e9 a&nbsp;vzdel\u00e1vacie aktivity, napr. d\u00fahu vo valci \u010di tajn\u00e9 p\u00edsmo. Taktie\u017e spozn\u00e1vali rastliny a&nbsp;\u017eivo\u010d\u00edchy pod stereolupami a&nbsp;nech\u00fdbali ani z\u00e1bavn\u00e9 kv\u00edzy. Podujatie bolo pln\u00e9 radosti, objavovania a&nbsp;z\u00e1\u017eitkov.<\/p>\n\n\n<style>.kb-image79744_c01eb6-6a.kb-image-is-ratio-size, .kb-image79744_c01eb6-6a .kb-image-is-ratio-size{max-width:400px;width:100%;}.wp-block-kadence-column > .kt-inside-inner-col > .kb-image79744_c01eb6-6a.kb-image-is-ratio-size, .wp-block-kadence-column > .kt-inside-inner-col > .kb-image79744_c01eb6-6a .kb-image-is-ratio-size{align-self:unset;}.kb-image79744_c01eb6-6a figure{max-width:400px;}.kb-image79744_c01eb6-6a .image-is-svg, .kb-image79744_c01eb6-6a .image-is-svg img{width:100%;}.kb-image79744_c01eb6-6a .kb-image-has-overlay:after{opacity:0.3;}<\/style>\n<div class=\"wp-block-kadence-image kb-image79744_c01eb6-6a\"><figure class=\"aligncenter size-full\"><img loading=\"lazy\" decoding=\"async\" width=\"600\" height=\"450\" src=\"https:\/\/www.upjs.sk\/app\/uploads\/sites\/10\/2025\/06\/aktual-Den-s-PF-04062025-7.jpg\" alt=\"\" class=\"kb-img wp-image-79754\" srcset=\"https:\/\/www.upjs.sk\/app\/uploads\/sites\/10\/2025\/06\/aktual-Den-s-PF-04062025-7.jpg 600w, https:\/\/www.upjs.sk\/app\/uploads\/sites\/10\/2025\/06\/aktual-Den-s-PF-04062025-7-300x225.jpg 300w\" sizes=\"auto, (max-width: 600px) 100vw, 600px\" \/><\/figure><\/div>\n<\/div><\/div>\n\n\n<style>.kadence-column79744_62bd38-ea > .kt-inside-inner-col{display:flex;}.kadence-column79744_62bd38-ea > .kt-inside-inner-col{padding-top:var(--global-kb-spacing-xs, 1rem);}.kadence-column79744_62bd38-ea > .kt-inside-inner-col,.kadence-column79744_62bd38-ea > .kt-inside-inner-col:before{border-top-left-radius:0px;border-top-right-radius:0px;border-bottom-right-radius:0px;border-bottom-left-radius:0px;}.kadence-column79744_62bd38-ea > .kt-inside-inner-col{column-gap:var(--global-kb-gap-sm, 1rem);}.kadence-column79744_62bd38-ea > .kt-inside-inner-col{flex-direction:column;justify-content:center;}.kadence-column79744_62bd38-ea > .kt-inside-inner-col > .aligncenter{width:100%;}.kt-row-column-wrap > .kadence-column79744_62bd38-ea{align-self:center;}.kt-inner-column-height-full:not(.kt-has-1-columns) > .wp-block-kadence-column.kadence-column79744_62bd38-ea{align-self:auto;}.kt-inner-column-height-full:not(.kt-has-1-columns) > .wp-block-kadence-column.kadence-column79744_62bd38-ea > .kt-inside-inner-col{flex-direction:column;justify-content:center;}.kadence-column79744_62bd38-ea > .kt-inside-inner-col:before{opacity:0.3;}.kadence-column79744_62bd38-ea{position:relative;}@media all and (max-width: 1024px){.kt-row-column-wrap > .kadence-column79744_62bd38-ea{align-self:center;}}@media all and (max-width: 1024px){.kt-inner-column-height-full:not(.kt-has-1-columns) > .wp-block-kadence-column.kadence-column79744_62bd38-ea{align-self:auto;}}@media all and (max-width: 1024px){.kt-inner-column-height-full:not(.kt-has-1-columns) > .wp-block-kadence-column.kadence-column79744_62bd38-ea > .kt-inside-inner-col{flex-direction:column;justify-content:center;}}@media all and (max-width: 1024px){.kadence-column79744_62bd38-ea > .kt-inside-inner-col{flex-direction:column;justify-content:center;}}@media all and (max-width: 767px){.kt-row-column-wrap > .kadence-column79744_62bd38-ea{align-self:center;}.kt-inner-column-height-full:not(.kt-has-1-columns) > .wp-block-kadence-column.kadence-column79744_62bd38-ea{align-self:auto;}.kt-inner-column-height-full:not(.kt-has-1-columns) > .wp-block-kadence-column.kadence-column79744_62bd38-ea > .kt-inside-inner-col{flex-direction:column;justify-content:center;}.kadence-column79744_62bd38-ea > .kt-inside-inner-col{flex-direction:column;justify-content:center;}}<\/style>\n<div class=\"wp-block-kadence-column kadence-column79744_62bd38-ea\"><div class=\"kt-inside-inner-col\"><style>.kb-image79744_af4e48-d4 .kb-image-has-overlay:after{opacity:0.3;}<\/style>\n<figure class=\"wp-block-kadence-image kb-image79744_af4e48-d4 size-full\"><img decoding=\"async\" src=\"https:\/\/www.upjs.sk\/app\/uploads\/sites\/10\/2025\/06\/aktual-Den-s-PF-04062025-8-rotated.jpeg\" alt=\"\" class=\"kb-img wp-image-79772\"\/><\/figure>\n<\/div><\/div>\n\n<\/div><\/div><\/div><\/div>\n\n\n\n<div style=\"height:10px\" aria-hidden=\"true\" class=\"wp-block-spacer\"><\/div>\n\n\n<style>.kadence-column79744_2b73d5-0b > .kt-inside-inner-col{padding-top:var(--global-kb-spacing-xs, 1rem);padding-right:var(--global-kb-spacing-xs, 1rem);padding-left:var(--global-kb-spacing-xs, 1rem);}.kadence-column79744_2b73d5-0b > .kt-inside-inner-col,.kadence-column79744_2b73d5-0b > .kt-inside-inner-col:before{border-top-left-radius:5px;border-top-right-radius:5px;border-bottom-right-radius:5px;border-bottom-left-radius:5px;}.kadence-column79744_2b73d5-0b > .kt-inside-inner-col{column-gap:var(--global-kb-gap-sm, 1rem);}.kadence-column79744_2b73d5-0b > .kt-inside-inner-col{flex-direction:column;}.kadence-column79744_2b73d5-0b > .kt-inside-inner-col > .aligncenter{width:100%;}.kadence-column79744_2b73d5-0b > .kt-inside-inner-col{background-color:#F4F4F4;}.kadence-column79744_2b73d5-0b > .kt-inside-inner-col:before{opacity:0.3;}.kadence-column79744_2b73d5-0b{position:relative;}@media all and (max-width: 1024px){.kadence-column79744_2b73d5-0b > .kt-inside-inner-col{flex-direction:column;justify-content:center;}}@media all and (max-width: 767px){.kadence-column79744_2b73d5-0b > .kt-inside-inner-col{flex-direction:column;justify-content:center;}}<\/style>\n<div class=\"wp-block-kadence-column kadence-column79744_2b73d5-0b\"><div class=\"kt-inside-inner-col\">\n<p class=\"has-text-align-justify\">\u010eakujeme zamestnancom a&nbsp;\u0161tudentom \u00daCHV a&nbsp;\u00daBEV, ktor\u00ed sa zapojili do programu a&nbsp;akt\u00edvne prispeli k populariz\u00e1cii pr\u00edrodn\u00fdch vied&nbsp;a propag\u00e1cii Pr\u00edrodovedeckej fakulty UPJ\u0160 v Ko\u0161iciach.<\/p>\n<\/div><\/div>\n\n\n<style>.wp-block-kadence-column.kb-section-dir-horizontal > .kt-inside-inner-col > .kt-info-box79744_b7dd70-1e .kt-blocks-info-box-link-wrap{max-width:unset;}.kt-info-box79744_b7dd70-1e .kt-blocks-info-box-link-wrap{border-top:0px solid var(--global-palette7, #eeeeee);border-right:0px solid var(--global-palette7, #eeeeee);border-bottom:0px solid var(--global-palette7, #eeeeee);border-left:0px solid var(--global-palette7, #eeeeee);border-top-left-radius:5px;border-top-right-radius:5px;border-bottom-right-radius:5px;border-bottom-left-radius:5px;background:#ffffff;padding-top:var(--global-kb-spacing-xs, 1rem);padding-right:var(--global-kb-spacing-xs, 1rem);padding-bottom:var(--global-kb-spacing-xs, 1rem);padding-left:var(--global-kb-spacing-xs, 1rem);}.kt-info-box79744_b7dd70-1e .kadence-info-box-icon-container .kt-info-svg-icon, .kt-info-box79744_b7dd70-1e .kt-info-svg-icon-flip, .kt-info-box79744_b7dd70-1e .kt-blocks-info-box-number{font-size:50px;}.kt-info-box79744_b7dd70-1e .kt-blocks-info-box-media{border-radius:200px;overflow:hidden;border-top-width:0px;border-right-width:0px;border-bottom-width:0px;border-left-width:0px;padding-top:20px;padding-right:20px;padding-bottom:20px;padding-left:20px;margin-top:0px;margin-right:20px;margin-bottom:0px;margin-left:0px;}.kt-info-box79744_b7dd70-1e .kt-blocks-info-box-media .kadence-info-box-image-intrisic img{border-radius:200px;}.kt-info-box79744_b7dd70-1e .kt-infobox-textcontent h6.kt-blocks-info-box-title{padding-top:0px;padding-right:0px;padding-bottom:0px;padding-left:0px;margin-top:1px;margin-right:0px;margin-bottom:1px;margin-left:0px;}.wp-block-kadence-infobox.kt-info-box79744_b7dd70-1e .kt-blocks-info-box-text{font-size:var(--global-kb-font-size-sm, 0.9rem);}.kt-info-box79744_b7dd70-1e .kt-blocks-info-box-learnmore{background:transparent;border-width:0px 0px 0px 0px;padding-top:4px;padding-right:8px;padding-bottom:4px;padding-left:8px;margin-top:10px;margin-right:0px;margin-bottom:10px;margin-left:0px;}@media all and (max-width: 1024px){.kt-info-box79744_b7dd70-1e .kt-blocks-info-box-link-wrap{border-top:0px solid var(--global-palette7, #eeeeee);border-right:0px solid var(--global-palette7, #eeeeee);border-bottom:0px solid var(--global-palette7, #eeeeee);border-left:0px solid var(--global-palette7, #eeeeee);}}@media all and (max-width: 767px){.kt-info-box79744_b7dd70-1e .kt-blocks-info-box-link-wrap{border-top:0px solid var(--global-palette7, #eeeeee);border-right:0px solid var(--global-palette7, #eeeeee);border-bottom:0px solid var(--global-palette7, #eeeeee);border-left:0px solid var(--global-palette7, #eeeeee);}}<\/style>\n<div class=\"wp-block-kadence-infobox kt-info-box79744_b7dd70-1e\"><span class=\"kt-blocks-info-box-link-wrap info-box-link kt-blocks-info-box-media-align-left kt-info-halign-right\"><div class=\"kt-infobox-textcontent\"><p class=\"kt-blocks-info-box-text\">Foto: <strong>Detsk\u00e1 \u017eeleznica Ko\u0161ice <\/strong><br><strong>\u00daBEV  PF UPJ\u0160<\/strong><br><strong>\u00daCHV PF UPJ\u0160<\/strong><br><\/p><\/div><\/span><\/div>\n\n\n\n<p><\/p>\n","protected":false},"excerpt":{"rendered":"<p>V&nbsp;spolupr\u00e1ci s&nbsp;Detskou \u017eeleznicou Ko\u0161ice sa d\u0148a 04. j\u00fana 2025 konal na kone\u010dnej stanici na Alp\u00ednke v&nbsp;\u010cerme\u013eskom \u00fadol\u00ed program&nbsp;De\u0148 v&nbsp;pr\u00edrode s&nbsp;Pr\u00edrodovedeckou fakultou UPJ\u0160, v&nbsp;r\u00e1mci ktor\u00e9ho sa \u017eiaci z\u00e1kladn\u00fdch \u0161k\u00f4l prv\u00e9ho stup\u0148a mali mo\u017enos\u0165 obozn\u00e1mi\u0165 so z\u00e1kladn\u00fdmi&nbsp;chemick\u00fdmi pokusmi a&nbsp;spozna\u0165 \u017eivo\u010d\u00edchy,&nbsp;rastliny a&nbsp;mikroorganizmy. Zamestnanci a&nbsp;\u0161tudenti \u00dastavu chemick\u00fdch vied a&nbsp;\u00dastavu biologick\u00fdch a&nbsp;ekologick\u00fdch vied pripravili pre mal\u00fdch pr\u00edrodovedcov z\u00e1bavn\u00e9 a&nbsp;vzdel\u00e1vacie aktivity, &hellip; <a href=\"https:\/\/www.upjs.sk\/prirodovedecka-fakulta\/upjs-life\/den-v-prirode-s-prirodovedeckou-fakultou-upjs\/\">\u010c\u00edta\u0165 \u010falej<\/a><\/p>\n","protected":false},"author":25,"featured_media":79805,"menu_order":0,"template":"","meta":{"_acf_changed":false,"_editorskit_title_hidden":false,"_editorskit_reading_time":0,"_editorskit_is_block_options_detached":false,"_editorskit_block_options_position":"{}"},"categories":[],"tags":[57,3257,63],"tax_aktuality":[],"class_list":["post-79744","cpt_zo-zivota-upjs","type-cpt_zo-zivota-upjs","status-publish","has-post-thumbnail","hentry","tag-ubev-2","tag-ubev-aktivity","tag-uchv"],"acf":{"acf_link_na_externy_obsah":""},"yoast_head":"<!-- This site is optimized with the Yoast SEO plugin v27.4 - https:\/\/yoast.com\/product\/yoast-seo-wordpress\/ -->\n<title>De\u0148 v\u00a0pr\u00edrode s\u00a0Pr\u00edrodovedeckou fakultou UPJ\u0160 - Pr\u00edrodovedeck\u00e1 fakulta | UPJ\u0160<\/title>\n<meta name=\"robots\" content=\"index, follow, max-snippet:-1, max-image-preview:large, max-video-preview:-1\" \/>\n<link rel=\"canonical\" href=\"https:\/\/www.upjs.sk\/prirodovedecka-fakulta\/upjs-life\/den-v-prirode-s-prirodovedeckou-fakultou-upjs\/\" \/>\n<meta property=\"og:locale\" content=\"sk_SK\" \/>\n<meta property=\"og:type\" content=\"article\" \/>\n<meta property=\"og:title\" content=\"De\u0148 v\u00a0pr\u00edrode s\u00a0Pr\u00edrodovedeckou fakultou UPJ\u0160 - Pr\u00edrodovedeck\u00e1 fakulta | UPJ\u0160\" \/>\n<meta property=\"og:description\" content=\"V&nbsp;spolupr\u00e1ci s&nbsp;Detskou \u017eeleznicou Ko\u0161ice sa d\u0148a 04. j\u00fana 2025 konal na kone\u010dnej stanici na Alp\u00ednke v&nbsp;\u010cerme\u013eskom \u00fadol\u00ed program&nbsp;De\u0148 v&nbsp;pr\u00edrode s&nbsp;Pr\u00edrodovedeckou fakultou UPJ\u0160, v&nbsp;r\u00e1mci ktor\u00e9ho sa \u017eiaci z\u00e1kladn\u00fdch \u0161k\u00f4l prv\u00e9ho stup\u0148a mali mo\u017enos\u0165 obozn\u00e1mi\u0165 so z\u00e1kladn\u00fdmi&nbsp;chemick\u00fdmi pokusmi a&nbsp;spozna\u0165 \u017eivo\u010d\u00edchy,&nbsp;rastliny a&nbsp;mikroorganizmy. Zamestnanci a&nbsp;\u0161tudenti \u00dastavu chemick\u00fdch vied a&nbsp;\u00dastavu biologick\u00fdch a&nbsp;ekologick\u00fdch vied pripravili pre mal\u00fdch pr\u00edrodovedcov z\u00e1bavn\u00e9 a&nbsp;vzdel\u00e1vacie aktivity, &hellip; \u010c\u00edta\u0165 \u010falej\" \/>\n<meta property=\"og:url\" content=\"https:\/\/www.upjs.sk\/prirodovedecka-fakulta\/upjs-life\/den-v-prirode-s-prirodovedeckou-fakultou-upjs\/\" \/>\n<meta property=\"og:site_name\" content=\"Pr\u00edrodovedeck\u00e1 fakulta | UPJ\u0160\" \/>\n<meta property=\"article:modified_time\" content=\"2025-08-15T13:58:56+00:00\" \/>\n<meta property=\"og:image\" content=\"https:\/\/www.upjs.sk\/app\/uploads\/sites\/10\/2025\/06\/ilob-akual-den-s-PF-062025.png\" \/>\n\t<meta property=\"og:image:width\" content=\"600\" \/>\n\t<meta property=\"og:image:height\" content=\"420\" \/>\n\t<meta property=\"og:image:type\" content=\"image\/png\" \/>\n<meta name=\"twitter:card\" content=\"summary_large_image\" \/>\n<meta name=\"twitter:label1\" content=\"Predpokladan\u00fd \u010das \u010d\u00edtania\" \/>\n\t<meta name=\"twitter:data1\" content=\"2 min\u00faty\" \/>\n<script type=\"application\/ld+json\" class=\"yoast-schema-graph\">{\"@context\":\"https:\\\/\\\/schema.org\",\"@graph\":[{\"@type\":\"WebPage\",\"@id\":\"https:\\\/\\\/www.upjs.sk\\\/prirodovedecka-fakulta\\\/upjs-life\\\/den-v-prirode-s-prirodovedeckou-fakultou-upjs\\\/\",\"url\":\"https:\\\/\\\/www.upjs.sk\\\/prirodovedecka-fakulta\\\/upjs-life\\\/den-v-prirode-s-prirodovedeckou-fakultou-upjs\\\/\",\"name\":\"De\u0148 v\u00a0pr\u00edrode s\u00a0Pr\u00edrodovedeckou fakultou UPJ\u0160 - Pr\u00edrodovedeck\u00e1 fakulta | UPJ\u0160\",\"isPartOf\":{\"@id\":\"https:\\\/\\\/www.upjs.sk\\\/prirodovedecka-fakulta\\\/#website\"},\"primaryImageOfPage\":{\"@id\":\"https:\\\/\\\/www.upjs.sk\\\/prirodovedecka-fakulta\\\/upjs-life\\\/den-v-prirode-s-prirodovedeckou-fakultou-upjs\\\/#primaryimage\"},\"image\":{\"@id\":\"https:\\\/\\\/www.upjs.sk\\\/prirodovedecka-fakulta\\\/upjs-life\\\/den-v-prirode-s-prirodovedeckou-fakultou-upjs\\\/#primaryimage\"},\"thumbnailUrl\":\"https:\\\/\\\/www.upjs.sk\\\/app\\\/uploads\\\/sites\\\/10\\\/2025\\\/06\\\/ilob-akual-den-s-PF-062025.png\",\"datePublished\":\"2025-06-06T14:10:44+00:00\",\"dateModified\":\"2025-08-15T13:58:56+00:00\",\"breadcrumb\":{\"@id\":\"https:\\\/\\\/www.upjs.sk\\\/prirodovedecka-fakulta\\\/upjs-life\\\/den-v-prirode-s-prirodovedeckou-fakultou-upjs\\\/#breadcrumb\"},\"inLanguage\":\"sk-SK\",\"potentialAction\":[{\"@type\":\"ReadAction\",\"target\":[\"https:\\\/\\\/www.upjs.sk\\\/prirodovedecka-fakulta\\\/upjs-life\\\/den-v-prirode-s-prirodovedeckou-fakultou-upjs\\\/\"]}]},{\"@type\":\"ImageObject\",\"inLanguage\":\"sk-SK\",\"@id\":\"https:\\\/\\\/www.upjs.sk\\\/prirodovedecka-fakulta\\\/upjs-life\\\/den-v-prirode-s-prirodovedeckou-fakultou-upjs\\\/#primaryimage\",\"url\":\"https:\\\/\\\/www.upjs.sk\\\/app\\\/uploads\\\/sites\\\/10\\\/2025\\\/06\\\/ilob-akual-den-s-PF-062025.png\",\"contentUrl\":\"https:\\\/\\\/www.upjs.sk\\\/app\\\/uploads\\\/sites\\\/10\\\/2025\\\/06\\\/ilob-akual-den-s-PF-062025.png\",\"width\":600,\"height\":420},{\"@type\":\"BreadcrumbList\",\"@id\":\"https:\\\/\\\/www.upjs.sk\\\/prirodovedecka-fakulta\\\/upjs-life\\\/den-v-prirode-s-prirodovedeckou-fakultou-upjs\\\/#breadcrumb\",\"itemListElement\":[{\"@type\":\"ListItem\",\"position\":1,\"name\":\"Home\",\"item\":\"https:\\\/\\\/www.upjs.sk\\\/prirodovedecka-fakulta\\\/\"},{\"@type\":\"ListItem\",\"position\":2,\"name\":\"Zo \u017eivota fakulty\",\"item\":\"https:\\\/\\\/www.upjs.sk\\\/prirodovedecka-fakulta\\\/upjs-life\\\/\"},{\"@type\":\"ListItem\",\"position\":3,\"name\":\"De\u0148 v\u00a0pr\u00edrode s\u00a0Pr\u00edrodovedeckou fakultou UPJ\u0160\"}]},{\"@type\":\"WebSite\",\"@id\":\"https:\\\/\\\/www.upjs.sk\\\/prirodovedecka-fakulta\\\/#website\",\"url\":\"https:\\\/\\\/www.upjs.sk\\\/prirodovedecka-fakulta\\\/\",\"name\":\"Pr\u00edrodovedeck\u00e1 fakulta | UPJ\u0160\",\"description\":\"\",\"publisher\":{\"@id\":\"https:\\\/\\\/www.upjs.sk\\\/prirodovedecka-fakulta\\\/#organization\"},\"potentialAction\":[{\"@type\":\"SearchAction\",\"target\":{\"@type\":\"EntryPoint\",\"urlTemplate\":\"https:\\\/\\\/www.upjs.sk\\\/prirodovedecka-fakulta\\\/?s={search_term_string}\"},\"query-input\":{\"@type\":\"PropertyValueSpecification\",\"valueRequired\":true,\"valueName\":\"search_term_string\"}}],\"inLanguage\":\"sk-SK\"},{\"@type\":\"Organization\",\"@id\":\"https:\\\/\\\/www.upjs.sk\\\/prirodovedecka-fakulta\\\/#organization\",\"name\":\"Pr\u00edrodovedeck\u00e1 fakulta | UPJ\u0160\",\"url\":\"https:\\\/\\\/www.upjs.sk\\\/prirodovedecka-fakulta\\\/\",\"logo\":{\"@type\":\"ImageObject\",\"inLanguage\":\"sk-SK\",\"@id\":\"https:\\\/\\\/www.upjs.sk\\\/prirodovedecka-fakulta\\\/#\\\/schema\\\/logo\\\/image\\\/\",\"url\":\"https:\\\/\\\/www.upjs.sk\\\/app\\\/uploads\\\/sites\\\/10\\\/2022\\\/09\\\/logo-prirodovedecka-fakulta.png\",\"contentUrl\":\"https:\\\/\\\/www.upjs.sk\\\/app\\\/uploads\\\/sites\\\/10\\\/2022\\\/09\\\/logo-prirodovedecka-fakulta.png\",\"width\":415,\"height\":87,\"caption\":\"Pr\u00edrodovedeck\u00e1 fakulta | UPJ\u0160\"},\"image\":{\"@id\":\"https:\\\/\\\/www.upjs.sk\\\/prirodovedecka-fakulta\\\/#\\\/schema\\\/logo\\\/image\\\/\"}}]}<\/script>\n<!-- \/ Yoast SEO plugin. -->","yoast_head_json":{"title":"De\u0148 v\u00a0pr\u00edrode s\u00a0Pr\u00edrodovedeckou fakultou UPJ\u0160 - Pr\u00edrodovedeck\u00e1 fakulta | UPJ\u0160","robots":{"index":"index","follow":"follow","max-snippet":"max-snippet:-1","max-image-preview":"max-image-preview:large","max-video-preview":"max-video-preview:-1"},"canonical":"https:\/\/www.upjs.sk\/prirodovedecka-fakulta\/upjs-life\/den-v-prirode-s-prirodovedeckou-fakultou-upjs\/","og_locale":"sk_SK","og_type":"article","og_title":"De\u0148 v\u00a0pr\u00edrode s\u00a0Pr\u00edrodovedeckou fakultou UPJ\u0160 - Pr\u00edrodovedeck\u00e1 fakulta | UPJ\u0160","og_description":"V&nbsp;spolupr\u00e1ci s&nbsp;Detskou \u017eeleznicou Ko\u0161ice sa d\u0148a 04. j\u00fana 2025 konal na kone\u010dnej stanici na Alp\u00ednke v&nbsp;\u010cerme\u013eskom \u00fadol\u00ed program&nbsp;De\u0148 v&nbsp;pr\u00edrode s&nbsp;Pr\u00edrodovedeckou fakultou UPJ\u0160, v&nbsp;r\u00e1mci ktor\u00e9ho sa \u017eiaci z\u00e1kladn\u00fdch \u0161k\u00f4l prv\u00e9ho stup\u0148a mali mo\u017enos\u0165 obozn\u00e1mi\u0165 so z\u00e1kladn\u00fdmi&nbsp;chemick\u00fdmi pokusmi a&nbsp;spozna\u0165 \u017eivo\u010d\u00edchy,&nbsp;rastliny a&nbsp;mikroorganizmy. Zamestnanci a&nbsp;\u0161tudenti \u00dastavu chemick\u00fdch vied a&nbsp;\u00dastavu biologick\u00fdch a&nbsp;ekologick\u00fdch vied pripravili pre mal\u00fdch pr\u00edrodovedcov z\u00e1bavn\u00e9 a&nbsp;vzdel\u00e1vacie aktivity, &hellip; \u010c\u00edta\u0165 \u010falej","og_url":"https:\/\/www.upjs.sk\/prirodovedecka-fakulta\/upjs-life\/den-v-prirode-s-prirodovedeckou-fakultou-upjs\/","og_site_name":"Pr\u00edrodovedeck\u00e1 fakulta | UPJ\u0160","article_modified_time":"2025-08-15T13:58:56+00:00","og_image":[{"width":600,"height":420,"url":"https:\/\/www.upjs.sk\/app\/uploads\/sites\/10\/2025\/06\/ilob-akual-den-s-PF-062025.png","type":"image\/png"}],"twitter_card":"summary_large_image","twitter_misc":{"Predpokladan\u00fd \u010das \u010d\u00edtania":"2 min\u00faty"},"schema":{"@context":"https:\/\/schema.org","@graph":[{"@type":"WebPage","@id":"https:\/\/www.upjs.sk\/prirodovedecka-fakulta\/upjs-life\/den-v-prirode-s-prirodovedeckou-fakultou-upjs\/","url":"https:\/\/www.upjs.sk\/prirodovedecka-fakulta\/upjs-life\/den-v-prirode-s-prirodovedeckou-fakultou-upjs\/","name":"De\u0148 v\u00a0pr\u00edrode s\u00a0Pr\u00edrodovedeckou fakultou UPJ\u0160 - Pr\u00edrodovedeck\u00e1 fakulta | UPJ\u0160","isPartOf":{"@id":"https:\/\/www.upjs.sk\/prirodovedecka-fakulta\/#website"},"primaryImageOfPage":{"@id":"https:\/\/www.upjs.sk\/prirodovedecka-fakulta\/upjs-life\/den-v-prirode-s-prirodovedeckou-fakultou-upjs\/#primaryimage"},"image":{"@id":"https:\/\/www.upjs.sk\/prirodovedecka-fakulta\/upjs-life\/den-v-prirode-s-prirodovedeckou-fakultou-upjs\/#primaryimage"},"thumbnailUrl":"https:\/\/www.upjs.sk\/app\/uploads\/sites\/10\/2025\/06\/ilob-akual-den-s-PF-062025.png","datePublished":"2025-06-06T14:10:44+00:00","dateModified":"2025-08-15T13:58:56+00:00","breadcrumb":{"@id":"https:\/\/www.upjs.sk\/prirodovedecka-fakulta\/upjs-life\/den-v-prirode-s-prirodovedeckou-fakultou-upjs\/#breadcrumb"},"inLanguage":"sk-SK","potentialAction":[{"@type":"ReadAction","target":["https:\/\/www.upjs.sk\/prirodovedecka-fakulta\/upjs-life\/den-v-prirode-s-prirodovedeckou-fakultou-upjs\/"]}]},{"@type":"ImageObject","inLanguage":"sk-SK","@id":"https:\/\/www.upjs.sk\/prirodovedecka-fakulta\/upjs-life\/den-v-prirode-s-prirodovedeckou-fakultou-upjs\/#primaryimage","url":"https:\/\/www.upjs.sk\/app\/uploads\/sites\/10\/2025\/06\/ilob-akual-den-s-PF-062025.png","contentUrl":"https:\/\/www.upjs.sk\/app\/uploads\/sites\/10\/2025\/06\/ilob-akual-den-s-PF-062025.png","width":600,"height":420},{"@type":"BreadcrumbList","@id":"https:\/\/www.upjs.sk\/prirodovedecka-fakulta\/upjs-life\/den-v-prirode-s-prirodovedeckou-fakultou-upjs\/#breadcrumb","itemListElement":[{"@type":"ListItem","position":1,"name":"Home","item":"https:\/\/www.upjs.sk\/prirodovedecka-fakulta\/"},{"@type":"ListItem","position":2,"name":"Zo \u017eivota fakulty","item":"https:\/\/www.upjs.sk\/prirodovedecka-fakulta\/upjs-life\/"},{"@type":"ListItem","position":3,"name":"De\u0148 v\u00a0pr\u00edrode s\u00a0Pr\u00edrodovedeckou fakultou UPJ\u0160"}]},{"@type":"WebSite","@id":"https:\/\/www.upjs.sk\/prirodovedecka-fakulta\/#website","url":"https:\/\/www.upjs.sk\/prirodovedecka-fakulta\/","name":"Pr\u00edrodovedeck\u00e1 fakulta | UPJ\u0160","description":"","publisher":{"@id":"https:\/\/www.upjs.sk\/prirodovedecka-fakulta\/#organization"},"potentialAction":[{"@type":"SearchAction","target":{"@type":"EntryPoint","urlTemplate":"https:\/\/www.upjs.sk\/prirodovedecka-fakulta\/?s={search_term_string}"},"query-input":{"@type":"PropertyValueSpecification","valueRequired":true,"valueName":"search_term_string"}}],"inLanguage":"sk-SK"},{"@type":"Organization","@id":"https:\/\/www.upjs.sk\/prirodovedecka-fakulta\/#organization","name":"Pr\u00edrodovedeck\u00e1 fakulta | UPJ\u0160","url":"https:\/\/www.upjs.sk\/prirodovedecka-fakulta\/","logo":{"@type":"ImageObject","inLanguage":"sk-SK","@id":"https:\/\/www.upjs.sk\/prirodovedecka-fakulta\/#\/schema\/logo\/image\/","url":"https:\/\/www.upjs.sk\/app\/uploads\/sites\/10\/2022\/09\/logo-prirodovedecka-fakulta.png","contentUrl":"https:\/\/www.upjs.sk\/app\/uploads\/sites\/10\/2022\/09\/logo-prirodovedecka-fakulta.png","width":415,"height":87,"caption":"Pr\u00edrodovedeck\u00e1 fakulta | UPJ\u0160"},"image":{"@id":"https:\/\/www.upjs.sk\/prirodovedecka-fakulta\/#\/schema\/logo\/image\/"}}]}},"_links":{"self":[{"href":"https:\/\/www.upjs.sk\/prirodovedecka-fakulta\/wp-json\/wp\/v2\/cpt_zo-zivota-upjs\/79744","targetHints":{"allow":["GET"]}}],"collection":[{"href":"https:\/\/www.upjs.sk\/prirodovedecka-fakulta\/wp-json\/wp\/v2\/cpt_zo-zivota-upjs"}],"about":[{"href":"https:\/\/www.upjs.sk\/prirodovedecka-fakulta\/wp-json\/wp\/v2\/types\/cpt_zo-zivota-upjs"}],"author":[{"embeddable":true,"href":"https:\/\/www.upjs.sk\/prirodovedecka-fakulta\/wp-json\/wp\/v2\/users\/25"}],"wp:featuredmedia":[{"embeddable":true,"href":"https:\/\/www.upjs.sk\/prirodovedecka-fakulta\/wp-json\/wp\/v2\/media\/79805"}],"wp:attachment":[{"href":"https:\/\/www.upjs.sk\/prirodovedecka-fakulta\/wp-json\/wp\/v2\/media?parent=79744"}],"wp:term":[{"taxonomy":"category","embeddable":true,"href":"https:\/\/www.upjs.sk\/prirodovedecka-fakulta\/wp-json\/wp\/v2\/categories?post=79744"},{"taxonomy":"post_tag","embeddable":true,"href":"https:\/\/www.upjs.sk\/prirodovedecka-fakulta\/wp-json\/wp\/v2\/tags?post=79744"},{"taxonomy":"tax_aktuality","embeddable":true,"href":"https:\/\/www.upjs.sk\/prirodovedecka-fakulta\/wp-json\/wp\/v2\/tax_aktuality?post=79744"}],"curies":[{"name":"wp","href":"https:\/\/api.w.org\/{rel}","templated":true}]}}