{"id":19527,"date":"2019-03-28T11:43:17","date_gmt":"2019-03-28T11:43:17","guid":{"rendered":"https:\/\/www.upjs.sk\/prirodovedecka-fakulta\/fakulta\/cd2018\/viglasky\/"},"modified":"2022-10-26T08:14:22","modified_gmt":"2022-10-26T08:14:22","slug":"viglasky","status":"publish","type":"page","link":"https:\/\/www.upjs.sk\/prirodovedecka-fakulta\/fakulta\/cd2018\/viglasky\/","title":{"rendered":"doc. RNDr. Viktor V\u00edglask\u00fd, PhD."},"content":{"rendered":"<p style=\"text-align: justify;\"><strong>Docent V\u00edglask\u00fd, <\/strong>p\u00f4sobiaci na \u00dastave chemick\u00fdch vied, sa dlhodobo a\u00a0systematicky\u00a0 podie\u013ea na v\u00fdchove doktorandov a\u00a0diplomantov Katedry bioch\u00e9mie. Venuje sa \u0161t\u00fadiu \u0161trukt\u00farnych zmien makromolek\u00fal DNA a po\u010das svojej vedecko-pedagogickej kari\u00e9ry \u00faspe\u0161ne viedol 5 doktorandov, bol \u0161kolite\u013eom 34 diplomov\u00fdch pr\u00e1c a\u00a017 bakal\u00e1rskych pr\u00e1c. Vychoval mlad\u00fdch vedeck\u00fdch pracovn\u00edkov, ktor\u00ed sa vo svojej profesii presadili doma ako aj v\u00a0zahrani\u010d\u00ed. Podie\u013ea sa tie\u017e na realiz\u00e1cii a\u00a0v\u00fdu\u010dbe predmetov <em>Modern\u00e9 trendy v\u00a0molekulovej biol\u00f3gii a\u00a0bioch\u00e9mii,<\/em> <em>Molekulov\u00e1 biol\u00f3gia I\u00a0a\u00a0II<\/em>, <em>Nukleov\u00e9 kyseliny, \u0161trukt\u00fara a\u00a0funkcia <\/em>\u010di <em>Pokro\u010dil\u00e9 praktikum z\u00a0bioch\u00e9mie<\/em>. Pracoval ako koordin\u00e1tor programu Erasmus na \u00dastave chemick\u00fdch vied, pri\u010dom akt\u00edvne participoval na v\u00fdu\u010dbe predmetu Bioch\u00e9mia pre zahrani\u010dn\u00fdch Erasmus \u0161tudentov.<\/p>\n","protected":false},"excerpt":{"rendered":"<p>Docent V\u00edglask\u00fd, p\u00f4sobiaci na \u00dastave chemick\u00fdch vied, sa dlhodobo a\u00a0systematicky\u00a0 podie\u013ea na v\u00fdchove doktorandov a\u00a0diplomantov Katedry bioch\u00e9mie. Venuje sa \u0161t\u00fadiu \u0161trukt\u00farnych zmien makromolek\u00fal DNA a po\u010das svojej vedecko-pedagogickej kari\u00e9ry \u00faspe\u0161ne viedol 5 doktorandov, bol \u0161kolite\u013eom 34 diplomov\u00fdch pr\u00e1c a\u00a017 bakal\u00e1rskych pr\u00e1c. Vychoval mlad\u00fdch vedeck\u00fdch pracovn\u00edkov, ktor\u00ed sa vo svojej profesii presadili doma ako aj v\u00a0zahrani\u010d\u00ed. &hellip; <a href=\"https:\/\/www.upjs.sk\/prirodovedecka-fakulta\/fakulta\/cd2018\/viglasky\/\">\u010c\u00edta\u0165 \u010falej<\/a><\/p>\n","protected":false},"author":1,"featured_media":0,"parent":17217,"menu_order":1,"comment_status":"closed","ping_status":"closed","template":"","meta":{"_acf_changed":false,"_editorskit_title_hidden":false,"_editorskit_reading_time":0,"_editorskit_is_block_options_detached":false,"_editorskit_block_options_position":"{}","footnotes":""},"categories":[],"tags":[],"class_list":["post-19527","page","type-page","status-publish","hentry"],"acf":{"acf_link_na_externy_obsah":""},"yoast_head":"<!-- This site is optimized with the Yoast SEO plugin v27.4 - https:\/\/yoast.com\/product\/yoast-seo-wordpress\/ -->\n<title>doc. RNDr. Viktor V\u00edglask\u00fd, PhD. - Pr\u00edrodovedeck\u00e1 fakulta | UPJ\u0160<\/title>\n<meta name=\"robots\" content=\"index, follow, max-snippet:-1, max-image-preview:large, max-video-preview:-1\" \/>\n<link rel=\"canonical\" href=\"https:\/\/www.upjs.sk\/prirodovedecka-fakulta\/fakulta\/cd2018\/viglasky\/\" \/>\n<meta property=\"og:locale\" content=\"sk_SK\" \/>\n<meta property=\"og:type\" content=\"article\" \/>\n<meta property=\"og:title\" content=\"doc. RNDr. Viktor V\u00edglask\u00fd, PhD. - Pr\u00edrodovedeck\u00e1 fakulta | UPJ\u0160\" \/>\n<meta property=\"og:description\" content=\"Docent V\u00edglask\u00fd, p\u00f4sobiaci na \u00dastave chemick\u00fdch vied, sa dlhodobo a\u00a0systematicky\u00a0 podie\u013ea na v\u00fdchove doktorandov a\u00a0diplomantov Katedry bioch\u00e9mie. Venuje sa \u0161t\u00fadiu \u0161trukt\u00farnych zmien makromolek\u00fal DNA a po\u010das svojej vedecko-pedagogickej kari\u00e9ry \u00faspe\u0161ne viedol 5 doktorandov, bol \u0161kolite\u013eom 34 diplomov\u00fdch pr\u00e1c a\u00a017 bakal\u00e1rskych pr\u00e1c. Vychoval mlad\u00fdch vedeck\u00fdch pracovn\u00edkov, ktor\u00ed sa vo svojej profesii presadili doma ako aj v\u00a0zahrani\u010d\u00ed. &hellip; \u010c\u00edta\u0165 \u010falej\" \/>\n<meta property=\"og:url\" content=\"https:\/\/www.upjs.sk\/prirodovedecka-fakulta\/fakulta\/cd2018\/viglasky\/\" \/>\n<meta property=\"og:site_name\" content=\"Pr\u00edrodovedeck\u00e1 fakulta | UPJ\u0160\" \/>\n<meta property=\"article:modified_time\" content=\"2022-10-26T08:14:22+00:00\" \/>\n<meta name=\"twitter:card\" content=\"summary_large_image\" \/>\n<meta name=\"twitter:label1\" content=\"Predpokladan\u00fd \u010das \u010d\u00edtania\" \/>\n\t<meta name=\"twitter:data1\" content=\"1 min\u00fata\" \/>\n<script type=\"application\/ld+json\" class=\"yoast-schema-graph\">{\"@context\":\"https:\\\/\\\/schema.org\",\"@graph\":[{\"@type\":\"WebPage\",\"@id\":\"https:\\\/\\\/www.upjs.sk\\\/prirodovedecka-fakulta\\\/fakulta\\\/cd2018\\\/viglasky\\\/\",\"url\":\"https:\\\/\\\/www.upjs.sk\\\/prirodovedecka-fakulta\\\/fakulta\\\/cd2018\\\/viglasky\\\/\",\"name\":\"doc. RNDr. Viktor V\u00edglask\u00fd, PhD. - Pr\u00edrodovedeck\u00e1 fakulta | UPJ\u0160\",\"isPartOf\":{\"@id\":\"https:\\\/\\\/www.upjs.sk\\\/prirodovedecka-fakulta\\\/#website\"},\"datePublished\":\"2019-03-28T11:43:17+00:00\",\"dateModified\":\"2022-10-26T08:14:22+00:00\",\"breadcrumb\":{\"@id\":\"https:\\\/\\\/www.upjs.sk\\\/prirodovedecka-fakulta\\\/fakulta\\\/cd2018\\\/viglasky\\\/#breadcrumb\"},\"inLanguage\":\"sk-SK\",\"potentialAction\":[{\"@type\":\"ReadAction\",\"target\":[\"https:\\\/\\\/www.upjs.sk\\\/prirodovedecka-fakulta\\\/fakulta\\\/cd2018\\\/viglasky\\\/\"]}]},{\"@type\":\"BreadcrumbList\",\"@id\":\"https:\\\/\\\/www.upjs.sk\\\/prirodovedecka-fakulta\\\/fakulta\\\/cd2018\\\/viglasky\\\/#breadcrumb\",\"itemListElement\":[{\"@type\":\"ListItem\",\"position\":1,\"name\":\"Home\",\"item\":\"https:\\\/\\\/www.upjs.sk\\\/prirodovedecka-fakulta\\\/\"},{\"@type\":\"ListItem\",\"position\":2,\"name\":\"Inform\u00e1cie o fakulte\",\"item\":\"https:\\\/\\\/www.upjs.sk\\\/prirodovedecka-fakulta\\\/fakulta\\\/\"},{\"@type\":\"ListItem\",\"position\":3,\"name\":\"Cena dekana 2018\",\"item\":\"https:\\\/\\\/www.upjs.sk\\\/prirodovedecka-fakulta\\\/?page_id=17217\"},{\"@type\":\"ListItem\",\"position\":4,\"name\":\"doc. RNDr. Viktor V\u00edglask\u00fd, PhD.\"}]},{\"@type\":\"WebSite\",\"@id\":\"https:\\\/\\\/www.upjs.sk\\\/prirodovedecka-fakulta\\\/#website\",\"url\":\"https:\\\/\\\/www.upjs.sk\\\/prirodovedecka-fakulta\\\/\",\"name\":\"Pr\u00edrodovedeck\u00e1 fakulta | UPJ\u0160\",\"description\":\"\",\"publisher\":{\"@id\":\"https:\\\/\\\/www.upjs.sk\\\/prirodovedecka-fakulta\\\/#organization\"},\"potentialAction\":[{\"@type\":\"SearchAction\",\"target\":{\"@type\":\"EntryPoint\",\"urlTemplate\":\"https:\\\/\\\/www.upjs.sk\\\/prirodovedecka-fakulta\\\/?s={search_term_string}\"},\"query-input\":{\"@type\":\"PropertyValueSpecification\",\"valueRequired\":true,\"valueName\":\"search_term_string\"}}],\"inLanguage\":\"sk-SK\"},{\"@type\":\"Organization\",\"@id\":\"https:\\\/\\\/www.upjs.sk\\\/prirodovedecka-fakulta\\\/#organization\",\"name\":\"Pr\u00edrodovedeck\u00e1 fakulta | UPJ\u0160\",\"url\":\"https:\\\/\\\/www.upjs.sk\\\/prirodovedecka-fakulta\\\/\",\"logo\":{\"@type\":\"ImageObject\",\"inLanguage\":\"sk-SK\",\"@id\":\"https:\\\/\\\/www.upjs.sk\\\/prirodovedecka-fakulta\\\/#\\\/schema\\\/logo\\\/image\\\/\",\"url\":\"https:\\\/\\\/www.upjs.sk\\\/app\\\/uploads\\\/sites\\\/10\\\/2022\\\/09\\\/logo-prirodovedecka-fakulta.png\",\"contentUrl\":\"https:\\\/\\\/www.upjs.sk\\\/app\\\/uploads\\\/sites\\\/10\\\/2022\\\/09\\\/logo-prirodovedecka-fakulta.png\",\"width\":415,\"height\":87,\"caption\":\"Pr\u00edrodovedeck\u00e1 fakulta | UPJ\u0160\"},\"image\":{\"@id\":\"https:\\\/\\\/www.upjs.sk\\\/prirodovedecka-fakulta\\\/#\\\/schema\\\/logo\\\/image\\\/\"}}]}<\/script>\n<!-- \/ Yoast SEO plugin. -->","yoast_head_json":{"title":"doc. RNDr. Viktor V\u00edglask\u00fd, PhD. - Pr\u00edrodovedeck\u00e1 fakulta | UPJ\u0160","robots":{"index":"index","follow":"follow","max-snippet":"max-snippet:-1","max-image-preview":"max-image-preview:large","max-video-preview":"max-video-preview:-1"},"canonical":"https:\/\/www.upjs.sk\/prirodovedecka-fakulta\/fakulta\/cd2018\/viglasky\/","og_locale":"sk_SK","og_type":"article","og_title":"doc. RNDr. Viktor V\u00edglask\u00fd, PhD. - Pr\u00edrodovedeck\u00e1 fakulta | UPJ\u0160","og_description":"Docent V\u00edglask\u00fd, p\u00f4sobiaci na \u00dastave chemick\u00fdch vied, sa dlhodobo a\u00a0systematicky\u00a0 podie\u013ea na v\u00fdchove doktorandov a\u00a0diplomantov Katedry bioch\u00e9mie. Venuje sa \u0161t\u00fadiu \u0161trukt\u00farnych zmien makromolek\u00fal DNA a po\u010das svojej vedecko-pedagogickej kari\u00e9ry \u00faspe\u0161ne viedol 5 doktorandov, bol \u0161kolite\u013eom 34 diplomov\u00fdch pr\u00e1c a\u00a017 bakal\u00e1rskych pr\u00e1c. Vychoval mlad\u00fdch vedeck\u00fdch pracovn\u00edkov, ktor\u00ed sa vo svojej profesii presadili doma ako aj v\u00a0zahrani\u010d\u00ed. &hellip; \u010c\u00edta\u0165 \u010falej","og_url":"https:\/\/www.upjs.sk\/prirodovedecka-fakulta\/fakulta\/cd2018\/viglasky\/","og_site_name":"Pr\u00edrodovedeck\u00e1 fakulta | UPJ\u0160","article_modified_time":"2022-10-26T08:14:22+00:00","twitter_card":"summary_large_image","twitter_misc":{"Predpokladan\u00fd \u010das \u010d\u00edtania":"1 min\u00fata"},"schema":{"@context":"https:\/\/schema.org","@graph":[{"@type":"WebPage","@id":"https:\/\/www.upjs.sk\/prirodovedecka-fakulta\/fakulta\/cd2018\/viglasky\/","url":"https:\/\/www.upjs.sk\/prirodovedecka-fakulta\/fakulta\/cd2018\/viglasky\/","name":"doc. RNDr. Viktor V\u00edglask\u00fd, PhD. - Pr\u00edrodovedeck\u00e1 fakulta | UPJ\u0160","isPartOf":{"@id":"https:\/\/www.upjs.sk\/prirodovedecka-fakulta\/#website"},"datePublished":"2019-03-28T11:43:17+00:00","dateModified":"2022-10-26T08:14:22+00:00","breadcrumb":{"@id":"https:\/\/www.upjs.sk\/prirodovedecka-fakulta\/fakulta\/cd2018\/viglasky\/#breadcrumb"},"inLanguage":"sk-SK","potentialAction":[{"@type":"ReadAction","target":["https:\/\/www.upjs.sk\/prirodovedecka-fakulta\/fakulta\/cd2018\/viglasky\/"]}]},{"@type":"BreadcrumbList","@id":"https:\/\/www.upjs.sk\/prirodovedecka-fakulta\/fakulta\/cd2018\/viglasky\/#breadcrumb","itemListElement":[{"@type":"ListItem","position":1,"name":"Home","item":"https:\/\/www.upjs.sk\/prirodovedecka-fakulta\/"},{"@type":"ListItem","position":2,"name":"Inform\u00e1cie o fakulte","item":"https:\/\/www.upjs.sk\/prirodovedecka-fakulta\/fakulta\/"},{"@type":"ListItem","position":3,"name":"Cena dekana 2018","item":"https:\/\/www.upjs.sk\/prirodovedecka-fakulta\/?page_id=17217"},{"@type":"ListItem","position":4,"name":"doc. RNDr. Viktor V\u00edglask\u00fd, PhD."}]},{"@type":"WebSite","@id":"https:\/\/www.upjs.sk\/prirodovedecka-fakulta\/#website","url":"https:\/\/www.upjs.sk\/prirodovedecka-fakulta\/","name":"Pr\u00edrodovedeck\u00e1 fakulta | UPJ\u0160","description":"","publisher":{"@id":"https:\/\/www.upjs.sk\/prirodovedecka-fakulta\/#organization"},"potentialAction":[{"@type":"SearchAction","target":{"@type":"EntryPoint","urlTemplate":"https:\/\/www.upjs.sk\/prirodovedecka-fakulta\/?s={search_term_string}"},"query-input":{"@type":"PropertyValueSpecification","valueRequired":true,"valueName":"search_term_string"}}],"inLanguage":"sk-SK"},{"@type":"Organization","@id":"https:\/\/www.upjs.sk\/prirodovedecka-fakulta\/#organization","name":"Pr\u00edrodovedeck\u00e1 fakulta | UPJ\u0160","url":"https:\/\/www.upjs.sk\/prirodovedecka-fakulta\/","logo":{"@type":"ImageObject","inLanguage":"sk-SK","@id":"https:\/\/www.upjs.sk\/prirodovedecka-fakulta\/#\/schema\/logo\/image\/","url":"https:\/\/www.upjs.sk\/app\/uploads\/sites\/10\/2022\/09\/logo-prirodovedecka-fakulta.png","contentUrl":"https:\/\/www.upjs.sk\/app\/uploads\/sites\/10\/2022\/09\/logo-prirodovedecka-fakulta.png","width":415,"height":87,"caption":"Pr\u00edrodovedeck\u00e1 fakulta | UPJ\u0160"},"image":{"@id":"https:\/\/www.upjs.sk\/prirodovedecka-fakulta\/#\/schema\/logo\/image\/"}}]}},"_links":{"self":[{"href":"https:\/\/www.upjs.sk\/prirodovedecka-fakulta\/wp-json\/wp\/v2\/pages\/19527","targetHints":{"allow":["GET"]}}],"collection":[{"href":"https:\/\/www.upjs.sk\/prirodovedecka-fakulta\/wp-json\/wp\/v2\/pages"}],"about":[{"href":"https:\/\/www.upjs.sk\/prirodovedecka-fakulta\/wp-json\/wp\/v2\/types\/page"}],"author":[{"embeddable":true,"href":"https:\/\/www.upjs.sk\/prirodovedecka-fakulta\/wp-json\/wp\/v2\/users\/1"}],"replies":[{"embeddable":true,"href":"https:\/\/www.upjs.sk\/prirodovedecka-fakulta\/wp-json\/wp\/v2\/comments?post=19527"}],"version-history":[{"count":1,"href":"https:\/\/www.upjs.sk\/prirodovedecka-fakulta\/wp-json\/wp\/v2\/pages\/19527\/revisions"}],"predecessor-version":[{"id":19964,"href":"https:\/\/www.upjs.sk\/prirodovedecka-fakulta\/wp-json\/wp\/v2\/pages\/19527\/revisions\/19964"}],"up":[{"embeddable":true,"href":"https:\/\/www.upjs.sk\/prirodovedecka-fakulta\/wp-json\/wp\/v2\/pages\/17217"}],"wp:attachment":[{"href":"https:\/\/www.upjs.sk\/prirodovedecka-fakulta\/wp-json\/wp\/v2\/media?parent=19527"}],"wp:term":[{"taxonomy":"category","embeddable":true,"href":"https:\/\/www.upjs.sk\/prirodovedecka-fakulta\/wp-json\/wp\/v2\/categories?post=19527"},{"taxonomy":"post_tag","embeddable":true,"href":"https:\/\/www.upjs.sk\/prirodovedecka-fakulta\/wp-json\/wp\/v2\/tags?post=19527"}],"curies":[{"name":"wp","href":"https:\/\/api.w.org\/{rel}","templated":true}]}}