{"id":19535,"date":"2019-03-28T11:50:49","date_gmt":"2019-03-28T11:50:49","guid":{"rendered":"https:\/\/www.upjs.sk\/prirodovedecka-fakulta\/fakulta\/cd2018\/kovac\/"},"modified":"2022-10-26T08:14:26","modified_gmt":"2022-10-26T08:14:26","slug":"kovac","status":"publish","type":"page","link":"https:\/\/www.upjs.sk\/prirodovedecka-fakulta\/fakulta\/cd2018\/kovac\/","title":{"rendered":"prof. RNDr. \u013dubom\u00edr Kov\u00e1\u010d, CSc."},"content":{"rendered":"<p style=\"text-align: justify;\"><strong>Profesor Kov\u00e1\u010d, <\/strong>p\u00f4sobiaci na Katedre zool\u00f3gie \u00dastavu biologick\u00fdch a\u00a0ekologick\u00fdch vied sa v\u00fdrazne podie\u013eal a\u00a0podie\u013ea na rozvoji a\u00a0\u0161\u00edren\u00ed dobr\u00e9ho mena fakulty na Slovensku aj v\u00a0zahrani\u010d\u00ed a etablovanie Pr\u00edrodovedeckej fakulty ako \u0161pi\u010dkov\u00e9ho a\u00a0celosvetovo uzn\u00e1van\u00e9ho v\u00fdskumn\u00e9ho pracoviska v\u00a0oblasti <strong>subter\u00e1nnej biol\u00f3gie<\/strong>. Je dlhoro\u010dn\u00fdm \u010dlenom medzin\u00e1rodnej vedeckej spolo\u010dnosti International Society for Subterranean Biology, po\u010das dlh\u0161ieho obdobia p\u00f4sobil aj ako prezident tejto spolo\u010dnosti. Bol hlavn\u00fdm organiz\u00e1torom 21. ro\u010dn\u00edka medzin\u00e1rodnej vedeckej konferencie <em>International Conference on Subterranean Biology<\/em> v\u00a0septembri 2012 v\u00a0Ko\u0161iciach\u00a0 a\u00a0spoluorganiz\u00e1torom dvoch \u010fal\u0161\u00edch konferenci\u00ed tejto spolo\u010dnosti konan\u00fdch v\u00a0j\u00fani 2016 v\u00a0USA v\u00a0Arkansase a\u00a0v\u00a0auguste 2018 v\u00a0Portugalsku. Je jedn\u00fdm z editorov a spoluautorom monografie \u201c<strong>Cave Ecology<\/strong>\u201d; T\u00e1to publik\u00e1cia, vydan\u00e1 v\u00a0roku 2018, je pokra\u010dovan\u00edm ve\u013emi \u00faspe\u0161n\u00e9ho cyklu monografi\u00ed vydavate\u013estva Springer \u201cEcological Series\u201d. P\u00f4sob\u00ed ako \u010dlen \u00a0redak\u010dnej rady vedeck\u00fdch \u010dasopisov ako Subterranean Biology, Travaux de \u013eInstitut de Speologie &#8222;Emile Racovitza\u201c, Acta Carsologica Slovaca (Slovensk\u00fd kras) \u010di Aragonit.<\/p>\n","protected":false},"excerpt":{"rendered":"<p>Profesor Kov\u00e1\u010d, p\u00f4sobiaci na Katedre zool\u00f3gie \u00dastavu biologick\u00fdch a\u00a0ekologick\u00fdch vied sa v\u00fdrazne podie\u013eal a\u00a0podie\u013ea na rozvoji a\u00a0\u0161\u00edren\u00ed dobr\u00e9ho mena fakulty na Slovensku aj v\u00a0zahrani\u010d\u00ed a etablovanie Pr\u00edrodovedeckej fakulty ako \u0161pi\u010dkov\u00e9ho a\u00a0celosvetovo uzn\u00e1van\u00e9ho v\u00fdskumn\u00e9ho pracoviska v\u00a0oblasti subter\u00e1nnej biol\u00f3gie. Je dlhoro\u010dn\u00fdm \u010dlenom medzin\u00e1rodnej vedeckej spolo\u010dnosti International Society for Subterranean Biology, po\u010das dlh\u0161ieho obdobia p\u00f4sobil aj ako prezident &hellip; <a href=\"https:\/\/www.upjs.sk\/prirodovedecka-fakulta\/fakulta\/cd2018\/kovac\/\">\u010c\u00edta\u0165 \u010falej<\/a><\/p>\n","protected":false},"author":1,"featured_media":0,"parent":17217,"menu_order":9,"comment_status":"closed","ping_status":"closed","template":"","meta":{"_acf_changed":false,"_editorskit_title_hidden":false,"_editorskit_reading_time":0,"_editorskit_is_block_options_detached":false,"_editorskit_block_options_position":"{}","footnotes":""},"categories":[],"tags":[],"class_list":["post-19535","page","type-page","status-publish","hentry"],"acf":{"acf_link_na_externy_obsah":""},"yoast_head":"<!-- This site is optimized with the Yoast SEO plugin v27.4 - https:\/\/yoast.com\/product\/yoast-seo-wordpress\/ -->\n<title>prof. RNDr. \u013dubom\u00edr Kov\u00e1\u010d, CSc. - Pr\u00edrodovedeck\u00e1 fakulta | UPJ\u0160<\/title>\n<meta name=\"robots\" content=\"index, follow, max-snippet:-1, max-image-preview:large, max-video-preview:-1\" \/>\n<link rel=\"canonical\" href=\"https:\/\/www.upjs.sk\/prirodovedecka-fakulta\/fakulta\/cd2018\/kovac\/\" \/>\n<meta property=\"og:locale\" content=\"sk_SK\" \/>\n<meta property=\"og:type\" content=\"article\" \/>\n<meta property=\"og:title\" content=\"prof. RNDr. \u013dubom\u00edr Kov\u00e1\u010d, CSc. - Pr\u00edrodovedeck\u00e1 fakulta | UPJ\u0160\" \/>\n<meta property=\"og:description\" content=\"Profesor Kov\u00e1\u010d, p\u00f4sobiaci na Katedre zool\u00f3gie \u00dastavu biologick\u00fdch a\u00a0ekologick\u00fdch vied sa v\u00fdrazne podie\u013eal a\u00a0podie\u013ea na rozvoji a\u00a0\u0161\u00edren\u00ed dobr\u00e9ho mena fakulty na Slovensku aj v\u00a0zahrani\u010d\u00ed a etablovanie Pr\u00edrodovedeckej fakulty ako \u0161pi\u010dkov\u00e9ho a\u00a0celosvetovo uzn\u00e1van\u00e9ho v\u00fdskumn\u00e9ho pracoviska v\u00a0oblasti subter\u00e1nnej biol\u00f3gie. Je dlhoro\u010dn\u00fdm \u010dlenom medzin\u00e1rodnej vedeckej spolo\u010dnosti International Society for Subterranean Biology, po\u010das dlh\u0161ieho obdobia p\u00f4sobil aj ako prezident &hellip; \u010c\u00edta\u0165 \u010falej\" \/>\n<meta property=\"og:url\" content=\"https:\/\/www.upjs.sk\/prirodovedecka-fakulta\/fakulta\/cd2018\/kovac\/\" \/>\n<meta property=\"og:site_name\" content=\"Pr\u00edrodovedeck\u00e1 fakulta | UPJ\u0160\" \/>\n<meta property=\"article:modified_time\" content=\"2022-10-26T08:14:26+00:00\" \/>\n<meta name=\"twitter:card\" content=\"summary_large_image\" \/>\n<meta name=\"twitter:label1\" content=\"Predpokladan\u00fd \u010das \u010d\u00edtania\" \/>\n\t<meta name=\"twitter:data1\" content=\"1 min\u00fata\" \/>\n<script type=\"application\/ld+json\" class=\"yoast-schema-graph\">{\"@context\":\"https:\\\/\\\/schema.org\",\"@graph\":[{\"@type\":\"WebPage\",\"@id\":\"https:\\\/\\\/www.upjs.sk\\\/prirodovedecka-fakulta\\\/fakulta\\\/cd2018\\\/kovac\\\/\",\"url\":\"https:\\\/\\\/www.upjs.sk\\\/prirodovedecka-fakulta\\\/fakulta\\\/cd2018\\\/kovac\\\/\",\"name\":\"prof. RNDr. \u013dubom\u00edr Kov\u00e1\u010d, CSc. - Pr\u00edrodovedeck\u00e1 fakulta | UPJ\u0160\",\"isPartOf\":{\"@id\":\"https:\\\/\\\/www.upjs.sk\\\/prirodovedecka-fakulta\\\/#website\"},\"datePublished\":\"2019-03-28T11:50:49+00:00\",\"dateModified\":\"2022-10-26T08:14:26+00:00\",\"breadcrumb\":{\"@id\":\"https:\\\/\\\/www.upjs.sk\\\/prirodovedecka-fakulta\\\/fakulta\\\/cd2018\\\/kovac\\\/#breadcrumb\"},\"inLanguage\":\"sk-SK\",\"potentialAction\":[{\"@type\":\"ReadAction\",\"target\":[\"https:\\\/\\\/www.upjs.sk\\\/prirodovedecka-fakulta\\\/fakulta\\\/cd2018\\\/kovac\\\/\"]}]},{\"@type\":\"BreadcrumbList\",\"@id\":\"https:\\\/\\\/www.upjs.sk\\\/prirodovedecka-fakulta\\\/fakulta\\\/cd2018\\\/kovac\\\/#breadcrumb\",\"itemListElement\":[{\"@type\":\"ListItem\",\"position\":1,\"name\":\"Home\",\"item\":\"https:\\\/\\\/www.upjs.sk\\\/prirodovedecka-fakulta\\\/\"},{\"@type\":\"ListItem\",\"position\":2,\"name\":\"Inform\u00e1cie o fakulte\",\"item\":\"https:\\\/\\\/www.upjs.sk\\\/prirodovedecka-fakulta\\\/fakulta\\\/\"},{\"@type\":\"ListItem\",\"position\":3,\"name\":\"Cena dekana 2018\",\"item\":\"https:\\\/\\\/www.upjs.sk\\\/prirodovedecka-fakulta\\\/?page_id=17217\"},{\"@type\":\"ListItem\",\"position\":4,\"name\":\"prof. RNDr. \u013dubom\u00edr Kov\u00e1\u010d, CSc.\"}]},{\"@type\":\"WebSite\",\"@id\":\"https:\\\/\\\/www.upjs.sk\\\/prirodovedecka-fakulta\\\/#website\",\"url\":\"https:\\\/\\\/www.upjs.sk\\\/prirodovedecka-fakulta\\\/\",\"name\":\"Pr\u00edrodovedeck\u00e1 fakulta | UPJ\u0160\",\"description\":\"\",\"publisher\":{\"@id\":\"https:\\\/\\\/www.upjs.sk\\\/prirodovedecka-fakulta\\\/#organization\"},\"potentialAction\":[{\"@type\":\"SearchAction\",\"target\":{\"@type\":\"EntryPoint\",\"urlTemplate\":\"https:\\\/\\\/www.upjs.sk\\\/prirodovedecka-fakulta\\\/?s={search_term_string}\"},\"query-input\":{\"@type\":\"PropertyValueSpecification\",\"valueRequired\":true,\"valueName\":\"search_term_string\"}}],\"inLanguage\":\"sk-SK\"},{\"@type\":\"Organization\",\"@id\":\"https:\\\/\\\/www.upjs.sk\\\/prirodovedecka-fakulta\\\/#organization\",\"name\":\"Pr\u00edrodovedeck\u00e1 fakulta | UPJ\u0160\",\"url\":\"https:\\\/\\\/www.upjs.sk\\\/prirodovedecka-fakulta\\\/\",\"logo\":{\"@type\":\"ImageObject\",\"inLanguage\":\"sk-SK\",\"@id\":\"https:\\\/\\\/www.upjs.sk\\\/prirodovedecka-fakulta\\\/#\\\/schema\\\/logo\\\/image\\\/\",\"url\":\"https:\\\/\\\/www.upjs.sk\\\/app\\\/uploads\\\/sites\\\/10\\\/2022\\\/09\\\/logo-prirodovedecka-fakulta.png\",\"contentUrl\":\"https:\\\/\\\/www.upjs.sk\\\/app\\\/uploads\\\/sites\\\/10\\\/2022\\\/09\\\/logo-prirodovedecka-fakulta.png\",\"width\":415,\"height\":87,\"caption\":\"Pr\u00edrodovedeck\u00e1 fakulta | UPJ\u0160\"},\"image\":{\"@id\":\"https:\\\/\\\/www.upjs.sk\\\/prirodovedecka-fakulta\\\/#\\\/schema\\\/logo\\\/image\\\/\"}}]}<\/script>\n<!-- \/ Yoast SEO plugin. -->","yoast_head_json":{"title":"prof. RNDr. \u013dubom\u00edr Kov\u00e1\u010d, CSc. - Pr\u00edrodovedeck\u00e1 fakulta | UPJ\u0160","robots":{"index":"index","follow":"follow","max-snippet":"max-snippet:-1","max-image-preview":"max-image-preview:large","max-video-preview":"max-video-preview:-1"},"canonical":"https:\/\/www.upjs.sk\/prirodovedecka-fakulta\/fakulta\/cd2018\/kovac\/","og_locale":"sk_SK","og_type":"article","og_title":"prof. RNDr. \u013dubom\u00edr Kov\u00e1\u010d, CSc. - Pr\u00edrodovedeck\u00e1 fakulta | UPJ\u0160","og_description":"Profesor Kov\u00e1\u010d, p\u00f4sobiaci na Katedre zool\u00f3gie \u00dastavu biologick\u00fdch a\u00a0ekologick\u00fdch vied sa v\u00fdrazne podie\u013eal a\u00a0podie\u013ea na rozvoji a\u00a0\u0161\u00edren\u00ed dobr\u00e9ho mena fakulty na Slovensku aj v\u00a0zahrani\u010d\u00ed a etablovanie Pr\u00edrodovedeckej fakulty ako \u0161pi\u010dkov\u00e9ho a\u00a0celosvetovo uzn\u00e1van\u00e9ho v\u00fdskumn\u00e9ho pracoviska v\u00a0oblasti subter\u00e1nnej biol\u00f3gie. Je dlhoro\u010dn\u00fdm \u010dlenom medzin\u00e1rodnej vedeckej spolo\u010dnosti International Society for Subterranean Biology, po\u010das dlh\u0161ieho obdobia p\u00f4sobil aj ako prezident &hellip; \u010c\u00edta\u0165 \u010falej","og_url":"https:\/\/www.upjs.sk\/prirodovedecka-fakulta\/fakulta\/cd2018\/kovac\/","og_site_name":"Pr\u00edrodovedeck\u00e1 fakulta | UPJ\u0160","article_modified_time":"2022-10-26T08:14:26+00:00","twitter_card":"summary_large_image","twitter_misc":{"Predpokladan\u00fd \u010das \u010d\u00edtania":"1 min\u00fata"},"schema":{"@context":"https:\/\/schema.org","@graph":[{"@type":"WebPage","@id":"https:\/\/www.upjs.sk\/prirodovedecka-fakulta\/fakulta\/cd2018\/kovac\/","url":"https:\/\/www.upjs.sk\/prirodovedecka-fakulta\/fakulta\/cd2018\/kovac\/","name":"prof. RNDr. \u013dubom\u00edr Kov\u00e1\u010d, CSc. - Pr\u00edrodovedeck\u00e1 fakulta | UPJ\u0160","isPartOf":{"@id":"https:\/\/www.upjs.sk\/prirodovedecka-fakulta\/#website"},"datePublished":"2019-03-28T11:50:49+00:00","dateModified":"2022-10-26T08:14:26+00:00","breadcrumb":{"@id":"https:\/\/www.upjs.sk\/prirodovedecka-fakulta\/fakulta\/cd2018\/kovac\/#breadcrumb"},"inLanguage":"sk-SK","potentialAction":[{"@type":"ReadAction","target":["https:\/\/www.upjs.sk\/prirodovedecka-fakulta\/fakulta\/cd2018\/kovac\/"]}]},{"@type":"BreadcrumbList","@id":"https:\/\/www.upjs.sk\/prirodovedecka-fakulta\/fakulta\/cd2018\/kovac\/#breadcrumb","itemListElement":[{"@type":"ListItem","position":1,"name":"Home","item":"https:\/\/www.upjs.sk\/prirodovedecka-fakulta\/"},{"@type":"ListItem","position":2,"name":"Inform\u00e1cie o fakulte","item":"https:\/\/www.upjs.sk\/prirodovedecka-fakulta\/fakulta\/"},{"@type":"ListItem","position":3,"name":"Cena dekana 2018","item":"https:\/\/www.upjs.sk\/prirodovedecka-fakulta\/?page_id=17217"},{"@type":"ListItem","position":4,"name":"prof. RNDr. \u013dubom\u00edr Kov\u00e1\u010d, CSc."}]},{"@type":"WebSite","@id":"https:\/\/www.upjs.sk\/prirodovedecka-fakulta\/#website","url":"https:\/\/www.upjs.sk\/prirodovedecka-fakulta\/","name":"Pr\u00edrodovedeck\u00e1 fakulta | UPJ\u0160","description":"","publisher":{"@id":"https:\/\/www.upjs.sk\/prirodovedecka-fakulta\/#organization"},"potentialAction":[{"@type":"SearchAction","target":{"@type":"EntryPoint","urlTemplate":"https:\/\/www.upjs.sk\/prirodovedecka-fakulta\/?s={search_term_string}"},"query-input":{"@type":"PropertyValueSpecification","valueRequired":true,"valueName":"search_term_string"}}],"inLanguage":"sk-SK"},{"@type":"Organization","@id":"https:\/\/www.upjs.sk\/prirodovedecka-fakulta\/#organization","name":"Pr\u00edrodovedeck\u00e1 fakulta | UPJ\u0160","url":"https:\/\/www.upjs.sk\/prirodovedecka-fakulta\/","logo":{"@type":"ImageObject","inLanguage":"sk-SK","@id":"https:\/\/www.upjs.sk\/prirodovedecka-fakulta\/#\/schema\/logo\/image\/","url":"https:\/\/www.upjs.sk\/app\/uploads\/sites\/10\/2022\/09\/logo-prirodovedecka-fakulta.png","contentUrl":"https:\/\/www.upjs.sk\/app\/uploads\/sites\/10\/2022\/09\/logo-prirodovedecka-fakulta.png","width":415,"height":87,"caption":"Pr\u00edrodovedeck\u00e1 fakulta | UPJ\u0160"},"image":{"@id":"https:\/\/www.upjs.sk\/prirodovedecka-fakulta\/#\/schema\/logo\/image\/"}}]}},"_links":{"self":[{"href":"https:\/\/www.upjs.sk\/prirodovedecka-fakulta\/wp-json\/wp\/v2\/pages\/19535","targetHints":{"allow":["GET"]}}],"collection":[{"href":"https:\/\/www.upjs.sk\/prirodovedecka-fakulta\/wp-json\/wp\/v2\/pages"}],"about":[{"href":"https:\/\/www.upjs.sk\/prirodovedecka-fakulta\/wp-json\/wp\/v2\/types\/page"}],"author":[{"embeddable":true,"href":"https:\/\/www.upjs.sk\/prirodovedecka-fakulta\/wp-json\/wp\/v2\/users\/1"}],"replies":[{"embeddable":true,"href":"https:\/\/www.upjs.sk\/prirodovedecka-fakulta\/wp-json\/wp\/v2\/comments?post=19535"}],"version-history":[{"count":1,"href":"https:\/\/www.upjs.sk\/prirodovedecka-fakulta\/wp-json\/wp\/v2\/pages\/19535\/revisions"}],"predecessor-version":[{"id":19972,"href":"https:\/\/www.upjs.sk\/prirodovedecka-fakulta\/wp-json\/wp\/v2\/pages\/19535\/revisions\/19972"}],"up":[{"embeddable":true,"href":"https:\/\/www.upjs.sk\/prirodovedecka-fakulta\/wp-json\/wp\/v2\/pages\/17217"}],"wp:attachment":[{"href":"https:\/\/www.upjs.sk\/prirodovedecka-fakulta\/wp-json\/wp\/v2\/media?parent=19535"}],"wp:term":[{"taxonomy":"category","embeddable":true,"href":"https:\/\/www.upjs.sk\/prirodovedecka-fakulta\/wp-json\/wp\/v2\/categories?post=19535"},{"taxonomy":"post_tag","embeddable":true,"href":"https:\/\/www.upjs.sk\/prirodovedecka-fakulta\/wp-json\/wp\/v2\/tags?post=19535"}],"curies":[{"name":"wp","href":"https:\/\/api.w.org\/{rel}","templated":true}]}}