{"id":46489,"date":"2022-11-14T20:58:52","date_gmt":"2022-11-14T19:58:52","guid":{"rendered":"https:\/\/www.upjs.sk\/prirodovedecka-fakulta\/?page_id=46489"},"modified":"2025-02-06T10:03:45","modified_gmt":"2025-02-06T09:03:45","slug":"cena-dekana","status":"publish","type":"page","link":"https:\/\/www.upjs.sk\/prirodovedecka-fakulta\/cena-dekana\/","title":{"rendered":"Cena dekana"},"content":{"rendered":"<style>.kb-image46489_6fb8eb-52 .kb-image-has-overlay:after{opacity:0.3;border-top-left-radius:5px;border-top-right-radius:5px;border-bottom-right-radius:5px;border-bottom-left-radius:5px;}.kb-image46489_6fb8eb-52 img.kb-img, .kb-image46489_6fb8eb-52 .kb-img img{border-top-left-radius:5px;border-top-right-radius:5px;border-bottom-right-radius:5px;border-bottom-left-radius:5px;}<\/style>\n<figure class=\"wp-block-kadence-image kb-image46489_6fb8eb-52 size-full\"><img loading=\"lazy\" decoding=\"async\" width=\"1170\" height=\"200\" src=\"https:\/\/www.upjs.sk\/app\/uploads\/sites\/10\/2024\/04\/banner-ilob-Cena-dekana.png\" alt=\"\" class=\"kb-img wp-image-69014\" srcset=\"https:\/\/www.upjs.sk\/app\/uploads\/sites\/10\/2024\/04\/banner-ilob-Cena-dekana.png 1170w, https:\/\/www.upjs.sk\/app\/uploads\/sites\/10\/2024\/04\/banner-ilob-Cena-dekana-300x51.png 300w, https:\/\/www.upjs.sk\/app\/uploads\/sites\/10\/2024\/04\/banner-ilob-Cena-dekana-1024x175.png 1024w, https:\/\/www.upjs.sk\/app\/uploads\/sites\/10\/2024\/04\/banner-ilob-Cena-dekana-768x131.png 768w\" sizes=\"auto, (max-width: 1170px) 100vw, 1170px\" \/><\/figure>\n\n\n\n<div style=\"height:10px\" aria-hidden=\"true\" class=\"wp-block-spacer\"><\/div>\n\n\n<style>.kadence-column46489_428a37-40 > .kt-inside-inner-col{padding-top:var(--global-kb-spacing-xs, 1rem);padding-right:var(--global-kb-spacing-xs, 1rem);padding-bottom:var(--global-kb-spacing-xs, 1rem);padding-left:var(--global-kb-spacing-sm, 1.5rem);}.kadence-column46489_428a37-40 > .kt-inside-inner-col,.kadence-column46489_428a37-40 > .kt-inside-inner-col:before{border-top-left-radius:5px;border-top-right-radius:5px;border-bottom-right-radius:5px;border-bottom-left-radius:5px;}.kadence-column46489_428a37-40 > .kt-inside-inner-col{column-gap:var(--global-kb-gap-sm, 1rem);}.kadence-column46489_428a37-40 > .kt-inside-inner-col{flex-direction:column;}.kadence-column46489_428a37-40 > .kt-inside-inner-col > .aligncenter{width:100%;}.kadence-column46489_428a37-40 > .kt-inside-inner-col{background-color:#F4F4F4;}.kadence-column46489_428a37-40 > .kt-inside-inner-col:before{opacity:0.3;}.kadence-column46489_428a37-40{position:relative;}@media all and (max-width: 1024px){.kadence-column46489_428a37-40 > .kt-inside-inner-col{flex-direction:column;justify-content:center;}}@media all and (max-width: 767px){.kadence-column46489_428a37-40 > .kt-inside-inner-col{flex-direction:column;justify-content:center;}}<\/style>\n<div class=\"wp-block-kadence-column kadence-column46489_428a37-40\"><div class=\"kt-inside-inner-col\">\n<p class=\"has-text-align-justify\"><strong>Ceny dekana<\/strong> Pr\u00edrodovedeckej fakulty UPJ\u0160 v Ko\u0161iciach sa ude\u013euj\u00fa <strong>za mimoriadne v\u00fdsledky dosiahnut\u00e9 v pedagogickej a vedeckej \u010dinnosti ako aj za pr\u00edspevok k rozvoju fakulty<\/strong> zamestnancom fakulty a doktorandom v dennej forme \u0161t\u00fadia. Ceny sa ude\u013euj\u00fa za\u010diatkom kalend\u00e1rneho roka v\u017edy za uplynul\u00fd rok a odovzd\u00e1vaj\u00fa sa na v\u00fdro\u010dnom stretnut\u00ed akademickej obce PF UPJ\u0160.<\/p>\n\n\n<style>.wp-block-kadence-column.kb-section-dir-horizontal > .kt-inside-inner-col > .kt-info-box46489_94870a-8c .kt-blocks-info-box-link-wrap{max-width:unset;}.kt-info-box46489_94870a-8c .kt-blocks-info-box-link-wrap{border-top:0px solid #ffffff;border-right:0px solid #ffffff;border-bottom:0px solid #ffffff;border-left:0px solid #ffffff;border-top-left-radius:4px;border-top-right-radius:4px;border-bottom-right-radius:4px;border-bottom-left-radius:4px;background:#F4F4F4;padding-top:1px;padding-right:1px;padding-bottom:1px;padding-left:1px;}.kt-info-box46489_94870a-8c .kt-blocks-info-box-link-wrap:hover{background:#ffffff;}.kt-info-box46489_94870a-8c .kadence-info-box-icon-container .kt-info-svg-icon, .kt-info-box46489_94870a-8c .kt-info-svg-icon-flip, .kt-info-box46489_94870a-8c .kt-blocks-info-box-number{font-size:20px;}.kt-info-box46489_94870a-8c .kt-blocks-info-box-media{color:#008338;background:#F4F4F4;border-color:#008338;border-radius:3px;overflow:hidden;border-top-width:0px;border-right-width:0px;border-bottom-width:0px;border-left-width:0px;padding-top:3px;padding-right:3px;padding-bottom:3px;padding-left:3px;margin-top:0px;margin-right:2px;margin-bottom:0px;margin-left:0px;}.kt-info-box46489_94870a-8c .kt-blocks-info-box-media .kadence-info-box-image-intrisic img{border-radius:3px;}.kt-info-box46489_94870a-8c .kt-blocks-info-box-link-wrap:hover .kt-blocks-info-box-media{color:#C19152;background:#ffffff;border-color:#C19152;}.kt-info-box46489_94870a-8c .kt-infobox-textcontent h6.kt-blocks-info-box-title{color:#008338;padding-top:0px;padding-right:0px;padding-bottom:0px;padding-left:0px;margin-top:5px;margin-right:0px;margin-bottom:5px;margin-left:0px;}.kt-info-box46489_94870a-8c .kt-blocks-info-box-link-wrap:hover h6.kt-blocks-info-box-title{color:#C19152;}.kt-info-box46489_94870a-8c .kt-infobox-textcontent .kt-blocks-info-box-text{color:#555555;}.kt-info-box46489_94870a-8c .kt-blocks-info-box-learnmore{background:transparent;border-color:#555555;border-width:0px 0px 0px 0px;padding-top:4px;padding-right:8px;padding-bottom:4px;padding-left:8px;margin-top:10px;margin-right:0px;margin-bottom:10px;margin-left:0px;}.kt-info-box46489_94870a-8c .kt-blocks-info-box-link-wrap:hover .kt-blocks-info-box-learnmore,.kt-info-box46489_94870a-8c .kt-blocks-info-box-link-wrap .kt-blocks-info-box-learnmore:focus{color:#ffffff;background:#444444;border-color:#444444;}@media all and (max-width: 1024px){.kt-info-box46489_94870a-8c .kt-blocks-info-box-link-wrap{border-top:0px solid #ffffff;border-right:0px solid #ffffff;border-bottom:0px solid #ffffff;border-left:0px solid #ffffff;}}@media all and (max-width: 767px){.kt-info-box46489_94870a-8c .kt-blocks-info-box-link-wrap{border-top:0px solid #ffffff;border-right:0px solid #ffffff;border-bottom:0px solid #ffffff;border-left:0px solid #ffffff;}}<\/style>\n<div class=\"wp-block-kadence-infobox kt-info-box46489_94870a-8c\"><a class=\"kt-blocks-info-box-link-wrap info-box-link kt-blocks-info-box-media-align-left kt-info-halign-left\" target=\"_blank\" rel=\"noopener noreferrer\" href=\"https:\/\/intranet.upjs.sk\/op\/op.Public.php?documentid=3074\"><div class=\"kt-blocks-info-box-media-container\"><div class=\"kt-blocks-info-box-media kt-info-media-animate-none\"><div class=\"kadence-info-box-icon-container kt-info-icon-animate-none\"><div class=\"kadence-info-box-icon-inner-container\"><span class=\"kb-svg-icon-wrap kb-svg-icon-fas_file-pdf kt-info-svg-icon\"><svg viewBox=\"0 0 384 512\"  fill=\"currentColor\" xmlns=\"http:\/\/www.w3.org\/2000\/svg\"  aria-hidden=\"true\"><path d=\"M181.9 256.1c-5-16-4.9-46.9-2-46.9 8.4 0 7.6 36.9 2 46.9zm-1.7 47.2c-7.7 20.2-17.3 43.3-28.4 62.7 18.3-7 39-17.2 62.9-21.9-12.7-9.6-24.9-23.4-34.5-40.8zM86.1 428.1c0 .8 13.2-5.4 34.9-40.2-6.7 6.3-29.1 24.5-34.9 40.2zM248 160h136v328c0 13.3-10.7 24-24 24H24c-13.3 0-24-10.7-24-24V24C0 10.7 10.7 0 24 0h200v136c0 13.2 10.8 24 24 24zm-8 171.8c-20-12.2-33.3-29-42.7-53.8 4.5-18.5 11.6-46.6 6.2-64.2-4.7-29.4-42.4-26.5-47.8-6.8-5 18.3-.4 44.1 8.1 77-11.6 27.6-28.7 64.6-40.8 85.8-.1 0-.1.1-.2.1-27.1 13.9-73.6 44.5-54.5 68 5.6 6.9 16 10 21.5 10 17.9 0 35.7-18 61.1-61.8 25.8-8.5 54.1-19.1 79-23.2 21.7 11.8 47.1 19.5 64 19.5 29.2 0 31.2-32 19.7-43.4-13.9-13.6-54.3-9.7-73.6-7.2zM377 105L279 7c-4.5-4.5-10.6-7-17-7h-6v128h128v-6.1c0-6.3-2.5-12.4-7-16.9zm-74.1 255.3c4.1-2.7-2.5-11.9-42.8-9 37.1 15.8 42.8 9 42.8 9z\"\/><\/svg><\/span><\/div><\/div><\/div><\/div><div class=\"kt-infobox-textcontent\"><h6 class=\"kt-blocks-info-box-title\">\u0160tat\u00fat cien dekana PF UPJ\u0160<\/h6><\/div><\/a><\/div>\n<\/div><\/div>\n\n\n\n<div style=\"height:20px\" aria-hidden=\"true\" class=\"wp-block-spacer\"><\/div>\n\n\n<section class=\"aktuality aktuality-container mx-auto \">\r\n    <div class=\"aktuality-heading pb-6 md:pb-12\">\r\n        <h2 class=\"aktuality-heading-text uppercase block ml-4 md:ml-0 text-left md:text-center\">Preh\u013ead udelen\u00fdch cien<\/h2>\r\n    <\/div>\r\n        <div class=\"hidden md:grid gap-x-8 gap-y-4 lg:grid-cols-3 md:grid-cols-2 grid-cols-1 article-container lg:px-24 md:px-16 px-12 \">\r\n                     <article class=\"w-full article relative\">\n  <div data-aos=\"fade-up\" class=\"lg:w-full mx-auto\">\n      <div class=\"article-img rounded-t-lg overflow-hidden transition duration-500 ease-in-out transform-gpu hover:scale-105 hover:shadow-2xl\">\n          <a href=\"https:\/\/www.upjs.sk\/prirodovedecka-fakulta\/upjs-life\/cena-dekana-2025\/\">\n            <img loading=\"lazy\" decoding=\"async\" width=\"600\" height=\"420\" src=\"https:\/\/www.upjs.sk\/app\/uploads\/sites\/10\/2026\/04\/ilob-CenaDekana-2025.png\" class=\"attachment-post-thumbnail size-post-thumbnail wp-post-image\" alt=\"\" srcset=\"https:\/\/www.upjs.sk\/app\/uploads\/sites\/10\/2026\/04\/ilob-CenaDekana-2025.png 600w, https:\/\/www.upjs.sk\/app\/uploads\/sites\/10\/2026\/04\/ilob-CenaDekana-2025-300x210.png 300w\" sizes=\"auto, (max-width: 600px) 100vw, 600px\" \/>\n          <\/a>\n      <\/div>\n  <\/div>\n  <div class=\"artilce-content border-x border-b upjs-grey p-4 rounded-b-lg\">\n      <a href=\"https:\/\/www.upjs.sk\/prirodovedecka-fakulta\/upjs-life\/cena-dekana-2025\/\" class=\"aktualita-nadpis\">\n          <h4 class=\"aktualita-nadpis font-bold line-clamp-2\">Cena dekana 2025<\/h4>\n      <\/a>\n      <div class=\"aktualita-excerpt mt-4 text-xs mb-5 line-clamp-5\">\n        \n        <b>Cena dekana<\/b> ude\u013eovan\u00e1 za mimoriadne v\u00fdsledky dosiahnut\u00e9 v jednotliv\u00fdch oblastiach \u010dinnosti fakulty za rok 2024 bola odovzdan\u00e1 nominovan\u00fdm na zhroma\u017eden\u00ed akademickej obce fakulty d\u0148a <b>8. apr\u00edla 2065<\/b>.   \n      <\/div>\n      <div class=\"inline-date absolute bottom-0 left-0  mb-4 flex justify-between items-center w-full\">\n        <div class=\"inline-block pb-1 pl-4 mt-4 text-upjs-blue underline underline-offset-1 text-xs \">\n          <a href=\"https:\/\/www.upjs.sk\/prirodovedecka-fakulta\/upjs-life\/cena-dekana-2025\/\">Zobrazi\u0165 viac<span aria-hidden=\"true\">&rarr;<\/span><\/a> \n       <\/div>\n\n       <div class=\"inline-block text-xs pb-1 pr-4 mt-4\">\n         30. apr\u00edla 2026\n       <\/div>\n      <\/div>\n  <\/div>\n<\/article>                     <article class=\"w-full article relative\">\n  <div data-aos=\"fade-up\" class=\"lg:w-full mx-auto\">\n      <div class=\"article-img rounded-t-lg overflow-hidden transition duration-500 ease-in-out transform-gpu hover:scale-105 hover:shadow-2xl\">\n          <a href=\"https:\/\/www.upjs.sk\/prirodovedecka-fakulta\/upjs-life\/cena-dekana-2024\/\">\n            <img loading=\"lazy\" decoding=\"async\" width=\"600\" height=\"420\" src=\"https:\/\/www.upjs.sk\/app\/uploads\/sites\/10\/2025\/04\/ilob-CenaDekana-2024-.png\" class=\"attachment-post-thumbnail size-post-thumbnail wp-post-image\" alt=\"\" srcset=\"https:\/\/www.upjs.sk\/app\/uploads\/sites\/10\/2025\/04\/ilob-CenaDekana-2024-.png 600w, https:\/\/www.upjs.sk\/app\/uploads\/sites\/10\/2025\/04\/ilob-CenaDekana-2024--300x210.png 300w\" sizes=\"auto, (max-width: 600px) 100vw, 600px\" \/>\n          <\/a>\n      <\/div>\n  <\/div>\n  <div class=\"artilce-content border-x border-b upjs-grey p-4 rounded-b-lg\">\n      <a href=\"https:\/\/www.upjs.sk\/prirodovedecka-fakulta\/upjs-life\/cena-dekana-2024\/\" class=\"aktualita-nadpis\">\n          <h4 class=\"aktualita-nadpis font-bold line-clamp-2\">Cena dekana 2024<\/h4>\n      <\/a>\n      <div class=\"aktualita-excerpt mt-4 text-xs mb-5 line-clamp-5\">\n        \n        <b>Cena dekana<\/b> ude\u013eovan\u00e1 za mimoriadne v\u00fdsledky dosiahnut\u00e9 v jednotliv\u00fdch oblastiach \u010dinnosti fakulty za rok 2024 bola odovzdan\u00e1 nominovan\u00fdm na zhroma\u017eden\u00ed akademickej obce fakulty d\u0148a <b>2. apr\u00edla 2025<\/b>.   \n      <\/div>\n      <div class=\"inline-date absolute bottom-0 left-0  mb-4 flex justify-between items-center w-full\">\n        <div class=\"inline-block pb-1 pl-4 mt-4 text-upjs-blue underline underline-offset-1 text-xs \">\n          <a href=\"https:\/\/www.upjs.sk\/prirodovedecka-fakulta\/upjs-life\/cena-dekana-2024\/\">Zobrazi\u0165 viac<span aria-hidden=\"true\">&rarr;<\/span><\/a> \n       <\/div>\n\n       <div class=\"inline-block text-xs pb-1 pr-4 mt-4\">\n         10. apr\u00edla 2025\n       <\/div>\n      <\/div>\n  <\/div>\n<\/article>                     <article class=\"w-full article relative\">\n  <div data-aos=\"fade-up\" class=\"lg:w-full mx-auto\">\n      <div class=\"article-img rounded-t-lg overflow-hidden transition duration-500 ease-in-out transform-gpu hover:scale-105 hover:shadow-2xl\">\n          <a href=\"https:\/\/www.upjs.sk\/prirodovedecka-fakulta\/upjs-life\/cena-dekana-2023\/\">\n            <img loading=\"lazy\" decoding=\"async\" width=\"600\" height=\"420\" src=\"https:\/\/www.upjs.sk\/app\/uploads\/sites\/10\/2024\/04\/ilob-CenaDekana-2023-.png\" class=\"attachment-post-thumbnail size-post-thumbnail wp-post-image\" alt=\"\" srcset=\"https:\/\/www.upjs.sk\/app\/uploads\/sites\/10\/2024\/04\/ilob-CenaDekana-2023-.png 600w, https:\/\/www.upjs.sk\/app\/uploads\/sites\/10\/2024\/04\/ilob-CenaDekana-2023--300x210.png 300w\" sizes=\"auto, (max-width: 600px) 100vw, 600px\" \/>\n          <\/a>\n      <\/div>\n  <\/div>\n  <div class=\"artilce-content border-x border-b upjs-grey p-4 rounded-b-lg\">\n      <a href=\"https:\/\/www.upjs.sk\/prirodovedecka-fakulta\/upjs-life\/cena-dekana-2023\/\" class=\"aktualita-nadpis\">\n          <h4 class=\"aktualita-nadpis font-bold line-clamp-2\">Cena dekana 2023<\/h4>\n      <\/a>\n      <div class=\"aktualita-excerpt mt-4 text-xs mb-5 line-clamp-5\">\n        \n        Cena dekana, ktor\u00e1 je ude\u013eovan\u00e1 za mimoriadne v\u00fdsledky dosiahnut\u00e9 v kateg\u00f3ri\u00e1ch pedagogick\u00e1 \u010dinnos\u0165, vedeckov\u00fdskumn\u00e1 \u010dinnos\u0165 a rozvoj fakulty bola za rok 2022 udelen\u00e1 t\u00fdmto zamestnancom a doktorandom na\u0161ej fakulty.\n      <\/div>\n      <div class=\"inline-date absolute bottom-0 left-0  mb-4 flex justify-between items-center w-full\">\n        <div class=\"inline-block pb-1 pl-4 mt-4 text-upjs-blue underline underline-offset-1 text-xs \">\n          <a href=\"https:\/\/www.upjs.sk\/prirodovedecka-fakulta\/upjs-life\/cena-dekana-2023\/\">Zobrazi\u0165 viac<span aria-hidden=\"true\">&rarr;<\/span><\/a> \n       <\/div>\n\n       <div class=\"inline-block text-xs pb-1 pr-4 mt-4\">\n         9. apr\u00edla 2024\n       <\/div>\n      <\/div>\n  <\/div>\n<\/article>                     <article class=\"w-full article relative\">\n  <div data-aos=\"fade-up\" class=\"lg:w-full mx-auto\">\n      <div class=\"article-img rounded-t-lg overflow-hidden transition duration-500 ease-in-out transform-gpu hover:scale-105 hover:shadow-2xl\">\n          <a href=\"https:\/\/www.upjs.sk\/prirodovedecka-fakulta\/upjs-life\/cena-dekana-2022\/\">\n            <img loading=\"lazy\" decoding=\"async\" width=\"600\" height=\"420\" src=\"https:\/\/www.upjs.sk\/app\/uploads\/sites\/10\/2023\/03\/ilob-CenaDekana-2022.png\" class=\"attachment-post-thumbnail size-post-thumbnail wp-post-image\" alt=\"\" srcset=\"https:\/\/www.upjs.sk\/app\/uploads\/sites\/10\/2023\/03\/ilob-CenaDekana-2022.png 600w, https:\/\/www.upjs.sk\/app\/uploads\/sites\/10\/2023\/03\/ilob-CenaDekana-2022-300x210.png 300w\" sizes=\"auto, (max-width: 600px) 100vw, 600px\" \/>\n          <\/a>\n      <\/div>\n  <\/div>\n  <div class=\"artilce-content border-x border-b upjs-grey p-4 rounded-b-lg\">\n      <a href=\"https:\/\/www.upjs.sk\/prirodovedecka-fakulta\/upjs-life\/cena-dekana-2022\/\" class=\"aktualita-nadpis\">\n          <h4 class=\"aktualita-nadpis font-bold line-clamp-2\">Cena dekana 2022<\/h4>\n      <\/a>\n      <div class=\"aktualita-excerpt mt-4 text-xs mb-5 line-clamp-5\">\n        \n        Cena dekana, ktor\u00e1 je ude\u013eovan\u00e1 za mimoriadne v\u00fdsledky dosiahnut\u00e9 v kateg\u00f3ri\u00e1ch pedagogick\u00e1 \u010dinnos\u0165, vedeckov\u00fdskumn\u00e1 \u010dinnos\u0165 a rozvoj fakulty bola za rok 2022 udelen\u00e1 t\u00fdmto zamestnancom a doktorandom na\u0161ej fakulty.\n      <\/div>\n      <div class=\"inline-date absolute bottom-0 left-0  mb-4 flex justify-between items-center w-full\">\n        <div class=\"inline-block pb-1 pl-4 mt-4 text-upjs-blue underline underline-offset-1 text-xs \">\n          <a href=\"https:\/\/www.upjs.sk\/prirodovedecka-fakulta\/upjs-life\/cena-dekana-2022\/\">Zobrazi\u0165 viac<span aria-hidden=\"true\">&rarr;<\/span><\/a> \n       <\/div>\n\n       <div class=\"inline-block text-xs pb-1 pr-4 mt-4\">\n         30. marca 2023\n       <\/div>\n      <\/div>\n  <\/div>\n<\/article>                     <article class=\"w-full article relative\">\n  <div data-aos=\"fade-up\" class=\"lg:w-full mx-auto\">\n      <div class=\"article-img rounded-t-lg overflow-hidden transition duration-500 ease-in-out transform-gpu hover:scale-105 hover:shadow-2xl\">\n          <a href=\"https:\/\/www.upjs.sk\/prirodovedecka-fakulta\/upjs-life\/26878\/\">\n            <img loading=\"lazy\" decoding=\"async\" width=\"600\" height=\"420\" src=\"https:\/\/www.upjs.sk\/app\/uploads\/sites\/10\/2022\/03\/ilob-CenaDekana-2021.png\" class=\"attachment-post-thumbnail size-post-thumbnail wp-post-image\" alt=\"\" srcset=\"https:\/\/www.upjs.sk\/app\/uploads\/sites\/10\/2022\/03\/ilob-CenaDekana-2021.png 600w, https:\/\/www.upjs.sk\/app\/uploads\/sites\/10\/2022\/03\/ilob-CenaDekana-2021-300x210.png 300w\" sizes=\"auto, (max-width: 600px) 100vw, 600px\" \/>\n          <\/a>\n      <\/div>\n  <\/div>\n  <div class=\"artilce-content border-x border-b upjs-grey p-4 rounded-b-lg\">\n      <a href=\"https:\/\/www.upjs.sk\/prirodovedecka-fakulta\/upjs-life\/26878\/\" class=\"aktualita-nadpis\">\n          <h4 class=\"aktualita-nadpis font-bold line-clamp-2\">Cena dekana 2021<\/h4>\n      <\/a>\n      <div class=\"aktualita-excerpt mt-4 text-xs mb-5 line-clamp-5\">\n        \n        <p style=\"text-align:justify\"><span style=\"color:#c0392b\">Cena dekana,<\/span> ktor\u00e1 je ude\u013eovan\u00e1 za mimoriadne v\u00fdsledky dosiahnut\u00e9 v kateg\u00f3ri\u00e1ch <span style=\"color:#c0392b\">pedagogick\u00e1 \u010dinnos\u0165<\/span>, <span style=\"color:#c0392b\">vedeckov\u00fdskumn\u00e1 \u010dinnos\u0165<\/span> a <span style=\"color:#c0392b\">rozvoj fakulty<\/span> bola udelen\u00e1 na zhroma\u017eden\u00ed Akademickej obce PF UPJ\u0160 konanom d\u0148a <span style=\"color:#c0392b\">30. marca 2022\u00a0<\/span><\/p>\n      <\/div>\n      <div class=\"inline-date absolute bottom-0 left-0  mb-4 flex justify-between items-center w-full\">\n        <div class=\"inline-block pb-1 pl-4 mt-4 text-upjs-blue underline underline-offset-1 text-xs \">\n          <a href=\"https:\/\/www.upjs.sk\/prirodovedecka-fakulta\/upjs-life\/26878\/\">Zobrazi\u0165 viac<span aria-hidden=\"true\">&rarr;<\/span><\/a> \n       <\/div>\n\n       <div class=\"inline-block text-xs pb-1 pr-4 mt-4\">\n         31. marca 2022\n       <\/div>\n      <\/div>\n  <\/div>\n<\/article>                     <article class=\"w-full article relative\">\n  <div data-aos=\"fade-up\" class=\"lg:w-full mx-auto\">\n      <div class=\"article-img rounded-t-lg overflow-hidden transition duration-500 ease-in-out transform-gpu hover:scale-105 hover:shadow-2xl\">\n          <a href=\"https:\/\/www.upjs.sk\/prirodovedecka-fakulta\/upjs-life\/24587-2\/\">\n            <img loading=\"lazy\" decoding=\"async\" width=\"600\" height=\"420\" src=\"https:\/\/www.upjs.sk\/app\/uploads\/sites\/10\/2021\/03\/ilob-CenaDekana-2020.png\" class=\"attachment-post-thumbnail size-post-thumbnail wp-post-image\" alt=\"\" srcset=\"https:\/\/www.upjs.sk\/app\/uploads\/sites\/10\/2021\/03\/ilob-CenaDekana-2020.png 600w, https:\/\/www.upjs.sk\/app\/uploads\/sites\/10\/2021\/03\/ilob-CenaDekana-2020-300x210.png 300w\" sizes=\"auto, (max-width: 600px) 100vw, 600px\" \/>\n          <\/a>\n      <\/div>\n  <\/div>\n  <div class=\"artilce-content border-x border-b upjs-grey p-4 rounded-b-lg\">\n      <a href=\"https:\/\/www.upjs.sk\/prirodovedecka-fakulta\/upjs-life\/24587-2\/\" class=\"aktualita-nadpis\">\n          <h4 class=\"aktualita-nadpis font-bold line-clamp-2\">Cena dekana 2020<\/h4>\n      <\/a>\n      <div class=\"aktualita-excerpt mt-4 text-xs mb-5 line-clamp-5\">\n        \n        <p style=\"text-align:justify\"><span style=\"color:#a52a2a\">Cena dekana<\/span>, ktor\u00e1 je ude\u013eovan\u00e1 za mimoriadne v\u00fdsledky dosiahnut\u00e9 v kateg\u00f3ri\u00e1ch <span style=\"color:#a52a2a\">pedagogick\u00e1 \u010dinnos\u0165, vedeckov\u00fdskumn\u00e1 \u010dinnos\u0165 a rozvoj fakulty<\/span> bola za rok 2020 udelen\u00e1 t\u00fdmto zamestnancom a doktorandom na\u0161ej fakulty<\/p>\n      <\/div>\n      <div class=\"inline-date absolute bottom-0 left-0  mb-4 flex justify-between items-center w-full\">\n        <div class=\"inline-block pb-1 pl-4 mt-4 text-upjs-blue underline underline-offset-1 text-xs \">\n          <a href=\"https:\/\/www.upjs.sk\/prirodovedecka-fakulta\/upjs-life\/24587-2\/\">Zobrazi\u0165 viac<span aria-hidden=\"true\">&rarr;<\/span><\/a> \n       <\/div>\n\n       <div class=\"inline-block text-xs pb-1 pr-4 mt-4\">\n         24. marca 2021\n       <\/div>\n      <\/div>\n  <\/div>\n<\/article>                     <article class=\"w-full article relative\">\n  <div data-aos=\"fade-up\" class=\"lg:w-full mx-auto\">\n      <div class=\"article-img rounded-t-lg overflow-hidden transition duration-500 ease-in-out transform-gpu hover:scale-105 hover:shadow-2xl\">\n          <a href=\"https:\/\/www.upjs.sk\/prirodovedecka-fakulta\/upjs-life\/23606\/\">\n            <img loading=\"lazy\" decoding=\"async\" width=\"600\" height=\"420\" src=\"https:\/\/www.upjs.sk\/app\/uploads\/sites\/10\/2020\/09\/ilob-CenaDekana-2019.png\" class=\"attachment-post-thumbnail size-post-thumbnail wp-post-image\" alt=\"\" srcset=\"https:\/\/www.upjs.sk\/app\/uploads\/sites\/10\/2020\/09\/ilob-CenaDekana-2019.png 600w, https:\/\/www.upjs.sk\/app\/uploads\/sites\/10\/2020\/09\/ilob-CenaDekana-2019-300x210.png 300w\" sizes=\"auto, (max-width: 600px) 100vw, 600px\" \/>\n          <\/a>\n      <\/div>\n  <\/div>\n  <div class=\"artilce-content border-x border-b upjs-grey p-4 rounded-b-lg\">\n      <a href=\"https:\/\/www.upjs.sk\/prirodovedecka-fakulta\/upjs-life\/23606\/\" class=\"aktualita-nadpis\">\n          <h4 class=\"aktualita-nadpis font-bold line-clamp-2\">Cena dekana 2019<\/h4>\n      <\/a>\n      <div class=\"aktualita-excerpt mt-4 text-xs mb-5 line-clamp-5\">\n        \n        <p style=\"text-align: justify;\"><strong><span style=\"color:#A52A2A\">Cena dekana<\/span>,<\/strong> ktor\u00e1 je ude\u013eovan\u00e1 za mimoriadne v\u00fdsledky dosiahnut\u00e9 v\u00a0kateg\u00f3ri\u00e1ch <span style=\"color:#A52A2A\"><strong>pedagogick\u00e1 \u010dinnos\u0165, vedeckov\u00fdskumn\u00e1 \u010dinnos\u0165<\/strong><\/span> a\u00a0<span style=\"color:#A52A2A\"><strong>rozvoj fakulty<\/strong><\/span> bola udelen\u00e1 t\u00fdmto zamestnancom a\u00a0doktorandom na\u0161ej fakulty<\/p>\n      <\/div>\n      <div class=\"inline-date absolute bottom-0 left-0  mb-4 flex justify-between items-center w-full\">\n        <div class=\"inline-block pb-1 pl-4 mt-4 text-upjs-blue underline underline-offset-1 text-xs \">\n          <a href=\"https:\/\/www.upjs.sk\/prirodovedecka-fakulta\/upjs-life\/23606\/\">Zobrazi\u0165 viac<span aria-hidden=\"true\">&rarr;<\/span><\/a> \n       <\/div>\n\n       <div class=\"inline-block text-xs pb-1 pr-4 mt-4\">\n         18. septembra 2020\n       <\/div>\n      <\/div>\n  <\/div>\n<\/article>                     <article class=\"w-full article relative\">\n  <div data-aos=\"fade-up\" class=\"lg:w-full mx-auto\">\n      <div class=\"article-img rounded-t-lg overflow-hidden transition duration-500 ease-in-out transform-gpu hover:scale-105 hover:shadow-2xl\">\n          <a href=\"https:\/\/www.upjs.sk\/prirodovedecka-fakulta\/actuality\/20673\/\">\n            <img loading=\"lazy\" decoding=\"async\" width=\"600\" height=\"420\" src=\"https:\/\/www.upjs.sk\/app\/uploads\/sites\/10\/2019\/03\/ilob-CenaDekana-2018.png\" class=\"attachment-post-thumbnail size-post-thumbnail wp-post-image\" alt=\"\" srcset=\"https:\/\/www.upjs.sk\/app\/uploads\/sites\/10\/2019\/03\/ilob-CenaDekana-2018.png 600w, https:\/\/www.upjs.sk\/app\/uploads\/sites\/10\/2019\/03\/ilob-CenaDekana-2018-300x210.png 300w\" sizes=\"auto, (max-width: 600px) 100vw, 600px\" \/>\n          <\/a>\n      <\/div>\n  <\/div>\n  <div class=\"artilce-content border-x border-b upjs-grey p-4 rounded-b-lg\">\n      <a href=\"https:\/\/www.upjs.sk\/prirodovedecka-fakulta\/actuality\/20673\/\" class=\"aktualita-nadpis\">\n          <h4 class=\"aktualita-nadpis font-bold line-clamp-2\">Cena dekana 2018<\/h4>\n      <\/a>\n      <div class=\"aktualita-excerpt mt-4 text-xs mb-5 line-clamp-5\">\n        \n        <p style=\"text-align: justify;\">Na zhroma\u017edeniach akademickej obce Pr\u00edrodovedeckej fakulty UPJ\u0160 v\u00a0Ko\u0161iciach je tradi\u010dne ude\u013eovan\u00e1 Cena dekana za mimoriadne v\u00fdsledky dosiahnut\u00e9 v\u00a0r\u00e1mci pedagogickej \u010dinnosti, \u00a0vedeckov\u00fdskumnej \u010dinnosti ako aj rozvoja fakulty.<\/p>\n      <\/div>\n      <div class=\"inline-date absolute bottom-0 left-0  mb-4 flex justify-between items-center w-full\">\n        <div class=\"inline-block pb-1 pl-4 mt-4 text-upjs-blue underline underline-offset-1 text-xs \">\n          <a href=\"https:\/\/www.upjs.sk\/prirodovedecka-fakulta\/actuality\/20673\/\">Zobrazi\u0165 viac<span aria-hidden=\"true\">&rarr;<\/span><\/a> \n       <\/div>\n\n       <div class=\"inline-block text-xs pb-1 pr-4 mt-4\">\n         28. marca 2019\n       <\/div>\n      <\/div>\n  <\/div>\n<\/article>            <\/div>\r\n    <\/section>\r\n\r\n\r\n<style type=\"text\/css\">\r\n  [data- block_a571a2046271a69da4cf3afec8ef046a] {\r\n    background:  ;\r\n    color: ;\r\n  }\r\n<\/style>\r\n\n\n\n<div style=\"height:20px\" aria-hidden=\"true\" class=\"wp-block-spacer\"><\/div>\n\n\n\n<ul class=\"wp-block-list\">\n<li><a href=\"https:\/\/www.upjs.sk\/app\/uploads\/sites\/10\/2022\/09\/Cena_dekana_2017.pdf\" target=\"_blank\" rel=\"noopener\">Cena dekana udelen\u00e1 v roku 2017<\/a><\/li>\n\n\n\n<li><a href=\"https:\/\/www.upjs.sk\/app\/uploads\/sites\/10\/2022\/10\/cenaDekana_2016.pdf\" target=\"_blank\" rel=\"noopener\">Cena dekana udelen\u00e1 v roku 2016<\/a><\/li>\n\n\n\n<li><a href=\"https:\/\/www.upjs.sk\/app\/uploads\/sites\/10\/2024\/01\/Cena_dekana_2015.pdf\" target=\"_blank\" rel=\"noopener\">Cena dekana udelen\u00e1 v roku 2015<\/a><\/li>\n\n\n\n<li><a href=\"https:\/\/www.upjs.sk\/app\/uploads\/sites\/10\/2024\/01\/Cena_dekana_2014.pdf\" target=\"_blank\" rel=\"noopener\">Cena dekana udelen\u00e1 v roku 2014<\/a><\/li>\n\n\n\n<li><a href=\"https:\/\/www.upjs.sk\/app\/uploads\/sites\/10\/2024\/01\/Cena_dekana_2013.pdf\" target=\"_blank\" rel=\"noopener\">Cena dekana udelen\u00e1 v roku 2013<\/a><\/li>\n\n\n\n<li><a class=\"simplelightbox\" href=\"https:\/\/www.upjs.sk\/app\/uploads\/sites\/10\/2024\/01\/Cena_dekana_2012.pdf\" target=\"_blank\" rel=\"noopener\">Cena dekana udelen\u00e1 v roku 2012<\/a><\/li>\n\n\n\n<li><a class=\"simplelightbox\" href=\"https:\/\/www.upjs.sk\/app\/uploads\/sites\/10\/2022\/09\/Cena_dekana_2018.pdfaDekana.pptx\" target=\"_blank\" rel=\"noopener\">Cena dekana udelen\u00e1 v roku 2011<\/a><\/li>\n\n\n\n<li><a class=\"simplelightbox\" href=\"https:\/\/www.upjs.sk\/app\/uploads\/sites\/10\/2024\/01\/Cena_dekana_2010.pdf\" target=\"_blank\" rel=\"noopener\">Cena dekana udelen\u00e1 v roku 2010<\/a><\/li>\n\n\n\n<li><a class=\"simplelightbox\" href=\"https:\/\/www.upjs.sk\/app\/uploads\/sites\/10\/2024\/01\/Cena_dekana_2009.pdf\" target=\"_blank\" rel=\"noopener\">Cena dekana udelen\u00e1 v roku 2009<\/a><\/li>\n<\/ul>\n","protected":false},"excerpt":{"rendered":"<p>Ceny dekana Pr\u00edrodovedeckej fakulty UPJ\u0160 v Ko\u0161iciach sa ude\u013euj\u00fa za mimoriadne v\u00fdsledky dosiahnut\u00e9 v pedagogickej a vedeckej \u010dinnosti ako aj za pr\u00edspevok k rozvoju fakulty zamestnancom fakulty a doktorandom v dennej forme \u0161t\u00fadia. Ceny sa ude\u013euj\u00fa za\u010diatkom kalend\u00e1rneho roka v\u017edy za uplynul\u00fd rok a odovzd\u00e1vaj\u00fa sa na v\u00fdro\u010dnom stretnut\u00ed akademickej obce PF UPJ\u0160.<\/p>\n","protected":false},"author":25,"featured_media":0,"parent":0,"menu_order":22,"comment_status":"closed","ping_status":"closed","template":"","meta":{"_acf_changed":false,"_editorskit_title_hidden":false,"_editorskit_reading_time":1,"_editorskit_is_block_options_detached":false,"_editorskit_block_options_position":"{}","footnotes":""},"categories":[],"tags":[],"class_list":["post-46489","page","type-page","status-publish","hentry"],"acf":{"acf_link_na_externy_obsah":""},"yoast_head":"<!-- This site is optimized with the Yoast SEO plugin v27.4 - https:\/\/yoast.com\/product\/yoast-seo-wordpress\/ -->\n<title>Cena dekana - Pr\u00edrodovedeck\u00e1 fakulta | UPJ\u0160<\/title>\n<meta name=\"robots\" content=\"index, follow, max-snippet:-1, max-image-preview:large, max-video-preview:-1\" \/>\n<link rel=\"canonical\" href=\"https:\/\/www.upjs.sk\/prirodovedecka-fakulta\/cena-dekana\/\" \/>\n<meta property=\"og:locale\" content=\"sk_SK\" \/>\n<meta property=\"og:type\" content=\"article\" \/>\n<meta property=\"og:title\" content=\"Cena dekana - Pr\u00edrodovedeck\u00e1 fakulta | UPJ\u0160\" \/>\n<meta property=\"og:description\" content=\"Ceny dekana Pr\u00edrodovedeckej fakulty UPJ\u0160 v Ko\u0161iciach sa ude\u013euj\u00fa za mimoriadne v\u00fdsledky dosiahnut\u00e9 v pedagogickej a vedeckej \u010dinnosti ako aj za pr\u00edspevok k rozvoju fakulty zamestnancom fakulty a doktorandom v dennej forme \u0161t\u00fadia. Ceny sa ude\u013euj\u00fa za\u010diatkom kalend\u00e1rneho roka v\u017edy za uplynul\u00fd rok a odovzd\u00e1vaj\u00fa sa na v\u00fdro\u010dnom stretnut\u00ed akademickej obce PF UPJ\u0160.\" \/>\n<meta property=\"og:url\" content=\"https:\/\/www.upjs.sk\/prirodovedecka-fakulta\/cena-dekana\/\" \/>\n<meta property=\"og:site_name\" content=\"Pr\u00edrodovedeck\u00e1 fakulta | UPJ\u0160\" \/>\n<meta property=\"article:modified_time\" content=\"2025-02-06T09:03:45+00:00\" \/>\n<meta property=\"og:image\" content=\"https:\/\/www.upjs.sk\/app\/uploads\/sites\/10\/2024\/04\/banner-ilob-Cena-dekana.png\" \/>\n\t<meta property=\"og:image:width\" content=\"1170\" \/>\n\t<meta property=\"og:image:height\" content=\"200\" \/>\n\t<meta property=\"og:image:type\" content=\"image\/png\" \/>\n<meta name=\"twitter:card\" content=\"summary_large_image\" \/>\n<meta name=\"twitter:label1\" content=\"Predpokladan\u00fd \u010das \u010d\u00edtania\" \/>\n\t<meta name=\"twitter:data1\" content=\"1 min\u00fata\" \/>\n<script type=\"application\/ld+json\" class=\"yoast-schema-graph\">{\"@context\":\"https:\\\/\\\/schema.org\",\"@graph\":[{\"@type\":\"WebPage\",\"@id\":\"https:\\\/\\\/www.upjs.sk\\\/prirodovedecka-fakulta\\\/cena-dekana\\\/\",\"url\":\"https:\\\/\\\/www.upjs.sk\\\/prirodovedecka-fakulta\\\/cena-dekana\\\/\",\"name\":\"Cena dekana - Pr\u00edrodovedeck\u00e1 fakulta | UPJ\u0160\",\"isPartOf\":{\"@id\":\"https:\\\/\\\/www.upjs.sk\\\/prirodovedecka-fakulta\\\/#website\"},\"primaryImageOfPage\":{\"@id\":\"https:\\\/\\\/www.upjs.sk\\\/prirodovedecka-fakulta\\\/cena-dekana\\\/#primaryimage\"},\"image\":{\"@id\":\"https:\\\/\\\/www.upjs.sk\\\/prirodovedecka-fakulta\\\/cena-dekana\\\/#primaryimage\"},\"thumbnailUrl\":\"https:\\\/\\\/www.upjs.sk\\\/app\\\/uploads\\\/sites\\\/10\\\/2024\\\/04\\\/banner-ilob-Cena-dekana.png\",\"datePublished\":\"2022-11-14T19:58:52+00:00\",\"dateModified\":\"2025-02-06T09:03:45+00:00\",\"breadcrumb\":{\"@id\":\"https:\\\/\\\/www.upjs.sk\\\/prirodovedecka-fakulta\\\/cena-dekana\\\/#breadcrumb\"},\"inLanguage\":\"sk-SK\",\"potentialAction\":[{\"@type\":\"ReadAction\",\"target\":[\"https:\\\/\\\/www.upjs.sk\\\/prirodovedecka-fakulta\\\/cena-dekana\\\/\"]}]},{\"@type\":\"ImageObject\",\"inLanguage\":\"sk-SK\",\"@id\":\"https:\\\/\\\/www.upjs.sk\\\/prirodovedecka-fakulta\\\/cena-dekana\\\/#primaryimage\",\"url\":\"https:\\\/\\\/www.upjs.sk\\\/app\\\/uploads\\\/sites\\\/10\\\/2024\\\/04\\\/banner-ilob-Cena-dekana.png\",\"contentUrl\":\"https:\\\/\\\/www.upjs.sk\\\/app\\\/uploads\\\/sites\\\/10\\\/2024\\\/04\\\/banner-ilob-Cena-dekana.png\"},{\"@type\":\"BreadcrumbList\",\"@id\":\"https:\\\/\\\/www.upjs.sk\\\/prirodovedecka-fakulta\\\/cena-dekana\\\/#breadcrumb\",\"itemListElement\":[{\"@type\":\"ListItem\",\"position\":1,\"name\":\"Home\",\"item\":\"https:\\\/\\\/www.upjs.sk\\\/prirodovedecka-fakulta\\\/\"},{\"@type\":\"ListItem\",\"position\":2,\"name\":\"Cena dekana\"}]},{\"@type\":\"WebSite\",\"@id\":\"https:\\\/\\\/www.upjs.sk\\\/prirodovedecka-fakulta\\\/#website\",\"url\":\"https:\\\/\\\/www.upjs.sk\\\/prirodovedecka-fakulta\\\/\",\"name\":\"Pr\u00edrodovedeck\u00e1 fakulta | UPJ\u0160\",\"description\":\"\",\"publisher\":{\"@id\":\"https:\\\/\\\/www.upjs.sk\\\/prirodovedecka-fakulta\\\/#organization\"},\"potentialAction\":[{\"@type\":\"SearchAction\",\"target\":{\"@type\":\"EntryPoint\",\"urlTemplate\":\"https:\\\/\\\/www.upjs.sk\\\/prirodovedecka-fakulta\\\/?s={search_term_string}\"},\"query-input\":{\"@type\":\"PropertyValueSpecification\",\"valueRequired\":true,\"valueName\":\"search_term_string\"}}],\"inLanguage\":\"sk-SK\"},{\"@type\":\"Organization\",\"@id\":\"https:\\\/\\\/www.upjs.sk\\\/prirodovedecka-fakulta\\\/#organization\",\"name\":\"Pr\u00edrodovedeck\u00e1 fakulta | UPJ\u0160\",\"url\":\"https:\\\/\\\/www.upjs.sk\\\/prirodovedecka-fakulta\\\/\",\"logo\":{\"@type\":\"ImageObject\",\"inLanguage\":\"sk-SK\",\"@id\":\"https:\\\/\\\/www.upjs.sk\\\/prirodovedecka-fakulta\\\/#\\\/schema\\\/logo\\\/image\\\/\",\"url\":\"https:\\\/\\\/www.upjs.sk\\\/app\\\/uploads\\\/sites\\\/10\\\/2022\\\/09\\\/logo-prirodovedecka-fakulta.png\",\"contentUrl\":\"https:\\\/\\\/www.upjs.sk\\\/app\\\/uploads\\\/sites\\\/10\\\/2022\\\/09\\\/logo-prirodovedecka-fakulta.png\",\"width\":415,\"height\":87,\"caption\":\"Pr\u00edrodovedeck\u00e1 fakulta | UPJ\u0160\"},\"image\":{\"@id\":\"https:\\\/\\\/www.upjs.sk\\\/prirodovedecka-fakulta\\\/#\\\/schema\\\/logo\\\/image\\\/\"}}]}<\/script>\n<!-- \/ Yoast SEO plugin. -->","yoast_head_json":{"title":"Cena dekana - Pr\u00edrodovedeck\u00e1 fakulta | UPJ\u0160","robots":{"index":"index","follow":"follow","max-snippet":"max-snippet:-1","max-image-preview":"max-image-preview:large","max-video-preview":"max-video-preview:-1"},"canonical":"https:\/\/www.upjs.sk\/prirodovedecka-fakulta\/cena-dekana\/","og_locale":"sk_SK","og_type":"article","og_title":"Cena dekana - Pr\u00edrodovedeck\u00e1 fakulta | UPJ\u0160","og_description":"Ceny dekana Pr\u00edrodovedeckej fakulty UPJ\u0160 v Ko\u0161iciach sa ude\u013euj\u00fa za mimoriadne v\u00fdsledky dosiahnut\u00e9 v pedagogickej a vedeckej \u010dinnosti ako aj za pr\u00edspevok k rozvoju fakulty zamestnancom fakulty a doktorandom v dennej forme \u0161t\u00fadia. Ceny sa ude\u013euj\u00fa za\u010diatkom kalend\u00e1rneho roka v\u017edy za uplynul\u00fd rok a odovzd\u00e1vaj\u00fa sa na v\u00fdro\u010dnom stretnut\u00ed akademickej obce PF UPJ\u0160.","og_url":"https:\/\/www.upjs.sk\/prirodovedecka-fakulta\/cena-dekana\/","og_site_name":"Pr\u00edrodovedeck\u00e1 fakulta | UPJ\u0160","article_modified_time":"2025-02-06T09:03:45+00:00","og_image":[{"width":1170,"height":200,"url":"https:\/\/www.upjs.sk\/app\/uploads\/sites\/10\/2024\/04\/banner-ilob-Cena-dekana.png","type":"image\/png"}],"twitter_card":"summary_large_image","twitter_misc":{"Predpokladan\u00fd \u010das \u010d\u00edtania":"1 min\u00fata"},"schema":{"@context":"https:\/\/schema.org","@graph":[{"@type":"WebPage","@id":"https:\/\/www.upjs.sk\/prirodovedecka-fakulta\/cena-dekana\/","url":"https:\/\/www.upjs.sk\/prirodovedecka-fakulta\/cena-dekana\/","name":"Cena dekana - Pr\u00edrodovedeck\u00e1 fakulta | UPJ\u0160","isPartOf":{"@id":"https:\/\/www.upjs.sk\/prirodovedecka-fakulta\/#website"},"primaryImageOfPage":{"@id":"https:\/\/www.upjs.sk\/prirodovedecka-fakulta\/cena-dekana\/#primaryimage"},"image":{"@id":"https:\/\/www.upjs.sk\/prirodovedecka-fakulta\/cena-dekana\/#primaryimage"},"thumbnailUrl":"https:\/\/www.upjs.sk\/app\/uploads\/sites\/10\/2024\/04\/banner-ilob-Cena-dekana.png","datePublished":"2022-11-14T19:58:52+00:00","dateModified":"2025-02-06T09:03:45+00:00","breadcrumb":{"@id":"https:\/\/www.upjs.sk\/prirodovedecka-fakulta\/cena-dekana\/#breadcrumb"},"inLanguage":"sk-SK","potentialAction":[{"@type":"ReadAction","target":["https:\/\/www.upjs.sk\/prirodovedecka-fakulta\/cena-dekana\/"]}]},{"@type":"ImageObject","inLanguage":"sk-SK","@id":"https:\/\/www.upjs.sk\/prirodovedecka-fakulta\/cena-dekana\/#primaryimage","url":"https:\/\/www.upjs.sk\/app\/uploads\/sites\/10\/2024\/04\/banner-ilob-Cena-dekana.png","contentUrl":"https:\/\/www.upjs.sk\/app\/uploads\/sites\/10\/2024\/04\/banner-ilob-Cena-dekana.png"},{"@type":"BreadcrumbList","@id":"https:\/\/www.upjs.sk\/prirodovedecka-fakulta\/cena-dekana\/#breadcrumb","itemListElement":[{"@type":"ListItem","position":1,"name":"Home","item":"https:\/\/www.upjs.sk\/prirodovedecka-fakulta\/"},{"@type":"ListItem","position":2,"name":"Cena dekana"}]},{"@type":"WebSite","@id":"https:\/\/www.upjs.sk\/prirodovedecka-fakulta\/#website","url":"https:\/\/www.upjs.sk\/prirodovedecka-fakulta\/","name":"Pr\u00edrodovedeck\u00e1 fakulta | UPJ\u0160","description":"","publisher":{"@id":"https:\/\/www.upjs.sk\/prirodovedecka-fakulta\/#organization"},"potentialAction":[{"@type":"SearchAction","target":{"@type":"EntryPoint","urlTemplate":"https:\/\/www.upjs.sk\/prirodovedecka-fakulta\/?s={search_term_string}"},"query-input":{"@type":"PropertyValueSpecification","valueRequired":true,"valueName":"search_term_string"}}],"inLanguage":"sk-SK"},{"@type":"Organization","@id":"https:\/\/www.upjs.sk\/prirodovedecka-fakulta\/#organization","name":"Pr\u00edrodovedeck\u00e1 fakulta | UPJ\u0160","url":"https:\/\/www.upjs.sk\/prirodovedecka-fakulta\/","logo":{"@type":"ImageObject","inLanguage":"sk-SK","@id":"https:\/\/www.upjs.sk\/prirodovedecka-fakulta\/#\/schema\/logo\/image\/","url":"https:\/\/www.upjs.sk\/app\/uploads\/sites\/10\/2022\/09\/logo-prirodovedecka-fakulta.png","contentUrl":"https:\/\/www.upjs.sk\/app\/uploads\/sites\/10\/2022\/09\/logo-prirodovedecka-fakulta.png","width":415,"height":87,"caption":"Pr\u00edrodovedeck\u00e1 fakulta | UPJ\u0160"},"image":{"@id":"https:\/\/www.upjs.sk\/prirodovedecka-fakulta\/#\/schema\/logo\/image\/"}}]}},"_links":{"self":[{"href":"https:\/\/www.upjs.sk\/prirodovedecka-fakulta\/wp-json\/wp\/v2\/pages\/46489","targetHints":{"allow":["GET"]}}],"collection":[{"href":"https:\/\/www.upjs.sk\/prirodovedecka-fakulta\/wp-json\/wp\/v2\/pages"}],"about":[{"href":"https:\/\/www.upjs.sk\/prirodovedecka-fakulta\/wp-json\/wp\/v2\/types\/page"}],"author":[{"embeddable":true,"href":"https:\/\/www.upjs.sk\/prirodovedecka-fakulta\/wp-json\/wp\/v2\/users\/25"}],"replies":[{"embeddable":true,"href":"https:\/\/www.upjs.sk\/prirodovedecka-fakulta\/wp-json\/wp\/v2\/comments?post=46489"}],"version-history":[{"count":20,"href":"https:\/\/www.upjs.sk\/prirodovedecka-fakulta\/wp-json\/wp\/v2\/pages\/46489\/revisions"}],"predecessor-version":[{"id":75220,"href":"https:\/\/www.upjs.sk\/prirodovedecka-fakulta\/wp-json\/wp\/v2\/pages\/46489\/revisions\/75220"}],"wp:attachment":[{"href":"https:\/\/www.upjs.sk\/prirodovedecka-fakulta\/wp-json\/wp\/v2\/media?parent=46489"}],"wp:term":[{"taxonomy":"category","embeddable":true,"href":"https:\/\/www.upjs.sk\/prirodovedecka-fakulta\/wp-json\/wp\/v2\/categories?post=46489"},{"taxonomy":"post_tag","embeddable":true,"href":"https:\/\/www.upjs.sk\/prirodovedecka-fakulta\/wp-json\/wp\/v2\/tags?post=46489"}],"curies":[{"name":"wp","href":"https:\/\/api.w.org\/{rel}","templated":true}]}}