{"id":63909,"date":"2023-11-23T09:12:00","date_gmt":"2023-11-23T08:12:17","guid":{"rendered":"https:\/\/www.upjs.sk\/prirodovedecka-fakulta\/fakulta\/historia-fakulty\/bronzova-medaila-2\/"},"modified":"2024-04-04T14:47:32","modified_gmt":"2024-04-04T13:47:32","slug":"bronzova-medaila","status":"publish","type":"page","link":"https:\/\/www.upjs.sk\/prirodovedecka-fakulta\/fakulta\/historia-fakulty\/bronzova-medaila\/","title":{"rendered":"Osobnosti a in\u0161tit\u00facie ocenen\u00e9 medailou PF UPJ\u0160 &#8211; bronzov\u00e1 medaila"},"content":{"rendered":"<style>.kb-image19177_2ba96c-8b .kb-image-has-overlay:after{opacity:0.3;border-top-left-radius:5px;border-top-right-radius:5px;border-bottom-right-radius:5px;border-bottom-left-radius:5px;}.kb-image19177_2ba96c-8b img.kb-img, .kb-image19177_2ba96c-8b .kb-img img{border-top:0px double #641907;border-right:0px double #641907;border-bottom:0px double #641907;border-left:0px double #641907;border-top-left-radius:5px;border-top-right-radius:5px;border-bottom-right-radius:5px;border-bottom-left-radius:5px;}@media all and (max-width: 1024px){.kb-image19177_2ba96c-8b img.kb-img, .kb-image19177_2ba96c-8b .kb-img img{border-top:0px double #641907;border-right:0px double #641907;border-bottom:0px double #641907;border-left:0px double #641907;}}@media all and (max-width: 767px){.kb-image19177_2ba96c-8b img.kb-img, .kb-image19177_2ba96c-8b .kb-img img{border-top:0px double #641907;border-right:0px double #641907;border-bottom:0px double #641907;border-left:0px double #641907;}}<\/style>\n<figure class=\"wp-block-kadence-image kb-image19177_2ba96c-8b size-full\"><img loading=\"lazy\" decoding=\"async\" width=\"1170\" height=\"188\" src=\"https:\/\/www.upjs.sk\/app\/uploads\/sites\/10\/2023\/11\/banner-il-B-medaila-PFUPJS.png\" alt=\"\" class=\"kb-img wp-image-62675\" srcset=\"https:\/\/www.upjs.sk\/app\/uploads\/sites\/10\/2023\/11\/banner-il-B-medaila-PFUPJS.png 1170w, https:\/\/www.upjs.sk\/app\/uploads\/sites\/10\/2023\/11\/banner-il-B-medaila-PFUPJS-300x48.png 300w, https:\/\/www.upjs.sk\/app\/uploads\/sites\/10\/2023\/11\/banner-il-B-medaila-PFUPJS-1024x165.png 1024w, https:\/\/www.upjs.sk\/app\/uploads\/sites\/10\/2023\/11\/banner-il-B-medaila-PFUPJS-768x123.png 768w\" sizes=\"auto, (max-width: 1170px) 100vw, 1170px\" \/><\/figure>\n\n\n\n<div style=\"height:20px\" aria-hidden=\"true\" class=\"wp-block-spacer\"><\/div>\n\n\n<style>.kadence-column19177_c3ba8d-e7 > .kt-inside-inner-col{padding-right:var(--global-kb-spacing-xxs, 0.5rem);padding-left:var(--global-kb-spacing-xxs, 0.5rem);}.kadence-column19177_c3ba8d-e7 > .kt-inside-inner-col,.kadence-column19177_c3ba8d-e7 > .kt-inside-inner-col:before{border-top-left-radius:5px;border-top-right-radius:5px;border-bottom-right-radius:5px;border-bottom-left-radius:5px;}.kadence-column19177_c3ba8d-e7 > .kt-inside-inner-col{column-gap:var(--global-kb-gap-sm, 1rem);}.kadence-column19177_c3ba8d-e7 > .kt-inside-inner-col{flex-direction:column;}.kadence-column19177_c3ba8d-e7 > .kt-inside-inner-col > .aligncenter{width:100%;}.kadence-column19177_c3ba8d-e7 > .kt-inside-inner-col{background-color:#F4F4F4;}.kadence-column19177_c3ba8d-e7 > .kt-inside-inner-col:before{opacity:0.3;}.kadence-column19177_c3ba8d-e7{position:relative;}@media all and (max-width: 1024px){.kadence-column19177_c3ba8d-e7 > .kt-inside-inner-col{flex-direction:column;justify-content:center;}}@media all and (max-width: 767px){.kadence-column19177_c3ba8d-e7 > .kt-inside-inner-col{flex-direction:column;justify-content:center;}}<\/style>\n<div class=\"wp-block-kadence-column kadence-column19177_c3ba8d-e7\"><div class=\"kt-inside-inner-col\"><style>.kt-accordion-id19177_27fd09-e4 .kt-accordion-inner-wrap{column-gap:var(--global-kb-gap-md, 2rem);row-gap:10px;}.kt-accordion-id19177_27fd09-e4 .kt-accordion-panel-inner{border-top:0px solid transparent;border-right:1px solid transparent;border-bottom:1px solid transparent;border-left:1px solid transparent;background:#F4F4F4;padding-top:var(--global-kb-spacing-sm, 1.5rem);padding-right:var(--global-kb-spacing-sm, 1.5rem);padding-bottom:var(--global-kb-spacing-sm, 1.5rem);padding-left:var(--global-kb-spacing-sm, 1.5rem);}.kt-accordion-id19177_27fd09-e4 .wp-block-kadence-pane .kt-accordion-header-wrap .kt-blocks-accordion-header{border-top-color:#eeeeee;border-top-style:solid;border-right:0px solid #eeeeee;border-bottom:0px solid #C19152;border-left:0px solid #C19152;border-top-left-radius:0px;border-top-right-radius:0px;border-bottom-right-radius:0px;border-bottom-left-radius:0px;background:#F4F4F4;color:#690811;padding-top:14px;padding-right:16px;padding-bottom:14px;padding-left:16px;}.kt-accordion-id19177_27fd09-e4:not( .kt-accodion-icon-style-basiccircle ):not( .kt-accodion-icon-style-xclosecircle ):not( .kt-accodion-icon-style-arrowcircle ) .kt-blocks-accordion-icon-trigger:after, .kt-accordion-id19177_27fd09-e4:not( .kt-accodion-icon-style-basiccircle ):not( .kt-accodion-icon-style-xclosecircle ):not( .kt-accodion-icon-style-arrowcircle ) .kt-blocks-accordion-icon-trigger:before{background:#690811;}.kt-accordion-id19177_27fd09-e4:not( .kt-accodion-icon-style-basic ):not( .kt-accodion-icon-style-xclose ):not( .kt-accodion-icon-style-arrow ) .kt-blocks-accordion-icon-trigger{background:#690811;}.kt-accordion-id19177_27fd09-e4:not( .kt-accodion-icon-style-basic ):not( .kt-accodion-icon-style-xclose ):not( .kt-accodion-icon-style-arrow ) .kt-blocks-accordion-icon-trigger:after, .kt-accordion-id19177_27fd09-e4:not( .kt-accodion-icon-style-basic ):not( .kt-accodion-icon-style-xclose ):not( .kt-accodion-icon-style-arrow ) .kt-blocks-accordion-icon-trigger:before{background:#F4F4F4;}.kt-accordion-id19177_27fd09-e4 .kt-accordion-header-wrap .kt-blocks-accordion-header:hover, body:not(.hide-focus-outline) .kt-accordion-id19177_27fd09-e4 .kt-accordion-header-wrap .kt-blocks-accordion-header:focus-visible{color:#690811;background:#F4F4F4;border-top-color:#C19152;border-top-style:solid;border-right-color:#C19152;border-right-style:solid;border-bottom-color:#C19152;border-bottom-style:solid;border-left-color:#C19152;border-left-style:solid;}.kt-accordion-id19177_27fd09-e4:not( .kt-accodion-icon-style-basiccircle ):not( .kt-accodion-icon-style-xclosecircle ):not( .kt-accodion-icon-style-arrowcircle ) .kt-blocks-accordion-header:hover .kt-blocks-accordion-icon-trigger:after, .kt-accordion-id19177_27fd09-e4:not( .kt-accodion-icon-style-basiccircle ):not( .kt-accodion-icon-style-xclosecircle ):not( .kt-accodion-icon-style-arrowcircle ) .kt-blocks-accordion-header:hover .kt-blocks-accordion-icon-trigger:before, body:not(.hide-focus-outline) .kt-accordion-id19177_27fd09-e4:not( .kt-accodion-icon-style-basiccircle ):not( .kt-accodion-icon-style-xclosecircle ):not( .kt-accodion-icon-style-arrowcircle ) .kt-blocks-accordion--visible .kt-blocks-accordion-icon-trigger:after, body:not(.hide-focus-outline) .kt-accordion-id19177_27fd09-e4:not( .kt-accodion-icon-style-basiccircle ):not( .kt-accodion-icon-style-xclosecircle ):not( .kt-accodion-icon-style-arrowcircle ) .kt-blocks-accordion-header:focus-visible .kt-blocks-accordion-icon-trigger:before{background:#690811;}.kt-accordion-id19177_27fd09-e4:not( .kt-accodion-icon-style-basic ):not( .kt-accodion-icon-style-xclose ):not( .kt-accodion-icon-style-arrow ) .kt-blocks-accordion-header:hover .kt-blocks-accordion-icon-trigger, body:not(.hide-focus-outline) .kt-accordion-id19177_27fd09-e4:not( .kt-accodion-icon-style-basic ):not( .kt-accodion-icon-style-xclose ):not( .kt-accodion-icon-style-arrow ) .kt-blocks-accordion-header:focus-visible .kt-blocks-accordion-icon-trigger{background:#690811;}.kt-accordion-id19177_27fd09-e4:not( .kt-accodion-icon-style-basic ):not( .kt-accodion-icon-style-xclose ):not( .kt-accodion-icon-style-arrow ) .kt-blocks-accordion-header:hover .kt-blocks-accordion-icon-trigger:after, .kt-accordion-id19177_27fd09-e4:not( .kt-accodion-icon-style-basic ):not( .kt-accodion-icon-style-xclose ):not( .kt-accodion-icon-style-arrow ) .kt-blocks-accordion-header:hover .kt-blocks-accordion-icon-trigger:before, body:not(.hide-focus-outline) .kt-accordion-id19177_27fd09-e4:not( .kt-accodion-icon-style-basic ):not( .kt-accodion-icon-style-xclose ):not( .kt-accodion-icon-style-arrow ) .kt-blocks-accordion-header:focus-visible .kt-blocks-accordion-icon-trigger:after, body:not(.hide-focus-outline) .kt-accordion-id19177_27fd09-e4:not( .kt-accodion-icon-style-basic ):not( .kt-accodion-icon-style-xclose ):not( .kt-accodion-icon-style-arrow ) .kt-blocks-accordion-header:focus-visible .kt-blocks-accordion-icon-trigger:before{background:#F4F4F4;}.kt-accordion-id19177_27fd09-e4 .kt-accordion-header-wrap .kt-blocks-accordion-header:focus-visible, .kt-accordion-id19177_27fd09-e4 .kt-accordion-header-wrap .kt-blocks-accordion-header.kt-accordion-panel-active{color:rgba(105,8,17,0.95);background:#F4F4F4;border-top-color:#eeeeee;border-top-style:solid;border-right-color:#eeeeee;border-right-style:solid;border-bottom-color:#eeeeee;border-bottom-style:solid;border-left-color:#C19152;border-left-style:solid;}.kt-accordion-id19177_27fd09-e4:not( .kt-accodion-icon-style-basiccircle ):not( .kt-accodion-icon-style-xclosecircle ):not( .kt-accodion-icon-style-arrowcircle ) .kt-blocks-accordion-header.kt-accordion-panel-active .kt-blocks-accordion-icon-trigger:after, .kt-accordion-id19177_27fd09-e4:not( .kt-accodion-icon-style-basiccircle ):not( .kt-accodion-icon-style-xclosecircle ):not( .kt-accodion-icon-style-arrowcircle ) .kt-blocks-accordion-header.kt-accordion-panel-active .kt-blocks-accordion-icon-trigger:before{background:rgba(105,8,17,0.95);}.kt-accordion-id19177_27fd09-e4:not( .kt-accodion-icon-style-basic ):not( .kt-accodion-icon-style-xclose ):not( .kt-accodion-icon-style-arrow ) .kt-blocks-accordion-header.kt-accordion-panel-active .kt-blocks-accordion-icon-trigger{background:rgba(105,8,17,0.95);}.kt-accordion-id19177_27fd09-e4:not( .kt-accodion-icon-style-basic ):not( .kt-accodion-icon-style-xclose ):not( .kt-accodion-icon-style-arrow ) .kt-blocks-accordion-header.kt-accordion-panel-active .kt-blocks-accordion-icon-trigger:after, .kt-accordion-id19177_27fd09-e4:not( .kt-accodion-icon-style-basic ):not( .kt-accodion-icon-style-xclose ):not( .kt-accodion-icon-style-arrow ) .kt-blocks-accordion-header.kt-accordion-panel-active .kt-blocks-accordion-icon-trigger:before{background:#F4F4F4;}@media all and (max-width: 1024px){.kt-accordion-id19177_27fd09-e4 .kt-accordion-panel-inner{border-top:0px solid transparent;border-right:1px solid transparent;border-bottom:1px solid transparent;border-left:1px solid transparent;}}@media all and (max-width: 1024px){.kt-accordion-id19177_27fd09-e4 .wp-block-kadence-pane .kt-accordion-header-wrap .kt-blocks-accordion-header{border-top-color:#eeeeee;border-top-style:solid;border-right:0px solid #eeeeee;border-bottom:0px solid #C19152;border-left:0px solid #C19152;}}@media all and (max-width: 1024px){.kt-accordion-id19177_27fd09-e4 .kt-accordion-header-wrap .kt-blocks-accordion-header:hover, body:not(.hide-focus-outline) .kt-accordion-id19177_27fd09-e4 .kt-accordion-header-wrap .kt-blocks-accordion-header:focus-visible{border-top-color:#C19152;border-top-style:solid;border-right-color:#C19152;border-right-style:solid;border-bottom-color:#C19152;border-bottom-style:solid;border-left-color:#C19152;border-left-style:solid;}}@media all and (max-width: 1024px){.kt-accordion-id19177_27fd09-e4 .kt-accordion-header-wrap .kt-blocks-accordion-header:focus-visible, .kt-accordion-id19177_27fd09-e4 .kt-accordion-header-wrap .kt-blocks-accordion-header.kt-accordion-panel-active{border-top-color:#eeeeee;border-top-style:solid;border-right-color:#eeeeee;border-right-style:solid;border-bottom-color:#eeeeee;border-bottom-style:solid;border-left-color:#C19152;border-left-style:solid;}}@media all and (max-width: 767px){.kt-accordion-id19177_27fd09-e4 .kt-accordion-inner-wrap{display:block;}.kt-accordion-id19177_27fd09-e4 .kt-accordion-inner-wrap .kt-accordion-pane:not(:first-child){margin-top:10px;}.kt-accordion-id19177_27fd09-e4 .kt-accordion-panel-inner{border-top:0px solid transparent;border-right:1px solid transparent;border-bottom:1px solid transparent;border-left:1px solid transparent;}.kt-accordion-id19177_27fd09-e4 .wp-block-kadence-pane .kt-accordion-header-wrap .kt-blocks-accordion-header{border-top-color:#eeeeee;border-top-style:solid;border-right:0px solid #eeeeee;border-bottom:0px solid #C19152;border-left:0px solid #C19152;}.kt-accordion-id19177_27fd09-e4 .kt-accordion-header-wrap .kt-blocks-accordion-header:hover, body:not(.hide-focus-outline) .kt-accordion-id19177_27fd09-e4 .kt-accordion-header-wrap .kt-blocks-accordion-header:focus-visible{border-top-color:#C19152;border-top-style:solid;border-right-color:#C19152;border-right-style:solid;border-bottom-color:#C19152;border-bottom-style:solid;border-left-color:#C19152;border-left-style:solid;}.kt-accordion-id19177_27fd09-e4 .kt-accordion-header-wrap .kt-blocks-accordion-header:focus-visible, .kt-accordion-id19177_27fd09-e4 .kt-accordion-header-wrap .kt-blocks-accordion-header.kt-accordion-panel-active{border-top-color:#eeeeee;border-top-style:solid;border-right-color:#eeeeee;border-right-style:solid;border-bottom-color:#eeeeee;border-bottom-style:solid;border-left-color:#C19152;border-left-style:solid;}}<\/style>\n<div class=\"wp-block-kadence-accordion alignnone\"><div class=\"kt-accordion-wrap kt-accordion-id19177_27fd09-e4 kt-accordion-has-26-panes kt-active-pane-0 kt-accordion-block kt-pane-header-alignment-left kt-accodion-icon-style-arrow kt-accodion-icon-side-left\" style=\"max-width:none\"><div class=\"kt-accordion-inner-wrap\" data-allow-multiple-open=\"false\" data-start-open=\"none\">\n<div class=\"wp-block-kadence-pane kt-accordion-pane kt-accordion-pane-26 kt-pane19177_94325d-2e\"><div class=\"kt-accordion-header-wrap\"><button class=\"kt-blocks-accordion-header kt-acccordion-button-label-show\"><span class=\"kt-blocks-accordion-title-wrap\"><span class=\"kt-blocks-accordion-title\"><strong>M\u00e1j 2023<\/strong> &#8211;\u00a0 pri pr\u00edle\u017eitosti osl\u00e1v 60. v\u00fdro\u010dia vzniku PF UPJ\u0160<\/span><\/span><span class=\"kt-blocks-accordion-icon-trigger\"><\/span><\/button><\/div><div class=\"kt-accordion-panel kt-accordion-panel-hidden\"><div class=\"kt-accordion-panel-inner\"><style>.kb-image19177_0f2c67-44 .kb-image-has-overlay:after{opacity:0.3;}<\/style>\n<div class=\"wp-block-kadence-image kb-image19177_0f2c67-44\"><figure class=\"alignright size-medium\"><img loading=\"lazy\" decoding=\"async\" width=\"300\" height=\"211\" src=\"https:\/\/www.upjs.sk\/app\/uploads\/sites\/10\/2023\/03\/logo-60-vyrocie-zelena-aktualita-300x211.jpg\" alt=\"\" class=\"kb-img wp-image-55809\" srcset=\"https:\/\/www.upjs.sk\/app\/uploads\/sites\/10\/2023\/03\/logo-60-vyrocie-zelena-aktualita-300x211.jpg 300w, https:\/\/www.upjs.sk\/app\/uploads\/sites\/10\/2023\/03\/logo-60-vyrocie-zelena-aktualita.jpg 600w\" sizes=\"auto, (max-width: 300px) 100vw, 300px\" \/><\/figure><\/div>\n\n\n\n<p><strong>SOSNA o. z.<\/strong> &#8211; za spolupr\u00e1cu s&nbsp;PF UPJ\u0160 v Ko\u0161iciach fakultou v oblasti udr\u017eate\u013en\u00e9ho \u017eivota a propag\u00e1ciu fakulty v oblasti ekologick\u00e9ho, geografick\u00e9ho a biologick\u00e9ho v\u00fdskumu na festivale In\u00e9 cesty<\/p>\n\n\n\n<p><strong>TEHO s.r.o.<\/strong> &#8211; za dlhoro\u010dn\u00fa spolupr\u00e1cu&nbsp;s&nbsp;\u00dastavom chemick\u00fdch vied PF UPJ\u0160 v&nbsp;Ko\u0161iciach v&nbsp;oblasti v\u00fdvoja a&nbsp;pr\u00edpravy nov\u00fdch typov inhib\u00edtorov proti zan\u00e1\u0161aniu a&nbsp;kor\u00f3zii tepeln\u00fdch a&nbsp;chladiacich zariaden\u00ed&nbsp;<\/p>\n\n\n\n<p><strong>Zdru\u017eenie STROM<\/strong> &#8211; za dlhoro\u010dn\u00e9 aktivity pri pr\u00e1ci s talentovanou ml\u00e1de\u017eou v oblasti matematiky<\/p>\n\n\n\n<p><strong>AMAVET o. z.<\/strong> &#8211; za spolupr\u00e1cu pri rozvoji talentov v pr\u00edrodovedn\u00fdch discipl\u00ednach a podporu ich profesijnej orient\u00e1cie<\/p>\n\n\n\n<p><strong>Dr. Marieluise Weidinger<\/strong> &#8211; za dlhoro\u010dn\u00fa spolupr\u00e1cu, v\u00fdrazn\u00fd pr\u00ednos vo v\u00fdu\u010dbe \u0161tudentov biol\u00f3gie a zapojen\u00ed \u00dastavu biologick\u00fdch a&nbsp;ekologick\u00fdch vied PF UPJ\u0160 do medzin\u00e1rodnej spolupr\u00e1ce<\/p>\n\n\n\n<p><strong>prof. MVDr. Bhide Ramesh Mangesh, PhD.&nbsp;<\/strong>&#8211; za dlhoro\u010dn\u00fa spolupr\u00e1cu s&nbsp;Katedrou genetiky \u00daBEV, akt\u00edvny podiel na v\u00fdu\u010dbe predmetu fun\u010dkn\u00e1 genomika a&nbsp;pr\u00ednos v&nbsp;rozvoji interdisciplin\u00e1rnej spolupr\u00e1ce katedry s UVLaF v&nbsp;Ko\u0161iciach<\/p>\n\n\n\n<p><strong>RNDr. \u0160tefan \u010ciko\u0161, DrSc.<\/strong> &#8211; za dlhoro\u010dn\u00fa spolupr\u00e1cu, akt\u00edvny podiel na v\u00fdu\u010dbe predmetu&nbsp; Molekulov\u00e1 biol\u00f3gia a&nbsp;pr\u00ednos pri &nbsp;kreovan\u00ed \u0161tudijn\u00e9ho programu biol\u00f3gia na PF UPJ\u0160 v Ko\u0161iciach<\/p>\n\n\n\n<p><strong>doc. RNDr. Marcel Uhrin, PhD.<\/strong> &#8211; za dlhodob\u00fd pr\u00ednos v&nbsp;r\u00e1mci realiz\u00e1cie \u0161tudijn\u00fdch programov v&nbsp;odbore biol\u00f3gia na PF UPJ\u0160 v Ko\u0161iciach, akt\u00edvny podiel na vedeckej v\u00fdchove \u00faspe\u0161n\u00fdch doktorandov a&nbsp;rozvoji medzin\u00e1rodnej spolupr\u00e1ce v zoologickom v\u00fdskume<\/p>\n\n\n\n<p><strong>doc. RNDr. Pavol Hvizdo\u0161, DrSc.<\/strong> &#8211; za dlhoro\u010dn\u00fa podporu spolupr\u00e1ce \u00dastavu materi\u00e1lov\u00e9ho v\u00fdskumu v.v.i., SAV a \u00dastavu fyzik\u00e1lnych vied PF UPJ\u0160 vo vedecko-v\u00fdskumnej \u010dinnosti a doktorandskom \u0161t\u00fadia&nbsp;<\/p>\n\n\n\n<p><strong>doc. RNDr. \u013dubom\u00edr T\u00f3th, PhD.<\/strong> &#8211; za celo\u017eivotn\u00fa pedagogick\u00fa pr\u00e1cu a pr\u00ednos k rozvoju Katedry teoretickej fyziky a&nbsp;astrofyziky \u00daFV PF UPJ\u0160 v Ko\u0161iciach<\/p>\n\n\n\n<p><strong>RNDr. Pavol Mur\u00edn, CSc.<\/strong> &#8211; za integr\u00e1ciu r\u00f4znorod\u00fdch vedeck\u00fdch komun\u00edt a transfer poznatkov z akademick\u00e9ho prostredia do aplika\u010dnej sf\u00e9ry, etablovanie spolupr\u00e1ce s Caltech na vytvoren\u00ed komunika\u010dn\u00e9ho videokonferen\u010dn\u00e9ho syst\u00e9mu, za iniciovanie a st\u00e1lu podporu aktiv\u00edt na projekte EuXFEL<\/p>\n\n\n\n<p><strong>doc. Mgr. Daniel Jancura, PhD.&nbsp; <\/strong>&#8211; za rozvoj interdiciplin\u00e1rneho biofyzik\u00e1lneho v\u00fdskumu a zavedenie \u0161tudijn\u00e9ho programu biofyzika na bakal\u00e1rskom stupni \u0161t\u00fadia na Pr\u00edrodovedeckej fakulte Univerzity P. J. \u0160af\u00e1rika v Ko\u0161iciach&nbsp;<\/p>\n\n\n\n<p><strong>doc. RNDr. Zuzana Je\u0161kov\u00e1, CSc.&nbsp;&nbsp;<\/strong>&#8211; za dlhoro\u010dn\u00fa pedagogick\u00fa \u010dinnos\u0165 v pr\u00edprave bud\u00facich u\u010dite\u013eov fyziky a v celo\u017eivotnom vzdel\u00e1van\u00ed u\u010dite\u013eov a za rozvoj didaktiky fyziky na PF UPJ\u0160 v Ko\u0161iciach<\/p>\n\n\n\n<p><strong>prof. RNDr.&nbsp; V\u00edt Vo\u017een\u00edlek, CSc.<\/strong> &#8211; za dlhoro\u010dn\u00fa spolupr\u00e1cu v oblasti geoinformatiky a podiel na rozvoji doktorandsk\u00e9ho \u0161t\u00fadia na \u00dastave geografie PF UPJ\u0160 v&nbsp;Ko\u0161iciach<\/p>\n\n\n\n<p><strong>prof. Ing. Vladim\u00edr Sedl\u00e1k, PhD. \u2013 in memoriam \u2013<\/strong> za v\u00fdznamn\u00fd podiel na rozvoji medzin\u00e1rodnej projektovej spolupr\u00e1ce na \u00dastave geografie&nbsp; PF UPJ\u0160 v Ko\u0161iciach<\/p>\n\n\n\n<p><strong>prof. Mgr. Radovan \u0160ebesta, DrSc.<\/strong> &#8211; za v\u00fdznamn\u00fd podiel k rozvoju Katedry organickej ch\u00e9mie PF UPJ\u0160 v&nbsp;Ko\u0161iciach a spolupr\u00e1cu vo vzdel\u00e1van\u00ed v r\u00e1mci magistersk\u00e9ho a doktorandsk\u00e9ho \u0161tudijn\u00e9ho programu organick\u00e1 ch\u00e9mia<\/p>\n\n\n\n<p><strong>prof. Ing. Tibor Gracza, DrSc. <\/strong> &#8211; za dlhoro\u010dn\u00fa spolupr\u00e1cu a pomoc pri rozvoji Katedry organickej ch\u00e9mie PF UPJ\u0160 v&nbsp;Ko\u0161iciach a doktorandsk\u00e9ho \u0161tudijn\u00e9ho programu organick\u00e1 ch\u00e9mia<\/p>\n\n\n\n<p><strong>doc. Ing. Radovan Herchel, PhD.&nbsp;<\/strong> &#8211; za dlhoro\u010dn\u00fa vedecko-v\u00fdskumn\u00fa a pedagogick\u00fa spolupr\u00e1cu s Katedrou anorganickej ch\u00e9mie PF UPJ\u0160 v&nbsp;Ko\u0161iciach a&nbsp;v\u00fdrazn\u00fd pr\u00ednos k rozvoju vedecko-v\u00fdskumnej spolupr\u00e1ce medzi UPJ\u0160 a Univerzitou Palack\u00e9ho v Olomouci<\/p>\n\n\n\n<p><strong>Ing. M\u00e1ria Omastov\u00e1, DrSc.<\/strong> &#8211; za dlhoro\u010dn\u00fa spolupr\u00e1cu v oblasti nanomateri\u00e1lov a polym\u00e9rnych materi\u00e1lov, podporu pracoviska a z\u00e1sluhy o rozvoj ch\u00e9mie na PF UPJ\u0160 v&nbsp;Ko\u0161iciach<\/p>\n\n\n\n<p><strong>doc. JUDr. Regina Hu\u010dkov\u00e1, PhD.<\/strong> &#8211; za dlhoro\u010dn\u00fa spolupr\u00e1cu s \u00dastavom informatiky PF UPJ\u0160 v Ko\u0161iciach v oblasti pr\u00e1va informa\u010dn\u00fdch a komunika\u010dn\u00fdch technol\u00f3gi\u00ed a realiz\u00e1cie interdisciplin\u00e1rneho v\u00fdskumu v tejto oblasti<\/p>\n\n\n\n<p><strong>doc. RNDr. \u013dubom\u00edr \u0160najder, PhD.<\/strong> &#8211; za dlhoro\u010dn\u00fa pedagogick\u00fa \u010dinnos\u0165 a za v\u00fdrazn\u00fd podiel na rozvoji didaktiky informatiky na PF UPJ\u0160 v&nbsp;Ko\u0161iciach<\/p>\n\n\n\n<p><strong>prof. RNDr. Stanislav Kraj\u010di, PhD.<\/strong> &#8211; za dlhoro\u010dn\u00e9 aktivity pri pr\u00e1ci s talentovanou ml\u00e1de\u017eou v oblasti matematiky<\/p>\n\n\n\n<p><strong>doc. RNDr. Norbert Kop\u010do, PhD.<\/strong> &#8211; za v\u00fdznamn\u00fd podiel pri pr\u00edprave a rie\u0161en\u00ed medzin\u00e1rodn\u00fdch projektov zameran\u00fdch na naur\u00e1lne \u0161trukt\u00fary a kognit\u00edvne procesy<\/p>\n\n\n\n<p><strong>doc. RNDr. JUDr. Pavol Sokol, PhD.<\/strong> &#8211; za rozvoj v\u00fdskumu a propag\u00e1ciu PF UPJ\u0160 v Ko\u0161iciach v oblasti informa\u010dnej a kybernetickej bezpe\u010dnosti<\/p>\n\n\n\n<p><strong>prof. RNDr. Ivan \u017de\u017eula, CSc.&nbsp;<\/strong> &#8211; za vybudovanie medzin\u00e1rodne uzn\u00e1vanej skupiny matematickej \u0161tatistiky na PF UPJ\u0160 v Ko\u0161iciach a rozvoj spolupr\u00e1ce s firmami na rie\u0161en\u00ed aplikovan\u00e9ho v\u00fdskumu<\/p>\n\n\n\n<p><strong>doc. RNDr. Zuzana Vargov\u00e1, PhD.<\/strong> &#8211; za podiel na rozvoji \u00dastavu chemick\u00fdch vied PF UPJ\u0160 v&nbsp;Ko\u0161iciach a za rozvoj bioanorganickej ch\u00e9mie <\/p>\n\n\n\n<p><strong>PhDr. Svetlana Libov\u00e1<\/strong> &#8211; za profesionaliz\u00e1ciu \u010dinnost\u00ed sekretari\u00e1tu dekana, udr\u017eiavanie akademick\u00fdch trad\u00edci\u00ed, rozvoj vz\u0165ahov s verejnos\u0165ou a \u0161\u00edrenie dobr\u00e9ho mena PF UPJ\u0160 v&nbsp;Ko\u0161iciach<\/p>\n\n\n\n<p><strong>RNDr. Iveta Sov\u00e1kov\u00e1<\/strong> &#8211; za profesionaliz\u00e1ciu \u010dinnost\u00ed \u0161tudijn\u00e9ho oddelenia, zav\u00e1dzanie akademick\u00e9ho informa\u010dn\u00e9ho syst\u00e9mu, odborn\u00fa podporu pri dodr\u017eiavan\u00edm pravidiel a administrovan\u00ed kompletn\u00e9ho vzdel\u00e1vacieho procesu na PF UPJ\u0160 v&nbsp;Ko\u0161iciach<\/p>\n\n\n\n<p><strong>Ing. Silvia Medov\u00e1<\/strong> &#8211; za dlhoro\u010dn\u00fa podporu pri pod\u00e1van\u00ed, administrovan\u00ed a riaden\u00ed vedeck\u00fdch a vzdel\u00e1vac\u00edch projektov na UPJ\u0160<\/p>\n\n\n\n<p><strong>doc. RNDr. Adriana Zele\u0148\u00e1kov\u00e1, PhD.<\/strong> &#8211; za rozvoj vedecko &#8211; v\u00fdskumnej infra\u0161trukt\u00fary, transfer vedeck\u00fdch poznatkov do praxe, kvalitn\u00fa vedeck\u00fa a pedagogick\u00fa \u010dinnos\u0165<\/p>\n<\/div><\/div><\/div>\n\n\n\n<div class=\"wp-block-kadence-pane kt-accordion-pane kt-accordion-pane-1 kt-pane19177_52a08d-1c\"><div class=\"kt-accordion-header-wrap\"><button class=\"kt-blocks-accordion-header kt-acccordion-button-label-show\"><span class=\"kt-blocks-accordion-title-wrap\"><span class=\"kt-blocks-accordion-title\"><strong>Apr\u00edl 2018 <\/strong>&#8211;\u00a0 pri pr\u00edle\u017eitosti osl\u00e1v 55. v\u00fdro\u010dia vzniku PF UPJ\u0160<\/span><\/span><span class=\"kt-blocks-accordion-icon-trigger\"><\/span><\/button><\/div><div class=\"kt-accordion-panel kt-accordion-panel-hidden\"><div class=\"kt-accordion-panel-inner\"><style>.kb-image19177_896d7a-6b:not(.kb-image-is-ratio-size) .kb-img, .kb-image19177_896d7a-6b.kb-image-is-ratio-size{padding-right:var(--global-kb-spacing-xxs, 0.5rem);padding-left:var(--global-kb-spacing-xxs, 0.5rem);}.kb-image19177_896d7a-6b .kb-image-has-overlay:after{opacity:0.3;}<\/style>\n<div class=\"wp-block-kadence-image kb-image19177_896d7a-6b\"><figure class=\"alignright size-medium\"><img loading=\"lazy\" decoding=\"async\" width=\"300\" height=\"167\" src=\"https:\/\/www.upjs.sk\/app\/uploads\/sites\/10\/2022\/10\/55vyrocie_aktual-300x167.jpg\" alt=\"\" class=\"kb-img wp-image-21855\" srcset=\"https:\/\/www.upjs.sk\/app\/uploads\/sites\/10\/2022\/10\/55vyrocie_aktual-300x167.jpg 300w, https:\/\/www.upjs.sk\/app\/uploads\/sites\/10\/2022\/10\/55vyrocie_aktual.jpg 450w\" sizes=\"auto, (max-width: 300px) 100vw, 300px\" \/><\/figure><\/div>\n\n\n\n<p><strong>prof. RNDr.&nbsp;Martin Ba\u010dkor, DrSc. <\/strong>&#8211; za v\u00fdznamn\u00fd podiel k rozvoju katedry botaniky a vedn\u00e9ho odboru fyziol\u00f3gia rastl\u00edn a za pr\u00edspevok k propag\u00e1cii a rozvoju Pr\u00edrodovedeckej fakulty Univerzity Pavla Jozefa \u0160af\u00e1rika v Ko\u0161iciach<\/p>\n\n\n\n<p><strong>doc. RNDr. Pavel Bella, PhD. &#8211; <\/strong>za dlhodob\u00fa intenz\u00edvnu spolupr\u00e1cu s \u00dastavom biologick\u00fdch a ekologick\u00fdch vied a \u00dastavom geografie Pr\u00edrodovedeckej fakulty Univerzity Pavla Jozefa \u0160af\u00e1rika v Ko\u0161iciach pri biologickom, geografickom a geologickom v\u00fdskume jask\u00fd\u0148 na Slovensku<\/p>\n\n\n\n<p><strong>prof. RNDr. Bo\u0159ivoj Klejdus, Ph.D. &#8211; <\/strong>za dlhoro\u010dn\u00fa spolupr\u00e1cu vo&nbsp;v\u00fdskume a&nbsp;vzdel\u00e1van\u00ed v&nbsp;oblasti fyziol\u00f3gie rastl\u00edn na \u00dastave biologick\u00fdch a&nbsp;ekologick\u00fdch vied Pr\u00edrodovedeckej fakulty Univerzity Pavla Jozefa \u0160af\u00e1rika v Ko\u0161iciach<\/p>\n\n\n\n<p><strong>Priv.-Doz. Dr. rer. nat. Souvik Kusari, MRSC, MRSB, CBiol, CSci &#8211; <\/strong>for long-term cooperation in the field of bioactive compounds characterization at the Institute of Biology and Ecology of the Faculty of Science, Pavol Jozef \u0160af\u00e1rik University in Ko\u0161ice during multiple common projects, scientific publications, and research fellowships<\/p>\n\n\n\n<p><strong>Dr. Stefano Loppi, PhD. &#8211; <\/strong>for long-term cooperation in research and education in the field of Plant physiology at the Institute of Biology and Ecology of the Faculty of Science, Pavol Jozef \u0160af\u00e1rik University in Ko\u0161ice<\/p>\n\n\n\n<p><strong>prof. Ant\u00f3nio Jos\u00e9 M\u00e1rquez Cabeza, PhD. &#8211; <\/strong>for long-term cooperation in scientific research and educational activities with the Institute of Biological and Ecological Sciences, Faculty of Science, Pavol Jozef \u0160af\u00e1rik University in Ko\u0161ice<\/p>\n\n\n\n<p><strong>doc. RNDr.&nbsp;\u013dubom\u00edr Panigaj, CSc. <\/strong>&#8211; za v\u00fdznamn\u00fd podiel k rozvoju katedry zool\u00f3gie, za akt\u00edvne zapojenie sa do organiz\u00e1cie biologick\u00fdch olympi\u00e1d a za pr\u00edspevok k propag\u00e1cii a rozvoju Pr\u00edrodovedeckej fakulty Univerzity Pavla Jozefa \u0160af\u00e1rika v Ko\u0161iciach<\/p>\n\n\n\n<p><strong>RNDr. J\u00e1n Sedl\u00e1k, DrSc. &#8211; <\/strong>za dlhoro\u010dn\u00fa spolupr\u00e1cu s Katedrou bunkovej biol\u00f3gie na \u00dastave biologick\u00fdch a ekologick\u00fdch vied Pr\u00edrodovedeckej fakulty Univerzity Pavla Jozefa \u0160af\u00e1rika v Ko\u0161iciach v r\u00e1mci spolo\u010dn\u00fdch projektov, pri v\u00fdchove bud\u00facich vedcov a pri organizovan\u00ed vedeck\u00fdch podujat\u00ed<\/p>\n\n\n\n<p><strong>prof. RNDr. Michal Hnati\u010d, DrSc.<\/strong>&nbsp;&#8211; za v\u00fdrazn\u00fd podiel na rozvoji \u0161tudijn\u00fdch programov astrofyzika a&nbsp;jadrov\u00e1 a subjadrov\u00e1 fyzika na Pr\u00edrodovedeckej fakulte Univerzity Pavla Jozefa \u0160af\u00e1rika v&nbsp;Ko\u0161iciach<\/p>\n\n\n\n<p><strong>RNDr. Igor Kudzej, CSc. <\/strong>&#8211; za systematick\u00fa dlhoro\u010dn\u00fa&nbsp;spolupr\u00e1cu s&nbsp; Pr\u00edrodovedeckou fakultou Univerzity Pavla Jozefa \u0160af\u00e1rika v Ko\u0161iciach, za pr\u00edspevok k rozvoju astron\u00f3mie na fakulte a&nbsp;za spolupr\u00e1cu vo&nbsp;v\u00fdskume premenn\u00fdch hviezd<\/p>\n\n\n\n<p><strong>prof. Yury Panebrattsev, DrSc.<\/strong> \u2013 for the long-term cooperation with the Department of Nuclear and Subnuclear Physics of the Institute of Physics, Faculty of Science, Pavol Jozef \u0160af\u00e1rik University in Ko\u0161ice in research and organization of collaboration in experiments as well as in the popularization of science and technology in Slovakia<\/p>\n\n\n\n<p><strong>prof. RNDr. Rastislav Varga, DrSc. <\/strong>&#8211; &nbsp;za v\u00fdznamn\u00fd podiel na vzdel\u00e1van\u00ed \u0161tudentov a doktorandov v \u0161tudijnom programe Fyzika kondenzovan\u00fdch l\u00e1tok a pr\u00edspevok k transferu poznatkov vedy a v\u00fdskumu do praxe<\/p>\n\n\n\n<p><strong>prof. RNDr. Stanislav Vok\u00e1l, DrSc.<\/strong> &#8211;&nbsp; za v\u00fdrazn\u00fd podiel vo vedeckom v\u00fdskume a za z\u00e1sluhy o rozvoj spolupr\u00e1ce so Spojen\u00fdm \u00fastavom jadrov\u00fdch v\u00fdskumov v&nbsp;Dubne a za dlhoro\u010dn\u00fd pr\u00ednos pre Katedru jadrovej a subjadrovej fyziky v pedagogickej oblasti<\/p>\n\n\n\n<p><strong>prof. Mgr. Jaroslav Hofierka, PhD. <\/strong>&#8211; za v\u00fdznamn\u00fd podiel na rozvoji \u0161tudijn\u00e9ho programu a vedn\u00e9ho odboru Geoinformatika, etablovanie \u00dastavu geografick\u00fdch vied v medzin\u00e1rodnom meradle a pr\u00edspevok k vybudovaniu unik\u00e1tnej vedecko-v\u00fdskumnej infra\u0161trukt\u00fary<\/p>\n\n\n\n<p><strong>prof. RNDr. Jozef Min\u00e1r, CSc<\/strong>. &#8211; za dlhoro\u010dn\u00fa spolupr\u00e1cu s Pr\u00edrodovedeckou fakultou UPJ\u0160 v Ko\u0161iciach v oblasti fyzickej geografie a&nbsp;za v\u00fdznamn\u00fd podiel k rozvoju kvalifika\u010dnej \u0161trukt\u00fary \u010dlenov \u00dastavu geografie Pr\u00edrodovedeckej fakulty Univerzity Pavla Jozefa \u0160af\u00e1rika v Ko\u0161iciach<\/p>\n\n\n\n<p><strong>Fakulta materi\u00e1lov, metalurgie a recykl\u00e1cie TUKE <\/strong>\u2013 za dlhoro\u010dn\u00fa spolupr\u00e1cu s&nbsp;Pr\u00edrodovedeckou fakultou Univerzity Pavla Jozefa \u0160af\u00e1rika v&nbsp;Ko\u0161iciach a&nbsp;za poskytnutie v\u00fdu\u010dbov\u00fdch priestorov po po\u017eiari budovy \u00dastavu chemick\u00fdch vied<\/p>\n\n\n\n<p><strong>prof. RNDr. Milan Hutta, CSc.&nbsp;<\/strong>\u2013 za dlhodob\u00fa spolupr\u00e1cu s&nbsp;\u00dastavom chemick\u00fdch vied Pr\u00edrodovedeckej fakulty Univerzity Pavla Jozefa \u0160af\u00e1rika v Ko\u0161iciach v&nbsp;odbore Analytick\u00e1 ch\u00e9mia<\/p>\n\n\n\n<p><strong>ITES<\/strong> <strong>Vranov, s.r.o<\/strong>. &#8211; za dlhoro\u010dn\u00fa spolupr\u00e1cu s&nbsp;Pr\u00edrodovedeckou fakultou Univerzity Pavla Jozefa \u0160af\u00e1rika a \u00fastretov\u00fd pr\u00edstup pri likvid\u00e1ci\u00ed n\u00e1sledkov po\u017eiaru budovy \u00dastavu chemick\u00fdch vied<\/p>\n\n\n\n<p><strong>prof. RNDr. Vladim\u00edr Kell\u00f6, DrSc.<\/strong> &#8211; za podporu rozvoja fyzik\u00e1lnej ch\u00e9mie na Pr\u00edrodovedeckej fakulte Univerzity Pavla Jozefa \u0160af\u00e1rika v Ko\u0161iciach, predov\u0161etk\u00fdm za spolupr\u00e1cu pri realiz\u00e1ci\u00ed doktorandsk\u00e9ho \u0161t\u00fadia v programe Fyzik\u00e1lna ch\u00e9mia a vo vzdel\u00e1van\u00ed \u0161tudentov magistersk\u00e9ho \u0161t\u00fadia v oblasti kvantovej ch\u00e9mie<\/p>\n\n\n\n<p><strong>prof. Ing. Marian Koman, DrSc. <\/strong>&#8211; za dlhoro\u010dn\u00fd v\u00fdznamn\u00fd pr\u00edspevok pri rozvoji doktorandsk\u00e9ho \u0161t\u00fadia v&nbsp;odbore Anorganick\u00e1 ch\u00e9mia na Pr\u00edrodovedeckej fakulte Univerzity Pavla Jozefa \u0160af\u00e1rika v Ko\u0161iciach a&nbsp;za dlhoro\u010dn\u00e9 akt\u00edvne \u010dlenstvo v Odborovej komisii Anorganick\u00e1 ch\u00e9mia<\/p>\n\n\n\n<p><strong>prof. Ing. Jan Labuda, DrSc. <\/strong>\u2013 za v\u00fdznamn\u00fd pr\u00ednos k&nbsp;rozvoju Katedry analytickej ch\u00e9mie \u00dastavu chemick\u00fdch vied Pr\u00edrodovedeckej fakulty Univerzity Pavla Jozefa \u0160af\u00e1rika v Ko\u0161iciach<\/p>\n\n\n\n<p><strong>doc. Ing. Ladislav Petru\u0161, DrSc.<\/strong> &#8211; za dlhoro\u010dn\u00fa spolupr\u00e1cu a&nbsp;pomoc pri rozvoji organickej ch\u00e9mie na Pr\u00edrodovedeckej fakulte Univerzity Pavla Jozefa \u0160af\u00e1rika v Ko\u0161iciach a pr\u00edspevok ku rozvoju doktorandsk\u00e9ho \u0161t\u00fadia v&nbsp;odbore organick\u00e1 ch\u00e9mia<\/p>\n\n\n\n<p><strong>prof. RNDr. Miroslav Urban, DrSc.<\/strong> &#8211; za z\u00e1sluhy o etablovanie fyzik\u00e1lnej ch\u00e9mie na Pr\u00edrodovedeckej fakulte Univerzity Pavla Jozefa \u0160af\u00e1rika v Ko\u0161iciach, rozvoj spolupr\u00e1ce a spolo\u010dn\u00fdch projektov medzi Katedrou teoretickej a fyzik\u00e1lnej ch\u00e9mie Pr\u00edrodovedeckej fakulty Univerzity Komensk\u00e9ho v&nbsp;Bratislave a Katedrou fyzik\u00e1lnej ch\u00e9mie \u00dastavu chemick\u00fdch vied<\/p>\n\n\n\n<p><strong>RNDr. Peter Bugata<\/strong> &#8211; za etablovanie&nbsp; modelu vedecko-v\u00fdskumnej spolupr\u00e1ce akademickej a komer\u010dnej sf\u00e9ry<\/p>\n\n\n\n<p><strong>prof. RNDr. Branislav Rovan, PhD.<\/strong> &#8211; za vedeck\u00fa a&nbsp;pedagogick\u00fa spolupr\u00e1cu s&nbsp;Pr\u00edrodovedeckou fakultou&nbsp;Univerzity Pavla Jozefa \u0160af\u00e1rika v&nbsp;Ko\u0161iciach p ri rozvoji \u0161t\u00fadia informatiky<\/p>\n\n\n\n<p><strong>prof. RNDr. Martin Ba\u010da, CSc. <\/strong>&#8211; za dlhoro\u010dn\u00fa intenz\u00edvnu vedeck\u00fa spolupr\u00e1cu s \u00dastavom matematick\u00fdch vied Pr\u00edrodovedeckej fakulty Univerzity Pavla Jozefa \u0160af\u00e1rika v Ko\u0161iciach<\/p>\n\n\n\n<p><strong>prof. RNDr. Mirko Hor\u0148\u00e1k, CSc.<\/strong> &#8211; za v\u00fdznamn\u00fd podiel na vzniku a etablovan\u00ed workshopu Cycles a colourings ako vedeck\u00e9ho podujatia medzin\u00e1rodnej \u00farovne<\/p>\n\n\n\n<p><strong>prof. RNDr. Igor Podlubn\u00fd, DrSc. <\/strong>&#8211; za podporu pri budovan\u00ed vedecko-v\u00fdskumnej infra\u0161trukt\u00fary \u00dastavu matematick\u00fdch vied Pr\u00edrodovedeckej fakulty Univerzity Pavla Jozefa \u0160af\u00e1rika v Ko\u0161iciach a rozvoj jeho vedeck\u00e9ho potenci\u00e1lu.<\/p>\n\n\n\n<p><strong>prof. Dr. Hab. Mariusz Wo\u017aniak, DrSc. <\/strong>\u2013 for long-term intensive cooperation with Institute of mathematics, Faculty of Science, P. J. \u0160af\u00e1rik University<\/p>\n\n\n\n<p><strong>Ing. Marian Andrejko<\/strong>. &#8211; za dlhoro\u010dn\u00fa obetav\u00fa pr\u00e1cu a pr\u00ednos k rozvoju Centra aplikovanej informatiky na Pr\u00edrodovedeckej fakulte Univerzity Pavla Jozefa \u0160af\u00e1rika v Ko\u0161iciach<\/p>\n\n\n\n<p><strong>doc. RNDr. Viliam Chv\u00e1l, CSc. \u2013 in memoriam &#8211;&nbsp; <\/strong>za podiel na rozvoji a budovan\u00ed informatiky na Pr\u00edrodovedeckej fakulte Univerzity Pavla Jozefa \u0160af\u00e1rika v Ko\u0161iciach a za v\u00fdrazn\u00fd pr\u00edspevok k vytv\u00e1raniu org\u00e1nov akademickej samospr\u00e1vy na fakulte a univerzite<\/p>\n\n\n\n<h5 class=\"wp-block-heading\"><strong><u>J\u00fan 2017<\/u> \u2013 pri pr\u00edle\u017eitosti osl\u00e1v 50. rokov informatiky na UPJ\u0160<\/strong><\/h5>\n\n\n\n<p><strong>prof. Ing. \u0160tefan Hud\u00e1k, DrSc.<\/strong> &#8211; za pr\u00ednos k rozvoju Informatiky a informa\u010dno-komunika\u010dn\u00fdch technol\u00f3gi\u00ed na Univerzite Pavla Jozefa \u0160af\u00e1rika v Ko\u0161iciach<\/p>\n<\/div><\/div><\/div>\n\n\n\n<div class=\"wp-block-kadence-pane kt-accordion-pane kt-accordion-pane-2 kt-pane19177_22d010-37\"><div class=\"kt-accordion-header-wrap\"><button class=\"kt-blocks-accordion-header kt-acccordion-button-label-show\"><span class=\"kt-blocks-accordion-title-wrap\"><span class=\"kt-blocks-accordion-title\"><strong>J\u00fan 2017 <\/strong>\u2013 pri pr\u00edle\u017eitosti osl\u00e1v 50. rokov informatiky na UPJ\u0160<\/span><\/span><span class=\"kt-blocks-accordion-icon-trigger\"><\/span><\/button><\/div><div class=\"kt-accordion-panel kt-accordion-panel-hidden\"><div class=\"kt-accordion-panel-inner\">\n<p><strong>prof. Ing. \u0160tefan Hud\u00e1k, DrSc.<\/strong> &#8211; za pr\u00ednos k rozvoju Informatiky a informa\u010dno-komunika\u010dn\u00fdch technol\u00f3gi\u00ed na Univerzite Pavla Jozefa \u0160af\u00e1rika v Ko\u0161iciach<\/p>\n<\/div><\/div><\/div>\n\n\n\n<div class=\"wp-block-kadence-pane kt-accordion-pane kt-accordion-pane-19 kt-pane19177_b703f3-52\"><div class=\"kt-accordion-header-wrap\"><button class=\"kt-blocks-accordion-header kt-acccordion-button-label-show\"><span class=\"kt-blocks-accordion-title-wrap\"><span class=\"kt-blocks-accordion-title\"><strong>J\u00fal 2013<\/strong>\u00a0\u2013 pri pr\u00edle\u017eitosti osl\u00e1v 50. v\u00fdro\u010dia vzniku PF UPJ\u0160<\/span><\/span><span class=\"kt-blocks-accordion-icon-trigger\"><\/span><\/button><\/div><div class=\"kt-accordion-panel kt-accordion-panel-hidden\"><div class=\"kt-accordion-panel-inner\"><style>.kb-image19177_9a8307-24 .kb-image-has-overlay:after{opacity:0.3;}<\/style>\n<div class=\"wp-block-kadence-image kb-image19177_9a8307-24\"><figure class=\"alignright size-full\"><img loading=\"lazy\" decoding=\"async\" width=\"227\" height=\"227\" src=\"https:\/\/www.upjs.sk\/app\/uploads\/sites\/10\/2022\/10\/logo_50vyrocie.png\" alt=\"\" class=\"kb-img wp-image-23460\" srcset=\"https:\/\/www.upjs.sk\/app\/uploads\/sites\/10\/2022\/10\/logo_50vyrocie.png 227w, https:\/\/www.upjs.sk\/app\/uploads\/sites\/10\/2022\/10\/logo_50vyrocie-150x150.png 150w\" sizes=\"auto, (max-width: 227px) 100vw, 227px\" \/><\/figure><\/div>\n\n\n\n<p><strong>doc. RNDr. Ivan \u017de\u017eula, CSc<\/strong>. &#8211; in memoriam &#8211; za v\u00fdznamn\u00fd pr\u00ednos k&nbsp;rozvoju pracov\u00edsk na \u00dastave chemick\u00fdch vied&nbsp; Pr\u00edrodovedeckej fakulty UPJ\u0160 v&nbsp;Ko\u0161iciach<\/p>\n<\/div><\/div><\/div>\n\n\n\n<div class=\"wp-block-kadence-pane kt-accordion-pane kt-accordion-pane-20 kt-pane19177_673a65-83\"><div class=\"kt-accordion-header-wrap\"><button class=\"kt-blocks-accordion-header kt-acccordion-button-label-show\"><span class=\"kt-blocks-accordion-title-wrap\"><span class=\"kt-blocks-accordion-title\"><strong>M\u00e1j 2013\u00a0<\/strong>\u2013 pri pr\u00edle\u017eitosti osl\u00e1v 50. v\u00fdro\u010dia vzniku PF UPJ\u0160<\/span><\/span><span class=\"kt-blocks-accordion-icon-trigger\"><\/span><\/button><\/div><div class=\"kt-accordion-panel kt-accordion-panel-hidden\"><div class=\"kt-accordion-panel-inner\"><style>.kb-image19177_7e8dd4-ab .kb-image-has-overlay:after{opacity:0.3;}<\/style>\n<div class=\"wp-block-kadence-image kb-image19177_7e8dd4-ab\"><figure class=\"alignright size-full\"><img loading=\"lazy\" decoding=\"async\" width=\"227\" height=\"227\" src=\"https:\/\/www.upjs.sk\/app\/uploads\/sites\/10\/2022\/10\/logo_50vyrocie.png\" alt=\"\" class=\"kb-img wp-image-23460\" srcset=\"https:\/\/www.upjs.sk\/app\/uploads\/sites\/10\/2022\/10\/logo_50vyrocie.png 227w, https:\/\/www.upjs.sk\/app\/uploads\/sites\/10\/2022\/10\/logo_50vyrocie-150x150.png 150w\" sizes=\"auto, (max-width: 227px) 100vw, 227px\" \/><\/figure><\/div>\n\n\n\n<p><strong>prof. Dr. Gerard Tel, PhD.<\/strong> &#8211; for a long-term cooperation in teaching computer science at the Faculty of Science of P. J. \u0160af\u00e1rik University in Ko\u0161ice<br><strong>RNDr. Jan Vina\u0159, CSc. <\/strong>\u2013 in memoriam &#8211;&nbsp;&nbsp; za podiel na vybudovan\u00ed informatiky ako nov\u00e9ho odboru na Pr\u00edrodovedeckej fakulte UPJ\u0160 v Ko\u0161iciach<br><strong>doc. RNDr. Peter Kutschy, CSc.<\/strong> \u2013 in memoriam &#8211;&nbsp; za celo\u017eivotn\u00fa vedeck\u00fa a pedagogick\u00fa pr\u00e1cu v prospech Pr\u00edrodovedeckej fakulty UPJ\u0160 v Ko\u0161iciach<br><strong>RNDr. Pavol Me\u013euch<\/strong> &#8211; in memoriam &#8211; za celo\u017eivotn\u00fa vedeck\u00fa a pedagogick\u00fa pr\u00e1cu v prospech Pr\u00edrodovedeckej fakulty UPJ\u0160 v Ko\u0161iciach<br><strong>doc. RNDr. Jozef Chomi\u010d, CSc.<\/strong> &#8211; za celo\u017eivotn\u00fa vedeck\u00fa a pedagogick\u00fa pr\u00e1cu v prospech Pr\u00edrodovedeckej fakulty UPJ\u0160 v Ko\u0161iciach<br><strong>Dr. Michal Du\u0161ek<\/strong> &#8211; za v\u00fdrazn\u00fd podiel na budovan\u00ed laborat\u00f3ria \u0161trukt\u00farnej anal\u00fdzy \u00dastavu chemick\u00fdch vied PF UPJ\u0160 v Ko\u0161iciach<br><strong>prof. Dr. M\u00e1ria Luk\u00e1\u010dov\u00e1 &#8211; Medvi\u010fov\u00e1, PhD. <\/strong>&#8211; for a contribution to the development of doctoral studies in the field of applied mathematics<br><strong>prof. Tam\u00e1s Fleiner<\/strong> &#8211; for a long-term cooperation in education, science and research in applied mathematics<br><strong>doc. RNDr. Bo\u017eena Mih\u00e1likov\u00e1, CSc.<\/strong>&nbsp;&#8211; za dlhoro\u010dn\u00fa pedagogick\u00fa pr\u00e1cu a starostlivos\u0165 o talenty v oblasti matematiky<br><strong>doc. JUDr. J\u00e1n Hus\u00e1r, CSc.<\/strong> &#8211; za dlhoro\u010dn\u00fa spolupr\u00e1cu pri vzdel\u00e1van\u00ed pr\u00e1vnick\u00fdch discipl\u00edn na Pr\u00edrodovedeckej fakulte UPJ\u0160 v Ko\u0161iciach<br><strong>doc. RNDr. Zuzana Daxnerov\u00e1, CSc.<\/strong> &#8211; za v\u00fdznamn\u00fd pr\u00ednos pri rozvoji \u00dastavu biologick\u00fdch a ekologick\u00fdch vied na Pr\u00edrodovedeckej fakulty&nbsp; UPJ\u0160 v Ko\u0161iciach<br><strong>doc. RNDr. \u013dubom\u00edr Kov\u00e1\u010d, CSc.<\/strong> &#8211; za v\u00fdznamn\u00fd pr\u00ednos k medzin\u00e1rodnej propag\u00e1cii \u00dastavu biologick\u00fdch a ekologick\u00fdch vied Pr\u00edrodovedeckej fakulty&nbsp; UPJ\u0160 v Ko\u0161iciach<br><strong>doc. Tadeusz Szumiata, PhD.&nbsp;<\/strong> &#8211; for an important contribution in pedagogical area and building of fundamental practices and <strong>didactics at the Faculty<br>doc. RNDr. Eva Vargov\u00e1, CSc.<\/strong> &#8211; za v\u00fdznamn\u00fd pr\u00ednos v oblasti pedagogickej pr\u00e1ce na \u00dastave fyzik\u00e1lnych vied PF UPJ\u0160 v Ko\u0161iciach<br><strong>RNDr. Alexander Dirner, CSc.<\/strong> &#8211; za v\u00fdznamn\u00fd pr\u00ednos v oblasti pedagogickej pr\u00e1ce&nbsp; a starostlivosti o talenty v oblasti fyziky<br><strong>JUDr. Helena Dohovi\u010dov\u00e1<\/strong> &#8211; za pr\u00ednos k rozvoju Pr\u00edrodovedeckej fakulty UPJ\u0160 v Ko\u0161iciach<br><strong>prof. A.lexander. Malachov, DrSc<\/strong>.&nbsp; &#8211; for a merit in educating students in the field of relativistic nuclear physics<br><strong>Disig a.s., Bratislava<\/strong>&nbsp; &#8211; za dlhoro\u010dn\u00fa spolupr\u00e1cu pri implement\u00e1cii prvkov elektronickej bezpe\u010dnosti do Akademick\u00e9ho informa\u010dn\u00e9ho syst\u00e9mu AiS2 a riadiacich procesov na Pr\u00edrodovedeckej fakulte UPJ\u0160 v Ko\u0161iciach<br><strong>prof. RNDr. Jozef Ml\u00e1dek, DrSc<\/strong>.- za pr\u00ednos pri budovan\u00ed geografie na Pr\u00edrodovedeckej fakulte UPJS v Ko\u0161iciach<br><strong>prof. Valery P. Rudenko<\/strong> &#8211; for a contribution to the development of the geography at the Faculty of Science of P. J. \u0160af\u00e1rik University in Ko\u0161ice<br><strong>doc. RNDr. Adam Ko\u0161turiak, CSc.<\/strong> &#8211; in memoriam-&nbsp;&nbsp;&nbsp; za celo\u017eivotn\u00fa vedeck\u00fa a pedagogick\u00fa pr\u00e1cu v prospech Pr\u00edrodovedeckej fakulty UPJ\u0160 v Ko\u0161iciach<br><strong>prof. L. R. Falvello<\/strong>&#8211; for a significant contribution to the development of doctoral studies at the Institute of Chemical Sciences<br><strong>doc. Ing. Tibor Liptaj, CSc.<\/strong> &#8211; za v\u00fdrazn\u00fd pr\u00edspevok k budovaniu laborat\u00f3ria NMR na \u00dastave chemick\u00fdch vied PF UPJ\u0160 v Ko\u0161iciach<br><strong>prof. RNDr. Igor Hudec, CSc<\/strong>. &#8211; za v\u00fdznamn\u00fd pr\u00ednos pri rozvoji odboru ekol\u00f3gia na Pr\u00edrodovedeckej fakulte&nbsp; UPJ\u0160 v Ko\u0161iciach<br><strong>Prof. Sergei A. Zvyagin, DrSc<\/strong>.- for a substantial cooperation in research activities in the field of EPR spectroscopy<br><strong>Ing. J\u00e1n Kir\u00e1ly<\/strong> &#8211; za pr\u00ednos k rozvoju Pr\u00edrodovedeckej fakulty UPJ\u0160 v Ko\u0161iciach<\/p>\n<\/div><\/div><\/div>\n\n\n\n<div class=\"wp-block-kadence-pane kt-accordion-pane kt-accordion-pane-21 kt-pane19177_d04983-ac\"><div class=\"kt-accordion-header-wrap\"><button class=\"kt-blocks-accordion-header kt-acccordion-button-label-show\"><span class=\"kt-blocks-accordion-title-wrap\"><span class=\"kt-blocks-accordion-title\"><strong>December 2009 \u2013 <\/strong>pri pr\u00edle\u017eitosti 45. v\u00fdro\u010dia zalo\u017eenia Katedry jadrovej fyziky PF UPJ\u0160<\/span><\/span><span class=\"kt-blocks-accordion-icon-trigger\"><\/span><\/button><\/div><div class=\"kt-accordion-panel kt-accordion-panel-hidden\"><div class=\"kt-accordion-panel-inner\">\n<p><strong>Ing. M. Karabov\u00e1, CSc.&nbsp; <\/strong>&#8211; za dlhoro\u010dn\u00fa obetav\u00fa a&nbsp;z\u00e1slu\u017en\u00fa pr\u00e1cu&nbsp; pri budovan\u00ed Katedry jadrovej fyziky PF UPJ\u0160 a&nbsp;za v\u00fdznamn\u00fd celo\u017eivotn\u00fd pr\u00ednos vo vedeckov\u00fdskumnej a pedagogickej pr\u00e1ci.<\/p>\n<\/div><\/div><\/div>\n\n\n\n<div class=\"wp-block-kadence-pane kt-accordion-pane kt-accordion-pane-22 kt-pane19177_90898b-4b\"><div class=\"kt-accordion-header-wrap\"><button class=\"kt-blocks-accordion-header kt-acccordion-button-label-show\"><span class=\"kt-blocks-accordion-title-wrap\"><span class=\"kt-blocks-accordion-title\"><strong>M\u00e1j 2008<\/strong> <strong>\u00a0<\/strong>&#8211; pri pr\u00edle\u017eitosti osl\u00e1v 45. v\u00fdro\u010dia vzniku PF UPJ\u0160 v\u00a0Ko\u0161iciach<\/span><\/span><span class=\"kt-blocks-accordion-icon-trigger\"><\/span><\/button><\/div><div class=\"kt-accordion-panel kt-accordion-panel-hidden\"><div class=\"kt-accordion-panel-inner\"><style>.kb-image19177_7ae4c1-c4 .kb-image-has-overlay:after{opacity:0.3;}<\/style>\n<div class=\"wp-block-kadence-image kb-image19177_7ae4c1-c4\"><figure class=\"alignright size-full\"><img loading=\"lazy\" decoding=\"async\" width=\"70\" height=\"70\" src=\"https:\/\/www.upjs.sk\/app\/uploads\/sites\/10\/2022\/10\/45_pfupjs.jpg\" alt=\"\" class=\"kb-img wp-image-25196\"\/><\/figure><\/div>\n\n\n\n<p><strong>Calendula a.s., Nov\u00e1 \u013dubov\u0148a<\/strong> \u2013 za spolupr\u00e1cu pri aplikovanom v\u00fdskume a&nbsp;realiza\u010dn\u00fdch v\u00fdstupoch a v\u00fdznamn\u00fa podporu vedeck\u00e9ho v\u00fdskumu na PF UPJ\u0160.<br><strong>Ing. Zolt\u00e1n Barto\u0161<\/strong> \u2013 za dlhoro\u010dn\u00fa spolupr\u00e1cu v oblasti aplikovan\u00e9ho v\u00fdskumu v prospech PF UPJ\u0160.<br><strong>Dr. R\u00f3bert N\u00e1daskay<\/strong> &#8211; za intenz\u00edvnu vedeck\u00fa spolupr\u00e1cu s&nbsp;pracoviskami \u00dastavu chemick\u00fdch vied PF UPJ\u0160.<br><strong>Doc. RNDr. Peter Prista\u0161, CSc.<\/strong> &#8211; Za v\u00fdznamn\u00fd pr\u00ednos k&nbsp;rozvoju Katedry bioch\u00e9mie \u00dastavu chemick\u00fdch vied PF UPJ\u0160<br><strong>doc. RNDr. Peter Javorsk\u00fd, DrSc<\/strong>. \u2013 Za v\u00fdznamn\u00fd pr\u00ednos k&nbsp;rozvoju Katedry bioch\u00e9mie \u00dastavu chemick\u00fdch vied PF UPJ\u0160<br><strong>VSL Software<\/strong> \u2013 za dlhoro\u010dn\u00fa spolupr\u00e1cu pri v\u00fdvoji Akademick\u00e9ho informa\u010dn\u00e9ho syst\u00e9mu.<br><strong>RNDr. Ladislav \u0160\u00e1ndor, CSc. \u2013 <\/strong>za v\u00fdrazn\u00fa pomoc pri nadviazan\u00ed medzin\u00e1rodnej spolupr\u00e1ce fakulty &nbsp;s&nbsp;CERN, za pr\u00ednos v&nbsp;pedagogickej pr\u00e1ci a&nbsp;vo v\u00fdchove vedeck\u00fdch pracovn\u00edkov KJFaSF \u00daFV PF UPJ\u0160<\/p>\n<\/div><\/div><\/div>\n\n\n\n<div class=\"wp-block-kadence-pane kt-accordion-pane kt-accordion-pane-23 kt-pane19177_2c9752-45\"><div class=\"kt-accordion-header-wrap\"><button class=\"kt-blocks-accordion-header kt-acccordion-button-label-show\"><span class=\"kt-blocks-accordion-title-wrap\"><span class=\"kt-blocks-accordion-title\"><strong>21. m\u00e1j 2006<\/strong><\/span><\/span><span class=\"kt-blocks-accordion-icon-trigger\"><\/span><\/button><\/div><div class=\"kt-accordion-panel kt-accordion-panel-hidden\"><div class=\"kt-accordion-panel-inner\">\n<p><strong>RNDr. L. \u0160\u00e1ndor, CSc., &#8211; <\/strong>pri pr\u00edle\u017eitosti \u017eivotn\u00e9ho jubilea<strong>, &nbsp;<\/strong>za v\u00fdrazn\u00fa pomoc pri nadviazan\u00ed medzin\u00e1rodnej spolupr\u00e1ce KJaSF \u00daFV PF UPJ\u0160 s&nbsp;CERN, za v\u00fdznamn\u00fd pr\u00ednos v&nbsp;pedagogickej pr\u00e1ci a&nbsp;vo v\u00fdchove vedeck\u00fdch pracovn\u00edkov na KJaSF \u00daFV PF UPJ\u0160<\/p>\n<\/div><\/div><\/div>\n\n\n\n<div class=\"wp-block-kadence-pane kt-accordion-pane kt-accordion-pane-24 kt-pane19177_23c3ad-4f\"><div class=\"kt-accordion-header-wrap\"><button class=\"kt-blocks-accordion-header kt-acccordion-button-label-show\"><span class=\"kt-blocks-accordion-title-wrap\"><span class=\"kt-blocks-accordion-title\"><strong>November 2005<\/strong><\/span><\/span><span class=\"kt-blocks-accordion-icon-trigger\"><\/span><\/button><\/div><div class=\"kt-accordion-panel kt-accordion-panel-hidden\"><div class=\"kt-accordion-panel-inner\">\n<p><strong>doc. RNDr. P. Kop\u010dansk\u00fd, CSc. <\/strong>(riadite\u013e \u00daEF SAV<strong>), &nbsp;<\/strong>pri pr\u00edle\u017eitosti \u017eivotn\u00e9ho jubilea 50- tych naroden\u00edn &#8211; za &nbsp;pr\u00ednos k&nbsp;rozvoju vedeckov\u00fdskumnej a&nbsp;pedagogickej pr\u00e1ce v&nbsp;oblasti fyziky na fakulte<\/p>\n<\/div><\/div><\/div>\n\n\n\n<div class=\"wp-block-kadence-pane kt-accordion-pane kt-accordion-pane-25 kt-pane19177_7656cd-ee\"><div class=\"kt-accordion-header-wrap\"><button class=\"kt-blocks-accordion-header kt-acccordion-button-label-show\"><span class=\"kt-blocks-accordion-title-wrap\"><span class=\"kt-blocks-accordion-title\"><strong>Apr\u00edl 2003 <\/strong>&#8211;\u00a0 pri pr\u00edle\u017eitosti osl\u00e1v 40. v\u00fdro\u010dia vzniku PF UPJ\u0160<\/span><\/span><span class=\"kt-blocks-accordion-icon-trigger\"><\/span><\/button><\/div><div class=\"kt-accordion-panel kt-accordion-panel-hidden\"><div class=\"kt-accordion-panel-inner\">\n<p><strong>prof. RNDr. Daniel Vl\u010dek, DrSc. \u2013 <\/strong>za v\u00fdznamn\u00fd podiel na vzniku a&nbsp;rozvoji doktorandsk\u00e9ho \u0161t\u00fadia v&nbsp;odbore Genetika a&nbsp;podiel na zvy\u0161ovan\u00ed kvalifik\u00e1cie pracovn\u00edkov PF UPJ\u0160. &nbsp;<br><strong>Doc. RNDr. Karol Erdelsk\u00fd, CSc. <\/strong>\u2013 za v\u00fdrazn\u00fa podporu pri kvalifika\u010dnom raste pracovn\u00edkov PF UPJ\u0160 a&nbsp;za podiel na formovan\u00ed biologick\u00e9ho v\u00fdskumu na PF UPJ\u0160.<br><strong>Dr. Ivona Go\u015bcia\u0144ska \u2013 <\/strong>za dlhodob\u00fa a&nbsp;\u00faspe\u0161n\u00fa vedeck\u00fa spolupr\u00e1cu v&nbsp;oblasti v\u00fdskumu feromagnetick\u00fdch tenk\u00fdch vrstiev.<br><strong>Doc. RNDr. Ladislav Smik, CSc.<\/strong> \u2013 za dlhoro\u010dn\u00fa pedagogick\u00fa, vedeckov\u00fdskumn\u00fa a publika\u010dn\u00fa \u010dinnos\u0165 v oblasti te\u00f3rie vyu\u010dovania ch\u00e9mie.<br><strong>prof. Charles Kappenstein \u2013 <\/strong>za v\u00fdrazn\u00fa podporu v\u00fdskumu v oblasti koordina\u010dnej ch\u00e9mie a ch\u00e9mie tuhej tuhej f\u00e1zy.<br><strong>prof. RNDr. Jozef Ml\u00e1dek, DrSc.<\/strong> \u2013 za v\u00fdrazn\u00fa podporu pri zalo\u017een\u00ed a rozvoji geografick\u00e9ho pracoviska na Pr\u00edrodovedeckej fakulte UPJ\u0160.&nbsp;<br><strong>priv. Doz. Rheihard Zeese &#8211; <\/strong>za v\u00fdrazn\u00fa podporu pri zalo\u017een\u00ed a rozvoji geografick\u00e9ho pracoviska na Pr\u00edrodovedeckej fakulte UPJ\u0160.<\/p>\n<\/div><\/div><\/div>\n<\/div><\/div><\/div>\n<\/div><\/div>\n","protected":false},"excerpt":{"rendered":"","protected":false},"author":1,"featured_media":19178,"parent":14904,"menu_order":6,"comment_status":"closed","ping_status":"closed","template":"","meta":{"_acf_changed":false,"_editorskit_title_hidden":false,"_editorskit_reading_time":0,"_editorskit_is_block_options_detached":false,"_editorskit_block_options_position":"{}","footnotes":""},"categories":[],"tags":[],"class_list":["post-63909","page","type-page","status-publish","has-post-thumbnail","hentry"],"acf":{"acf_link_na_externy_obsah":""},"yoast_head":"<!-- This site is optimized with the Yoast SEO plugin v27.4 - https:\/\/yoast.com\/product\/yoast-seo-wordpress\/ -->\n<title>Osobnosti a in\u0161tit\u00facie ocenen\u00e9 medailou PF UPJ\u0160 - bronzov\u00e1 medaila - Pr\u00edrodovedeck\u00e1 fakulta | UPJ\u0160<\/title>\n<meta name=\"robots\" content=\"index, follow, max-snippet:-1, max-image-preview:large, max-video-preview:-1\" \/>\n<link rel=\"canonical\" href=\"https:\/\/www.upjs.sk\/prirodovedecka-fakulta\/fakulta\/historia-fakulty\/bronzova-medaila\/\" \/>\n<meta property=\"og:locale\" content=\"sk_SK\" \/>\n<meta property=\"og:type\" content=\"article\" \/>\n<meta property=\"og:title\" content=\"Osobnosti a in\u0161tit\u00facie ocenen\u00e9 medailou PF UPJ\u0160 - bronzov\u00e1 medaila - Pr\u00edrodovedeck\u00e1 fakulta | UPJ\u0160\" \/>\n<meta property=\"og:url\" content=\"https:\/\/www.upjs.sk\/prirodovedecka-fakulta\/fakulta\/historia-fakulty\/bronzova-medaila\/\" \/>\n<meta property=\"og:site_name\" content=\"Pr\u00edrodovedeck\u00e1 fakulta | UPJ\u0160\" \/>\n<meta property=\"article:modified_time\" content=\"2024-04-04T13:47:32+00:00\" \/>\n<meta property=\"og:image\" content=\"https:\/\/www.upjs.sk\/app\/uploads\/sites\/10\/2022\/10\/bronzova_medaila.jpeg\" \/>\n\t<meta property=\"og:image:width\" content=\"623\" \/>\n\t<meta property=\"og:image:height\" content=\"665\" \/>\n\t<meta property=\"og:image:type\" content=\"image\/jpeg\" \/>\n<meta name=\"twitter:card\" content=\"summary_large_image\" \/>\n<meta name=\"twitter:label1\" content=\"Predpokladan\u00fd \u010das \u010d\u00edtania\" \/>\n\t<meta name=\"twitter:data1\" content=\"16 min\u00fat\" \/>\n<script type=\"application\/ld+json\" class=\"yoast-schema-graph\">{\"@context\":\"https:\\\/\\\/schema.org\",\"@graph\":[{\"@type\":\"WebPage\",\"@id\":\"https:\\\/\\\/www.upjs.sk\\\/prirodovedecka-fakulta\\\/fakulta\\\/historia-fakulty\\\/bronzova-medaila\\\/\",\"url\":\"https:\\\/\\\/www.upjs.sk\\\/prirodovedecka-fakulta\\\/fakulta\\\/historia-fakulty\\\/bronzova-medaila\\\/\",\"name\":\"Osobnosti a in\u0161tit\u00facie ocenen\u00e9 medailou PF UPJ\u0160 - bronzov\u00e1 medaila - Pr\u00edrodovedeck\u00e1 fakulta | UPJ\u0160\",\"isPartOf\":{\"@id\":\"https:\\\/\\\/www.upjs.sk\\\/prirodovedecka-fakulta\\\/#website\"},\"primaryImageOfPage\":{\"@id\":\"https:\\\/\\\/www.upjs.sk\\\/prirodovedecka-fakulta\\\/fakulta\\\/historia-fakulty\\\/bronzova-medaila\\\/#primaryimage\"},\"image\":{\"@id\":\"https:\\\/\\\/www.upjs.sk\\\/prirodovedecka-fakulta\\\/fakulta\\\/historia-fakulty\\\/bronzova-medaila\\\/#primaryimage\"},\"thumbnailUrl\":\"https:\\\/\\\/www.upjs.sk\\\/app\\\/uploads\\\/sites\\\/10\\\/2022\\\/10\\\/bronzova_medaila.jpeg\",\"datePublished\":\"2023-11-23T08:12:17+00:00\",\"dateModified\":\"2024-04-04T13:47:32+00:00\",\"breadcrumb\":{\"@id\":\"https:\\\/\\\/www.upjs.sk\\\/prirodovedecka-fakulta\\\/fakulta\\\/historia-fakulty\\\/bronzova-medaila\\\/#breadcrumb\"},\"inLanguage\":\"sk-SK\",\"potentialAction\":[{\"@type\":\"ReadAction\",\"target\":[\"https:\\\/\\\/www.upjs.sk\\\/prirodovedecka-fakulta\\\/fakulta\\\/historia-fakulty\\\/bronzova-medaila\\\/\"]}]},{\"@type\":\"ImageObject\",\"inLanguage\":\"sk-SK\",\"@id\":\"https:\\\/\\\/www.upjs.sk\\\/prirodovedecka-fakulta\\\/fakulta\\\/historia-fakulty\\\/bronzova-medaila\\\/#primaryimage\",\"url\":\"https:\\\/\\\/www.upjs.sk\\\/app\\\/uploads\\\/sites\\\/10\\\/2022\\\/10\\\/bronzova_medaila.jpeg\",\"contentUrl\":\"https:\\\/\\\/www.upjs.sk\\\/app\\\/uploads\\\/sites\\\/10\\\/2022\\\/10\\\/bronzova_medaila.jpeg\",\"width\":623,\"height\":665,\"caption\":\"bronzova-medaila\"},{\"@type\":\"BreadcrumbList\",\"@id\":\"https:\\\/\\\/www.upjs.sk\\\/prirodovedecka-fakulta\\\/fakulta\\\/historia-fakulty\\\/bronzova-medaila\\\/#breadcrumb\",\"itemListElement\":[{\"@type\":\"ListItem\",\"position\":1,\"name\":\"Home\",\"item\":\"https:\\\/\\\/www.upjs.sk\\\/prirodovedecka-fakulta\\\/\"},{\"@type\":\"ListItem\",\"position\":2,\"name\":\"Inform\u00e1cie o fakulte\",\"item\":\"https:\\\/\\\/www.upjs.sk\\\/prirodovedecka-fakulta\\\/fakulta\\\/\"},{\"@type\":\"ListItem\",\"position\":3,\"name\":\"Hist\u00f3ria fakulty\",\"item\":\"https:\\\/\\\/www.upjs.sk\\\/prirodovedecka-fakulta\\\/fakulta\\\/historia-fakulty\\\/\"},{\"@type\":\"ListItem\",\"position\":4,\"name\":\"Osobnosti a in\u0161tit\u00facie ocenen\u00e9 medailou PF UPJ\u0160 &#8211; bronzov\u00e1 medaila\"}]},{\"@type\":\"WebSite\",\"@id\":\"https:\\\/\\\/www.upjs.sk\\\/prirodovedecka-fakulta\\\/#website\",\"url\":\"https:\\\/\\\/www.upjs.sk\\\/prirodovedecka-fakulta\\\/\",\"name\":\"Pr\u00edrodovedeck\u00e1 fakulta | UPJ\u0160\",\"description\":\"\",\"publisher\":{\"@id\":\"https:\\\/\\\/www.upjs.sk\\\/prirodovedecka-fakulta\\\/#organization\"},\"potentialAction\":[{\"@type\":\"SearchAction\",\"target\":{\"@type\":\"EntryPoint\",\"urlTemplate\":\"https:\\\/\\\/www.upjs.sk\\\/prirodovedecka-fakulta\\\/?s={search_term_string}\"},\"query-input\":{\"@type\":\"PropertyValueSpecification\",\"valueRequired\":true,\"valueName\":\"search_term_string\"}}],\"inLanguage\":\"sk-SK\"},{\"@type\":\"Organization\",\"@id\":\"https:\\\/\\\/www.upjs.sk\\\/prirodovedecka-fakulta\\\/#organization\",\"name\":\"Pr\u00edrodovedeck\u00e1 fakulta | UPJ\u0160\",\"url\":\"https:\\\/\\\/www.upjs.sk\\\/prirodovedecka-fakulta\\\/\",\"logo\":{\"@type\":\"ImageObject\",\"inLanguage\":\"sk-SK\",\"@id\":\"https:\\\/\\\/www.upjs.sk\\\/prirodovedecka-fakulta\\\/#\\\/schema\\\/logo\\\/image\\\/\",\"url\":\"https:\\\/\\\/www.upjs.sk\\\/app\\\/uploads\\\/sites\\\/10\\\/2022\\\/09\\\/logo-prirodovedecka-fakulta.png\",\"contentUrl\":\"https:\\\/\\\/www.upjs.sk\\\/app\\\/uploads\\\/sites\\\/10\\\/2022\\\/09\\\/logo-prirodovedecka-fakulta.png\",\"width\":415,\"height\":87,\"caption\":\"Pr\u00edrodovedeck\u00e1 fakulta | UPJ\u0160\"},\"image\":{\"@id\":\"https:\\\/\\\/www.upjs.sk\\\/prirodovedecka-fakulta\\\/#\\\/schema\\\/logo\\\/image\\\/\"}}]}<\/script>\n<!-- \/ Yoast SEO plugin. -->","yoast_head_json":{"title":"Osobnosti a in\u0161tit\u00facie ocenen\u00e9 medailou PF UPJ\u0160 - bronzov\u00e1 medaila - Pr\u00edrodovedeck\u00e1 fakulta | UPJ\u0160","robots":{"index":"index","follow":"follow","max-snippet":"max-snippet:-1","max-image-preview":"max-image-preview:large","max-video-preview":"max-video-preview:-1"},"canonical":"https:\/\/www.upjs.sk\/prirodovedecka-fakulta\/fakulta\/historia-fakulty\/bronzova-medaila\/","og_locale":"sk_SK","og_type":"article","og_title":"Osobnosti a in\u0161tit\u00facie ocenen\u00e9 medailou PF UPJ\u0160 - bronzov\u00e1 medaila - Pr\u00edrodovedeck\u00e1 fakulta | UPJ\u0160","og_url":"https:\/\/www.upjs.sk\/prirodovedecka-fakulta\/fakulta\/historia-fakulty\/bronzova-medaila\/","og_site_name":"Pr\u00edrodovedeck\u00e1 fakulta | UPJ\u0160","article_modified_time":"2024-04-04T13:47:32+00:00","og_image":[{"width":623,"height":665,"url":"https:\/\/www.upjs.sk\/app\/uploads\/sites\/10\/2022\/10\/bronzova_medaila.jpeg","type":"image\/jpeg"}],"twitter_card":"summary_large_image","twitter_misc":{"Predpokladan\u00fd \u010das \u010d\u00edtania":"16 min\u00fat"},"schema":{"@context":"https:\/\/schema.org","@graph":[{"@type":"WebPage","@id":"https:\/\/www.upjs.sk\/prirodovedecka-fakulta\/fakulta\/historia-fakulty\/bronzova-medaila\/","url":"https:\/\/www.upjs.sk\/prirodovedecka-fakulta\/fakulta\/historia-fakulty\/bronzova-medaila\/","name":"Osobnosti a in\u0161tit\u00facie ocenen\u00e9 medailou PF UPJ\u0160 - bronzov\u00e1 medaila - Pr\u00edrodovedeck\u00e1 fakulta | UPJ\u0160","isPartOf":{"@id":"https:\/\/www.upjs.sk\/prirodovedecka-fakulta\/#website"},"primaryImageOfPage":{"@id":"https:\/\/www.upjs.sk\/prirodovedecka-fakulta\/fakulta\/historia-fakulty\/bronzova-medaila\/#primaryimage"},"image":{"@id":"https:\/\/www.upjs.sk\/prirodovedecka-fakulta\/fakulta\/historia-fakulty\/bronzova-medaila\/#primaryimage"},"thumbnailUrl":"https:\/\/www.upjs.sk\/app\/uploads\/sites\/10\/2022\/10\/bronzova_medaila.jpeg","datePublished":"2023-11-23T08:12:17+00:00","dateModified":"2024-04-04T13:47:32+00:00","breadcrumb":{"@id":"https:\/\/www.upjs.sk\/prirodovedecka-fakulta\/fakulta\/historia-fakulty\/bronzova-medaila\/#breadcrumb"},"inLanguage":"sk-SK","potentialAction":[{"@type":"ReadAction","target":["https:\/\/www.upjs.sk\/prirodovedecka-fakulta\/fakulta\/historia-fakulty\/bronzova-medaila\/"]}]},{"@type":"ImageObject","inLanguage":"sk-SK","@id":"https:\/\/www.upjs.sk\/prirodovedecka-fakulta\/fakulta\/historia-fakulty\/bronzova-medaila\/#primaryimage","url":"https:\/\/www.upjs.sk\/app\/uploads\/sites\/10\/2022\/10\/bronzova_medaila.jpeg","contentUrl":"https:\/\/www.upjs.sk\/app\/uploads\/sites\/10\/2022\/10\/bronzova_medaila.jpeg","width":623,"height":665,"caption":"bronzova-medaila"},{"@type":"BreadcrumbList","@id":"https:\/\/www.upjs.sk\/prirodovedecka-fakulta\/fakulta\/historia-fakulty\/bronzova-medaila\/#breadcrumb","itemListElement":[{"@type":"ListItem","position":1,"name":"Home","item":"https:\/\/www.upjs.sk\/prirodovedecka-fakulta\/"},{"@type":"ListItem","position":2,"name":"Inform\u00e1cie o fakulte","item":"https:\/\/www.upjs.sk\/prirodovedecka-fakulta\/fakulta\/"},{"@type":"ListItem","position":3,"name":"Hist\u00f3ria fakulty","item":"https:\/\/www.upjs.sk\/prirodovedecka-fakulta\/fakulta\/historia-fakulty\/"},{"@type":"ListItem","position":4,"name":"Osobnosti a in\u0161tit\u00facie ocenen\u00e9 medailou PF UPJ\u0160 &#8211; bronzov\u00e1 medaila"}]},{"@type":"WebSite","@id":"https:\/\/www.upjs.sk\/prirodovedecka-fakulta\/#website","url":"https:\/\/www.upjs.sk\/prirodovedecka-fakulta\/","name":"Pr\u00edrodovedeck\u00e1 fakulta | UPJ\u0160","description":"","publisher":{"@id":"https:\/\/www.upjs.sk\/prirodovedecka-fakulta\/#organization"},"potentialAction":[{"@type":"SearchAction","target":{"@type":"EntryPoint","urlTemplate":"https:\/\/www.upjs.sk\/prirodovedecka-fakulta\/?s={search_term_string}"},"query-input":{"@type":"PropertyValueSpecification","valueRequired":true,"valueName":"search_term_string"}}],"inLanguage":"sk-SK"},{"@type":"Organization","@id":"https:\/\/www.upjs.sk\/prirodovedecka-fakulta\/#organization","name":"Pr\u00edrodovedeck\u00e1 fakulta | UPJ\u0160","url":"https:\/\/www.upjs.sk\/prirodovedecka-fakulta\/","logo":{"@type":"ImageObject","inLanguage":"sk-SK","@id":"https:\/\/www.upjs.sk\/prirodovedecka-fakulta\/#\/schema\/logo\/image\/","url":"https:\/\/www.upjs.sk\/app\/uploads\/sites\/10\/2022\/09\/logo-prirodovedecka-fakulta.png","contentUrl":"https:\/\/www.upjs.sk\/app\/uploads\/sites\/10\/2022\/09\/logo-prirodovedecka-fakulta.png","width":415,"height":87,"caption":"Pr\u00edrodovedeck\u00e1 fakulta | UPJ\u0160"},"image":{"@id":"https:\/\/www.upjs.sk\/prirodovedecka-fakulta\/#\/schema\/logo\/image\/"}}]}},"_links":{"self":[{"href":"https:\/\/www.upjs.sk\/prirodovedecka-fakulta\/wp-json\/wp\/v2\/pages\/63909","targetHints":{"allow":["GET"]}}],"collection":[{"href":"https:\/\/www.upjs.sk\/prirodovedecka-fakulta\/wp-json\/wp\/v2\/pages"}],"about":[{"href":"https:\/\/www.upjs.sk\/prirodovedecka-fakulta\/wp-json\/wp\/v2\/types\/page"}],"author":[{"embeddable":true,"href":"https:\/\/www.upjs.sk\/prirodovedecka-fakulta\/wp-json\/wp\/v2\/users\/1"}],"replies":[{"embeddable":true,"href":"https:\/\/www.upjs.sk\/prirodovedecka-fakulta\/wp-json\/wp\/v2\/comments?post=63909"}],"version-history":[{"count":1,"href":"https:\/\/www.upjs.sk\/prirodovedecka-fakulta\/wp-json\/wp\/v2\/pages\/63909\/revisions"}],"predecessor-version":[{"id":68444,"href":"https:\/\/www.upjs.sk\/prirodovedecka-fakulta\/wp-json\/wp\/v2\/pages\/63909\/revisions\/68444"}],"up":[{"embeddable":true,"href":"https:\/\/www.upjs.sk\/prirodovedecka-fakulta\/wp-json\/wp\/v2\/pages\/14904"}],"wp:featuredmedia":[{"embeddable":true,"href":"https:\/\/www.upjs.sk\/prirodovedecka-fakulta\/wp-json\/wp\/v2\/media\/19178"}],"wp:attachment":[{"href":"https:\/\/www.upjs.sk\/prirodovedecka-fakulta\/wp-json\/wp\/v2\/media?parent=63909"}],"wp:term":[{"taxonomy":"category","embeddable":true,"href":"https:\/\/www.upjs.sk\/prirodovedecka-fakulta\/wp-json\/wp\/v2\/categories?post=63909"},{"taxonomy":"post_tag","embeddable":true,"href":"https:\/\/www.upjs.sk\/prirodovedecka-fakulta\/wp-json\/wp\/v2\/tags?post=63909"}],"curies":[{"name":"wp","href":"https:\/\/api.w.org\/{rel}","templated":true}]}}